{"id":1336,"date":"2020-11-28T19:33:57","date_gmt":"2020-11-28T22:33:57","guid":{"rendered":"https:\/\/fibrabrasil.wordpress.com\/?page_id=1336"},"modified":"2024-02-28T15:53:40","modified_gmt":"2024-02-28T14:53:40","slug":"youtube","status":"publish","type":"page","link":"https:\/\/fibrainternacional.org\/?page_id=1336","title":{"rendered":"V\u00eddeos no You Tube"},"content":{"rendered":"\n<p><strong>Cole\u00e7\u00e3o de v\u00eddeos e lives transmitidos pelo canal do Youtube.<\/strong><\/p>\n\n\n\n<hr class=\"wp-block-separator has-css-opacity\"\/>\n\n\n\n<p class=\"has-vivid-red-color has-text-color has-link-color wp-elements-b25ec927e1b8a76409229bf6aebb281f\"><strong>06.FEV.2024<\/strong><\/p>\n\n\n\n<p><mark style=\"background-color:rgba(0, 0, 0, 0)\" class=\"has-inline-color has-luminous-vivid-orange-color\"><\/mark><\/p>\n\n\n\n<figure class=\"wp-block-embed is-type-video is-provider-youtube wp-block-embed-youtube wp-embed-aspect-16-9 wp-has-aspect-ratio\"><div class=\"wp-block-embed__wrapper\">\n<iframe title=\"Cordel da UESPI: Al\u00f4 governador!\" width=\"640\" height=\"360\" src=\"https:\/\/www.youtube.com\/embed\/CWS3_iVHuKw?feature=oembed\" frameborder=\"0\" allow=\"accelerometer; autoplay; clipboard-write; encrypted-media; gyroscope; picture-in-picture; web-share\" referrerpolicy=\"strict-origin-when-cross-origin\" allowfullscreen><\/iframe>\n<\/div><figcaption class=\"wp-element-caption\">Cordel da UESPI: Al\u00f4 governador!<\/figcaption><\/figure>\n\n\n\n<hr class=\"wp-block-separator has-alpha-channel-opacity\"\/>\n\n\n\n<p class=\"has-luminous-vivid-orange-color has-text-color\"><mark style=\"background-color:rgba(0, 0, 0, 0)\" class=\"has-inline-color has-luminous-vivid-orange-color\"><strong>08\/11\/2023<\/strong> <\/mark><\/p>\n\n\n\n<figure class=\"wp-block-embed is-type-video is-provider-youtube wp-block-embed-youtube wp-embed-aspect-4-3 wp-has-aspect-ratio\"><div class=\"wp-block-embed__wrapper\">\n<iframe title=\"Olha essa dupla na Alemanha!\" width=\"640\" height=\"480\" src=\"https:\/\/www.youtube.com\/embed\/SV6mNl-_Qo8?feature=oembed\" frameborder=\"0\" allow=\"accelerometer; autoplay; clipboard-write; encrypted-media; gyroscope; picture-in-picture; web-share\" referrerpolicy=\"strict-origin-when-cross-origin\" allowfullscreen><\/iframe>\n<\/div><figcaption class=\"wp-element-caption\">Olha essa dupla na Alemanha! <\/figcaption><\/figure>\n\n\n\n<p class=\"has-luminous-vivid-orange-color has-text-color\"><mark style=\"background-color:rgba(0, 0, 0, 0)\" class=\"has-inline-color has-luminous-vivid-orange-color\"><strong>07\/08\/2023<\/strong> <\/mark><\/p>\n\n\n\n<figure class=\"wp-block-embed is-type-video is-provider-youtube wp-block-embed-youtube wp-embed-aspect-16-9 wp-has-aspect-ratio\"><div class=\"wp-block-embed__wrapper\">\n<iframe title=\"Zambelli na berlinda\" width=\"640\" height=\"360\" src=\"https:\/\/www.youtube.com\/embed\/BM16UXldck0?feature=oembed\" frameborder=\"0\" allow=\"accelerometer; autoplay; clipboard-write; encrypted-media; gyroscope; picture-in-picture; web-share\" referrerpolicy=\"strict-origin-when-cross-origin\" allowfullscreen><\/iframe>\n<\/div><figcaption class=\"wp-element-caption\">Zambelli na berlinda.<\/figcaption><\/figure>\n\n\n\n<figure class=\"wp-block-embed is-type-video is-provider-youtube wp-block-embed-youtube wp-embed-aspect-16-9 wp-has-aspect-ratio\"><div class=\"wp-block-embed__wrapper\">\n<iframe title=\"Drogas Quem ganha com a criminalizac\u0327a\u0303o?\" width=\"640\" height=\"360\" src=\"https:\/\/www.youtube.com\/embed\/z95tG_uPxNk?feature=oembed\" frameborder=\"0\" allow=\"accelerometer; autoplay; clipboard-write; encrypted-media; gyroscope; picture-in-picture; web-share\" referrerpolicy=\"strict-origin-when-cross-origin\" allowfullscreen><\/iframe>\n<\/div><figcaption class=\"wp-element-caption\">Drogas: Quem ganha com a criminaliza\u00e7\u00e3o?<\/figcaption><\/figure>\n\n\n\n<figure class=\"wp-block-embed is-type-video is-provider-youtube wp-block-embed-youtube wp-embed-aspect-16-9 wp-has-aspect-ratio\"><div class=\"wp-block-embed__wrapper\">\n<iframe title=\"Uma mulher negra para o STF em outubro\" width=\"640\" height=\"360\" src=\"https:\/\/www.youtube.com\/embed\/czyMUvIIvG0?feature=oembed\" frameborder=\"0\" allow=\"accelerometer; autoplay; clipboard-write; encrypted-media; gyroscope; picture-in-picture; web-share\" referrerpolicy=\"strict-origin-when-cross-origin\" allowfullscreen><\/iframe>\n<\/div><figcaption class=\"wp-element-caption\">Uma mulher negra para o STF em outubro.<\/figcaption><\/figure>\n\n\n\n<figure class=\"wp-block-embed is-type-video is-provider-youtube wp-block-embed-youtube wp-embed-aspect-16-9 wp-has-aspect-ratio\"><div class=\"wp-block-embed__wrapper\">\n<iframe title=\"Zanin: ministro conservador?\" width=\"640\" height=\"360\" src=\"https:\/\/www.youtube.com\/embed\/awIlE2GFyB4?start=3&#038;feature=oembed\" frameborder=\"0\" allow=\"accelerometer; autoplay; clipboard-write; encrypted-media; gyroscope; picture-in-picture; web-share\" referrerpolicy=\"strict-origin-when-cross-origin\" allowfullscreen><\/iframe>\n<\/div><figcaption class=\"wp-element-caption\">Zanin: ministro conservador?<\/figcaption><\/figure>\n\n\n\n<figure class=\"wp-block-embed is-type-video is-provider-youtube wp-block-embed-youtube wp-embed-aspect-16-9 wp-has-aspect-ratio\"><div class=\"wp-block-embed__wrapper\">\n<iframe title=\"Zanin Vitoria do Estado de Direito\" width=\"640\" height=\"360\" src=\"https:\/\/www.youtube.com\/embed\/RPzjnCP5jN4?feature=oembed\" frameborder=\"0\" allow=\"accelerometer; autoplay; clipboard-write; encrypted-media; gyroscope; picture-in-picture; web-share\" referrerpolicy=\"strict-origin-when-cross-origin\" allowfullscreen><\/iframe>\n<\/div><figcaption class=\"wp-element-caption\">Zanin Vitoria do Estado de Direito.<\/figcaption><\/figure>\n\n\n\n<figure class=\"wp-block-embed is-type-video is-provider-youtube wp-block-embed-youtube wp-embed-aspect-16-9 wp-has-aspect-ratio\"><div class=\"wp-block-embed__wrapper\">\n<iframe title=\"Rea\u00e7\u00f5es aos fatos da semana\" width=\"640\" height=\"360\" src=\"https:\/\/www.youtube.com\/embed\/TVwgYsbmxFA?feature=oembed\" frameborder=\"0\" allow=\"accelerometer; autoplay; clipboard-write; encrypted-media; gyroscope; picture-in-picture; web-share\" referrerpolicy=\"strict-origin-when-cross-origin\" allowfullscreen><\/iframe>\n<\/div><figcaption class=\"wp-element-caption\">Rea\u00e7\u00f5es aos fatos da semana. (live inteira)<\/figcaption><\/figure>\n\n\n\n<p class=\"has-luminous-vivid-orange-color has-text-color\"><mark style=\"background-color:rgba(0, 0, 0, 0)\" class=\"has-inline-color has-luminous-vivid-orange-color\"><strong>30\/07\/2023<\/strong> <\/mark><\/p>\n\n\n\n<figure class=\"wp-block-embed is-type-video is-provider-youtube wp-block-embed-youtube wp-embed-aspect-16-9 wp-has-aspect-ratio\"><div class=\"wp-block-embed__wrapper\">\n<iframe title=\"Foi para isso que voc\u00ea fez o L?\" width=\"640\" height=\"360\" src=\"https:\/\/www.youtube.com\/embed\/vFk4P25JKoE?feature=oembed\" frameborder=\"0\" allow=\"accelerometer; autoplay; clipboard-write; encrypted-media; gyroscope; picture-in-picture; web-share\" referrerpolicy=\"strict-origin-when-cross-origin\" allowfullscreen><\/iframe>\n<\/div><figcaption class=\"wp-element-caption\">Foi para isso que voc\u00ea fez o L?<\/figcaption><\/figure>\n\n\n\n<figure class=\"wp-block-embed is-type-video is-provider-youtube wp-block-embed-youtube wp-embed-aspect-16-9 wp-has-aspect-ratio\"><div class=\"wp-block-embed__wrapper\">\n<iframe title=\"Barbie Bacurau\" width=\"640\" height=\"360\" src=\"https:\/\/www.youtube.com\/embed\/wfdvWI3O42g?feature=oembed\" frameborder=\"0\" allow=\"accelerometer; autoplay; clipboard-write; encrypted-media; gyroscope; picture-in-picture; web-share\" referrerpolicy=\"strict-origin-when-cross-origin\" allowfullscreen><\/iframe>\n<\/div><figcaption class=\"wp-element-caption\">Barbie Bacurau<\/figcaption><\/figure>\n\n\n\n<figure class=\"wp-block-embed is-type-video is-provider-youtube wp-block-embed-youtube wp-embed-aspect-16-9 wp-has-aspect-ratio\"><div class=\"wp-block-embed__wrapper\">\n<iframe title=\"Maria Dantas: Uma mulher de luta\" width=\"640\" height=\"360\" src=\"https:\/\/www.youtube.com\/embed\/6xbcFIHMkcw?feature=oembed\" frameborder=\"0\" allow=\"accelerometer; autoplay; clipboard-write; encrypted-media; gyroscope; picture-in-picture; web-share\" referrerpolicy=\"strict-origin-when-cross-origin\" allowfullscreen><\/iframe>\n<\/div><figcaption class=\"wp-element-caption\">Maria Dantas: Uma mulher de luta<\/figcaption><\/figure>\n\n\n\n<p class=\"has-luminous-vivid-orange-color has-text-color\"><mark style=\"background-color:rgba(0, 0, 0, 0)\" class=\"has-inline-color has-luminous-vivid-orange-color\"><strong>06\/06\/2023<\/strong> <\/mark><\/p>\n\n\n\n<figure class=\"wp-block-embed is-type-video is-provider-youtube wp-block-embed-youtube wp-embed-aspect-16-9 wp-has-aspect-ratio\"><div class=\"wp-block-embed__wrapper\">\n<iframe title=\"Londres contra o Marco Temporal\" width=\"640\" height=\"360\" src=\"https:\/\/www.youtube.com\/embed\/Ih7dbSc1yx4?feature=oembed\" frameborder=\"0\" allow=\"accelerometer; autoplay; clipboard-write; encrypted-media; gyroscope; picture-in-picture; web-share\" referrerpolicy=\"strict-origin-when-cross-origin\" allowfullscreen><\/iframe>\n<\/div><figcaption class=\"wp-element-caption\">Londres contra o Marco Temporal<\/figcaption><\/figure>\n\n\n\n<p class=\"has-luminous-vivid-orange-color has-text-color\"><mark style=\"background-color:rgba(0, 0, 0, 0)\" class=\"has-inline-color has-luminous-vivid-orange-color\"><strong>22\/04\/2023<\/strong> <\/mark><\/p>\n\n\n\n<figure class=\"wp-block-embed is-type-video is-provider-youtube wp-block-embed-youtube wp-embed-aspect-16-9 wp-has-aspect-ratio\"><div class=\"wp-block-embed__wrapper\">\n<iframe title=\"Apresenta\u00e7\u00e3o teatral: \u201cMarx baixou em mim \u2013 uma com\u00e9dia indignada\u201d\" width=\"640\" height=\"360\" src=\"https:\/\/www.youtube.com\/embed\/FCU5zXoscas?feature=oembed\" frameborder=\"0\" allow=\"accelerometer; autoplay; clipboard-write; encrypted-media; gyroscope; picture-in-picture; web-share\" referrerpolicy=\"strict-origin-when-cross-origin\" allowfullscreen><\/iframe>\n<\/div><figcaption class=\"wp-element-caption\">Apresenta\u00e7\u00e3o teatral: \u201cMarx baixou em mim \u2013 uma com\u00e9dia indignada\u201d<\/figcaption><\/figure>\n\n\n\n<figure class=\"wp-block-embed is-type-video is-provider-youtube wp-block-embed-youtube wp-embed-aspect-16-9 wp-has-aspect-ratio\"><div class=\"wp-block-embed__wrapper\">\n<iframe title=\"III Encontro Internacional da Fibra: Vencemos. O que faremos?\" width=\"640\" height=\"360\" src=\"https:\/\/www.youtube.com\/embed\/LeXpOoH6KAY?feature=oembed\" frameborder=\"0\" allow=\"accelerometer; autoplay; clipboard-write; encrypted-media; gyroscope; picture-in-picture; web-share\" referrerpolicy=\"strict-origin-when-cross-origin\" allowfullscreen><\/iframe>\n<\/div><figcaption class=\"wp-element-caption\">III Encontro Internacional da Fibra: Vencemos. O que faremos?<\/figcaption><\/figure>\n\n\n\n<p class=\"has-luminous-vivid-orange-color has-text-color\"><mark style=\"background-color:rgba(0, 0, 0, 0)\" class=\"has-inline-color has-luminous-vivid-orange-color\"><strong>21\/04\/2023<\/strong> <\/mark><\/p>\n\n\n\n<figure class=\"wp-block-embed is-type-video is-provider-youtube wp-block-embed-youtube wp-embed-aspect-16-9 wp-has-aspect-ratio\"><div class=\"wp-block-embed__wrapper\">\n<iframe title=\"III Encontro Internacional da Fibra: Um Canto \u00e0 Liberdade\" width=\"640\" height=\"360\" src=\"https:\/\/www.youtube.com\/embed\/s4soAfujE5o?feature=oembed\" frameborder=\"0\" allow=\"accelerometer; autoplay; clipboard-write; encrypted-media; gyroscope; picture-in-picture; web-share\" referrerpolicy=\"strict-origin-when-cross-origin\" allowfullscreen><\/iframe>\n<\/div><figcaption class=\"wp-element-caption\">III Encontro Internacional da Fibra: Um Canto \u00e0 Liberdade<\/figcaption><\/figure>\n\n\n\n<figure class=\"wp-block-embed is-type-video is-provider-youtube wp-block-embed-youtube wp-embed-aspect-16-9 wp-has-aspect-ratio\"><div class=\"wp-block-embed__wrapper\">\n<iframe title=\"III Encontro Internacional da Fibra: Abertura\" width=\"640\" height=\"360\" src=\"https:\/\/www.youtube.com\/embed\/_T3j3_uH0q4?feature=oembed\" frameborder=\"0\" allow=\"accelerometer; autoplay; clipboard-write; encrypted-media; gyroscope; picture-in-picture; web-share\" referrerpolicy=\"strict-origin-when-cross-origin\" allowfullscreen><\/iframe>\n<\/div><figcaption class=\"wp-element-caption\">III Encontro Internacional da Fibra: Abertura<\/figcaption><\/figure>\n\n\n\n<p class=\"has-luminous-vivid-orange-color has-text-color\"><mark style=\"background-color:rgba(0, 0, 0, 0)\" class=\"has-inline-color has-luminous-vivid-orange-color\"><strong>07\/03\/2023<\/strong> <\/mark><\/p>\n\n\n\n<figure class=\"wp-block-embed is-type-video is-provider-youtube wp-block-embed-youtube wp-embed-aspect-16-9 wp-has-aspect-ratio\"><div class=\"wp-block-embed__wrapper\">\n<iframe title=\"Registro emocionante!\" width=\"640\" height=\"360\" src=\"https:\/\/www.youtube.com\/embed\/y_IMncf-DGA?feature=oembed\" frameborder=\"0\" allow=\"accelerometer; autoplay; clipboard-write; encrypted-media; gyroscope; picture-in-picture; web-share\" referrerpolicy=\"strict-origin-when-cross-origin\" allowfullscreen><\/iframe>\n<\/div><figcaption class=\"wp-element-caption\">Registro emocionante!<\/figcaption><\/figure>\n\n\n\n<p class=\"has-luminous-vivid-orange-color has-text-color\"><mark style=\"background-color:rgba(0, 0, 0, 0)\" class=\"has-inline-color has-luminous-vivid-orange-color\"><strong>10\/02\/2023<\/strong> <\/mark><\/p>\n\n\n\n<figure class=\"wp-block-embed is-type-video is-provider-youtube wp-block-embed-youtube wp-embed-aspect-16-9 wp-has-aspect-ratio\"><div class=\"wp-block-embed__wrapper\">\n<iframe title=\"N\u00facleo PT Barcelona comemora Anivers\u00e1rio de 43 do PT\" width=\"640\" height=\"360\" src=\"https:\/\/www.youtube.com\/embed\/261OvZ1NB4c?feature=oembed\" frameborder=\"0\" allow=\"accelerometer; autoplay; clipboard-write; encrypted-media; gyroscope; picture-in-picture; web-share\" referrerpolicy=\"strict-origin-when-cross-origin\" allowfullscreen><\/iframe>\n<\/div><figcaption class=\"wp-element-caption\">N\u00facleo PT Barcelona comemora Anivers\u00e1rio de 43 anos do PT<\/figcaption><\/figure>\n\n\n\n<hr class=\"wp-block-separator has-alpha-channel-opacity\"\/>\n\n\n\n<p><mark style=\"background-color:rgba(0, 0, 0, 0)\" class=\"has-inline-color has-vivid-purple-color\"><strong>26\/10\/2022<\/strong><\/mark> <\/p>\n\n\n\n<figure class=\"wp-block-embed is-type-video is-provider-youtube wp-block-embed-youtube wp-embed-aspect-16-9 wp-has-aspect-ratio\"><div class=\"wp-block-embed__wrapper\">\n<iframe title=\"Democracia X Impunidade e Banaliza\u00e7\u00e3o do Inaceit\u00e1vel\" width=\"640\" height=\"360\" src=\"https:\/\/www.youtube.com\/embed\/fBkeMruF6as?feature=oembed\" frameborder=\"0\" allow=\"accelerometer; autoplay; clipboard-write; encrypted-media; gyroscope; picture-in-picture; web-share\" referrerpolicy=\"strict-origin-when-cross-origin\" allowfullscreen><\/iframe>\n<\/div><\/figure>\n\n\n\n<figure class=\"wp-block-embed is-type-video is-provider-youtube wp-block-embed-youtube wp-embed-aspect-16-9 wp-has-aspect-ratio\"><div class=\"wp-block-embed__wrapper\">\n<iframe title=\"Ato-debate Brasil: que futuros em disputa?\" width=\"640\" height=\"360\" src=\"https:\/\/www.youtube.com\/embed\/5y_E5odSKoU?feature=oembed\" frameborder=\"0\" allow=\"accelerometer; autoplay; clipboard-write; encrypted-media; gyroscope; picture-in-picture; web-share\" referrerpolicy=\"strict-origin-when-cross-origin\" allowfullscreen><\/iframe>\n<\/div><\/figure>\n\n\n\n<p><mark style=\"background-color:rgba(0, 0, 0, 0)\" class=\"has-inline-color has-vivid-purple-color\"><strong>24\/10\/2022<\/strong><\/mark> <\/p>\n\n\n\n<figure class=\"wp-block-embed is-type-video is-provider-youtube wp-block-embed-youtube wp-embed-aspect-16-9 wp-has-aspect-ratio\"><div class=\"wp-block-embed__wrapper\">\n<iframe title=\"Carta aberta de nipo-brasileiras e nipo-brasileiros: Votar por um Brasil melhor\" width=\"640\" height=\"360\" src=\"https:\/\/www.youtube.com\/embed\/BfMytlo010w?feature=oembed\" frameborder=\"0\" allow=\"accelerometer; autoplay; clipboard-write; encrypted-media; gyroscope; picture-in-picture; web-share\" referrerpolicy=\"strict-origin-when-cross-origin\" allowfullscreen><\/iframe>\n<\/div><\/figure>\n\n\n\n<p><mark style=\"background-color:rgba(0, 0, 0, 0)\" class=\"has-inline-color has-vivid-purple-color\"><strong>19\/10\/2022<\/strong><\/mark> <\/p>\n\n\n\n<figure class=\"wp-block-embed is-type-video is-provider-youtube wp-block-embed-youtube wp-embed-aspect-16-9 wp-has-aspect-ratio\"><div class=\"wp-block-embed__wrapper\">\n<iframe title=\"Democracia X Impunidade e Banaliza\u00e7\u00e3o do Inaceit\u00e1vel\" width=\"640\" height=\"360\" src=\"https:\/\/www.youtube.com\/embed\/r_RhVcyYQHo?feature=oembed\" frameborder=\"0\" allow=\"accelerometer; autoplay; clipboard-write; encrypted-media; gyroscope; picture-in-picture; web-share\" referrerpolicy=\"strict-origin-when-cross-origin\" allowfullscreen><\/iframe>\n<\/div><\/figure>\n\n\n\n<p><mark style=\"background-color:rgba(0, 0, 0, 0)\" class=\"has-inline-color has-vivid-purple-color\"><strong>21\/09\/2022<\/strong><\/mark> <\/p>\n\n\n\n<figure class=\"wp-block-embed is-type-video is-provider-youtube wp-block-embed-youtube wp-embed-aspect-16-9 wp-has-aspect-ratio\"><div class=\"wp-block-embed__wrapper\">\n<iframe title=\"O Poder do Legislativo (4o. e \u00faltimo programa)\" width=\"640\" height=\"360\" src=\"https:\/\/www.youtube.com\/embed\/0Do6zRVCnUM?feature=oembed\" frameborder=\"0\" allow=\"accelerometer; autoplay; clipboard-write; encrypted-media; gyroscope; picture-in-picture; web-share\" referrerpolicy=\"strict-origin-when-cross-origin\" allowfullscreen><\/iframe>\n<\/div><\/figure>\n\n\n\n<p><mark style=\"background-color:rgba(0, 0, 0, 0)\" class=\"has-inline-color has-vivid-purple-color\"><strong>21\/09\/2022<\/strong><\/mark> <\/p>\n\n\n\n<figure class=\"wp-block-embed is-type-video is-provider-youtube wp-block-embed-youtube wp-embed-aspect-16-9 wp-has-aspect-ratio\"><div class=\"wp-block-embed__wrapper\">\n<iframe title=\"Fraude: Candidatos brancos que viram negros\" width=\"640\" height=\"360\" src=\"https:\/\/www.youtube.com\/embed\/bygOJm5yYfQ?feature=oembed\" frameborder=\"0\" allow=\"accelerometer; autoplay; clipboard-write; encrypted-media; gyroscope; picture-in-picture; web-share\" referrerpolicy=\"strict-origin-when-cross-origin\" allowfullscreen><\/iframe>\n<\/div><\/figure>\n\n\n\n<p><mark style=\"background-color:rgba(0, 0, 0, 0)\" class=\"has-inline-color has-vivid-purple-color\"><strong>21\/09\/2022<\/strong><\/mark> <\/p>\n\n\n\n<figure class=\"wp-block-embed is-type-video is-provider-youtube wp-block-embed-youtube wp-embed-aspect-16-9 wp-has-aspect-ratio\"><div class=\"wp-block-embed__wrapper\">\n<iframe title=\"O Poder do Legislativo\" width=\"640\" height=\"360\" src=\"https:\/\/www.youtube.com\/embed\/CTQDiEBt0C0?feature=oembed\" frameborder=\"0\" allow=\"accelerometer; autoplay; clipboard-write; encrypted-media; gyroscope; picture-in-picture; web-share\" referrerpolicy=\"strict-origin-when-cross-origin\" allowfullscreen><\/iframe>\n<\/div><\/figure>\n\n\n\n<p><mark style=\"background-color:rgba(0, 0, 0, 0)\" class=\"has-inline-color has-vivid-purple-color\"><strong>16\/09\/2022<\/strong><\/mark> <\/p>\n\n\n\n<figure class=\"wp-block-embed is-type-video is-provider-youtube wp-block-embed-youtube wp-embed-aspect-16-9 wp-has-aspect-ratio\"><div class=\"wp-block-embed__wrapper\">\n<iframe title=\"Semin\u00e1rio de Prepara\u00e7\u00e3o para o 3\u00ba Encontro da FIBRALisboa Set. 2022           1\u00ba Dia ~ Sarau\" width=\"640\" height=\"360\" src=\"https:\/\/www.youtube.com\/embed\/r8W5QXsPOBM?feature=oembed\" frameborder=\"0\" allow=\"accelerometer; autoplay; clipboard-write; encrypted-media; gyroscope; picture-in-picture; web-share\" referrerpolicy=\"strict-origin-when-cross-origin\" allowfullscreen><\/iframe>\n<\/div><\/figure>\n\n\n\n<p><mark style=\"background-color:rgba(0, 0, 0, 0)\" class=\"has-inline-color has-vivid-purple-color\"><strong>15\/09\/2022<\/strong><\/mark> <\/p>\n\n\n\n<figure class=\"wp-block-embed is-type-video is-provider-youtube wp-block-embed-youtube wp-embed-aspect-16-9 wp-has-aspect-ratio\"><div class=\"wp-block-embed__wrapper\">\n<iframe title=\"Funda\u00e7\u00e3o do 1\u00ba Comit\u00ea Popular de Luta do Jap\u00e3o\" width=\"640\" height=\"360\" src=\"https:\/\/www.youtube.com\/embed\/vuLz0_B-psQ?feature=oembed\" frameborder=\"0\" allow=\"accelerometer; autoplay; clipboard-write; encrypted-media; gyroscope; picture-in-picture; web-share\" referrerpolicy=\"strict-origin-when-cross-origin\" allowfullscreen><\/iframe>\n<\/div><\/figure>\n\n\n\n<p><mark style=\"background-color:rgba(0, 0, 0, 0)\" class=\"has-inline-color has-vivid-purple-color\"><strong>14\/09\/2022<\/strong><\/mark> <\/p>\n\n\n\n<figure class=\"wp-block-embed is-type-video is-provider-youtube wp-block-embed-youtube wp-embed-aspect-16-9 wp-has-aspect-ratio\"><div class=\"wp-block-embed__wrapper\">\n<iframe title=\"O Poder do Legislativo - 14\/09\" width=\"640\" height=\"360\" src=\"https:\/\/www.youtube.com\/embed\/Ob9NpYdRH5U?feature=oembed\" frameborder=\"0\" allow=\"accelerometer; autoplay; clipboard-write; encrypted-media; gyroscope; picture-in-picture; web-share\" referrerpolicy=\"strict-origin-when-cross-origin\" allowfullscreen><\/iframe>\n<\/div><\/figure>\n\n\n\n<p><mark style=\"background-color:rgba(0, 0, 0, 0)\" class=\"has-inline-color has-vivid-purple-color\"><strong>11\/09\/2022<\/strong><\/mark> <\/p>\n\n\n\n<figure class=\"wp-block-embed is-type-video is-provider-youtube wp-block-embed-youtube wp-embed-aspect-16-9 wp-has-aspect-ratio\"><div class=\"wp-block-embed__wrapper\">\n<iframe title=\"Fibra HyperSpace (Programa piloto)\" width=\"640\" height=\"360\" src=\"https:\/\/www.youtube.com\/embed\/toIq2mVf2Iw?feature=oembed\" frameborder=\"0\" allow=\"accelerometer; autoplay; clipboard-write; encrypted-media; gyroscope; picture-in-picture; web-share\" referrerpolicy=\"strict-origin-when-cross-origin\" allowfullscreen><\/iframe>\n<\/div><\/figure>\n\n\n\n<p><mark style=\"background-color:rgba(0, 0, 0, 0)\" class=\"has-inline-color has-vivid-purple-color\"><strong>08\/09\/2022<\/strong><\/mark> <\/p>\n\n\n\n<figure class=\"wp-block-embed is-type-video is-provider-youtube wp-block-embed-youtube wp-embed-aspect-16-9 wp-has-aspect-ratio\"><div class=\"wp-block-embed__wrapper\">\n<iframe title=\"Voc\u00ea j\u00e1 pensou em quem vai votar para o Legislativo?\" width=\"640\" height=\"360\" src=\"https:\/\/www.youtube.com\/embed\/f5hzsYO4iYo?feature=oembed\" frameborder=\"0\" allow=\"accelerometer; autoplay; clipboard-write; encrypted-media; gyroscope; picture-in-picture; web-share\" referrerpolicy=\"strict-origin-when-cross-origin\" allowfullscreen><\/iframe>\n<\/div><\/figure>\n\n\n\n<p><mark style=\"background-color:rgba(0, 0, 0, 0)\" class=\"has-inline-color has-vivid-purple-color\"><strong>27\/08\/2022<\/strong><\/mark> <\/p>\n\n\n\n<figure class=\"wp-block-embed is-type-video is-provider-youtube wp-block-embed-youtube wp-embed-aspect-16-9 wp-has-aspect-ratio\"><div class=\"wp-block-embed__wrapper\">\n<iframe title=\"Encontros Internacionais\/Di\u00e1logos insurgentes: Estado de Exce\u00e7\u00e3o: A Forma Jur\u00eddica do Neoliberalismo\" width=\"640\" height=\"360\" src=\"https:\/\/www.youtube.com\/embed\/WOYuKOhCQUc?feature=oembed\" frameborder=\"0\" allow=\"accelerometer; autoplay; clipboard-write; encrypted-media; gyroscope; picture-in-picture; web-share\" referrerpolicy=\"strict-origin-when-cross-origin\" allowfullscreen><\/iframe>\n<\/div><figcaption class=\"wp-element-caption\">Live do Coletivo Tanto Mar (Braga\/Portugal)<br>Tema: &#8220;Encontros Internacionais\/Di\u00e1logos insurgentes: Estado de Exce\u00e7\u00e3o: A Forma Jur\u00eddica do Neoliberalismo&#8221;<\/figcaption><\/figure>\n\n\n\n<p><mark style=\"background-color:rgba(0, 0, 0, 0)\" class=\"has-inline-color has-vivid-purple-color\"><strong>13\/08\/2022<\/strong><\/mark> <\/p>\n\n\n\n<figure class=\"wp-block-embed is-type-video is-provider-youtube wp-block-embed-youtube wp-embed-aspect-4-3 wp-has-aspect-ratio\"><div class=\"wp-block-embed__wrapper\">\n<iframe title=\"0 Ato Frankfurt 1\" width=\"640\" height=\"480\" src=\"https:\/\/www.youtube.com\/embed\/mZPMgFDw-HI?feature=oembed\" frameborder=\"0\" allow=\"accelerometer; autoplay; clipboard-write; encrypted-media; gyroscope; picture-in-picture; web-share\" referrerpolicy=\"strict-origin-when-cross-origin\" allowfullscreen><\/iframe>\n<\/div><figcaption class=\"wp-element-caption\">Ato de Frankfurt. Coletivo Desmascarando Bolsonaro J\u00e1!<\/figcaption><\/figure>\n\n\n\n<p><mark style=\"background-color:rgba(0, 0, 0, 0)\" class=\"has-inline-color has-vivid-purple-color\"><strong>11\/08\/2022<\/strong><\/mark> <\/p>\n\n\n\n<figure class=\"wp-block-embed is-type-video is-provider-youtube wp-block-embed-youtube wp-embed-aspect-16-9 wp-has-aspect-ratio\"><div class=\"wp-block-embed__wrapper\">\n<iframe title=\"Leitura da Carta \u00e0s Brasileiras e aos Brasileiros - Coletivo Amsterdam pela Democracia\" width=\"640\" height=\"360\" src=\"https:\/\/www.youtube.com\/embed\/pKKgpm7rX1k?feature=oembed\" frameborder=\"0\" allow=\"accelerometer; autoplay; clipboard-write; encrypted-media; gyroscope; picture-in-picture; web-share\" referrerpolicy=\"strict-origin-when-cross-origin\" allowfullscreen><\/iframe>\n<\/div><figcaption class=\"wp-element-caption\">Leitura da Carta \u00e0s Brasileiras e aos Brasileiros &#8211; Coletivo Amsterdam pela Democracia<\/figcaption><\/figure>\n\n\n\n<figure class=\"wp-block-embed is-type-video is-provider-youtube wp-block-embed-youtube wp-embed-aspect-16-9 wp-has-aspect-ratio\"><div class=\"wp-block-embed__wrapper\">\n<iframe title=\"Estado Democr\u00e1tico de Direito Sempre!!!! #ditaduranuncamais\" width=\"640\" height=\"360\" src=\"https:\/\/www.youtube.com\/embed\/Tgl3LM1dXVA?feature=oembed\" frameborder=\"0\" allow=\"accelerometer; autoplay; clipboard-write; encrypted-media; gyroscope; picture-in-picture; web-share\" referrerpolicy=\"strict-origin-when-cross-origin\" allowfullscreen><\/iframe>\n<\/div><figcaption class=\"wp-element-caption\">Estado Democr\u00e1tico de Direito Sempre!!!! <a href=\"https:\/\/www.youtube.com\/hashtag\/ditaduranuncamais\">#ditaduranuncamais<\/a><\/figcaption><\/figure>\n\n\n\n<p><mark style=\"background-color:rgba(0, 0, 0, 0)\" class=\"has-inline-color has-vivid-purple-color\"><strong>06\/08\/2022<\/strong><\/mark><\/p>\n\n\n\n<figure class=\"wp-block-embed is-type-video is-provider-youtube wp-block-embed-youtube wp-embed-aspect-16-9 wp-has-aspect-ratio\"><div class=\"wp-block-embed__wrapper\">\n<iframe title=\"A economia mundial e o Brasil: Estamos num Estado de Exce\u00e7\u00e3o?\" width=\"640\" height=\"360\" src=\"https:\/\/www.youtube.com\/embed\/Ku3KsfaAvUU?feature=oembed\" frameborder=\"0\" allow=\"accelerometer; autoplay; clipboard-write; encrypted-media; gyroscope; picture-in-picture; web-share\" referrerpolicy=\"strict-origin-when-cross-origin\" allowfullscreen><\/iframe>\n<\/div><figcaption class=\"wp-element-caption\">A economia mundial e o Brasil: Estamos num Estado de Exce\u00e7\u00e3o?<\/figcaption><\/figure>\n\n\n\n<p><mark style=\"background-color:rgba(0, 0, 0, 0)\" class=\"has-inline-color has-vivid-purple-color\"><strong>13\/07\/2022<\/strong><\/mark><\/p>\n\n\n\n<figure class=\"wp-block-embed is-type-video is-provider-youtube wp-block-embed-youtube wp-embed-aspect-16-9 wp-has-aspect-ratio\"><div class=\"wp-block-embed__wrapper\">\n<iframe title=\"Campanha da Milita\u0302ncia Internacional\" width=\"640\" height=\"360\" src=\"https:\/\/www.youtube.com\/embed\/NtSGuNMIER4?feature=oembed\" frameborder=\"0\" allow=\"accelerometer; autoplay; clipboard-write; encrypted-media; gyroscope; picture-in-picture; web-share\" referrerpolicy=\"strict-origin-when-cross-origin\" allowfullscreen><\/iframe>\n<\/div><figcaption class=\"wp-element-caption\">Campanha da Milit\u00e2ncia Internacional<\/figcaption><\/figure>\n\n\n\n<p><mark style=\"background-color:rgba(0, 0, 0, 0)\" class=\"has-inline-color has-vivid-purple-color\"><strong>27\/06\/2022<\/strong><\/mark><\/p>\n\n\n\n<figure class=\"wp-block-embed is-type-video is-provider-youtube wp-block-embed-youtube wp-embed-aspect-16-9 wp-has-aspect-ratio\"><div class=\"wp-block-embed__wrapper\">\n<iframe title=\"Ato Contra a Matan\u00e7a dos Povos Ind\u00edgenas e Ambientalistas - parte II\" width=\"640\" height=\"360\" src=\"https:\/\/www.youtube.com\/embed\/Ay-6sNrhS9o?feature=oembed\" frameborder=\"0\" allow=\"accelerometer; autoplay; clipboard-write; encrypted-media; gyroscope; picture-in-picture; web-share\" referrerpolicy=\"strict-origin-when-cross-origin\" allowfullscreen><\/iframe>\n<\/div><figcaption class=\"wp-element-caption\">Ato Contra a Matan\u00e7a dos Povos Ind\u00edgenas e Ambientalistas &#8211; parte II<br><\/figcaption><\/figure>\n\n\n\n<figure class=\"wp-block-embed is-type-video is-provider-youtube wp-block-embed-youtube wp-embed-aspect-4-3 wp-has-aspect-ratio\"><div class=\"wp-block-embed__wrapper\">\n<iframe title=\"Ato Contra a Matan\u00e7a dos Povos Ind\u00edgenas e Ambientalistas - parte I\" width=\"640\" height=\"480\" src=\"https:\/\/www.youtube.com\/embed\/Oty595pxnnc?feature=oembed\" frameborder=\"0\" allow=\"accelerometer; autoplay; clipboard-write; encrypted-media; gyroscope; picture-in-picture; web-share\" referrerpolicy=\"strict-origin-when-cross-origin\" allowfullscreen><\/iframe>\n<\/div><figcaption class=\"wp-element-caption\">Ato Contra a Matan\u00e7a dos Povos Ind\u00edgenas e Ambientalistas &#8211; parte I<\/figcaption><\/figure>\n\n\n\n<p><mark style=\"background-color:rgba(0, 0, 0, 0)\" class=\"has-inline-color has-vivid-purple-color\"><strong>22\/06\/2022<\/strong><\/mark><\/p>\n\n\n\n<figure class=\"wp-block-embed is-type-video is-provider-youtube wp-block-embed-youtube wp-embed-aspect-16-9 wp-has-aspect-ratio\"><div class=\"wp-block-embed__wrapper\">\n<iframe title=\"Vig\u00edlia Internacional #FreeAssange\" width=\"640\" height=\"360\" src=\"https:\/\/www.youtube.com\/embed\/p3y8IO8pkv8?feature=oembed\" frameborder=\"0\" allow=\"accelerometer; autoplay; clipboard-write; encrypted-media; gyroscope; picture-in-picture; web-share\" referrerpolicy=\"strict-origin-when-cross-origin\" allowfullscreen><\/iframe>\n<\/div><figcaption class=\"wp-element-caption\">Vig\u00edlia Internacional <a href=\"https:\/\/www.youtube.com\/hashtag\/freeassange\">#FreeAssange<\/a><\/figcaption><\/figure>\n\n\n\n<p><mark style=\"background-color:rgba(0, 0, 0, 0)\" class=\"has-inline-color has-vivid-purple-color\"><strong>20\/06\/2022<\/strong><\/mark><\/p>\n\n\n\n<figure class=\"wp-block-embed is-type-video is-provider-youtube wp-block-embed-youtube wp-embed-aspect-16-9 wp-has-aspect-ratio\"><div class=\"wp-block-embed__wrapper\">\n<iframe title=\"Os movimentos sociais e suas lutas no contexto de um governo democr\u00e1tico-popular\" width=\"640\" height=\"360\" src=\"https:\/\/www.youtube.com\/embed\/XXmEMUR1sG0?feature=oembed\" frameborder=\"0\" allow=\"accelerometer; autoplay; clipboard-write; encrypted-media; gyroscope; picture-in-picture; web-share\" referrerpolicy=\"strict-origin-when-cross-origin\" allowfullscreen><\/iframe>\n<\/div><figcaption class=\"wp-element-caption\">Os movimentos sociais e suas lutas no contexto de um governo democr\u00e1tico-popular.<\/figcaption><\/figure>\n\n\n\n<p><mark style=\"background-color:rgba(0, 0, 0, 0)\" class=\"has-inline-color has-vivid-purple-color\"><strong>20\/06\/2022<\/strong><\/mark><\/p>\n\n\n\n<figure class=\"wp-block-embed is-type-video is-provider-youtube wp-block-embed-youtube wp-embed-aspect-16-9 wp-has-aspect-ratio\"><div class=\"wp-block-embed__wrapper\">\n<iframe title=\"Brasil: Caminhos para 2023\" width=\"640\" height=\"360\" src=\"https:\/\/www.youtube.com\/embed\/kjyyyERWr-g?feature=oembed\" frameborder=\"0\" allow=\"accelerometer; autoplay; clipboard-write; encrypted-media; gyroscope; picture-in-picture; web-share\" referrerpolicy=\"strict-origin-when-cross-origin\" allowfullscreen><\/iframe>\n<\/div><figcaption class=\"wp-element-caption\">Brasil: Caminhos para 2023.<\/figcaption><\/figure>\n\n\n\n<p><mark style=\"background-color:rgba(0, 0, 0, 0)\" class=\"has-inline-color has-vivid-purple-color\"><strong>18<\/strong><\/mark><mark style=\"background-color:rgba(0, 0, 0, 0)\" class=\"has-inline-color has-vivid-purple-color\"><strong>\/06\/2022<\/strong><\/mark><\/p>\n\n\n\n<figure class=\"wp-block-embed is-type-video is-provider-youtube wp-block-embed-youtube wp-embed-aspect-16-9 wp-has-aspect-ratio\"><div class=\"wp-block-embed__wrapper\">\n<iframe title=\"A rotina de amea\u00e7as sobre os indigenistas brasileiros\" width=\"640\" height=\"360\" src=\"https:\/\/www.youtube.com\/embed\/FWJ7EF5ad9M?feature=oembed\" frameborder=\"0\" allow=\"accelerometer; autoplay; clipboard-write; encrypted-media; gyroscope; picture-in-picture; web-share\" referrerpolicy=\"strict-origin-when-cross-origin\" allowfullscreen><\/iframe>\n<\/div><figcaption class=\"wp-element-caption\">A rotina de amea\u00e7as sobre os indigenistas brasileiros.<\/figcaption><\/figure>\n\n\n\n<p><mark style=\"background-color:rgba(0, 0, 0, 0)\" class=\"has-inline-color has-vivid-purple-color\"><strong>08<\/strong><\/mark><mark style=\"background-color:rgba(0, 0, 0, 0)\" class=\"has-inline-color has-vivid-purple-color\"><strong>\/05\/2022<\/strong><\/mark><\/p>\n\n\n\n<figure class=\"wp-block-embed is-type-video is-provider-youtube wp-block-embed-youtube wp-embed-aspect-16-9 wp-has-aspect-ratio\"><div class=\"wp-block-embed__wrapper\">\n<iframe title=\"FIBRA comemora e agradece os resultados: Prefeito Edmilson Rodrigues\" width=\"640\" height=\"360\" src=\"https:\/\/www.youtube.com\/embed\/YiyrtHr5e7E?feature=oembed\" frameborder=\"0\" allow=\"accelerometer; autoplay; clipboard-write; encrypted-media; gyroscope; picture-in-picture; web-share\" referrerpolicy=\"strict-origin-when-cross-origin\" allowfullscreen><\/iframe>\n<\/div><\/figure>\n\n\n\n<p><mark style=\"background-color:rgba(0, 0, 0, 0)\" class=\"has-inline-color has-vivid-purple-color\"><strong>08<\/strong><\/mark><mark style=\"background-color:rgba(0, 0, 0, 0)\" class=\"has-inline-color has-vivid-purple-color\"><strong>\/05\/2022<\/strong><\/mark><\/p>\n\n\n\n<figure class=\"wp-block-embed is-type-video is-provider-youtube wp-block-embed-youtube wp-embed-aspect-16-9 wp-has-aspect-ratio\"><div class=\"wp-block-embed__wrapper\">\n<iframe title=\"FIBRA comemora e agradece os resultados: Atriz Maeve Jinkings\" width=\"640\" height=\"360\" src=\"https:\/\/www.youtube.com\/embed\/ZDKLl66rXRg?feature=oembed\" frameborder=\"0\" allow=\"accelerometer; autoplay; clipboard-write; encrypted-media; gyroscope; picture-in-picture; web-share\" referrerpolicy=\"strict-origin-when-cross-origin\" allowfullscreen><\/iframe>\n<\/div><\/figure>\n\n\n\n<p><mark style=\"background-color:rgba(0, 0, 0, 0)\" class=\"has-inline-color has-vivid-purple-color\"><strong>07<\/strong><\/mark><mark style=\"background-color:rgba(0, 0, 0, 0)\" class=\"has-inline-color has-vivid-purple-color\"><strong>\/05\/2022<\/strong><\/mark><\/p>\n\n\n\n<figure class=\"wp-block-embed is-type-video is-provider-youtube wp-block-embed-youtube wp-embed-aspect-16-9 wp-has-aspect-ratio\"><div class=\"wp-block-embed__wrapper\">\n<iframe title=\"FIBRA comemora e agradece os resultados.\" width=\"640\" height=\"360\" src=\"https:\/\/www.youtube.com\/embed\/TrUY_ZHZCG4?feature=oembed\" frameborder=\"0\" allow=\"accelerometer; autoplay; clipboard-write; encrypted-media; gyroscope; picture-in-picture; web-share\" referrerpolicy=\"strict-origin-when-cross-origin\" allowfullscreen><\/iframe>\n<\/div><figcaption class=\"wp-element-caption\">Agradecimento \u00e0 milit\u00e2ncia internacional pelo engajamento na campanha Mutir\u00e3o Esperan\u00e7ar.<\/figcaption><\/figure>\n\n\n\n<p><mark style=\"background-color:rgba(0, 0, 0, 0)\" class=\"has-inline-color has-vivid-purple-color\"><strong>07<\/strong><\/mark><mark style=\"background-color:rgba(0, 0, 0, 0)\" class=\"has-inline-color has-vivid-purple-color\"><strong>\/05\/2022<\/strong><\/mark><\/p>\n\n\n\n<figure class=\"wp-block-embed is-type-video is-provider-youtube wp-block-embed-youtube wp-embed-aspect-16-9 wp-has-aspect-ratio\"><div class=\"wp-block-embed__wrapper\">\n<iframe title=\"Lan\u00e7amento na Espanha, da pr\u00e9-candidatura de Lula da Silva\" width=\"640\" height=\"360\" src=\"https:\/\/www.youtube.com\/embed\/yJlBUQpiink?feature=oembed\" frameborder=\"0\" allow=\"accelerometer; autoplay; clipboard-write; encrypted-media; gyroscope; picture-in-picture; web-share\" referrerpolicy=\"strict-origin-when-cross-origin\" allowfullscreen><\/iframe>\n<\/div><figcaption class=\"wp-element-caption\">Lan\u00e7amento na Espanha, da pr\u00e9-candidatura de Lula da Silva<\/figcaption><\/figure>\n\n\n\n<p><mark style=\"background-color:rgba(0, 0, 0, 0)\" class=\"has-inline-color has-vivid-purple-color\"><strong>07<\/strong><\/mark><mark style=\"background-color:rgba(0, 0, 0, 0)\" class=\"has-inline-color has-vivid-purple-color\"><strong>\/05\/2022<\/strong><\/mark><\/p>\n\n\n\n<figure class=\"wp-block-embed is-type-video is-provider-youtube wp-block-embed-youtube wp-embed-aspect-16-9 wp-has-aspect-ratio\"><div class=\"wp-block-embed__wrapper\">\n<iframe title=\"Flash Mob: Lula Presidente\" width=\"640\" height=\"360\" src=\"https:\/\/www.youtube.com\/embed\/4254UPhxzWE?feature=oembed\" frameborder=\"0\" allow=\"accelerometer; autoplay; clipboard-write; encrypted-media; gyroscope; picture-in-picture; web-share\" referrerpolicy=\"strict-origin-when-cross-origin\" allowfullscreen><\/iframe>\n<\/div><figcaption class=\"wp-element-caption\">Flash Mob: Lula Presidente<\/figcaption><\/figure>\n\n\n\n<p><mark style=\"background-color:rgba(0, 0, 0, 0)\" class=\"has-inline-color has-vivid-purple-color\"><strong>03<\/strong><\/mark><mark style=\"background-color:rgba(0, 0, 0, 0)\" class=\"has-inline-color has-vivid-purple-color\"><strong>\/05\/2022<\/strong><\/mark><\/p>\n\n\n\n<figure class=\"wp-block-embed is-type-video is-provider-youtube wp-block-embed-youtube wp-embed-aspect-16-9 wp-has-aspect-ratio\"><div class=\"wp-block-embed__wrapper\">\n<iframe title=\"Mutir\u00e3o do T\u00edtulo de Eleitor\" width=\"640\" height=\"360\" src=\"https:\/\/www.youtube.com\/embed\/mFbo-wiYZOw?feature=oembed\" frameborder=\"0\" allow=\"accelerometer; autoplay; clipboard-write; encrypted-media; gyroscope; picture-in-picture; web-share\" referrerpolicy=\"strict-origin-when-cross-origin\" allowfullscreen><\/iframe>\n<\/div><figcaption class=\"wp-element-caption\">Boletim da Fibra: Mutir\u00e3o do T\u00edtulo de Eleitor<\/figcaption><\/figure>\n\n\n\n<p><mark style=\"background-color:rgba(0, 0, 0, 0)\" class=\"has-inline-color has-vivid-purple-color\"><strong>03<\/strong><\/mark><mark style=\"background-color:rgba(0, 0, 0, 0)\" class=\"has-inline-color has-vivid-purple-color\"><strong>\/04\/2022<\/strong><\/mark><\/p>\n\n\n\n<figure class=\"wp-block-embed is-type-video is-provider-youtube wp-block-embed-youtube wp-embed-aspect-16-9 wp-has-aspect-ratio\"><div class=\"wp-block-embed__wrapper\">\n<iframe title=\"FIBRA ESPECIAL: Apoio ao povo Xavante Premia\u00e7\u00e3o\" width=\"640\" height=\"360\" src=\"https:\/\/www.youtube.com\/embed\/KWjlzw5fgPk?feature=oembed\" frameborder=\"0\" allow=\"accelerometer; autoplay; clipboard-write; encrypted-media; gyroscope; picture-in-picture; web-share\" referrerpolicy=\"strict-origin-when-cross-origin\" allowfullscreen><\/iframe>\n<\/div><figcaption class=\"wp-element-caption\">Programa em apoio do grupo Xavante.<\/figcaption><\/figure>\n\n\n\n<p><strong><mark style=\"background-color:rgba(0, 0, 0, 0);color:#f90202\" class=\"has-inline-color\"><\/mark><mark style=\"background-color:rgba(0, 0, 0, 0)\" class=\"has-inline-color has-vivid-red-color\"><\/mark><\/strong><mark style=\"background-color:rgba(0, 0, 0, 0)\" class=\"has-inline-color has-vivid-purple-color\"><strong>31<\/strong><\/mark><mark style=\"background-color:rgba(0, 0, 0, 0)\" class=\"has-inline-color has-vivid-purple-color\"><strong>\/03\/2022<\/strong><\/mark><\/p>\n\n\n\n<figure class=\"wp-block-embed is-type-video is-provider-youtube wp-block-embed-youtube wp-embed-aspect-16-9 wp-has-aspect-ratio\"><div class=\"wp-block-embed__wrapper\">\n<iframe title=\"Fibra entrevista organizadores da II Caminhada do Sil\u00eancio\" width=\"640\" height=\"360\" src=\"https:\/\/www.youtube.com\/embed\/dcPxGL9gaxY?feature=oembed\" frameborder=\"0\" allow=\"accelerometer; autoplay; clipboard-write; encrypted-media; gyroscope; picture-in-picture; web-share\" referrerpolicy=\"strict-origin-when-cross-origin\" allowfullscreen><\/iframe>\n<\/div><figcaption class=\"wp-element-caption\">Fibra entrevista organizadores da II Caminhada do Sil\u00eancio.<\/figcaption><\/figure>\n\n\n\n<p><strong><mark style=\"background-color:rgba(0, 0, 0, 0);color:#f90202\" class=\"has-inline-color\"><\/mark><mark style=\"background-color:rgba(0, 0, 0, 0)\" class=\"has-inline-color has-vivid-red-color\"><\/mark><\/strong><mark style=\"background-color:rgba(0, 0, 0, 0)\" class=\"has-inline-color has-vivid-purple-color\"><strong>30<\/strong><\/mark><mark style=\"background-color:rgba(0, 0, 0, 0)\" class=\"has-inline-color has-vivid-purple-color\"><strong>\/03\/2022<\/strong><\/mark><\/p>\n\n\n\n<figure class=\"wp-block-embed is-type-video is-provider-youtube wp-block-embed-youtube wp-embed-aspect-16-9 wp-has-aspect-ratio\"><div class=\"wp-block-embed__wrapper\">\n<iframe title=\"Ex-juiz n\u00e3o \u00e9 bem vindo em Hamburgo. Fora!\" width=\"640\" height=\"360\" src=\"https:\/\/www.youtube.com\/embed\/anOawLPlBYo?feature=oembed\" frameborder=\"0\" allow=\"accelerometer; autoplay; clipboard-write; encrypted-media; gyroscope; picture-in-picture; web-share\" referrerpolicy=\"strict-origin-when-cross-origin\" allowfullscreen><\/iframe>\n<\/div><figcaption class=\"wp-element-caption\">Ato em Hamburgo. <br>Tema: &#8220;Ex-juiz n\u00e3o \u00e9 bem vindo em Hamburgo. Fora!&#8221;<\/figcaption><\/figure>\n\n\n\n<p><strong><mark style=\"background-color:rgba(0, 0, 0, 0);color:#f90202\" class=\"has-inline-color\"><\/mark><mark style=\"background-color:rgba(0, 0, 0, 0)\" class=\"has-inline-color has-vivid-red-color\"><\/mark><\/strong><mark style=\"background-color:rgba(0, 0, 0, 0)\" class=\"has-inline-color has-vivid-purple-color\"><strong>2<\/strong><\/mark><mark style=\"background-color:rgba(0, 0, 0, 0)\" class=\"has-inline-color has-vivid-purple-color\"><strong>4\/03\/2022<\/strong><\/mark><\/p>\n\n\n\n<figure class=\"wp-block-embed is-type-video is-provider-youtube wp-block-embed-youtube wp-embed-aspect-16-9 wp-has-aspect-ratio\"><div class=\"wp-block-embed__wrapper\">\n<iframe title=\"Aquilombar \u00e9 o caminho: O Quilombo Intelectual e a descoloniza\u00e7\u00e3o de saberes\" width=\"640\" height=\"360\" src=\"https:\/\/www.youtube.com\/embed\/cI03jDv8HVA?feature=oembed\" frameborder=\"0\" allow=\"accelerometer; autoplay; clipboard-write; encrypted-media; gyroscope; picture-in-picture; web-share\" referrerpolicy=\"strict-origin-when-cross-origin\" allowfullscreen><\/iframe>\n<\/div><figcaption class=\"wp-element-caption\">Live apresentada por Fl\u00e1vio Carvalho. <br>Tema: &#8220;Aquilombar \u00e9 o caminho: O Quilombo Intelectual e a descoloniza\u00e7\u00e3o de saberes.&#8221;<\/figcaption><\/figure>\n\n\n\n<p><strong><mark style=\"background-color:rgba(0, 0, 0, 0);color:#f90202\" class=\"has-inline-color\"><\/mark><mark style=\"background-color:rgba(0, 0, 0, 0)\" class=\"has-inline-color has-vivid-red-color\"><\/mark><\/strong><mark style=\"background-color:rgba(0, 0, 0, 0)\" class=\"has-inline-color has-vivid-purple-color\"><strong>14\/03\/2022<\/strong><\/mark><\/p>\n\n\n\n<figure class=\"wp-block-embed is-type-video is-provider-youtube wp-block-embed-youtube wp-embed-aspect-16-9 wp-has-aspect-ratio\"><div class=\"wp-block-embed__wrapper\">\n<iframe title=\"Marielle Franco Jamais esqueceremos!\" width=\"640\" height=\"360\" src=\"https:\/\/www.youtube.com\/embed\/uBux2BT_Xek?feature=oembed\" frameborder=\"0\" allow=\"accelerometer; autoplay; clipboard-write; encrypted-media; gyroscope; picture-in-picture; web-share\" referrerpolicy=\"strict-origin-when-cross-origin\" allowfullscreen><\/iframe>\n<\/div><figcaption class=\"wp-element-caption\">V\u00eddeo em mem\u00f3ria dos 4 anos da morte de Marielle Franco. Tema: &#8220;Marielle Franco Jamais esqueceremos!&#8221;<\/figcaption><\/figure>\n\n\n\n<p><strong><mark style=\"background-color:rgba(0, 0, 0, 0);color:#f90202\" class=\"has-inline-color\"><\/mark><mark style=\"background-color:rgba(0, 0, 0, 0)\" class=\"has-inline-color has-vivid-red-color\"><\/mark><\/strong><mark style=\"background-color:rgba(0, 0, 0, 0)\" class=\"has-inline-color has-vivid-purple-color\"><strong>08\/03\/2022<\/strong><\/mark><\/p>\n\n\n\n<figure class=\"wp-block-embed is-type-video is-provider-youtube wp-block-embed-youtube wp-embed-aspect-16-9 wp-has-aspect-ratio\"><div class=\"wp-block-embed__wrapper\">\n<iframe title=\"8M - BARCELONA\" width=\"640\" height=\"360\" src=\"https:\/\/www.youtube.com\/embed\/MMle7vMpN5A?feature=oembed\" frameborder=\"0\" allow=\"accelerometer; autoplay; clipboard-write; encrypted-media; gyroscope; picture-in-picture; web-share\" referrerpolicy=\"strict-origin-when-cross-origin\" allowfullscreen><\/iframe>\n<\/div><figcaption class=\"wp-element-caption\">8M &#8211; BARCELONA<\/figcaption><\/figure>\n\n\n\n<figure class=\"wp-block-embed is-type-video is-provider-youtube wp-block-embed-youtube wp-embed-aspect-16-9 wp-has-aspect-ratio\"><div class=\"wp-block-embed__wrapper\">\n<iframe title=\"&quot;Igualdade de g\u00eanero hoje para um amanh\u00e3 sustent\u00e1vel&quot;, lema do Dia Internacional da Mulher 2022\" width=\"640\" height=\"360\" src=\"https:\/\/www.youtube.com\/embed\/kO_Hryqr49U?feature=oembed\" frameborder=\"0\" allow=\"accelerometer; autoplay; clipboard-write; encrypted-media; gyroscope; picture-in-picture; web-share\" referrerpolicy=\"strict-origin-when-cross-origin\" allowfullscreen><\/iframe>\n<\/div><figcaption class=\"wp-element-caption\">&#8220;Igualdade de g\u00eanero hoje para um amanh\u00e3 sustent\u00e1vel&#8221;, lema do Dia Internacional da Mulher 2022.<\/figcaption><\/figure>\n\n\n\n<p><strong><mark style=\"background-color:rgba(0, 0, 0, 0);color:#f90202\" class=\"has-inline-color\"><\/mark><mark style=\"background-color:rgba(0, 0, 0, 0)\" class=\"has-inline-color has-vivid-red-color\"><\/mark><\/strong><mark style=\"background-color:rgba(0, 0, 0, 0)\" class=\"has-inline-color has-vivid-purple-color\"><strong>09\/02\/2022<\/strong><\/mark><\/p>\n\n\n\n<figure class=\"wp-block-embed is-type-video is-provider-youtube wp-block-embed-youtube wp-embed-aspect-16-9 wp-has-aspect-ratio\"><div class=\"wp-block-embed__wrapper\">\n<iframe title=\"Poetas Nordestinados 3\" width=\"640\" height=\"360\" src=\"https:\/\/www.youtube.com\/embed\/8slJw9PEeTQ?feature=oembed\" frameborder=\"0\" allow=\"accelerometer; autoplay; clipboard-write; encrypted-media; gyroscope; picture-in-picture; web-share\" referrerpolicy=\"strict-origin-when-cross-origin\" allowfullscreen><\/iframe>\n<\/div><\/figure>\n\n\n\n<p><strong><mark style=\"background-color:rgba(0, 0, 0, 0);color:#f90202\" class=\"has-inline-color\"><\/mark><mark style=\"background-color:rgba(0, 0, 0, 0)\" class=\"has-inline-color has-vivid-red-color\"><\/mark><\/strong><mark style=\"background-color:rgba(0, 0, 0, 0)\" class=\"has-inline-color has-vivid-purple-color\"><strong>04\/02\/2022<\/strong><\/mark><\/p>\n\n\n\n<figure class=\"wp-block-embed is-type-video is-provider-youtube wp-block-embed-youtube wp-embed-aspect-16-9 wp-has-aspect-ratio\"><div class=\"wp-block-embed__wrapper\">\n<iframe title=\"FormA\u00e7\u00e3o Antirracista Decolonial\" width=\"640\" height=\"360\" src=\"https:\/\/www.youtube.com\/embed\/dN8K5_uqaTo?feature=oembed\" frameborder=\"0\" allow=\"accelerometer; autoplay; clipboard-write; encrypted-media; gyroscope; picture-in-picture; web-share\" referrerpolicy=\"strict-origin-when-cross-origin\" allowfullscreen><\/iframe>\n<\/div><\/figure>\n\n\n\n<p><strong><mark style=\"background-color:rgba(0, 0, 0, 0);color:#f90202\" class=\"has-inline-color\"><\/mark><mark style=\"background-color:rgba(0, 0, 0, 0)\" class=\"has-inline-color has-vivid-red-color\"><\/mark><\/strong><mark style=\"background-color:rgba(0, 0, 0, 0)\" class=\"has-inline-color has-vivid-purple-color\"><strong>02\/02\/2022<\/strong><\/mark><\/p>\n\n\n\n<figure class=\"wp-block-embed is-type-video is-provider-youtube wp-block-embed-youtube wp-embed-aspect-16-9 wp-has-aspect-ratio\"><div class=\"wp-block-embed__wrapper\">\n<iframe title=\"Poetas Nordestinados 2\" width=\"640\" height=\"360\" src=\"https:\/\/www.youtube.com\/embed\/TpdXLf1oKPA?feature=oembed\" frameborder=\"0\" allow=\"accelerometer; autoplay; clipboard-write; encrypted-media; gyroscope; picture-in-picture; web-share\" referrerpolicy=\"strict-origin-when-cross-origin\" allowfullscreen><\/iframe>\n<\/div><\/figure>\n\n\n\n<p><strong><mark style=\"background-color:rgba(0, 0, 0, 0);color:#f90202\" class=\"has-inline-color\"><\/mark><mark style=\"background-color:rgba(0, 0, 0, 0)\" class=\"has-inline-color has-vivid-red-color\"><\/mark><\/strong><mark style=\"background-color:rgba(0, 0, 0, 0)\" class=\"has-inline-color has-vivid-purple-color\"><strong>29\/01\/2022<\/strong><\/mark><\/p>\n\n\n\n<figure class=\"wp-block-embed is-type-video is-provider-youtube wp-block-embed-youtube wp-embed-aspect-16-9 wp-has-aspect-ratio\"><div class=\"wp-block-embed__wrapper\">\n<iframe title=\"Mulheres de FIBRA - Estr\u00e9ia com M\u00e1rcia Tiburi\" width=\"640\" height=\"360\" src=\"https:\/\/www.youtube.com\/embed\/jlrhMUtgzOw?feature=oembed\" frameborder=\"0\" allow=\"accelerometer; autoplay; clipboard-write; encrypted-media; gyroscope; picture-in-picture; web-share\" referrerpolicy=\"strict-origin-when-cross-origin\" allowfullscreen><\/iframe>\n<\/div><\/figure>\n\n\n\n<p><strong><mark style=\"background-color:rgba(0, 0, 0, 0);color:#f90202\" class=\"has-inline-color\"><\/mark><mark style=\"background-color:rgba(0, 0, 0, 0)\" class=\"has-inline-color has-vivid-red-color\"><\/mark><\/strong><mark style=\"background-color:rgba(0, 0, 0, 0)\" class=\"has-inline-color has-vivid-purple-color\"><strong>26\/01\/2022<\/strong><\/mark><\/p>\n\n\n\n<figure class=\"wp-block-embed is-type-video is-provider-youtube wp-block-embed-youtube wp-embed-aspect-16-9 wp-has-aspect-ratio\"><div class=\"wp-block-embed__wrapper\">\n<iframe title=\"S\u00e9rie Poetas Nordestinados 1\" width=\"640\" height=\"360\" src=\"https:\/\/www.youtube.com\/embed\/jvkI6zWwqaQ?feature=oembed\" frameborder=\"0\" allow=\"accelerometer; autoplay; clipboard-write; encrypted-media; gyroscope; picture-in-picture; web-share\" referrerpolicy=\"strict-origin-when-cross-origin\" allowfullscreen><\/iframe>\n<\/div><\/figure>\n\n\n\n<p><strong><mark style=\"background-color:rgba(0, 0, 0, 0);color:#f90202\" class=\"has-inline-color\"><\/mark><mark style=\"background-color:rgba(0, 0, 0, 0)\" class=\"has-inline-color has-vivid-red-color\"><\/mark><\/strong><mark style=\"background-color:rgba(0, 0, 0, 0)\" class=\"has-inline-color has-vivid-purple-color\">24<\/mark><mark style=\"background-color:rgba(0, 0, 0, 0)\" class=\"has-inline-color has-vivid-purple-color\"><strong>\/01\/2022<\/strong><\/mark><\/p>\n\n\n\n<figure class=\"wp-block-embed is-type-video is-provider-youtube wp-block-embed-youtube wp-embed-aspect-16-9 wp-has-aspect-ratio\"><div class=\"wp-block-embed__wrapper\">\n<iframe title=\"Dia mundial da cultura africana e afrodescendente\" width=\"640\" height=\"360\" src=\"https:\/\/www.youtube.com\/embed\/cmokQPbQT8I?feature=oembed\" frameborder=\"0\" allow=\"accelerometer; autoplay; clipboard-write; encrypted-media; gyroscope; picture-in-picture; web-share\" referrerpolicy=\"strict-origin-when-cross-origin\" allowfullscreen><\/iframe>\n<\/div><figcaption class=\"wp-element-caption\">Live apresentada por Rene de Mello. Tema: &#8220;Dia Mundial da Cultura Africana e afrodescendente.&#8221;<\/figcaption><\/figure>\n\n\n\n<p><strong><mark style=\"background-color:rgba(0, 0, 0, 0);color:#f90202\" class=\"has-inline-color\"><\/mark><mark style=\"background-color:rgba(0, 0, 0, 0)\" class=\"has-inline-color has-vivid-red-color\"><\/mark><\/strong><mark style=\"background-color:rgba(0, 0, 0, 0)\" class=\"has-inline-color has-vivid-purple-color\"><strong>1<\/strong>9<\/mark><mark style=\"background-color:rgba(0, 0, 0, 0)\" class=\"has-inline-color has-vivid-purple-color\"><strong>\/01\/2022<\/strong><\/mark><\/p>\n\n\n\n<figure class=\"wp-block-embed is-type-video is-provider-youtube wp-block-embed-youtube wp-embed-aspect-16-9 wp-has-aspect-ratio\"><div class=\"wp-block-embed__wrapper\">\n<iframe title=\"S\u00e9rie Manifestos Po\u00e9ticos: A poesia de Torquato Neto\" width=\"640\" height=\"360\" src=\"https:\/\/www.youtube.com\/embed\/a7qTAgzfaUU?feature=oembed\" frameborder=\"0\" allow=\"accelerometer; autoplay; clipboard-write; encrypted-media; gyroscope; picture-in-picture; web-share\" referrerpolicy=\"strict-origin-when-cross-origin\" allowfullscreen><\/iframe>\n<\/div><\/figure>\n\n\n\n<p><strong><span style=\"color:#f90202\" class=\"has-inline-color\"><\/span><span class=\"has-inline-color has-vivid-red-color\"><\/span><\/strong><span class=\"has-inline-color has-vivid-purple-color\"><strong>12<\/strong><\/span><span class=\"has-inline-color has-vivid-purple-color\"><strong>\/01\/2022<\/strong><\/span><\/p>\n\n\n\n<figure class=\"wp-block-embed is-type-video is-provider-youtube wp-block-embed-youtube wp-embed-aspect-16-9 wp-has-aspect-ratio\"><div class=\"wp-block-embed__wrapper\">\n<iframe title=\"S\u00e9rie Manifestos po\u00e9ticos 3 - Marcelino Freire\" width=\"640\" height=\"360\" src=\"https:\/\/www.youtube.com\/embed\/n2-Xd9qMwps?feature=oembed\" frameborder=\"0\" allow=\"accelerometer; autoplay; clipboard-write; encrypted-media; gyroscope; picture-in-picture; web-share\" referrerpolicy=\"strict-origin-when-cross-origin\" allowfullscreen><\/iframe>\n<\/div><\/figure>\n\n\n\n<p><strong><span style=\"color:#f90202\" class=\"has-inline-color\"><\/span><span class=\"has-inline-color has-vivid-red-color\"><\/span><\/strong><span class=\"has-inline-color has-vivid-purple-color\"><strong>05\/01\/2022<\/strong><\/span><\/p>\n\n\n\n<figure class=\"wp-block-embed is-type-video is-provider-youtube wp-block-embed-youtube wp-embed-aspect-16-9 wp-has-aspect-ratio\"><div class=\"wp-block-embed__wrapper\">\n<iframe title=\"Manifestos Po\u00e9ticos 2 - Nicanor Parra\" width=\"640\" height=\"360\" src=\"https:\/\/www.youtube.com\/embed\/2pT3iUy1ZFs?feature=oembed\" frameborder=\"0\" allow=\"accelerometer; autoplay; clipboard-write; encrypted-media; gyroscope; picture-in-picture; web-share\" referrerpolicy=\"strict-origin-when-cross-origin\" allowfullscreen><\/iframe>\n<\/div><\/figure>\n\n\n\n<hr class=\"wp-block-separator has-css-opacity is-style-wide\"\/>\n\n\n\n<p><strong><span style=\"color:#f90202\" class=\"has-inline-color\"><\/span><span class=\"has-inline-color has-vivid-red-color\"><\/span><span style=\"color:#f90202\" class=\"has-inline-color\">31\/12\/2021<\/span><\/strong><\/p>\n\n\n\n<figure class=\"wp-block-embed is-type-video is-provider-youtube wp-block-embed-youtube wp-embed-aspect-16-9 wp-has-aspect-ratio\"><div class=\"wp-block-embed__wrapper\">\n<iframe title=\"E o que voc\u00ea espera \ud83e\udd14 para 2022?\" width=\"640\" height=\"360\" src=\"https:\/\/www.youtube.com\/embed\/uFoWhV4-Nws?feature=oembed\" frameborder=\"0\" allow=\"accelerometer; autoplay; clipboard-write; encrypted-media; gyroscope; picture-in-picture; web-share\" referrerpolicy=\"strict-origin-when-cross-origin\" allowfullscreen><\/iframe>\n<\/div><\/figure>\n\n\n\n<p><strong><span style=\"color:#f90202\" class=\"has-inline-color\"><\/span><span class=\"has-inline-color has-vivid-red-color\"><\/span><span style=\"color:#f90202\" class=\"has-inline-color\">23\/12\/2021<\/span><\/strong><\/p>\n\n\n\n<figure class=\"wp-block-embed is-type-video is-provider-youtube wp-block-embed-youtube wp-embed-aspect-16-9 wp-has-aspect-ratio\"><div class=\"wp-block-embed__wrapper\">\n<iframe title=\"Lan\u00e7amento Internacional do Livro Manifestar\" width=\"640\" height=\"360\" src=\"https:\/\/www.youtube.com\/embed\/QdGyxOsOHjE?feature=oembed\" frameborder=\"0\" allow=\"accelerometer; autoplay; clipboard-write; encrypted-media; gyroscope; picture-in-picture; web-share\" referrerpolicy=\"strict-origin-when-cross-origin\" allowfullscreen><\/iframe>\n<\/div><\/figure>\n\n\n\n<p><strong><span style=\"color:#f90202\" class=\"has-inline-color\"><\/span><span class=\"has-inline-color has-vivid-red-color\"><\/span><span style=\"color:#f90202\" class=\"has-inline-color\">17\/12\/2021<\/span><\/strong><\/p>\n\n\n\n<figure class=\"wp-block-embed is-type-video is-provider-youtube wp-block-embed-youtube wp-embed-aspect-16-9 wp-has-aspect-ratio\"><div class=\"wp-block-embed__wrapper\">\n<iframe title=\"I Encontro Internacional: Di\u00e1logos Insurgentes \u2013 a democracia no s\u00e9culo XXI\" width=\"640\" height=\"360\" src=\"https:\/\/www.youtube.com\/embed\/kTe435nVLUQ?feature=oembed\" frameborder=\"0\" allow=\"accelerometer; autoplay; clipboard-write; encrypted-media; gyroscope; picture-in-picture; web-share\" referrerpolicy=\"strict-origin-when-cross-origin\" allowfullscreen><\/iframe>\n<\/div><\/figure>\n\n\n\n<p><strong><span style=\"color:#f90202\" class=\"has-inline-color\"><\/span><span class=\"has-inline-color has-vivid-red-color\"><\/span><span style=\"color:#f90202\" class=\"has-inline-color\">06\/12\/2021<\/span><\/strong><\/p>\n\n\n\n<figure class=\"wp-block-embed is-type-video is-provider-youtube wp-block-embed-youtube wp-embed-aspect-16-9 wp-has-aspect-ratio\"><div class=\"wp-block-embed__wrapper\">\n<iframe title=\"Recortes do Vire \u00e0 Esquerda - Com o Coletivo N\u00f3s (PT - S\u00e3o Lu\u00eds)\" width=\"640\" height=\"360\" src=\"https:\/\/www.youtube.com\/embed\/fzRhFuJpoR0?feature=oembed\" frameborder=\"0\" allow=\"accelerometer; autoplay; clipboard-write; encrypted-media; gyroscope; picture-in-picture; web-share\" referrerpolicy=\"strict-origin-when-cross-origin\" allowfullscreen><\/iframe>\n<\/div><figcaption class=\"wp-element-caption\">Recortes do Vire \u00e0 Esquerda<\/figcaption><\/figure>\n\n\n\n<p><strong><span style=\"color:#f90202\" class=\"has-inline-color\"><\/span><span class=\"has-inline-color has-vivid-red-color\"><\/span><span style=\"color:#f90202\" class=\"has-inline-color\">06\/12\/2021<\/span><\/strong><\/p>\n\n\n\n<figure class=\"wp-block-embed is-type-video is-provider-youtube wp-block-embed-youtube wp-embed-aspect-16-9 wp-has-aspect-ratio\"><div class=\"wp-block-embed__wrapper\">\n<iframe title=\"Recortes do Vozes de Fibra: FIBRA PETROLEIRA #2 (05\/12\/21)\" width=\"640\" height=\"360\" src=\"https:\/\/www.youtube.com\/embed\/y_QoqJQqGH8?feature=oembed\" frameborder=\"0\" allow=\"accelerometer; autoplay; clipboard-write; encrypted-media; gyroscope; picture-in-picture; web-share\" referrerpolicy=\"strict-origin-when-cross-origin\" allowfullscreen><\/iframe>\n<\/div><figcaption class=\"wp-element-caption\">Recortes do Vozes de Fibra<\/figcaption><\/figure>\n\n\n\n<p><strong><span style=\"color:#f90202\" class=\"has-inline-color\"><\/span><span class=\"has-inline-color has-vivid-red-color\"><\/span><span style=\"color:#f90202\" class=\"has-inline-color\">02\/12\/2021<\/span><\/strong><\/p>\n\n\n\n<figure class=\"wp-block-embed is-type-video is-provider-youtube wp-block-embed-youtube wp-embed-aspect-16-9 wp-has-aspect-ratio\"><div class=\"wp-block-embed__wrapper\">\n<iframe title=\"Dia Nacional do Samba: Samba Session Barcelona\" width=\"640\" height=\"360\" src=\"https:\/\/www.youtube.com\/embed\/m1NdAYw3F9k?feature=oembed\" frameborder=\"0\" allow=\"accelerometer; autoplay; clipboard-write; encrypted-media; gyroscope; picture-in-picture; web-share\" referrerpolicy=\"strict-origin-when-cross-origin\" allowfullscreen><\/iframe>\n<\/div><figcaption class=\"wp-element-caption\">Dia Nacional do Samba: Samba session Barcelona<\/figcaption><\/figure>\n\n\n\n<p><strong><span style=\"color:#f90202\" class=\"has-inline-color\"><\/span><span class=\"has-inline-color has-vivid-red-color\"><\/span><span style=\"color:#f90202\" class=\"has-inline-color\">30\/11\/2021<\/span><\/strong><\/p>\n\n\n\n<figure class=\"wp-block-embed is-type-video is-provider-youtube wp-block-embed-youtube wp-embed-aspect-16-9 wp-has-aspect-ratio\"><div class=\"wp-block-embed__wrapper\">\n<iframe title=\"Comemora\u00e7\u00e3o do dia da Consci\u00eancia Negra em Bruxelas.(2021)\" width=\"640\" height=\"360\" src=\"https:\/\/www.youtube.com\/embed\/g2vZ4IOOJvw?feature=oembed\" frameborder=\"0\" allow=\"accelerometer; autoplay; clipboard-write; encrypted-media; gyroscope; picture-in-picture; web-share\" referrerpolicy=\"strict-origin-when-cross-origin\" allowfullscreen><\/iframe>\n<\/div><figcaption class=\"wp-element-caption\">Comemora\u00e7\u00e3o do Dia da Consci\u00eancia Negra em Bruxelas (2021)<\/figcaption><\/figure>\n\n\n\n<p><strong><span style=\"color:#f90202\" class=\"has-inline-color\"><\/span><span class=\"has-inline-color has-vivid-red-color\"><\/span><span style=\"color:#f90202\" class=\"has-inline-color\">27\/11\/2021<\/span><\/strong><\/p>\n\n\n\n<figure class=\"wp-block-embed is-type-video is-provider-youtube wp-block-embed-youtube wp-embed-aspect-16-9 wp-has-aspect-ratio\"><div class=\"wp-block-embed__wrapper\">\n<iframe title=\"Cerim\u00f4mia de Encerramento do 1\u00ba Mirada Cine Fest\" width=\"640\" height=\"360\" src=\"https:\/\/www.youtube.com\/embed\/qRwzBK_GzHQ?feature=oembed\" frameborder=\"0\" allow=\"accelerometer; autoplay; clipboard-write; encrypted-media; gyroscope; picture-in-picture; web-share\" referrerpolicy=\"strict-origin-when-cross-origin\" allowfullscreen><\/iframe>\n<\/div><figcaption class=\"wp-element-caption\">Encerramento do MIrada Cine Fest<\/figcaption><\/figure>\n\n\n\n<p><strong><span style=\"color:#f90202\" class=\"has-inline-color\"><\/span><span class=\"has-inline-color has-vivid-red-color\"><\/span><span style=\"color:#f90202\" class=\"has-inline-color\">20\/11\/2021<\/span><\/strong><\/p>\n\n\n\n<figure class=\"wp-block-embed is-type-video is-provider-youtube wp-block-embed-youtube wp-embed-aspect-16-9 wp-has-aspect-ratio\"><div class=\"wp-block-embed__wrapper\">\n<iframe title=\"PARIS, FRAN\u00c7A E BOLONHA, IT\u00c1LIA - ATO #DIADACONSCI\u00caNCIANEGRA #20NForaBolsonaro 2021\" width=\"640\" height=\"360\" src=\"https:\/\/www.youtube.com\/embed\/Z4jpttn9hjM?feature=oembed\" frameborder=\"0\" allow=\"accelerometer; autoplay; clipboard-write; encrypted-media; gyroscope; picture-in-picture; web-share\" referrerpolicy=\"strict-origin-when-cross-origin\" allowfullscreen><\/iframe>\n<\/div><figcaption class=\"wp-element-caption\">PARIS, FRAN\u00c7A E BOLONHA, IT\u00c1LIA &#8211; ATO <a href=\"https:\/\/www.youtube.com\/hashtag\/diadaconsci%C3%AAncianegra\">#DIADACONSCI\u00caNCIANEGRA<\/a> <a href=\"https:\/\/www.youtube.com\/hashtag\/20nforabolsonaro\">#20NForaBolsonaro<\/a> 2021<\/figcaption><\/figure>\n\n\n\n<p><strong><span style=\"color:#f90202\" class=\"has-inline-color\"><\/span><span class=\"has-inline-color has-vivid-red-color\"><\/span><span style=\"color:#f90202\" class=\"has-inline-color\">16\/11\/2021<\/span><\/strong><\/p>\n\n\n\n<figure class=\"wp-block-embed is-type-video is-provider-youtube wp-block-embed-youtube wp-embed-aspect-16-9 wp-has-aspect-ratio\"><div class=\"wp-block-embed__wrapper\">\n<iframe title=\"Fibra transmite evento com Lula em Paris\" width=\"640\" height=\"360\" src=\"https:\/\/www.youtube.com\/embed\/Kw1D_8v7Fbg?feature=oembed\" frameborder=\"0\" allow=\"accelerometer; autoplay; clipboard-write; encrypted-media; gyroscope; picture-in-picture; web-share\" referrerpolicy=\"strict-origin-when-cross-origin\" allowfullscreen><\/iframe>\n<\/div><figcaption class=\"wp-element-caption\">Lula em Paris.<\/figcaption><\/figure>\n\n\n\n<p><strong><span style=\"color:#f90202\" class=\"has-inline-color\"><\/span><span class=\"has-inline-color has-vivid-red-color\"><\/span><span style=\"color:#f90202\" class=\"has-inline-color\">16\/11\/2021<\/span><\/strong><\/p>\n\n\n\n<figure class=\"wp-block-embed is-type-video is-provider-youtube wp-block-embed-youtube wp-embed-aspect-16-9 wp-has-aspect-ratio\"><div class=\"wp-block-embed__wrapper\">\n<iframe title=\"Cerim\u00f4nia de abertura do Mirada Cine Fest 2021\" width=\"640\" height=\"360\" src=\"https:\/\/www.youtube.com\/embed\/PfjdDHabV2Q?feature=oembed\" frameborder=\"0\" allow=\"accelerometer; autoplay; clipboard-write; encrypted-media; gyroscope; picture-in-picture; web-share\" referrerpolicy=\"strict-origin-when-cross-origin\" allowfullscreen><\/iframe>\n<\/div><figcaption class=\"wp-element-caption\">Abertura MIrada Cine Fest<\/figcaption><\/figure>\n\n\n\n<p><strong><span style=\"color:#f90202\" class=\"has-inline-color\">12\/11\/2021<\/span><\/strong><\/p>\n\n\n\n<figure class=\"wp-block-embed is-type-video is-provider-youtube wp-block-embed-youtube wp-embed-aspect-16-9 wp-has-aspect-ratio\"><div class=\"wp-block-embed__wrapper\">\n<iframe title=\"BoletimFibra: Miradas Cine Fest\" width=\"640\" height=\"360\" src=\"https:\/\/www.youtube.com\/embed\/cL21HDZnAro?feature=oembed\" frameborder=\"0\" allow=\"accelerometer; autoplay; clipboard-write; encrypted-media; gyroscope; picture-in-picture; web-share\" referrerpolicy=\"strict-origin-when-cross-origin\" allowfullscreen><\/iframe>\n<\/div><figcaption class=\"wp-element-caption\">Boletim da Fibra com Miriam Casas e Elizabeth Firmino.<\/figcaption><\/figure>\n\n\n\n<p><strong><span style=\"color:#f90202\" class=\"has-inline-color\"><\/span><span class=\"has-inline-color has-vivid-red-color\"><\/span><span style=\"color:#f90202\" class=\"has-inline-color\">10\/11\/2021<\/span><\/strong><\/p>\n\n\n\n<figure class=\"wp-block-embed is-type-video is-provider-youtube wp-block-embed-youtube wp-embed-aspect-16-9 wp-has-aspect-ratio\"><div class=\"wp-block-embed__wrapper\">\n<iframe title=\"Boletim Fibra: Mirada Cine Fest e a entrevista com Thomas Josue\" width=\"640\" height=\"360\" src=\"https:\/\/www.youtube.com\/embed\/QBHdLG7V4tI?feature=oembed\" frameborder=\"0\" allow=\"accelerometer; autoplay; clipboard-write; encrypted-media; gyroscope; picture-in-picture; web-share\" referrerpolicy=\"strict-origin-when-cross-origin\" allowfullscreen><\/iframe>\n<\/div><figcaption class=\"wp-element-caption\">Boletim da Fibra apresentado por Miriam Casas, sobre o Festival de cinema Mirada Cine Fest.<\/figcaption><\/figure>\n\n\n\n<p><\/p>\n\n\n\n<p><strong><span style=\"color:#f90202\" class=\"has-inline-color\"><\/span><span class=\"has-inline-color has-vivid-red-color\"><\/span><span style=\"color:#f90202\" class=\"has-inline-color\">08\/11\/2021<\/span><\/strong><\/p>\n\n\n\n<figure class=\"wp-block-embed is-type-video is-provider-youtube wp-block-embed-youtube wp-embed-aspect-16-9 wp-has-aspect-ratio\"><div class=\"wp-block-embed__wrapper\">\n<iframe title=\"Boletim da Fibra - Festival Mirada Cine Fest\" width=\"640\" height=\"360\" src=\"https:\/\/www.youtube.com\/embed\/TAXcmf-ILKI?feature=oembed\" frameborder=\"0\" allow=\"accelerometer; autoplay; clipboard-write; encrypted-media; gyroscope; picture-in-picture; web-share\" referrerpolicy=\"strict-origin-when-cross-origin\" allowfullscreen><\/iframe>\n<\/div><figcaption class=\"wp-element-caption\">Boletim da Fibra apresentado por Miriam Casas., conversa com Ermeson Vieira (Bruxelas).  <br>Tema: &#8220;Boletim da Fibra &#8211; Festival Mirada Cine Fest&#8221;<\/figcaption><\/figure>\n\n\n\n<p><strong><span style=\"color:#f90202\" class=\"has-inline-color\"><\/span><span class=\"has-inline-color has-vivid-red-color\"><\/span><span style=\"color:#f90202\" class=\"has-inline-color\">01\/11\/2021<\/span><\/strong><\/p>\n\n\n\n<figure class=\"wp-block-embed is-type-video is-provider-youtube wp-block-embed-youtube wp-embed-aspect-16-9 wp-has-aspect-ratio\"><div class=\"wp-block-embed__wrapper\">\n<iframe title=\"Repercuss\u00e3o do Relat\u00f3rio da CPI do COVID na imprensa internacional\" width=\"640\" height=\"360\" src=\"https:\/\/www.youtube.com\/embed\/GYy-44NK184?feature=oembed\" frameborder=\"0\" allow=\"accelerometer; autoplay; clipboard-write; encrypted-media; gyroscope; picture-in-picture; web-share\" referrerpolicy=\"strict-origin-when-cross-origin\" allowfullscreen><\/iframe>\n<\/div><\/figure>\n\n\n\n<p><strong><span style=\"color:#f90202\" class=\"has-inline-color\"><\/span><span class=\"has-inline-color has-vivid-red-color\"><\/span><span style=\"color:#f90202\" class=\"has-inline-color\">31\/10\/2021<\/span><\/strong><\/p>\n\n\n\n<figure class=\"wp-block-embed is-type-video is-provider-youtube wp-block-embed-youtube wp-embed-aspect-16-9 wp-has-aspect-ratio\"><div class=\"wp-block-embed__wrapper\">\n<iframe title=\"Sen. Randolfe fala com a Fibra\" width=\"640\" height=\"360\" src=\"https:\/\/www.youtube.com\/embed\/5hmg43NCdg0?feature=oembed\" frameborder=\"0\" allow=\"accelerometer; autoplay; clipboard-write; encrypted-media; gyroscope; picture-in-picture; web-share\" referrerpolicy=\"strict-origin-when-cross-origin\" allowfullscreen><\/iframe>\n<\/div><figcaption class=\"wp-element-caption\">Senador Randolfe fala com a Fibra.<\/figcaption><\/figure>\n\n\n\n<p><strong><span style=\"color:#f90202\" class=\"has-inline-color\"><\/span><span class=\"has-inline-color has-vivid-red-color\"><\/span><span style=\"color:#f90202\" class=\"has-inline-color\">29\/10\/2021<\/span><\/strong><\/p>\n\n\n\n<figure class=\"wp-block-embed is-type-video is-provider-youtube wp-block-embed-youtube wp-embed-aspect-16-9 wp-has-aspect-ratio\"><div class=\"wp-block-embed__wrapper\">\n<iframe title=\"Ato manifesto contra Zara racista\" width=\"640\" height=\"360\" src=\"https:\/\/www.youtube.com\/embed\/9LivfFvbFNc?feature=oembed\" frameborder=\"0\" allow=\"accelerometer; autoplay; clipboard-write; encrypted-media; gyroscope; picture-in-picture; web-share\" referrerpolicy=\"strict-origin-when-cross-origin\" allowfullscreen><\/iframe>\n<\/div><\/figure>\n\n\n\n<p><strong><span style=\"color:#f90202\" class=\"has-inline-color\"><\/span><span class=\"has-inline-color has-vivid-red-color\"><\/span><span style=\"color:#f90202\" class=\"has-inline-color\">26\/10\/2021<\/span><\/strong><\/p>\n\n\n\n<figure class=\"wp-block-embed is-type-video is-provider-youtube wp-block-embed-youtube wp-embed-aspect-16-9 wp-has-aspect-ratio\"><div class=\"wp-block-embed__wrapper\">\n<iframe title=\"Apag\u00e3o Cient\u00edfico Brasileiro: O projeto de desmonte da Pesquisa e da Educa\u00e7\u00e3o Superior p\u00fablicas\" width=\"640\" height=\"360\" src=\"https:\/\/www.youtube.com\/embed\/nQ8QnLQSpiY?feature=oembed\" frameborder=\"0\" allow=\"accelerometer; autoplay; clipboard-write; encrypted-media; gyroscope; picture-in-picture; web-share\" referrerpolicy=\"strict-origin-when-cross-origin\" allowfullscreen><\/iframe>\n<\/div><figcaption class=\"wp-element-caption\">Programa do Coletivo Andorinha. <br>Tema: &#8220;Apag\u00e3o Cient\u00edfico Brasileiro: O projeto de desmonte da Pesquisa e da Educa\u00e7\u00e3o Superior p\u00fablicas.&#8221;<\/figcaption><\/figure>\n\n\n\n<p><strong><span style=\"color:#f90202\" class=\"has-inline-color\"><\/span><span class=\"has-inline-color has-vivid-red-color\"><\/span><span style=\"color:#f90202\" class=\"has-inline-color\">26\/10\/2021<\/span><\/strong><\/p>\n\n\n\n<figure class=\"wp-block-embed is-type-video is-provider-youtube wp-block-embed-youtube wp-embed-aspect-16-9 wp-has-aspect-ratio\"><div class=\"wp-block-embed__wrapper\">\n<iframe title=\"Fora Queiroga ministro da morte!\" width=\"640\" height=\"360\" src=\"https:\/\/www.youtube.com\/embed\/1amzNhBPvac?feature=oembed\" frameborder=\"0\" allow=\"accelerometer; autoplay; clipboard-write; encrypted-media; gyroscope; picture-in-picture; web-share\" referrerpolicy=\"strict-origin-when-cross-origin\" allowfullscreen><\/iframe>\n<\/div><figcaption class=\"wp-element-caption\">Ato do Coletivo Andorinha, Casa do Brasil Lisboa e Colativa Maria Felipa em Lisboa.<br>Tema: &#8220;Fora Queiroga ministro da morte!&#8221;<\/figcaption><\/figure>\n\n\n\n<p><strong><span style=\"color:#f90202\" class=\"has-inline-color\"><\/span><span class=\"has-inline-color has-vivid-red-color\"><\/span><span style=\"color:#f90202\" class=\"has-inline-color\">26\/10\/2021<\/span><\/strong><\/p>\n\n\n\n<figure class=\"wp-block-embed is-type-video is-provider-youtube wp-block-embed-youtube wp-embed-aspect-16-9 wp-has-aspect-ratio\"><div class=\"wp-block-embed__wrapper\">\n<iframe title=\"Boletim da Fibra: Ato Fora Ministro da Morte - Rep\u00fadio \u00e0 confer\u00eancia de Marcelo Queiroga em Lisboa\" width=\"640\" height=\"360\" src=\"https:\/\/www.youtube.com\/embed\/vShGQz2UhY0?feature=oembed\" frameborder=\"0\" allow=\"accelerometer; autoplay; clipboard-write; encrypted-media; gyroscope; picture-in-picture; web-share\" referrerpolicy=\"strict-origin-when-cross-origin\" allowfullscreen><\/iframe>\n<\/div><\/figure>\n\n\n\n<p><strong><span style=\"color:#f90202\" class=\"has-inline-color\">12<\/span><span class=\"has-inline-color has-vivid-red-color\"><\/span><span style=\"color:#f90202\" class=\"has-inline-color\">\/10\/2021<\/span><\/strong><\/p>\n\n\n\n<figure class=\"wp-block-embed is-type-video is-provider-youtube wp-block-embed-youtube wp-embed-aspect-16-9 wp-has-aspect-ratio\"><div class=\"wp-block-embed__wrapper\">\n<iframe title=\"12 de Octubre Anticolonialista\" width=\"640\" height=\"360\" src=\"https:\/\/www.youtube.com\/embed\/4xXpq0XAfqk?feature=oembed\" frameborder=\"0\" allow=\"accelerometer; autoplay; clipboard-write; encrypted-media; gyroscope; picture-in-picture; web-share\" referrerpolicy=\"strict-origin-when-cross-origin\" allowfullscreen><\/iframe>\n<\/div><\/figure>\n\n\n\n<p><strong><span style=\"color:#f90202\" class=\"has-inline-color\">02<\/span><span class=\"has-inline-color has-vivid-red-color\"><\/span><span style=\"color:#f90202\" class=\"has-inline-color\">\/10\/2021<\/span><\/strong><\/p>\n\n\n\n<figure class=\"wp-block-embed is-type-video is-provider-youtube wp-block-embed-youtube wp-embed-aspect-16-9 wp-has-aspect-ratio\"><div class=\"wp-block-embed__wrapper\">\n<iframe title=\"Solidaridad Internacional con el Pueblo Brasile\u00f1o\" width=\"640\" height=\"360\" src=\"https:\/\/www.youtube.com\/embed\/6TQ6JUrkhxU?feature=oembed\" frameborder=\"0\" allow=\"accelerometer; autoplay; clipboard-write; encrypted-media; gyroscope; picture-in-picture; web-share\" referrerpolicy=\"strict-origin-when-cross-origin\" allowfullscreen><\/iframe>\n<\/div><\/figure>\n\n\n\n<div class=\"wp-block-group alignfull has-background-background-color has-background\"><div class=\"wp-block-group__inner-container is-layout-flow wp-block-group-is-layout-flow\">\n<div class=\"wp-block-jetpack-layout-grid alignfull column1-desktop-grid__span-8 column1-desktop-grid__start-3 column1-desktop-grid__row-1 column1-tablet-grid__span-8 column1-tablet-grid__row-1 column1-mobile-grid__span-4 column1-mobile-grid__row-1\">\n\n<div class=\"wp-block-jetpack-layout-grid-column wp-block-jetpack-layout-grid__padding-none\">\n\n<p>____________________________________________________________________________________________________<\/p>\n\n\n<p><strong><span style=\"color:#f80307;\" class=\"has-inline-color\">25\/09\/2021<\/span><\/strong><\/p>\n\n\n<figure class=\"wp-block-embed is-type-video is-provider-youtube wp-block-embed-youtube wp-embed-aspect-16-9 wp-has-aspect-ratio\"><div class=\"wp-block-embed__wrapper\">\n<iframe title=\"Acto simb\u00f3lico de &quot;Lavado de Bandera&quot;\" width=\"640\" height=\"360\" src=\"https:\/\/www.youtube.com\/embed\/iGd65GEGqS4?feature=oembed\" frameborder=\"0\" allow=\"accelerometer; autoplay; clipboard-write; encrypted-media; gyroscope; picture-in-picture; web-share\" referrerpolicy=\"strict-origin-when-cross-origin\" allowfullscreen><\/iframe>\n<\/div><figcaption>Boletim Fibra no Ar transmitindo evento &#8220;Acto simb\u00f3lico Lavado de Bandera&#8221;.<\/figcaption><\/figure>\n\n\n<p><strong><span style=\"color:#f80307;\" class=\"has-inline-color\">21\/09\/2021<\/span><\/strong><\/p>\n\n\n<figure class=\"wp-block-embed is-type-video is-provider-youtube wp-block-embed-youtube wp-embed-aspect-16-9 wp-has-aspect-ratio\"><div class=\"wp-block-embed__wrapper\">\n<iframe title=\"Assembleia Geral da ONU 2021: Coletivos progressistas escracham Bolsonaro em NY\" width=\"640\" height=\"360\" src=\"https:\/\/www.youtube.com\/embed\/k_oRr0v4mms?feature=oembed\" frameborder=\"0\" allow=\"accelerometer; autoplay; clipboard-write; encrypted-media; gyroscope; picture-in-picture; web-share\" referrerpolicy=\"strict-origin-when-cross-origin\" allowfullscreen><\/iframe>\n<\/div><\/figure>\n\n\n<p><strong><span style=\"color:#f80307;\" class=\"has-inline-color\">09\/09\/2021<\/span><\/strong><\/p>\n\n\n<figure class=\"wp-block-embed is-type-video is-provider-youtube wp-block-embed-youtube wp-embed-aspect-16-9 wp-has-aspect-ratio\"><div class=\"wp-block-embed__wrapper\">\n<iframe title=\"Mira Cine Fest: O Festival, as atividades paralelas e nosso colaboradores\" width=\"640\" height=\"360\" src=\"https:\/\/www.youtube.com\/embed\/0xlIurFxn9o?feature=oembed\" frameborder=\"0\" allow=\"accelerometer; autoplay; clipboard-write; encrypted-media; gyroscope; picture-in-picture; web-share\" referrerpolicy=\"strict-origin-when-cross-origin\" allowfullscreen><\/iframe>\n<\/div><\/figure>\n\n\n<p><strong><span style=\"color:#f80307;\" class=\"has-inline-color\">06\/09\/2021<\/span><\/strong><\/p>\n\n\n<figure class=\"wp-block-embed is-type-video is-provider-youtube wp-block-embed-youtube wp-embed-aspect-16-9 wp-has-aspect-ratio\"><div class=\"wp-block-embed__wrapper\">\n<iframe title=\"Live Sorteio da Rifa de artesanato xavante - 06\/09\/2021\" width=\"640\" height=\"360\" src=\"https:\/\/www.youtube.com\/embed\/xXu1TOxJsqM?feature=oembed\" frameborder=\"0\" allow=\"accelerometer; autoplay; clipboard-write; encrypted-media; gyroscope; picture-in-picture; web-share\" referrerpolicy=\"strict-origin-when-cross-origin\" allowfullscreen><\/iframe>\n<\/div><\/figure>\n\n\n<p><strong><span style=\"color:#f80307;\" class=\"has-inline-color\">25\/08\/2021<\/span><\/strong><\/p>\n\n\n<figure class=\"wp-block-embed is-type-video is-provider-youtube wp-block-embed-youtube wp-embed-aspect-16-9 wp-has-aspect-ratio\"><div class=\"wp-block-embed__wrapper\">\n<iframe title=\"Agosto ind\u00edgena: #LutapelaVida\" width=\"640\" height=\"360\" src=\"https:\/\/www.youtube.com\/embed\/TNKvVlaYvVU?feature=oembed\" frameborder=\"0\" allow=\"accelerometer; autoplay; clipboard-write; encrypted-media; gyroscope; picture-in-picture; web-share\" referrerpolicy=\"strict-origin-when-cross-origin\" allowfullscreen><\/iframe>\n<\/div><\/figure>\n\n\n<p><strong><span style=\"color:#f80307;\" class=\"has-inline-color\">19\/08\/2021<\/span><\/strong><\/p>\n\n\n<figure class=\"wp-block-embed is-type-video is-provider-youtube wp-block-embed-youtube wp-embed-aspect-16-9 wp-has-aspect-ratio\"><div class=\"wp-block-embed__wrapper\">\n<iframe title=\"Indigenous Land Rights in Brazil: Strategies for Advocacy and Resistance\" width=\"640\" height=\"360\" src=\"https:\/\/www.youtube.com\/embed\/zuySHWJuyrw?feature=oembed\" frameborder=\"0\" allow=\"accelerometer; autoplay; clipboard-write; encrypted-media; gyroscope; picture-in-picture; web-share\" referrerpolicy=\"strict-origin-when-cross-origin\" allowfullscreen><\/iframe>\n<\/div><\/figure>\n\n\n<figure class=\"wp-block-embed is-type-video is-provider-youtube wp-block-embed-youtube wp-embed-aspect-16-9 wp-has-aspect-ratio\"><div class=\"wp-block-embed__wrapper\">\n<iframe title=\"Indigenous Land Rights in Brazil: Strategies for Advocacy and Resistance\" width=\"640\" height=\"360\" src=\"https:\/\/www.youtube.com\/embed\/T_6K6KlND2w?feature=oembed\" frameborder=\"0\" allow=\"accelerometer; autoplay; clipboard-write; encrypted-media; gyroscope; picture-in-picture; web-share\" referrerpolicy=\"strict-origin-when-cross-origin\" allowfullscreen><\/iframe>\n<\/div><figcaption>Zoom webinar: Dia 19\/08 evento \ud83c\udde7\ud83c\uddf7\ud83c\uddfa\ud83c\uddf8 om lideran\u00e7as Sonia Bone Guajajara , Eloy Terena e ativistas , Nick Estes e Leo Crippa sobre <a href=\"https:\/\/www.youtube.com\/hashtag\/marcotemporaln%C3%A3o\">#MarcoTemporalN\u00e3o<\/a>.<\/figcaption><\/figure>\n\n\n<p><strong><span style=\"color:#f80307;\" class=\"has-inline-color\">18\/08\/2021<\/span><\/strong><\/p>\n\n\n<figure class=\"wp-block-embed is-type-video is-provider-youtube wp-block-embed-youtube wp-embed-aspect-16-9 wp-has-aspect-ratio\"><div class=\"wp-block-embed__wrapper\">\n<iframe title=\"Solidariedade Internacional - Campanha Tem Gente com Fome\" width=\"640\" height=\"360\" src=\"https:\/\/www.youtube.com\/embed\/Nc_Yslxpza4?feature=oembed\" frameborder=\"0\" allow=\"accelerometer; autoplay; clipboard-write; encrypted-media; gyroscope; picture-in-picture; web-share\" referrerpolicy=\"strict-origin-when-cross-origin\" allowfullscreen><\/iframe>\n<\/div><figcaption>Retransmiss\u00e3o do programa sobre a Campanha Tem Gente com Fome. <br>Tema: &#8220;Solidariedade Internacional &#8211; Campanha Tem Gente com Fome.&#8221;<\/figcaption><\/figure>\n\n\n<p><strong><span style=\"color:#f80307;\" class=\"has-inline-color\">16\/08\/2021<\/span><\/strong><\/p>\n\n\n<figure class=\"wp-block-embed is-type-video is-provider-youtube wp-block-embed-youtube wp-embed-aspect-16-9 wp-has-aspect-ratio\"><div class=\"wp-block-embed__wrapper\">\n<iframe title=\"Resist\u00eancia Ind\u00edgena: agosto de luta\" width=\"640\" height=\"360\" src=\"https:\/\/www.youtube.com\/embed\/Y2-p0KxnfMk?feature=oembed\" frameborder=\"0\" allow=\"accelerometer; autoplay; clipboard-write; encrypted-media; gyroscope; picture-in-picture; web-share\" referrerpolicy=\"strict-origin-when-cross-origin\" allowfullscreen><\/iframe>\n<\/div><figcaption>Live apresentada por Rose Maloka (Madri). <br>Tema: &#8220;Resist\u00eancia Ind\u00edgena: agosto de luta.&#8221;<\/figcaption><\/figure>\n\n\n<p><strong><span style=\"color:#f80307;\" class=\"has-inline-color\">12\/08\/2021<\/span><\/strong><\/p>\n\n\n<figure class=\"wp-block-embed is-type-video is-provider-youtube wp-block-embed-youtube wp-embed-aspect-16-9 wp-has-aspect-ratio\"><div class=\"wp-block-embed__wrapper\">\n<iframe title=\"Solidariedade Internacional - Campanha Tem Gente com Fome\" width=\"640\" height=\"360\" src=\"https:\/\/www.youtube.com\/embed\/HX7uLjVWZiE?feature=oembed\" frameborder=\"0\" allow=\"accelerometer; autoplay; clipboard-write; encrypted-media; gyroscope; picture-in-picture; web-share\" referrerpolicy=\"strict-origin-when-cross-origin\" allowfullscreen><\/iframe>\n<\/div><figcaption>Live apresentada pelo Coletivo CBPD, Coletivo Frente Preta &#8211; UK, Coletivo Coaliz\u00e3o Negra por Direitos e Fundo Brasil. Tema: &#8220;Campanha Tem Gente com Fome&#8221;.<\/figcaption><\/figure>\n\n\n<p><strong><span style=\"color:#f80307;\" class=\"has-inline-color\">05\/08\/2021<\/span><\/strong><\/p>\n\n\n<figure class=\"wp-block-embed is-type-video is-provider-youtube wp-block-embed-youtube wp-embed-aspect-16-9 wp-has-aspect-ratio\"><div class=\"wp-block-embed__wrapper\">\n<iframe title=\"Eleitor(a) brasileir(a) morando no exterior? O que fazer para votar em 2022?\" width=\"640\" height=\"360\" src=\"https:\/\/www.youtube.com\/embed\/cg-ESrdB1AM?feature=oembed\" frameborder=\"0\" allow=\"accelerometer; autoplay; clipboard-write; encrypted-media; gyroscope; picture-in-picture; web-share\" referrerpolicy=\"strict-origin-when-cross-origin\" allowfullscreen><\/iframe>\n<\/div><figcaption>Boletim da Fibra -Tema: Elei\u00e7\u00f5es e eleitores brasileirxs morando no exterior.<\/figcaption><\/figure>\n\n\n<p><strong><span style=\"color:#f80307;\" class=\"has-inline-color\">28\/07\/2021<\/span><\/strong><\/p>\n\n\n<figure class=\"wp-block-embed is-type-video is-provider-youtube wp-block-embed-youtube wp-embed-aspect-16-9 wp-has-aspect-ratio\"><div class=\"wp-block-embed__wrapper\">\n<iframe title=\"Portugal denuncia Bolsonaro Genocida!\" width=\"640\" height=\"360\" src=\"https:\/\/www.youtube.com\/embed\/hp2rqv0GXoU?feature=oembed\" frameborder=\"0\" allow=\"accelerometer; autoplay; clipboard-write; encrypted-media; gyroscope; picture-in-picture; web-share\" referrerpolicy=\"strict-origin-when-cross-origin\" allowfullscreen><\/iframe>\n<\/div><\/figure>\n\n\n<p><strong><span style=\"color:#f80307;\" class=\"has-inline-color\">25\/07\/2021<\/span><\/strong><\/p>\n\n\n<figure class=\"wp-block-embed is-type-video is-provider-youtube wp-block-embed-youtube wp-embed-aspect-16-9 wp-has-aspect-ratio\"><div class=\"wp-block-embed__wrapper\">\n<iframe title=\"El neofascismo y el &quot;nuevo&quot; racismo\" width=\"640\" height=\"360\" src=\"https:\/\/www.youtube.com\/embed\/_ClsEOVcDqM?feature=oembed\" frameborder=\"0\" allow=\"accelerometer; autoplay; clipboard-write; encrypted-media; gyroscope; picture-in-picture; web-share\" referrerpolicy=\"strict-origin-when-cross-origin\" allowfullscreen><\/iframe>\n<\/div><figcaption>Live promovida pelo Coletivo FIRMES: <br>Tema: &#8220;El neofascismo y el &#8220;nuevo&#8221; racismo&#8221;. <\/figcaption><\/figure>\n\n\n<p><strong><span style=\"color:#f80307;\" class=\"has-inline-color\">24\/07\/2021<\/span><\/strong><\/p>\n\n\n<figure class=\"wp-block-embed is-type-video is-provider-youtube wp-block-embed-youtube wp-embed-aspect-16-9 wp-has-aspect-ratio\"><div class=\"wp-block-embed__wrapper\">\n<iframe title=\"Montreal \u2013  Atos 24JforaBolsonaro pelo Mundo\" width=\"640\" height=\"360\" src=\"https:\/\/www.youtube.com\/embed\/aD3Kx4_BkvQ?feature=oembed\" frameborder=\"0\" allow=\"accelerometer; autoplay; clipboard-write; encrypted-media; gyroscope; picture-in-picture; web-share\" referrerpolicy=\"strict-origin-when-cross-origin\" allowfullscreen><\/iframe>\n<\/div><figcaption>Atos #24J &#8211; Montreal<\/figcaption><\/figure>\n\n\n<p><strong><span style=\"color:#f80307;\" class=\"has-inline-color\">24\/07\/2021<\/span><\/strong><\/p>\n\n\n<figure class=\"wp-block-embed is-type-video is-provider-youtube wp-block-embed-youtube wp-embed-aspect-16-9 wp-has-aspect-ratio\"><div class=\"wp-block-embed__wrapper\">\n<iframe title=\"Los Angeles \u2013 Atos 24JforaBolsonaro pelo Mundo\" width=\"640\" height=\"360\" src=\"https:\/\/www.youtube.com\/embed\/WwbfSSzrU_U?feature=oembed\" frameborder=\"0\" allow=\"accelerometer; autoplay; clipboard-write; encrypted-media; gyroscope; picture-in-picture; web-share\" referrerpolicy=\"strict-origin-when-cross-origin\" allowfullscreen><\/iframe>\n<\/div><figcaption>Atos #24J &#8211; Los Angeles<\/figcaption><\/figure>\n\n\n<p><strong><span style=\"color:#f80307;\" class=\"has-inline-color\">24\/07\/2021<\/span><\/strong><\/p>\n\n\n<figure class=\"wp-block-embed is-type-video is-provider-youtube wp-block-embed-youtube wp-embed-aspect-16-9 wp-has-aspect-ratio\"><div class=\"wp-block-embed__wrapper\">\n<iframe title=\"Ato Londres, Inglaterra, Reino Unido #24JForaBolsonaro\" width=\"640\" height=\"360\" src=\"https:\/\/www.youtube.com\/embed\/r48poKEDdo4?feature=oembed\" frameborder=\"0\" allow=\"accelerometer; autoplay; clipboard-write; encrypted-media; gyroscope; picture-in-picture; web-share\" referrerpolicy=\"strict-origin-when-cross-origin\" allowfullscreen><\/iframe>\n<\/div><figcaption>Atos #24J &#8211; Reino Unido<\/figcaption><\/figure>\n\n\n<p><strong><span style=\"color:#f80307;\" class=\"has-inline-color\">24\/07\/2021<\/span><\/strong><\/p>\n\n\n<figure class=\"wp-block-embed is-type-video is-provider-youtube wp-block-embed-youtube wp-embed-aspect-16-9 wp-has-aspect-ratio\"><div class=\"wp-block-embed__wrapper\">\n<iframe title=\"Bologna \u2013Atos 24JforaBolsonaro pelo Mundo\" width=\"640\" height=\"360\" src=\"https:\/\/www.youtube.com\/embed\/uBR7q2635TQ?feature=oembed\" frameborder=\"0\" allow=\"accelerometer; autoplay; clipboard-write; encrypted-media; gyroscope; picture-in-picture; web-share\" referrerpolicy=\"strict-origin-when-cross-origin\" allowfullscreen><\/iframe>\n<\/div><figcaption>Atos #24J &#8211; Bolonha<\/figcaption><\/figure>\n\n\n<p><strong><span style=\"color:#f80307;\" class=\"has-inline-color\">24\/07\/2021<\/span><\/strong><\/p>\n\n\n<figure class=\"wp-block-embed is-type-video is-provider-youtube wp-block-embed-youtube wp-embed-aspect-16-9 wp-has-aspect-ratio\"><div class=\"wp-block-embed__wrapper\">\n<iframe title=\"Ato Frankfurt, Alemanha #24JForaBolsonaro\" width=\"640\" height=\"360\" src=\"https:\/\/www.youtube.com\/embed\/Wc3cnQzDsHw?feature=oembed\" frameborder=\"0\" allow=\"accelerometer; autoplay; clipboard-write; encrypted-media; gyroscope; picture-in-picture; web-share\" referrerpolicy=\"strict-origin-when-cross-origin\" allowfullscreen><\/iframe>\n<\/div><figcaption>Atos #24J &#8211; Frankfurt<\/figcaption><\/figure>\n\n\n<p><strong><span style=\"color:#f80307;\" class=\"has-inline-color\">24\/07\/2021<\/span><\/strong><\/p>\n\n\n<figure class=\"wp-block-embed is-type-video is-provider-youtube wp-block-embed-youtube wp-embed-aspect-16-9 wp-has-aspect-ratio\"><div class=\"wp-block-embed__wrapper\">\n<iframe title=\"Ato Viena, \u00c1ustria #24JForaBolsonaro\" width=\"640\" height=\"360\" src=\"https:\/\/www.youtube.com\/embed\/lzzd0YcayJg?feature=oembed\" frameborder=\"0\" allow=\"accelerometer; autoplay; clipboard-write; encrypted-media; gyroscope; picture-in-picture; web-share\" referrerpolicy=\"strict-origin-when-cross-origin\" allowfullscreen><\/iframe>\n<\/div><figcaption>Atos #24J &#8211; Viena<\/figcaption><\/figure>\n\n\n<p><strong><span style=\"color:#f80307;\" class=\"has-inline-color\">24\/07\/2021<\/span><\/strong><\/p>\n\n\n<figure class=\"wp-block-embed is-type-video is-provider-youtube wp-block-embed-youtube wp-embed-aspect-16-9 wp-has-aspect-ratio\"><div class=\"wp-block-embed__wrapper\">\n<iframe title=\"Ato Londres, Inglaterra, Reino Unido #24JForaBolsonaro\" width=\"640\" height=\"360\" src=\"https:\/\/www.youtube.com\/embed\/6QTux70Ek6g?feature=oembed\" frameborder=\"0\" allow=\"accelerometer; autoplay; clipboard-write; encrypted-media; gyroscope; picture-in-picture; web-share\" referrerpolicy=\"strict-origin-when-cross-origin\" allowfullscreen><\/iframe>\n<\/div><figcaption>Atos #24J &#8211; Londres<\/figcaption><\/figure>\n\n\n<p><strong><span style=\"color:#f80307;\" class=\"has-inline-color\">24\/07\/2021<\/span><\/strong><\/p>\n\n\n<figure class=\"wp-block-embed is-type-video is-provider-youtube wp-block-embed-youtube wp-embed-aspect-16-9 wp-has-aspect-ratio\"><div class=\"wp-block-embed__wrapper\">\n<iframe title=\"Estocolmo \u2013  Atos 24JforaBolsonaro pelo Mundo\" width=\"640\" height=\"360\" src=\"https:\/\/www.youtube.com\/embed\/0rPMIKpyclI?feature=oembed\" frameborder=\"0\" allow=\"accelerometer; autoplay; clipboard-write; encrypted-media; gyroscope; picture-in-picture; web-share\" referrerpolicy=\"strict-origin-when-cross-origin\" allowfullscreen><\/iframe>\n<\/div><figcaption>Atos #24J &#8211; Estocolmo<\/figcaption><\/figure>\n\n\n<p><strong><span style=\"color:#f80307;\" class=\"has-inline-color\">24\/07\/2021<\/span><\/strong><\/p>\n\n\n<figure class=\"wp-block-embed is-type-video is-provider-youtube wp-block-embed-youtube wp-embed-aspect-16-9 wp-has-aspect-ratio\"><div class=\"wp-block-embed__wrapper\">\n<iframe title=\"Manifesta\u00e7\u00e3o #24J Fora Bolsonaro Bruxelas\" width=\"640\" height=\"360\" src=\"https:\/\/www.youtube.com\/embed\/jvkKa0bf4rE?feature=oembed\" frameborder=\"0\" allow=\"accelerometer; autoplay; clipboard-write; encrypted-media; gyroscope; picture-in-picture; web-share\" referrerpolicy=\"strict-origin-when-cross-origin\" allowfullscreen><\/iframe>\n<\/div><figcaption>Atos #24J &#8211; Bruxelas<\/figcaption><\/figure>\n\n\n<p><strong><span style=\"color:#f80307;\" class=\"has-inline-color\">24\/07\/2021<\/span><\/strong><\/p>\n\n\n<figure class=\"wp-block-embed is-type-video is-provider-youtube wp-block-embed-youtube wp-embed-aspect-16-9 wp-has-aspect-ratio\"><div class=\"wp-block-embed__wrapper\">\n<iframe title=\"Reino Unido \u2013 Londres -13h (hor\u00e1rio local) Parliament Square (est\u00e1tua de Nelson Mandela)\" width=\"640\" height=\"360\" src=\"https:\/\/www.youtube.com\/embed\/JD31Xe1Og6I?feature=oembed\" frameborder=\"0\" allow=\"accelerometer; autoplay; clipboard-write; encrypted-media; gyroscope; picture-in-picture; web-share\" referrerpolicy=\"strict-origin-when-cross-origin\" allowfullscreen><\/iframe>\n<\/div><figcaption>Atos #24J &#8211; Londres 2<\/figcaption><\/figure>\n\n\n<p><strong><span style=\"color:#f80307;\" class=\"has-inline-color\">24\/07\/2021<\/span><\/strong><\/p>\n\n\n<figure class=\"wp-block-embed is-type-video is-provider-youtube wp-block-embed-youtube wp-embed-aspect-16-9 wp-has-aspect-ratio\"><div class=\"wp-block-embed__wrapper\">\n<iframe title=\"Londres \u2013 Embaixada Brasileira \u2013 13h (hor\u00e1rio local) - Atos 24JforaBolsonaro pelo Mundo\" width=\"640\" height=\"360\" src=\"https:\/\/www.youtube.com\/embed\/Ovz1tP7-zTk?feature=oembed\" frameborder=\"0\" allow=\"accelerometer; autoplay; clipboard-write; encrypted-media; gyroscope; picture-in-picture; web-share\" referrerpolicy=\"strict-origin-when-cross-origin\" allowfullscreen><\/iframe>\n<\/div><figcaption>Atos #24J &#8211; Londres 1<\/figcaption><\/figure>\n\n\n<p><strong><span style=\"color:#f80307;\" class=\"has-inline-color\">24\/07\/2021<\/span><\/strong><\/p>\n\n\n<figure class=\"wp-block-embed is-type-video is-provider-youtube wp-block-embed-youtube wp-embed-aspect-16-9 wp-has-aspect-ratio\"><div class=\"wp-block-embed__wrapper\">\n<iframe title=\"Viena - Atos 24JforaBolsonaro pelo Mundo\" width=\"640\" height=\"360\" src=\"https:\/\/www.youtube.com\/embed\/RJqd2gLJqWA?feature=oembed\" frameborder=\"0\" allow=\"accelerometer; autoplay; clipboard-write; encrypted-media; gyroscope; picture-in-picture; web-share\" referrerpolicy=\"strict-origin-when-cross-origin\" allowfullscreen><\/iframe>\n<\/div><figcaption>Atos #24J &#8211; Viena<\/figcaption><\/figure>\n\n\n<p><strong><span style=\"color:#f80307;\" class=\"has-inline-color\">24\/07\/2021<\/span><\/strong><\/p>\n\n\n<figure class=\"wp-block-embed is-type-video is-provider-youtube wp-block-embed-youtube wp-embed-aspect-16-9 wp-has-aspect-ratio\"><div class=\"wp-block-embed__wrapper\">\n<iframe title=\"Lisboa \u2013 Pra\u00e7a Lu\u00eds de Cam\u00f5es - Atos 24JforaBolsonaro pelo Mundo\" width=\"640\" height=\"360\" src=\"https:\/\/www.youtube.com\/embed\/68cfay9P1IM?feature=oembed\" frameborder=\"0\" allow=\"accelerometer; autoplay; clipboard-write; encrypted-media; gyroscope; picture-in-picture; web-share\" referrerpolicy=\"strict-origin-when-cross-origin\" allowfullscreen><\/iframe>\n<\/div><figcaption>Atos #24J &#8211; Lisboa<\/figcaption><\/figure>\n\n\n<p><strong><span style=\"color:#f80307;\" class=\"has-inline-color\">24\/07\/2021<\/span><\/strong><\/p>\n\n\n<figure class=\"wp-block-embed is-type-video is-provider-youtube wp-block-embed-youtube wp-embed-aspect-16-9 wp-has-aspect-ratio\"><div class=\"wp-block-embed__wrapper\">\n<iframe title=\"Hamburgo - Atos 24JforaBolsonaro pelo Mundo\" width=\"640\" height=\"360\" src=\"https:\/\/www.youtube.com\/embed\/OdxQLEPx9U8?feature=oembed\" frameborder=\"0\" allow=\"accelerometer; autoplay; clipboard-write; encrypted-media; gyroscope; picture-in-picture; web-share\" referrerpolicy=\"strict-origin-when-cross-origin\" allowfullscreen><\/iframe>\n<\/div><figcaption>Atos #24J &#8211; Hamburgo<\/figcaption><\/figure>\n\n\n<p><strong><span style=\"color:#f80307;\" class=\"has-inline-color\">24\/07\/2021<\/span><\/strong><\/p>\n\n\n<figure class=\"wp-block-embed is-type-video is-provider-youtube wp-block-embed-youtube wp-embed-aspect-16-9 wp-has-aspect-ratio\"><div class=\"wp-block-embed__wrapper\">\n<iframe title=\"Dublin - Atos 24JforaBolsonaro pelo Mundo\" width=\"640\" height=\"360\" src=\"https:\/\/www.youtube.com\/embed\/GB829SGTSZA?feature=oembed\" frameborder=\"0\" allow=\"accelerometer; autoplay; clipboard-write; encrypted-media; gyroscope; picture-in-picture; web-share\" referrerpolicy=\"strict-origin-when-cross-origin\" allowfullscreen><\/iframe>\n<\/div><figcaption>Atos #24J &#8211; Dublin<\/figcaption><\/figure>\n\n\n<p><strong><span style=\"color:#f80307;\" class=\"has-inline-color\">24\/07\/2021<\/span><\/strong><\/p>\n\n\n<figure class=\"wp-block-embed is-type-video is-provider-youtube wp-block-embed-youtube wp-embed-aspect-16-9 wp-has-aspect-ratio\"><div class=\"wp-block-embed__wrapper\">\n<iframe title=\"Haia \u2013  Atos 24JforaBolsonaro pelo Mundo\" width=\"640\" height=\"360\" src=\"https:\/\/www.youtube.com\/embed\/DQJlJlZ--0M?feature=oembed\" frameborder=\"0\" allow=\"accelerometer; autoplay; clipboard-write; encrypted-media; gyroscope; picture-in-picture; web-share\" referrerpolicy=\"strict-origin-when-cross-origin\" allowfullscreen><\/iframe>\n<\/div><figcaption>Atos #24J &#8211; Haia<\/figcaption><\/figure>\n\n\n<p><strong><span style=\"color:#f80307;\" class=\"has-inline-color\">24\/07\/2021<\/span><\/strong><\/p>\n\n\n<figure class=\"wp-block-embed is-type-video is-provider-youtube wp-block-embed-youtube wp-embed-aspect-16-9 wp-has-aspect-ratio\"><div class=\"wp-block-embed__wrapper\">\n<iframe title=\"Barcelona - Atos 24JforaBolsonaro pelo Mundo\" width=\"640\" height=\"360\" src=\"https:\/\/www.youtube.com\/embed\/WVBqw_PmZ_8?feature=oembed\" frameborder=\"0\" allow=\"accelerometer; autoplay; clipboard-write; encrypted-media; gyroscope; picture-in-picture; web-share\" referrerpolicy=\"strict-origin-when-cross-origin\" allowfullscreen><\/iframe>\n<\/div><figcaption>Atos #24J &#8211; Barcelona<\/figcaption><\/figure>\n\n\n<p><strong><span style=\"color:#f80307;\" class=\"has-inline-color\">24\/07\/2021<\/span><\/strong><\/p>\n\n\n<figure class=\"wp-block-embed is-type-video is-provider-youtube wp-block-embed-youtube wp-embed-aspect-16-9 wp-has-aspect-ratio\"><div class=\"wp-block-embed__wrapper\">\n<iframe title=\"Montreal \u2013  Atos 24JforaBolsonaro pelo Mundo\" width=\"640\" height=\"360\" src=\"https:\/\/www.youtube.com\/embed\/aD3Kx4_BkvQ?feature=oembed\" frameborder=\"0\" allow=\"accelerometer; autoplay; clipboard-write; encrypted-media; gyroscope; picture-in-picture; web-share\" referrerpolicy=\"strict-origin-when-cross-origin\" allowfullscreen><\/iframe>\n<\/div><figcaption>Atos #24J &#8211; Montreal<\/figcaption><\/figure>\n\n\n<p><strong><span style=\"color:#f80307;\" class=\"has-inline-color\">24\/07\/2021<\/span><\/strong><\/p>\n\n\n<figure class=\"wp-block-embed is-type-video is-provider-youtube wp-block-embed-youtube wp-embed-aspect-16-9 wp-has-aspect-ratio\"><div class=\"wp-block-embed__wrapper\">\n<iframe title=\"Querido Bolson... N\u00e3o! Bolsonaro genocida...\" width=\"640\" height=\"360\" src=\"https:\/\/www.youtube.com\/embed\/6BH_TeJYzdY?feature=oembed\" frameborder=\"0\" allow=\"accelerometer; autoplay; clipboard-write; encrypted-media; gyroscope; picture-in-picture; web-share\" referrerpolicy=\"strict-origin-when-cross-origin\" allowfullscreen><\/iframe>\n<\/div><figcaption>Atos #24J &#8211; Washington DC<\/figcaption><\/figure>\n\n\n<p><strong><span style=\"color:#f80307;\" class=\"has-inline-color\">22\/07\/2021<\/span><\/strong><\/p>\n\n\n<figure class=\"wp-block-embed is-type-video is-provider-youtube wp-block-embed-youtube wp-embed-aspect-16-9 wp-has-aspect-ratio\"><div class=\"wp-block-embed__wrapper\">\n<iframe title=\"Boletim da FIBRA - edi\u00e7\u00e3o 22 de julho de 2021\" width=\"640\" height=\"360\" src=\"https:\/\/www.youtube.com\/embed\/9rjlo7x0G7A?feature=oembed\" frameborder=\"0\" allow=\"accelerometer; autoplay; clipboard-write; encrypted-media; gyroscope; picture-in-picture; web-share\" referrerpolicy=\"strict-origin-when-cross-origin\" allowfullscreen><\/iframe>\n<\/div><figcaption>Boletim apresentado por Fl\u00e1vio Carvalho.<\/figcaption><\/figure>\n\n\n<p><strong><span style=\"color:#f80307;\" class=\"has-inline-color\">03\/07\/2021<\/span><\/strong><\/p>\n\n\n<figure class=\"wp-block-embed is-type-video is-provider-youtube wp-block-embed-youtube wp-embed-aspect-16-9 wp-has-aspect-ratio\"><div class=\"wp-block-embed__wrapper\">\n<iframe title=\"Atos #3J - FIBRA na TV Cultura\" width=\"640\" height=\"360\" src=\"https:\/\/www.youtube.com\/embed\/lEsND-V0dis?feature=oembed\" frameborder=\"0\" allow=\"accelerometer; autoplay; clipboard-write; encrypted-media; gyroscope; picture-in-picture; web-share\" referrerpolicy=\"strict-origin-when-cross-origin\" allowfullscreen><\/iframe>\n<\/div><figcaption>Atos #3J &#8211; Cobertura no Jornal da Cultura<\/figcaption><\/figure>\n\n\n<p><strong><span style=\"color:#f80307;\" class=\"has-inline-color\">03\/07\/2021<\/span><\/strong><\/p>\n\n\n<figure class=\"wp-block-embed is-type-video is-provider-youtube wp-block-embed-youtube wp-embed-aspect-4-3 wp-has-aspect-ratio\"><div class=\"wp-block-embed__wrapper\">\n<iframe title=\"Atos #3J - FIBRA nas ruas do Mundo\/ Londres-UK\" width=\"640\" height=\"480\" src=\"https:\/\/www.youtube.com\/embed\/j2h6c050mXM?feature=oembed\" frameborder=\"0\" allow=\"accelerometer; autoplay; clipboard-write; encrypted-media; gyroscope; picture-in-picture; web-share\" referrerpolicy=\"strict-origin-when-cross-origin\" allowfullscreen><\/iframe>\n<\/div><figcaption>Atos #3J &#8211; Londres\/UK<\/figcaption><\/figure>\n\n\n<p><strong><span style=\"color:#f80307;\" class=\"has-inline-color\">03\/07\/2021<\/span><\/strong><\/p>\n\n\n<figure class=\"wp-block-embed is-type-video is-provider-youtube wp-block-embed-youtube wp-embed-aspect-16-9 wp-has-aspect-ratio\"><div class=\"wp-block-embed__wrapper\">\n<iframe title=\"Barcelona - #3JForaBolsonaro no exterior\" width=\"640\" height=\"360\" src=\"https:\/\/www.youtube.com\/embed\/W1b3QDZ7Mqw?feature=oembed\" frameborder=\"0\" allow=\"accelerometer; autoplay; clipboard-write; encrypted-media; gyroscope; picture-in-picture; web-share\" referrerpolicy=\"strict-origin-when-cross-origin\" allowfullscreen><\/iframe>\n<\/div><figcaption>Atos #3J &#8211; Barcelona\/Espanha<\/figcaption><\/figure>\n\n\n<p><strong><span style=\"color:#f80307;\" class=\"has-inline-color\">03\/07\/2021<\/span><\/strong><\/p>\n\n\n<figure class=\"wp-block-embed is-type-video is-provider-youtube wp-block-embed-youtube wp-embed-aspect-16-9 wp-has-aspect-ratio\"><div class=\"wp-block-embed__wrapper\">\n<iframe title=\"Ato Aracaj\u00fa, Sergipe, Brasil #3JForaBolsonaro\" width=\"640\" height=\"360\" src=\"https:\/\/www.youtube.com\/embed\/x5CpmHXce7k?feature=oembed\" frameborder=\"0\" allow=\"accelerometer; autoplay; clipboard-write; encrypted-media; gyroscope; picture-in-picture; web-share\" referrerpolicy=\"strict-origin-when-cross-origin\" allowfullscreen><\/iframe>\n<\/div><figcaption>Atos #3J &#8211; Aracaju\/SE-BR<\/figcaption><\/figure>\n\n\n<p><strong><span style=\"color:#f80307;\" class=\"has-inline-color\">03\/07\/2021<\/span><\/strong><\/p>\n\n\n<figure class=\"wp-block-embed is-type-video is-provider-youtube wp-block-embed-youtube wp-embed-aspect-16-9 wp-has-aspect-ratio\"><div class=\"wp-block-embed__wrapper\">\n<iframe title=\"Ato Porto Alegre (POA), Rio Grande do Sul, Brasil #3JForaBolsonaro\" width=\"640\" height=\"360\" src=\"https:\/\/www.youtube.com\/embed\/gkTpNFnbp0c?feature=oembed\" frameborder=\"0\" allow=\"accelerometer; autoplay; clipboard-write; encrypted-media; gyroscope; picture-in-picture; web-share\" referrerpolicy=\"strict-origin-when-cross-origin\" allowfullscreen><\/iframe>\n<\/div><figcaption>Atos #3J &#8211; Porto Alegre\/RS-BR<\/figcaption><\/figure>\n\n\n<p><strong><span style=\"color:#f80307;\" class=\"has-inline-color\">03\/07\/2021<\/span><\/strong><\/p>\n\n\n<figure class=\"wp-block-embed is-type-video is-provider-youtube wp-block-embed-youtube wp-embed-aspect-16-9 wp-has-aspect-ratio\"><div class=\"wp-block-embed__wrapper\">\n<iframe title=\"S\u00e3o Luis - Maranh\u00e3o - DRONE #3JForaBolsonaro\" width=\"640\" height=\"360\" src=\"https:\/\/www.youtube.com\/embed\/HrdEg_IOVv4?feature=oembed\" frameborder=\"0\" allow=\"accelerometer; autoplay; clipboard-write; encrypted-media; gyroscope; picture-in-picture; web-share\" referrerpolicy=\"strict-origin-when-cross-origin\" allowfullscreen><\/iframe>\n<\/div><figcaption>Atos #3J &#8211; S\u00e3o Luis\/MA-BR<\/figcaption><\/figure>\n\n\n<p><strong><span style=\"color:#f80307;\" class=\"has-inline-color\">03\/07\/2021<\/span><\/strong><\/p>\n\n\n<figure class=\"wp-block-embed is-type-video is-provider-youtube wp-block-embed-youtube wp-embed-aspect-16-9 wp-has-aspect-ratio\"><div class=\"wp-block-embed__wrapper\">\n<iframe title=\"Em Quebec pelo #3JForaBolsonaro\" width=\"640\" height=\"360\" src=\"https:\/\/www.youtube.com\/embed\/IfD9LVcwA9E?feature=oembed\" frameborder=\"0\" allow=\"accelerometer; autoplay; clipboard-write; encrypted-media; gyroscope; picture-in-picture; web-share\" referrerpolicy=\"strict-origin-when-cross-origin\" allowfullscreen><\/iframe>\n<\/div><figcaption>Atos #3J &#8211; Quebec\/Canad\u00e1<\/figcaption><\/figure>\n\n\n<p><strong><span style=\"color:#f80307;\" class=\"has-inline-color\">03\/07\/2021<\/span><\/strong><\/p>\n\n\n<figure class=\"wp-block-embed is-type-video is-provider-youtube wp-block-embed-youtube wp-embed-aspect-16-9 wp-has-aspect-ratio\"><div class=\"wp-block-embed__wrapper\">\n<iframe title=\"\ud83d\udce2#3JForaBolsonaro - Boston\" width=\"640\" height=\"360\" src=\"https:\/\/www.youtube.com\/embed\/7xVdvyw76AA?feature=oembed\" frameborder=\"0\" allow=\"accelerometer; autoplay; clipboard-write; encrypted-media; gyroscope; picture-in-picture; web-share\" referrerpolicy=\"strict-origin-when-cross-origin\" allowfullscreen><\/iframe>\n<\/div><figcaption>Atos #3J &#8211; Boston\/EUA<\/figcaption><\/figure>\n\n\n<p><strong><span style=\"color:#f80307;\" class=\"has-inline-color\">03\/07\/2021<\/span><\/strong><\/p>\n\n\n<figure class=\"wp-block-embed is-type-video is-provider-youtube wp-block-embed-youtube wp-embed-aspect-16-9 wp-has-aspect-ratio\"><div class=\"wp-block-embed__wrapper\">\n<iframe title=\"Lisboa, Portugal #3JForaBolsonaro\" width=\"640\" height=\"360\" src=\"https:\/\/www.youtube.com\/embed\/dwb89kC1JAM?feature=oembed\" frameborder=\"0\" allow=\"accelerometer; autoplay; clipboard-write; encrypted-media; gyroscope; picture-in-picture; web-share\" referrerpolicy=\"strict-origin-when-cross-origin\" allowfullscreen><\/iframe>\n<\/div><figcaption>Atos #3J &#8211; Lisboa\/Portugal<\/figcaption><\/figure>\n\n\n<p><strong><span style=\"color:#f80307;\" class=\"has-inline-color\">03\/07\/2021<\/span><\/strong><\/p>\n\n\n<figure class=\"wp-block-embed is-type-video is-provider-youtube wp-block-embed-youtube wp-embed-aspect-16-9 wp-has-aspect-ratio\"><div class=\"wp-block-embed__wrapper\">\n<iframe title=\"Santos - S\u00e3o Paulo - DRONE #3JForaBolsonaro\" width=\"640\" height=\"360\" src=\"https:\/\/www.youtube.com\/embed\/RVfK1lgPGtE?feature=oembed\" frameborder=\"0\" allow=\"accelerometer; autoplay; clipboard-write; encrypted-media; gyroscope; picture-in-picture; web-share\" referrerpolicy=\"strict-origin-when-cross-origin\" allowfullscreen><\/iframe>\n<\/div><figcaption>Atos #3J &#8211; Santos\/SP-BR<\/figcaption><\/figure>\n\n\n<p><strong><span style=\"color:#f80307;\" class=\"has-inline-color\">03\/07\/2021<\/span><\/strong><\/p>\n\n\n<figure class=\"wp-block-embed is-type-video is-provider-youtube wp-block-embed-youtube wp-embed-aspect-16-9 wp-has-aspect-ratio\"><div class=\"wp-block-embed__wrapper\">\n<iframe title=\"Toronto pelo #3JForaBolsonaro\" width=\"640\" height=\"360\" src=\"https:\/\/www.youtube.com\/embed\/4OptZUWfrb4?feature=oembed\" frameborder=\"0\" allow=\"accelerometer; autoplay; clipboard-write; encrypted-media; gyroscope; picture-in-picture; web-share\" referrerpolicy=\"strict-origin-when-cross-origin\" allowfullscreen><\/iframe>\n<\/div><figcaption>Atos #3J &#8211; Toronto\/Canad\u00e1<\/figcaption><\/figure>\n\n\n<p><strong><span style=\"color:#f80307;\" class=\"has-inline-color\">03\/07\/2021<\/span><\/strong><\/p>\n\n\n<figure class=\"wp-block-embed is-type-video is-provider-youtube wp-block-embed-youtube wp-embed-aspect-16-9 wp-has-aspect-ratio\"><div class=\"wp-block-embed__wrapper\">\n<iframe title=\"Recife - Pernambuco - Brasil #3JForaBolsonaro\" width=\"640\" height=\"360\" src=\"https:\/\/www.youtube.com\/embed\/v3xYXpYPfE8?feature=oembed\" frameborder=\"0\" allow=\"accelerometer; autoplay; clipboard-write; encrypted-media; gyroscope; picture-in-picture; web-share\" referrerpolicy=\"strict-origin-when-cross-origin\" allowfullscreen><\/iframe>\n<\/div><figcaption>Atos #3J &#8211; Recife\/PE-BR<\/figcaption><\/figure>\n\n\n<p><strong><span style=\"color:#f80307;\" class=\"has-inline-color\">03\/07\/2021<\/span><\/strong><\/p>\n\n\n<figure class=\"wp-block-embed is-type-video is-provider-youtube wp-block-embed-youtube wp-embed-aspect-16-9 wp-has-aspect-ratio\"><div class=\"wp-block-embed__wrapper\">\n<iframe title=\"S\u00e3o Paulo - SP - DRONE #3JForaBolsonaro\" width=\"640\" height=\"360\" src=\"https:\/\/www.youtube.com\/embed\/hc3YsxIaXDM?feature=oembed\" frameborder=\"0\" allow=\"accelerometer; autoplay; clipboard-write; encrypted-media; gyroscope; picture-in-picture; web-share\" referrerpolicy=\"strict-origin-when-cross-origin\" allowfullscreen><\/iframe>\n<\/div><figcaption>Atos #3J &#8211; S\u00e3o Paulo\/SP-BR<\/figcaption><\/figure>\n\n\n<p><strong><span style=\"color:#f80307;\" class=\"has-inline-color\">03\/07\/2021<\/span><\/strong><\/p>\n\n\n<figure class=\"wp-block-embed is-type-video is-provider-youtube wp-block-embed-youtube wp-embed-aspect-16-9 wp-has-aspect-ratio\"><div class=\"wp-block-embed__wrapper\">\n<iframe title=\"Bruxelas pelo #3JForaBolsonaro - FORA GENOCIDA\" width=\"640\" height=\"360\" src=\"https:\/\/www.youtube.com\/embed\/O0EEgw1dRi8?feature=oembed\" frameborder=\"0\" allow=\"accelerometer; autoplay; clipboard-write; encrypted-media; gyroscope; picture-in-picture; web-share\" referrerpolicy=\"strict-origin-when-cross-origin\" allowfullscreen><\/iframe>\n<\/div><figcaption>Atos #3J &#8211; Bruxelas\/BR<\/figcaption><\/figure>\n\n\n<p><strong><span style=\"color:#f80307;\" class=\"has-inline-color\">03\/07\/2021<\/span><\/strong><\/p>\n\n\n<figure class=\"wp-block-embed is-type-video is-provider-youtube wp-block-embed-youtube wp-embed-aspect-16-9 wp-has-aspect-ratio\"><div class=\"wp-block-embed__wrapper\">\n<iframe title=\"Governador Valadares - Minas Gerais - Brasil #3JForaBolsonaro\" width=\"640\" height=\"360\" src=\"https:\/\/www.youtube.com\/embed\/UPh_6qkcPyQ?feature=oembed\" frameborder=\"0\" allow=\"accelerometer; autoplay; clipboard-write; encrypted-media; gyroscope; picture-in-picture; web-share\" referrerpolicy=\"strict-origin-when-cross-origin\" allowfullscreen><\/iframe>\n<\/div><figcaption>Atos #3J &#8211; Gov.Valadares\/MG-BR<\/figcaption><\/figure>\n\n\n<p><strong><span style=\"color:#f80307;\" class=\"has-inline-color\">03\/07\/2021<\/span><\/strong><\/p>\n\n\n<figure class=\"wp-block-embed is-type-video is-provider-youtube wp-block-embed-youtube wp-embed-aspect-16-9 wp-has-aspect-ratio\"><div class=\"wp-block-embed__wrapper\">\n<iframe title=\"Campos dos Goytacazes - Minas Gerais - Brasil #3JForaBolsonaro\" width=\"640\" height=\"360\" src=\"https:\/\/www.youtube.com\/embed\/fClkt-g_zQc?feature=oembed\" frameborder=\"0\" allow=\"accelerometer; autoplay; clipboard-write; encrypted-media; gyroscope; picture-in-picture; web-share\" referrerpolicy=\"strict-origin-when-cross-origin\" allowfullscreen><\/iframe>\n<\/div><figcaption>Atos #3J &#8211; Campos dos Goytacazes\/RJ-BR<\/figcaption><\/figure>\n\n\n<p><strong><span style=\"color:#f80307;\" class=\"has-inline-color\">03\/07\/2021<\/span><\/strong><\/p>\n\n\n<figure class=\"wp-block-embed is-type-video is-provider-youtube wp-block-embed-youtube wp-embed-aspect-16-9 wp-has-aspect-ratio\"><div class=\"wp-block-embed__wrapper\">\n<iframe title=\"Ato Vancouver, Canad\u00e1 #3JForaBolsonaro\" width=\"640\" height=\"360\" src=\"https:\/\/www.youtube.com\/embed\/ZRALPBS2Eu4?feature=oembed\" frameborder=\"0\" allow=\"accelerometer; autoplay; clipboard-write; encrypted-media; gyroscope; picture-in-picture; web-share\" referrerpolicy=\"strict-origin-when-cross-origin\" allowfullscreen><\/iframe>\n<\/div><figcaption>Atos #3J &#8211; Vancouver\/Canad\u00e1<\/figcaption><\/figure>\n\n\n<p><strong><span style=\"color:#f80307;\" class=\"has-inline-color\">03\/07\/2021<\/span><\/strong><\/p>\n\n\n<figure class=\"wp-block-embed is-type-video is-provider-youtube wp-block-embed-youtube wp-embed-aspect-16-9 wp-has-aspect-ratio\"><div class=\"wp-block-embed__wrapper\">\n<iframe title=\"Vancouver pelo #3JForaBolsonaro - FORA GENOCIDA\" width=\"640\" height=\"360\" src=\"https:\/\/www.youtube.com\/embed\/qYJ1ifm58ac?feature=oembed\" frameborder=\"0\" allow=\"accelerometer; autoplay; clipboard-write; encrypted-media; gyroscope; picture-in-picture; web-share\" referrerpolicy=\"strict-origin-when-cross-origin\" allowfullscreen><\/iframe>\n<\/div><figcaption>Atos #3J &#8211; Vancouver\/Canad\u00e1<\/figcaption><\/figure>\n\n\n<p><strong><span style=\"color:#f80307;\" class=\"has-inline-color\">03\/07\/2021<\/span><\/strong><\/p>\n\n\n<figure class=\"wp-block-embed is-type-video is-provider-youtube wp-block-embed-youtube wp-embed-aspect-16-9 wp-has-aspect-ratio\"><div class=\"wp-block-embed__wrapper\">\n<iframe title=\"Ato em Resende, Rio de Janeiro, Brasil  #3JForaBolsonaro\" width=\"640\" height=\"360\" src=\"https:\/\/www.youtube.com\/embed\/GcFoBw9cWqc?feature=oembed\" frameborder=\"0\" allow=\"accelerometer; autoplay; clipboard-write; encrypted-media; gyroscope; picture-in-picture; web-share\" referrerpolicy=\"strict-origin-when-cross-origin\" allowfullscreen><\/iframe>\n<\/div><figcaption>Atos #3J &#8211; Resende\/ RJ-BR<\/figcaption><\/figure>\n\n\n<p><strong><span style=\"color:#f80307;\" class=\"has-inline-color\">03\/07\/2021<\/span><\/strong><\/p>\n\n\n<figure class=\"wp-block-embed is-type-video is-provider-youtube wp-block-embed-youtube wp-embed-aspect-16-9 wp-has-aspect-ratio\"><div class=\"wp-block-embed__wrapper\">\n<iframe title=\"Juiz de Fora - Minas Gerais - Brasil #3JForaBolsonaro\" width=\"640\" height=\"360\" src=\"https:\/\/www.youtube.com\/embed\/MUzflcf3f_U?feature=oembed\" frameborder=\"0\" allow=\"accelerometer; autoplay; clipboard-write; encrypted-media; gyroscope; picture-in-picture; web-share\" referrerpolicy=\"strict-origin-when-cross-origin\" allowfullscreen><\/iframe>\n<\/div><figcaption>Atos #3J &#8211; Juiz de Fora\/MG-BR<\/figcaption><\/figure>\n\n\n<p><strong><span style=\"color:#f80307;\" class=\"has-inline-color\">03\/07\/2021<\/span><\/strong><\/p>\n\n\n<figure class=\"wp-block-embed is-type-video is-provider-youtube wp-block-embed-youtube wp-embed-aspect-16-9 wp-has-aspect-ratio\"><div class=\"wp-block-embed__wrapper\">\n<iframe title=\"Ato Ponto Novo, Bahia, Brasil #3JForaBolsonaro\" width=\"640\" height=\"360\" src=\"https:\/\/www.youtube.com\/embed\/Ye8kOuUDxEs?feature=oembed\" frameborder=\"0\" allow=\"accelerometer; autoplay; clipboard-write; encrypted-media; gyroscope; picture-in-picture; web-share\" referrerpolicy=\"strict-origin-when-cross-origin\" allowfullscreen><\/iframe>\n<\/div><figcaption>Atos #3J &#8211; Ponto Novo\/ BA-BR<\/figcaption><\/figure>\n\n\n<p><strong><span style=\"color:#f80307;\" class=\"has-inline-color\">03\/07\/2021<\/span><\/strong><\/p>\n\n\n<figure class=\"wp-block-embed is-type-video is-provider-youtube wp-block-embed-youtube wp-embed-aspect-16-9 wp-has-aspect-ratio\"><div class=\"wp-block-embed__wrapper\">\n<iframe title=\"Ato Munique, Alemanha #3JForaBolsonaro\" width=\"640\" height=\"360\" src=\"https:\/\/www.youtube.com\/embed\/vx3XubluSWE?feature=oembed\" frameborder=\"0\" allow=\"accelerometer; autoplay; clipboard-write; encrypted-media; gyroscope; picture-in-picture; web-share\" referrerpolicy=\"strict-origin-when-cross-origin\" allowfullscreen><\/iframe>\n<\/div><figcaption>Atos #3J &#8211; Munique\/Alemanha<\/figcaption><\/figure>\n\n\n<p><strong><span style=\"color:#f80307;\" class=\"has-inline-color\">03\/07\/2021<\/span><\/strong><\/p>\n\n\n<figure class=\"wp-block-embed is-type-video is-provider-youtube wp-block-embed-youtube wp-embed-aspect-16-9 wp-has-aspect-ratio\"><div class=\"wp-block-embed__wrapper\">\n<iframe title=\"Ato Santa Cruz Cabr\u00e1lia - Bahia \/ Brasil #3JForaBolsonaro\" width=\"640\" height=\"360\" src=\"https:\/\/www.youtube.com\/embed\/LnXthb5O1H8?feature=oembed\" frameborder=\"0\" allow=\"accelerometer; autoplay; clipboard-write; encrypted-media; gyroscope; picture-in-picture; web-share\" referrerpolicy=\"strict-origin-when-cross-origin\" allowfullscreen><\/iframe>\n<\/div><figcaption>Atos #3J &#8211; Sta.Cruz de Cabr\u00e1lia\/ BA-BR<\/figcaption><\/figure>\n\n\n<p><strong><span style=\"color:#f80307;\" class=\"has-inline-color\">03\/07\/2021<\/span><\/strong><\/p>\n\n\n<figure class=\"wp-block-embed is-type-video is-provider-youtube wp-block-embed-youtube wp-embed-aspect-16-9 wp-has-aspect-ratio\"><div class=\"wp-block-embed__wrapper\">\n<iframe title=\"Ato Straf de Guaraciaba do Norte, CE - Brasil #3JForaBolsonaro\" width=\"640\" height=\"360\" src=\"https:\/\/www.youtube.com\/embed\/UAypySiqhjg?feature=oembed\" frameborder=\"0\" allow=\"accelerometer; autoplay; clipboard-write; encrypted-media; gyroscope; picture-in-picture; web-share\" referrerpolicy=\"strict-origin-when-cross-origin\" allowfullscreen><\/iframe>\n<\/div><figcaption>Atos #3J &#8211; Guaraciaba do Norte\/CE-BR<\/figcaption><\/figure>\n\n\n<p><strong><span style=\"color:#f80307;\" class=\"has-inline-color\">03\/07\/2021<\/span><\/strong><\/p>\n\n\n<figure class=\"wp-block-embed is-type-video is-provider-youtube wp-block-embed-youtube wp-embed-aspect-16-9 wp-has-aspect-ratio\"><div class=\"wp-block-embed__wrapper\">\n<iframe title=\"Coimbra pelo #3JForaBolsonaro - cr\u00e9dito Luiza Abi Saab\" width=\"640\" height=\"360\" src=\"https:\/\/www.youtube.com\/embed\/IQqytWgarKY?feature=oembed\" frameborder=\"0\" allow=\"accelerometer; autoplay; clipboard-write; encrypted-media; gyroscope; picture-in-picture; web-share\" referrerpolicy=\"strict-origin-when-cross-origin\" allowfullscreen><\/iframe>\n<\/div><figcaption>Atos #3J &#8211; Coimbra\/Portugal<\/figcaption><\/figure>\n\n\n<p><strong><span style=\"color:#f80307;\" class=\"has-inline-color\">03\/07\/2021<\/span><\/strong><\/p>\n\n\n<figure class=\"wp-block-embed is-type-video is-provider-youtube wp-block-embed-youtube wp-embed-aspect-16-9 wp-has-aspect-ratio\"><div class=\"wp-block-embed__wrapper\">\n<iframe title=\"Ato Frankfurt - Alemanha - #3JForaBolsonaro\" width=\"640\" height=\"360\" src=\"https:\/\/www.youtube.com\/embed\/3jo9yRn0gMA?feature=oembed\" frameborder=\"0\" allow=\"accelerometer; autoplay; clipboard-write; encrypted-media; gyroscope; picture-in-picture; web-share\" referrerpolicy=\"strict-origin-when-cross-origin\" allowfullscreen><\/iframe>\n<\/div><figcaption>Atos #3J &#8211; Frankfurt\/Alemanha<\/figcaption><\/figure>\n\n\n<p><strong><span style=\"color:#f80307;\" class=\"has-inline-color\">03\/07\/2021<\/span><\/strong><\/p>\n\n\n<figure class=\"wp-block-embed is-type-video is-provider-youtube wp-block-embed-youtube wp-embed-aspect-16-9 wp-has-aspect-ratio\"><div class=\"wp-block-embed__wrapper\">\n<iframe title=\"Ato Londres, Inglaterra, Reino Unido #3JForaBolsonaro\" width=\"640\" height=\"360\" src=\"https:\/\/www.youtube.com\/embed\/pCE38h0gaZ4?feature=oembed\" frameborder=\"0\" allow=\"accelerometer; autoplay; clipboard-write; encrypted-media; gyroscope; picture-in-picture; web-share\" referrerpolicy=\"strict-origin-when-cross-origin\" allowfullscreen><\/iframe>\n<\/div><figcaption>Atos #3J &#8211; Londres\/UK<\/figcaption><\/figure>\n\n\n<p><strong><span style=\"color:#f80307;\" class=\"has-inline-color\">03\/07\/2021<\/span><\/strong><\/p>\n\n\n<figure class=\"wp-block-embed is-type-video is-provider-youtube wp-block-embed-youtube wp-embed-aspect-16-9 wp-has-aspect-ratio\"><div class=\"wp-block-embed__wrapper\">\n<iframe title=\"Ato Florian\u00f3polis \/ SC - Brasil - #3JForaBolsonaro\" width=\"640\" height=\"360\" src=\"https:\/\/www.youtube.com\/embed\/mOxtgb61lkw?feature=oembed\" frameborder=\"0\" allow=\"accelerometer; autoplay; clipboard-write; encrypted-media; gyroscope; picture-in-picture; web-share\" referrerpolicy=\"strict-origin-when-cross-origin\" allowfullscreen><\/iframe>\n<\/div><figcaption>Atos #3J &#8211; Floripa\/ES-BR<\/figcaption><\/figure>\n\n\n<p><strong><span style=\"color:#f80307;\" class=\"has-inline-color\">03\/07\/2021<\/span><\/strong><\/p>\n\n\n<figure class=\"wp-block-embed is-type-video is-provider-youtube wp-block-embed-youtube wp-embed-aspect-16-9 wp-has-aspect-ratio\"><div class=\"wp-block-embed__wrapper\">\n<iframe title=\"Amsterdam - #3JForaBolsonaro no exterior\" width=\"640\" height=\"360\" src=\"https:\/\/www.youtube.com\/embed\/EJl55irdds4?feature=oembed\" frameborder=\"0\" allow=\"accelerometer; autoplay; clipboard-write; encrypted-media; gyroscope; picture-in-picture; web-share\" referrerpolicy=\"strict-origin-when-cross-origin\" allowfullscreen><\/iframe>\n<\/div><figcaption>Atos #3J &#8211; Amsterd\u00e3\/Holanda<\/figcaption><\/figure>\n\n\n<p><strong><span style=\"color:#f80307;\" class=\"has-inline-color\">03\/07\/2021<\/span><\/strong><\/p>\n\n\n<figure class=\"wp-block-embed is-type-video is-provider-youtube wp-block-embed-youtube wp-embed-aspect-16-9 wp-has-aspect-ratio\"><div class=\"wp-block-embed__wrapper\">\n<iframe title=\"Ato Viena, \u00c1ustria #3JForaBolsonaro\" width=\"640\" height=\"360\" src=\"https:\/\/www.youtube.com\/embed\/iKlLwMISyyo?feature=oembed\" frameborder=\"0\" allow=\"accelerometer; autoplay; clipboard-write; encrypted-media; gyroscope; picture-in-picture; web-share\" referrerpolicy=\"strict-origin-when-cross-origin\" allowfullscreen><\/iframe>\n<\/div><figcaption>Atos #3J &#8211; Viena\/\u00c1ustria<\/figcaption><\/figure>\n\n\n<p><strong><span style=\"color:#f80307;\" class=\"has-inline-color\">03\/07\/2021<\/span><\/strong><\/p>\n\n\n<figure class=\"wp-block-embed is-type-video is-provider-youtube wp-block-embed-youtube wp-embed-aspect-16-9 wp-has-aspect-ratio\"><div class=\"wp-block-embed__wrapper\">\n<iframe title=\"Ato Colatina, Espirito Santo - Brasil #3JForaBolsonaro\" width=\"640\" height=\"360\" src=\"https:\/\/www.youtube.com\/embed\/6whbdMLnQdM?feature=oembed\" frameborder=\"0\" allow=\"accelerometer; autoplay; clipboard-write; encrypted-media; gyroscope; picture-in-picture; web-share\" referrerpolicy=\"strict-origin-when-cross-origin\" allowfullscreen><\/iframe>\n<\/div><figcaption>Atos #3J &#8211; Colatina\/ES-BR<\/figcaption><\/figure>\n\n\n<p><strong><span style=\"color:#f80307;\" class=\"has-inline-color\">03\/07\/2021<\/span><\/strong><\/p>\n\n\n<figure class=\"wp-block-embed is-type-video is-provider-youtube wp-block-embed-youtube wp-embed-aspect-16-9 wp-has-aspect-ratio\"><div class=\"wp-block-embed__wrapper\">\n<iframe title=\"Ato Genebra, Sui\u00e7a #3JForaBolsonaro\" width=\"640\" height=\"360\" src=\"https:\/\/www.youtube.com\/embed\/c0MZDwArgP4?feature=oembed\" frameborder=\"0\" allow=\"accelerometer; autoplay; clipboard-write; encrypted-media; gyroscope; picture-in-picture; web-share\" referrerpolicy=\"strict-origin-when-cross-origin\" allowfullscreen><\/iframe>\n<\/div><figcaption>Atos do #3J &#8211; Genebra\/Su\u00ed\u00e7a<\/figcaption><\/figure>\n\n\n<p><strong><span style=\"color:#f80307;\" class=\"has-inline-color\">28\/06\/2021<\/span><\/strong><\/p>\n\n\n<figure class=\"wp-block-embed is-type-video is-provider-youtube wp-block-embed-youtube wp-embed-aspect-16-9 wp-has-aspect-ratio\"><div class=\"wp-block-embed__wrapper\">\n<iframe title=\"Um ano de #StopBolsonaro Mundial\" width=\"640\" height=\"360\" src=\"https:\/\/www.youtube.com\/embed\/67j5YDdcdmo?feature=oembed\" frameborder=\"0\" allow=\"accelerometer; autoplay; clipboard-write; encrypted-media; gyroscope; picture-in-picture; web-share\" referrerpolicy=\"strict-origin-when-cross-origin\" allowfullscreen><\/iframe>\n<\/div><\/figure>\n\n\n<p><strong><span style=\"color:#f80307;\" class=\"has-inline-color\">28\/06\/2021<\/span><\/strong><\/p>\n\n\n<figure class=\"wp-block-embed is-type-video is-provider-youtube wp-block-embed-youtube wp-embed-aspect-16-9 wp-has-aspect-ratio\"><div class=\"wp-block-embed__wrapper\">\n<iframe title=\"SUPER-LIVE 1 ANO STOP BOLSONARO MUNDIAL - Venha participar!\" width=\"640\" height=\"360\" src=\"https:\/\/www.youtube.com\/embed\/Wo3rCZQLo_U?feature=oembed\" frameborder=\"0\" allow=\"accelerometer; autoplay; clipboard-write; encrypted-media; gyroscope; picture-in-picture; web-share\" referrerpolicy=\"strict-origin-when-cross-origin\" allowfullscreen><\/iframe>\n<\/div><figcaption>Super-live 1 ano Stop Bolsonaro.<\/figcaption><\/figure>\n\n\n<p><strong><span style=\"color:#f80307;\" class=\"has-inline-color\">22\/06\/2021<\/span><\/strong><\/p>\n\n\n<figure class=\"wp-block-embed is-type-video is-provider-youtube wp-block-embed-youtube wp-embed-aspect-16-9 wp-has-aspect-ratio\"><div class=\"wp-block-embed__wrapper\">\n<iframe title=\"Boletim FIBRA no AR - Balan\u00e7o dos atos #19JForaBolsonaro\" width=\"640\" height=\"360\" src=\"https:\/\/www.youtube.com\/embed\/tM_tuJ6mlJ4?feature=oembed\" frameborder=\"0\" allow=\"accelerometer; autoplay; clipboard-write; encrypted-media; gyroscope; picture-in-picture; web-share\" referrerpolicy=\"strict-origin-when-cross-origin\" allowfullscreen><\/iframe>\n<\/div><figcaption>Boletim da Fibra<\/figcaption><\/figure>\n\n\n<p><strong><span style=\"color:#f80307;\" class=\"has-inline-color\">22\/06\/2021<\/span><\/strong><\/p>\n\n\n<figure class=\"wp-block-embed is-type-video is-provider-youtube wp-block-embed-youtube wp-embed-aspect-16-9 wp-has-aspect-ratio\"><div class=\"wp-block-embed__wrapper\">\n<iframe title=\"19J - Fora Bolsonaro - Manifesta\u00e7\u00e3o em Barcelona\" width=\"640\" height=\"360\" src=\"https:\/\/www.youtube.com\/embed\/9yGD5hXbn_Y?feature=oembed\" frameborder=\"0\" allow=\"accelerometer; autoplay; clipboard-write; encrypted-media; gyroscope; picture-in-picture; web-share\" referrerpolicy=\"strict-origin-when-cross-origin\" allowfullscreen><\/iframe>\n<\/div><figcaption>Barcelona especial #19J<\/figcaption><\/figure>\n\n\n<p><strong><span style=\"color:#f80307;\" class=\"has-inline-color\">19\/06\/2021<\/span><\/strong><\/p>\n\n\n<figure class=\"wp-block-embed is-type-video is-provider-youtube wp-block-embed-youtube wp-embed-aspect-16-9 wp-has-aspect-ratio\"><div class=\"wp-block-embed__wrapper\">\n<iframe title=\"Ato Cuiab\u00e1, Mato Grosso, Brasil #19JForaBolsonaro\" width=\"640\" height=\"360\" src=\"https:\/\/www.youtube.com\/embed\/CHFZ0xISWyM?feature=oembed\" frameborder=\"0\" allow=\"accelerometer; autoplay; clipboard-write; encrypted-media; gyroscope; picture-in-picture; web-share\" referrerpolicy=\"strict-origin-when-cross-origin\" allowfullscreen><\/iframe>\n<\/div><figcaption>Ato 19J Cuiab\u00e1 (MatoGrosso\/Brasil)<\/figcaption><\/figure>\n\n\n<p><strong><span style=\"color:#f80307;\" class=\"has-inline-color\">19\/06\/2021<\/span><\/strong><\/p>\n\n\n<figure class=\"wp-block-embed is-type-video is-provider-youtube wp-block-embed-youtube wp-embed-aspect-16-9 wp-has-aspect-ratio\"><div class=\"wp-block-embed__wrapper\">\n<iframe title=\"Ato Aracaju \/ SE, Brasil - Ato #19JForaBolsonaro\" width=\"640\" height=\"360\" src=\"https:\/\/www.youtube.com\/embed\/1LlSuGFf9ok?feature=oembed\" frameborder=\"0\" allow=\"accelerometer; autoplay; clipboard-write; encrypted-media; gyroscope; picture-in-picture; web-share\" referrerpolicy=\"strict-origin-when-cross-origin\" allowfullscreen><\/iframe>\n<\/div><figcaption>Ato 19J Aracaj\u00fa (Sergipe\/Brasil)<\/figcaption><\/figure>\n\n\n<p><strong><span style=\"color:#f80307;\" class=\"has-inline-color\">19\/06\/2021<\/span><\/strong><\/p>\n\n\n<figure class=\"wp-block-embed is-type-video is-provider-youtube wp-block-embed-youtube wp-embed-aspect-16-9 wp-has-aspect-ratio\"><div class=\"wp-block-embed__wrapper\">\n<iframe title=\"Amsterdam - 19J\" width=\"640\" height=\"360\" src=\"https:\/\/www.youtube.com\/embed\/yjYn9i0vaF8?feature=oembed\" frameborder=\"0\" allow=\"accelerometer; autoplay; clipboard-write; encrypted-media; gyroscope; picture-in-picture; web-share\" referrerpolicy=\"strict-origin-when-cross-origin\" allowfullscreen><\/iframe>\n<\/div><figcaption>Ato 19J Amsterd\u00e3 (Holanda)<\/figcaption><\/figure>\n\n\n<p><strong><span style=\"color:#f80307;\" class=\"has-inline-color\">19\/06\/2021<\/span><\/strong><\/p>\n\n\n<figure class=\"wp-block-embed is-type-video is-provider-youtube wp-block-embed-youtube wp-embed-aspect-16-9 wp-has-aspect-ratio\"><div class=\"wp-block-embed__wrapper\">\n<iframe title=\"Ato Amsterd\u00e3, Holanda - Ato #19JForaBolsonaro\" width=\"640\" height=\"360\" src=\"https:\/\/www.youtube.com\/embed\/WgspkbjzpCI?feature=oembed\" frameborder=\"0\" allow=\"accelerometer; autoplay; clipboard-write; encrypted-media; gyroscope; picture-in-picture; web-share\" referrerpolicy=\"strict-origin-when-cross-origin\" allowfullscreen><\/iframe>\n<\/div><figcaption>Ato 19J Amsterd\u00e3 (Holanda)<\/figcaption><\/figure>\n\n\n<figure class=\"wp-block-embed is-type-video is-provider-youtube wp-block-embed-youtube wp-embed-aspect-16-9 wp-has-aspect-ratio\"><div class=\"wp-block-embed__wrapper\">\n<iframe title=\"Ato Teresina\/PI, Brasil - Ato #19JForaBolsonaro\" width=\"640\" height=\"360\" src=\"https:\/\/www.youtube.com\/embed\/mpd12ROkKUQ?feature=oembed\" frameborder=\"0\" allow=\"accelerometer; autoplay; clipboard-write; encrypted-media; gyroscope; picture-in-picture; web-share\" referrerpolicy=\"strict-origin-when-cross-origin\" allowfullscreen><\/iframe>\n<\/div><figcaption>Atos 19J Teresina (Piau\u00ed\/Brasil)<\/figcaption><\/figure>\n\n\n<p><strong><span style=\"color:#f80307;\" class=\"has-inline-color\">19\/06\/2021<\/span><\/strong><\/p>\n\n\n<figure class=\"wp-block-embed is-type-video is-provider-youtube wp-block-embed-youtube wp-embed-aspect-16-9 wp-has-aspect-ratio\"><div class=\"wp-block-embed__wrapper\">\n<iframe title=\"Ato Picos, Piau\u00ed, Brasil #19JForaBolsonaro\" width=\"640\" height=\"360\" src=\"https:\/\/www.youtube.com\/embed\/ndyPianDdfQ?feature=oembed\" frameborder=\"0\" allow=\"accelerometer; autoplay; clipboard-write; encrypted-media; gyroscope; picture-in-picture; web-share\" referrerpolicy=\"strict-origin-when-cross-origin\" allowfullscreen><\/iframe>\n<\/div><figcaption>Atos 19J Picos (Piau\u00ed\/Brasil)<\/figcaption><\/figure>\n\n\n<p><strong><span style=\"color:#f80307;\" class=\"has-inline-color\">19\/06\/2021<\/span><\/strong><\/p>\n\n\n<figure class=\"wp-block-embed is-type-video is-provider-youtube wp-block-embed-youtube wp-embed-aspect-16-9 wp-has-aspect-ratio\"><div class=\"wp-block-embed__wrapper\">\n<iframe title=\"Ato Florian\u00f3polis\/SC, Brasil - Ato #19JForaBolsonaro\" width=\"640\" height=\"360\" src=\"https:\/\/www.youtube.com\/embed\/Me9RnXpJNKE?feature=oembed\" frameborder=\"0\" allow=\"accelerometer; autoplay; clipboard-write; encrypted-media; gyroscope; picture-in-picture; web-share\" referrerpolicy=\"strict-origin-when-cross-origin\" allowfullscreen><\/iframe>\n<\/div><figcaption>Ato 19J Florian\u00f3polis (Sta Catarina\/Brasil)<\/figcaption><\/figure>\n\n\n<p><strong><span style=\"color:#f80307;\" class=\"has-inline-color\">19\/06\/2021<\/span><\/strong><\/p>\n\n\n<figure class=\"wp-block-embed is-type-video is-provider-youtube wp-block-embed-youtube wp-embed-aspect-16-9 wp-has-aspect-ratio\"><div class=\"wp-block-embed__wrapper\">\n<iframe title=\"Ato Belo Horizonte, MG, Brasil  #19JForaBolsonaro\" width=\"640\" height=\"360\" src=\"https:\/\/www.youtube.com\/embed\/RoM4NWYE0FM?feature=oembed\" frameborder=\"0\" allow=\"accelerometer; autoplay; clipboard-write; encrypted-media; gyroscope; picture-in-picture; web-share\" referrerpolicy=\"strict-origin-when-cross-origin\" allowfullscreen><\/iframe>\n<\/div><figcaption>Ato 19J Belo Horizonte (Minas Gerais\/Brasil)<\/figcaption><\/figure>\n\n\n<p><strong><span style=\"color:#f80307;\" class=\"has-inline-color\">19\/06\/2021<\/span><\/strong><\/p>\n\n\n<figure class=\"wp-block-embed is-type-video is-provider-youtube wp-block-embed-youtube wp-embed-aspect-16-9 wp-has-aspect-ratio\"><div class=\"wp-block-embed__wrapper\">\n<iframe title=\"Ato Rio Branco \/ Acre, Brasil - Ato #19JForaBolsonaro\" width=\"640\" height=\"360\" src=\"https:\/\/www.youtube.com\/embed\/VfqNMQu5UdI?feature=oembed\" frameborder=\"0\" allow=\"accelerometer; autoplay; clipboard-write; encrypted-media; gyroscope; picture-in-picture; web-share\" referrerpolicy=\"strict-origin-when-cross-origin\" allowfullscreen><\/iframe>\n<\/div><figcaption>Ato 19J Rio Branco (Acre\/Brasil)<\/figcaption><\/figure>\n\n\n<p><strong><span style=\"color:#f80307;\" class=\"has-inline-color\">19\/06\/2021<\/span><\/strong><\/p>\n\n\n<figure class=\"wp-block-embed is-type-video is-provider-youtube wp-block-embed-youtube wp-embed-aspect-16-9 wp-has-aspect-ratio\"><div class=\"wp-block-embed__wrapper\">\n<iframe title=\"#19J - Santos \u2013 Regi\u00e3o Metropolitana da Baixada Santista - Ato #19JForaBolsonaro\" width=\"640\" height=\"360\" src=\"https:\/\/www.youtube.com\/embed\/hxuFf1vrMD0?feature=oembed\" frameborder=\"0\" allow=\"accelerometer; autoplay; clipboard-write; encrypted-media; gyroscope; picture-in-picture; web-share\" referrerpolicy=\"strict-origin-when-cross-origin\" allowfullscreen><\/iframe>\n<\/div><figcaption>Ato 19J Santos (SP\/Brasil)<\/figcaption><\/figure>\n\n\n<p><strong><span style=\"color:#f80307;\" class=\"has-inline-color\">19\/06\/2021<\/span><\/strong><\/p>\n\n\n<figure class=\"wp-block-embed is-type-video is-provider-youtube wp-block-embed-youtube wp-embed-aspect-16-9 wp-has-aspect-ratio\"><div class=\"wp-block-embed__wrapper\">\n<iframe title=\"Ato MASP \u2013 S\u00e3o Paulo, SP, Brasil - Ato #19JForaBolsonaro\" width=\"640\" height=\"360\" src=\"https:\/\/www.youtube.com\/embed\/7hIur8H8atY?feature=oembed\" frameborder=\"0\" allow=\"accelerometer; autoplay; clipboard-write; encrypted-media; gyroscope; picture-in-picture; web-share\" referrerpolicy=\"strict-origin-when-cross-origin\" allowfullscreen><\/iframe>\n<\/div><figcaption>Ato 19J S\u00e3o Paulo (SP\/Brasil)<\/figcaption><\/figure>\n\n\n<p><strong><span style=\"color:#f80307;\" class=\"has-inline-color\">19\/06\/2021<\/span><\/strong><\/p>\n\n\n<figure class=\"wp-block-embed is-type-video is-provider-youtube wp-block-embed-youtube wp-embed-aspect-16-9 wp-has-aspect-ratio\"><div class=\"wp-block-embed__wrapper\">\n<iframe title=\"Ato Paris, Fran\u00e7a #19JForaBolsonaro. Cr\u00e9ditos DCM.\" width=\"640\" height=\"360\" src=\"https:\/\/www.youtube.com\/embed\/IVvShCf7A9g?feature=oembed\" frameborder=\"0\" allow=\"accelerometer; autoplay; clipboard-write; encrypted-media; gyroscope; picture-in-picture; web-share\" referrerpolicy=\"strict-origin-when-cross-origin\" allowfullscreen><\/iframe>\n<\/div><figcaption>Atos 19J Paris (Fran\u00e7a)<\/figcaption><\/figure>\n\n\n<p><strong><span style=\"color:#f80307;\" class=\"has-inline-color\">19\/06\/2021<\/span><\/strong><\/p>\n\n\n<figure class=\"wp-block-embed is-type-video is-provider-youtube wp-block-embed-youtube wp-embed-aspect-16-9 wp-has-aspect-ratio\"><div class=\"wp-block-embed__wrapper\">\n<iframe title=\"Ato Buenos Aires, Argentina - Ato #19JForaBolsonaro\" width=\"640\" height=\"360\" src=\"https:\/\/www.youtube.com\/embed\/7KqBHCYBvuU?feature=oembed\" frameborder=\"0\" allow=\"accelerometer; autoplay; clipboard-write; encrypted-media; gyroscope; picture-in-picture; web-share\" referrerpolicy=\"strict-origin-when-cross-origin\" allowfullscreen><\/iframe>\n<\/div><figcaption>Ato 19J Buenos Aires (Argentina)<\/figcaption><\/figure>\n\n\n<p><strong><span style=\"color:#f80307;\" class=\"has-inline-color\">19\/06\/2021<\/span><\/strong><\/p>\n\n\n<figure class=\"wp-block-embed is-type-video is-provider-youtube wp-block-embed-youtube wp-embed-aspect-16-9 wp-has-aspect-ratio\"><div class=\"wp-block-embed__wrapper\">\n<iframe title=\"Ato Porto Alegre\/RS, Brasil - Ato #19JForaBolsonaro\" width=\"640\" height=\"360\" src=\"https:\/\/www.youtube.com\/embed\/SkTBKjYh128?feature=oembed\" frameborder=\"0\" allow=\"accelerometer; autoplay; clipboard-write; encrypted-media; gyroscope; picture-in-picture; web-share\" referrerpolicy=\"strict-origin-when-cross-origin\" allowfullscreen><\/iframe>\n<\/div><figcaption>Ato 19J Porto Alegre (RGSul\/Brasil)<\/figcaption><\/figure>\n\n\n<p><strong><span style=\"color:#f80307;\" class=\"has-inline-color\">19\/06\/2021<\/span><\/strong><\/p>\n\n\n<figure class=\"wp-block-embed is-type-video is-provider-youtube wp-block-embed-youtube wp-embed-aspect-16-9 wp-has-aspect-ratio\"><div class=\"wp-block-embed__wrapper\">\n<iframe title=\"Ato Ankara, Turquia  - Ato #19JForaBolsonaro\" width=\"640\" height=\"360\" src=\"https:\/\/www.youtube.com\/embed\/EcPb79TNLoo?feature=oembed\" frameborder=\"0\" allow=\"accelerometer; autoplay; clipboard-write; encrypted-media; gyroscope; picture-in-picture; web-share\" referrerpolicy=\"strict-origin-when-cross-origin\" allowfullscreen><\/iframe>\n<\/div><figcaption>Ato 19J Ankara (Turquia)<\/figcaption><\/figure>\n\n\n<p><strong><span style=\"color:#f80307;\" class=\"has-inline-color\">19\/06\/2021<\/span><\/strong><\/p>\n\n\n<figure class=\"wp-block-embed is-type-video is-provider-youtube wp-block-embed-youtube wp-embed-aspect-16-9 wp-has-aspect-ratio\"><div class=\"wp-block-embed__wrapper\">\n<iframe title=\"Ato Bel\u00e9m\/PA, Brasil - Ato #19JForaBolsonaro\" width=\"640\" height=\"360\" src=\"https:\/\/www.youtube.com\/embed\/xqg0VvbhzA8?feature=oembed\" frameborder=\"0\" allow=\"accelerometer; autoplay; clipboard-write; encrypted-media; gyroscope; picture-in-picture; web-share\" referrerpolicy=\"strict-origin-when-cross-origin\" allowfullscreen><\/iframe>\n<\/div><figcaption>Ato 19J Bel\u00e9m (Par\u00e1)<\/figcaption><\/figure>\n\n\n<p><strong><span style=\"color:#f80307;\" class=\"has-inline-color\">19\/06\/2021<\/span><\/strong><\/p>\n\n\n<figure class=\"wp-block-embed is-type-video is-provider-youtube wp-block-embed-youtube wp-embed-aspect-16-9 wp-has-aspect-ratio\"><div class=\"wp-block-embed__wrapper\">\n<iframe title=\"Ato Macap\u00e1 \/ Amap\u00e1, Brasil - Ato #19JForaBolsonaro\" width=\"640\" height=\"360\" src=\"https:\/\/www.youtube.com\/embed\/KP3dJyVQhVA?feature=oembed\" frameborder=\"0\" allow=\"accelerometer; autoplay; clipboard-write; encrypted-media; gyroscope; picture-in-picture; web-share\" referrerpolicy=\"strict-origin-when-cross-origin\" allowfullscreen><\/iframe>\n<\/div><figcaption>Ato 19J Macap\u00e1 (Amap\u00e1)<\/figcaption><\/figure>\n\n\n<p><strong><span style=\"color:#f80307;\" class=\"has-inline-color\">19\/06\/2021<\/span><\/strong><\/p>\n\n\n<figure class=\"wp-block-embed is-type-video is-provider-youtube wp-block-embed-youtube wp-embed-aspect-16-9 wp-has-aspect-ratio\"><div class=\"wp-block-embed__wrapper\">\n<iframe title=\"Ato Nova Iorque, EUA - Ato #19JForaBolsonaro\" width=\"640\" height=\"360\" src=\"https:\/\/www.youtube.com\/embed\/46WgNBTRAvQ?feature=oembed\" frameborder=\"0\" allow=\"accelerometer; autoplay; clipboard-write; encrypted-media; gyroscope; picture-in-picture; web-share\" referrerpolicy=\"strict-origin-when-cross-origin\" allowfullscreen><\/iframe>\n<\/div><figcaption>Ato 19J NY (EUA)<\/figcaption><\/figure>\n\n\n<p><strong><span style=\"color:#f80307;\" class=\"has-inline-color\">19\/06\/2021<\/span><\/strong><\/p>\n\n\n<figure class=\"wp-block-embed is-type-video is-provider-youtube wp-block-embed-youtube wp-embed-aspect-16-9 wp-has-aspect-ratio\"><div class=\"wp-block-embed__wrapper\">\n<iframe title=\"Ato Vancouver, Canad\u00e1 - Ato #19JForaBolsonaro\" width=\"640\" height=\"360\" src=\"https:\/\/www.youtube.com\/embed\/pqpLvl1uFhA?feature=oembed\" frameborder=\"0\" allow=\"accelerometer; autoplay; clipboard-write; encrypted-media; gyroscope; picture-in-picture; web-share\" referrerpolicy=\"strict-origin-when-cross-origin\" allowfullscreen><\/iframe>\n<\/div><figcaption>Ato 19J Vancouver (Canad\u00e1)<\/figcaption><\/figure>\n\n\n<p><strong><span style=\"color:#f80307;\" class=\"has-inline-color\">19\/06\/2021<\/span><\/strong><\/p>\n\n\n<figure class=\"wp-block-embed is-type-video is-provider-youtube wp-block-embed-youtube wp-embed-aspect-16-9 wp-has-aspect-ratio\"><div class=\"wp-block-embed__wrapper\">\n<iframe title=\"Ato Montreal, Canad\u00e1 - Ato #19JForaBolsonaro\" width=\"640\" height=\"360\" src=\"https:\/\/www.youtube.com\/embed\/3FtcNYe02_0?feature=oembed\" frameborder=\"0\" allow=\"accelerometer; autoplay; clipboard-write; encrypted-media; gyroscope; picture-in-picture; web-share\" referrerpolicy=\"strict-origin-when-cross-origin\" allowfullscreen><\/iframe>\n<\/div><figcaption>Ato 19J Montreal (Canad\u00e1)<\/figcaption><\/figure>\n\n\n<p><strong><span style=\"color:#f80307;\" class=\"has-inline-color\">19\/06\/2021<\/span><\/strong><\/p>\n\n\n<figure class=\"wp-block-embed is-type-video is-provider-youtube wp-block-embed-youtube wp-embed-aspect-16-9 wp-has-aspect-ratio\"><div class=\"wp-block-embed__wrapper\">\n<iframe title=\"Ato Colonia, Alemanha - Ato #19JForaBolsonaro\" width=\"640\" height=\"360\" src=\"https:\/\/www.youtube.com\/embed\/nnhSgirrxjU?feature=oembed\" frameborder=\"0\" allow=\"accelerometer; autoplay; clipboard-write; encrypted-media; gyroscope; picture-in-picture; web-share\" referrerpolicy=\"strict-origin-when-cross-origin\" allowfullscreen><\/iframe>\n<\/div><figcaption>Ato 19J Col\u00f4nia (Alemanha)<\/figcaption><\/figure>\n\n\n<p><strong><span style=\"color:#f80307;\" class=\"has-inline-color\">19\/06\/2021<\/span><\/strong><\/p>\n\n\n<figure class=\"wp-block-embed is-type-video is-provider-youtube wp-block-embed-youtube wp-embed-aspect-16-9 wp-has-aspect-ratio\"><div class=\"wp-block-embed__wrapper\">\n<iframe title=\"Ato Munique, Alemanha - Ato #19JForaBolsonaro\" width=\"640\" height=\"360\" src=\"https:\/\/www.youtube.com\/embed\/5u7N6HV2kQI?feature=oembed\" frameborder=\"0\" allow=\"accelerometer; autoplay; clipboard-write; encrypted-media; gyroscope; picture-in-picture; web-share\" referrerpolicy=\"strict-origin-when-cross-origin\" allowfullscreen><\/iframe>\n<\/div><figcaption>Ato 19J Munique (Alemanha)<\/figcaption><\/figure>\n\n\n<p><strong><span style=\"color:#f80307;\" class=\"has-inline-color\">19\/06\/2021<\/span><\/strong><\/p>\n\n\n<figure class=\"wp-block-embed is-type-video is-provider-youtube wp-block-embed-youtube wp-embed-aspect-16-9 wp-has-aspect-ratio\"><div class=\"wp-block-embed__wrapper\">\n<iframe title=\"Ato Bolonha, It\u00e1lia - Ato #19JForaBolsonaro\" width=\"640\" height=\"360\" src=\"https:\/\/www.youtube.com\/embed\/DtSxyxd4TAE?feature=oembed\" frameborder=\"0\" allow=\"accelerometer; autoplay; clipboard-write; encrypted-media; gyroscope; picture-in-picture; web-share\" referrerpolicy=\"strict-origin-when-cross-origin\" allowfullscreen><\/iframe>\n<\/div><figcaption>Ato 19J Bolonha (It\u00e1lia)<\/figcaption><\/figure>\n\n\n<p><strong><span style=\"color:#f80307;\" class=\"has-inline-color\">19\/06\/2021<\/span><\/strong><\/p>\n\n\n<figure class=\"wp-block-embed is-type-video is-provider-youtube wp-block-embed-youtube wp-embed-aspect-16-9 wp-has-aspect-ratio\"><div class=\"wp-block-embed__wrapper\">\n<iframe title=\"Ato Salvador\/BA, Brasil - Ato #19JForaBolsonaro\" width=\"640\" height=\"360\" src=\"https:\/\/www.youtube.com\/embed\/9yFDd5HJNzE?feature=oembed\" frameborder=\"0\" allow=\"accelerometer; autoplay; clipboard-write; encrypted-media; gyroscope; picture-in-picture; web-share\" referrerpolicy=\"strict-origin-when-cross-origin\" allowfullscreen><\/iframe>\n<\/div><figcaption>Ato 19J Salvador (Bahia\/Brasil)<\/figcaption><\/figure>\n\n\n<p><strong><span style=\"color:#f80307;\" class=\"has-inline-color\">19\/06\/2021<\/span><\/strong><\/p>\n\n\n<figure class=\"wp-block-embed is-type-video is-provider-youtube wp-block-embed-youtube wp-embed-aspect-16-9 wp-has-aspect-ratio\"><div class=\"wp-block-embed__wrapper\">\n<iframe title=\"Ato Palma Mallorca, Espanha - Ato #19JForaBolsonaro\" width=\"640\" height=\"360\" src=\"https:\/\/www.youtube.com\/embed\/GmmXAJBPUC8?feature=oembed\" frameborder=\"0\" allow=\"accelerometer; autoplay; clipboard-write; encrypted-media; gyroscope; picture-in-picture; web-share\" referrerpolicy=\"strict-origin-when-cross-origin\" allowfullscreen><\/iframe>\n<\/div><figcaption>Ato Palma de Maiorca (Espanha)<\/figcaption><\/figure>\n\n\n<p><strong><span style=\"color:#f80307;\" class=\"has-inline-color\">19\/06\/2021<\/span><\/strong><\/p>\n\n\n<figure class=\"wp-block-embed is-type-video is-provider-youtube wp-block-embed-youtube wp-embed-aspect-16-9 wp-has-aspect-ratio\"><div class=\"wp-block-embed__wrapper\">\n<iframe title=\"Ato Poto, Portugal - Ato #19JForaBolsonaro\" width=\"640\" height=\"360\" src=\"https:\/\/www.youtube.com\/embed\/2ThoEdHEQ7A?feature=oembed\" frameborder=\"0\" allow=\"accelerometer; autoplay; clipboard-write; encrypted-media; gyroscope; picture-in-picture; web-share\" referrerpolicy=\"strict-origin-when-cross-origin\" allowfullscreen><\/iframe>\n<\/div><figcaption>Ato 19J Porto (Portugal)<\/figcaption><\/figure>\n\n\n<p><strong><span style=\"color:#f80307;\" class=\"has-inline-color\">19\/06\/2021<\/span><\/strong><\/p>\n\n\n<figure class=\"wp-block-embed is-type-video is-provider-youtube wp-block-embed-youtube wp-embed-aspect-16-9 wp-has-aspect-ratio\"><div class=\"wp-block-embed__wrapper\">\n<iframe title=\"Ato Barcelona, Espanha - Ato #19JForaBolsonaro\" width=\"640\" height=\"360\" src=\"https:\/\/www.youtube.com\/embed\/iyiI3HJ5lzw?feature=oembed\" frameborder=\"0\" allow=\"accelerometer; autoplay; clipboard-write; encrypted-media; gyroscope; picture-in-picture; web-share\" referrerpolicy=\"strict-origin-when-cross-origin\" allowfullscreen><\/iframe>\n<\/div><figcaption>Ato 19J Barcelona (Espanha)<\/figcaption><\/figure>\n\n\n<p><strong><span style=\"color:#f80307;\" class=\"has-inline-color\">19\/06\/2021 &#8211; Parte 2 <\/span><\/strong><\/p>\n\n\n<figure class=\"wp-block-embed is-type-video is-provider-youtube wp-block-embed-youtube wp-embed-aspect-16-9 wp-has-aspect-ratio\"><div class=\"wp-block-embed__wrapper\">\n<iframe title=\"Atos internacionais 19J pelo mundo\" width=\"640\" height=\"360\" src=\"https:\/\/www.youtube.com\/embed\/82TNIi3tg0E?feature=oembed\" frameborder=\"0\" allow=\"accelerometer; autoplay; clipboard-write; encrypted-media; gyroscope; picture-in-picture; web-share\" referrerpolicy=\"strict-origin-when-cross-origin\" allowfullscreen><\/iframe>\n<\/div><figcaption>Live apresentada por AI v Dijk e Namir Martins. 2a. parte <br>Tema: &#8220;Cobertura dos atos 19J no mundo.&#8221;<\/figcaption><\/figure>\n\n\n<p><strong><span style=\"color:#f80307;\" class=\"has-inline-color\">19\/06\/2021 &#8211; Parte 1<\/span><\/strong><\/p>\n\n\n<figure class=\"wp-block-embed is-type-video is-provider-youtube wp-block-embed-youtube wp-embed-aspect-16-9 wp-has-aspect-ratio\"><div class=\"wp-block-embed__wrapper\">\n<iframe title=\"Cobertura dos Atos #19J no mundo\" width=\"640\" height=\"360\" src=\"https:\/\/www.youtube.com\/embed\/Awk5b7awUFg?feature=oembed\" frameborder=\"0\" allow=\"accelerometer; autoplay; clipboard-write; encrypted-media; gyroscope; picture-in-picture; web-share\" referrerpolicy=\"strict-origin-when-cross-origin\" allowfullscreen><\/iframe>\n<\/div><figcaption>Live apresentada por AI v Dijk e Namir Martins. 1a. parte (programa interrompido pelo Youtube)<br>Tema: &#8220;Cobertura dos atos 19J no mundo.&#8221;<\/figcaption><\/figure>\n\n\n<p><strong><span style=\"color:#f80307;\" class=\"has-inline-color\">19\/06\/2021<\/span><\/strong><\/p>\n\n\n<figure class=\"wp-block-embed is-type-video is-provider-youtube wp-block-embed-youtube wp-embed-aspect-16-9 wp-has-aspect-ratio\"><div class=\"wp-block-embed__wrapper\">\n<iframe title=\"Ato Madrid, Espanha - Ato #19JForaBolsonaro\" width=\"640\" height=\"360\" src=\"https:\/\/www.youtube.com\/embed\/OoPWtXRUhCc?feature=oembed\" frameborder=\"0\" allow=\"accelerometer; autoplay; clipboard-write; encrypted-media; gyroscope; picture-in-picture; web-share\" referrerpolicy=\"strict-origin-when-cross-origin\" allowfullscreen><\/iframe>\n<\/div><figcaption>Ato 19J Madri (Espanha)<\/figcaption><\/figure>\n\n\n<p><strong><span style=\"color:#f80307;\" class=\"has-inline-color\">19\/06\/2021<\/span><\/strong><\/p>\n\n\n<figure class=\"wp-block-embed is-type-video is-provider-youtube wp-block-embed-youtube wp-embed-aspect-16-9 wp-has-aspect-ratio\"><div class=\"wp-block-embed__wrapper\">\n<iframe title=\"Ato Rio de Janeiro, Brasil - Ato #19JForaBolsonaro\" width=\"640\" height=\"360\" src=\"https:\/\/www.youtube.com\/embed\/7d0mjK5WV28?feature=oembed\" frameborder=\"0\" allow=\"accelerometer; autoplay; clipboard-write; encrypted-media; gyroscope; picture-in-picture; web-share\" referrerpolicy=\"strict-origin-when-cross-origin\" allowfullscreen><\/iframe>\n<\/div><figcaption>Ato 19J Rio de Janeiro (RJ\/Brasil)<\/figcaption><\/figure>\n\n\n<p><strong><span style=\"color:#f80307;\" class=\"has-inline-color\">19\/06\/2021<\/span><\/strong><\/p>\n\n\n<figure class=\"wp-block-embed is-type-video is-provider-youtube wp-block-embed-youtube wp-embed-aspect-16-9 wp-has-aspect-ratio\"><div class=\"wp-block-embed__wrapper\">\n<iframe title=\"Ato Bras\u00edlia, Brasil - Ato #19JForaBolsonaro\" width=\"640\" height=\"360\" src=\"https:\/\/www.youtube.com\/embed\/QpC6usFVg8o?feature=oembed\" frameborder=\"0\" allow=\"accelerometer; autoplay; clipboard-write; encrypted-media; gyroscope; picture-in-picture; web-share\" referrerpolicy=\"strict-origin-when-cross-origin\" allowfullscreen><\/iframe>\n<\/div><figcaption>Ato 19J Bras\u00edlia (DF\/Brasil)<\/figcaption><\/figure>\n\n\n<p><strong><span style=\"color:#f80307;\" class=\"has-inline-color\">19\/06\/2021<\/span><\/strong><\/p>\n\n\n<figure class=\"wp-block-embed is-type-video is-provider-youtube wp-block-embed-youtube wp-embed-aspect-16-9 wp-has-aspect-ratio\"><div class=\"wp-block-embed__wrapper\">\n<iframe title=\"Ato Praia Grande, Baixada Santista, SP, Brasil  - Ato #19JForaBolsonaro\" width=\"640\" height=\"360\" src=\"https:\/\/www.youtube.com\/embed\/9dfhnC_Bk2E?feature=oembed\" frameborder=\"0\" allow=\"accelerometer; autoplay; clipboard-write; encrypted-media; gyroscope; picture-in-picture; web-share\" referrerpolicy=\"strict-origin-when-cross-origin\" allowfullscreen><\/iframe>\n<\/div><figcaption>Ato 19J Praia Grande (S\u00e3o Paulo\/Brasil)<\/figcaption><\/figure>\n\n\n<p><strong><span style=\"color:#f80307;\" class=\"has-inline-color\">19\/06\/2021<\/span><\/strong><\/p>\n\n\n<figure class=\"wp-block-embed is-type-video is-provider-youtube wp-block-embed-youtube wp-embed-aspect-16-9 wp-has-aspect-ratio\"><div class=\"wp-block-embed__wrapper\">\n<iframe title=\"FIBRA AO VIVO\" width=\"640\" height=\"360\" src=\"https:\/\/www.youtube.com\/embed\/GO1d35svdyU?feature=oembed\" frameborder=\"0\" allow=\"accelerometer; autoplay; clipboard-write; encrypted-media; gyroscope; picture-in-picture; web-share\" referrerpolicy=\"strict-origin-when-cross-origin\" allowfullscreen><\/iframe>\n<\/div><figcaption>Ato 19J em Bruxelas (B\u00e9lgica).<\/figcaption><\/figure>\n\n\n<p><strong><span style=\"color:#f80307;\" class=\"has-inline-color\">19\/06\/2021<\/span><\/strong><\/p>\n\n\n<figure class=\"wp-block-embed is-type-video is-provider-youtube wp-block-embed-youtube wp-embed-aspect-16-9 wp-has-aspect-ratio\"><div class=\"wp-block-embed__wrapper\">\n<iframe title=\"Ato Lisboa, Portugal - Ato #19JForaBolsonaro\" width=\"640\" height=\"360\" src=\"https:\/\/www.youtube.com\/embed\/BRzEUNmAGVg?feature=oembed\" frameborder=\"0\" allow=\"accelerometer; autoplay; clipboard-write; encrypted-media; gyroscope; picture-in-picture; web-share\" referrerpolicy=\"strict-origin-when-cross-origin\" allowfullscreen><\/iframe>\n<\/div><figcaption>Ato 19J Lisboa (Portugal)<\/figcaption><\/figure>\n\n\n<p><strong><span style=\"color:#f80307;\" class=\"has-inline-color\">19\/06\/2021<\/span><\/strong><\/p>\n\n\n<figure class=\"wp-block-embed is-type-video is-provider-youtube wp-block-embed-youtube wp-embed-aspect-16-9 wp-has-aspect-ratio\"><div class=\"wp-block-embed__wrapper\">\n<iframe title=\"Ato Londres, Inglaterra - Ato #19JForaBolsonaro\" width=\"640\" height=\"360\" src=\"https:\/\/www.youtube.com\/embed\/Vb-el6f7tuc?feature=oembed\" frameborder=\"0\" allow=\"accelerometer; autoplay; clipboard-write; encrypted-media; gyroscope; picture-in-picture; web-share\" referrerpolicy=\"strict-origin-when-cross-origin\" allowfullscreen><\/iframe>\n<\/div><figcaption>Ato 19J Londres (UK)<\/figcaption><\/figure>\n\n\n<p><strong><span style=\"color:#f80307;\" class=\"has-inline-color\">19\/06\/2021<\/span><\/strong><\/p>\n\n\n<figure class=\"wp-block-embed is-type-video is-provider-youtube wp-block-embed-youtube wp-embed-aspect-16-9 wp-has-aspect-ratio\"><div class=\"wp-block-embed__wrapper\">\n<iframe title=\"Ato Frankfurt, Alemanha - Ato #19JForaBolsonaro\" width=\"640\" height=\"360\" src=\"https:\/\/www.youtube.com\/embed\/E8hKQG_aR3s?feature=oembed\" frameborder=\"0\" allow=\"accelerometer; autoplay; clipboard-write; encrypted-media; gyroscope; picture-in-picture; web-share\" referrerpolicy=\"strict-origin-when-cross-origin\" allowfullscreen><\/iframe>\n<\/div><figcaption>Ato 19J Frankfurt (Alemanha)<\/figcaption><\/figure>\n\n\n<p><strong><span style=\"color:#f80307;\" class=\"has-inline-color\">19\/06\/2021<\/span><\/strong><\/p>\n\n\n<figure class=\"wp-block-embed is-type-video is-provider-youtube wp-block-embed-youtube wp-embed-aspect-16-9 wp-has-aspect-ratio\"><div class=\"wp-block-embed__wrapper\">\n<iframe title=\"Ato Cabr\u00e1lia,  Bahia, Brasil - Ato #19JForaBolsonaro\" width=\"640\" height=\"360\" src=\"https:\/\/www.youtube.com\/embed\/RVXMWy7Pq_I?feature=oembed\" frameborder=\"0\" allow=\"accelerometer; autoplay; clipboard-write; encrypted-media; gyroscope; picture-in-picture; web-share\" referrerpolicy=\"strict-origin-when-cross-origin\" allowfullscreen><\/iframe>\n<\/div><figcaption>Ato 19J Cabr\u00e1lia (Bahia-Brasil)<\/figcaption><\/figure>\n\n\n<p><strong><span style=\"color:#f80307;\" class=\"has-inline-color\">19\/06\/2021<\/span><\/strong><\/p>\n\n\n<figure class=\"wp-block-embed is-type-video is-provider-youtube wp-block-embed-youtube wp-embed-aspect-16-9 wp-has-aspect-ratio\"><div class=\"wp-block-embed__wrapper\">\n<iframe title=\"Ato Zurich, Sui\u00e7a - Ato #19JForaBolsonaro\" width=\"640\" height=\"360\" src=\"https:\/\/www.youtube.com\/embed\/V8R6iF5Gc_4?feature=oembed\" frameborder=\"0\" allow=\"accelerometer; autoplay; clipboard-write; encrypted-media; gyroscope; picture-in-picture; web-share\" referrerpolicy=\"strict-origin-when-cross-origin\" allowfullscreen><\/iframe>\n<\/div><figcaption>Ato 19J &#8211; Zurique (Su\u00ed\u00e7a)<\/figcaption><\/figure>\n\n\n<p><strong><span style=\"color:#f80307;\" class=\"has-inline-color\">19\/06\/2021<\/span><\/strong><\/p>\n\n\n<figure class=\"wp-block-embed is-type-video is-provider-youtube wp-block-embed-youtube wp-embed-aspect-16-9 wp-has-aspect-ratio\"><div class=\"wp-block-embed__wrapper\">\n<iframe title=\"Ato Berlim, Alemanha - Ato #19JForaBolsonaro\" width=\"640\" height=\"360\" src=\"https:\/\/www.youtube.com\/embed\/8Pw0OYvRJMY?feature=oembed\" frameborder=\"0\" allow=\"accelerometer; autoplay; clipboard-write; encrypted-media; gyroscope; picture-in-picture; web-share\" referrerpolicy=\"strict-origin-when-cross-origin\" allowfullscreen><\/iframe>\n<\/div><figcaption>Ato 19J &#8211; Berlim (Alemanha)<\/figcaption><\/figure>\n\n\n<p><strong><span style=\"color:#f80307;\" class=\"has-inline-color\">19\/06\/2021<\/span><\/strong><\/p>\n\n\n<figure class=\"wp-block-embed is-type-video is-provider-youtube wp-block-embed-youtube wp-embed-aspect-16-9 wp-has-aspect-ratio\"><div class=\"wp-block-embed__wrapper\">\n<iframe title=\"Ato Dublin, Irlanda - Ato #19JForaBolsonaro\" width=\"640\" height=\"360\" src=\"https:\/\/www.youtube.com\/embed\/JmCiHdwqfw8?feature=oembed\" frameborder=\"0\" allow=\"accelerometer; autoplay; clipboard-write; encrypted-media; gyroscope; picture-in-picture; web-share\" referrerpolicy=\"strict-origin-when-cross-origin\" allowfullscreen><\/iframe>\n<\/div><figcaption>Ato 19J Dublin (Irlanda)<\/figcaption><\/figure>\n\n\n<p><strong><span style=\"color:#f80307;\" class=\"has-inline-color\">19\/06\/2021<\/span><\/strong><\/p>\n\n\n<figure class=\"wp-block-embed is-type-video is-provider-youtube wp-block-embed-youtube wp-embed-aspect-16-9 wp-has-aspect-ratio\"><div class=\"wp-block-embed__wrapper\">\n<iframe title=\"Ato Viena, Austria - Ato #19JForaBolsonaro\" width=\"640\" height=\"360\" src=\"https:\/\/www.youtube.com\/embed\/9B4GyLVeS_Y?feature=oembed\" frameborder=\"0\" allow=\"accelerometer; autoplay; clipboard-write; encrypted-media; gyroscope; picture-in-picture; web-share\" referrerpolicy=\"strict-origin-when-cross-origin\" allowfullscreen><\/iframe>\n<\/div><figcaption>Ato 19J Viena (\u00c1ustria)<\/figcaption><\/figure>\n\n\n<p><strong><span style=\"color:#f80307;\" class=\"has-inline-color\">16\/06\/2021<\/span><\/strong><\/p>\n\n\n<figure class=\"wp-block-embed is-type-video is-provider-youtube wp-block-embed-youtube wp-embed-aspect-16-9 wp-has-aspect-ratio\"><div class=\"wp-block-embed__wrapper\">\n<iframe title=\"19J - Barcelona\" width=\"640\" height=\"360\" src=\"https:\/\/www.youtube.com\/embed\/aybYfqfL4KQ?feature=oembed\" frameborder=\"0\" allow=\"accelerometer; autoplay; clipboard-write; encrypted-media; gyroscope; picture-in-picture; web-share\" referrerpolicy=\"strict-origin-when-cross-origin\" allowfullscreen><\/iframe>\n<\/div><figcaption>Chamada  para o 19J &#8211; Barcelona<\/figcaption><\/figure>\n\n\n<p><strong><span style=\"color:#f80307;\" class=\"has-inline-color\">05\/06\/2021<\/span><\/strong><\/p>\n\n\n<figure class=\"wp-block-embed is-type-video is-provider-youtube wp-block-embed-youtube wp-embed-aspect-16-9 wp-has-aspect-ratio\"><div class=\"wp-block-embed__wrapper\">\n<iframe title=\"Especial 5J: Resistir para existir\" width=\"640\" height=\"360\" src=\"https:\/\/www.youtube.com\/embed\/P93fD5avbtA?feature=oembed\" frameborder=\"0\" allow=\"accelerometer; autoplay; clipboard-write; encrypted-media; gyroscope; picture-in-picture; web-share\" referrerpolicy=\"strict-origin-when-cross-origin\" allowfullscreen><\/iframe>\n<\/div><\/figure>\n\n\n<p><strong><span style=\"color:#f80307;\" class=\"has-inline-color\">02\/06\/2021<\/span><\/strong><\/p>\n\n\n<figure class=\"wp-block-embed is-type-video is-provider-youtube wp-block-embed-youtube wp-embed-aspect-16-9 wp-has-aspect-ratio\"><div class=\"wp-block-embed__wrapper\">\n<iframe title=\"Governan\u00e7a Global e Estrat\u00e9gias de Resposta \u00e0 Crise Ambiental: Resist\u00eancia ao Acordo Mercosul-UE\" width=\"640\" height=\"360\" src=\"https:\/\/www.youtube.com\/embed\/XUwogBJqMFw?feature=oembed\" frameborder=\"0\" allow=\"accelerometer; autoplay; clipboard-write; encrypted-media; gyroscope; picture-in-picture; web-share\" referrerpolicy=\"strict-origin-when-cross-origin\" allowfullscreen><\/iframe>\n<\/div><\/figure>\n\n\n<p><strong><span style=\"color:#f80307;\" class=\"has-inline-color\">29\/05\/2021<\/span><\/strong><\/p>\n\n\n<figure class=\"wp-block-embed is-type-video is-provider-youtube wp-block-embed-youtube wp-embed-aspect-16-9 wp-has-aspect-ratio\"><div class=\"wp-block-embed__wrapper\">\n<iframe title=\"ATOS FORA BOLSONARO PELO MUNDO - Amsterdam\" width=\"640\" height=\"360\" src=\"https:\/\/www.youtube.com\/embed\/9PSNY8hqV5w?feature=oembed\" frameborder=\"0\" allow=\"accelerometer; autoplay; clipboard-write; encrypted-media; gyroscope; picture-in-picture; web-share\" referrerpolicy=\"strict-origin-when-cross-origin\" allowfullscreen><\/iframe>\n<\/div><figcaption>29M Amsterdam<\/figcaption><\/figure>\n\n\n<p><strong><span style=\"color:#f80307;\" class=\"has-inline-color\">29\/05\/2021<\/span><\/strong><\/p>\n\n\n<figure class=\"wp-block-embed is-type-video is-provider-youtube wp-block-embed-youtube wp-embed-aspect-16-9 wp-has-aspect-ratio\"><div class=\"wp-block-embed__wrapper\">\n<iframe title=\"Atos Fora Bolsonaro pelo Brasil - Belo Horizonte\" width=\"640\" height=\"360\" src=\"https:\/\/www.youtube.com\/embed\/jWy8IN4qMBY?feature=oembed\" frameborder=\"0\" allow=\"accelerometer; autoplay; clipboard-write; encrypted-media; gyroscope; picture-in-picture; web-share\" referrerpolicy=\"strict-origin-when-cross-origin\" allowfullscreen><\/iframe>\n<\/div><figcaption>29M Belo Horizonte<\/figcaption><\/figure>\n\n\n<p><strong><span style=\"color:#f80307;\" class=\"has-inline-color\">29\/05\/2021<\/span><\/strong><\/p>\n\n\n<figure class=\"wp-block-embed is-type-video is-provider-youtube wp-block-embed-youtube wp-embed-aspect-16-9 wp-has-aspect-ratio\"><div class=\"wp-block-embed__wrapper\">\n<iframe title=\"ATOS #29M #FORABOLSONARO - ZURICH, SUI\u00c7A\" width=\"640\" height=\"360\" src=\"https:\/\/www.youtube.com\/embed\/J48U59A4zIY?feature=oembed\" frameborder=\"0\" allow=\"accelerometer; autoplay; clipboard-write; encrypted-media; gyroscope; picture-in-picture; web-share\" referrerpolicy=\"strict-origin-when-cross-origin\" allowfullscreen><\/iframe>\n<\/div><figcaption>29M Zurich\/Su\u00ed\u00e7a<\/figcaption><\/figure>\n\n\n<p><strong><span style=\"color:#f80307;\" class=\"has-inline-color\">29\/05\/2021<\/span><\/strong><\/p>\n\n\n<figure class=\"wp-block-embed is-type-video is-provider-youtube wp-block-embed-youtube wp-embed-aspect-16-9 wp-has-aspect-ratio\"><div class=\"wp-block-embed__wrapper\">\n<iframe title=\"ATO PORTO ALEGRE - BRASIL  - AO VIVO - ATOS #29M #FORABOLSONARO\" width=\"640\" height=\"360\" src=\"https:\/\/www.youtube.com\/embed\/AGJujD98JgU?feature=oembed\" frameborder=\"0\" allow=\"accelerometer; autoplay; clipboard-write; encrypted-media; gyroscope; picture-in-picture; web-share\" referrerpolicy=\"strict-origin-when-cross-origin\" allowfullscreen><\/iframe>\n<\/div><figcaption>29M Porto Alegre<\/figcaption><\/figure>\n\n\n<p><strong><span style=\"color:#f80307;\" class=\"has-inline-color\">29\/05\/2021<\/span><\/strong><\/p>\n\n\n<figure class=\"wp-block-embed is-type-video is-provider-youtube wp-block-embed-youtube wp-embed-aspect-16-9 wp-has-aspect-ratio\"><div class=\"wp-block-embed__wrapper\">\n<iframe title=\"ATOS #29M #FORABOLSONARO - RIO DE JANEIRO, RIO DE JANEIRO - BRASIL  - AO VIVO\" width=\"640\" height=\"360\" src=\"https:\/\/www.youtube.com\/embed\/5_H3DNCJ_ss?feature=oembed\" frameborder=\"0\" allow=\"accelerometer; autoplay; clipboard-write; encrypted-media; gyroscope; picture-in-picture; web-share\" referrerpolicy=\"strict-origin-when-cross-origin\" allowfullscreen><\/iframe>\n<\/div><\/figure>\n\n\n<p><strong><span style=\"color:#f80307;\" class=\"has-inline-color\">29\/05\/2021<\/span><\/strong><\/p>\n\n\n<figure class=\"wp-block-embed is-type-video is-provider-youtube wp-block-embed-youtube wp-embed-aspect-16-9 wp-has-aspect-ratio\"><div class=\"wp-block-embed__wrapper\">\n<iframe title=\"ATO INSTITUTO FEDERAL, S\u00c3O PAULO, S\u00c3O PAULO - BRASIL  - AO VIVO - ATOS #29M #FORABOLSONARO\" width=\"640\" height=\"360\" src=\"https:\/\/www.youtube.com\/embed\/SWj7pxFpYvI?feature=oembed\" frameborder=\"0\" allow=\"accelerometer; autoplay; clipboard-write; encrypted-media; gyroscope; picture-in-picture; web-share\" referrerpolicy=\"strict-origin-when-cross-origin\" allowfullscreen><\/iframe>\n<\/div><\/figure>\n\n\n<p><strong><span style=\"color:#f80307;\" class=\"has-inline-color\">29\/05\/2021<\/span><\/strong><\/p>\n\n\n<figure class=\"wp-block-embed is-type-video is-provider-youtube wp-block-embed-youtube wp-embed-aspect-16-9 wp-has-aspect-ratio\"><div class=\"wp-block-embed__wrapper\">\n<iframe title=\"ATO BAIXADA SANTISTA, S\u00c3O PAULO - BRASIL  - AO VIVO - ATOS #29M #FORABOLSONARO\" width=\"640\" height=\"360\" src=\"https:\/\/www.youtube.com\/embed\/OlBD8Z_Gnq4?feature=oembed\" frameborder=\"0\" allow=\"accelerometer; autoplay; clipboard-write; encrypted-media; gyroscope; picture-in-picture; web-share\" referrerpolicy=\"strict-origin-when-cross-origin\" allowfullscreen><\/iframe>\n<\/div><\/figure>\n\n\n<p><strong><span style=\"color:#f80307;\" class=\"has-inline-color\">29\/05\/2021<\/span><\/strong><\/p>\n\n\n<figure class=\"wp-block-embed is-type-video is-provider-youtube wp-block-embed-youtube wp-embed-aspect-16-9 wp-has-aspect-ratio\"><div class=\"wp-block-embed__wrapper\">\n<iframe title=\"MASP, S\u00c3O PAULO, S\u00c3O PAULO - BRASIL  - AO VIVO - ATOS #29M #FORABOLSONARO\" width=\"640\" height=\"360\" src=\"https:\/\/www.youtube.com\/embed\/EQKwJhU6ARA?feature=oembed\" frameborder=\"0\" allow=\"accelerometer; autoplay; clipboard-write; encrypted-media; gyroscope; picture-in-picture; web-share\" referrerpolicy=\"strict-origin-when-cross-origin\" allowfullscreen><\/iframe>\n<\/div><figcaption>Programa extraordin\u00e1rio do Movimento Stop Bolsonaro com a participa\u00e7\u00e3o da FIBRA. Cobertura ao vivo dos atos de 29M.<\/figcaption><\/figure>\n\n\n<p><strong><span style=\"color:#f80307;\" class=\"has-inline-color\">29\/05\/2021<\/span><\/strong><\/p>\n\n\n<figure class=\"wp-block-embed is-type-video is-provider-youtube wp-block-embed-youtube wp-embed-aspect-16-9 wp-has-aspect-ratio\"><div class=\"wp-block-embed__wrapper\">\n<iframe title=\"SANTOS, SP - BRASIL -  ATO #29M #FORABOLSONARO - AO VIVO\" width=\"640\" height=\"360\" src=\"https:\/\/www.youtube.com\/embed\/LPo3bqi-PNY?feature=oembed\" frameborder=\"0\" allow=\"accelerometer; autoplay; clipboard-write; encrypted-media; gyroscope; picture-in-picture; web-share\" referrerpolicy=\"strict-origin-when-cross-origin\" allowfullscreen><\/iframe>\n<\/div><figcaption>Programa extraordin\u00e1rio do Movimento Stop Bolsonaro, com participa\u00e7\u00e3o da FIBRA e o atos do 29M pelo mundo.<\/figcaption><\/figure>\n\n\n<p><strong><span style=\"color:#f80307;\" class=\"has-inline-color\">29\/05\/2021<\/span><\/strong><\/p>\n\n\n<figure class=\"wp-block-embed is-type-video is-provider-youtube wp-block-embed-youtube wp-embed-aspect-16-9 wp-has-aspect-ratio\"><div class=\"wp-block-embed__wrapper\">\n<iframe title=\"MASP II, S\u00c3O PAULO, S\u00c3O PAULO - BRASIL  - AO VIVO - ATOS #29M #FORABOLSONARO\" width=\"640\" height=\"360\" src=\"https:\/\/www.youtube.com\/embed\/D1oisMLUuag?feature=oembed\" frameborder=\"0\" allow=\"accelerometer; autoplay; clipboard-write; encrypted-media; gyroscope; picture-in-picture; web-share\" referrerpolicy=\"strict-origin-when-cross-origin\" allowfullscreen><\/iframe>\n<\/div><figcaption>Programa extraordin\u00e1rio do Movimento Stop Bolsonaro, com participa\u00e7\u00e3o da FIBRA e o atos do 29M pelo mundo.<\/figcaption><\/figure>\n\n\n<p><strong><span style=\"color:#f80307;\" class=\"has-inline-color\">29\/05\/2021<\/span><\/strong><\/p>\n\n\n<figure class=\"wp-block-embed is-type-video is-provider-youtube wp-block-embed-youtube wp-embed-aspect-16-9 wp-has-aspect-ratio\"><div class=\"wp-block-embed__wrapper\">\n<iframe title=\"#29M Atos pelo Mundo\" width=\"640\" height=\"360\" src=\"https:\/\/www.youtube.com\/embed\/oOKI_p1neb8?feature=oembed\" frameborder=\"0\" allow=\"accelerometer; autoplay; clipboard-write; encrypted-media; gyroscope; picture-in-picture; web-share\" referrerpolicy=\"strict-origin-when-cross-origin\" allowfullscreen><\/iframe>\n<\/div><figcaption>Programa da Fibra para trasnmiss\u00e3o ao vivo dos atos pelo mundo do 29M.<\/figcaption><\/figure>\n\n\n<p><strong><span style=\"color:#f80307;\" class=\"has-inline-color\">21\/05\/2021<\/span><\/strong><\/p>\n\n\n<figure class=\"wp-block-embed is-type-video is-provider-youtube wp-block-embed-youtube wp-embed-aspect-16-9 wp-has-aspect-ratio\"><div class=\"wp-block-embed__wrapper\">\n<iframe title=\"STOP Acordo Uni\u00e3o Europeia - Mercosul\" width=\"640\" height=\"360\" src=\"https:\/\/www.youtube.com\/embed\/fHWlh6-CksQ?feature=oembed\" frameborder=\"0\" allow=\"accelerometer; autoplay; clipboard-write; encrypted-media; gyroscope; picture-in-picture; web-share\" referrerpolicy=\"strict-origin-when-cross-origin\" allowfullscreen><\/iframe>\n<\/div><\/figure>\n\n\n<p><strong><span style=\"color:#f80307;\" class=\"has-inline-color\">20\/05\/2021<\/span><\/strong><\/p>\n\n\n<figure class=\"wp-block-embed is-type-video is-provider-youtube wp-block-embed-youtube wp-embed-aspect-16-9 wp-has-aspect-ratio\"><div class=\"wp-block-embed__wrapper\">\n<iframe title=\"STOP Acordo Uni\u00e3o Europeia - Mercosul\" width=\"640\" height=\"360\" src=\"https:\/\/www.youtube.com\/embed\/DuwnCYPou6w?feature=oembed\" frameborder=\"0\" allow=\"accelerometer; autoplay; clipboard-write; encrypted-media; gyroscope; picture-in-picture; web-share\" referrerpolicy=\"strict-origin-when-cross-origin\" allowfullscreen><\/iframe>\n<\/div><\/figure>\n\n\n<p><strong><span style=\"color:#f80307;\" class=\"has-inline-color\">19\/05\/2021<\/span><\/strong><\/p>\n\n\n<figure class=\"wp-block-embed is-type-video is-provider-youtube wp-block-embed-youtube wp-embed-aspect-16-9 wp-has-aspect-ratio\"><div class=\"wp-block-embed__wrapper\">\n<iframe title=\"STOP Acordo Uni\u00e3o Europeia - Mercosul\" width=\"640\" height=\"360\" src=\"https:\/\/www.youtube.com\/embed\/h0voJDqNQZw?feature=oembed\" frameborder=\"0\" allow=\"accelerometer; autoplay; clipboard-write; encrypted-media; gyroscope; picture-in-picture; web-share\" referrerpolicy=\"strict-origin-when-cross-origin\" allowfullscreen><\/iframe>\n<\/div><\/figure>\n\n\n<p><strong><span style=\"color:#f80307;\" class=\"has-inline-color\">18\/05\/2021<\/span><\/strong><\/p>\n\n\n<figure class=\"wp-block-embed is-type-video is-provider-youtube wp-block-embed-youtube wp-embed-aspect-16-9 wp-has-aspect-ratio\"><div class=\"wp-block-embed__wrapper\">\n<iframe title=\"Acordo Uni\u00e3o Europ\u00e9ia Mercosul - Por que n\u00e3o ratificar?\" width=\"640\" height=\"360\" src=\"https:\/\/www.youtube.com\/embed\/sK7vHA9_7R8?feature=oembed\" frameborder=\"0\" allow=\"accelerometer; autoplay; clipboard-write; encrypted-media; gyroscope; picture-in-picture; web-share\" referrerpolicy=\"strict-origin-when-cross-origin\" allowfullscreen><\/iframe>\n<\/div><\/figure>\n\n\n<p><strong><span style=\"color:#f80307;\" class=\"has-inline-color\">17\/05\/2021<\/span><\/strong><\/p>\n\n\n<figure class=\"wp-block-embed is-type-video is-provider-youtube wp-block-embed-youtube wp-embed-aspect-16-9 wp-has-aspect-ratio\"><div class=\"wp-block-embed__wrapper\">\n<iframe title=\"Stop Acordo Uni\u00e3o Europ\u00e9ia-Mercosul\" width=\"640\" height=\"360\" src=\"https:\/\/www.youtube.com\/embed\/gCUNEBNsbGs?feature=oembed\" frameborder=\"0\" allow=\"accelerometer; autoplay; clipboard-write; encrypted-media; gyroscope; picture-in-picture; web-share\" referrerpolicy=\"strict-origin-when-cross-origin\" allowfullscreen><\/iframe>\n<\/div><figcaption>Programa da s\u00e9rie sobre o acordo comercial EU-Mercosul.<br>Tema: &#8220;Stop Acordo Uni\u00e3o Europ\u00e9ia-Mercosul&#8221;<\/figcaption><\/figure>\n\n\n<p><strong><span style=\"color:#f80307;\" class=\"has-inline-color\">13\/05\/2021<\/span><\/strong><\/p>\n\n\n<figure class=\"wp-block-embed is-type-video is-provider-youtube wp-block-embed-youtube wp-embed-aspect-16-9 wp-has-aspect-ratio\"><div class=\"wp-block-embed__wrapper\">\n<iframe title=\"Literatura e cultura no sub\u00farbio carioca, com Philipe Valentim, professor e escritor.\" width=\"640\" height=\"360\" src=\"https:\/\/www.youtube.com\/embed\/dizrCOugjYM?feature=oembed\" frameborder=\"0\" allow=\"accelerometer; autoplay; clipboard-write; encrypted-media; gyroscope; picture-in-picture; web-share\" referrerpolicy=\"strict-origin-when-cross-origin\" allowfullscreen><\/iframe>\n<\/div><figcaption>Programa do Movimento 100 mil Lives, transmitido em parceria com a Fibra. <br>Tema: &#8220;Literatura e cultura no sub\u00farbio carioca, com Philipe Valentim, professor e escritor.&#8221;<\/figcaption><\/figure>\n\n\n<p><strong><span style=\"color:#f80307;\" class=\"has-inline-color\">12\/05\/2021<\/span><\/strong><\/p>\n\n\n<figure class=\"wp-block-embed is-type-video is-provider-youtube wp-block-embed-youtube wp-embed-aspect-16-9 wp-has-aspect-ratio\"><div class=\"wp-block-embed__wrapper\">\n<iframe title=\"Luto \u00e9 luta: Manifesta\u00e7\u00e3o Jacarezinho. N\u00e3o foi opera\u00e7\u00e3o, foi chacina!\" width=\"640\" height=\"360\" src=\"https:\/\/www.youtube.com\/embed\/PdSlUtD_MxM?feature=oembed\" frameborder=\"0\" allow=\"accelerometer; autoplay; clipboard-write; encrypted-media; gyroscope; picture-in-picture; web-share\" referrerpolicy=\"strict-origin-when-cross-origin\" allowfullscreen><\/iframe>\n<\/div><figcaption>Boletim da Fibra sobre ato em Barcelona: Luto \u00e9 luta: Manifesta\u00e7\u00e3o Jacarezinho. N\u00e3o foi opera\u00e7\u00e3o, foi chacina!<\/figcaption><\/figure>\n\n\n<p><strong><span style=\"color:#f80307;\" class=\"has-inline-color\">10\/05\/2021<\/span><\/strong><\/p>\n\n\n<figure class=\"wp-block-embed is-type-video is-provider-youtube wp-block-embed-youtube wp-embed-aspect-16-9 wp-has-aspect-ratio\"><div class=\"wp-block-embed__wrapper\">\n<iframe title=\"TODOS OS CRIMES DO PRESIDENTE, com Paulo Pimenta\" width=\"640\" height=\"360\" src=\"https:\/\/www.youtube.com\/embed\/TKvJRuCfhm8?feature=oembed\" frameborder=\"0\" allow=\"accelerometer; autoplay; clipboard-write; encrypted-media; gyroscope; picture-in-picture; web-share\" referrerpolicy=\"strict-origin-when-cross-origin\" allowfullscreen><\/iframe>\n<\/div><figcaption>Programa do Movimento 100 mil Lives, transmitido em parceria com a Fibra. <br>Tema: &#8220;TODOS OS CRIMES DO PRESIDENTE, com Paulo Pimenta&#8221;<\/figcaption><\/figure>\n\n\n<p><strong><span style=\"color:#f80307;\" class=\"has-inline-color\">07\/05\/2021<\/span><\/strong><\/p>\n\n\n<figure class=\"wp-block-embed is-type-video is-provider-youtube wp-block-embed-youtube wp-embed-aspect-16-9 wp-has-aspect-ratio\"><div class=\"wp-block-embed__wrapper\">\n<iframe title=\"Atos Bolsonaro Genocida em Portugal\" width=\"640\" height=\"360\" src=\"https:\/\/www.youtube.com\/embed\/0cvK7_OzoRk?feature=oembed\" frameborder=\"0\" allow=\"accelerometer; autoplay; clipboard-write; encrypted-media; gyroscope; picture-in-picture; web-share\" referrerpolicy=\"strict-origin-when-cross-origin\" allowfullscreen><\/iframe>\n<\/div><figcaption>Atos Bolsonaro Genocida em Portugal.<\/figcaption><\/figure>\n\n\n<p><strong><span style=\"color:#f80307;\" class=\"has-inline-color\">01\/05\/2021<\/span><\/strong><\/p>\n\n\n<figure class=\"wp-block-embed is-type-video is-provider-youtube wp-block-embed-youtube wp-embed-aspect-16-9 wp-has-aspect-ratio\"><div class=\"wp-block-embed__wrapper\">\n<iframe title=\"1\u00ba de Maio com FIBRA\" width=\"640\" height=\"360\" src=\"https:\/\/www.youtube.com\/embed\/2snI2SASFIA?feature=oembed\" frameborder=\"0\" allow=\"accelerometer; autoplay; clipboard-write; encrypted-media; gyroscope; picture-in-picture; web-share\" referrerpolicy=\"strict-origin-when-cross-origin\" allowfullscreen><\/iframe>\n<\/div><figcaption>Live de celebra\u00e7\u00e3o do 1o. de Maio sob a modera\u00e7\u00e3o de Fernanda Otero. <br>Tema: &#8220;1\u00ba de Maio com FIBRA.&#8221;<\/figcaption><\/figure>\n\n\n<p><strong><span style=\"color:#f80307;\" class=\"has-inline-color\">29\/04\/2021<\/span><\/strong><\/p>\n\n\n<figure class=\"wp-block-embed is-type-video is-provider-youtube wp-block-embed-youtube wp-embed-aspect-16-9 wp-has-aspect-ratio\"><div class=\"wp-block-embed__wrapper\">\n<iframe title=\"Entrevista sobre o Acordo Comercial Mercosul-Comunidade Europeia, com a euro-deputada Anna Cavazzini\" width=\"640\" height=\"360\" src=\"https:\/\/www.youtube.com\/embed\/FvSP4Bcin6A?feature=oembed\" frameborder=\"0\" allow=\"accelerometer; autoplay; clipboard-write; encrypted-media; gyroscope; picture-in-picture; web-share\" referrerpolicy=\"strict-origin-when-cross-origin\" allowfullscreen><\/iframe>\n<\/div><\/figure>\n\n\n<p><strong><span style=\"color:#f80307;\" class=\"has-inline-color\">20\/04\/2021<\/span><\/strong><\/p>\n\n\n<figure class=\"wp-block-embed is-type-video is-provider-youtube wp-block-embed-youtube wp-embed-aspect-16-9 wp-has-aspect-ratio\"><div class=\"wp-block-embed__wrapper\">\n<iframe title=\"Entrevista com o Presidente da OAB Nacional, Felipe Santa Cruz\" width=\"640\" height=\"360\" src=\"https:\/\/www.youtube.com\/embed\/XS9VreaIk7c?feature=oembed\" frameborder=\"0\" allow=\"accelerometer; autoplay; clipboard-write; encrypted-media; gyroscope; picture-in-picture; web-share\" referrerpolicy=\"strict-origin-when-cross-origin\" allowfullscreen><\/iframe>\n<\/div><figcaption>Fl\u00e1vio Carvalho entrevista para a FIBRA. <br>Tema: &#8220;Entrevista com o Presidente da OAB Nacional, Felipe Santa Cruz.&#8221;<\/figcaption><\/figure>\n\n\n<p><strong><span style=\"color:#f80307;\" class=\"has-inline-color\">17\/04\/2021<\/span><\/strong><\/p>\n\n\n<figure class=\"wp-block-embed is-type-video is-provider-youtube wp-block-embed-youtube wp-embed-aspect-16-9 wp-has-aspect-ratio\"><div class=\"wp-block-embed__wrapper\">\n<iframe title=\"A que modelo de Brasil voc\u00ea diz SIM? Ressignificando  o 17 de abril.\" width=\"640\" height=\"360\" src=\"https:\/\/www.youtube.com\/embed\/NmnCw78bq4c?feature=oembed\" frameborder=\"0\" allow=\"accelerometer; autoplay; clipboard-write; encrypted-media; gyroscope; picture-in-picture; web-share\" referrerpolicy=\"strict-origin-when-cross-origin\" allowfullscreen><\/iframe>\n<\/div><figcaption>Live tipo microfone aberto para celebrar os 5 anos da FIBRA.<br>Tema: &#8220;A que modelo de Brasil voc\u00ea diz SIM? Ressignificando o 17 de abril.&#8221;<\/figcaption><\/figure>\n\n\n<figure class=\"wp-block-embed is-type-video is-provider-youtube wp-block-embed-youtube wp-embed-aspect-16-9 wp-has-aspect-ratio\"><div class=\"wp-block-embed__wrapper\">\n<iframe title=\"Coletivo: STOP THE COUP IN BRAZIL - MADRID CONNECTION.\" width=\"640\" height=\"360\" src=\"https:\/\/www.youtube.com\/embed\/QOeusaKXMik?feature=oembed\" frameborder=\"0\" allow=\"accelerometer; autoplay; clipboard-write; encrypted-media; gyroscope; picture-in-picture; web-share\" referrerpolicy=\"strict-origin-when-cross-origin\" allowfullscreen><\/iframe>\n<\/div><figcaption>V\u00eddeo lan\u00e7ado pela celebra\u00e7\u00e3o dos 5 anos da FIBRA.<br>Tema: &#8220;Coletivo: STOP THE COUP IN BRAZIL &#8211; MADRID CONNECTION.&#8221;<\/figcaption><\/figure>\n\n\n<p><strong><span style=\"color:#f80307;\" class=\"has-inline-color\">13\/04\/2021<\/span><\/strong><\/p>\n\n\n<figure class=\"wp-block-embed is-type-video is-provider-youtube wp-block-embed-youtube wp-embed-aspect-16-9 wp-has-aspect-ratio\"><div class=\"wp-block-embed__wrapper\">\n<iframe title=\"Webinar Europa e Am\u00e9rica do Sul. Que Futuro?\" width=\"640\" height=\"360\" src=\"https:\/\/www.youtube.com\/embed\/IyU2mb5ZTJs?feature=oembed\" frameborder=\"0\" allow=\"accelerometer; autoplay; clipboard-write; encrypted-media; gyroscope; picture-in-picture; web-share\" referrerpolicy=\"strict-origin-when-cross-origin\" allowfullscreen><\/iframe>\n<\/div><\/figure>\n\n\n<p><strong><span style=\"color:#f80307;\" class=\"has-inline-color\">01\/04\/2021<\/span><\/strong><\/p>\n\n\n<figure class=\"wp-block-embed is-type-video is-provider-youtube wp-block-embed-youtube wp-embed-aspect-16-9 wp-has-aspect-ratio\"><div class=\"wp-block-embed__wrapper\">\n<iframe title=\"Acuerdo UE-Mercosur. Por qu\u00e9 NO ratificar\" width=\"640\" height=\"360\" src=\"https:\/\/www.youtube.com\/embed\/2KYaR2T3uHo?feature=oembed\" frameborder=\"0\" allow=\"accelerometer; autoplay; clipboard-write; encrypted-media; gyroscope; picture-in-picture; web-share\" referrerpolicy=\"strict-origin-when-cross-origin\" allowfullscreen><\/iframe>\n<\/div><figcaption>Live do coletivo FIRMES. <br>Tema: &#8220;Acuerdo EU-MERCOSUR, porque no ratificar.&#8221;<\/figcaption><\/figure>\n\n\n<p><strong><span style=\"color:#f80307;\" class=\"has-inline-color\">01\/04\/2021<\/span><\/strong><\/p>\n\n\n<figure class=\"wp-block-embed is-type-video is-provider-youtube wp-block-embed-youtube wp-embed-aspect-16-9 wp-has-aspect-ratio\"><div class=\"wp-block-embed__wrapper\">\n<iframe title=\"1964 - A ditadura e os dias de hoje\" width=\"640\" height=\"360\" src=\"https:\/\/www.youtube.com\/embed\/x9Um5XPWwkk?feature=oembed\" frameborder=\"0\" allow=\"accelerometer; autoplay; clipboard-write; encrypted-media; gyroscope; picture-in-picture; web-share\" referrerpolicy=\"strict-origin-when-cross-origin\" allowfullscreen><\/iframe>\n<\/div><figcaption>Live com o Comit\u00ea de Luta Canad\u00e1.<br>Tema: &#8220;1964 &#8211; A ditadura militar e sua rela\u00e7\u00e3o com os dias de hoje&#8221;. <\/figcaption><\/figure>\n\n\n<p><strong><span style=\"color:#f80307;\" class=\"has-inline-color\">31\/03\/2021<\/span><\/strong><\/p>\n\n\n<figure class=\"wp-block-embed is-type-video is-provider-youtube wp-block-embed-youtube wp-embed-aspect-4-3 wp-has-aspect-ratio\"><div class=\"wp-block-embed__wrapper\">\n<iframe title=\"Ditadura nunca mais!\" width=\"640\" height=\"480\" src=\"https:\/\/www.youtube.com\/embed\/Lo65bzIHTHU?feature=oembed\" frameborder=\"0\" allow=\"accelerometer; autoplay; clipboard-write; encrypted-media; gyroscope; picture-in-picture; web-share\" referrerpolicy=\"strict-origin-when-cross-origin\" allowfullscreen><\/iframe>\n<\/div><figcaption>Live onde brasileiros e brasileiras residentes na Alemanha relembram o Golpe de 1964 e exigem: Ditadura nunca mais!<br>Tema: &#8220;Ditadura nunca mais!&#8221;.<\/figcaption><\/figure>\n\n\n<p><strong><span style=\"color:#f80307;\" class=\"has-inline-color\">31\/03\/2021<\/span><\/strong><\/p>\n\n\n<figure class=\"wp-block-embed is-type-video is-provider-youtube wp-block-embed-youtube wp-embed-aspect-16-9 wp-has-aspect-ratio\"><div class=\"wp-block-embed__wrapper\">\n<iframe title=\"As mulheres na luta pol\u00edtica\" width=\"640\" height=\"360\" src=\"https:\/\/www.youtube.com\/embed\/KyDl5YxX-C8?feature=oembed\" frameborder=\"0\" allow=\"accelerometer; autoplay; clipboard-write; encrypted-media; gyroscope; picture-in-picture; web-share\" referrerpolicy=\"strict-origin-when-cross-origin\" allowfullscreen><\/iframe>\n<\/div><figcaption>Live do Coletivo Firmes. <br>Tema: &#8220;As mulheres na luta pol\u00edtica&#8221;<\/figcaption><\/figure>\n\n\n<p><strong><span style=\"color:#f80307;\" class=\"has-inline-color\">31\/03\/2021<\/span><\/strong><\/p>\n\n\n<figure class=\"wp-block-embed is-type-video is-provider-youtube wp-block-embed-youtube wp-embed-aspect-16-9 wp-has-aspect-ratio\"><div class=\"wp-block-embed__wrapper\">\n<iframe title=\"A farsa que virou trag\u00e9dia!...\" width=\"640\" height=\"360\" src=\"https:\/\/www.youtube.com\/embed\/s7a1J35cylo?feature=oembed\" frameborder=\"0\" allow=\"accelerometer; autoplay; clipboard-write; encrypted-media; gyroscope; picture-in-picture; web-share\" referrerpolicy=\"strict-origin-when-cross-origin\" allowfullscreen><\/iframe>\n<\/div><figcaption>Live com v\u00e1rios membros da Fibra. <br>Tema: &#8220;A farsa que virou trag\u00e9dia!&#8230;&#8221;<\/figcaption><\/figure>\n\n\n<p><strong><span style=\"color:#f80307;\" class=\"has-inline-color\">31\/03\/2021<\/span><\/strong><span style=\"color:#f90404;\" class=\"has-inline-color\"> &#8211; Parte II<\/span><\/p>\n\n\n<figure class=\"wp-block-embed is-type-video is-provider-youtube wp-block-embed-youtube wp-embed-aspect-16-9 wp-has-aspect-ratio\"><div class=\"wp-block-embed__wrapper\">\n<iframe title=\"&#039;Desafiament Trans - audeterminaci\u00f3, plenitud i drets&#039;&#039;\" width=\"640\" height=\"360\" src=\"https:\/\/www.youtube.com\/embed\/um5yldbHZSg?feature=oembed\" frameborder=\"0\" allow=\"accelerometer; autoplay; clipboard-write; encrypted-media; gyroscope; picture-in-picture; web-share\" referrerpolicy=\"strict-origin-when-cross-origin\" allowfullscreen><\/iframe>\n<\/div><figcaption>Evento ao vivo direto de Barcelona. Parte II<br>Tema: &#8220;&#8216;Desafiament Trans &#8211; audeterminaci\u00f3, plenitud i drets&#8221;<\/figcaption><\/figure>\n\n\n<p><strong><span style=\"color:#f80307;\" class=\"has-inline-color\">31\/03\/2021<\/span><\/strong><span style=\"color:#f90404;\" class=\"has-inline-color\"> &#8211; Parte I<\/span><\/p>\n\n\n<figure class=\"wp-block-embed is-type-video is-provider-youtube wp-block-embed-youtube wp-embed-aspect-16-9 wp-has-aspect-ratio\"><div class=\"wp-block-embed__wrapper\">\n<iframe title=\"&#039;&#039;Desafiament Trans - audeterminaci\u00f3, plenitud i drets&#039;&#039;\" width=\"640\" height=\"360\" src=\"https:\/\/www.youtube.com\/embed\/RzvKVghcF8k?feature=oembed\" frameborder=\"0\" allow=\"accelerometer; autoplay; clipboard-write; encrypted-media; gyroscope; picture-in-picture; web-share\" referrerpolicy=\"strict-origin-when-cross-origin\" allowfullscreen><\/iframe>\n<\/div><figcaption>Evento ao vivo direto de Barcelona. Parte I<br>Tema: &#8220;&#8216;Desafiament Trans &#8211; audeterminaci\u00f3, plenitud i drets&#8221;<\/figcaption><\/figure>\n\n\n<p><strong><span style=\"color:#f80307;\" class=\"has-inline-color\">28\/03\/2021<\/span><\/strong><\/p>\n\n\n<figure class=\"wp-block-embed is-type-video is-provider-youtube wp-block-embed-youtube wp-embed-aspect-16-9 wp-has-aspect-ratio\"><div class=\"wp-block-embed__wrapper\">\n<iframe title=\"Bolsornaro Genocida  (ao vivo de Londres)\" width=\"640\" height=\"360\" src=\"https:\/\/www.youtube.com\/embed\/v9lnmNqG2T4?feature=oembed\" frameborder=\"0\" allow=\"accelerometer; autoplay; clipboard-write; encrypted-media; gyroscope; picture-in-picture; web-share\" referrerpolicy=\"strict-origin-when-cross-origin\" allowfullscreen><\/iframe>\n<\/div><figcaption>Live de ato nas ruas de Londres com o coletivo Democracy for Brazil. <br>Tema: &#8220;Bolsonaro Genocida&#8221;.<\/figcaption><\/figure>\n\n\n<p><strong><span style=\"color:#f80307;\" class=\"has-inline-color\">27\/03\/2021<\/span><\/strong><\/p>\n\n\n<figure class=\"wp-block-embed is-type-video is-provider-youtube wp-block-embed-youtube wp-embed-aspect-16-9 wp-has-aspect-ratio\"><div class=\"wp-block-embed__wrapper\">\n<iframe title=\"Boal, Freire e B\u00e1rbara Santos\" width=\"640\" height=\"360\" src=\"https:\/\/www.youtube.com\/embed\/mG2TBsYT02s?feature=oembed\" frameborder=\"0\" allow=\"accelerometer; autoplay; clipboard-write; encrypted-media; gyroscope; picture-in-picture; web-share\" referrerpolicy=\"strict-origin-when-cross-origin\" allowfullscreen><\/iframe>\n<\/div><figcaption>Entrevista exclusiva para a Fibra, 27 de mar\u00e7o, dia do teatro. <br>Tema: &#8220;Boal, Freire e B\u00e1rbara Santos&#8221;<br><\/figcaption><\/figure>\n\n\n<p><strong><span style=\"color:#f80307;\" class=\"has-inline-color\">24\/03\/2021<\/span><\/strong><\/p>\n\n\n<figure class=\"wp-block-embed is-type-video is-provider-youtube wp-block-embed-youtube wp-embed-aspect-16-9 wp-has-aspect-ratio\"><div class=\"wp-block-embed__wrapper\">\n<iframe title=\"Live excepcional \u00ab\u00a0Dia 24\/03 dia de Paraliza\u00e7\u00e3o Nacional Pela Vida\u00a0\u00bb\" width=\"640\" height=\"360\" src=\"https:\/\/www.youtube.com\/embed\/9h1zuihA1y0?feature=oembed\" frameborder=\"0\" allow=\"accelerometer; autoplay; clipboard-write; encrypted-media; gyroscope; picture-in-picture; web-share\" referrerpolicy=\"strict-origin-when-cross-origin\" allowfullscreen><\/iframe>\n<\/div><figcaption>Live excepcional \u00ab&nbsp;Dia 24\/03 dia de Paraliza\u00e7\u00e3o Nacional Pela Vida&nbsp;\u00bb<\/figcaption><\/figure>\n\n\n<p><strong><span style=\"color:#f80307;\" class=\"has-inline-color\">21\/03\/2021<\/span><\/strong><\/p>\n\n\n<figure class=\"wp-block-embed is-type-video is-provider-youtube wp-block-embed-youtube wp-embed-aspect-16-9 wp-has-aspect-ratio\"><div class=\"wp-block-embed__wrapper\">\n<iframe title=\"21M DIA INTERNACIONAL DO COMBATE \u00c0 DISCRIMINA\u00c7\u00c3O RACIAL\" width=\"640\" height=\"360\" src=\"https:\/\/www.youtube.com\/embed\/3bEYm8sjlWg?feature=oembed\" frameborder=\"0\" allow=\"accelerometer; autoplay; clipboard-write; encrypted-media; gyroscope; picture-in-picture; web-share\" referrerpolicy=\"strict-origin-when-cross-origin\" allowfullscreen><\/iframe>\n<\/div><\/figure>\n\n\n<p><strong><span style=\"color:#f80307;\" class=\"has-inline-color\">21\/03\/2021<\/span><\/strong><\/p>\n\n\n<figure class=\"wp-block-embed is-type-video is-provider-youtube wp-block-embed-youtube wp-embed-aspect-16-9 wp-has-aspect-ratio\"><div class=\"wp-block-embed__wrapper\">\n<iframe title=\"Dia Internacional Contra a Discrimina\u00e7\u00e3o Racial\" width=\"640\" height=\"360\" src=\"https:\/\/www.youtube.com\/embed\/dgJwZvxdOU4?feature=oembed\" frameborder=\"0\" allow=\"accelerometer; autoplay; clipboard-write; encrypted-media; gyroscope; picture-in-picture; web-share\" referrerpolicy=\"strict-origin-when-cross-origin\" allowfullscreen><\/iframe>\n<\/div><\/figure>\n\n\n<p><strong><span style=\"color:#f80307;\" class=\"has-inline-color\">21\/03\/2021<\/span><\/strong><\/p>\n\n\n<figure class=\"wp-block-embed is-type-rich is-provider-instagram wp-block-embed-instagram\"><div class=\"wp-block-embed__wrapper\">\nhttps:\/\/www.instagram.com\/tv\/CMpwBqXocDv\/?utm_source=ig_web_copy_link\n<\/div><figcaption>Conversa com Gilv\u00e2nia Silva, quilombola, educadora do quilombo Concei\u00e7\u00e3o das Crioulas (Salgueiro\/Pernambuco), sobre a hist\u00f3ria e a atualidade do Quilombo no Brasil<\/figcaption><\/figure>\n\n\n<p><strong><span style=\"color:#f80307;\" class=\"has-inline-color\">20\/03\/2021<\/span><\/strong><\/p>\n\n\n<figure class=\"wp-block-embed is-type-video is-provider-youtube wp-block-embed-youtube wp-embed-aspect-16-9 wp-has-aspect-ratio\"><div class=\"wp-block-embed__wrapper\">\n<iframe title=\"Marielle Franco: Sementes pelo Mundo \u2013 Legado e resist\u00eancia\" width=\"640\" height=\"360\" src=\"https:\/\/www.youtube.com\/embed\/Co56UTuTTPs?feature=oembed\" frameborder=\"0\" allow=\"accelerometer; autoplay; clipboard-write; encrypted-media; gyroscope; picture-in-picture; web-share\" referrerpolicy=\"strict-origin-when-cross-origin\" allowfullscreen><\/iframe>\n<\/div><\/figure>\n\n\n<p><strong><span style=\"color:#f80307;\" class=\"has-inline-color\">14\/03\/2021<\/span><\/strong><\/p>\n\n\n<figure class=\"wp-block-embed is-type-video is-provider-youtube wp-block-embed-youtube wp-embed-aspect-16-9 wp-has-aspect-ratio\"><div class=\"wp-block-embed__wrapper\">\n<iframe title=\"Ato por Justi\u00e7a para Marielle (Democracy for Brasil - UK)\" width=\"640\" height=\"360\" src=\"https:\/\/www.youtube.com\/embed\/1uiTWpxjwFM?feature=oembed\" frameborder=\"0\" allow=\"accelerometer; autoplay; clipboard-write; encrypted-media; gyroscope; picture-in-picture; web-share\" referrerpolicy=\"strict-origin-when-cross-origin\" allowfullscreen><\/iframe>\n<\/div><figcaption>Ato presencial em Londres pelos 3 anos da morte de Marielle Franco e Anderson Silva. Coletivo Democracy for Brasil &#8211; UK.<br>Tema: &#8220;Ato por Justi\u00e7a para Marielle (Democracy for Brasil &#8211; UK)&#8221;<\/figcaption><\/figure>\n\n\n<p><strong><span style=\"color:#f80307;\" class=\"has-inline-color\">14\/03\/2021<\/span><\/strong><\/p>\n\n\n<figure class=\"wp-block-embed is-type-video is-provider-youtube wp-block-embed-youtube wp-embed-aspect-16-9 wp-has-aspect-ratio\"><div class=\"wp-block-embed__wrapper\">\n<iframe title=\"Marielle, presente!\" width=\"640\" height=\"360\" src=\"https:\/\/www.youtube.com\/embed\/HjdjH-VcYNE?feature=oembed\" frameborder=\"0\" allow=\"accelerometer; autoplay; clipboard-write; encrypted-media; gyroscope; picture-in-picture; web-share\" referrerpolicy=\"strict-origin-when-cross-origin\" allowfullscreen><\/iframe>\n<\/div><figcaption>V\u00eddeo: Quem mandou matar Marielle Franco? E por qu\u00ea?<\/figcaption><\/figure>\n\n\n<p><strong><span style=\"color:#f80307;\" class=\"has-inline-color\">14\/03\/2021<\/span><\/strong><\/p>\n\n\n<figure class=\"wp-block-embed is-type-video is-provider-youtube wp-block-embed-youtube wp-embed-aspect-16-9 wp-has-aspect-ratio\"><div class=\"wp-block-embed__wrapper\">\n<iframe title=\"Marielle Franco, presente!\" width=\"640\" height=\"360\" src=\"https:\/\/www.youtube.com\/embed\/BerjpNNimiw?feature=oembed\" frameborder=\"0\" allow=\"accelerometer; autoplay; clipboard-write; encrypted-media; gyroscope; picture-in-picture; web-share\" referrerpolicy=\"strict-origin-when-cross-origin\" allowfullscreen><\/iframe>\n<\/div><figcaption>V\u00eddeo: Quem mandou matar Marielle Franco? E por qu\u00ea?<\/figcaption><\/figure>\n\n\n<p><strong><span style=\"color:#f80307;\" class=\"has-inline-color\">14\/03\/2021<\/span><\/strong><\/p>\n\n\n<figure class=\"wp-block-embed is-type-video is-provider-youtube wp-block-embed-youtube wp-embed-aspect-4-3 wp-has-aspect-ratio\"><div class=\"wp-block-embed__wrapper\">\n<iframe title=\"Marielle, presente!\" width=\"640\" height=\"480\" src=\"https:\/\/www.youtube.com\/embed\/w0t8YtKQYjI?feature=oembed\" frameborder=\"0\" allow=\"accelerometer; autoplay; clipboard-write; encrypted-media; gyroscope; picture-in-picture; web-share\" referrerpolicy=\"strict-origin-when-cross-origin\" allowfullscreen><\/iframe>\n<\/div><figcaption>V\u00eddeo: Quem mandou matar Marielle Franco? E por qu\u00ea?<\/figcaption><\/figure>\n\n\n<p><strong><span style=\"color:#f80307;\" class=\"has-inline-color\">14\/03\/2021<\/span><\/strong><\/p>\n\n\n<figure class=\"wp-block-embed is-type-video is-provider-youtube wp-block-embed-youtube wp-embed-aspect-16-9 wp-has-aspect-ratio\"><div class=\"wp-block-embed__wrapper\">\n<iframe title=\"V\u00eddeo Coletivo: Quem mandou matar Marielle Franco? E por qu\u00ea?\" width=\"640\" height=\"360\" src=\"https:\/\/www.youtube.com\/embed\/7m6lQGvqEVc?feature=oembed\" frameborder=\"0\" allow=\"accelerometer; autoplay; clipboard-write; encrypted-media; gyroscope; picture-in-picture; web-share\" referrerpolicy=\"strict-origin-when-cross-origin\" allowfullscreen><\/iframe>\n<\/div><figcaption>V\u00eddeo Coletivo: Quem mandou matar Marielle Franco? E por qu\u00ea?<\/figcaption><\/figure>\n\n\n<p><strong><span style=\"color:#f80307;\" class=\"has-inline-color\">13\/03\/2021<\/span><\/strong><\/p>\n\n\n<figure class=\"wp-block-embed is-type-video is-provider-youtube wp-block-embed-youtube wp-embed-aspect-16-9 wp-has-aspect-ratio\"><div class=\"wp-block-embed__wrapper\">\n<iframe title=\"Sarau Internacional Sementes\" width=\"640\" height=\"360\" src=\"https:\/\/www.youtube.com\/embed\/ToK4mr0iLoE?feature=oembed\" frameborder=\"0\" allow=\"accelerometer; autoplay; clipboard-write; encrypted-media; gyroscope; picture-in-picture; web-share\" referrerpolicy=\"strict-origin-when-cross-origin\" allowfullscreen><\/iframe>\n<\/div><figcaption>Sarau Internacional Sementes<\/figcaption><\/figure>\n\n\n<p><strong><span style=\"color:#f60216;\" class=\"has-inline-color\">10\/03\/2021<\/span><\/strong><\/p>\n\n\n<figure class=\"wp-block-embed is-type-video is-provider-youtube wp-block-embed-youtube wp-embed-aspect-16-9 wp-has-aspect-ratio\"><div class=\"wp-block-embed__wrapper\">\n<iframe title=\"Retransmiss\u00e3o da coletiva de Lula\" width=\"640\" height=\"360\" src=\"https:\/\/www.youtube.com\/embed\/DxCmNH_d9W8?feature=oembed\" frameborder=\"0\" allow=\"accelerometer; autoplay; clipboard-write; encrypted-media; gyroscope; picture-in-picture; web-share\" referrerpolicy=\"strict-origin-when-cross-origin\" allowfullscreen><\/iframe>\n<\/div><figcaption>Retransmiss\u00e3o da coletiva de Lula<\/figcaption><\/figure>\n\n\n<p><strong><span style=\"color:#f80317;\" class=\"has-inline-color\">08\/03\/2021<\/span><\/strong><\/p>\n\n\n<figure class=\"wp-block-embed is-type-video is-provider-youtube wp-block-embed-youtube wp-embed-aspect-16-9 wp-has-aspect-ratio\"><div class=\"wp-block-embed__wrapper\">\n<iframe title=\"Lula Livre - Discutimos a decis\u00e3o de Fachin\" width=\"640\" height=\"360\" src=\"https:\/\/www.youtube.com\/embed\/pDMbLW3PIxo?feature=oembed\" frameborder=\"0\" allow=\"accelerometer; autoplay; clipboard-write; encrypted-media; gyroscope; picture-in-picture; web-share\" referrerpolicy=\"strict-origin-when-cross-origin\" allowfullscreen><\/iframe>\n<\/div><figcaption>Lula Livre &#8211; Discutimos a decis\u00e3o de Fachin<\/figcaption><\/figure>\n\n\n<p><strong><span style=\"color:#f80317;\" class=\"has-inline-color\">08\/03\/2021<\/span><\/strong><\/p>\n\n\n<figure class=\"wp-block-embed is-type-video is-provider-youtube wp-block-embed-youtube wp-embed-aspect-16-9 wp-has-aspect-ratio\"><div class=\"wp-block-embed__wrapper\">\n<iframe title=\"8M Especial: A Vez da nossa voz!\" width=\"640\" height=\"360\" src=\"https:\/\/www.youtube.com\/embed\/mzFIt9WFFNU?feature=oembed\" frameborder=\"0\" allow=\"accelerometer; autoplay; clipboard-write; encrypted-media; gyroscope; picture-in-picture; web-share\" referrerpolicy=\"strict-origin-when-cross-origin\" allowfullscreen><\/iframe>\n<\/div><figcaption>Live em Hamburgo sobre o #8M.<br>Tema: &#8220;8M Especial: A Vez da nossa voz!&#8221;<\/figcaption><\/figure>\n\n\n<p><strong><span style=\"color:#f80317;\" class=\"has-inline-color\">02\/03\/2021<\/span><\/strong><\/p>\n\n\n<figure class=\"wp-block-embed is-type-video is-provider-youtube wp-block-embed-youtube wp-embed-aspect-16-9 wp-has-aspect-ratio\"><div class=\"wp-block-embed__wrapper\">\n<iframe title=\"Entre-FIBRA, o novo programa de entrevistas da FIBRA\" width=\"640\" height=\"360\" src=\"https:\/\/www.youtube.com\/embed\/nXmyaS0qPUo?feature=oembed\" frameborder=\"0\" allow=\"accelerometer; autoplay; clipboard-write; encrypted-media; gyroscope; picture-in-picture; web-share\" referrerpolicy=\"strict-origin-when-cross-origin\" allowfullscreen><\/iframe>\n<\/div><figcaption>Estr\u00e9ia do programa de entrevistas Entre-Fibra.<br>Tema: &#8220;Fl\u00e1vio Carvalho conversa com M\u00f4nica Ben\u00edcio.&#8221;<\/figcaption><\/figure>\n\n\n<p><strong><span style=\"color:#f90317;\" class=\"has-inline-color\">20\/02\/2021<\/span><\/strong><\/p>\n\n\n<figure class=\"wp-block-embed is-type-video is-provider-youtube wp-block-embed-youtube wp-embed-aspect-16-9 wp-has-aspect-ratio\"><div class=\"wp-block-embed__wrapper\">\n<iframe title=\"Memoria, verdad y justicia. 50 a\u00f1os del FRENTE AMPLIO de Uruguay.\" width=\"640\" height=\"360\" src=\"https:\/\/www.youtube.com\/embed\/nMiU2LjZf4g?feature=oembed\" frameborder=\"0\" allow=\"accelerometer; autoplay; clipboard-write; encrypted-media; gyroscope; picture-in-picture; web-share\" referrerpolicy=\"strict-origin-when-cross-origin\" allowfullscreen><\/iframe>\n<\/div><figcaption>Live da Firmes.<br>Tema: &#8220;Memoria, verdad y justicia. 50 a\u00f1os del FRENTE AMPLIO de Uruguay.&#8221;<\/figcaption><\/figure>\n\n\n<p><strong><span style=\"color:#f60404;\" class=\"has-inline-color\">18\/02\/2021<\/span><\/strong><\/p>\n\n\n<figure class=\"wp-block-embed is-type-video is-provider-youtube wp-block-embed-youtube wp-embed-aspect-16-9 wp-has-aspect-ratio\"><div class=\"wp-block-embed__wrapper\">\n<iframe title=\"O Brasil contempor\u00e2neo e a Democracia\" width=\"640\" height=\"360\" src=\"https:\/\/www.youtube.com\/embed\/Ns0qOFQwGmI?feature=oembed\" frameborder=\"0\" allow=\"accelerometer; autoplay; clipboard-write; encrypted-media; gyroscope; picture-in-picture; web-share\" referrerpolicy=\"strict-origin-when-cross-origin\" allowfullscreen><\/iframe>\n<\/div><figcaption>Live do Coletivo Andorinha e Livros Outro Modo.<br>Tema: &#8220;O Brasil contempor\u00e2neo e a Democracia.&#8221;<\/figcaption><\/figure>\n\n\n<p><strong><span style=\"color:#f90202;\" class=\"has-inline-color\">05\/02\/2021<\/span><\/strong><\/p>\n\n\n<figure class=\"wp-block-embed is-type-video is-provider-youtube wp-block-embed-youtube wp-embed-aspect-16-9 wp-has-aspect-ratio\"><div class=\"wp-block-embed__wrapper\">\n<iframe title=\"\ud83c\udfad Ato Carnavalesco Carnaval do &quot;Vira Cuca&quot; \ud83d\udc0a Cultura \u00e9 resist\u00eancia: vacina\u00e7\u00e3o j\u00e1!\" width=\"640\" height=\"360\" src=\"https:\/\/www.youtube.com\/embed\/zr-MH-YquPA?feature=oembed\" frameborder=\"0\" allow=\"accelerometer; autoplay; clipboard-write; encrypted-media; gyroscope; picture-in-picture; web-share\" referrerpolicy=\"strict-origin-when-cross-origin\" allowfullscreen><\/iframe>\n<\/div><figcaption>Live promocional do Ato Carnavalesco Carnaval do &#8220;Vira Cuca&#8221; \ud83d\udc0a Cultura \u00e9 resist\u00eancia: vacina\u00e7\u00e3o j\u00e1!<\/figcaption><\/figure>\n\n\n<p><strong><span style=\"color:#f80303;\" class=\"has-inline-color\">02\/02\/2021<\/span><\/strong><\/p>\n\n\n<figure class=\"wp-block-embed is-type-video is-provider-youtube wp-block-embed-youtube wp-embed-aspect-16-9 wp-has-aspect-ratio\"><div class=\"wp-block-embed__wrapper\">\n<iframe title=\"Di\u00e1logos com o Mar: Imigra\u00e7\u00e3o\" width=\"640\" height=\"360\" src=\"https:\/\/www.youtube.com\/embed\/M031Qj1NN-g?feature=oembed\" frameborder=\"0\" allow=\"accelerometer; autoplay; clipboard-write; encrypted-media; gyroscope; picture-in-picture; web-share\" referrerpolicy=\"strict-origin-when-cross-origin\" allowfullscreen><\/iframe>\n<\/div><figcaption>Live apresentada por Elizabeth Firmino e Ermeson Vieira. <br>Tema: &#8220;Di\u00e1logos com o Mar: Imigra\u00e7\u00e3o&#8221;<\/figcaption><\/figure>\n\n\n<p><strong><span style=\"color:#f90101;\" class=\"has-inline-color\">31\/01\/2021<\/span><\/strong><\/p>\n\n\n<figure class=\"wp-block-embed is-type-video is-provider-youtube wp-block-embed-youtube wp-embed-aspect-16-9 wp-has-aspect-ratio\"><div class=\"wp-block-embed__wrapper\">\n<iframe title=\"Encerramento - Painel 7 - #StopBolsonaroMundial\u200b - 4\u00aa Edi\u00e7\u00e3o\" width=\"640\" height=\"360\" src=\"https:\/\/www.youtube.com\/embed\/1M_1wQoe7W0?feature=oembed\" frameborder=\"0\" allow=\"accelerometer; autoplay; clipboard-write; encrypted-media; gyroscope; picture-in-picture; web-share\" referrerpolicy=\"strict-origin-when-cross-origin\" allowfullscreen><\/iframe>\n<\/div><figcaption>Encerramento &#8211; Painel 7 &#8211;&nbsp;<a href=\"https:\/\/www.youtube.com\/hashtag\/stopbolsonaromundial\">#StopBolsonaroMundial\u200b<\/a>\u200b&nbsp;&#8211; 4\u00aa Edi\u00e7\u00e3o<\/figcaption><\/figure>\n\n\n<p><strong><span style=\"color:#f70202;\" class=\"has-inline-color\">31\/01\/2021<\/span><\/strong><\/p>\n\n\n<figure class=\"wp-block-embed is-type-rich is-provider-embed-handler wp-block-embed-embed-handler wp-embed-aspect-16-9 wp-has-aspect-ratio\"><div class=\"wp-block-embed__wrapper\">\nhttps:\/\/youtu.be\/-e4vJc0b3S0\n<\/div><figcaption>Plen\u00e1ria Fora Bolsonaro &#8211; Painel 6 &#8211;&nbsp;<a href=\"https:\/\/www.youtube.com\/hashtag\/stopbolsonaromundial\">#StopBolsonaroMundial\u200b<\/a>\u200b&nbsp;&#8211; 4\u00aa Edi\u00e7\u00e3o<\/figcaption><\/figure>\n\n\n<p><strong><span style=\"color:#f90303;\" class=\"has-inline-color\">31\/01\/2021<\/span><\/strong><\/p>\n\n\n<figure class=\"wp-block-embed is-type-video is-provider-youtube wp-block-embed-youtube wp-embed-aspect-16-9 wp-has-aspect-ratio\"><div class=\"wp-block-embed__wrapper\">\n<iframe title=\"Do pandem\u00f4nio \u00e0 pandemia : Painel 5 : 4\u00b0 #StopBolsonaroMundial\" width=\"640\" height=\"360\" src=\"https:\/\/www.youtube.com\/embed\/qgcCz8M2d40?feature=oembed\" frameborder=\"0\" allow=\"accelerometer; autoplay; clipboard-write; encrypted-media; gyroscope; picture-in-picture; web-share\" referrerpolicy=\"strict-origin-when-cross-origin\" allowfullscreen><\/iframe>\n<\/div><figcaption>Do pandem\u00f4nio \u00e0 pandemia &#8211; Painel 5 &#8211;&nbsp;<a href=\"https:\/\/www.youtube.com\/hashtag\/stopbolsonaromundial\">#StopBolsonaroMundial\u200b<\/a>\u200b&nbsp;&#8211; 4\u00aa Edi\u00e7\u00e3o<\/figcaption><\/figure>\n\n\n<p><strong><span style=\"color:#fa0202;\" class=\"has-inline-color\">31\/01\/2021<\/span><\/strong><\/p>\n\n\n<figure class=\"wp-block-embed is-type-video is-provider-youtube wp-block-embed-youtube wp-embed-aspect-16-9 wp-has-aspect-ratio\"><div class=\"wp-block-embed__wrapper\">\n<iframe title=\"Desconstru\u00e7\u00e3o do patriarcado : Painel 4 : 4\u00b0 #StopBolsonaroMundial\" width=\"640\" height=\"360\" src=\"https:\/\/www.youtube.com\/embed\/lXXYx_UzlSs?feature=oembed\" frameborder=\"0\" allow=\"accelerometer; autoplay; clipboard-write; encrypted-media; gyroscope; picture-in-picture; web-share\" referrerpolicy=\"strict-origin-when-cross-origin\" allowfullscreen><\/iframe>\n<\/div><figcaption>Desconstru\u00e7\u00e3o do patriarcado &#8211; Painel 4 &#8211;&nbsp;<a href=\"https:\/\/www.youtube.com\/hashtag\/stopbolsonaromundial\">#StopBolsonaroMundial<\/a>\u200b&nbsp;&#8211; 4\u00aa Edi\u00e7\u00e3o<\/figcaption><\/figure>\n\n\n<p><strong><span style=\"color:#f60703;\" class=\"has-inline-color\">31\/01\/2021<\/span><\/strong><\/p>\n\n\n<figure class=\"wp-block-embed is-type-video is-provider-youtube wp-block-embed-youtube wp-embed-aspect-16-9 wp-has-aspect-ratio\"><div class=\"wp-block-embed__wrapper\">\n<iframe title=\"Crise socioambiental  - Painel 3 - #StopBolsonaroMundial - 4\u00aa Edi\u00e7\u00e3o\" width=\"640\" height=\"360\" src=\"https:\/\/www.youtube.com\/embed\/l8JZQTW_8os?feature=oembed\" frameborder=\"0\" allow=\"accelerometer; autoplay; clipboard-write; encrypted-media; gyroscope; picture-in-picture; web-share\" referrerpolicy=\"strict-origin-when-cross-origin\" allowfullscreen><\/iframe>\n<\/div><figcaption>Crise socioambiental &#8211; Painel 3 &#8211;&nbsp;<a href=\"https:\/\/www.youtube.com\/hashtag\/stopbolsonaromundial\">#StopBolsonaroMundial<\/a>\u200b&nbsp;&#8211; 4\u00aa Edi\u00e7\u00e3o<\/figcaption><\/figure>\n\n\n<p><strong><span style=\"color:#fb0202;\" class=\"has-inline-color\">31\/01\/2021<\/span><\/strong><\/p>\n\n\n<figure class=\"wp-block-embed is-type-video is-provider-youtube wp-block-embed-youtube wp-embed-aspect-16-9 wp-has-aspect-ratio\"><div class=\"wp-block-embed__wrapper\">\n<iframe title=\"Crise Econ\u00f4mica e Social : Painel 2 : #StopBolsonaroMundial 4\u00aa Edi\u00e7\u00e3o\" width=\"640\" height=\"360\" src=\"https:\/\/www.youtube.com\/embed\/YoDu4Ugaebs?feature=oembed\" frameborder=\"0\" allow=\"accelerometer; autoplay; clipboard-write; encrypted-media; gyroscope; picture-in-picture; web-share\" referrerpolicy=\"strict-origin-when-cross-origin\" allowfullscreen><\/iframe>\n<\/div><figcaption>Crise Econ\u00f4mica e Social : Painel 2 :&nbsp;<a href=\"https:\/\/www.youtube.com\/hashtag\/stopbolsonaromundial\">#StopBolsonaroMundial<\/a>\u200b&nbsp;4\u00aa Edi\u00e7\u00e3o<\/figcaption><\/figure>\n\n\n<p><strong><span style=\"color:#f70202;\" class=\"has-inline-color\">31\/01\/2021<\/span><\/strong><\/p>\n\n\n<figure class=\"wp-block-embed is-type-video is-provider-youtube wp-block-embed-youtube wp-embed-aspect-16-9 wp-has-aspect-ratio\"><div class=\"wp-block-embed__wrapper\">\n<iframe title=\"Racismo : Painel 1 : #StopBolsonaroMundial 4\u00aa Edi\u00e7\u00e3o\" width=\"640\" height=\"360\" src=\"https:\/\/www.youtube.com\/embed\/W9ztmREhWxI?feature=oembed\" frameborder=\"0\" allow=\"accelerometer; autoplay; clipboard-write; encrypted-media; gyroscope; picture-in-picture; web-share\" referrerpolicy=\"strict-origin-when-cross-origin\" allowfullscreen><\/iframe>\n<\/div><figcaption>Racismo &#8211; Painel 1 &#8211;&nbsp;<a href=\"https:\/\/www.youtube.com\/hashtag\/stopbolsonaromundial\">#StopBolsonaroMundial<\/a>\u200b&nbsp;&#8211; 4\u00aa Edi\u00e7\u00e3o<\/figcaption><\/figure>\n\n\n<p><strong><span style=\"color:#f80602;\" class=\"has-inline-color\">30\/01\/2021<\/span><\/strong><\/p>\n\n\n<figure class=\"wp-block-embed is-type-video is-provider-youtube wp-block-embed-youtube wp-embed-aspect-16-9 wp-has-aspect-ratio\"><div class=\"wp-block-embed__wrapper\">\n<iframe title=\"Stop Bolsonaro Mundial 4\u00aa Edici\u00f3n - Acto virtual Espa\u00f1a\" width=\"640\" height=\"360\" src=\"https:\/\/www.youtube.com\/embed\/dj5TqJbLWmw?feature=oembed\" frameborder=\"0\" allow=\"accelerometer; autoplay; clipboard-write; encrypted-media; gyroscope; picture-in-picture; web-share\" referrerpolicy=\"strict-origin-when-cross-origin\" allowfullscreen><\/iframe>\n<\/div><figcaption>Stop Bolsonaro Mundial 4\u00aa Edici\u00f3n &#8211; Acto virtual Espa\u00f1a<\/figcaption><\/figure>\n\n\n<p><strong><span style=\"color:#fa0303;\" class=\"has-inline-color\">30\/01\/2021<\/span><\/strong><\/p>\n\n\n<figure class=\"wp-block-embed is-type-video is-provider-youtube wp-block-embed-youtube wp-embed-aspect-16-9 wp-has-aspect-ratio\"><div class=\"wp-block-embed__wrapper\">\n<iframe title=\"7\u00b0 Boletim Stop Bolsonaro Mundial Youtube - S\u00e1bado, \u00e0s 19h (Bras\u00edlia)\" width=\"640\" height=\"360\" src=\"https:\/\/www.youtube.com\/embed\/lae02OcynS0?feature=oembed\" frameborder=\"0\" allow=\"accelerometer; autoplay; clipboard-write; encrypted-media; gyroscope; picture-in-picture; web-share\" referrerpolicy=\"strict-origin-when-cross-origin\" allowfullscreen><\/iframe>\n<\/div><figcaption>7\u00b0 Boletim Stop Bolsonaro Mundial Youtube &#8211; S\u00e1bado, \u00e0s 19h (Bras\u00edlia)<\/figcaption><\/figure>\n\n\n<p><strong><span style=\"color:#f80202;\" class=\"has-inline-color\">29\/01\/2021<\/span><\/strong><\/p>\n\n\n<figure class=\"wp-block-embed is-type-video is-provider-youtube wp-block-embed-youtube wp-embed-aspect-16-9 wp-has-aspect-ratio\"><div class=\"wp-block-embed__wrapper\">\n<iframe title=\"6\u00b0 Boletim Stop Bolsonaro Mundial Youtube - Sexta, \u00e0s 19h (Bras\u00edlia)\" width=\"640\" height=\"360\" src=\"https:\/\/www.youtube.com\/embed\/-NvP6kc6rXw?feature=oembed\" frameborder=\"0\" allow=\"accelerometer; autoplay; clipboard-write; encrypted-media; gyroscope; picture-in-picture; web-share\" referrerpolicy=\"strict-origin-when-cross-origin\" allowfullscreen><\/iframe>\n<\/div><figcaption>6\u00b0 BOLETIM STOP BOLSONARO MUNDIAL &#8211; Sexta-feira, \u00e0s 19h (Bras\u00edlia)<\/figcaption><\/figure>\n\n\n<p><strong><span style=\"color:#f80303;\" class=\"has-inline-color\">29\/01\/2021<\/span><\/strong><\/p>\n\n\n<figure class=\"wp-block-embed is-type-video is-provider-youtube wp-block-embed-youtube wp-embed-aspect-16-9 wp-has-aspect-ratio\"><div class=\"wp-block-embed__wrapper\">\n<iframe title=\"Arte-ativismo, a\u00e7\u00f5es em tempos de pandemia\" width=\"640\" height=\"360\" src=\"https:\/\/www.youtube.com\/embed\/eMcKy98uuQc?feature=oembed\" frameborder=\"0\" allow=\"accelerometer; autoplay; clipboard-write; encrypted-media; gyroscope; picture-in-picture; web-share\" referrerpolicy=\"strict-origin-when-cross-origin\" allowfullscreen><\/iframe>\n<\/div><figcaption>Live Coletivo Alerte France Br\u00e9sil\/MD18 officiel<br>Tema: &#8220;Arte-ativismo, a\u00e7\u00f5es em tempos de pandemia&#8221;<\/figcaption><\/figure>\n\n\n<p><strong><span style=\"color:#f80703;\" class=\"has-inline-color\">29\/01\/2021<\/span><\/strong><\/p>\n\n\n<figure class=\"wp-block-embed is-type-video is-provider-youtube wp-block-embed-youtube wp-embed-aspect-16-9 wp-has-aspect-ratio\"><div class=\"wp-block-embed__wrapper\">\n<iframe title=\"G\u00caNERO, RELIGI\u00c3O E DEMOCRACIA\" width=\"640\" height=\"360\" src=\"https:\/\/www.youtube.com\/embed\/3hBXOLLB3fw?feature=oembed\" frameborder=\"0\" allow=\"accelerometer; autoplay; clipboard-write; encrypted-media; gyroscope; picture-in-picture; web-share\" referrerpolicy=\"strict-origin-when-cross-origin\" allowfullscreen><\/iframe>\n<\/div><figcaption>Live do Colectivo Venus Urania Asociaci\u00f3n Cultural y Art\u00edstica.<br>Tema: &#8220;G\u00caNERO, RELIGI\u00c3O E DEMOCRACIA&#8221;<\/figcaption><\/figure>\n\n\n<p><strong><span style=\"color:#f80202;\" class=\"has-inline-color\">29\/01\/2021<\/span><\/strong><\/p>\n\n\n<figure class=\"wp-block-embed is-type-video is-provider-youtube wp-block-embed-youtube wp-embed-aspect-16-9 wp-has-aspect-ratio\"><div class=\"wp-block-embed__wrapper\">\n<iframe title=\"O trabalho dos m\u00fasicos brasileiros no exterior: M\u00fasica e Resist\u00eancia!\" width=\"640\" height=\"360\" src=\"https:\/\/www.youtube.com\/embed\/Zd5iylI3g-s?feature=oembed\" frameborder=\"0\" allow=\"accelerometer; autoplay; clipboard-write; encrypted-media; gyroscope; picture-in-picture; web-share\" referrerpolicy=\"strict-origin-when-cross-origin\" allowfullscreen><\/iframe>\n<\/div><figcaption>Live do Coletivo Desmacarando Bolsonaro J\u00e1. <br>Tema: &#8220;O trabalho dos brasileiros no exterior: M\u00fasica e Resist\u00eancia!&#8221;<\/figcaption><\/figure>\n\n\n<p><strong><span style=\"color:#f80101;\" class=\"has-inline-color\">28\/01\/2021<\/span><\/strong><\/p>\n\n\n<figure class=\"wp-block-embed is-type-video is-provider-youtube wp-block-embed-youtube wp-embed-aspect-16-9 wp-has-aspect-ratio\"><div class=\"wp-block-embed__wrapper\">\n<iframe title=\"5\u00b0 Boletim Stop Bolsonaro Mundial Youtube - Quinta, \u00e0s 19h (Bras\u00edlia)\" width=\"640\" height=\"360\" src=\"https:\/\/www.youtube.com\/embed\/9sKRk9xSHIM?feature=oembed\" frameborder=\"0\" allow=\"accelerometer; autoplay; clipboard-write; encrypted-media; gyroscope; picture-in-picture; web-share\" referrerpolicy=\"strict-origin-when-cross-origin\" allowfullscreen><\/iframe>\n<\/div><figcaption>5\u00b0 BOLETIM STOP BOLSONARO MUNDIAL &#8211; Hoje \u00e0s 19h (Bras\u00edlia)<\/figcaption><\/figure>\n\n\n<p><strong><span style=\"color:#f90303;\" class=\"has-inline-color\">28\/01\/2021<\/span><\/strong><\/p>\n\n\n<figure class=\"wp-block-embed is-type-video is-provider-youtube wp-block-embed-youtube wp-embed-aspect-16-9 wp-has-aspect-ratio\"><div class=\"wp-block-embed__wrapper\">\n<iframe title=\"Urg\u00eancia Rio Tarum\u00e3 : o povo Chiquitano lan\u00e7a um grito de alerta a ecoar pelo mundo\" width=\"640\" height=\"360\" src=\"https:\/\/www.youtube.com\/embed\/HmX_V5O7RdI?feature=oembed\" frameborder=\"0\" allow=\"accelerometer; autoplay; clipboard-write; encrypted-media; gyroscope; picture-in-picture; web-share\" referrerpolicy=\"strict-origin-when-cross-origin\" allowfullscreen><\/iframe>\n<\/div><figcaption>Live do Collectief Alerte France Bresil, no contexto do FSM.<br>Tema: &#8220;Urg\u00eancia Rio Tarum\u00e3 : o povo Chiquitano lan\u00e7a um grito de alerta a ecoar pelo mundo&#8221;<\/figcaption><\/figure>\n\n\n<p><strong><span style=\"color:#fa0303;\" class=\"has-inline-color\">28\/01\/2021<\/span><\/strong><\/p>\n\n\n<figure class=\"wp-block-embed is-type-video is-provider-youtube wp-block-embed-youtube wp-embed-aspect-16-9 wp-has-aspect-ratio\"><div class=\"wp-block-embed__wrapper\">\n<iframe title=\"Revoada po\u00e9tica para a paz\" width=\"640\" height=\"360\" src=\"https:\/\/www.youtube.com\/embed\/p56bt4YDS1c?feature=oembed\" frameborder=\"0\" allow=\"accelerometer; autoplay; clipboard-write; encrypted-media; gyroscope; picture-in-picture; web-share\" referrerpolicy=\"strict-origin-when-cross-origin\" allowfullscreen><\/iframe>\n<\/div><figcaption>Live apresentada por In\u00eaz Olud\u00e9, no contexto do F\u00f3rum Social Mundial.<br>Tema: &#8220;Revoada po\u00e9tica para a paz&#8221;<\/figcaption><\/figure>\n\n\n<p><strong><span style=\"color:#fc0303;\" class=\"has-inline-color\">27\/01\/2021<\/span><\/strong><\/p>\n\n\n<figure class=\"wp-block-embed is-type-video is-provider-youtube wp-block-embed-youtube wp-embed-aspect-16-9 wp-has-aspect-ratio\"><div class=\"wp-block-embed__wrapper\">\n<iframe title=\"4\u00b0 Boletim Stop Bolsonaro Mundial Youtube - Magr\u00e3o recebe Antonio e Monica, do Esquerda da Pra\u00e7a\" width=\"640\" height=\"360\" src=\"https:\/\/www.youtube.com\/embed\/cgG-0shFW1k?feature=oembed\" frameborder=\"0\" allow=\"accelerometer; autoplay; clipboard-write; encrypted-media; gyroscope; picture-in-picture; web-share\" referrerpolicy=\"strict-origin-when-cross-origin\" allowfullscreen><\/iframe>\n<\/div><figcaption>4\u00b0 BOLETIM STOP BOLSONARO MUNDIAL &#8211; IV edi\u00e7\u00e3o.<\/figcaption><\/figure>\n\n\n<p><span style=\"color:#f90505;\" class=\"has-inline-color\"><strong>26\/01\/2021<\/strong><\/span><\/p>\n\n\n<figure class=\"wp-block-embed is-type-video is-provider-youtube wp-block-embed-youtube wp-embed-aspect-16-9 wp-has-aspect-ratio\"><div class=\"wp-block-embed__wrapper\">\n<iframe title=\"3\u00b0 Boletim Stop Bolsonaro Mundial Youtube - Edmilson recebe Wilson: CLL Piracicaba e Jo\u00e3o:  Alvorada\" width=\"640\" height=\"360\" src=\"https:\/\/www.youtube.com\/embed\/teVGlDcOqTg?feature=oembed\" frameborder=\"0\" allow=\"accelerometer; autoplay; clipboard-write; encrypted-media; gyroscope; picture-in-picture; web-share\" referrerpolicy=\"strict-origin-when-cross-origin\" allowfullscreen><\/iframe>\n<\/div><figcaption>3\u00b0 BOLETIM STOP BOLSONARO MUNDIAL &#8211; IV edi\u00e7\u00e3o.<\/figcaption><\/figure>\n\n\n<p><span style=\"color:#f90505;\" class=\"has-inline-color\"><strong>26\/01\/2021<\/strong><\/span><\/p>\n\n\n<figure class=\"wp-block-embed is-type-video is-provider-youtube wp-block-embed-youtube wp-embed-aspect-16-9 wp-has-aspect-ratio\"><div class=\"wp-block-embed__wrapper\">\n<iframe title=\"S.O.S. Manuaus - &quot;N\u00e3o Conseguimos Respirar&quot;\" width=\"640\" height=\"360\" src=\"https:\/\/www.youtube.com\/embed\/FKyt1AZqoaM?feature=oembed\" frameborder=\"0\" allow=\"accelerometer; autoplay; clipboard-write; encrypted-media; gyroscope; picture-in-picture; web-share\" referrerpolicy=\"strict-origin-when-cross-origin\" allowfullscreen><\/iframe>\n<\/div><figcaption>Live do Coletivo Democracy in Brazil. <br>Tema: &#8220;S.O.S. Manuaus &#8211; &#8220;N\u00e3o Conseguimos Respirar&#8221;<\/figcaption><\/figure>\n\n\n<p><span style=\"color:#f90303;\" class=\"has-inline-color\"><strong>25\/01\/2021<\/strong><\/span><\/p>\n\n\n<figure class=\"wp-block-embed is-type-video is-provider-youtube wp-block-embed-youtube wp-embed-aspect-16-9 wp-has-aspect-ratio\"><div class=\"wp-block-embed__wrapper\">\n<iframe title=\"2\u00b0 Boletim Stop Bolsonaro Mundial Youtube - Edimilson recebe Marcus Galina : 100 mil lives\" width=\"640\" height=\"360\" src=\"https:\/\/www.youtube.com\/embed\/TpGzPj0Ruig?feature=oembed\" frameborder=\"0\" allow=\"accelerometer; autoplay; clipboard-write; encrypted-media; gyroscope; picture-in-picture; web-share\" referrerpolicy=\"strict-origin-when-cross-origin\" allowfullscreen><\/iframe>\n<\/div><figcaption>2\u00b0 Boletim Stop Bolsonaro Mundial Youtube &#8211; IV edi\u00e7\u00e3o<br>Tema: &#8220;Edimilson recebe Marcus Galina : 100 mil lives&#8221;<\/figcaption><\/figure>\n\n\n<p><span style=\"color:#f70202;\" class=\"has-inline-color\"><strong>24\/01\/2021<\/strong><\/span><\/p>\n\n\n<figure class=\"wp-block-embed is-type-video is-provider-youtube wp-block-embed-youtube wp-embed-aspect-16-9 wp-has-aspect-ratio\"><div class=\"wp-block-embed__wrapper\">\n<iframe title=\"1\u00b0 Boletim Stop Bolsonaro Mundial Youtube - Fl\u00e1via recebe Jo\u00e3o, Jo\u00e3o Roberto, Carlos Riesco e Dida\" width=\"640\" height=\"360\" src=\"https:\/\/www.youtube.com\/embed\/mfCYKtSs3Ps?feature=oembed\" frameborder=\"0\" allow=\"accelerometer; autoplay; clipboard-write; encrypted-media; gyroscope; picture-in-picture; web-share\" referrerpolicy=\"strict-origin-when-cross-origin\" allowfullscreen><\/iframe>\n<\/div><figcaption><em>1\u00b0 BOLETIM Stop Bolsonaro Mundia<\/em>l &#8211; IV edi\u00e7\u00e3o<\/figcaption><\/figure>\n\n\n<p>_____________________________________________________________________________________________________________<\/p>\n\n\n<p><strong><span style=\"color:#f5040c;\" class=\"has-inline-color\">29\/12\/2020<\/span><\/strong><\/p>\n\n\n<figure class=\"wp-block-embed is-type-video is-provider-youtube wp-block-embed-youtube wp-embed-aspect-16-9 wp-has-aspect-ratio\"><div class=\"wp-block-embed__wrapper\">\n<iframe title=\"Confraterniza\u00e7\u00e3o da FIBRA - 2020\" width=\"640\" height=\"360\" src=\"https:\/\/www.youtube.com\/embed\/Sdb6GlaxwCM?feature=oembed\" frameborder=\"0\" allow=\"accelerometer; autoplay; clipboard-write; encrypted-media; gyroscope; picture-in-picture; web-share\" referrerpolicy=\"strict-origin-when-cross-origin\" allowfullscreen><\/iframe>\n<\/div><figcaption>Live apresentada por v\u00e1rios Coletivos no encerramento dos trabalhos do Canal da FIBRA no ano de 2020.<br><strong>Tema: &#8220;Confraterniza\u00e7\u00e3o da FIBRA &#8211; 2020&#8221;<\/strong><\/figcaption><\/figure>\n\n\n<p><strong><span style=\"color:#f50410;\" class=\"has-inline-color\">22\/12\/2020<\/span><\/strong><\/p>\n\n\n<figure class=\"wp-block-embed is-type-video is-provider-youtube wp-block-embed-youtube wp-embed-aspect-16-9 wp-has-aspect-ratio\"><div class=\"wp-block-embed__wrapper\">\n<iframe title=\"Lan\u00e7amento Cartilha Bil\u00edng\u00fce Xavante\" width=\"640\" height=\"360\" src=\"https:\/\/www.youtube.com\/embed\/KAi3QbMnmYE?feature=oembed\" frameborder=\"0\" allow=\"accelerometer; autoplay; clipboard-write; encrypted-media; gyroscope; picture-in-picture; web-share\" referrerpolicy=\"strict-origin-when-cross-origin\" allowfullscreen><\/iframe>\n<\/div><figcaption>Tema: &#8220;Lan\u00e7amento Cartilha Bil\u00edng\u00fce Xavante&#8221;<\/figcaption><\/figure>\n\n\n<p><\/p>\n\n\n<p class=\"has-text-align-left\"><strong><span style=\"color:#f70410;\" class=\"has-inline-color\">15\/12\/2020<\/span><\/strong> <\/p>\n\n\n<figure class=\"wp-block-embed is-type-video is-provider-youtube wp-block-embed-youtube wp-embed-aspect-16-9 wp-has-aspect-ratio\"><div class=\"wp-block-embed__wrapper\">\n<iframe title=\"Lan\u00e7amento site Esquerda Compra da Esquerda\" width=\"640\" height=\"360\" src=\"https:\/\/www.youtube.com\/embed\/8FPPIc6OXPY?feature=oembed\" frameborder=\"0\" allow=\"accelerometer; autoplay; clipboard-write; encrypted-media; gyroscope; picture-in-picture; web-share\" referrerpolicy=\"strict-origin-when-cross-origin\" allowfullscreen><\/iframe>\n<\/div><figcaption>Tema: &#8220;<strong>Lan\u00e7amento site Esquerda Compra da Esquerda<\/strong>&#8220;<\/figcaption><\/figure>\n\n\n<p><strong><span style=\"color:#f60206;\" class=\"has-inline-color\">29\/11\/2020<\/span><\/strong><\/p>\n\n<\/div>\n\n<\/div>\n\n\n\n<figure class=\"wp-block-embed is-type-video is-provider-youtube wp-block-embed-youtube wp-embed-aspect-16-9 wp-has-aspect-ratio\"><div class=\"wp-block-embed__wrapper\">\n<iframe title=\"Manifiesto Justicia por Beto\" width=\"640\" height=\"360\" src=\"https:\/\/www.youtube.com\/embed\/TQf8xE64Wyc?feature=oembed\" frameborder=\"0\" allow=\"accelerometer; autoplay; clipboard-write; encrypted-media; gyroscope; picture-in-picture; web-share\" referrerpolicy=\"strict-origin-when-cross-origin\" allowfullscreen><\/iframe>\n<\/div><figcaption class=\"wp-element-caption\">Live transmiss\u00e3o ao vivo apresentada por Miriam Casas (Alemanha) e Dj\u00e9 Mac\u00eado (Rep.Dominicana)<br>Tema: &#8220;Manifiesto Justicia por Beto&#8221;<\/figcaption><\/figure>\n\n\n\n<p><strong><span style=\"color:#fb0307;\" class=\"has-inline-color\">25\/11\/2020<\/span><\/strong><\/p>\n\n\n\n<figure class=\"wp-block-embed is-type-video is-provider-youtube wp-block-embed-youtube wp-embed-aspect-16-9 wp-has-aspect-ratio\"><div class=\"wp-block-embed__wrapper\">\n<iframe title=\"MUJERES LATINAS dicen NO a la violencia de g\u00e9nero\" width=\"640\" height=\"360\" src=\"https:\/\/www.youtube.com\/embed\/faGxZ4fO4z4?feature=oembed\" frameborder=\"0\" allow=\"accelerometer; autoplay; clipboard-write; encrypted-media; gyroscope; picture-in-picture; web-share\" referrerpolicy=\"strict-origin-when-cross-origin\" allowfullscreen><\/iframe>\n<\/div><figcaption class=\"wp-element-caption\">Live produzida por v\u00e1rios coletivos e apresentada por Fl\u00e1via Costa (Coletivo ALMA). Em espanhol.<br>Tema: &#8220;MUJERES LATINAS dicen NO a la violencia de g\u00e9nero&#8221;<\/figcaption><\/figure>\n\n\n\n<p><strong><span style=\"color:#f8030f;\" class=\"has-inline-color\">12\/11\/2020<\/span><\/strong><\/p>\n\n\n\n<figure class=\"wp-block-embed is-type-video is-provider-youtube wp-block-embed-youtube wp-embed-aspect-16-9 wp-has-aspect-ratio\"><div class=\"wp-block-embed__wrapper\">\n<iframe title=\"Foco nas Elei\u00e7\u014des - Sudeste - Candidatos a vereador\/a\" width=\"640\" height=\"360\" src=\"https:\/\/www.youtube.com\/embed\/Q7iToUPzmfc?feature=oembed\" frameborder=\"0\" allow=\"accelerometer; autoplay; clipboard-write; encrypted-media; gyroscope; picture-in-picture; web-share\" referrerpolicy=\"strict-origin-when-cross-origin\" allowfullscreen><\/iframe>\n<\/div><figcaption class=\"wp-element-caption\">Live da s\u00e9rie Foco nas Elei\u00e7\u00f5es apresentada por Fernanda Otero (Irlanda) e Fl\u00e1via Costa (Maiorca). <br>Tema: &#8220;Foco nas Elei\u00e7\u014des &#8211; Sudeste &#8211; Candidatos a vereador\/a&#8221;<\/figcaption><\/figure>\n\n\n\n<p><strong><span style=\"color:#f6020a;\" class=\"has-inline-color\">11\/11\/2020<\/span><\/strong><\/p>\n\n\n\n<figure class=\"wp-block-embed is-type-video is-provider-youtube wp-block-embed-youtube wp-embed-aspect-16-9 wp-has-aspect-ratio\"><div class=\"wp-block-embed__wrapper\">\n<iframe title=\"Projeto Foco Nordeste: SERGIPE - Elei\u00e7\u00f5es 2020, vote fortalecendo a esquerda.\" width=\"640\" height=\"360\" src=\"https:\/\/www.youtube.com\/embed\/Slcm7cBA0Ak?feature=oembed\" frameborder=\"0\" allow=\"accelerometer; autoplay; clipboard-write; encrypted-media; gyroscope; picture-in-picture; web-share\" referrerpolicy=\"strict-origin-when-cross-origin\" allowfullscreen><\/iframe>\n<\/div><figcaption class=\"wp-element-caption\"><em>Live da s\u00e9rie Foco nas Elei\u00e7\u00f5es<\/em>. Live  apresentada por Miriam Casas (Alemanha).<br><em>Tema: &#8220;Projeto Foco Nordeste: SERGIPE &#8211; Elei\u00e7\u00f5es 2020, vote fortalecendo a esquerda.<\/em>&#8220;<\/figcaption><\/figure>\n\n\n\n<p><strong><span style=\"color:#f7020a;\" class=\"has-inline-color\">09\/11\/2020<\/span><\/strong><\/p>\n\n\n\n<figure class=\"wp-block-embed is-type-video is-provider-youtube wp-block-embed-youtube wp-embed-aspect-16-9 wp-has-aspect-ratio\"><div class=\"wp-block-embed__wrapper\">\n<iframe title=\"FOCO NAS ELEI\u00c7\u014cES - Candidatos a prefeito da Regi\u00e3o Sudeste\" width=\"640\" height=\"360\" src=\"https:\/\/www.youtube.com\/embed\/7QwzUXPDFxk?feature=oembed\" frameborder=\"0\" allow=\"accelerometer; autoplay; clipboard-write; encrypted-media; gyroscope; picture-in-picture; web-share\" referrerpolicy=\"strict-origin-when-cross-origin\" allowfullscreen><\/iframe>\n<\/div><figcaption class=\"wp-element-caption\"><em>Live da s\u00e9rie Foco nas Elei\u00e7\u00f5es apresentada por Fernanda Otero (Irlanda) e Fl\u00e1via Costa (Maiorca).<\/em><br><em>Tema: &#8220;Foco nas Elei\u00e7\u014des &#8211; Candidatos a prefeito da Regi\u00e3o Sudeste&#8221;<\/em><\/figcaption><\/figure>\n\n\n\n<p><strong><span style=\"color:#f8030f;\" class=\"has-inline-color\">07\/11\/2020<\/span><\/strong><\/p>\n\n\n\n<figure class=\"wp-block-embed is-type-video is-provider-youtube wp-block-embed-youtube wp-embed-aspect-16-9 wp-has-aspect-ratio\"><div class=\"wp-block-embed__wrapper\">\n<iframe title=\"Projeto Foco Nordeste\" width=\"640\" height=\"360\" src=\"https:\/\/www.youtube.com\/embed\/ul2z_K8Kd64?feature=oembed\" frameborder=\"0\" allow=\"accelerometer; autoplay; clipboard-write; encrypted-media; gyroscope; picture-in-picture; web-share\" referrerpolicy=\"strict-origin-when-cross-origin\" allowfullscreen><\/iframe>\n<\/div><figcaption class=\"wp-element-caption\"><em>Live da s\u00e9rie Foco nas Elei\u00e7\u00f5es apresentada por Fl\u00e1via Costa (Maiorca).<\/em><br><em>Tema: &#8220;Projeto Foco Nordeste<\/em>. Elei\u00e7\u00f5es 2020: Fortalecendo a Esquerda&#8221;<\/figcaption><\/figure>\n\n\n\n<p><strong><span style=\"color:#f90408;\" class=\"has-inline-color\">06\/11\/2020<\/span><\/strong><\/p>\n\n\n\n<figure class=\"wp-block-embed is-type-video is-provider-youtube wp-block-embed-youtube wp-embed-aspect-16-9 wp-has-aspect-ratio\"><div class=\"wp-block-embed__wrapper\">\n<iframe title=\"Projeto Foco Nordeste - Elei\u00e7\u00f5es 2020: fortalecendo a esquerda no Rio Grande do Norte\" width=\"640\" height=\"360\" src=\"https:\/\/www.youtube.com\/embed\/AAFBjNVV3cI?feature=oembed\" frameborder=\"0\" allow=\"accelerometer; autoplay; clipboard-write; encrypted-media; gyroscope; picture-in-picture; web-share\" referrerpolicy=\"strict-origin-when-cross-origin\" allowfullscreen><\/iframe>\n<\/div><figcaption class=\"wp-element-caption\"><em>Live da s\u00e9rie Foco nas Elei\u00e7\u00f5es. Live apresentada por Miriam Casas (Alemanha).<\/em><br><em>Tema: &#8220;<\/em>Projeto Foco Nordeste &#8211; Elei\u00e7\u00f5es 2020: fortalecendo a esquerda no Rio Grande do Norte<em>&#8220;<\/em><\/figcaption><\/figure>\n\n\n\n<p><strong><span style=\"color:#f6030f;\" class=\"has-inline-color\">04\/11\/2020<\/span><\/strong><\/p>\n\n\n\n<figure class=\"wp-block-embed is-type-video is-provider-youtube wp-block-embed-youtube wp-embed-aspect-16-9 wp-has-aspect-ratio\"><div class=\"wp-block-embed__wrapper\">\n<iframe title=\"Projeto Foco Nordeste: Elei\u00e7\u00f5es 2020 Piau\u00ed -  Vote fortalecendo a esquerda.\" width=\"640\" height=\"360\" src=\"https:\/\/www.youtube.com\/embed\/ug1Q5l9qTKo?feature=oembed\" frameborder=\"0\" allow=\"accelerometer; autoplay; clipboard-write; encrypted-media; gyroscope; picture-in-picture; web-share\" referrerpolicy=\"strict-origin-when-cross-origin\" allowfullscreen><\/iframe>\n<\/div><figcaption class=\"wp-element-caption\"><em>Live da s\u00e9rie Foco nas Elei\u00e7\u00f5es apresentada por Fernanda Otero (Irlanda)<\/em>.<br>Tema: &#8220;Projeto Foco Nordeste: Elei\u00e7\u00f5es 2020 Piau\u00ed &#8211; Vote fortalecendo a esquerda.&#8221;<\/figcaption><\/figure>\n\n\n\n<p><strong><span style=\"color:#f80408;\" class=\"has-inline-color\">31\/10\/2020<\/span><\/strong><\/p>\n\n\n\n<figure class=\"wp-block-embed is-type-video is-provider-youtube wp-block-embed-youtube wp-embed-aspect-16-9 wp-has-aspect-ratio\"><div class=\"wp-block-embed__wrapper\">\n<iframe title=\"Projeto Foco Nordeste\" width=\"640\" height=\"360\" src=\"https:\/\/www.youtube.com\/embed\/GYB-r_BEgUQ?feature=oembed\" frameborder=\"0\" allow=\"accelerometer; autoplay; clipboard-write; encrypted-media; gyroscope; picture-in-picture; web-share\" referrerpolicy=\"strict-origin-when-cross-origin\" allowfullscreen><\/iframe>\n<\/div><figcaption class=\"wp-element-caption\"><em>Live da s\u00e9rie Foco nas Elei\u00e7\u00f5es apresentada por Fl\u00e1via Costa (Maiorca).<\/em><br><em>Tema: &#8220;Projeto Foco Nordeste. Elei\u00e7\u00f5es 2020: Fortalecendo a Esquerda&#8221;<\/em><\/figcaption><\/figure>\n\n\n\n<p><strong><span style=\"color:#f6030f;\" class=\"has-inline-color\">30\/10\/2020<\/span><\/strong> &#8211; 2<\/p>\n\n\n\n<figure class=\"wp-block-embed is-type-video is-provider-youtube wp-block-embed-youtube wp-embed-aspect-16-9 wp-has-aspect-ratio\"><div class=\"wp-block-embed__wrapper\">\n<iframe title=\"Projeto Foco Nordeste: PERNAMBUCO 2 - Elei\u00e7\u00f5es 2020 Vote fortalecendo a esquerda.\" width=\"640\" height=\"360\" src=\"https:\/\/www.youtube.com\/embed\/CRj8qoHIZmg?feature=oembed\" frameborder=\"0\" allow=\"accelerometer; autoplay; clipboard-write; encrypted-media; gyroscope; picture-in-picture; web-share\" referrerpolicy=\"strict-origin-when-cross-origin\" allowfullscreen><\/iframe>\n<\/div><figcaption class=\"wp-element-caption\"><em>Live da s\u00e9rie Foco nas Elei\u00e7\u00f5es. Live apresentada por Miriam Casas (Alemanha).<\/em><br>Tema:  &#8220;Projeto Foco Nordeste: PERNAMBUCO 2 &#8211; Elei\u00e7\u00f5es 2020 Vote fortalecendo a esquerda.&#8221; <\/figcaption><\/figure>\n\n\n\n<p><strong><span style=\"color:#f9020a;\" class=\"has-inline-color\">30\/10\/2020<\/span><\/strong> &#8211; 1<\/p>\n\n\n\n<figure class=\"wp-block-embed is-type-video is-provider-youtube wp-block-embed-youtube wp-embed-aspect-16-9 wp-has-aspect-ratio\"><div class=\"wp-block-embed__wrapper\">\n<iframe title=\"Projeto Foco Nordeste: PERNAMBUCO 1- Elei\u00e7\u00f5es 2020 Vote fortalecendo a esquerda.\" width=\"640\" height=\"360\" src=\"https:\/\/www.youtube.com\/embed\/3OlfI7qrkXA?feature=oembed\" frameborder=\"0\" allow=\"accelerometer; autoplay; clipboard-write; encrypted-media; gyroscope; picture-in-picture; web-share\" referrerpolicy=\"strict-origin-when-cross-origin\" allowfullscreen><\/iframe>\n<\/div><figcaption class=\"wp-element-caption\"><em>Live da s\u00e9rie Foco nas Elei\u00e7\u00f5es. Live apresentada por Miriam Casas (Alemanha).<\/em><br><em>Tema: &#8220;<\/em>Projeto Foco Nordeste: PERNAMBUCO 1- Elei\u00e7\u00f5es 2020 Vote fortalecendo a esquerda<em>.&#8221;<\/em><\/figcaption><\/figure>\n\n\n\n<p><strong><span style=\"color:#f6040c;\" class=\"has-inline-color\">29\/10\/2020<\/span><\/strong><\/p>\n\n\n\n<figure class=\"wp-block-embed is-type-video is-provider-youtube wp-block-embed-youtube wp-embed-aspect-16-9 wp-has-aspect-ratio\"><div class=\"wp-block-embed__wrapper\">\n<iframe title=\"FOCO NAS ELEI\u00c7\u014cES - Centro-Oeste e a participa\u00e7\u00e3o das mulheres na pol\u00edtica\" width=\"640\" height=\"360\" src=\"https:\/\/www.youtube.com\/embed\/iYGD7wLD8h8?feature=oembed\" frameborder=\"0\" allow=\"accelerometer; autoplay; clipboard-write; encrypted-media; gyroscope; picture-in-picture; web-share\" referrerpolicy=\"strict-origin-when-cross-origin\" allowfullscreen><\/iframe>\n<\/div><figcaption class=\"wp-element-caption\"><em>Live da s\u00e9rie Foco nas Elei\u00e7\u00f5es apresentada por Fernanda Otero (Irlanda).<\/em><br>Tema: &#8220;FOCO NAS ELEI\u00c7\u014cES &#8211; Centro-Oeste e a participa\u00e7\u00e3o das mulheres na pol\u00edtica.&#8221;<\/figcaption><\/figure>\n\n\n\n<p><strong><span style=\"color:#f9030b;\" class=\"has-inline-color\">28\/10\/2020<\/span><\/strong><\/p>\n\n\n\n<figure class=\"wp-block-embed is-type-video is-provider-youtube wp-block-embed-youtube wp-embed-aspect-16-9 wp-has-aspect-ratio\"><div class=\"wp-block-embed__wrapper\">\n<iframe title=\"Projeto Foco Nordeste: MARANH\u00c3O Elei\u00e7\u00f5es 2020 - Vote fortalecendo a esquerda!\" width=\"640\" height=\"360\" src=\"https:\/\/www.youtube.com\/embed\/YmBHWhQ4IHw?feature=oembed\" frameborder=\"0\" allow=\"accelerometer; autoplay; clipboard-write; encrypted-media; gyroscope; picture-in-picture; web-share\" referrerpolicy=\"strict-origin-when-cross-origin\" allowfullscreen><\/iframe>\n<\/div><figcaption class=\"wp-element-caption\"><em>Live da s\u00e9rie Foco nas Elei\u00e7\u00f5es apresentada por Fl\u00e1via Costa (Maiorca).<\/em><br>Tema: &#8220;Projeto Foco Nordeste: MARANH\u00c3O Elei\u00e7\u00f5es 2020 &#8211; Vote fortalecendo a esquerda!&#8221;<\/figcaption><\/figure>\n\n\n\n<p><strong><span style=\"color:#f9020a;\" class=\"has-inline-color\">27\/10\/2020<\/span><\/strong><\/p>\n\n\n\n<figure class=\"wp-block-embed is-type-video is-provider-youtube wp-block-embed-youtube wp-embed-aspect-16-9 wp-has-aspect-ratio\"><div class=\"wp-block-embed__wrapper\">\n<iframe title=\"Projeto Foco Nordeste: Elei\u00e7\u00f5es 2020 PARA\u00cdBA. Vote fortalecendo a esquerda.\" width=\"640\" height=\"360\" src=\"https:\/\/www.youtube.com\/embed\/BNcJwIbT150?feature=oembed\" frameborder=\"0\" allow=\"accelerometer; autoplay; clipboard-write; encrypted-media; gyroscope; picture-in-picture; web-share\" referrerpolicy=\"strict-origin-when-cross-origin\" allowfullscreen><\/iframe>\n<\/div><figcaption class=\"wp-element-caption\"><em>Live da s\u00e9rie Foco nas Elei\u00e7\u00f5es. Live apresentada por Miriam Casas (Alemanha).<\/em><br><em>Tema: &#8220;Projeto Foco Nordeste: Elei\u00e7\u00f5es 2020 PARA\u00cdBA. Vote fortalecendo a esquerda.&#8221;<\/em><\/figcaption><\/figure>\n\n\n\n<p><strong><span style=\"color:#f9020a;\" class=\"has-inline-color\">23\/10\/2020<\/span><\/strong><\/p>\n\n\n\n<figure class=\"wp-block-embed is-type-video is-provider-youtube wp-block-embed-youtube wp-embed-aspect-16-9 wp-has-aspect-ratio\"><div class=\"wp-block-embed__wrapper\">\n<iframe title=\"Projeto Foco Nordeste - Elei\u00e7\u00f5es 2020: fortalecendo a esquerda no CEAR\u00c1\" width=\"640\" height=\"360\" src=\"https:\/\/www.youtube.com\/embed\/sYGYzcQ9zkk?feature=oembed\" frameborder=\"0\" allow=\"accelerometer; autoplay; clipboard-write; encrypted-media; gyroscope; picture-in-picture; web-share\" referrerpolicy=\"strict-origin-when-cross-origin\" allowfullscreen><\/iframe>\n<\/div><figcaption class=\"wp-element-caption\"><em>Live da s\u00e9rie Foco nas Elei\u00e7\u00f5es apresentada por Fl\u00e1via Costa (Maiorca).<\/em><br><em>Tema: &#8220;Projeto Foco Nordeste &#8211; Elei\u00e7\u00f5es 2020: fortalecendo a esquerda no CEAR\u00c1&#8221;<\/em><\/figcaption><\/figure>\n\n\n\n<p><strong><span style=\"color:#f6040c;\" class=\"has-inline-color\">21\/10\/2020<\/span><\/strong><\/p>\n\n\n\n<figure class=\"wp-block-embed is-type-video is-provider-youtube wp-block-embed-youtube wp-embed-aspect-16-9 wp-has-aspect-ratio\"><div class=\"wp-block-embed__wrapper\">\n<iframe title=\"\u00c9cocide, projection et d\u00e9bat transmis en direct de l\u2019Espace Franz Krajberg \u00e0 Paris\" width=\"640\" height=\"360\" src=\"https:\/\/www.youtube.com\/embed\/pe2JPUUdfIY?feature=oembed\" frameborder=\"0\" allow=\"accelerometer; autoplay; clipboard-write; encrypted-media; gyroscope; picture-in-picture; web-share\" referrerpolicy=\"strict-origin-when-cross-origin\" allowfullscreen><\/iframe>\n<\/div><figcaption class=\"wp-element-caption\">Live com mostra de v\u00eddeo e debates promovido pelos Coletivos d\u2019Alerte France br\u00e9sil, Md18-Official, Red-BR, Autres Br\u00e9sils, Comit\u00e9 Libertez Lula et les Femmes de la R\u00e9sistance, avec le soutien de Nature Rights et de la Fondation Jean-Jaur\u00e8s.<br>Tema:  &#8220;\u00c9cocide&#8221; (<em>V\u00eddeo produzido pelo Ubuntu Collectif Audiovisuel<\/em>)<\/figcaption><\/figure>\n\n\n\n<p><strong><span style=\"color:#f80410;\" class=\"has-inline-color\">20\/10\/2020<\/span><\/strong><\/p>\n\n\n\n<figure class=\"wp-block-embed is-type-video is-provider-youtube wp-block-embed-youtube wp-embed-aspect-16-9 wp-has-aspect-ratio\"><div class=\"wp-block-embed__wrapper\">\n<iframe title=\"Projeto Foco Nordeste\/BAHIA: Elei\u00e7\u00f5es 2020 - Fortalecendo a Esquerda\" width=\"640\" height=\"360\" src=\"https:\/\/www.youtube.com\/embed\/5PjH5aeVMPs?feature=oembed\" frameborder=\"0\" allow=\"accelerometer; autoplay; clipboard-write; encrypted-media; gyroscope; picture-in-picture; web-share\" referrerpolicy=\"strict-origin-when-cross-origin\" allowfullscreen><\/iframe>\n<\/div><figcaption class=\"wp-element-caption\"><em>Live da s\u00e9rie Foco nas Elei\u00e7\u00f5es. Live apresentada por Miriam Casas (Alemanha).<\/em><br><em>Tema<\/em>: &#8220;Projeto Foco Nordeste\/BAHIA: Elei\u00e7\u00f5es 2020 &#8211; Fortalecendo a Esquerda&#8221;<\/figcaption><\/figure>\n\n\n\n<p><strong><span style=\"color:#f8030b;\" class=\"has-inline-color\">16\/10\/2020<\/span><\/strong><\/p>\n\n\n\n<figure class=\"wp-block-embed is-type-video is-provider-youtube wp-block-embed-youtube wp-embed-aspect-16-9 wp-has-aspect-ratio\"><div class=\"wp-block-embed__wrapper\">\n<iframe title=\"FOCO NO NORDESTE: Elei\u00e7\u014des 2020\" width=\"640\" height=\"360\" src=\"https:\/\/www.youtube.com\/embed\/ggD118nSGg8?feature=oembed\" frameborder=\"0\" allow=\"accelerometer; autoplay; clipboard-write; encrypted-media; gyroscope; picture-in-picture; web-share\" referrerpolicy=\"strict-origin-when-cross-origin\" allowfullscreen><\/iframe>\n<\/div><figcaption class=\"wp-element-caption\"><em>Live da s\u00e9rie Foco nas Elei\u00e7\u00f5es apresentada por Fl\u00e1via Costa (Maiorca).<\/em><br><em>Tema:<\/em> &#8220;FOCO NO NORDESTE: Elei\u00e7\u014des 2020 Fortalecendo a esquerda em Alagoas&#8221;<\/figcaption><\/figure>\n\n\n\n<p><strong><span style=\"color:#f8030f;\" class=\"has-inline-color\">03\/09\/2020<\/span><\/strong><\/p>\n\n\n\n<figure class=\"wp-block-embed is-type-video is-provider-youtube wp-block-embed-youtube wp-embed-aspect-16-9 wp-has-aspect-ratio\"><div class=\"wp-block-embed__wrapper\">\n<iframe title=\"Boletim FIBRA NO AR\" width=\"640\" height=\"360\" src=\"https:\/\/www.youtube.com\/embed\/3gT1U1_l7cg?feature=oembed\" frameborder=\"0\" allow=\"accelerometer; autoplay; clipboard-write; encrypted-media; gyroscope; picture-in-picture; web-share\" referrerpolicy=\"strict-origin-when-cross-origin\" allowfullscreen><\/iframe>\n<\/div><figcaption class=\"wp-element-caption\">Boletim FIBRA NO AR: Apresentado por Fernanda Otero (Irlanda) e Ana Isa v Dijk (Holanda)<br><\/figcaption><\/figure>\n\n\n\n<p><strong><span style=\"color:#fb0206;\" class=\"has-inline-color\">23\/08\/2020<\/span><\/strong><\/p>\n\n\n\n<figure class=\"wp-block-embed is-type-video is-provider-youtube wp-block-embed-youtube wp-embed-aspect-16-9 wp-has-aspect-ratio\"><div class=\"wp-block-embed__wrapper\">\n<iframe title=\"Plen\u00e1ria Virtual Stop Bolsonaro Virtual\" width=\"640\" height=\"360\" src=\"https:\/\/www.youtube.com\/embed\/uavsv2crfns?feature=oembed\" frameborder=\"0\" allow=\"accelerometer; autoplay; clipboard-write; encrypted-media; gyroscope; picture-in-picture; web-share\" referrerpolicy=\"strict-origin-when-cross-origin\" allowfullscreen><\/iframe>\n<\/div><figcaption class=\"wp-element-caption\">Plen\u00e1ria Virtual Stop Bolsonaro&nbsp;Mundial<\/figcaption><\/figure>\n\n\n\n<p><strong><span style=\"color:#f9020e;\" class=\"has-inline-color\">21\/08\/2020<\/span><\/strong><\/p>\n\n\n\n<figure class=\"wp-block-embed is-type-video is-provider-youtube wp-block-embed-youtube wp-embed-aspect-16-9 wp-has-aspect-ratio\"><div class=\"wp-block-embed__wrapper\">\n<iframe title=\"BOLETIM II EDI\u00c7\u00c3O #STOPBOLSONAROMUNDIAL 21\/08\" width=\"640\" height=\"360\" src=\"https:\/\/www.youtube.com\/embed\/88LKOkUEGMI?feature=oembed\" frameborder=\"0\" allow=\"accelerometer; autoplay; clipboard-write; encrypted-media; gyroscope; picture-in-picture; web-share\" referrerpolicy=\"strict-origin-when-cross-origin\" allowfullscreen><\/iframe>\n<\/div><figcaption class=\"wp-element-caption\">BOLETIM II EDI\u00c7\u00c3O&nbsp;<a href=\"https:\/\/www.youtube.com\/hashtag\/stopbolsonaromundial\">#STOPBOLSONAROMUNDIAL<\/a>&nbsp;21\/08<\/figcaption><\/figure>\n\n\n\n<p><strong><span style=\"color:#f40408;\" class=\"has-inline-color\">20\/08\/2020<\/span><\/strong><\/p>\n\n\n\n<figure class=\"wp-block-embed is-type-video is-provider-youtube wp-block-embed-youtube wp-embed-aspect-16-9 wp-has-aspect-ratio\"><div class=\"wp-block-embed__wrapper\">\n<iframe title=\"BOLETIM II EDI\u00c7\u00c3O #STOPBOLSONAROMUNDIAL - 20\/08\" width=\"640\" height=\"360\" src=\"https:\/\/www.youtube.com\/embed\/x69pD5rbimc?feature=oembed\" frameborder=\"0\" allow=\"accelerometer; autoplay; clipboard-write; encrypted-media; gyroscope; picture-in-picture; web-share\" referrerpolicy=\"strict-origin-when-cross-origin\" allowfullscreen><\/iframe>\n<\/div><figcaption class=\"wp-element-caption\">BOLETIM II EDI\u00c7\u00c3O&nbsp;<a href=\"https:\/\/www.youtube.com\/hashtag\/stopbolsonaromundial\">#STOPBOLSONAROMUNDIAL<\/a>&nbsp;&#8211; 20\/08<\/figcaption><\/figure>\n\n\n\n<p><strong><span style=\"color:#f40307;\" class=\"has-inline-color\">19\/08\/2020<\/span><\/strong><\/p>\n\n\n\n<figure class=\"wp-block-embed is-type-video is-provider-youtube wp-block-embed-youtube wp-embed-aspect-16-9 wp-has-aspect-ratio\"><div class=\"wp-block-embed__wrapper\">\n<iframe title=\"BOLETIM II EDI\u00c7\u00c3O #STOPBOLSONAROMUNDIAL 19\/08\" width=\"640\" height=\"360\" src=\"https:\/\/www.youtube.com\/embed\/8n-g-oBU44g?feature=oembed\" frameborder=\"0\" allow=\"accelerometer; autoplay; clipboard-write; encrypted-media; gyroscope; picture-in-picture; web-share\" referrerpolicy=\"strict-origin-when-cross-origin\" allowfullscreen><\/iframe>\n<\/div><figcaption class=\"wp-element-caption\"><em>BOLETIM II EDI\u00c7\u00c3O&nbsp;<\/em><a href=\"https:\/\/www.youtube.com\/hashtag\/stopbolsonaromundial\">#STOPBOLSONAROMUNDIAL<\/a><em>&nbsp;19\/08<\/em><\/figcaption><\/figure>\n\n\n\n<p><strong><span style=\"color:#f70307;\" class=\"has-inline-color\">18\/08\/2020<\/span><\/strong><\/p>\n\n\n\n<figure class=\"wp-block-embed is-type-video is-provider-youtube wp-block-embed-youtube wp-embed-aspect-16-9 wp-has-aspect-ratio\"><div class=\"wp-block-embed__wrapper\">\n<iframe title=\"BOLETIM II EDI\u00c7\u00c3O #STOPBOLSONAROMUNDIAL 18\/08\" width=\"640\" height=\"360\" src=\"https:\/\/www.youtube.com\/embed\/jPURSN7NZes?feature=oembed\" frameborder=\"0\" allow=\"accelerometer; autoplay; clipboard-write; encrypted-media; gyroscope; picture-in-picture; web-share\" referrerpolicy=\"strict-origin-when-cross-origin\" allowfullscreen><\/iframe>\n<\/div><figcaption class=\"wp-element-caption\">BOLETIM II EDI\u00c7\u00c3O&nbsp;<a href=\"https:\/\/www.youtube.com\/hashtag\/stopbolsonaromundial\">#STOPBOLSONAROMUNDIAL<\/a>&nbsp;18\/08<\/figcaption><\/figure>\n\n\n\n<p><strong><span style=\"color:#f90409;\" class=\"has-inline-color\">17\/08\/2020<\/span><\/strong><\/p>\n\n\n\n<figure class=\"wp-block-embed is-type-video is-provider-youtube wp-block-embed-youtube wp-embed-aspect-16-9 wp-has-aspect-ratio\"><div class=\"wp-block-embed__wrapper\">\n<iframe title=\"BOLETIM II EDI\u00c7\u00c3O #STOPBOLSONAROMUNDIAL 17\/08\" width=\"640\" height=\"360\" src=\"https:\/\/www.youtube.com\/embed\/nXPHPeCW0eQ?feature=oembed\" frameborder=\"0\" allow=\"accelerometer; autoplay; clipboard-write; encrypted-media; gyroscope; picture-in-picture; web-share\" referrerpolicy=\"strict-origin-when-cross-origin\" allowfullscreen><\/iframe>\n<\/div><figcaption class=\"wp-element-caption\"><em>BOLETIM II EDI\u00c7\u00c3O&nbsp;<\/em><a href=\"https:\/\/www.youtube.com\/hashtag\/stopbolsonaromundial\">#STOPBOLSONAROMUNDIAL<\/a><em>&nbsp;17\/08<\/em><\/figcaption><\/figure>\n\n\n\n<p><strong><span style=\"color:#fa0408;\" class=\"has-inline-color\">13\/08\/2020<\/span><\/strong><\/p>\n\n\n\n<figure class=\"wp-block-embed is-type-video is-provider-youtube wp-block-embed-youtube wp-embed-aspect-16-9 wp-has-aspect-ratio\"><div class=\"wp-block-embed__wrapper\">\n<iframe title=\"O QUE SUSTENTA BOLSONARO NO PODER? Desafios da milit\u00e2ncia nacional e internacional\" width=\"640\" height=\"360\" src=\"https:\/\/www.youtube.com\/embed\/QY0_k7dgMgo?feature=oembed\" frameborder=\"0\" allow=\"accelerometer; autoplay; clipboard-write; encrypted-media; gyroscope; picture-in-picture; web-share\" referrerpolicy=\"strict-origin-when-cross-origin\" allowfullscreen><\/iframe>\n<\/div><figcaption class=\"wp-element-caption\">Live apresentada por Ana Isa Dijk (Coletivo Amsterdam), Cristina Francisco (GDTB, Hakmurgo) e Rebeca Lang (Collectif Alerte France Br\u00e9sil, Comit\u00ea Liberez Lula, Levante MUlheres derrubamBolsonaro).<br>Tema: &#8220;O QUE SUSTENTA BOLSONARO NO PODER? Desafios da milit\u00e2ncia nacional e internacional&#8221;<\/figcaption><\/figure>\n\n\n\n<p><strong><span style=\"color:#f9030f;\" class=\"has-inline-color\">09\/08\/2020<\/span><\/strong><\/p>\n\n\n\n<figure class=\"wp-block-embed is-type-video is-provider-youtube wp-block-embed-youtube wp-embed-aspect-16-9 wp-has-aspect-ratio\"><div class=\"wp-block-embed__wrapper\">\n<iframe title=\"RETRANSMISS\u00c3O - ENTREVISTA LULA\" width=\"640\" height=\"360\" src=\"https:\/\/www.youtube.com\/embed\/AlKfDaPZc9Q?feature=oembed\" frameborder=\"0\" allow=\"accelerometer; autoplay; clipboard-write; encrypted-media; gyroscope; picture-in-picture; web-share\" referrerpolicy=\"strict-origin-when-cross-origin\" allowfullscreen><\/iframe>\n<\/div><figcaption class=\"wp-element-caption\">RETRANSMISS\u00c3O &#8211; ENTREVISTA LULA<\/figcaption><\/figure>\n\n\n\n<p><strong><span style=\"color:#fc0309;\" class=\"has-inline-color\">06\/08\/2020<\/span><\/strong><\/p>\n\n\n\n<figure class=\"wp-block-embed is-type-video is-provider-youtube wp-block-embed-youtube wp-embed-aspect-16-9 wp-has-aspect-ratio\"><div class=\"wp-block-embed__wrapper\">\n<iframe title=\"Boletim FIBRA no Ar\" width=\"640\" height=\"360\" src=\"https:\/\/www.youtube.com\/embed\/tri5PmxMtHo?feature=oembed\" frameborder=\"0\" allow=\"accelerometer; autoplay; clipboard-write; encrypted-media; gyroscope; picture-in-picture; web-share\" referrerpolicy=\"strict-origin-when-cross-origin\" allowfullscreen><\/iframe>\n<\/div><figcaption class=\"wp-element-caption\">Boletim FIBRA no Ar<\/figcaption><\/figure>\n\n\n\n<p><strong><span style=\"color:#fc0309;\" class=\"has-inline-color\">30\/07\/2020<\/span><\/strong><\/p>\n\n\n\n<figure class=\"wp-block-embed is-type-video is-provider-youtube wp-block-embed-youtube wp-embed-aspect-16-9 wp-has-aspect-ratio\"><div class=\"wp-block-embed__wrapper\">\n<iframe title=\"Boletim FIBRA NO AR - 30 de Julho de 2020\" width=\"640\" height=\"360\" src=\"https:\/\/www.youtube.com\/embed\/MHnToSM8m3g?feature=oembed\" frameborder=\"0\" allow=\"accelerometer; autoplay; clipboard-write; encrypted-media; gyroscope; picture-in-picture; web-share\" referrerpolicy=\"strict-origin-when-cross-origin\" allowfullscreen><\/iframe>\n<\/div><figcaption class=\"wp-element-caption\">Boletim FIBRA NO AR &#8211; 30 de Julho de 2020<\/figcaption><\/figure>\n\n\n\n<p><strong><span style=\"color:#fc0307;\" class=\"has-inline-color\">28\/07\/2020<\/span><\/strong><\/p>\n\n\n\n<figure class=\"wp-block-embed is-type-video is-provider-youtube wp-block-embed-youtube wp-embed-aspect-16-9 wp-has-aspect-ratio\"><div class=\"wp-block-embed__wrapper\">\n<iframe title=\"JUNTAS - PROTAGONISMO FEMININO NA POL\u00cdTICA BRASILEIRA\" width=\"640\" height=\"360\" src=\"https:\/\/www.youtube.com\/embed\/7UZsNOo_Uds?feature=oembed\" frameborder=\"0\" allow=\"accelerometer; autoplay; clipboard-write; encrypted-media; gyroscope; picture-in-picture; web-share\" referrerpolicy=\"strict-origin-when-cross-origin\" allowfullscreen><\/iframe>\n<\/div><figcaption class=\"wp-element-caption\">Live do Coletivo GDTB, apresentada por Dayse Zschiesche. <br>Tema: &#8220;JUNTAS &#8211; PROTAGONISMO FEMININO NA POL\u00cdTICA BRASILEIRA&#8221;<\/figcaption><\/figure>\n\n\n\n<p><strong><span style=\"color:#fc0310;\" class=\"has-inline-color\">23\/07\/2020<\/span><\/strong><\/p>\n\n\n\n<figure class=\"wp-block-embed is-type-video is-provider-youtube wp-block-embed-youtube wp-embed-aspect-16-9 wp-has-aspect-ratio\"><div class=\"wp-block-embed__wrapper\">\n<iframe title=\"BOLETIM FIBRA NO AR - 23 DE JULHO\" width=\"640\" height=\"360\" src=\"https:\/\/www.youtube.com\/embed\/qA0vg1-L_zI?feature=oembed\" frameborder=\"0\" allow=\"accelerometer; autoplay; clipboard-write; encrypted-media; gyroscope; picture-in-picture; web-share\" referrerpolicy=\"strict-origin-when-cross-origin\" allowfullscreen><\/iframe>\n<\/div><figcaption class=\"wp-element-caption\">BOLETIM FIBRA NO AR &#8211; 23 DE JULHO<\/figcaption><\/figure>\n\n\n\n<p><strong><span style=\"color:#f90410;\" class=\"has-inline-color\">18\/07\/2020<\/span><\/strong><\/p>\n\n\n\n<figure class=\"wp-block-embed is-type-video is-provider-youtube wp-block-embed-youtube wp-embed-aspect-16-9 wp-has-aspect-ratio\"><div class=\"wp-block-embed__wrapper\">\n<iframe title=\"Bolsonaro Genocide\" width=\"640\" height=\"360\" src=\"https:\/\/www.youtube.com\/embed\/8TW4e9GGO5I?feature=oembed\" frameborder=\"0\" allow=\"accelerometer; autoplay; clipboard-write; encrypted-media; gyroscope; picture-in-picture; web-share\" referrerpolicy=\"strict-origin-when-cross-origin\" allowfullscreen><\/iframe>\n<\/div><figcaption class=\"wp-element-caption\">V\u00eddeo den\u00fancia de v\u00e1rios coletivos da Fibra. <br>Tema: &#8220;Bolsonaro Genocide&#8221;<\/figcaption><\/figure>\n\n\n\n<p><strong><span style=\"color:#f90410;\" class=\"has-inline-color\">16\/07\/2020<\/span><\/strong><\/p>\n\n\n\n<figure class=\"wp-block-embed is-type-video is-provider-youtube wp-block-embed-youtube wp-embed-aspect-16-9 wp-has-aspect-ratio\"><div class=\"wp-block-embed__wrapper\">\n<iframe title=\"Boletim FIBRA no ar\" width=\"640\" height=\"360\" src=\"https:\/\/www.youtube.com\/embed\/o4t312cEQBo?feature=oembed\" frameborder=\"0\" allow=\"accelerometer; autoplay; clipboard-write; encrypted-media; gyroscope; picture-in-picture; web-share\" referrerpolicy=\"strict-origin-when-cross-origin\" allowfullscreen><\/iframe>\n<\/div><figcaption class=\"wp-element-caption\">Boletim FIBRA no ar 16 julho 2020<\/figcaption><\/figure>\n\n\n\n<p><strong><span style=\"color:#f9031b;\" class=\"has-inline-color\">09\/07\/2020<\/span><\/strong><\/p>\n\n\n\n<figure class=\"wp-block-embed is-type-video is-provider-youtube wp-block-embed-youtube wp-embed-aspect-16-9 wp-has-aspect-ratio\"><div class=\"wp-block-embed__wrapper\">\n<iframe title=\"Boletim FIBRA NO AR\" width=\"640\" height=\"360\" src=\"https:\/\/www.youtube.com\/embed\/3WXoAgQP0gw?feature=oembed\" frameborder=\"0\" allow=\"accelerometer; autoplay; clipboard-write; encrypted-media; gyroscope; picture-in-picture; web-share\" referrerpolicy=\"strict-origin-when-cross-origin\" allowfullscreen><\/iframe>\n<\/div><figcaption class=\"wp-element-caption\">Boletim FIBRA NO AR 09 julho 2020<\/figcaption><\/figure>\n\n\n\n<p><strong><span style=\"color:#f70105;\" class=\"has-inline-color\">30\/06\/2020<\/span><\/strong><\/p>\n\n\n\n<figure class=\"wp-block-embed is-type-video is-provider-youtube wp-block-embed-youtube wp-embed-aspect-16-9 wp-has-aspect-ratio\"><div class=\"wp-block-embed__wrapper\">\n<iframe title=\"RELIGI\u00c3O E IDENTIDADES NEGRAS\" width=\"640\" height=\"360\" src=\"https:\/\/www.youtube.com\/embed\/Ow38R4pOYcE?feature=oembed\" frameborder=\"0\" allow=\"accelerometer; autoplay; clipboard-write; encrypted-media; gyroscope; picture-in-picture; web-share\" referrerpolicy=\"strict-origin-when-cross-origin\" allowfullscreen><\/iframe>\n<\/div><figcaption class=\"wp-element-caption\">Live apresentada por Deyse Zschiesche do GDTB (Hamburgo). <br>Tema: &#8220;RELIGI\u00c3O E IDENTIDADES NEGRAS&#8221;<\/figcaption><\/figure>\n\n\n\n<p><strong><span style=\"color:#f90410;\" class=\"has-inline-color\">27\/06\/2020<\/span><\/strong><\/p>\n\n\n\n<figure class=\"wp-block-embed is-type-video is-provider-youtube wp-block-embed-youtube wp-embed-aspect-16-9 wp-has-aspect-ratio\"><div class=\"wp-block-embed__wrapper\">\n<iframe title=\"BOLETIM CONTAGEM REGRESSIVA #StopBolsonaroMundial\" width=\"640\" height=\"360\" src=\"https:\/\/www.youtube.com\/embed\/wJ0K2PPgbLI?feature=oembed\" frameborder=\"0\" allow=\"accelerometer; autoplay; clipboard-write; encrypted-media; gyroscope; picture-in-picture; web-share\" referrerpolicy=\"strict-origin-when-cross-origin\" allowfullscreen><\/iframe>\n<\/div><figcaption class=\"wp-element-caption\">BOLETIM CONTAGEM REGRESSIVA&nbsp;<a href=\"https:\/\/www.youtube.com\/hashtag\/stopbolsonaromundial\">#StopBolsonaroMundial<\/a> <\/figcaption><\/figure>\n\n\n\n<p><strong><span style=\"color:#fc0309;\" class=\"has-inline-color\">26\/06\/020<\/span><\/strong><\/p>\n\n\n\n<figure class=\"wp-block-embed is-type-video is-provider-youtube wp-block-embed-youtube wp-embed-aspect-16-9 wp-has-aspect-ratio\"><div class=\"wp-block-embed__wrapper\">\n<iframe title=\"Boletim Contagem Regressiva #StopBolsonaroMundial\" width=\"640\" height=\"360\" src=\"https:\/\/www.youtube.com\/embed\/8eIrXHXERp4?feature=oembed\" frameborder=\"0\" allow=\"accelerometer; autoplay; clipboard-write; encrypted-media; gyroscope; picture-in-picture; web-share\" referrerpolicy=\"strict-origin-when-cross-origin\" allowfullscreen><\/iframe>\n<\/div><figcaption class=\"wp-element-caption\">Boletim Contagem Regressiva&nbsp;<a href=\"https:\/\/www.youtube.com\/hashtag\/stopbolsonaromundial\">#StopBolsonaroMundial<\/a><\/figcaption><\/figure>\n\n\n\n<p><strong><span style=\"color:#fc0309;\" class=\"has-inline-color\">25\/06\/2020<\/span><\/strong><\/p>\n\n\n\n<figure class=\"wp-block-embed is-type-video is-provider-youtube wp-block-embed-youtube wp-embed-aspect-16-9 wp-has-aspect-ratio\"><div class=\"wp-block-embed__wrapper\">\n<iframe title=\"Boletim Contagem Regressiva #StopBolsonaroMundial\" width=\"640\" height=\"360\" src=\"https:\/\/www.youtube.com\/embed\/3Z88DvIrcRY?feature=oembed\" frameborder=\"0\" allow=\"accelerometer; autoplay; clipboard-write; encrypted-media; gyroscope; picture-in-picture; web-share\" referrerpolicy=\"strict-origin-when-cross-origin\" allowfullscreen><\/iframe>\n<\/div><figcaption class=\"wp-element-caption\">Boletim Contagem Regressiva&nbsp;<a href=\"https:\/\/www.youtube.com\/hashtag\/stopbolsonaromundial\">#StopBolsonaroMundial<\/a><\/figcaption><\/figure>\n\n\n\n<p><strong><span style=\"color:#fa0317;\" class=\"has-inline-color\">24\/06\/2020<\/span><\/strong><\/p>\n\n\n\n<figure class=\"wp-block-embed is-type-video is-provider-youtube wp-block-embed-youtube wp-embed-aspect-16-9 wp-has-aspect-ratio\"><div class=\"wp-block-embed__wrapper\">\n<iframe title=\"Boletim Contagem Regressiva #StopBolsonaroMundial\" width=\"640\" height=\"360\" src=\"https:\/\/www.youtube.com\/embed\/Pcd--3uoRrI?feature=oembed\" frameborder=\"0\" allow=\"accelerometer; autoplay; clipboard-write; encrypted-media; gyroscope; picture-in-picture; web-share\" referrerpolicy=\"strict-origin-when-cross-origin\" allowfullscreen><\/iframe>\n<\/div><figcaption class=\"wp-element-caption\">Boletim Contagem Regressiva&nbsp;<a href=\"https:\/\/www.youtube.com\/hashtag\/stopbolsonaromundial\">#StopBolsonaroMundial<\/a><\/figcaption><\/figure>\n\n\n\n<p><strong><span style=\"color:#f90307;\" class=\"has-inline-color\">18\/06\/2020<\/span><\/strong><\/p>\n\n\n\n<figure class=\"wp-block-embed is-type-video is-provider-youtube wp-block-embed-youtube wp-embed-aspect-16-9 wp-has-aspect-ratio\"><div class=\"wp-block-embed__wrapper\">\n<iframe title=\"Enfrentando o Fascismo nas Ruas, no Parlamento e nas Redes\" width=\"640\" height=\"360\" src=\"https:\/\/www.youtube.com\/embed\/4PMOdQ8OGl0?feature=oembed\" frameborder=\"0\" allow=\"accelerometer; autoplay; clipboard-write; encrypted-media; gyroscope; picture-in-picture; web-share\" referrerpolicy=\"strict-origin-when-cross-origin\" allowfullscreen><\/iframe>\n<\/div><figcaption class=\"wp-element-caption\">Live apresentada por Fernanda Otero (Irlanda).<br>Tema: &#8220;Enfrentando o Fascismo nas Ruas, no Parlamento e nas Redes&#8221;<\/figcaption><\/figure>\n\n\n\n<p><strong><span style=\"color:#f70209;\" class=\"has-inline-color\">16\/06\/2020<\/span><\/strong><\/p>\n\n\n\n<figure class=\"wp-block-embed is-type-video is-provider-youtube wp-block-embed-youtube wp-embed-aspect-16-9 wp-has-aspect-ratio\"><div class=\"wp-block-embed__wrapper\">\n<iframe title=\"Viol\u00eancia policial: A endemia brasileira\" width=\"640\" height=\"360\" src=\"https:\/\/www.youtube.com\/embed\/F9y56EUHgVU?feature=oembed\" frameborder=\"0\" allow=\"accelerometer; autoplay; clipboard-write; encrypted-media; gyroscope; picture-in-picture; web-share\" referrerpolicy=\"strict-origin-when-cross-origin\" allowfullscreen><\/iframe>\n<\/div><figcaption class=\"wp-element-caption\">Live apresentada por Frida Popp do Coletivo GDTB (Hamburgo).<br>Tema: &#8220;Viol\u00eancia policial: A endemia brasileira&#8221;<\/figcaption><\/figure>\n\n\n\n<p><strong><span style=\"color:#f50307;\" class=\"has-inline-color\">13\/06\/2020<\/span><\/strong><\/p>\n\n\n\n<figure class=\"wp-block-embed is-type-video is-provider-youtube wp-block-embed-youtube wp-embed-aspect-16-9 wp-has-aspect-ratio\"><div class=\"wp-block-embed__wrapper\">\n<iframe title=\"Relev\u00e2ncia dos programas sociais durante a pandemia e conjuntura pol\u00edtico-social no M\u00e9xico e Brasil\" width=\"640\" height=\"360\" src=\"https:\/\/www.youtube.com\/embed\/GJQ-toyzXJs?feature=oembed\" frameborder=\"0\" allow=\"accelerometer; autoplay; clipboard-write; encrypted-media; gyroscope; picture-in-picture; web-share\" referrerpolicy=\"strict-origin-when-cross-origin\" allowfullscreen><\/iframe>\n<\/div><figcaption class=\"wp-element-caption\">Live apresentada por M\u00e1rcia Sarquis (Coletivo Regina de Sena\/M\u00e9xico). <br>Tema: &#8220;Relev\u00e2ncia dos programas sociais durante a pandemia e conjuntura pol\u00edtico-social no M\u00e9xico e Brasil&#8221;<\/figcaption><\/figure>\n\n\n\n<p><strong><span style=\"color:#fd0307;\" class=\"has-inline-color\">05\/06\/2020<\/span><\/strong><\/p>\n\n\n\n<figure class=\"wp-block-embed is-type-video is-provider-youtube wp-block-embed-youtube wp-embed-aspect-16-9 wp-has-aspect-ratio\"><div class=\"wp-block-embed__wrapper\">\n<iframe title=\"SARAU DO DIA DO MEIO-AMBIENTE: Essa boiada n\u00e3o passar\u00e1!\" width=\"640\" height=\"360\" src=\"https:\/\/www.youtube.com\/embed\/zy3VrII2N4w?feature=oembed\" frameborder=\"0\" allow=\"accelerometer; autoplay; clipboard-write; encrypted-media; gyroscope; picture-in-picture; web-share\" referrerpolicy=\"strict-origin-when-cross-origin\" allowfullscreen><\/iframe>\n<\/div><figcaption class=\"wp-element-caption\">Live apresentada por Fl\u00e1vio Carvalho (Barcelona).<br>Tema: &#8220;SARAU DO DIA DO MEIO-AMBIENTE: Essa boiada n\u00e3o passar\u00e1!&#8221;<\/figcaption><\/figure>\n\n\n\n<p><strong><span style=\"color:#fc0410;\" class=\"has-inline-color\">04\/06\/2020<\/span><\/strong><\/p>\n\n\n\n<figure class=\"wp-block-embed is-type-video is-provider-youtube wp-block-embed-youtube wp-embed-aspect-16-9 wp-has-aspect-ratio\"><div class=\"wp-block-embed__wrapper\">\n<iframe title=\"Vidas negras importam! Conex\u00e3o Berlim, Brasil e Nova York\" width=\"640\" height=\"360\" src=\"https:\/\/www.youtube.com\/embed\/27aXHAbqiD0?feature=oembed\" frameborder=\"0\" allow=\"accelerometer; autoplay; clipboard-write; encrypted-media; gyroscope; picture-in-picture; web-share\" referrerpolicy=\"strict-origin-when-cross-origin\" allowfullscreen><\/iframe>\n<\/div><figcaption class=\"wp-element-caption\">Live apresentada por Fernanda Otero (Irlanda).<br>Tema: &#8220;Vidas negras importam! Conex\u00e3o Berlim, Brasil e Nova York&#8221;<\/figcaption><\/figure>\n\n\n\n<p><strong><span style=\"color:#fa0408;\" class=\"has-inline-color\">01\/05\/2020<\/span><\/strong><\/p>\n\n\n\n<figure class=\"wp-block-embed is-type-video is-provider-youtube wp-block-embed-youtube wp-embed-aspect-16-9 wp-has-aspect-ratio\"><div class=\"wp-block-embed__wrapper\">\n<iframe title=\"Primeiro de Maio e FIBRA\" width=\"640\" height=\"360\" src=\"https:\/\/www.youtube.com\/embed\/04jXtyvMSdg?feature=oembed\" frameborder=\"0\" allow=\"accelerometer; autoplay; clipboard-write; encrypted-media; gyroscope; picture-in-picture; web-share\" referrerpolicy=\"strict-origin-when-cross-origin\" allowfullscreen><\/iframe>\n<\/div><figcaption class=\"wp-element-caption\">Live apresentada por Fernanda Otero e outros colaboradores.<br>Tema: &#8220;Primeiro de Maio e FIBRA&#8221;<\/figcaption><\/figure>\n\n\n\n<p><strong><span style=\"color:#f9020e;\" class=\"has-inline-color\">30\/03\/2020<\/span><\/strong><\/p>\n\n\n\n<figure class=\"wp-block-embed is-type-video is-provider-youtube wp-block-embed-youtube wp-embed-aspect-16-9 wp-has-aspect-ratio\"><div class=\"wp-block-embed__wrapper\">\n<iframe title=\"Um recado da milit\u00e2ncia internacional: fique em casa!\" width=\"640\" height=\"360\" src=\"https:\/\/www.youtube.com\/embed\/R4Vl6OiquTI?feature=oembed\" frameborder=\"0\" allow=\"accelerometer; autoplay; clipboard-write; encrypted-media; gyroscope; picture-in-picture; web-share\" referrerpolicy=\"strict-origin-when-cross-origin\" allowfullscreen><\/iframe>\n<\/div><figcaption class=\"wp-element-caption\">V\u00eddeo produzido por v\u00e1rios coletivos.<br>Tema: &#8220;Um recado da milit\u00e2ncia internacional: fique em casa!&#8221;<\/figcaption><\/figure>\n\n\n\n<p><strong><span style=\"color:#fc0310;\" class=\"has-inline-color\">22\/02\/2020<\/span><\/strong><\/p>\n\n\n\n<figure class=\"wp-block-embed is-type-video is-provider-youtube wp-block-embed-youtube wp-embed-aspect-16-9 wp-has-aspect-ratio\"><div class=\"wp-block-embed__wrapper\">\n<iframe title=\"Clipe Oficial Mangueira 2020\" width=\"640\" height=\"360\" src=\"https:\/\/www.youtube.com\/embed\/DLhbjOROwaI?feature=oembed\" frameborder=\"0\" allow=\"accelerometer; autoplay; clipboard-write; encrypted-media; gyroscope; picture-in-picture; web-share\" referrerpolicy=\"strict-origin-when-cross-origin\" allowfullscreen><\/iframe>\n<\/div><figcaption class=\"wp-element-caption\">V\u00eddeo com o clip oficial da Mangueira. <br>Tema: &#8220;The Truth Will Make You Free- Mangueira Oficial 2020&#8221;<\/figcaption><\/figure>\n\n\n\n<p>_______________________________________________________________________________________________________ <\/p>\n\n\n\n<p><strong><span style=\"color:#fc030f;\" class=\"has-inline-color\">01\/11\/2019<\/span><\/strong><\/p>\n\n\n\n<figure class=\"wp-block-embed is-type-video is-provider-youtube wp-block-embed-youtube wp-embed-aspect-16-9 wp-has-aspect-ratio\"><div class=\"wp-block-embed__wrapper\">\n<iframe title=\"Parliamentary Investigation Committee in Senate and House of Representatives on 30th October, 2019\" width=\"640\" height=\"360\" src=\"https:\/\/www.youtube.com\/embed\/-aIL4MrrsDc?feature=oembed\" frameborder=\"0\" allow=\"accelerometer; autoplay; clipboard-write; encrypted-media; gyroscope; picture-in-picture; web-share\" referrerpolicy=\"strict-origin-when-cross-origin\" allowfullscreen><\/iframe>\n<\/div><figcaption class=\"wp-element-caption\">Video sobre CPMI das Fake News.<br>Tema: &#8220;Parliamentary Investigation Committee in Senate and House of Representatives on 30th October 2019&#8221;<\/figcaption><\/figure>\n\n\n\n<p><strong><span style=\"color:#f80317;\" class=\"has-inline-color\">30\/08\/2019<\/span><\/strong><\/p>\n\n\n\n<figure class=\"wp-block-embed is-type-video is-provider-youtube wp-block-embed-youtube wp-embed-aspect-16-9 wp-has-aspect-ratio\"><div class=\"wp-block-embed__wrapper\">\n<iframe title=\"Objetivos da FIBRA\" width=\"640\" height=\"360\" src=\"https:\/\/www.youtube.com\/embed\/_Doq_H-cxeU?feature=oembed\" frameborder=\"0\" allow=\"accelerometer; autoplay; clipboard-write; encrypted-media; gyroscope; picture-in-picture; web-share\" referrerpolicy=\"strict-origin-when-cross-origin\" allowfullscreen><\/iframe>\n<\/div><figcaption class=\"wp-element-caption\">V\u00eddeo sobre os Objetivos da FIBRA<\/figcaption><\/figure>\n\n\n\n<p><strong><span style=\"color:#f80317;\" class=\"has-inline-color\">25\/08\/2019<\/span><\/strong><\/p>\n\n\n\n<figure class=\"wp-block-embed is-type-video is-provider-youtube wp-block-embed-youtube wp-embed-aspect-16-9 wp-has-aspect-ratio\"><div class=\"wp-block-embed__wrapper\">\n<iframe title=\"H\u00e9lio Rodrigues, Presidente do Sindicato dos Qu\u00edmicos de SP envia mensagem \u00e0 FIBRA\" width=\"640\" height=\"360\" src=\"https:\/\/www.youtube.com\/embed\/_41Tm2rdXvs?feature=oembed\" frameborder=\"0\" allow=\"accelerometer; autoplay; clipboard-write; encrypted-media; gyroscope; picture-in-picture; web-share\" referrerpolicy=\"strict-origin-when-cross-origin\" allowfullscreen><\/iframe>\n<\/div><figcaption class=\"wp-element-caption\">V\u00eddeo com mensagem \u00e0 Fibra.<br>Tema: &#8220;H\u00e9lio Rodrigues, Presidente do Sindicato dos Qu\u00edmicos de SP envia mensagem \u00e0 FIBRA&#8221;<\/figcaption><\/figure>\n\n\n\n<p><strong><span style=\"color:#f7021e;\" class=\"has-inline-color\">14\/08\/2019<\/span><\/strong><\/p>\n\n\n\n<figure class=\"wp-block-embed is-type-video is-provider-youtube wp-block-embed-youtube wp-embed-aspect-16-9 wp-has-aspect-ratio\"><div class=\"wp-block-embed__wrapper\">\n<iframe title=\"Convite de Juv\u00e2nda Moreira para o II Encontro da FIBRA\" width=\"640\" height=\"360\" src=\"https:\/\/www.youtube.com\/embed\/jxlYL0QVTcQ?feature=oembed\" frameborder=\"0\" allow=\"accelerometer; autoplay; clipboard-write; encrypted-media; gyroscope; picture-in-picture; web-share\" referrerpolicy=\"strict-origin-when-cross-origin\" allowfullscreen><\/iframe>\n<\/div><figcaption class=\"wp-element-caption\">V\u00eddeo convite.<br>Tema: &#8220;Convite de Juv\u00e2nda Moreira para o II Encontro da FIBRA&#8221;<\/figcaption><\/figure>\n\n\n\n<p><strong><span style=\"color:#fa0206;\" class=\"has-inline-color\">02\/08\/2019<\/span><\/strong><\/p>\n\n\n\n<figure class=\"wp-block-embed is-type-video is-provider-youtube wp-block-embed-youtube wp-embed-aspect-16-9 wp-has-aspect-ratio\"><div class=\"wp-block-embed__wrapper\">\n<iframe title=\"Maria Dantas sobre o II Encontro da Fibra\" width=\"640\" height=\"360\" src=\"https:\/\/www.youtube.com\/embed\/UNbalRvbiKU?feature=oembed\" frameborder=\"0\" allow=\"accelerometer; autoplay; clipboard-write; encrypted-media; gyroscope; picture-in-picture; web-share\" referrerpolicy=\"strict-origin-when-cross-origin\" allowfullscreen><\/iframe>\n<\/div><figcaption class=\"wp-element-caption\">V\u00eddeo convite. <br>Tema: &#8220;Maria Dantas sobre o II Encontro da Fibra&#8221;<\/figcaption><\/figure>\n\n\n\n<p><strong><span style=\"color:#f70307;\" class=\"has-inline-color\">29\/07\/2019<\/span><\/strong><\/p>\n\n\n\n<figure class=\"wp-block-embed is-type-video is-provider-youtube wp-block-embed-youtube wp-embed-aspect-16-9 wp-has-aspect-ratio\"><div class=\"wp-block-embed__wrapper\">\n<iframe title=\"II Encontro da FIBRA - PROGRAMA\u00c7\u00c3O\" width=\"640\" height=\"360\" src=\"https:\/\/www.youtube.com\/embed\/tTBFR9O5AKk?feature=oembed\" frameborder=\"0\" allow=\"accelerometer; autoplay; clipboard-write; encrypted-media; gyroscope; picture-in-picture; web-share\" referrerpolicy=\"strict-origin-when-cross-origin\" allowfullscreen><\/iframe>\n<\/div><figcaption class=\"wp-element-caption\">V\u00eddeo sobre II Encontro da FIBRA &#8211; PROGRAMA\u00c7\u00c3O<\/figcaption><\/figure>\n\n\n\n<p><strong><span style=\"color:#f8030f;\" class=\"has-inline-color\">27\/07\/2019<\/span><\/strong><\/p>\n\n\n\n<figure class=\"wp-block-embed is-type-video is-provider-youtube wp-block-embed-youtube wp-embed-aspect-16-9 wp-has-aspect-ratio\"><div class=\"wp-block-embed__wrapper\">\n<iframe title=\"Ligiana Costa, Compositora, Music\u00f3loga, Cantora - II Encontro FIBRA\" width=\"640\" height=\"360\" src=\"https:\/\/www.youtube.com\/embed\/eV2vi97lnK4?feature=oembed\" frameborder=\"0\" allow=\"accelerometer; autoplay; clipboard-write; encrypted-media; gyroscope; picture-in-picture; web-share\" referrerpolicy=\"strict-origin-when-cross-origin\" allowfullscreen><\/iframe>\n<\/div><figcaption class=\"wp-element-caption\">V\u00eddeo de Ligiana Costa, Compositora, Music\u00f3loga, Cantora &#8211; II Encontro FIBRA.<\/figcaption><\/figure>\n\n\n\n<p><strong><span style=\"color:#f30307;\" class=\"has-inline-color\">25\/07\/2019<\/span><\/strong><\/p>\n\n\n\n<figure class=\"wp-block-embed is-type-video is-provider-youtube wp-block-embed-youtube wp-embed-aspect-16-9 wp-has-aspect-ratio\"><div class=\"wp-block-embed__wrapper\">\n<iframe title=\"Convite para o Ato em Defesa da Liberdade de Lula, 18\/08, Berlim na FRL\" width=\"640\" height=\"360\" src=\"https:\/\/www.youtube.com\/embed\/M5MDrd5Fobg?feature=oembed\" frameborder=\"0\" allow=\"accelerometer; autoplay; clipboard-write; encrypted-media; gyroscope; picture-in-picture; web-share\" referrerpolicy=\"strict-origin-when-cross-origin\" allowfullscreen><\/iframe>\n<\/div><figcaption class=\"wp-element-caption\">V\u00eddeo Convite para o Ato em Defesa da Liberdade de Lula, 18\/08, Berlim na FRL.<\/figcaption><\/figure>\n\n\n\n<p><strong><span style=\"color:#f50307;\" class=\"has-inline-color\">22\/07\/2019<\/span><\/strong><\/p>\n\n\n\n<figure class=\"wp-block-embed is-type-video is-provider-youtube wp-block-embed-youtube wp-embed-aspect-16-9 wp-has-aspect-ratio\"><div class=\"wp-block-embed__wrapper\">\n<iframe title=\"Julian Rodrigues do Movimento LGBTI sobre o II Encontro da FIBRA\" width=\"640\" height=\"360\" src=\"https:\/\/www.youtube.com\/embed\/QttkmEYvRWU?feature=oembed\" frameborder=\"0\" allow=\"accelerometer; autoplay; clipboard-write; encrypted-media; gyroscope; picture-in-picture; web-share\" referrerpolicy=\"strict-origin-when-cross-origin\" allowfullscreen><\/iframe>\n<\/div><figcaption class=\"wp-element-caption\">V\u00eddeo com Julian Rodrigues do Movimento LGBTI sobre o II Encontro da FIBRA<\/figcaption><\/figure>\n\n\n\n<p><strong><span style=\"color:#f70317;\" class=\"has-inline-color\">22\/07\/2019<\/span><\/strong><\/p>\n\n\n\n<figure class=\"wp-block-embed is-type-video is-provider-youtube wp-block-embed-youtube wp-embed-aspect-16-9 wp-has-aspect-ratio\"><div class=\"wp-block-embed__wrapper\">\n<iframe title=\"Ex-Ministra Eleonora Menicucci sobre o II Encontro da FIBRA\" width=\"640\" height=\"360\" src=\"https:\/\/www.youtube.com\/embed\/-CkMSy9SzRA?feature=oembed\" frameborder=\"0\" allow=\"accelerometer; autoplay; clipboard-write; encrypted-media; gyroscope; picture-in-picture; web-share\" referrerpolicy=\"strict-origin-when-cross-origin\" allowfullscreen><\/iframe>\n<\/div><figcaption class=\"wp-element-caption\">V\u00eddeo com a Ex-Ministra Eleonora Menicucci sobre o II Encontro da FIBRA<\/figcaption><\/figure>\n\n\n\n<p><strong><span style=\"color:#fa020e;\" class=\"has-inline-color\">15\/07\/2019<\/span><\/strong><\/p>\n\n\n\n<figure class=\"wp-block-embed is-type-video is-provider-youtube wp-block-embed-youtube wp-embed-aspect-16-9 wp-has-aspect-ratio\"><div class=\"wp-block-embed__wrapper\">\n<iframe title=\"Chamada para o II Encontro da FIBRA\" width=\"640\" height=\"360\" src=\"https:\/\/www.youtube.com\/embed\/fE-tZRZIoss?feature=oembed\" frameborder=\"0\" allow=\"accelerometer; autoplay; clipboard-write; encrypted-media; gyroscope; picture-in-picture; web-share\" referrerpolicy=\"strict-origin-when-cross-origin\" allowfullscreen><\/iframe>\n<\/div><figcaption class=\"wp-element-caption\">V\u00eddeo Chamada para o II Encontro da FIBRA<\/figcaption><\/figure>\n\n\n\n<p><strong><span style=\"color:#fc0408;\" class=\"has-inline-color\">15\/07\/2019<\/span><\/strong><\/p>\n\n\n\n<figure class=\"wp-block-embed is-type-video is-provider-youtube wp-block-embed-youtube wp-embed-aspect-16-9 wp-has-aspect-ratio\"><div class=\"wp-block-embed__wrapper\">\n<iframe title=\"Chamada para o II Encontro Internacional da FIBRA &quot;Fomos, somos e seremos reist\u00eancia&quot;\" width=\"640\" height=\"360\" src=\"https:\/\/www.youtube.com\/embed\/WUG982JRhE4?feature=oembed\" frameborder=\"0\" allow=\"accelerometer; autoplay; clipboard-write; encrypted-media; gyroscope; picture-in-picture; web-share\" referrerpolicy=\"strict-origin-when-cross-origin\" allowfullscreen><\/iframe>\n<\/div><figcaption class=\"wp-element-caption\">V\u00eddeo Chamada para o II Encontro Internacional da FIBRA &#8220;Fomos, somos e seremos resist\u00eancia&#8221;<\/figcaption><\/figure>\n\n\n\n<p><strong><span style=\"color:#fa0206;\" class=\"has-inline-color\">30\/06\/2019<\/span><\/strong><\/p>\n\n\n\n<figure class=\"wp-block-embed is-type-video is-provider-youtube wp-block-embed-youtube wp-embed-aspect-16-9 wp-has-aspect-ratio\"><div class=\"wp-block-embed__wrapper\">\n<iframe title=\"FIBRA AO VIVO\" width=\"640\" height=\"360\" src=\"https:\/\/www.youtube.com\/embed\/4Aq-Ddk_2yc?feature=oembed\" frameborder=\"0\" allow=\"accelerometer; autoplay; clipboard-write; encrypted-media; gyroscope; picture-in-picture; web-share\" referrerpolicy=\"strict-origin-when-cross-origin\" allowfullscreen><\/iframe>\n<\/div><figcaption class=\"wp-element-caption\">Live apresentada por Fernanda Otero (Brasil). Participa\u00e7\u00e3o do Coletivo Hamburgo contra o Golpe no Brasil e GTDB &#8211; Grupo de Discuss\u00e3o sobre Temas Brasileiros, da Uni Hamburg, com Cristina Francisco e no Canad\u00e1, com Mauricio do Rede Solidariedade Brasil &#8211; Canad\u00e1.<br>Tema: &#8220;FIBRA AO VIVO&#8221;<\/figcaption><\/figure>\n\n\n\n<p><strong><span style=\"color:#f80409;\" class=\"has-inline-color\">25\/06\/2019<\/span><\/strong><\/p>\n\n\n\n<figure class=\"wp-block-embed is-type-video is-provider-youtube wp-block-embed-youtube wp-embed-aspect-16-9 wp-has-aspect-ratio\"><div class=\"wp-block-embed__wrapper\">\n<iframe title=\"FIBRA AO VIVO\" width=\"640\" height=\"360\" src=\"https:\/\/www.youtube.com\/embed\/6tCJ8duHygA?feature=oembed\" frameborder=\"0\" allow=\"accelerometer; autoplay; clipboard-write; encrypted-media; gyroscope; picture-in-picture; web-share\" referrerpolicy=\"strict-origin-when-cross-origin\" allowfullscreen><\/iframe>\n<\/div><figcaption class=\"wp-element-caption\"><em>Live apresentada por Fernanda Otero (Brasil)<\/em>. <br>Tema: &#8220;FIBRA AO VIVO &#8211; <em>Especial sobre a reforma da previd\u00eancia. Participa\u00e7\u00e3o do Mestre em Direito Previdenci\u00e1rio, Emilio Ferraro<\/em>&#8220;<\/figcaption><\/figure>\n\n\n\n<p><strong><span style=\"color:#f70408;\" class=\"has-inline-color\">17\/06\/2019<\/span><\/strong><\/p>\n\n\n\n<figure class=\"wp-block-embed is-type-video is-provider-youtube wp-block-embed-youtube wp-embed-aspect-16-9 wp-has-aspect-ratio\"><div class=\"wp-block-embed__wrapper\">\n<iframe title=\"&quot;FIBRA AO VIVO&quot; na greve do dia 14 de Junho em SP\" width=\"640\" height=\"360\" src=\"https:\/\/www.youtube.com\/embed\/Yb09c4IRCec?feature=oembed\" frameborder=\"0\" allow=\"accelerometer; autoplay; clipboard-write; encrypted-media; gyroscope; picture-in-picture; web-share\" referrerpolicy=\"strict-origin-when-cross-origin\" allowfullscreen><\/iframe>\n<\/div><figcaption class=\"wp-element-caption\">Programa de R\u00e1pida entrevista com Eleonora de Lucena, do Site Tutameia sobre o seu encontro com o Presidente Lula.<br>Tema: &#8220;FIBRA AO VIVO&#8221; na greve do dia 14 de Junho em SP.&#8221;<\/figcaption><\/figure>\n\n\n\n<p><strong><span style=\"color:#f80206;\" class=\"has-inline-color\">16\/06\/2019<\/span><\/strong><\/p>\n\n\n\n<figure class=\"wp-block-embed is-type-video is-provider-youtube wp-block-embed-youtube wp-embed-aspect-16-9 wp-has-aspect-ratio\"><div class=\"wp-block-embed__wrapper\">\n<iframe title=\"FIBRA AO VIVO\" width=\"640\" height=\"360\" src=\"https:\/\/www.youtube.com\/embed\/cD8twQZ8Ubk?feature=oembed\" frameborder=\"0\" allow=\"accelerometer; autoplay; clipboard-write; encrypted-media; gyroscope; picture-in-picture; web-share\" referrerpolicy=\"strict-origin-when-cross-origin\" allowfullscreen><\/iframe>\n<\/div><figcaption class=\"wp-element-caption\">Programa quinzenal da FIBRA com a participa\u00e7\u00e3o da milit\u00e2ncia internacional.<br>Tema: &#8220;FIBRA AO VIVO &#8211; Participa\u00e7\u00e3o do Jornalista Breno Altman.&#8221;<\/figcaption><\/figure>\n\n\n\n<p><strong><span style=\"color:#f70307;\" class=\"has-inline-color\">19\/05\/2019<\/span><\/strong><\/p>\n\n\n\n<figure class=\"wp-block-embed is-type-video is-provider-youtube wp-block-embed-youtube wp-embed-aspect-16-9 wp-has-aspect-ratio\"><div class=\"wp-block-embed__wrapper\">\n<iframe title=\"FIBRA AO VIVO\" width=\"640\" height=\"360\" src=\"https:\/\/www.youtube.com\/embed\/mz-JfZ_fBRA?feature=oembed\" frameborder=\"0\" allow=\"accelerometer; autoplay; clipboard-write; encrypted-media; gyroscope; picture-in-picture; web-share\" referrerpolicy=\"strict-origin-when-cross-origin\" allowfullscreen><\/iframe>\n<\/div><figcaption class=\"wp-element-caption\">Programa quinzenal da FIBRA com a participa\u00e7\u00e3o da milit\u00e2ncia internacional. <br>Tema: &#8220;FIBRA AO VIVO &#8211; Participa\u00e7\u00e3o do Professor James Green&#8221;<\/figcaption><\/figure>\n\n\n\n<p><strong><span style=\"color:#fc0408;\" class=\"has-inline-color\">19\/05\/2019<\/span><\/strong><\/p>\n\n\n\n<figure class=\"wp-block-embed is-type-video is-provider-youtube wp-block-embed-youtube wp-embed-aspect-16-9 wp-has-aspect-ratio\"><div class=\"wp-block-embed__wrapper\">\n<iframe title=\"II Encontro Internacional da Fibra em Berlin\" width=\"640\" height=\"360\" src=\"https:\/\/www.youtube.com\/embed\/luuZSG-38Ew?feature=oembed\" frameborder=\"0\" allow=\"accelerometer; autoplay; clipboard-write; encrypted-media; gyroscope; picture-in-picture; web-share\" referrerpolicy=\"strict-origin-when-cross-origin\" allowfullscreen><\/iframe>\n<\/div><figcaption class=\"wp-element-caption\">V\u00eddeo sobre o que acontecer\u00e1 em agosto, dias 16, 17 e 18. <br>O convite aqui foi feito pelo Trompetista Fabiano Leit\u00e3o. <\/figcaption><\/figure>\n\n\n\n<p><strong><span style=\"color:#f90409;\" class=\"has-inline-color\">05\/05\/2019<\/span><\/strong><\/p>\n\n\n\n<figure class=\"wp-block-embed is-type-video is-provider-youtube wp-block-embed-youtube wp-embed-aspect-16-9 wp-has-aspect-ratio\"><div class=\"wp-block-embed__wrapper\">\n<iframe title=\"FIBRA AO VIVO\" width=\"640\" height=\"360\" src=\"https:\/\/www.youtube.com\/embed\/foKOBobLkdk?feature=oembed\" frameborder=\"0\" allow=\"accelerometer; autoplay; clipboard-write; encrypted-media; gyroscope; picture-in-picture; web-share\" referrerpolicy=\"strict-origin-when-cross-origin\" allowfullscreen><\/iframe>\n<\/div><figcaption class=\"wp-element-caption\">Programa quinzenal da FIBRA com a participa\u00e7\u00e3o da milit\u00e2ncia internacional. No programa de hoje, Silvia Capanema, deputada membro do Partido Comunista na Fran\u00e7a.<\/figcaption><\/figure>\n\n\n\n<p><strong><span style=\"color:#f50307;\" class=\"has-inline-color\">Abril\/2019<\/span><\/strong><\/p>\n\n\n\n<figure class=\"wp-block-embed is-type-video is-provider-youtube wp-block-embed-youtube wp-embed-aspect-16-9 wp-has-aspect-ratio\"><div class=\"wp-block-embed__wrapper\">\n<iframe title=\"Free Lula London Bus Tour. Abril 2019\" width=\"640\" height=\"360\" src=\"https:\/\/www.youtube.com\/embed\/oiC9FB-4uxc?feature=oembed\" frameborder=\"0\" allow=\"accelerometer; autoplay; clipboard-write; encrypted-media; gyroscope; picture-in-picture; web-share\" referrerpolicy=\"strict-origin-when-cross-origin\" allowfullscreen><\/iframe>\n<\/div><figcaption class=\"wp-element-caption\">Ato organizado pelo Coletivo Defend Democracy in Brazil UK.<br>Tema: &#8220;Free Lula London Bus Tour. Abril 2019&#8221;<br>&nbsp;<\/figcaption><\/figure>\n\n\n\n<p><strong><span style=\"color:#f50307;\" class=\"has-inline-color\">21\/04\/2019<\/span><\/strong><\/p>\n\n\n\n<figure class=\"wp-block-embed is-type-video is-provider-youtube wp-block-embed-youtube wp-embed-aspect-16-9 wp-has-aspect-ratio\"><div class=\"wp-block-embed__wrapper\">\n<iframe title=\"FIBRA AO VIVO\" width=\"640\" height=\"360\" src=\"https:\/\/www.youtube.com\/embed\/OJnFABgY86o?feature=oembed\" frameborder=\"0\" allow=\"accelerometer; autoplay; clipboard-write; encrypted-media; gyroscope; picture-in-picture; web-share\" referrerpolicy=\"strict-origin-when-cross-origin\" allowfullscreen><\/iframe>\n<\/div><figcaption class=\"wp-element-caption\">FIBRA AO VIVO debate os temas da semana e a agenda. <br>Tema: &#8220;Chamada para o Encontro Internacional que acontecer\u00e1 em Berlin.&#8221;<\/figcaption><\/figure>\n\n\n\n<p><strong><span style=\"color:#f8030f;\" class=\"has-inline-color\">15\/04\/2019<\/span><\/strong><\/p>\n\n\n\n<figure class=\"wp-block-embed is-type-video is-provider-youtube wp-block-embed-youtube wp-embed-aspect-16-9 wp-has-aspect-ratio\"><div class=\"wp-block-embed__wrapper\">\n<iframe title=\"Fibra ao Vivo\" width=\"640\" height=\"360\" src=\"https:\/\/www.youtube.com\/embed\/yAk6e8RwLsE?feature=oembed\" frameborder=\"0\" allow=\"accelerometer; autoplay; clipboard-write; encrypted-media; gyroscope; picture-in-picture; web-share\" referrerpolicy=\"strict-origin-when-cross-origin\" allowfullscreen><\/iframe>\n<\/div><figcaption class=\"wp-element-caption\">Frente Internacional contra o Golpe &#8211; <strong>Programa de estr\u00e9ia<\/strong><\/figcaption><\/figure>\n\n\n\n<p><strong><span style=\"color:#f8020e;\" class=\"has-inline-color\">16\/01\/2019<\/span><\/strong><\/p>\n\n\n\n<figure class=\"wp-block-embed is-type-video is-provider-youtube wp-block-embed-youtube wp-embed-aspect-16-9 wp-has-aspect-ratio\"><div class=\"wp-block-embed__wrapper\">\n<iframe title=\"Video de apresenta\u00e7\u00e3o da FIBRA - Presentation video of FIBRA\" width=\"640\" height=\"360\" src=\"https:\/\/www.youtube.com\/embed\/r4ypNd-KR_s?feature=oembed\" frameborder=\"0\" allow=\"accelerometer; autoplay; clipboard-write; encrypted-media; gyroscope; picture-in-picture; web-share\" referrerpolicy=\"strict-origin-when-cross-origin\" allowfullscreen><\/iframe>\n<\/div><figcaption class=\"wp-element-caption\">Video de apresenta\u00e7\u00e3o da FIBRA &#8211; Presentation video of FIBRA<\/figcaption><\/figure>\n\n\n\n<p><strong><span style=\"color:#f8020e;\" class=\"has-inline-color\">24\/03\/2018<\/span><\/strong><\/p>\n\n\n\n<figure class=\"wp-block-embed is-type-video is-provider-youtube wp-block-embed-youtube wp-embed-aspect-16-9 wp-has-aspect-ratio\"><div class=\"wp-block-embed__wrapper\">\n<iframe title=\"Stop Lawfare Barcelona. Traidor!\" width=\"640\" height=\"360\" src=\"https:\/\/www.youtube.com\/embed\/gJankpmgKx4?feature=oembed\" frameborder=\"0\" allow=\"accelerometer; autoplay; clipboard-write; encrypted-media; gyroscope; picture-in-picture; web-share\" referrerpolicy=\"strict-origin-when-cross-origin\" allowfullscreen><\/iframe>\n<\/div><figcaption class=\"wp-element-caption\">Comit\u00ea de boas vindas para Deltan Dallagnol ao chegar para confer\u00eancia. (Barcelona)<\/figcaption><\/figure>\n\n\n\n<p><strong><span style=\"color:#f8020e;\" class=\"has-inline-color\">16\/03\/2018<\/span><\/strong><\/p>\n\n\n\n<figure class=\"wp-block-embed is-type-video is-provider-youtube wp-block-embed-youtube wp-embed-aspect-16-9 wp-has-aspect-ratio\"><div class=\"wp-block-embed__wrapper\">\n<iframe title=\"V\u00edgilia Acompanhando Marielle. 16.mar\u00e7o.2018\" width=\"640\" height=\"360\" src=\"https:\/\/www.youtube.com\/embed\/J6esZcQAgE8?feature=oembed\" frameborder=\"0\" allow=\"accelerometer; autoplay; clipboard-write; encrypted-media; gyroscope; picture-in-picture; web-share\" referrerpolicy=\"strict-origin-when-cross-origin\" allowfullscreen><\/iframe>\n<\/div><figcaption class=\"wp-element-caption\">Ato de rua, em frente \u00e0 Embaixada do Brasil em Londres, pelo assassinato de Marielle Franco. Organizado pelo coletivo: Coletivo Defend Democracy in Brazil UK<br>Tema: &#8220;V\u00edgilia Acompanhando Marielle. 16.mar\u00e7o.2018&#8221;<\/figcaption><\/figure>\n\n\n\n<p><strong><span style=\"color:#f8020e;\" class=\"has-inline-color\">21\/05\/2017<\/span><\/strong><\/p>\n\n\n\n<figure class=\"wp-block-embed is-type-video is-provider-youtube wp-block-embed-youtube wp-embed-aspect-16-9 wp-has-aspect-ratio\"><div class=\"wp-block-embed__wrapper\">\n<iframe title=\"Ato em Londres, 21 de maio de 2017\" width=\"640\" height=\"360\" src=\"https:\/\/www.youtube.com\/embed\/tuSPcDv-TAI?feature=oembed\" frameborder=\"0\" allow=\"accelerometer; autoplay; clipboard-write; encrypted-media; gyroscope; picture-in-picture; web-share\" referrerpolicy=\"strict-origin-when-cross-origin\" allowfullscreen><\/iframe>\n<\/div><figcaption class=\"wp-element-caption\">Ato organizado pelos coletivos: Arts for democracy, N\u00facleo do PT Londres e Democracy for Brazil UK.<br>Tema: &#8220;Ato em Londres, 21 de maio de 2017.&#8221;<\/figcaption><\/figure>\n\n\n\n<p><strong><span style=\"color:#f8020e;\" class=\"has-inline-color\">26\/05\/2016<\/span><\/strong><\/p>\n\n\n\n<figure class=\"wp-block-embed is-type-video is-provider-youtube wp-block-embed-youtube wp-embed-aspect-16-9 wp-has-aspect-ratio\"><div class=\"wp-block-embed__wrapper\">\n<iframe title=\"Ato embaixada brasileira em Londres, 26.maio.2016\" width=\"640\" height=\"360\" src=\"https:\/\/www.youtube.com\/embed\/0X-e1LUV4mY?feature=oembed\" frameborder=\"0\" allow=\"accelerometer; autoplay; clipboard-write; encrypted-media; gyroscope; picture-in-picture; web-share\" referrerpolicy=\"strict-origin-when-cross-origin\" allowfullscreen><\/iframe>\n<\/div><figcaption class=\"wp-element-caption\">Ato organizado pelo Coletivo Democracy for Brazil UK.<br>Tema: &#8221; Ato embaixada brasileira em Londres, 26.maio.2016&#8243;<\/figcaption><\/figure>\n\n\n\n<p><strong><span style=\"color:#f8020e;\" class=\"has-inline-color\">2016<\/span><\/strong><\/p>\n\n\n\n<figure class=\"wp-block-embed is-type-video is-provider-youtube wp-block-embed-youtube wp-embed-aspect-16-9 wp-has-aspect-ratio\"><div class=\"wp-block-embed__wrapper\">\n<iframe title=\"S\u00f3 n\u00e3o v\u00ea quem n\u00e3o quer!\" width=\"640\" height=\"360\" src=\"https:\/\/www.youtube.com\/embed\/ToJ6jCUXnnE?feature=oembed\" frameborder=\"0\" allow=\"accelerometer; autoplay; clipboard-write; encrypted-media; gyroscope; picture-in-picture; web-share\" referrerpolicy=\"strict-origin-when-cross-origin\" allowfullscreen><\/iframe>\n<\/div><\/figure>\n<\/div><\/div>\n\n\n\n<div style=\"height:64px\" aria-hidden=\"true\" class=\"wp-block-spacer\"><\/div>\n\n\n\n<div class=\"wp-block-group alignfull has-text-color has-background\" style=\"color:#000000;background-color:#f1f6e9\"><div class=\"wp-block-group__inner-container is-layout-flow wp-block-group-is-layout-flow\">\n<div style=\"height:60px\" aria-hidden=\"true\" class=\"wp-block-spacer\"><\/div>\n\n\n\n<div class=\"wp-block-jetpack-layout-grid alignfull column1-desktop-grid__span-8 column1-desktop-grid__start-3 column1-desktop-grid__row-1 column1-tablet-grid__span-8 column1-tablet-grid__row-1 column1-mobile-grid__span-4 column1-mobile-grid__row-1\">\n\n<div class=\"wp-block-jetpack-layout-grid-column wp-block-jetpack-layout-grid__padding-none\">\n\n<p class=\"has-text-align-left has-huge-font-size\">Receba novos conte\u00fados na sua caixa de entrada.<\/p>\n\n\n<div class=\"wp-block-jetpack-subscriptions wp-block-jetpack-subscriptions__supports-newline wp-block-jetpack-subscriptions__use-newline\">[jetpack_subscription_form subscribe_placeholder=&#8221;Endere\u00e7o de e-mail&#8221; show_subscribers_total=&#8221;false&#8221; button_on_newline=&#8221;true&#8221; submit_button_text=&#8221;Sign up&#8221; custom_font_size=&#8221;undefinedpx&#8221; custom_border_radius=&#8221;0&#8243; custom_border_weight=&#8221;1&#8243; custom_padding=&#8221;15&#8243; custom_spacing=&#8221;10&#8243; submit_button_classes=&#8221;has-undefinedpx-font-size has-text-color has-background-color has-background has-primary-background-color&#8221; email_field_classes=&#8221;has-undefinedpx-font-size&#8221; show_only_email_and_button=&#8221;true&#8221;]<\/div>\n\n<\/div>\n\n<\/div>\n\n\n\n<div style=\"height:60px\" aria-hidden=\"true\" class=\"wp-block-spacer\"><\/div>\n<\/div><\/div>\n","protected":false},"excerpt":{"rendered":"<p>Cole\u00e7\u00e3o de v\u00eddeos e lives transmitidos pelo canal do Youtube. 06.FEV.2024 08\/11\/2023 07\/08\/2023 30\/07\/2023 06\/06\/2023 22\/04\/2023 21\/04\/2023 07\/03\/2023 10\/02\/2023 26\/10\/2022 24\/10\/2022 19\/10\/2022 21\/09\/2022 21\/09\/2022 21\/09\/2022<\/p>\n","protected":false},"author":1,"featured_media":0,"parent":0,"menu_order":0,"comment_status":"closed","ping_status":"closed","template":"","meta":{"om_disable_all_campaigns":false,"_eb_attr":"","footnotes":""},"class_list":["post-1336","page","type-page","status-publish","hentry","three-columns"],"aioseo_notices":[],"rttpg_featured_image_url":null,"rttpg_author":{"display_name":"FibraInternacional","author_link":"https:\/\/fibrainternacional.org\/?author=1"},"rttpg_comment":0,"rttpg_category":null,"rttpg_excerpt":"Cole\u00e7\u00e3o de v\u00eddeos e lives transmitidos pelo canal do Youtube. 06.FEV.2024 08\/11\/2023 07\/08\/2023 30\/07\/2023 06\/06\/2023 22\/04\/2023 21\/04\/2023 07\/03\/2023 10\/02\/2023 26\/10\/2022 24\/10\/2022 19\/10\/2022 21\/09\/2022 21\/09\/2022 21\/09\/2022","_links":{"self":[{"href":"https:\/\/fibrainternacional.org\/index.php?rest_route=\/wp\/v2\/pages\/1336","targetHints":{"allow":["GET"]}}],"collection":[{"href":"https:\/\/fibrainternacional.org\/index.php?rest_route=\/wp\/v2\/pages"}],"about":[{"href":"https:\/\/fibrainternacional.org\/index.php?rest_route=\/wp\/v2\/types\/page"}],"author":[{"embeddable":true,"href":"https:\/\/fibrainternacional.org\/index.php?rest_route=\/wp\/v2\/users\/1"}],"replies":[{"embeddable":true,"href":"https:\/\/fibrainternacional.org\/index.php?rest_route=%2Fwp%2Fv2%2Fcomments&post=1336"}],"version-history":[{"count":48,"href":"https:\/\/fibrainternacional.org\/index.php?rest_route=\/wp\/v2\/pages\/1336\/revisions"}],"predecessor-version":[{"id":10352,"href":"https:\/\/fibrainternacional.org\/index.php?rest_route=\/wp\/v2\/pages\/1336\/revisions\/10352"}],"wp:attachment":[{"href":"https:\/\/fibrainternacional.org\/index.php?rest_route=%2Fwp%2Fv2%2Fmedia&parent=1336"}],"curies":[{"name":"wp","href":"https:\/\/api.w.org\/{rel}","templated":true}]}}