{"id":26,"date":"2018-04-24T07:20:31","date_gmt":"2018-04-24T10:20:31","guid":{"rendered":"https:\/\/fibrabrasil.wordpress.com\/?page_id=26"},"modified":"2021-10-25T20:12:46","modified_gmt":"2021-10-25T18:12:46","slug":"agenda","status":"publish","type":"page","link":"https:\/\/fibrainternacional.org\/?page_id=26","title":{"rendered":"Agenda"},"content":{"rendered":"\n<figure id=\"footer1\" class=\"wp-block-table\"><table><tbody><tr><td>Eventos mostrados no fuso hor\u00e1rio: Hor\u00e1rio da Europa Central &#8211; Amsterd\u00e3<\/td><\/tr><\/tbody><\/table><\/figure>\n\n\n<p>[googleapps domain=&#8221;calendar&#8221; dir=&#8221;calendar\/embed&#8221; query=&#8221;src=82veitn75vp7agpr9ftmrlup3kkt1s23%40import.calendar.google.com&amp;ctz=Europe%2FAmsterdam&#8221; width=&#8221;800&#8243; height=&#8221;600&#8243; \/]<\/p>\n\n\n\n<hr class=\"wp-block-separator\"\/>\n\n\n\n<p class=\"has-text-align-left\"><strong>2021<\/strong><\/p>\n\n\n\n<p><strong><span style=\"color:#f90d04\" class=\"has-inline-color\">26\/outubro\/2021 &#8211; Lisboa (Portugal)<\/span><\/strong><\/p>\n\n\n\n<div class=\"wp-block-image\"><figure class=\"alignleft size-medium is-resized\"><img fetchpriority=\"high\" decoding=\"async\" src=\"http:\/\/fibrainternacional.org\/wp-content\/uploads\/2021\/10\/Screenshot-2021-10-25-at-19.53.45-300x300.png\" alt=\"\" class=\"wp-image-7207\" width=\"322\" height=\"322\" srcset=\"https:\/\/fibrainternacional.org\/wp-content\/uploads\/2021\/10\/Screenshot-2021-10-25-at-19.53.45-300x300.png 300w, https:\/\/fibrainternacional.org\/wp-content\/uploads\/2021\/10\/Screenshot-2021-10-25-at-19.53.45-100x100.png 100w, https:\/\/fibrainternacional.org\/wp-content\/uploads\/2021\/10\/Screenshot-2021-10-25-at-19.53.45-600x602.png 600w, https:\/\/fibrainternacional.org\/wp-content\/uploads\/2021\/10\/Screenshot-2021-10-25-at-19.53.45-1021x1024.png 1021w, https:\/\/fibrainternacional.org\/wp-content\/uploads\/2021\/10\/Screenshot-2021-10-25-at-19.53.45-150x150.png 150w, https:\/\/fibrainternacional.org\/wp-content\/uploads\/2021\/10\/Screenshot-2021-10-25-at-19.53.45-768x771.png 768w, https:\/\/fibrainternacional.org\/wp-content\/uploads\/2021\/10\/Screenshot-2021-10-25-at-19.53.45-1170x1174.png 1170w, https:\/\/fibrainternacional.org\/wp-content\/uploads\/2021\/10\/Screenshot-2021-10-25-at-19.53.45.png 1178w\" sizes=\"(max-width: 322px) 100vw, 322px\" \/><figcaption>Arte: @azevedo_samara<\/figcaption><\/figure><\/div>\n\n\n\n<p>A Faculdade de Medicina da Universidade de Lisboa manteve o convite ao Ministro da Morte Queiroga para a palestra sobre as &#8220;A\u00e7\u00f5es do Brasil no enfrentamento da COVID-19&#8221; no dia 26\/10.<\/p>\n\n\n\n<p>Lament\u00e1vel postura de um institui\u00e7\u00e3o de ensino, que ao evocar liberdade acad\u00eamica promove um c\u00famplice da morte de mais de 600mil brasileiros e brasileiras.<\/p>\n\n\n\n<p>Por este motivo, estaremos presentes, recebendo o Ministro da Morte do modo que ele merece, como j\u00e1 divulgado anteriormente.<\/p>\n\n\n\n<p>O Local onde ocorrer\u00e1 a manifesta\u00e7\u00e3o ser\u00e1 no PORT\u00c3O DE ACESSO \u00e0 FMUL\/Hospital Santa Maria. Em caso de d\u00favida, procure os promotores que estar\u00e3o identificados.<\/p>\n\n\n\n<p>Por se tratar de zona pr\u00f3xima de \u00e1rea hospitalar, os cuidados precisar\u00e3o estar redobrados para que todos e todas estejamos seguros e seguras. Sabemos da dor e da revolta que \u00e9 esta presen\u00e7a. Transformemos essa dor em luta, de modo respons\u00e1vel, cuidando uns dos outros.<\/p>\n\n\n\n<h5 class=\"wp-block-heading\">FORAMinistrodaMorte #FORABolsonaro #FORAbozo #coletivoandorinha #coletivamariafelipa #casadobrasildelisboa<\/h5>\n\n\n\n<hr class=\"wp-block-separator\"\/>\n\n\n\n<div class=\"wp-block-media-text alignwide is-stacked-on-mobile is-vertically-aligned-top\" style=\"grid-template-columns:36% auto\"><figure class=\"wp-block-media-text__media\"><img decoding=\"async\" src=\"https:\/\/fibrabrasil.files.wordpress.com\/2020\/11\/127025927_1000296207144474_7855961389805508736_o-2.jpg?w=723\" alt=\"\" class=\"wp-image-1137 size-full\"\/><\/figure><div class=\"wp-block-media-text__content\">\n<p>Acto de protesta contra el asesinato de Jo\u00e3o Alberto &#8211; Beto en manos de dos agentes de seguridad del Carrefour, en Porto Alegre &#8211; Brasil. La asamblea de Mujeres Brasile\u00f1as Contra el fascismo Y El RACISMO se une a la Coaliz\u00e3o Negra por Direitos y hacemos un llamamiento a la comunidad Afro, a las afrodescendientes y a las antirracistas a participar del acto,&nbsp;S\u00c1BADO, 28 a las 14h de Es \/ 10h (Br) en el CARREFOUR RAMBLAS (Barcelona). <a href=\"https:\/\/www.facebook.com\/BrasileirasxFascismobcn\/posts\/1000297013811060\">https:\/\/www.facebook.com\/BrasileirasxFascismobcn\/posts\/1000297013811060<\/a><\/p>\n<\/div><\/div>\n\n\n<p><\/p>\n<p><strong>Eventos passados:<\/strong><\/p>\n<p>13.05.20<\/p>\n<p><strong>Berlim<\/strong> &nbsp;&#8211; Deutsch Initiatieve Lula Livre. Programa de Forma\u00e7\u00e3o Pol\u00edtica do coletivo Iniciativa Alem\u00e3 Lula Livre com a participa\u00e7\u00e3o de Jos\u00e9 Geno\u00edno.<br>Hora: 20:00 \u2013 (hor\u00e1rio de Berlim)\/(15:00 \u2013 hor\u00e1rio de Bras\u00edlia)<br>Transmiss\u00e3o pelo canal <a href=\"https:\/\/www.youtube.com\/c\/iniciativaalemalulalivre?fbclid=IwAR2aWeXRfOfnT4lka4JU-fUbDwQJkPjZw9XtifaNymzzgq0xsaHQYVZBtzA\">https:\/\/www.youtube.com\/c\/iniciativaalemalulalivre<\/a><\/p>\n<p><strong>Bruxelas<\/strong> &#8211; 40rentena eu tiro de letra. Live com In\u00eaz Olud\u00e9 sobre a diaboliza\u00e7\u00e3o da mulher. Poesia na janela: Severina Branca. Hora: 20:00 \u2013 (hor\u00e1rio da B\u00e9lgica)\/(15:00 \u2013 hor\u00e1rio de Bras\u00edlia)Transmiss\u00e3o pelo canal <a href=\"https:\/\/www.facebook.com\/inezolude.dasilva\">https:\/\/www.facebook.com\/inezolude.dasilva<\/a><\/p>\n<p><strong>Nova Iorque<\/strong> \u2013 BRADO &#8211; NY. Efeitos da COVID-19 no mundo do trabalho e na classe trabalhadora migrante. Hora: 20:00 \u2013 (hor\u00e1rio de Nova Iorque )\/(19:00 \u2013 hor\u00e1rio de Bras\u00edlia). Transmiss\u00e3o pelo canal <a href=\"https:\/\/www.facebook.com\/BRADONYC\/\">https:\/\/www.facebook.com\/BRADONYC\/<\/a><\/p>\n<p>16.03.20<\/p>\n<p><strong>Stockholm<\/strong>: Semin\u00e1rio sobre a situac\u00e3o no Brasil na ABF &#8211; <a href=\"https:\/\/abfstockholm.se\/evenemang\/internationell-utblick-brasilien\/\" target=\"_blank\" rel=\"noopener\">https:\/\/abfstockholm.se\/evenemang\/internationell-utblick-brasilien\/<\/a><\/p>\n<p>07.03.20<\/p>\n<p><strong>Stockholm<\/strong>: Carnaval Brassar &#8211; em apoio ao MST \/ st\u00f6d till MST &#8211; <a href=\"https:\/\/www.facebook.com\/events\/190349135518361\/\" target=\"_blank\" rel=\"noopener\">https:\/\/www.facebook.com\/events\/190349135518361\/<\/a><\/p>\n<p><strong>Londres<\/strong>: Em Defesa da Democracia no Brasil &#8211; <a href=\"https:\/\/www.facebook.com\/events\/182505459705005\/\" target=\"_blank\" rel=\"noopener\">https:\/\/www.facebook.com\/events\/182505459705005\/<\/a><\/p>\n<p>09.12.19<\/p>\n<p><strong>Stockholm<\/strong>: Ljusmanifestation &#8211; Latinamerika, Fred och M\u00e4nskliga r\u00e4ttigheter &#8211; <a href=\"https:\/\/www.facebook.com\/events\/558536964959696\/\" target=\"_blank\" rel=\"noopener\">https:\/\/www.facebook.com\/events\/558536964959696\/<\/a><\/p>\n<p>01.11.19<\/p>\n<p><strong>Amsterdam<\/strong>: Public Act: &#8220;Indigenous Blood: Not A Single Drop More!&#8221; &#8211; <a href=\"https:\/\/www.facebook.com\/events\/737861313383019\/\" target=\"_blank\" rel=\"noopener\">https:\/\/www.facebook.com\/events\/737861313383019\/<\/a><\/p>\n<p>10.10.19<\/p>\n<p><strong>Estocolmo<\/strong>: Demokrati under attack i Brasilien &#8211; Democracia sob ataque &#8211; <a href=\"https:\/\/www.facebook.com\/events\/459392061453071\/\" target=\"_blank\" rel=\"noopener\">https:\/\/www.facebook.com\/events\/459392061453071\/<\/a><\/p>\n<p>29.09.2019<\/p>\n<p><strong>Estocolmo<\/strong>: ato de um ano #elen\u00e3o &#8211; <a href=\"https:\/\/www.facebook.com\/events\/447602412514168\/\" target=\"_blank\" rel=\"noopener\">https:\/\/www.facebook.com\/events\/447602412514168\/<\/a><\/p>\n<p><strong>Santiago do Chile<\/strong>: EleN\u00e3o &#8211; ANO I &#8211; <a href=\"https:\/\/www.facebook.com\/events\/2406695472924150\/\" target=\"_blank\" rel=\"noopener\">https:\/\/www.facebook.com\/events\/2406695472924150\/<\/a><\/p>\n<p><strong>South Florida<\/strong>: #EleN\u00e3o Ano I &#8211; <a href=\"https:\/\/www.facebook.com\/events\/376600309685820\/\" target=\"_blank\" rel=\"noopener\">https:\/\/www.facebook.com\/events\/376600309685820\/<\/a><\/p>\n<p><strong>Central Florida<\/strong>: Ele N\u00e3o &#8211; Ano I &#8211; <a href=\"https:\/\/www.facebook.com\/events\/436301446977800\/\" target=\"_blank\" rel=\"noopener\">https:\/\/www.facebook.com\/events\/436301446977800\/<\/a><\/p>\n<p><strong>Coimbra<\/strong>: 1 ano de Ele N\u00e3o: Ontem, Hoje e Sempre! Fora Governo Bolsonaro! <a href=\"https:\/\/www.facebook.com\/events\/646330709109083\/\" target=\"_blank\" rel=\"noopener\">https:\/\/www.facebook.com\/events\/646330709109083\/<\/a><\/p>\n<p><strong>Nova York<\/strong>: EleN\u00e3o &#8211; ANO I- <a href=\"https:\/\/www.facebook.com\/events\/695580967583321\/\" target=\"_blank\" rel=\"noopener\">https:\/\/www.facebook.com\/events\/695580967583321\/<\/a><\/p>\n<p><strong>Boston<\/strong>: EleNao &#8211; Ano 1 &#8211; <a href=\"https:\/\/www.facebook.com\/events\/377391409862355\/\" target=\"_blank\" rel=\"noopener\">https:\/\/www.facebook.com\/events\/377391409862355\/&nbsp;<\/a><\/p>\n<p><strong>S\u00e3o Francisco<\/strong>: EleN\u00e3o &#8211; ANO I &#8211; <a href=\"https:\/\/www.facebook.com\/events\/359067665044800\/\" target=\"_blank\" rel=\"noopener\">https:\/\/www.facebook.com\/events\/359067665044800\/<\/a><\/p>\n<p>27.09.2019<\/p>\n<p><strong>Viena<\/strong> \u2013 #ELEN\u00c3O: ato contra Bolsonaro!- <a href=\"https:\/\/www.facebook.com\/events\/420767042124225\/\" target=\"_blank\" rel=\"noopener\">https:\/\/www.facebook.com\/events\/420767042124225\/<\/a><\/p>\n<p><strong>Nova York<\/strong>: AS FACES DO RACISMO NO BRASIL DE BOLSONARO &#8211; <a href=\"https:\/\/www.facebook.com\/events\/861295867604014\/\" target=\"_blank\" rel=\"noopener\">https:\/\/www.facebook.com\/events\/861295867604014\/<\/a><\/p>\n<p>24.09.2019<\/p>\n<p><strong>Nova York<\/strong>: UN: STOP BOLSONARO! ACT FOR THE AMAZON! #savetheamazonforest &#8211; <a href=\"https:\/\/www.facebook.com\/events\/625938914598406\/\" target=\"_blank\" rel=\"noopener\">https:\/\/www.facebook.com\/events\/625938914598406\/&nbsp;<\/a><\/p>\n<p><strong>Paris<\/strong>: Marielle, pr\u00e9sent ! Soir\u00e9e de r\u00e9sistance br\u00e9silienne &#8211; <a href=\"https:\/\/www.facebook.com\/events\/511362546301909\/https:\/\/www.facebook.com\/events\/511362546301909\/\" target=\"_blank\" rel=\"noopener\">https:\/\/www.facebook.com\/events\/511362546301909\/https:\/\/www.facebook.com\/events\/511362546301909\/<\/a><\/p>\n<p>23.09.2019<\/p>\n<p><strong>Nova York<\/strong>: The Cancel Bolsonaro contingent in the United in Outrage March &#8211; <a href=\"https:\/\/www.facebook.com\/events\/404846176884063\/\">https:\/\/www.facebook.com\/events\/404846176884063\/<\/a><\/p>\n<p>20 a 27\/09\/19:<\/p>\n<p><strong>Estocolmo<\/strong>: Greve pelo Meio Ambiente &#8211; apoio \u00e0 ac\u00e3o do grupo Fridays for Future &#8211; <a href=\"https:\/\/www.facebook.com\/events\/2547743355545671\/2573388589647814\" target=\"_blank\" rel=\"noopener\">https:\/\/www.facebook.com\/events\/2547743355545671\/2573388589647814<\/a><\/p>\n<p>7\/9\/19:<\/p>\n<p><strong>Estocolmo<\/strong>: Demonstration. Manifestation f\u00f6r Amazonas! &#8211; <a href=\"https:\/\/www.facebook.com\/events\/2394749853965824\/\" target=\"_blank\" rel=\"noopener\">https:\/\/www.facebook.com\/events\/2394749853965824\/<\/a><\/p>\n<p>24\/08\/19:<\/p>\n<p><strong>Montreal<\/strong>: Br\u00e9sil, le r\u00e9gime Bolsonaro et la lutte pour la D\u00e9mocratie &#8211; <a href=\"https:\/\/www.facebook.com\/events\/378598282851503\/\" target=\"_blank\" rel=\"noopener\">https:\/\/www.facebook.com\/events\/378598282851503\/<\/a><\/p>\n<p>23\/8\/19:<\/p>\n<p>Nova York: The Cancel Bolsonaro contingent in the United in Outrage March<\/p>\n<p><strong>Estocolmo<\/strong>: Strike for Amazon rainforest! Greve pela Amaz\u00f4nia! &#8211; <a href=\"https:\/\/www.facebook.com\/events\/354722212143771\" target=\"_blank\" rel=\"noopener\">https:\/\/www.facebook.com\/events\/354722212143771<\/a><\/p>\n<p>22\/8\/19:<\/p>\n<p><strong>Madri<\/strong>: 500 D\u00edas de Injusticia &#8211; <a href=\"https:\/\/www.facebook.com\/events\/457639081749928\/\" target=\"_blank\" rel=\"noopener\">https:\/\/www.facebook.com\/events\/457639081749928\/<\/a><\/p>\n<p>16\/08\/19 a 18\/08\/19 &#8211; <strong>SEGUNDO ENCONTRO INTERNACIONAL DA FIBRA<\/strong>:<\/p>\n<p><strong>Berlin<\/strong>: Segundo encontro internacional da FIBRA \u2018Fomos, somos e seremos resist\u00eancia!\u2019 &#8211; Mais informac\u00f5es <a href=\"https:\/\/fibrabrasil.wordpress.com\/berlin2019\/\">aqui<\/a><\/p>\n<p>28\/06\/19:<\/p>\n<p><strong>Strasburgo<\/strong>:&nbsp; Caravane Lula Libre en Europe \/ Strasbourg &#8211; <a href=\"https:\/\/www.facebook.com\/events\/462440194505366\/\" target=\"_blank\" rel=\"noopener\">https:\/\/www.facebook.com\/events\/462440194505366\/<\/a><\/p>\n<p>26\/06\/19:<\/p>\n<p><strong>Bruxelas<\/strong>: Lancement du Comit\u00e9 belge et bienvenue \u00e0 la Caravane Lula Livre &#8211; <a href=\"https:\/\/www.facebook.com\/events\/417544358801031\/\" target=\"_blank\" rel=\"noopener\">https:\/\/www.facebook.com\/events\/417544358801031\/<\/a><\/p>\n<p>25\/06\/19:<\/p>\n<p><strong>Paris<\/strong>: Avril \u2013 Avril. Lettres \u00e0 Lula &#8211; <a href=\"https:\/\/www.facebook.com\/events\/853158608384066\/\" target=\"_blank\" rel=\"noopener\">https:\/\/www.facebook.com\/events\/853158608384066\/<\/a><\/p>\n<p>22\/06\/19:<\/p>\n<p><strong>Amsterdam<\/strong>: C U T E K O &#8211; A Brazilian Night Against Fascism &#8211; <a href=\"https:\/\/www.facebook.com\/events\/333959940651503\/\" target=\"_blank\" rel=\"noopener\">https:\/\/www.facebook.com\/events\/333959940651503\/<\/a><\/p>\n<p>19\/06\/19:<\/p>\n<p><strong>Paris<\/strong>: Des Rimes et des Rythmes pour la Caravane Lula Livre Europe &#8211; <a href=\"https:\/\/www.facebook.com\/events\/1385034688304712\/\" target=\"_blank\" rel=\"noopener\">https:\/\/www.facebook.com\/events\/1385034688304712\/<\/a><\/p>\n<p>18\/06\/19:<\/p>\n<p><strong>Bruxelas<\/strong>: Comit\u00ea Lula Livre B\u00e9lgica e Fibra convidam: Dep. Paulo Pimenta &#8211; <a href=\"https:\/\/www.facebook.com\/events\/1106742712859885\/\" target=\"_blank\" rel=\"noopener\">https:\/\/www.facebook.com\/events\/1106742712859885\/<\/a><\/p>\n<p><strong>Bruxelas:&nbsp;<\/strong>Conversa com Paulo Pimenta. (<span style=\"color:#000000;\">Evento \u00e0 noite) &#8211;<a href=\"https:\/\/www.facebook.com\/events\/2069124029866288\/\" target=\"_blank\" rel=\"noopener\">https:\/\/www.facebook.com\/events\/2069124029866288\/<\/a><\/span><\/p>\n<p>17\/06\/19:<\/p>\n<p><strong>Paris<\/strong>: D\u00e9bat avec breno altman et le comit\u00e9 lib\u00e9rez lula &#8211; Paris &#8211; <a href=\"https:\/\/www.facebook.com\/events\/2040381049601491\/\" target=\"_blank\" rel=\"noopener\">https:\/\/www.facebook.com\/events\/2040381049601491\/<\/a><\/p>\n<p>16\/06\/19:<\/p>\n<p><strong>Londres<\/strong>: Hackney Labour Parties Screenings: J\u00e1 Vimos Esse Filme &#8211; <a href=\"https:\/\/www.facebook.com\/events\/851601645199994\/\" target=\"_blank\" rel=\"noopener\">https:\/\/www.facebook.com\/events\/851601645199994\/<\/a><\/p>\n<p>15\/06\/19:<\/p>\n<p><strong>Nova York<\/strong>: Mulheres na Escrita: Feira do Livro da L\u00edngua Portuguesa em NYC &#8211; <a href=\"https:\/\/www.facebook.com\/events\/421302125328481\/\" target=\"_blank\" rel=\"noopener\">https:\/\/www.facebook.com\/events\/421302125328481\/<\/a><\/p>\n<p><strong>Kreuzberg(Alemanha)<\/strong>: Asado por la Patria Grande Latinoamericana &#8211; Lula Livre! &#8211; <a href=\"https:\/\/www.facebook.com\/events\/384465322144323\/\" target=\"_blank\" rel=\"noopener\">https:\/\/www.facebook.com\/events\/384465322144323\/<\/a><\/p>\n<p>14\/06\/19:<\/p>\n<p><strong>Manchester<\/strong>: Brazil: Resistances to the Far-Right &#8211; <a href=\"https:\/\/www.facebook.com\/events\/2016901525081398\/\" target=\"_blank\" rel=\"noopener\">https:\/\/www.facebook.com\/events\/2016901525081398\/<\/a><\/p>\n<p><strong>Amsterdam<\/strong>: Coletivo Amsterdam convida: Deputado Paulo Pimenta &#8211;<a href=\"https:\/\/www.facebook.com\/events\/386671771932973\/\" target=\"_blank\" rel=\"noopener\">https:\/\/www.facebook.com\/events\/386671771932973\/&nbsp;<\/a><\/p>\n<p><strong>Londres<\/strong>: Free Lula NOW! Lula Livre J\u00e1! <a href=\"https:\/\/www.facebook.com\/events\/930866163916922\/\" target=\"_blank\" rel=\"noopener\">https:\/\/www.facebook.com\/events\/930866163916922\/<\/a><\/p>\n<p><strong>Madrid<\/strong>: En defensa de la democracia y de Lula &#8211; Local: Puerta del Sol &#8211; Hor\u00e1rio: de 11 a 22 horas.<\/p>\n<p><strong>Coimbra<\/strong>: Ato de panfletagem em coimbra &#8211; solidariedade ao 14j no brasil! <a href=\"https:\/\/www.facebook.com\/events\/1065303493857611\/\" target=\"_blank\" rel=\"noopener\">https:\/\/www.facebook.com\/events\/1065303493857611\/<\/a><\/p>\n<p><strong>Miami<\/strong>: Encontro da Resist\u00eancia &#8211; <a href=\"https:\/\/www.facebook.com\/events\/2522515741115212\/\" target=\"_blank\" rel=\"noopener\">https:\/\/www.facebook.com\/events\/2522515741115212\/<\/a><\/p>\n<p><strong>Paris<\/strong>: Ato em apoio \u00e0 Greve Geral &#8211; <a href=\"https:\/\/www.facebook.com\/events\/427030788027809\/\" target=\"_blank\" rel=\"noopener\">https:\/\/www.facebook.com\/events\/427030788027809\/<\/a><\/p>\n<p><strong>Lisboa<\/strong>: #14J -Ato em apoio \u00e0 Greve Geral no Brasil- <a href=\"https:\/\/www.facebook.com\/events\/319183122327348\/\" target=\"_blank\" rel=\"noopener\">https:\/\/www.facebook.com\/events\/319183122327348\/&nbsp;<\/a><\/p>\n<p>12\/06\/19:<\/p>\n<p><strong>Londres:&nbsp;<\/strong>Coffee and Tea with Paulo Freire &#8211; <a href=\"https:\/\/www.facebook.com\/events\/339568940040309\/\" target=\"_blank\" rel=\"noopener\">https:\/\/www.facebook.com\/events\/339568940040309\/<\/a><\/p>\n<p>11\/06\/19:<\/p>\n<p><strong>Manchester<\/strong>: Doc Screening &#8220;The Trial&#8221; (O Processo, 2018) &#8211; <a href=\"https:\/\/www.facebook.com\/events\/894318594250860\/\" target=\"_blank\" rel=\"noopener\">https:\/\/www.facebook.com\/events\/894318594250860\/<\/a><\/p>\n<p>10\/06\/19:<\/p>\n<p><strong>Montreal<\/strong>: \u00c9lections br\u00e9siliennes: l&#8217;extr\u00eame droite et la s\u00e9curit\u00e9 publique &#8211; <a href=\"https:\/\/www.facebook.com\/events\/343728912881628\/\" target=\"_blank\" rel=\"noopener\">https:\/\/www.facebook.com\/events\/343728912881628\/<\/a><\/p>\n<p>08\/06\/19:<\/p>\n<p><strong>Nova York<\/strong>: Free Lula! Talk,spread the word at BRIC Celabrate Brooklyn &#8211;<a href=\"https:\/\/www.facebook.com\/events\/609344636236894\/\" target=\"_blank\" rel=\"noopener\">https:\/\/www.facebook.com\/events\/609344636236894\/&nbsp;<\/a><\/p>\n<p>06\/06\/19:<\/p>\n<p><strong>Buenos Aires<\/strong>: Argetina rechaza Bolsonaro &#8211;&nbsp;<a href=\"https:\/\/www.facebook.com\/events\/605194569891855\/\" target=\"_blank\" rel=\"noopener\">https:\/\/www.facebook.com\/events\/605194569891855\/<\/a><\/p>\n<p>31\/05\/19<\/p>\n<p><strong>Bologna<\/strong>: Marielle, presente!-&nbsp; <a href=\"https:\/\/www.facebook.com\/events\/312892332939862\/\" target=\"_blank\" rel=\"noopener\">https:\/\/www.facebook.com\/events\/312892332939862\/<\/a><\/p>\n<p>30\/05\/19:<\/p>\n<p><strong>Exterior<\/strong>: Dia de Mobiliza\u00e7\u00e3o Internacional em Defesa da Educa\u00e7\u00e3o no Brasil &#8211; <a href=\"https:\/\/www.facebook.com\/events\/1123611981177194\/\" target=\"_blank\" rel=\"noopener\">https:\/\/www.facebook.com\/events\/1123611981177194\/<\/a><\/p>\n<p><strong>Estocolmo<\/strong>: 30M &#8211; Ato em defesa da Educa\u00e7\u00e3o no Brasil<\/p>\n<p><strong>Coimbra<\/strong>: 30M Coimbra- Ato em defesa da Educa\u00e7\u00e3o no Brasil &#8211; <a href=\"https:\/\/www.facebook.com\/events\/419427981942258\/\" target=\"_blank\" rel=\"noopener\">https:\/\/www.facebook.com\/events\/419427981942258\/<\/a><\/p>\n<p><strong>Nova York<\/strong>:&nbsp; No to Bolsonaro\u2019s cuts of funds for public education &#8211; <a href=\"https:\/\/www.facebook.com\/events\/358355848370950\/\" target=\"_blank\" rel=\"noopener\">https:\/\/www.facebook.com\/events\/358355848370950\/<\/a><\/p>\n<p><strong>Boston<\/strong>: 30M &#8211; Brazilians against education budget cuts &#8211; Boston MA &#8211; <a href=\"https:\/\/www.facebook.com\/events\/432405474184503\/\" target=\"_blank\" rel=\"noopener\">https:\/\/www.facebook.com\/events\/432405474184503\/<\/a><\/p>\n<p><strong>Dublin<\/strong>:&nbsp; 2\u00b0 Ato Pela Educa\u00e7\u00e3o &#8211;<a href=\"https:\/\/www.facebook.com\/events\/449858885774114\/\" target=\"_blank\" rel=\"noopener\">https:\/\/www.facebook.com\/events\/449858885774114\/<\/a><\/p>\n<p><strong>Los Angeles:&nbsp;<\/strong>&#8211; 30M: Ato em Defesa da Educa\u00e7\u00e3o no Brasil &#8211; <a href=\"https:\/\/www.facebook.com\/events\/876487739367337\/\" target=\"_blank\" rel=\"noopener\">https:\/\/www.facebook.com\/events\/876487739367337\/<\/a><\/p>\n<p><strong>Munique<\/strong>: Mobiliza\u00e7\u00e3o Internacional Pela Educa\u00e7\u00e3o No Brasil MUC &#8211;<a href=\"https:\/\/www.facebook.com\/events\/1370328606451298\/\" target=\"_blank\" rel=\"noopener\">https:\/\/www.facebook.com\/events\/1370328606451298\/<\/a><\/p>\n<p><strong>Barcelona<\/strong>: Apoyo a La Educaci\u00f3n En Brasil &#8211;&nbsp; <a href=\"https:\/\/www.facebook.com\/events\/468356207232337\/\" target=\"_blank\" rel=\"noopener\">https:\/\/www.facebook.com\/events\/468356207232337\/<\/a><\/p>\n<p><strong>Montreal<\/strong>:<\/p>\n<p><strong>Quebec<\/strong>: Todas unidas pela educa\u00e7\u00e3o! <a href=\"https:\/\/www.facebook.com\/events\/1024557084568280\/\" target=\"_blank\" rel=\"noopener\">https:\/\/www.facebook.com\/events\/1024557084568280\/<\/a><\/p>\n<p><strong>Amsterdam<\/strong>:&nbsp; 30m &#8211; ato em defesa da educa\u00e7\u00e3o no brasil&nbsp;&#8211; <a href=\"https:\/\/www.facebook.com\/events\/2431750803503893\/\" target=\"_blank\" rel=\"noopener\">https:\/\/www.facebook.com\/events\/2431750803503893\/<\/a><\/p>\n<p><strong>Lisboa<\/strong>: 30M em Defesa da Educa\u00e7\u00e3o no Brasil &#8211; <a href=\"https:\/\/www.facebook.com\/events\/312365419702612\/\" target=\"_blank\" rel=\"noopener\">https:\/\/www.facebook.com\/events\/312365419702612\/<\/a><\/p>\n<p><strong>Londres<\/strong>: Ato em Defesa da Educa\u00e7\u00e3o! Demo in defense of Education! &#8211; <a href=\"https:\/\/www.facebook.com\/events\/2396010903753113\/\" target=\"_blank\" rel=\"noopener\">https:\/\/www.facebook.com\/events\/2396010903753113\/<\/a><\/p>\n<p><strong>Fl\u00f3rida<\/strong>: Fl\u00f3rida pela Educa\u00e7\u00e3o &#8211; <a href=\"https:\/\/www.facebook.com\/events\/187287855512631\/\" target=\"_blank\" rel=\"noopener\">https:\/\/www.facebook.com\/events\/187287855512631\/<\/a><\/p>\n<p><strong><span style=\"color:var(--color-text);\">Genebra:<\/span>&nbsp;<\/strong>Piquenique da Balb\u00fardia &#8211; <a href=\"https:\/\/www.facebook.com\/events\/685514118586423\/\" target=\"_blank\" rel=\"noopener\">https:\/\/www.facebook.com\/events\/685514118586423\/<\/a><\/p>\n<p><strong>Luxemburgo<\/strong>: 30M &#8211; Fora Bolsonaro! Bolsonaro d\u00e9gage! Bolsonaro out! &#8211; <a href=\"https:\/\/www.facebook.com\/events\/1647997805344246\/\" target=\"_blank\" rel=\"noopener\">https:\/\/www.facebook.com\/events\/1647997805344246\/<\/a><\/p>\n<p>23\/05\/19:<\/p>\n<p><strong>Berlim<\/strong>: In solidarity with all students in Brazil &#8211; <a href=\"https:\/\/www.facebook.com\/events\/2856939607865384\/\" target=\"_blank\" rel=\"noopener\">https:\/\/www.facebook.com\/events\/2856939607865384\/<\/a><\/p>\n<p>22\/05\/19:<\/p>\n<p><strong>Nova York<\/strong>: The Bolsonarization of Brazil &#8211; <a href=\"https:\/\/www.facebook.com\/events\/2247075568942292\/\" target=\"_blank\" rel=\"noopener\">https:\/\/www.facebook.com\/events\/2247075568942292\/&nbsp;<\/a><\/p>\n<p>21\/05\/19:<\/p>\n<p><strong>Frankfurt<\/strong>: Roda de Brasileirxs &#8211; <a href=\"https:\/\/www.facebook.com\/events\/2238564186454617\/\" target=\"_blank\" rel=\"noopener\">https:\/\/www.facebook.com\/events\/2238564186454617\/<\/a><\/p>\n<p>18\/5\/19:<\/p>\n<p><strong>Londres<\/strong>: Benedita da Silva &#8211; Mulheres na Resist\u00eancia- <a href=\"https:\/\/www.facebook.com\/events\/1779911352155574\/\" target=\"_blank\" rel=\"noopener\">https:\/\/www.facebook.com\/events\/1779911352155574\/<\/a><\/p>\n<p>16\/5\/19:<\/p>\n<p><strong>Londres<\/strong>: Hear Fernando Haddad &#8211; Solidarity with Brazil &#8211; <a href=\"https:\/\/www.facebook.com\/events\/2144514465663934\/\" target=\"_blank\" rel=\"noopener\">https:\/\/www.facebook.com\/events\/2144514465663934\/<\/a><\/p>\n<p>15\/5\/19:<\/p>\n<p><strong>Madrid<\/strong>: Participa\u00e7\u00e3o Brasileira na Manifesta\u00e7\u00e3o do Anivers\u00e1rio do 15M &#8211; Contra a Reforma da Previdencia &#8211; 18h em Atocha<\/p>\n<p>14\/5\/19:<\/p>\n<p><strong>Nova York<\/strong>: No! to Bolsonaro at The Marriott Times Sq, NYC &#8211; <a href=\"https:\/\/www.facebook.com\/events\/602164266968023\/\" target=\"_blank\" rel=\"noopener\">https:\/\/www.facebook.com\/events\/602164266968023\/<\/a><\/p>\n<p>12\/5\/19:<\/p>\n<p><strong>Estocolmo<\/strong>: Amazonia, indigenous people and local population under attack&nbsp; &#8211; <a href=\"https:\/\/www.facebook.com\/events\/2302273853194146\/\" target=\"_blank\" rel=\"noopener\">https:\/\/www.facebook.com\/events\/2302273853194146\/<\/a><\/p>\n<p>11\/5\/19:<\/p>\n<p><strong>Santiago de Chile:<\/strong> Encontro da Resist\u00eancia- <a href=\"https:\/\/www.facebook.com\/events\/998975370493057\/\" target=\"_blank\" rel=\"noopener\">https:\/\/www.facebook.com\/events\/998975370493057\/<\/a><\/p>\n<p>09\/5\/19:<\/p>\n<p><strong>Nova York<\/strong>: Lula: \u2018Truth Will Prevail\u2019 &#8211;&nbsp; <a href=\"https:\/\/www.facebook.com\/events\/970859716440902\/\" target=\"_blank\" rel=\"noopener\">https:\/\/www.facebook.com\/events\/970859716440902\/<\/a><\/p>\n<p><strong>Nova York<\/strong>: Lula: Person of The Year &#8211; Personalidade do Ano &#8211; <a href=\"https:\/\/www.facebook.com\/events\/537971873276246\/\" target=\"_blank\" rel=\"noopener\">https:\/\/www.facebook.com\/events\/537971873276246\/<\/a><\/p>\n<p><strong>Atos no 1 maio de 2019:<\/strong><\/p>\n<p><strong>Estocolmo<\/strong> &#8211;&nbsp;Lula Livre! &#8211; <a href=\"https:\/\/www.facebook.com\/events\/1428059597336541\/\" target=\"_blank\" rel=\"noopener\">https:\/\/www.facebook.com\/events\/1428059597336541\/<\/a><\/p>\n<p><strong>Hamburgo <\/strong>&#8211;&nbsp;1 de maio da Resist\u00eancia! &#8211; <a href=\"https:\/\/www.facebook.com\/events\/1017104678489569\/\" target=\"_blank\" rel=\"noopener\">https:\/\/www.facebook.com\/events\/1017104678489569\/<\/a><\/p>\n<p><strong>Cidade do M\u00e9xico<\/strong>&#8211; Panfletagem e participa\u00e7\u00e3o no ato dos trabalhadores mexicanos. <a href=\"https:\/\/www.facebook.com\/events\/409584752955267\/\" target=\"_blank\" rel=\"noopener\">https:\/\/www.facebook.com\/events\/409584752955267\/<\/a><\/p>\n<p><strong>Berlim <\/strong>&#8211; Mai Demo: Lula Livre &#8211; <a href=\"https:\/\/www.facebook.com\/events\/295933971297389\/\" target=\"_blank\" rel=\"noopener\">https:\/\/www.facebook.com\/events\/295933971297389\/<\/a><\/p>\n<p><strong>Col\u00f4nia<\/strong> &#8211; Mai: Brasil em Debate &#8211;<a href=\"https:\/\/www.facebook.com\/events\/266591050776051\/\" target=\"_blank\" rel=\"noopener\">https:\/\/www.facebook.com\/events\/266591050776051\/&nbsp;<\/a><\/p>\n<p><strong>Munique<\/strong> &#8211; Lula ist ein politischer gefangener &#8211; <a href=\"https:\/\/www.facebook.com\/events\/317931532178837\/\" target=\"_blank\" rel=\"noopener\">https:\/\/www.facebook.com\/events\/317931532178837\/<\/a><\/p>\n<p><strong>Barcelona<\/strong> &#8211; Lula Livre &#8211; <a href=\"https:\/\/www.facebook.com\/events\/670005963456147\/\" target=\"_blank\" rel=\"noopener\">https:\/\/www.facebook.com\/events\/670005963456147\/<\/a><\/p>\n<p><strong>Lisboa<\/strong> &#8211; 1 de maio contra as precariedades &#8211; <a href=\"https:\/\/www.facebook.com\/events\/819518981764492\/\" target=\"_blank\" rel=\"noopener\">https:\/\/www.facebook.com\/events\/819518981764492\/<\/a><\/p>\n<p><strong>Genebra<\/strong> &#8211; Lula Livre com Bloque Solidaridad America Unida &#8211; <a href=\"https:\/\/www.facebook.com\/events\/814069965626266\/\" target=\"_blank\" rel=\"noopener\">https:\/\/www.facebook.com\/events\/814069965626266\/<\/a><\/p>\n<p><strong>Copenhagen&nbsp;<\/strong> &#8211; Free for Lula- imod Political Prisioner &#8211;<a href=\"https:\/\/www.facebook.com\/events\/2473852112627603\/\" target=\"_blank\" rel=\"noopener\">https:\/\/www.facebook.com\/events\/2473852112627603\/<\/a><\/p>\n<p><strong>Bruxelas<\/strong> &#8211; Lula Livre no dia do Trabalho &#8211; <a href=\"https:\/\/www.facebook.com\/events\/2232520940126997\/\" target=\"_blank\" rel=\"noopener\">https:\/\/www.facebook.com\/events\/2232520940126997\/<\/a><\/p>\n<p><strong>Nova York<\/strong> &#8211; May Day for Workers Rights: against Bolsonaro of Brazil &#8211; <a href=\"https:\/\/www.facebook.com\/events\/444090399690546\/\" target=\"_blank\" rel=\"noopener\">https:\/\/www.facebook.com\/events\/444090399690546\/<\/a><\/p>\n<p><strong>Madri<\/strong> &#8211; Lula libre &#8211; <a href=\"https:\/\/www.facebook.com\/events\/437710220317213\/\" target=\"_blank\" rel=\"noopener\">https:\/\/www.facebook.com\/events\/437710220317213\/<\/a><\/p>\n<p><strong>Paris<\/strong> &#8211; Manifestation Lib\u00e9rez Lula du Premier Mai \u00e0 Paris&nbsp; &#8211; <a href=\"https:\/\/www.facebook.com\/events\/342129819779131\/\" target=\"_blank\" rel=\"noopener\">https:\/\/www.facebook.com\/events\/342129819779131\/<\/a><\/p>\n<p><strong><span style=\"text-decoration:underline;\">De 4 a 10 de Abril, JORNADA MUNDIAL LULA LIVRE:&nbsp;<\/span><\/strong>J\u00c1 SOMOS 53 EVENTOS &nbsp;POR LULA LIVRE, FOR\u00c7A FIBRA!&nbsp;<strong>\ud83d\ude42<\/strong><\/p>\n<p>17\/4\/19<\/p>\n<p><strong>Estrasburgo<\/strong> &#8211; Ato Lula Livre ( p\u00f3s- jornada internacional) &#8211; Hor\u00e1rio: 11:00h -Local: Em frente ao Parlamento Europeu.<\/p>\n<p>10\/4\/19:<\/p>\n<p><strong>Londres<\/strong>: Ato Free Lula &#8211; Hor\u00e1rio: 17:30h -Local: Embaixada do BRASIL em Londres- <a href=\"https:\/\/www.facebook.com\/events\/406360476816284\/\" target=\"_blank\" rel=\"noopener\">https:\/\/www.facebook.com\/events\/406360476816284\/<\/a><\/p>\n<p><strong>Buenos Aires<\/strong>&#8211; Jornada Internacional Lula Libre &#8211; Hor\u00e1rio: 10:00h -Local: Embajada de BRASIL,&nbsp; calle Cerrito 1350, Buenos Aires. Organiza\u00e7\u00e3o: CTA (Central de los trabajadores de Argentina).<\/p>\n<p>9\/4\/19:<\/p>\n<p><strong>Caracas<\/strong>:&nbsp;el pueblo caraque\u00f1o se junta en la plaza Diego Ibarra a las 3 PM para decir al mundo: \u00a1VIVA LULA LIBRE!&nbsp;-Pizarra humana (con foto a\u00e9rea),&nbsp;Tribuna popular antiimperialista,&nbsp;Manifiesto Lula Libre,&nbsp;Canci\u00f3n necesaria.<\/p>\n<p><strong>Berlin<\/strong>: Pris\u00e3o de Lula e a Lava Jato &#8211; Palestra e debate com Jess\u00e9 Souza &#8211; <a href=\"https:\/\/www.facebook.com\/events\/2262205724001747\/\" target=\"_blank\" rel=\"noopener noreferrer\">https:\/\/www.facebook.com\/events\/2262205724001747\/<\/a><\/p>\n<div><strong>Puerto<\/strong> <strong>Ayacucho<\/strong>, Amazonas &#8211; Venezuela:<\/div>\n<div>_Lectura y entrega de &nbsp;comunicado en Solidaridad con Lula- Lugar: Vice &#8211; Consulado de Brasil en Puerto Ayacucho. Hora: 9am<\/div>\n<div>&nbsp;<\/div>\n<p>8\/4\/19:<\/p>\n<p><strong>Cabo Verde:<\/strong> Lula livre na Praia &#8211;&nbsp; Hor\u00e1rio: 18:00h as 20:00h &#8211; Local: Livraria Nho Eugenio, Achada Santo Antonio &#8211; Cidade da Praia,&nbsp; Cabo Verde. &#8211;&nbsp;<a href=\"https:\/\/www.facebook.com\/events\/2221937654737737\" target=\"_blank\" rel=\"noopener noreferrer\">https:\/\/www.facebook.com\/events\/2221937654737737<\/a><\/p>\n<p><strong>Puerto<\/strong> <strong>Ayacucho<\/strong>, Amazonas &#8211; Venezuela: Foro &#8211; Conversatorio _\u201cLula Libre\u201d_ Lugar: Centro Cultural Amazonas &nbsp;(Casa Azul) Hora: 3pm<\/p>\n<p>7\/4\/19:<\/p>\n<p><strong>Berlin<\/strong>: Kundgebung Freiheit f\u00fcr Lula. Manifesta\u00e7\u00e3o Lula Livre &#8211; Hor\u00e1rio: 16:00h as 18:00h &#8211; Local: Hermannplatz, 10967, Neuk\u00f6lln, Berlim&nbsp; &#8211;<a href=\"https:\/\/www.facebook.com\/events\/1943722285750235\" target=\"_blank\" rel=\"noopener noreferrer\">https:\/\/www.facebook.com\/events\/1943722285750235<\/a><\/p>\n<p><strong>Viena<\/strong>: Ato Mundial Lula Livre Viena &#8211; Hor\u00e1rio: 15:00h as 17:00h &#8211; Local: Stephansplatz, em frente \u00e0 Vigilkapelle da Stephansdom &#8211; Viena &#8211;&nbsp;<a href=\"https:\/\/www.facebook.com\/events\/253681658870883\/\" target=\"_blank\" rel=\"noopener noreferrer\">https:\/\/www.facebook.com\/events\/253681658870883\/<\/a><\/p>\n<p><strong>Barcelona<\/strong>: Ato Mundial Lula Livre &#8211; Hor\u00e1rio: 12:00h as 14:00h &#8211; Local: Cascada Del Parque De La Ciudadela, Barcelona &#8211;<a href=\"https:\/\/www.facebook.com\/events\/400513814110303\/\" target=\"_blank\" rel=\"noopener noreferrer\">https:\/\/www.facebook.com\/events\/400513814110303\/<\/a><\/p>\n<p><strong>Bonn<\/strong>: Jornada Mundial Lula Livre &#8211; Hor\u00e1rio: 15:00h as 18:00h &#8211; Local: Ecke Poststr\/An der Suerst, Bonn&nbsp;<a href=\"https:\/\/www.facebook.com\/events\/389765965152902\/\" target=\"_blank\" rel=\"noopener noreferrer\">https:\/\/www.facebook.com\/events\/389765965152902\/<\/a><\/p>\n<p><strong>Coimbra<\/strong>: Ato por Lula Livre&nbsp; &#8211; Hor\u00e1rio:&nbsp; 16:00h as 19:00h &#8211; Local: Pra\u00e7a 8 de Maio, 8, 3000-300, Coimbra &nbsp;&#8211;<a href=\"https:\/\/www.facebook.com\/events\/935555999982278\/\" target=\"_blank\" rel=\"noopener noreferrer\">https:\/\/www.facebook.com\/events\/935555999982278\/<\/a><\/p>\n<p><strong>Frankfurt<\/strong>: Ato Mundial Lula Livre Frankfurt &#8211; Hor\u00e1rio: 16:00h as 18:00h &#8211; Local: R\u00f6merberg, Frankfurt&nbsp; &#8211;<a href=\"https:\/\/www.facebook.com\/events\/1410464252430106\/\" target=\"_blank\" rel=\"noopener noreferrer\">https:\/\/www.facebook.com\/events\/1410464252430106\/<\/a><\/p>\n<p><strong>Genebra<\/strong>: Rassemblement pour Lula &#8211; 1 an de prison politique &#8211; Hor\u00e1rio: 15:00h as 17:00h &#8211; Local: Place des Nations, 1202 &#8211;&nbsp;<a href=\"https:\/\/www.facebook.com\/events\/594086411071840\/\" target=\"_blank\" rel=\"noopener noreferrer\">https:\/\/www.facebook.com\/events\/594086411071840\/<\/a><\/p>\n<p><strong>Lisboa<\/strong>: Ato Lula Livre Lisboa: 365 dias de injusti\u00e7a &#8211; Hor\u00e1rio: 16:00h as 19:00h &#8211; Local:Largo Luiz Cam\u00f5es , 1200-234-&nbsp;<a href=\"https:\/\/www.facebook.com\/events\/787966441584741\/\" target=\"_blank\" rel=\"noopener noreferrer\">https:\/\/www.facebook.com\/events\/787966441584741\/<\/a><\/p>\n<p><strong>Londres<\/strong>: Free Lula International Rally &#8211; Hor\u00e1rio: 13:30h&nbsp; &#8211; Local: Embaixada do Brasil em Londres &#8211;<a href=\"https:\/\/www.facebook.com\/events\/271426267121764\/\" target=\"_blank\" rel=\"noopener noreferrer\">https:\/\/www.facebook.com\/events\/271426267121764\/<\/a><\/p>\n<p><strong>K\u00f6ln<\/strong>: LulaLivre in K\u00f6ln- Hor\u00e1rio: 13:00h as 15:00h &#8211; Local: K\u00f6ln Domplatte &nbsp;&#8211; <a href=\"https:\/\/www.facebook.com\/events\/308918933070508\/\" target=\"_blank\" rel=\"noopener noreferrer\">https:\/\/www.facebook.com\/events\/308918933070508\/<\/a><\/p>\n<p><strong>Madrid<\/strong>: Jornada Mundial Lula Livre Madri-Coletivo pelos Direitos no BR &#8211; Hor\u00e1rio: 13:30h as 14:30h &#8211; Local:&nbsp; Plaza Tirso de Molina, 28012, <a href=\"https:\/\/www.facebook.com\/events\/560339904470603\/\" target=\"_blank\" rel=\"noopener\">https:\/\/www.facebook.com\/events\/560339904470603\/<\/a><\/p>\n<p><strong>Melbourne<\/strong>: Jornada Mundial Lula Livre&nbsp; &#8211; Hor\u00e1rio: 17:15h as 19:00h &#8211; Local: State Librabry of Victoria, 328 Swanston Street, 3000 &#8211;&nbsp;<a href=\"https:\/\/www.facebook.com\/events\/679022739179811\/\" target=\"_blank\" rel=\"noopener noreferrer\">https:\/\/www.facebook.com\/events\/679022739179811\/<\/a><\/p>\n<p><strong>Munique<\/strong>: Jornada Mundial Lula Livre &#8211;&nbsp; &#8211; Hor\u00e1rio: 15:00h as 17:00h &#8211; Local: Marienplatz &#8211;&nbsp;<a href=\"https:\/\/www.facebook.com\/events\/1270357593113908\/\" target=\"_blank\" rel=\"noopener noreferrer\">https:\/\/www.facebook.com\/events\/1270357593113908\/<\/a><\/p>\n<p><strong>Paris<\/strong>: Ato Mundial Lula Livre -Hor\u00e1rio: 15:00h as 18:00h &#8211; Local: Esplanada do Trocad\u00e9ro &#8211;&nbsp;<a href=\"https:\/\/www.facebook.com\/events\/332636217363196\/\" target=\"_blank\" rel=\"noopener noreferrer\">https:\/\/www.facebook.com\/events\/332636217363196\/<\/a><\/p>\n<p><strong>T\u00fcbingen<\/strong>: Ato Mundial Lula Livre &#8211; Hor\u00e1rio: 16:00h as 18:00h &#8211; Local: Gartenstrasse 4, 72074 &#8211;<a href=\"https:\/\/www.facebook.com\/events\/2099514930135445\" target=\"_blank\" rel=\"noopener noreferrer\">https:\/\/www.facebook.com\/events\/2099514930135445<\/a>\/<\/p>\n<p><strong>Amsterdam<\/strong>: Free Lula | Jornada mundial Lula Livre &#8211; Hor\u00e1rio: 14h &#8211; Local: Pra\u00e7a De Dam &#8211;&nbsp;<a href=\"https:\/\/www.facebook.com\/events\/419156548843578\/\" target=\"_blank\" rel=\"noopener noreferrer\">https:\/\/www.facebook.com\/events\/419156548843578\/<\/a><\/p>\n<p><strong>Bolonha<\/strong>: Coletivo Bologna per la Democrazia in Brasile &#8211;&nbsp;Ato Mundial Lula Livre<br>Horario: 17:00 as 18:00 horas &#8211;&nbsp;Local: Piazza Nettuno, 40123 &#8211;&nbsp; <a href=\"https:\/\/www.facebook.com\/events\/2385610584986575\/\" target=\"_blank\" rel=\"noopener noreferrer\">https:\/\/www.facebook.com\/events\/2385610584986575\/<\/a><\/p>\n<p><strong>Hamburg: <\/strong>Deutsche Initiative Lula Livre &#8211;&nbsp;Zusammen f\u00fcr Lula Livre Hamburg<br>Hor\u00e1rio: 11h \u00e0s 12h,&nbsp;Local: KennedyBrucke, 20099 &#8211; <a href=\"https:\/\/www.facebook.com\/events\/2072313426188399\/\" target=\"_blank\" rel=\"noopener\">https:\/\/www.facebook.com\/events\/2072313426188399\/<\/a><\/p>\n<p><strong>Copenhague<\/strong>: Pela Democracia, Lula Livre e pela vida de Marielle &#8211;&nbsp;Hor\u00e1rio: 15 \u00e0s 17,&nbsp;Local: Jens Kofods Gade 1, st th, 1268 Embaixada do Brasil em Copenhague &#8211; <a href=\"https:\/\/www.facebook.com\/events\/263784611218256\/\" target=\"_blank\" rel=\"noopener noreferrer\">https:\/\/www.facebook.com\/events\/263784611218256\/<\/a><\/p>\n<p><strong>Saint Louis:<\/strong> Lula Livre &#8211; Free Lula &#8211; Hor\u00e1rio: 14:00h as 15:00h &#8211; Local: 6600 Delmar Blvd, University City, Mo 63130-4503 &#8211;&nbsp;<a href=\"https:\/\/www.facebook.com\/events\/316745825711026\/\" target=\"_blank\" rel=\"noopener noreferrer\">https:\/\/www.facebook.com\/events\/316745825711026\/<\/a><\/p>\n<p><strong>Sydney<\/strong>: Free Lula Sydney &#8211; Hor\u00e1rio: 11:00h as 12:00h &#8211; Local: Sydney Town Hall 483 George Street &#8211;&nbsp;&nbsp;<a href=\"https:\/\/www.facebook.com\/events\/2205267682829225\" target=\"_blank\" rel=\"noopener noreferrer\">https:\/\/www.facebook.com\/events\/2205267682829225<\/a><\/p>\n<p><strong>Boston<\/strong>: Ato Mundial Lula Livre Boston\/Worldwide Protest To FREE LULA &#8211;&nbsp; Hor\u00e1rio: 16:00h as 19:00h &#8211; Local: Quincy Market , 4 South Market Street, Boston 02109-&nbsp;<a href=\"https:\/\/www.facebook.com\/events\/2072033549755909\/\" target=\"_blank\" rel=\"noopener noreferrer\">https:\/\/www.facebook.com\/events\/2072033549755909\/<\/a><\/p>\n<p><strong>Cidade do M\u00e9xico:<\/strong> Acto por la Liberdad de Lula da Silva. Hor\u00e1rio: 12h, local: \u00c1ngel de la HB independencia 06500 &#8211;&nbsp;<a href=\"https:\/\/www.facebook.com\/events\/2310971469185232\/\" target=\"_blank\" rel=\"noopener noreferrer\">https:\/\/www.facebook.com\/events\/2310971469185232\/<\/a><\/p>\n<p><strong>Aarhus<\/strong>: Picnic Jornada Lula Livre in Aarhus &#8211; Hor\u00e1rio: 16:00h as 18:00h &#8211; Local: Botanisk Have Peter Holms Vej, 8000&nbsp;<a href=\"https:\/\/www.facebook.com\/events\/561623467660021\/\" target=\"_blank\" rel=\"noopener noreferrer\">https:\/\/www.facebook.com\/events\/561623467660021\/<\/a><\/p>\n<p><strong>Manchester<\/strong>: Free Lula! For Democracy in Brazil &#8211; Hor\u00e1rio: 15h, local: Picadilly Gardens &#8211;&nbsp;<a href=\"https:\/\/www.facebook.com\/events\/2012021595767977\/\" target=\"_blank\" rel=\"noopener noreferrer\">https:\/\/www.facebook.com\/events\/2012021595767977\/<\/a><\/p>\n<p><strong>Nova Iorque<\/strong> &#8211;&nbsp;Ato e Passeata Lula Livre &#8211; Comit\u00ea Lula Livre EUA\/ Free Lula Committee USA &#8211; Hor\u00e1rio: 14hs &#8211; Local: Union Square &amp; 14th Street &#8211;<a href=\"https:\/\/www.facebook.com\/events\/431446740995995\/\" target=\"_blank\" rel=\"noopener\">https:\/\/www.facebook.com\/events\/431446740995995\/<\/a><\/p>\n<p><strong>Los Angeles<\/strong> &#8211; Abra\u00e7a\u00e7o Lula Livre &#8211;&nbsp;Ato do Coletivo Por Um Brasil Democr\u00e1tico- Hor\u00e1rio: 17:30 \u00e0s 19:30 &#8211; Local: E frente ao The Theatre at Ace Hotel, 929 S Broadway Street, Los Angeles 90015 &#8211; <a href=\"https:\/\/www.facebook.com\/events\/819579271747503\/\" target=\"_blank\" rel=\"noopener\">https:\/\/www.facebook.com\/events\/819579271747503\/<\/a><\/p>\n<p><strong>Bruxelas<\/strong> &#8211; Comit\u00ea pela defesa da democracia no Brasil e por Lula Livre<br>Piquenique- Hor\u00e1rio: 11h- Local : Le Bois de la Cambre,&nbsp; 1050 Ixelles &#8211; Bruxelas<\/p>\n<p><strong>Porto<\/strong> &#8211; Ato pela liberdade do Lula -Hor\u00e1rio: 15:00 \u00e0s 18:00 &#8211; Local: Pra\u00e7a Carlos Alberto &#8211; <a href=\"https:\/\/www.facebook.com\/events\/622602801534678\/\" target=\"_blank\" rel=\"noopener\">https:\/\/www.facebook.com\/events\/622602801534678\/&nbsp;<\/a><\/p>\n<p><strong>Munster<\/strong> &#8211; Ato mundial Lula Livre &#8211; Hor\u00e1rio: 14h &#8211; Local: Vor dem Schloss Muenster &#8211;<a href=\"https:\/\/www.facebook.com\/events\/684757115290504\/\" target=\"_blank\" rel=\"noopener\">https:\/\/www.facebook.com\/events\/684757115290504\/<\/a><\/p>\n<p><strong>Santo Domingo<\/strong> &#8211; Ato mundial Lula Livre Rep\u00fablica Dominicana- Hor\u00e1rio: 10h &#8211; Local: Parque da Independ\u00eancia &#8211; <a href=\"https:\/\/www.facebook.com\/events\/343788036240491\/\" target=\"_blank\" rel=\"noopener\">https:\/\/www.facebook.com\/events\/343788036240491\/&nbsp;<\/a><\/p>\n<p><strong>Ulm<\/strong> &#8211; Ato pela liberdade do Lula -Hor\u00e1rio: 11:30 \u00e0s 13:30 &#8211; Local: Hirschstra\u00dfe\/ H\u00f6he Gerry Weber\/ Munster &#8211; <a href=\"https:\/\/www.facebook.com\/events\/2314314348893085\/\" target=\"_blank\" rel=\"noopener\">https:\/\/www.facebook.com\/events\/2314314348893085\/<\/a><\/p>\n<p><strong>Bogot\u00e1<\/strong> &#8211; Un ano de Prision sin pruebas &#8211; Hor\u00e1rio: 15h &#8211; Local: Plaza Bol\u00edvar. <a href=\"https:\/\/www.facebook.com\/events\/585008635336869\/\" target=\"_blank\" rel=\"noopener\">https:\/\/www.facebook.com\/events\/585008635336869\/<\/a><\/p>\n<p><strong>Assun\u00e7\u00e3o<\/strong> &#8211; Acto de solidaridad con Lula &#8211; Hor\u00e1rio: 16h &#8211; Local: Enfrente a la Embajada Del Brasil, Coronel Irraz\u00e1bal (a una cuadra de Peru) entre Mcal L\u00f3pez y Eligio Ayala. Organiza\u00e7\u00e3o Frente Guasu e ICAP.<\/p>\n<p><strong>Montreal<\/strong> &#8211; Jornada Internacional Lula Livre &#8211; Hor\u00e1rio: 14:00 \u00e0s 16:00 &#8211; Local: Place des Arts.<\/p>\n<p>6\/4\/19:<\/p>\n<p><strong>Estocolmo<\/strong>: Freedom for Lula, a political prisoner &#8211; Hor\u00e1rio: 17:00h as 20:00h &#8211; Local: Kungsgatan 84, Kungsholmen Stockholm, Sverige-&nbsp;<a href=\"https:\/\/www.facebook.com\/events\/673255213111324\/\" target=\"_blank\" rel=\"noopener noreferrer\">https:\/\/www.facebook.com\/events\/673255213111324\/<\/a><\/p>\n<p><strong>Nova Iorque<\/strong>: Lula livre- The fight to free Lula and regain democracy in Brazil &#8211;&nbsp;Coletivos BRADO\/DDB\/Mulheres da resist\u00eancia no Exterior &#8211;&nbsp;Horario: 6:30pm<br>Local: 320W 37th ST NY &#8211; <a href=\"https:\/\/www.facebook.com\/events\/2050640575054243\/\" target=\"_blank\" rel=\"noopener\">https:\/\/www.facebook.com\/events\/2050640575054243\/<\/a><\/p>\n<p><strong>Viry Ch\u00e2tillon:<\/strong> Jantar\/ Concerto Lula Livre &#8211;&nbsp;em parceria com o Jornal l&#8217;Humanit\u00e9 e o PCF \/&nbsp;Artistas: M\u00f4nica Passos, Marc Mador\u00e9, Jorge Bezerra Jr e Jean- Baptiste Marino<br>Hor\u00e1rio: 18h,&nbsp;Local: Salle de La Ferme \/&nbsp;31, av. Henri Barbusse \/&nbsp;Viry Ch\u00e2tillon<br>91170<\/p>\n<p><strong>Boston<\/strong>: Ato Mundial Lula Livre Boston\/Stand for Democracy and Justice in Brazil &#8211;&nbsp; Hor\u00e1rio: 14:00h as 16:00h &#8211; Local: Science Center 1 Oxford St, Cambridge, MA 02138, EUA- <a href=\"https:\/\/www.facebook.com\/events\/2836270086598343\/\" target=\"_blank\" rel=\"noopener\">https:\/\/www.facebook.com\/events\/2836270086598343\/<\/a><\/p>\n<p><strong>Bergen<\/strong> &#8211; Lula Livre! Internasjonal Kampanje for rettferdighet for Lula &#8211; Hor\u00e1rio: 14:00h as 15:00h &#8211; Local: Torgallmenningen 5014, Bergen- Norge &#8211;&nbsp;<a href=\"https:\/\/www.facebook.com\/events\/2093885644062403\/\" target=\"_blank\" rel=\"noopener\">https:\/\/www.facebook.com\/events\/2093885644062403\/<\/a><\/p>\n<p><strong>Berlim<\/strong> &#8211; A\u00e7\u00e3o art\u00edstica em Berlim por Lula Livre &#8211; Hor\u00e1rio: 16h &#8211; Local: M\u00e4rkisches Museum &#8211; <a href=\"https:\/\/www.facebook.com\/events\/435537827188197\/\" target=\"_blank\" rel=\"noopener\">https:\/\/www.facebook.com\/events\/435537827188197\/<\/a><\/p>\n<p>5\/4\/19:<\/p>\n<p><strong>Madrid<\/strong>: Comit\u00e9 Internacional (LULA LIBRE) Do\u00f1a Marisa Leticia &#8211; por la Democracia, por la Libertad de Lula, por la Justicia y por los Derechos Humanos.&nbsp;&nbsp;Sede UGT<br>Hora: 12:00,&nbsp;Direcci\u00f3n: Calle Maldonado, 53 &#8211; Madrid<br>Metro: Nunes de Balboa o Diego de Le\u00f3n.<\/p>\n<p><strong>Lisboa<\/strong> &#8211; Jantar\/debate &#8220;Lula Preso! Um ano perdido para a democracia? Hor\u00e1rio: 20:00h &#8211; Local: \u00c0 Cooperativa, rua da Emenda 72, Lisboa (Metro Baixa Chiado).<\/p>\n<p><strong>Montevideo<\/strong>: Ato Mundial Lula Livre &#8211; Hor\u00e1rio: 18:00h &#8211; Local: Plaza de La Bandera &#8211;&nbsp;<a href=\"https:\/\/www.facebook.com\/events\/306903313304260\/\" target=\"_blank\" rel=\"noopener\">https:\/\/www.facebook.com\/events\/306903313304260\/<\/a><\/p>\n<p><strong>Montevideo<\/strong>: Jornada&nbsp; Internacional Lula Livre &#8211; Hor\u00e1rio: 17:00h &#8211; Local: Em frente a Embaixada do Brasil.<\/p>\n<p>4\/4\/19:<\/p>\n<p><strong>Roma<\/strong>: Comitato Italiano Lula Livre &#8211;&nbsp;Atto di solidariet\u00e0 per Lula<br>Hor\u00e1rio: 18h \u00e0s 20 h. &#8211; Local: Corso Italia 25-&nbsp;<a href=\"https:\/\/www.facebook.com\/events\/349788422310784\/\" target=\"_blank\" rel=\"noopener noreferrer\">https:\/\/www.facebook.com\/events\/349788422310784\/<\/a><\/p>\n<p>31\/3\/19:<\/p>\n<p><strong>Madrid<\/strong>: Festa da Democracia, 20h, c\/ Salitre, 36, * Lavapi\u00e9s<\/p>\n<p>28\/3\/19:<\/p>\n<p><strong>Londres<\/strong>: Stand With The Resistance Against Far-Right Bolsonaro &#8211; <a href=\"https:\/\/www.facebook.com\/events\/2306054482739932\/\" target=\"_blank\" rel=\"noopener noreferrer\">https:\/\/www.facebook.com\/events\/2306054482739932\/<\/a><\/p>\n<p>16\/3\/19:<\/p>\n<p><strong>Aarhus<\/strong>: Ato-Sarau em Mem\u00f3ria de Marielle &#8211; <a href=\"https:\/\/www.facebook.com\/events\/399960670551977\/\" target=\"_blank\" rel=\"noopener noreferrer\">https:\/\/www.facebook.com\/events\/399960670551977\/<\/a><\/p>\n<p><strong>Montreal<\/strong>: Marielle Presente! Anderson Presente! &#8211; <a href=\"https:\/\/www.facebook.com\/events\/799360323761365\/\" target=\"_blank\" rel=\"noopener noreferrer\">https:\/\/www.facebook.com\/events\/799360323761365\/<\/a><\/p>\n<p><strong>Boston<\/strong>: Marcha das Marielles em Boston (Marielle\u2019s March in Boston) &#8211; <a href=\"https:\/\/www.facebook.com\/events\/420789738668239\/\" target=\"_blank\" rel=\"noopener noreferrer\">https:\/\/www.facebook.com\/events\/420789738668239\/<\/a><\/p>\n<p><strong>Nova Iorque:<\/strong> Marielle Franco &#8211; The Legacy of a Powerful Woman &#8211; <a href=\"https:\/\/www.facebook.com\/events\/335194017121433\/\" target=\"_blank\" rel=\"noopener noreferrer\">https:\/\/www.facebook.com\/events\/335194017121433\/<\/a><\/p>\n<p>14\/3\/19:<\/p>\n<p><strong>Estocolmo<\/strong>: Brasilien \u2013 vad h\u00e4nder? \u00c5rsdagen av mordet p\u00e5 Marielle Franco &#8211;&nbsp;<a href=\"https:\/\/www.facebook.com\/events\/2151480818273428\/\" target=\"_blank\" rel=\"noopener noreferrer\">https:\/\/www.facebook.com\/events\/2151480818273428\/<\/a><\/p>\n<p><strong>Berlin<\/strong>: Protest gegen Bolsonaro \u2013 und dessen deutsche Unterst\u00fctzer &#8211; <a href=\"https:\/\/www.facebook.com\/events\/1073251126208982\" target=\"_blank\" rel=\"noopener noreferrer\">https:\/\/www.facebook.com\/events\/1073251126208982<\/a><\/p>\n<p><strong>Boston<\/strong>: Marielle Presente em Boston &#8211; <a href=\"https:\/\/www.facebook.com\/events\/2220916131285443\/\" target=\"_blank\" rel=\"noopener noreferrer\">https:\/\/www.facebook.com\/events\/2220916131285443\/<\/a><\/p>\n<p><strong>Nova Iorque:<\/strong> Honoring Marielle Franco-with Marcia Tiburi and Adjoa Jones &#8211; <a href=\"https:\/\/www.facebook.com\/events\/2097799303648404\/\" target=\"_blank\" rel=\"noopener noreferrer\">https:\/\/www.facebook.com\/events\/2097799303648404\/<\/a><\/p>\n<p><strong>Berlin<\/strong>: Celebrating the Life of Marielle Franco &#8211; <a href=\"https:\/\/www.facebook.com\/events\/2609666292440500\/\" target=\"_blank\" rel=\"noopener noreferrer\">https:\/\/www.facebook.com\/events\/2609666292440500\/<\/a><\/p>\n<p><strong>Frankfurt<\/strong>: Effekt Marielle Franco: Was hat sie uns hinterlassen? &#8211; <a href=\"https:\/\/www.facebook.com\/events\/2345498065734625\/\" target=\"_blank\" rel=\"noopener noreferrer\">https:\/\/www.facebook.com\/events\/2345498065734625\/<\/a><\/p>\n<p><strong>Berlin<\/strong>: Protest gegen Bolsonaro \u2013 und dessen deutsche Unterst\u00fctzer &#8211; <a href=\"https:\/\/www.facebook.com\/events\/1073251126208982\/\" target=\"_blank\" rel=\"noopener noreferrer\">https:\/\/www.facebook.com\/events\/1073251126208982\/<\/a><\/p>\n<p><strong>Genebra<\/strong>: Rassemblement en m\u00e9moire de Marielle Franco &#8211; <a href=\"https:\/\/www.facebook.com\/events\/1948841325239254\/\" target=\"_blank\" rel=\"noopener noreferrer\">https:\/\/www.facebook.com\/events\/1948841325239254\/<\/a><\/p>\n<p><strong>Amsterdam<\/strong>: Justice for Marielle Franco &#8211; 16h<\/p>\n<p><strong>Bolonha<\/strong>: Marielle presente! &#8211; Giustizia per Marielle Franco &#8211; <a href=\"https:\/\/www.facebook.com\/events\/421741735246108\/\" target=\"_blank\" rel=\"noopener noreferrer\">https:\/\/www.facebook.com\/events\/421741735246108\/<\/a><\/p>\n<p><strong>Madri<\/strong>: Justicia para Marielle &#8211; https:\/\/www.facebook.com\/events\/550570452131975\/<\/p>\n<p><strong>Melbourne<\/strong>: Solidarity: The legacy of Marielle Franco &#8211; <a href=\"https:\/\/www.facebook.com\/events\/592945517834900\/\" target=\"_blank\" rel=\"noopener noreferrer\">https:\/\/www.facebook.com\/events\/592945517834900\/<\/a><\/p>\n<p><strong>Londres<\/strong>: Vig\u00edlia em mem\u00f3ria de Marielle Franco &#8211; <a href=\"https:\/\/www.facebook.com\/events\/994378110756470\/\" target=\"_blank\" rel=\"noopener noreferrer\">https:\/\/www.facebook.com\/events\/994378110756470\/<\/a><\/p>\n<p><strong>Oakland<\/strong>: Rally in Honor of Marielle Franco &#8211; <a href=\"https:\/\/www.facebook.com\/events\/2310928498965063\/\" target=\"_blank\" rel=\"noopener noreferrer\">https:\/\/www.facebook.com\/events\/2310928498965063\/<\/a><\/p>\n<p><strong>Ottawa<\/strong>: Remembering Marielle Franco &amp; Anderson Gomes &#8211;&nbsp;<a href=\"https:\/\/www.facebook.com\/events\/975093996187788\/\" target=\"_blank\" rel=\"noopener noreferrer\">https:\/\/www.facebook.com\/events\/975093996187788\/<\/a><\/p>\n<p><strong>Los Angeles:<\/strong> Structural Racism and Marielle Franco&#8217;s legacy &#8211; <a href=\"https:\/\/www.facebook.com\/events\/315222802680552\/\" target=\"_blank\" rel=\"noopener noreferrer\">https:\/\/www.facebook.com\/events\/315222802680552\/<\/a><\/p>\n<p><strong>Cidade do M\u00e9xico:<\/strong> Homenaje a Marielle Franco y contra el avance de la derecha &#8211;&nbsp; <a href=\"https:\/\/www.facebook.com\/events\/2276404916019026\/\" target=\"_blank\" rel=\"noopener noreferrer\">https:\/\/www.facebook.com\/events\/2276404916019026\/<\/a><\/p>\n<p>12\/3\/19:<\/p>\n<p><strong>Cambridge<\/strong>: The Other Side of Violence &#8211; Marielle Franco and the Struggle for Brazilian Democracy &#8211; <a href=\"https:\/\/www.facebook.com\/events\/2253617351544381\/\" target=\"_blank\" rel=\"noopener noreferrer\">https:\/\/www.facebook.com\/events\/2253617351544381\/<\/a><\/p>\n<p>9\/3\/19:<\/p>\n<p><strong>Los Angeles:<\/strong> Lute Como Marielle Franco \/ Fight Like Marielle Franco &#8211; <a href=\"https:\/\/www.facebook.com\/events\/347510042544131\/\" target=\"_blank\" rel=\"noopener noreferrer\">https:\/\/www.facebook.com\/events\/347510042544131\/<\/a><\/p>\n<p>8\/3\/19:<\/p>\n<p><strong>Barcelona<\/strong>: Convocat\u00f3ria &#8211; Greve e Manifesta\u00e7\u00e3o Feminista #8M2019 &#8211; <a href=\"https:\/\/www.facebook.com\/events\/312672359389254\/\" target=\"_blank\" rel=\"noopener noreferrer\">https:\/\/www.facebook.com\/events\/312672359389254\/<\/a><\/p>\n<p><strong>Nova Iorque:<\/strong> Dia Internacional da Mulher: Justi\u00e7a por Marielle &#8211; NYC &#8211; <a href=\"https:\/\/www.facebook.com\/events\/235083390711023\/\" target=\"_blank\" rel=\"noopener noreferrer\">https:\/\/www.facebook.com\/events\/235083390711023\/<\/a><\/p>\n<p>28\/2\/19:<\/p>\n<p><strong>INTERNACIONAL<\/strong>: Bloco Internacional Lula Livre: Solta a Jararaca! &#8211; <a href=\"https:\/\/www.facebook.com\/events\/293252594683847\" target=\"_blank\" rel=\"noopener noreferrer\">https:\/\/www.facebook.com\/events\/293252594683847<\/a><\/p>\n<p>12\/2\/19:<\/p>\n<p><strong>Nova Iorque<\/strong>: Round-table: Afro-Brazilian Culture and Race Relations &#8211; <a href=\"https:\/\/www.facebook.com\/events\/533770903779782\" target=\"_blank\" rel=\"noopener noreferrer\">https:\/\/www.facebook.com\/events\/533770903779782<\/a><\/p>\n<p>9\/2\/19:<\/p>\n<p><strong>Berlin<\/strong>: Brasilien am Ende der Demokratie? &#8211; <a href=\"https:\/\/www.facebook.com\/events\/1579084708859809\/\" target=\"_blank\" rel=\"noopener noreferrer\">https:\/\/www.facebook.com\/events\/1579084708859809\/<\/a><\/p>\n<p><strong>Estocolmo<\/strong>: Activism, Vulnerable Bodies, Art and Technology &#8211; <a href=\"https:\/\/www.facebook.com\/events\/331647764116872\/\" target=\"_blank\" rel=\"noopener noreferrer\">https:\/\/www.facebook.com\/events\/331647764116872\/<\/a><\/p>\n<p>7\/2\/19:<\/p>\n<p><strong>Montreal<\/strong>: Pr\u00e9sentation du film &#8220;Democracia em preto e branco&#8221; &#8211; <a href=\"https:\/\/www.facebook.com\/events\/2005136759783644\/\" target=\"_blank\" rel=\"noopener noreferrer\">https:\/\/www.facebook.com\/events\/2005136759783644\/<\/a><\/p>\n<p>5\/2\/19:<\/p>\n<p><strong>Los Angeles:<\/strong> From Hope to Hate: Rise of Conservative Subjectivity in Brazil &#8211; <a href=\"https:\/\/www.facebook.com\/events\/539794576540272\/\" target=\"_blank\" rel=\"noopener noreferrer\">https:\/\/www.facebook.com\/events\/539794576540272\/<\/a><\/p>\n<p><strong>Londres<\/strong>: What\u2019s Next? Brazil After Bolsonaro\u2019s Election &#8211; <a href=\"https:\/\/www.facebook.com\/events\/1077173349131417\/\" target=\"_blank\" rel=\"noopener noreferrer\">https:\/\/www.facebook.com\/events\/1077173349131417\/<\/a><\/p>\n<p>3\/2\/19:<\/p>\n<p><strong>Braga<\/strong>: 1\u00b0 Jornada Solid\u00e1ria e Antifascista &#8211; Braga &#8211; <a href=\"https:\/\/www.facebook.com\/events\/283021182406897\/\" target=\"_blank\" rel=\"noopener noreferrer\">https:\/\/www.facebook.com\/events\/283021182406897\/<\/a><\/p>\n<p>31\/1\/19:<\/p>\n<p><strong>Los Angeles<\/strong>: Sangue Ind\u00edgena Nenhuma Gota a Mais &#8211; Los Angeles &#8211; <a href=\"https:\/\/www.facebook.com\/events\/315546299043779\/\" target=\"_blank\" rel=\"noopener noreferrer\">https:\/\/www.facebook.com\/events\/315546299043779\/<\/a><\/p>\n<p><strong>Washington<\/strong>: Brazil&#8217;s Bolsonaro and the Fight Against Fascism &#8211; <a href=\"https:\/\/www.facebook.com\/events\/377308136396948\/\" target=\"_blank\" rel=\"noopener noreferrer\">https:\/\/www.facebook.com\/events\/377308136396948\/<\/a><\/p>\n<p><strong>Dublin<\/strong>: Indigenous Blood | Not a single drop more &#8211; <a href=\"https:\/\/www.facebook.com\/events\/413905749150641\/\" target=\"_blank\" rel=\"noopener noreferrer\">https:\/\/www.facebook.com\/events\/413905749150641\/<\/a><\/p>\n<p><strong>Londres<\/strong>: Bolsonaro! Indigenous Blood: not a single drop more &#8211; <a href=\"https:\/\/www.facebook.com\/events\/643879909378125\/\" target=\"_blank\" rel=\"noopener noreferrer\">https:\/\/www.facebook.com\/events\/643879909378125\/<\/a><\/p>\n<p><strong>Montreal<\/strong>: Plus une seule goutte de Sang Autochtone ! &#8211; <a href=\"https:\/\/www.facebook.com\/events\/290515164982638\/\" target=\"_blank\" rel=\"noopener noreferrer\">https:\/\/www.facebook.com\/events\/290515164982638\/<\/a><\/p>\n<p><strong>Washington<\/strong>: Not Another Drop of Indigenous Blood! &#8211; <a href=\"https:\/\/www.facebook.com\/events\/592558077864231\/\" target=\"_blank\" rel=\"noopener noreferrer\">https:\/\/www.facebook.com\/events\/592558077864231\/<\/a><\/p>\n<p>29\/1\/19:<\/p>\n<p><strong>Los Angeles<\/strong>: From Hope to Hate: Rise of Conservative Subjectivity in Brazil &#8211; <a href=\"https:\/\/www.facebook.com\/groups\/1355399591142049\" target=\"_blank\" rel=\"noopener noreferrer\">https:\/\/www.facebook.com\/groups\/1355399591142049<\/a><\/p>\n<p>24\/1\/19:<\/p>\n<p><strong>Su\u00ed\u00e7a,&nbsp;<\/strong>Davos: WEF-Demo: System change not climate change! &#8211; <a href=\"https:\/\/www.facebook.com\/events\/1797425577034316\" target=\"_blank\" rel=\"noopener noreferrer\">https:\/\/www.facebook.com\/events\/1797425577034316<\/a><\/p>\n<p>19\/1\/19:<\/p>\n<p><strong>Su\u00ed\u00e7a<\/strong>: Manifestations contre Trump, Bolsonaro et le WEF &#8211; Gen\u00e8ve 15h \u00b7 Place de la Navigation, Lausanne 15h \u00b7 Place de l&#8217;Europe,&nbsp;Neuch\u00e2tel 15h \u00b7 Place Pury &#8211; <a href=\"https:\/\/www.facebook.com\/events\/275678626452640\/\" target=\"_blank\" rel=\"noopener noreferrer\">https:\/\/www.facebook.com\/events\/275678626452640\/<\/a><\/p>\n<p>12\/1\/19:<\/p>\n<p><strong>Londres<\/strong>: Brazilians against Fascism &#8211; <a href=\"https:\/\/www.facebook.com\/DemocracyforBrasilUK\/posts\/933984550132892\" target=\"_blank\" rel=\"noopener noreferrer\">https:\/\/www.facebook.com\/DemocracyforBrasilUK\/posts\/933984550132892<\/a><\/p>\n<p>13\/12\/18:<\/p>\n<p><strong>Berlin<\/strong>: Brasilien auf dem Weg zur Diktatur? Die Lage nach den Wahlen &#8211; <a href=\"https:\/\/www.facebook.com\/events\/728335310869161\/\" target=\"_blank\" rel=\"noopener noreferrer\">https:\/\/www.facebook.com\/events\/728335310869161\/<\/a><\/p>\n<p>11\/12\/18:<\/p>\n<p><strong>Lausanne<\/strong>: d\u00e9bat : danger fasciste au Br\u00e9sil? &#8211;&nbsp;<a href=\"https:\/\/www.facebook.com\/events\/429257927609392\" target=\"_blank\" rel=\"noopener noreferrer\">https:\/\/www.facebook.com\/events\/429257927609392<\/a><\/p>\n<p>10\/12\/18:<\/p>\n<p><strong>Nova Iorque<\/strong>: Free Lula Day on the International Human Rights Day &#8211; <a href=\"https:\/\/m.facebook.com\/events\/378369376239363\/\" target=\"_blank\" rel=\"noopener noreferrer\">https:\/\/m.facebook.com\/events\/378369376239363\/<\/a><\/p>\n<p><strong>Nova Iorque:<\/strong> International Action to Free Lula &#8211; New York #FreeLula &#8211; <a href=\"https:\/\/m.facebook.com\/events\/207775606776097\/\" target=\"_blank\" rel=\"noopener noreferrer\">https:\/\/m.facebook.com\/events\/207775606776097\/<\/a><\/p>\n<p><strong>Barcelona<\/strong>: Liberdade para Lula e todos os presos politicos &#8211; <a href=\"https:\/\/m.facebook.com\/events\/577729049317217\/\" target=\"_blank\" rel=\"noopener noreferrer\">https:\/\/m.facebook.com\/events\/577729049317217\/<\/a><\/p>\n<p>1\/12\/18:<\/p>\n<p><strong>Den Haag<\/strong>: Democracia em A\u00e7\u00e3o &#8211; encontro e formac\u00e3o de uma frente ampla pr\u00f3-democracia &#8211; <a href=\"https:\/\/www.facebook.com\/events\/316699875596767\" target=\"_blank\" rel=\"noopener noreferrer\">https:\/\/www.facebook.com\/events\/316699875596767<\/a><\/p>\n<p>25\/11\/18:<\/p>\n<p><strong>Nova Iorque<\/strong>: Marielle Franco + Berta C\u00e1ceres, Presente! &#8211; One Day Summit &#8211; <a href=\"https:\/\/www.facebook.com\/events\/248825539129498\" target=\"_blank\" rel=\"noopener noreferrer\">https:\/\/www.facebook.com\/events\/248825539129498<\/a><\/p>\n<p><strong>Genebra<\/strong>: Br\u00e9sil &#8211; Conjoncture politique, mouvements sociaux et r\u00e9sistance &#8211;&nbsp;<a href=\"https:\/\/www.facebook.com\/events\/922830347921814\" target=\"_blank\" rel=\"noopener noreferrer\">https:\/\/www.facebook.com\/events\/922830347921814<\/a><\/p>\n<p>24\/11\/18:<\/p>\n<p><strong>Estocolmo<\/strong>: Brasilien, demokrati under hot? &#8211; ABF, 14h &#8211; <a href=\"https:\/\/www.facebook.com\/events\/290061938383801\/\" target=\"_blank\" rel=\"noopener noreferrer\">https:\/\/www.facebook.com\/events\/290061938383801\/<\/a><\/p>\n<p>20\/11\/18:<\/p>\n<p><strong>Londres<\/strong>: Solidarity with Brazil: Opposing the far-right threat &#8211; <a href=\"https:\/\/www.facebook.com\/events\/1925349214219374\" target=\"_blank\" rel=\"noopener noreferrer\">https:\/\/www.facebook.com\/events\/1925349214219374<\/a><\/p>\n<p>19\/11\/18:<\/p>\n<p><strong>Frankfurt<\/strong>: Herausforderungen in Brasilien \/ Desafios no Brasil &#8211; <a href=\"https:\/\/www.facebook.com\/events\/1987921781505580\/\" target=\"_blank\" rel=\"noopener noreferrer\">https:\/\/www.facebook.com\/events\/1987921781505580\/<\/a><\/p>\n<p>18\/11\/18:<\/p>\n<p><strong>Madri<\/strong>: Homenaje a Zumbi dos Palmares y Dandara &#8211; <a href=\"https:\/\/www.facebook.com\/events\/354754715277127\" target=\"_blank\" rel=\"noopener noreferrer\">https:\/\/www.facebook.com\/events\/354754715277127<\/a><\/p>\n<p>17\/11\/18:<\/p>\n<p><strong>Londres<\/strong>: BRAZILIAN BLOC National Unity Demo against Racism &amp; Fascism &#8211; <a href=\"https:\/\/www.facebook.com\/events\/341321516643018\" target=\"_blank\" rel=\"noopener noreferrer\">https:\/\/www.facebook.com\/events\/341321516643018<\/a><\/p>\n<p>16\/11\/18:<\/p>\n<p><strong>Nova Iorque:<\/strong> Assembl\u00e9ia Geral &#8211; Resist\u00eancia Brasileira em Nova York &#8211; <a href=\"https:\/\/www.facebook.com\/events\/343876536413474\" target=\"_blank\" rel=\"noopener noreferrer\">https:\/\/www.facebook.com\/events\/343876536413474<\/a><\/p>\n<p>14\/11\/18:<\/p>\n<p><strong>Nova Iorque<\/strong>: Brazil in Crisis: Resistance and Solidarity in the 21st Century (Teach-in) &#8211; <a href=\"https:\/\/www.eventbrite.com\/e\/brazil-in-crisis-resistance-and-solidarity-in-the-21st-century-teach-in-registration-52499662905\" target=\"_blank\" rel=\"noopener noreferrer\">https:\/\/www.eventbrite.com\/e\/brazil-in-crisis-resistance-and-solidarity-in-the-21st-century-teach-in-registration-52499662905<\/a><\/p>\n<p>13\/11\/18:<\/p>\n<p><strong>Estocolmo<\/strong>:&nbsp;V\u00e4nsterpub tema Brasilien &#8211;&nbsp;<a href=\"https:\/\/www.facebook.com\/events\/589512374832897\/\" target=\"_blank\" rel=\"noopener noreferrer\">https:\/\/www.facebook.com\/events\/589512374832897\/<\/a><\/p>\n<p>7\/11\/18:<\/p>\n<p><strong>Estocolmo<\/strong>: Utvecklingen f\u00f6rskr\u00e4cker, m\u00f6te om Brasilien p\u00e5 ABF, onsdag den 7 nov kl 18<\/p>\n<p>25\/10\/18:<\/p>\n<p><strong>Viena<\/strong>:&nbsp;Es ist wieder Donnerstag! Stoppt Faschismus in Brasilien &#8211; <a href=\"https:\/\/www.facebook.com\/events\/174608723471492\/\" target=\"_blank\" rel=\"noopener noreferrer\">https:\/\/www.facebook.com\/events\/174608723471492\/<\/a><\/p>\n<p>21\/10\/18:<\/p>\n<p><strong>Cidade<\/strong> <strong>do<\/strong> <strong>M\u00e9xico<\/strong>: Solidaridad internacional contra el fascismo en Brasil &#8211; <a href=\"https:\/\/www.facebook.com\/events\/1086725554822958\/\" target=\"_blank\" rel=\"noopener noreferrer\">https:\/\/www.facebook.com\/events\/1086725554822958\/<\/a><\/p>\n<p><strong>Lisboa<\/strong>:&nbsp;Contra O \u00d3dio Pela Democracia No Brasil &#8211;&nbsp;<a href=\"https:\/\/www.facebook.com\/events\/1766414526803179\/\" target=\"_blank\" rel=\"noopener noreferrer\">https:\/\/www.facebook.com\/events\/1766414526803179\/<\/a><\/p>\n<p>20\/10\/18:<\/p>\n<p><strong>Estocolmo<\/strong>:&nbsp;Evento Cultural por Haddad 13 contra o fascismo! &#8211; <a href=\"https:\/\/www.facebook.com\/events\/2154139611328047\/\" target=\"_blank\" rel=\"noopener noreferrer\">https:\/\/www.facebook.com\/events\/2154139611328047\/<\/a><\/p>\n<p><strong>Berlin<\/strong>:&nbsp;FarrafahrHaddad &#8211;&nbsp;Na democracia a luta pelo respeito as diferencas&nbsp; &#8211; <a href=\"https:\/\/www.facebook.com\/events\/1132363793592885\" target=\"_blank\" rel=\"noopener noreferrer\">https:\/\/www.facebook.com\/events\/1132363793592885<\/a><\/p>\n<p><strong>Londres<\/strong>: Marcha Internacional #EleN\u00e3o &#8211; Londres &#8211; <a href=\"https:\/\/m.facebook.com\/events\/531767740624046\/\" target=\"_blank\" rel=\"noopener noreferrer\">https:\/\/m.facebook.com\/events\/531767740624046\/<\/a><\/p>\n<p><strong>Paris<\/strong>:&nbsp;Rassemblement contre le fascisme au Br\u00e9sil &#8211;&nbsp;<a href=\"https:\/\/www.facebook.com\/events\/1304997509641213\/\" target=\"_blank\" rel=\"noopener noreferrer\">https:\/\/www.facebook.com\/events\/1304997509641213\/<\/a><\/p>\n<p><strong>Amsterdam<\/strong>:&nbsp;Act for Democracy in Brazil (Luta Pela Democracia) &#8211;&nbsp;<a href=\"https:\/\/www.facebook.com\/events\/1930876387027137\/\" target=\"_blank\" rel=\"noopener noreferrer\">https:\/\/www.facebook.com\/events\/1930876387027137\/<\/a><\/p>\n<p><strong>Nova Iorque<\/strong>:&nbsp;#Agora\u00c9Haddad #eleN\u00e3o #NotHim Brazilians Against Fascism &#8211;&nbsp;<a href=\"https:\/\/www.facebook.com\/events\/2064072410302240\/\" target=\"_blank\" rel=\"noopener noreferrer\">https:\/\/www.facebook.com\/events\/2064072410302240\/<\/a><\/p>\n<p><strong>Santiago<\/strong>:&nbsp;Mujeres contra el Fascismo &#8211;&nbsp;<a href=\"https:\/\/www.facebook.com\/events\/313531012771972\/\" target=\"_blank\" rel=\"noopener noreferrer\">https:\/\/www.facebook.com\/events\/313531012771972\/<\/a><\/p>\n<p><strong>Col\u00f4nia<\/strong>: Unid@s contra o fascismo! Gemeinsam gegen &#8211; https:\/\/m.facebook.com\/events\/267403317246535<\/p>\n<p><strong>Bogot\u00e1<\/strong>: Contra el fascismo en Brasil y Am\u00e9rica Latina &#8211; https:\/\/m.facebook.com\/events\/2244497232494539<\/p>\n<p>19\/10\/18:<\/p>\n<p><strong>Genebra<\/strong>: Noite pela democracia no Brasil &#8211; 19h, Maison des Associations, Salle Rachel Carson, 15 rue des Savoises, 1205<\/p>\n<p><strong>Dublin<\/strong>:&nbsp;Brazil &#8211; The Rise Of The Far Right &amp; Left Resistance &#8211;&nbsp;<a href=\"https:\/\/www.facebook.com\/events\/321553325309183\/\" target=\"_blank\" rel=\"noopener noreferrer\">https:\/\/www.facebook.com\/events\/321553325309183\/<\/a><\/p>\n<p>18\/10\/18:<\/p>\n<p><strong>Berlin<\/strong>:&nbsp;Brasilien: Ist ein Sieg der extremen Rechten noch zu verhindern? &#8211;&nbsp;<a href=\"https:\/\/www.facebook.com\/events\/315982595854492\/\" target=\"_blank\" rel=\"noopener noreferrer\">https:\/\/www.facebook.com\/events\/315982595854492\/<\/a><\/p>\n<p>14\/10\/18:<\/p>\n<p><strong>Paris<\/strong>: Rassemblement pour la d\u00e9mocratie au Br\u00e9sil : #Haddad13 &#8211;&nbsp;<a href=\"https:\/\/www.facebook.com\/events\/2186045481663922\/\" target=\"_blank\" rel=\"noopener noreferrer\">https:\/\/www.facebook.com\/events\/2186045481663922\/<\/a><\/p>\n<p>11\/10\/18:<\/p>\n<p><strong>Santiago<\/strong>:&nbsp;Velat\u00f3n por Mestre Moa do Katend\u00ea &#8211;&nbsp;<a href=\"https:\/\/www.facebook.com\/events\/2677914229099885\/\" target=\"_blank\" rel=\"noopener noreferrer\">https:\/\/www.facebook.com\/events\/2677914229099885\/<\/a><\/p>\n<p>3\/10\/18:<\/p>\n<p><strong>Paris<\/strong>:&nbsp;Bresil Du coup d&#8217;\u00e9tat aux \u00e9lections -Rencontre d\u00e9bat &#8211;&nbsp;<a href=\"https:\/\/www.facebook.com\/events\/354986385072238\/\" target=\"_blank\" rel=\"noopener noreferrer\">https:\/\/www.facebook.com\/events\/354986385072238\/<\/a><\/p>\n<p><strong>Viena<\/strong>:&nbsp;Brasilien am Scheidepunkt \u2013 hat die Demokratie eine Chance? &#8211;&nbsp;<a href=\"https:\/\/www.facebook.com\/events\/2187704914840321\/\" target=\"_blank\" rel=\"noopener noreferrer\">https:\/\/www.facebook.com\/events\/2187704914840321\/<\/a><\/p>\n<p>30\/9\/18:<\/p>\n<p>Atos contra Bolsonaro e o fascismo (29 e 30\/9):<\/p>\n<p><strong>Madri<\/strong>: #EleN\u00e3o Brasil sem fascimo! &#8211;&nbsp;<a href=\"https:\/\/www.facebook.com\/events\/276093159894045\/\" target=\"_blank\" rel=\"noopener noreferrer\">https:\/\/www.facebook.com\/events\/276093159894045\/<\/a><\/p>\n<p><strong>Melbourne<\/strong>: Melbourne against Bolsonaro, 11h, State Library Victoria<\/p>\n<p>29\/9\/18:<\/p>\n<div><strong>Bogot\u00e1:<\/strong><\/div>\n<div>https:\/\/www.facebook.com\/events\/2364185553597540\/<\/div>\n<div>&nbsp;<\/div>\n<div>&nbsp;<\/div>\n<div>&nbsp;<\/div>\n<div><strong>Viena<\/strong>:<\/div>\n<div>\n<div><a href=\"https:\/\/www.facebook.com\/events\/2378481198845251\/\">https:\/\/www.facebook.com\/events\/2378481198845251\/<\/a><\/div>\n<\/div>\n<div>&nbsp;<\/div>\n<div>&nbsp;<\/div>\n<div>\n<div>&nbsp;<\/div>\n<div><strong>Cidade<\/strong> <strong>do<\/strong> <strong>M\u00e9xico<\/strong>:<\/div>\n<div><a href=\"https:\/\/www.facebook.com\/events\/299604827533549\/?ti=cl\">https:\/\/www.facebook.com\/events\/299604827533549\/?ti=cl<\/a><\/div>\n<div>&nbsp;<\/div>\n<div>&nbsp;<\/div>\n<div>&nbsp;<\/div>\n<div><strong>Zurique:<\/strong><\/div>\n<div><a href=\"https:\/\/m.facebook.com\/events\/1063719297137496?ref=bookmarks&amp;_rdr\">https:\/\/m.facebook.com\/events\/1063719297137496?ref=bookmarks&amp;_rdr<\/a><\/div>\n<\/div>\n<div>&nbsp;<\/div>\n<div>&nbsp;<\/div>\n<div>\n<div>&nbsp;<\/div>\n<div><strong>Malm\u00f6<\/strong>:<\/div>\n<div>\n<p><a href=\"https:\/\/www.facebook.com\/events\/2395660873994280\/?notif_t=plan_user_invited&amp;notif_id=1537728973395119#\">https:\/\/www.facebook.com\/events\/2395660873994280\/<\/a><\/p>\n<div>&nbsp;<\/div>\n<\/div>\n<\/div>\n<p><strong>Paris<\/strong>: Brasileiras Contra Bolsonaro &#8211;&nbsp;<a href=\"https:\/\/www.facebook.com\/events\/240718269876460\/\" target=\"_blank\" rel=\"noopener noreferrer\">https:\/\/www.facebook.com\/events\/240718269876460\/<\/a><\/p>\n<p><strong>Nova Iorque<\/strong>:&nbsp;Mulheres Contra o Fascismo: Nova York #EleNAO &#8211;&nbsp;<a href=\"https:\/\/www.facebook.com\/events\/271113373741846\/\" target=\"_blank\" rel=\"noopener noreferrer\">https:\/\/www.facebook.com\/events\/271113373741846\/<\/a><\/p>\n<p><strong>Porto<\/strong>:&nbsp;Mulheres Contra Bolsonaro concentra\u00e7\u00e3o::Porto &#8211; <a href=\"https:\/\/www.facebook.com\/events\/2134491663482606\/\" target=\"_blank\" rel=\"noopener noreferrer\">https:\/\/www.facebook.com\/events\/2134491663482606\/<\/a><\/p>\n<p><strong>Londres<\/strong>: Mulheres unidas contra Bolsonaro &#8211; Londres &#8211;&nbsp;<a href=\"https:\/\/www.facebook.com\/events\/262625684387001\/\" target=\"_blank\" rel=\"noopener noreferrer\">https:\/\/www.facebook.com\/events\/262625684387001\/<\/a><\/p>\n<p><strong>Lisboa<\/strong>:&nbsp;Ato em Lisboa &#8211; Mulheres unidas contra Bolsonaro #EleNao &#8211;&nbsp;<a href=\"https:\/\/www.facebook.com\/events\/546455489133848\/\" target=\"_blank\" rel=\"noopener noreferrer\">https:\/\/www.facebook.com\/events\/546455489133848\/<\/a><\/p>\n<p><strong>Barcelona<\/strong>:&nbsp;Mulheres Unidas Contra Bolsonaro Barcelona &#8211;&nbsp;<a href=\"https:\/\/www.facebook.com\/events\/676467622721711\/\" target=\"_blank\" rel=\"noopener noreferrer\">https:\/\/www.facebook.com\/events\/676467622721711\/<\/a><\/p>\n<p><strong>Genebra<\/strong>:&nbsp;March Against Fascism in Brazil &#8211; https:\/\/m.facebook.com\/events\/325615444669928\/?ti=icl<\/p>\n<p><strong>Viena<\/strong>: #EleN\u00e3o &#8211; 15h na frente da \u00d3pera &#8211;&nbsp;https:\/\/www.facebook.com\/events\/2378481198845251\/<\/p>\n<p><strong>Santiago de Chile:<\/strong> Mujeres Unidas contra Bolsonaro &#8211; Santiago de Chile &#8211;&nbsp;<a href=\"https:\/\/www.facebook.com\/events\/2156121981339433\/\" target=\"_blank\" rel=\"noopener noreferrer\">https:\/\/www.facebook.com\/events\/2156121981339433\/<\/a><\/p>\n<p><strong>Estocolmo<\/strong>:&nbsp;Ele n\u00e3o! Mulheres contra Bolsonaro &#8211; Estocolmo &#8211;&nbsp;<a href=\"https:\/\/www.facebook.com\/events\/2188782394570939\/\" target=\"_blank\" rel=\"noopener noreferrer\">https:\/\/www.facebook.com\/events\/2188782394570939\/<\/a><\/p>\n<p><strong>Dublin<\/strong>:&nbsp;Brazilian Block In The 7th Annual March For choice #elenao &#8211;&nbsp;Https:\/\/www.facebook.com\/events\/1058087277649507<\/p>\n<p><strong>Frankfurt<\/strong>:<\/p>\n<p>https:\/\/m.facebook.com\/brasileirxsffm\/photos\/a.578517842340457\/941922082666696\/?type=3&#038;source=48<\/p>\n<p><strong>Oslo<\/strong>:&nbsp;Ele N\u00e3o: Kvinner for demokratiet, kvinner mot Bolsonaro &#8211;&nbsp;https:\/\/www.facebook.com\/events\/259819731343160\/<\/p>\n<p>25\/9\/18:<\/p>\n<p><strong>Nova Iorque<\/strong>: Free LULA at the 73rd United Nations General Assembly &#8211; <a href=\"https:\/\/www.facebook.com\/events\/308489713272634\" target=\"_blank\" rel=\"noopener noreferrer\">https:\/\/www.facebook.com\/events\/308489713272634<\/a><\/p>\n<p>18\/9\/18:<\/p>\n<p><strong>Lisboa<\/strong>:&nbsp;Debate &#8211; Elei\u00e7\u00f5es e P\u00f3s-elei\u00e7\u00f5es: Caminhos e Descaminhos &#8211; <a href=\"https:\/\/www.facebook.com\/events\/492829957869538\/\" target=\"_blank\" rel=\"noopener noreferrer\">https:\/\/www.facebook.com\/events\/492829957869538\/<\/a><\/p>\n<p>15\/9\/18:<\/p>\n<p><strong>Paris<\/strong>:&nbsp;Comit\u00e9 Lula libre \u00e0 la F\u00eate de l\u2019Huma &#8211;&nbsp;<a href=\"https:\/\/liberezlula.org\/2018\/09\/comite-lula-libre-a-la-fete-de-lhuma\/\" target=\"_blank\" rel=\"noopener noreferrer\">https:\/\/liberezlula.org\/2018\/09\/comite-lula-libre-a-la-fete-de-lhuma\/<\/a><\/p>\n<p>14\/9\/18:<\/p>\n<p><strong>Genebra<\/strong>:&nbsp;Seis meses sem Marielle &#8211; Six months without Marielle &#8211;&nbsp;<a href=\"https:\/\/www.facebook.com\/events\/242098079765513\/\" target=\"_blank\" rel=\"noopener noreferrer\">https:\/\/www.facebook.com\/events\/242098079765513\/<\/a><\/p>\n<p>7\/9\/18:<\/p>\n<p><strong>Colonia<\/strong>:&nbsp;Jubil\u00e4um: Zwei Jahre Brasil em Debate K\u00f6ln &#8211;&nbsp;<a href=\"https:\/\/www.facebook.com\/events\/1819984634784064\" target=\"_blank\" rel=\"noopener noreferrer\">https:\/\/www.facebook.com\/events\/1819984634784064<\/a><\/p>\n<p>15\/8\/18:<\/p>\n<p><strong>Genebra<\/strong>: Lan\u00e7amento da candidatura de Lula &#8211; Place des Nations Unies, 18h &#8211;&nbsp;<a href=\"https:\/\/m.facebook.com\/events\/2077045545881538\/\" target=\"_blank\" rel=\"noopener noreferrer\">https:\/\/m.facebook.com\/events\/2077045545881538\/<\/a><\/p>\n<p><strong>Berlin<\/strong>:&nbsp;Manifesta\u00e7\u00e3o pelo registro da candidatura do Lula \u00e0 presid\u00eancia &#8211; <a href=\"https:\/\/www.facebook.com\/events\/217851019072799\" target=\"_blank\" rel=\"noopener noreferrer\">https:\/\/www.facebook.com\/events\/217851019072799<\/a><\/p>\n<p><strong>Barcelona<\/strong>: Apoyo a la candidatura de Lula a Presidente &#8211; <a href=\"https:\/\/m.facebook.com\/events\/280730999176381\/\" target=\"_blank\" rel=\"noopener noreferrer\">https:\/\/m.facebook.com\/events\/280730999176381\/<\/a><\/p>\n<p><strong>Paris<\/strong>: Je suis Lula &#8211; <a href=\"https:\/\/m.facebook.com\/events\/876428642561652\/\" target=\"_blank\" rel=\"noopener noreferrer\">https:\/\/m.facebook.com\/events\/876428642561652\/<\/a><\/p>\n<p><strong>Lisboa<\/strong>:&nbsp;Ato em apoio \u00e0 candidatura do Lula &#8211;&nbsp;<a href=\"https:\/\/www.facebook.com\/events\/257263695082929\/\" target=\"_blank\" rel=\"noopener noreferrer\">https:\/\/www.facebook.com\/events\/257263695082929\/<\/a><\/p>\n<p><strong>Amsterdam<\/strong>: Free Lula &#8211;&nbsp;<a href=\"https:\/\/m.facebook.com\/events\/1530590230379138\" target=\"_blank\" rel=\"noopener noreferrer\">https:\/\/m.facebook.com\/events\/1530590230379138<\/a><\/p>\n<p>14\/8\/18:<\/p>\n<p><strong>Paris<\/strong>: Rassemblement pour le droit de LULA \u00e0 \u00eatre candidat &#8211; <a href=\"https:\/\/m.facebook.com\/events\/516488918771678\/\" target=\"_blank\" rel=\"noopener noreferrer\">https:\/\/m.facebook.com\/events\/516488918771678\/<\/a><\/p>\n<p><strong>Frankfurt<\/strong>: Abaixo o golpe! Lula Presidente.&nbsp;SEIN RECHT, UNSER WAHLRECHT! &#8211;&nbsp;<a href=\"https:\/\/www.facebook.com\/events\/522866278170129\/\" target=\"_blank\" rel=\"noopener noreferrer\">https:\/\/www.facebook.com\/events\/522866278170129\/<\/a><\/p>\n<p>13\/8\/18:<\/p>\n<p><strong>Londres<\/strong>:&nbsp;Lula Livre &#8211; Lula Presidente &#8211;&nbsp;<a href=\"https:\/\/www.facebook.com\/events\/640420319659190\/\" target=\"_blank\" rel=\"noopener noreferrer\">https:\/\/www.facebook.com\/events\/640420319659190\/<\/a><\/p>\n<p><strong>Nova York<\/strong>: For Democracy in Brazil: FREE LULA (evento sincronizado NY-Washington-Boston-Montreal) &#8211;&nbsp;<a href=\"https:\/\/www.facebook.com\/events\/2138067103103088\" target=\"_blank\" rel=\"noopener noreferrer\">https:\/\/www.facebook.com\/events\/2138067103103088<\/a><\/p>\n<p><strong>Washington<\/strong>: For Democracy in Brazil: FREE LULA (evento sincronizado NY-Washington-Boston-Montreal) &#8211;&nbsp;<a href=\"https:\/\/www.facebook.com\/events\/2138067103103088\" target=\"_blank\" rel=\"noopener noreferrer\">https:\/\/www.facebook.com\/events\/2138067103103088<\/a><\/p>\n<p><strong>Boston<\/strong>: For Democracy in Brazil: FREE LULA (evento sincronizado NY-Washington-Boston-Montreal)&nbsp;&#8211;&nbsp;<a href=\"https:\/\/www.facebook.com\/events\/2138067103103088\" target=\"_blank\" rel=\"noopener noreferrer\">https:\/\/www.facebook.com\/events\/2138067103103088<\/a> &#8211;&nbsp;<a href=\"https:\/\/www.facebook.com\/events\/701715253497672\/\" target=\"_blank\" rel=\"noopener noreferrer\">https:\/\/www.facebook.com\/events\/701715253497672\/&nbsp;<\/a><\/p>\n<p><strong>Montreal<\/strong>: For Democracy in Brazil: FREE LULA (evento sincronizado NY-Washington-Boston-Montreal) &#8211;&nbsp;<a href=\"https:\/\/www.facebook.com\/events\/2138067103103088\" target=\"_blank\" rel=\"noopener noreferrer\">https:\/\/www.facebook.com\/events\/2138067103103088<\/a><\/p>\n<p><strong>Estocolmo<\/strong>: Frige Lula! Lula Livre! &#8211; <a href=\"https:\/\/www.facebook.com\/events\/324403584972632\" target=\"_blank\" rel=\"noopener noreferrer\">https:\/\/www.facebook.com\/events\/324403584972632<\/a><\/p>\n<p>29\/7\/18:<\/p>\n<p><strong>Toronto<\/strong>:&nbsp;Free LULA! LULA Livre! &#8211;&nbsp;<a href=\"http:\/\/Https:\/\/www.facebook.com\/events\/203734330331279\/\" target=\"_blank\" rel=\"noopener noreferrer\">Https:\/\/www.facebook.com\/events\/203734330331279\/<\/a><\/p>\n<p><strong>Nova Iorque<\/strong>:&nbsp;Free LULA at the Brazil Summerfest Block Party + Hester St Fair &#8211; <a href=\"https:\/\/www.facebook.com\/events\/221156745403793\/\" target=\"_blank\" rel=\"noopener noreferrer\">https:\/\/www.facebook.com\/events\/221156745403793\/<\/a><\/p>\n<p>18\/7\/18:<\/p>\n<p><strong>Paris<\/strong>:&nbsp;Prochaine R\u00e9union du Comit\u00e9 de solidarit\u00e9 \u00e0 LULA &#8211;&nbsp;<a href=\"https:\/\/liberezlula.org\/2018\/07\/mercredi-18-07-prochaine-reunion-du-comite-de-solidarite-a-lula\/\" target=\"_blank\" rel=\"noopener noreferrer\">https:\/\/liberezlula.org\/2018\/07\/mercredi-18-07-prochaine-reunion-du-comite-de-solidarite-a-lula\/<\/a><\/p>\n<p>16\/7\/18:<\/p>\n<p><strong>Nova Iorque<\/strong>:&nbsp;RAPpening in NYC: Stand up for Justice. Resist! Music + Protest &#8211;&nbsp;<a href=\"https:\/\/www.facebook.com\/events\/2123764247901369\/\">https:\/\/www.facebook.com\/events\/2123764247901369\/<\/a><\/p>\n<p>14\/7\/18:<\/p>\n<p><strong>Amsterdam<\/strong>: O Coletivo Amsterdam pela Democracia e Contra o Golpe no Brasil convida a todas e todos para nosso arraial fora [Temer!] de \u00e9poca: Forr\u00f3 do Pagode Russo! &#8211;&nbsp;<a href=\"https:\/\/www.facebook.com\/events\/460586107740028\/\" target=\"_blank\" rel=\"noopener noreferrer\">https:\/\/www.facebook.com\/events\/460586107740028\/<\/a><\/p>\n<p>13\/7\/18:<\/p>\n<p><strong>Nova Iorque:<\/strong> Luta Transnacional contra o Racismo e a Viol\u00eancia Policial &#8211; <a href=\"https:\/\/m.facebook.com\/events\/228468051283082\" target=\"_blank\" rel=\"noopener noreferrer\">https:\/\/m.facebook.com\/events\/228468051283082<\/a><\/p>\n<p><strong>Madrid<\/strong>:&nbsp;Encuentro con Pablo Gentili, Secretario Ejecutivo de CLACSO &#8211;&nbsp;<a href=\"https:\/\/fibrabrasil.wordpress.com\/2018\/07\/13\/encuentro-con-pablo-gentili-secretario-ejecutivo-de-clacso-en-madrid\/\" target=\"_blank\" rel=\"noopener noreferrer\">https:\/\/fibrabrasil.wordpress.com\/2018\/07\/13\/encuentro-con-pablo-gentili-secretario-ejecutivo-de-clacso-en-madrid\/<\/a><\/p>\n<p>11\/7\/18:<\/p>\n<p><strong>Paris<\/strong>: Spetacle Lula Libre no Cabaret Sauvage &#8211;&nbsp;<a href=\"https:\/\/www.facebook.com\/photo.php?fbid=10214950737454223\" target=\"_blank\" rel=\"noopener noreferrer\">https:\/\/www.facebook.com\/photo.php?fbid=10214950737454223<\/a><\/p>\n<p><strong>Madrid<\/strong>:&nbsp;El PT de Madrid Convoca Manifestaci\u00f3n de Apoyo a Lula &#8211;&nbsp;<a href=\"https:\/\/fibrabrasil.wordpress.com\/2018\/07\/10\/el-pt-de-madrid-convoca-manifestacion-de-apoyo-a-lula-el-11-07-2018\/\" target=\"_blank\" rel=\"noopener noreferrer\">https:\/\/fibrabrasil.wordpress.com\/2018\/07\/10\/el-pt-de-madrid-convoca-manifestacion-de-apoyo-a-lula-el-11-07-2018\/<\/a><\/p>\n<p>6\/7\/18:<\/p>\n<p><strong>Estocolmo<\/strong>:&nbsp;Torcida Lula Livre em Estocolmo &#8211; Brasil hexa e Lula Tri! &#8211;&nbsp;<a href=\"https:\/\/www.facebook.com\/events\/2134128353492412\/\" target=\"_blank\" rel=\"noopener noreferrer\">https:\/\/www.facebook.com\/events\/2134128353492412\/<\/a><\/p>\n<p>4\/7\/18:<\/p>\n<p><strong>Lisboa<\/strong>:&nbsp;palestra pela liberdade de Lula com Rui Costa Pimenta &#8211;&nbsp;<a href=\"https:\/\/www.facebook.com\/events\/1278944752235570\/\" target=\"_blank\" rel=\"noopener noreferrer\">https:\/\/www.facebook.com\/events\/1278944752235570\/<\/a><\/p>\n<p>3\/7\/18:<\/p>\n<p><b>Genebra<\/b>: confer\u00eancia de imprensa no Press Club de Genebra: What\u2019s happening with Lula?&nbsp;With Geoffrey Robertson and Valeska Teixeira Zanin Martins.&nbsp;2:30 p.m.&nbsp;\u00ab La Pastorale \u00bb Route de Ferney 106 &#8211;&nbsp;<a href=\"http:\/\/pressclub.ch\/whats-happening-with-lula-2\/\" target=\"_blank\" rel=\"noopener noreferrer\">http:\/\/pressclub.ch\/whats-happening-with-lula-2\/<\/a><\/p>\n<p>2\/7\/18:<\/p>\n<p><strong>Estocolmo<\/strong>:&nbsp;Torcida Lula Livre em Estocolmo &#8211;&nbsp;<a href=\"https:\/\/www.facebook.com\/events\/423157834760454\/\" target=\"_blank\" rel=\"noopener noreferrer\">https:\/\/www.facebook.com\/events\/423157834760454\/<\/a><\/p>\n<p>29\/6\/18:<\/p>\n<p><strong>Amsterdam<\/strong>:&nbsp;Jorge Almeida: A Crise Brasileira no Contexto Internacional &#8211;&nbsp;<a href=\"https:\/\/www.facebook.com\/events\/920476554800662\" target=\"_blank\" rel=\"noopener noreferrer\">https:\/\/www.facebook.com\/events\/920476554800662<\/a><\/p>\n<p>26\/6\/18:<\/p>\n<p><strong>Barcelona<\/strong>: Los Golpes de Estado modernos: El lawfare en el mundo &#8211;&nbsp; <a href=\"https:\/\/www.facebook.com\/events\/2074835696093900\/\" target=\"_blank\" rel=\"noopener noreferrer\">https:\/\/www.facebook.com\/events\/2074835696093900\/<\/a><\/p>\n<p>24\/6\/18:<\/p>\n<p><strong>Londres<\/strong>:&nbsp;A Fogueira Lula Livre &#8211; Free Lula Bonfire&nbsp; &#8211;<a href=\"https:\/\/www.facebook.com\/events\/771482966381540\/\" target=\"_blank\" rel=\"noopener noreferrer\">https:\/\/www.facebook.com\/events\/771482966381540\/<\/a><\/p>\n<p><strong>Nova Iorque:<\/strong> Pride for Marielle Franco &#8211;&nbsp;<a href=\"https:\/\/www.facebook.com\/events\/2199415986961460\/\" target=\"_blank\" rel=\"noopener noreferrer\">https:\/\/www.facebook.com\/events\/2199415986961460\/<\/a><\/p>\n<p>21\/6\/18:<\/p>\n<p><strong>Barcelona<\/strong>: Lancamento do Livro de Lula em espanhol: La Verdad Vencer\u00e1. 19h, La Carbonera c\/ de Blai, 40 de Barcelona<\/p>\n<p>19\/6\/18:<\/p>\n<p><strong>Frankfurt<\/strong>:&nbsp;Der kalte Putsch in Brasilien und Lulas Inhaftierung &#8211;&nbsp;<a href=\"https:\/\/www.facebook.com\/events\/194000637888752\/\" target=\"_blank\" rel=\"noopener noreferrer\">https:\/\/www.facebook.com\/events\/194000637888752\/<\/a><\/p>\n<p>16\/6\/18:<\/p>\n<p><strong>Paris<\/strong>:&nbsp;Le coup d&#8217;\u00c9tat, la misogynie et la r\u00e9sistance des femmes &#8211; <a href=\"https:\/\/www.facebook.com\/events\/170797097102261\/\" target=\"_blank\" rel=\"noopener noreferrer\">https:\/\/www.facebook.com\/events\/170797097102261\/<\/a><\/p>\n<p>15\/6\/18:<\/p>\n<p><strong>Nova Iorque<\/strong>: A Luta de Uma Mulher Negra Contra a Opress\u00e3o &#8211;&nbsp;<a href=\"https:\/\/www.facebook.com\/events\/1676710275776013\/\" target=\"_blank\" rel=\"noopener noreferrer\">https:\/\/www.facebook.com\/events\/1676710275776013\/<\/a><\/p>\n<p><strong>Berlin<\/strong>:&nbsp;Der kalte Putsch in Brasilien und Lulas Inhaftierung &#8211;&nbsp;<a href=\"https:\/\/www.facebook.com\/groups\/1717406348528848\/\" target=\"_blank\" rel=\"noopener noreferrer\">https:\/\/www.facebook.com\/groups\/1717406348528848\/<\/a><\/p>\n<p>13\/6\/18:<\/p>\n<p><strong>Paris<\/strong>: D\u00e9mocratie pr\u00e9caire: genre, populisme et n\u00e9olib\u00e9ralisme&#8221; &#8211;&nbsp;<a href=\"https:\/\/www.facebook.com\/events\/181275132578787\/\" target=\"_blank\" rel=\"noopener noreferrer\">https:\/\/www.facebook.com\/events\/181275132578787\/<\/a><\/p>\n<p>11\/6\/18:<\/p>\n<p><strong>Hamburgo<\/strong>:&nbsp;Der kalte Putsch in Brasilien und Lulas Inhaftierung<\/p>\n<p>10\/6\/18:<\/p>\n<p><strong>Amsterdam<\/strong>:&nbsp;O Golpe no Brasil e a pris\u00e3o de Lula &#8211; Amsterdam &#8211;&nbsp;<a href=\"https:\/\/www.facebook.com\/events\/912532732281816\/\" target=\"_blank\" rel=\"noopener noreferrer\">https:\/\/www.facebook.com\/events\/912532732281816\/<\/a><\/p>\n<p>9\/6\/18:<\/p>\n<p><strong>Cidade do M\u00e9xico<\/strong>:&nbsp;LULA Presidente &#8211;&nbsp;<a href=\"https:\/\/www.facebook.com\/events\/247049842698294\/\" target=\"_blank\" rel=\"noopener noreferrer\">https:\/\/www.facebook.com\/events\/247049842698294\/<\/a><\/p>\n<p>2\/6\/18:<\/p>\n<p><strong>Nova Iorque<\/strong>: Left Forum: Desafios para a esquerda brasileira em tempos de repress\u00e3o: do golpe de Estado \u00e0 pris\u00e3o de Lula &#8211;&nbsp;<a href=\"https:\/\/www.leftforum.org\/events\/challenges-brazilian-left-times-repression-coup-d\u2019etat-imprisonment-lula\" target=\"_blank\" rel=\"noopener noreferrer\">https:\/\/www.leftforum.org\/events\/challenges-brazilian-left-times-repression-coup-d\u2019etat-imprisonment-lula<\/a><\/p>\n<p><a href=\"https:\/\/www.facebook.com\/events\/251424052087102\" target=\"_blank\" rel=\"noopener noreferrer\">https:\/\/www.facebook.com\/events\/251424052087102<\/a><\/p>\n<p>1\/6\/18:<\/p>\n<p><strong>Nova Iorque:<\/strong>&nbsp;Paulo Pimenta e Wadih Damous em NY &#8211;&nbsp;<a href=\"https:\/\/www.facebook.com\/events\/1676710275776013\/\" target=\"_blank\" rel=\"noopener noreferrer\">https:\/\/www.facebook.com\/events\/1676710275776013\/<\/a><\/p>\n<p>31\/5\/18:<\/p>\n<p><strong>Berlin<\/strong>:&nbsp;Brasilianische Demokratie in Gefahr &#8211; Valter Pomar &#8211;&nbsp;<a href=\"https:\/\/www.facebook.com\/events\/2016231475073440\/\" target=\"_blank\" rel=\"noopener noreferrer\">https:\/\/www.facebook.com\/events\/2016231475073440\/<\/a><\/p>\n<p><strong>Genebra<\/strong>:&nbsp;Ato Internacional de Solidariedade dos trabalhadores e trabalhadoras do mundo pela Libertac\u00e3o do ex-presidente Lula &#8211;&nbsp;<a href=\"https:\/\/www.facebook.com\/photo.php?fbid=2102311506462979\" target=\"_blank\" rel=\"noopener noreferrer\">https:\/\/www.facebook.com\/photo.php?fbid=2102311506462979<\/a><\/p>\n<p>30\/5\/18:<\/p>\n<p><strong>Paris<\/strong>:&nbsp;TABLE RONDE : D\u00e9fendre les d\u00e9fenseurs, en Colombie et au Br\u00e9sil &#8211; <a href=\"https:\/\/www.facebook.com\/events\/164794574197749\/\" target=\"_blank\" rel=\"noopener noreferrer\">https:\/\/www.facebook.com\/events\/164794574197749\/<\/a><\/p>\n<p>28\/5\/18:<\/p>\n<p><strong>Paris<\/strong>: Spectacle Lula Libre &#8211;&nbsp;<a href=\"https:\/\/www.facebook.com\/photo.php?fbid=10214741648787137\" target=\"_blank\" rel=\"noopener noreferrer\">https:\/\/www.facebook.com\/photo.php?fbid=10214741648787137<\/a><\/p>\n<p>27\/5\/18:<\/p>\n<p><strong>Londres<\/strong>:&nbsp;Yoga for Democracy in Brazil &#8211;&nbsp;<a href=\"https:\/\/www.facebook.com\/events\/234845023762287\/\" target=\"_blank\" rel=\"noopener noreferrer\">https:\/\/www.facebook.com\/events\/234845023762287\/<\/a><\/p>\n<p>25\/5\/18:<\/p>\n<p><strong>Londres<\/strong>:&nbsp;The coup d&#8217;\u00e9tat in Brazil &#8211; Lula&#8217;s imprisionment &#8211;&nbsp;<a href=\"https:\/\/www.facebook.com\/events\/2122461418037014\/\" target=\"_blank\" rel=\"noopener noreferrer\">https:\/\/www.facebook.com\/events\/2122461418037014\/<\/a><\/p>\n<p>23\/5\/18:<\/p>\n<p><strong>Copenhague<\/strong>:&nbsp;Democracia amea\u00e7ada, golpe e a situa\u00e7\u00e3o do Lula &#8211;&nbsp;<a href=\"https:\/\/www.facebook.com\/events\/103983267144724\/\" target=\"_blank\" rel=\"noopener noreferrer\">https:\/\/www.facebook.com\/events\/103983267144724\/<\/a><\/p>\n<p><strong>Londres<\/strong>:&nbsp;Freedom for Lula &#8211; Lula Livre &#8211;&nbsp;<a href=\"https:\/\/www.facebook.com\/events\/167356294103916\" target=\"_blank\" rel=\"noopener noreferrer\">https:\/\/www.facebook.com\/events\/167356294103916<\/a><\/p>\n<p>22\/5\/18:<\/p>\n<p><strong>Cidade do M\u00e9xico<\/strong>: Que sucede en Brasil hoy? &#8211; Debate, 11h, Facultad de Ciencias Politicas y Sociales<\/p>\n<p>21\/5\/18:<\/p>\n<p><strong>Buenos Aires<\/strong>: Marielle Vive &#8211; En contra del Golpismo #LulaLibre &#8211; 19h, Bauen Hotel<\/p>\n<p>19\/5\/18:<\/p>\n<p><strong>Paris<\/strong>: Spectacle Liberez Lula prisonnier politique, 20h30 Cit\u00e9 Internationale des Arts, 18 rue de l&#8217;Hotel de Ville &#8211;&nbsp;<a href=\"https:\/\/www.facebook.com\/photo.php?fbid=10214606265562641\" target=\"_blank\" rel=\"noopener noreferrer\">https:\/\/www.facebook.com\/photo.php?fbid=10214606265562641<\/a><\/p>\n<p><strong>Buenos Aires<\/strong>: Lula Festiva &#8211; Latinoam\u00e9rica en emergencia &#8211; 18h, Plaza de Mayo &#8211; <a href=\"https:\/\/www.facebook.com\/events\/683635201990329\/\" target=\"_blank\" rel=\"noopener noreferrer\">https:\/\/www.facebook.com\/events\/683635201990329\/<\/a><\/p>\n<p>17\/5\/18:<\/p>\n<p><strong>Munique<\/strong>:&nbsp;Brasilianische Demokratie in Gefahr &#8211; Valter Pomar &#8211;&nbsp;<a href=\"https:\/\/www.facebook.com\/events\/2058666947496084\/\" target=\"_blank\" rel=\"noopener noreferrer\">https:\/\/www.facebook.com\/events\/2058666947496084\/<\/a><\/p>\n<p>15\/5\/18:<\/p>\n<p><strong>Nova Iorque<\/strong>:&nbsp;Protesto contra a entrega do pr\u00eamio a moro &#8211;&nbsp;<a href=\"https:\/\/www.facebook.com\/events\/1914592318585148\/\" target=\"_blank\" rel=\"noopener noreferrer\">https:\/\/www.facebook.com\/events\/1914592318585148\/<\/a><\/p>\n<p><strong>Nova Iorque<\/strong>:&nbsp;FreeLula &#8211; &#8220;Crashing&#8221; the dinner party for immoral Judge Moro &#8211;&nbsp;<a href=\"https:\/\/www.facebook.com\/events\/370393720147993\/\" target=\"_blank\" rel=\"noopener noreferrer\">https:\/\/www.facebook.com\/events\/370393720147993\/<\/a><\/p>\n<p>13\/5\/18:<\/p>\n<p><strong>Amsterdam<\/strong>:&nbsp;Jogando Conversa Dentro &#8211; evento com Valter Pomar &#8211;&nbsp;<a href=\"https:\/\/www.facebook.com\/events\/212423359371178\/\" target=\"_blank\" rel=\"noopener noreferrer\">https:\/\/www.facebook.com\/events\/212423359371178\/<\/a><\/p>\n<p>12\/5\/18:<\/p>\n<p><strong>Washington<\/strong>:&nbsp;Pre-launching of Brazilian International Solidarity Committee &#8211;&nbsp;<a href=\"https:\/\/www.facebook.com\/events\/168895233756394\/\" target=\"_blank\" rel=\"noopener noreferrer\">https:\/\/www.facebook.com\/events\/168895233756394\/<\/a><\/p>\n<p><strong>Paris<\/strong>:&nbsp;N\u00e9olib\u00e9ralisme et D\u00e9mocratie: sont-ils compatibles? &#8211;&nbsp;<a href=\"https:\/\/www.facebook.com\/events\/188768395271463\/\" target=\"_blank\" rel=\"noopener noreferrer\">https:\/\/www.facebook.com\/events\/188768395271463\/<\/a><\/p>\n<p>6\/5\/18:<\/p>\n<p><strong>Toronto<\/strong>: Panflatagem do coletivo Brasil Toronto (GTA) em prol de campanha do Pr\u00eamio Nobel da Paz para Lula&nbsp; e contra o golpe, em frente ao cinema exibindo &#8220;O Processo&#8221; &#8211;&nbsp;<a href=\"https:\/\/boxoffice.hotdocs.ca\/websales\/pages\/info.aspx?evtinfo=73705~6d071c1e-1d5b-4e4e-ab61-2b9caf21a7fd\" target=\"_blank\" rel=\"noopener noreferrer\">https:\/\/boxoffice.hotdocs.ca\/websales\/pages\/info.aspx?evtinfo=73705~6d071c1e-1d5b-4e4e-ab61-2b9caf21a7fd<\/a><\/p>\n<p><strong>Londres<\/strong>:&nbsp;Lula Livre UK &#8211; Picnic Demo &#8211;&nbsp;<a href=\"https:\/\/www.facebook.com\/events\/1374740989337708\" target=\"_blank\" rel=\"noopener noreferrer\">https:\/\/www.facebook.com\/events\/1374740989337708<\/a><\/p>\n<p>5\/5\/18:<\/p>\n<p><strong>Frankfurt:&nbsp;<\/strong>Die Opfer des politischen Putsches in Brasilien- <a href=\"https:\/\/www.facebook.com\/events\/1946669622241546\/\">https:\/\/www.facebook.com\/events\/1946669622241546\/<\/a><\/p>\n<p>4\/5\/18:<\/p>\n<p><strong>Den Haag<\/strong>:&nbsp;The Brazilian Political Crisis: Coup &amp; Resistance &#8211;&nbsp;<a href=\"https:\/\/www.facebook.com\/events\/2074182009527607\/\" target=\"_blank\" rel=\"noopener noreferrer\">https:\/\/www.facebook.com\/events\/2074182009527607\/<\/a><\/p>\n<p><strong>Barcelona<\/strong>: Debate &#8220;Am\u00e9rica Latina frente a las injerenCIAs y el golpismo&#8221; &#8211;&nbsp;<a href=\"https:\/\/www.facebook.com\/photo.php?fbid=10212453645039834\" target=\"_blank\" rel=\"noopener noreferrer\">https:\/\/www.facebook.com\/photo.php?fbid=10212453645039834<\/a><\/p>\n<p>2\/5\/18:<\/p>\n<p><strong>Paris:&nbsp;<\/strong>Paris n&#8217;oublie pas Marielle Franco &#8211;&nbsp;<a href=\"https:\/\/www.facebook.com\/events\/169263757045437\/\">https:\/\/www.facebook.com\/events\/169263757045437\/<\/a><\/p>\n<p>1\/5\/18 &#8211; <strong>Eventos no primeiro de Maio:<\/strong><\/p>\n<p><strong>Col\u00f4nia<\/strong>:&nbsp;Passeata do 1. de Maio &#8211;&nbsp;Lula Livre! Marielle Presente! Contra o Golpe! &#8211;&nbsp;<a href=\"https:\/\/www.facebook.com\/events\/1685073524871648\/\" target=\"_blank\" rel=\"noopener noreferrer\">https:\/\/www.facebook.com\/events\/1685073524871648\/<\/a><\/p>\n<p><strong>Genebra<\/strong>:&nbsp;Solidariedade Am\u00e9rica Unida: 1\u00ba de Maio 2018 &#8211; <a href=\"https:\/\/www.facebook.com\/events\/375859872898923\/\" target=\"_blank\" rel=\"noopener noreferrer\">https:\/\/www.facebook.com\/events\/375859872898923\/<\/a><\/p>\n<p><strong>Buenos aires<\/strong>:&nbsp;Feria Internacional del Libro&nbsp;&#8211; Presen\u00e7a de Dilma Rousseff entre outros &#8211; organiza\u00e7\u00e3o&nbsp;CLACSO, UMET e P\u00e1gina12, parte da jornada Lucha por la Democracia en Brasil &#8211; #ArgentinaConLula.<\/p>\n<p><strong>Nova Iorque<\/strong>:&nbsp;Brazil on the Brink? A Roundtable on Democracy in Crisis and Perspectives for Resistance &#8211; <a href=\"https:\/\/as.nyu.edu\/clacs\/events\/spring-2018\/brazil-on-the-brink--a-roundtable-on-democracy-in-crisis-and-per.html\" target=\"_blank\" rel=\"noopener noreferrer\">https:\/\/as.nyu.edu\/clacs\/events\/spring-2018\/brazil-on-the-brink&#8211;a-roundtable-on-democracy-in-crisis-and-per.html<\/a><\/p>\n<p><strong>Barcelona<\/strong>:&nbsp;Manifestaci\u00f3n 1\u00ba de mayo: la uni\u00f3n nos hace m\u00e1s fuertes! &#8211;&nbsp;<a href=\"https:\/\/www.facebook.com\/events\/1181423815326554\/\" target=\"_blank\" rel=\"noopener noreferrer\">https:\/\/www.facebook.com\/events\/1181423815326554\/<\/a><\/p>\n<p><strong>Copenhague<\/strong>:&nbsp;#LULA FRI# LULA LIVRE# MARIELI PRESENTE# &#8211;&nbsp;<a href=\"https:\/\/www.facebook.com\/events\/208794953048509\/\" target=\"_blank\" rel=\"noopener noreferrer\">https:\/\/www.facebook.com\/events\/208794953048509\/<\/a><\/p>\n<p><strong>Estocolmo<\/strong>:&nbsp;Trabalhadores no mundo: Lula Livre! V\u00e4rldens arbetare: Fri Lula! &#8211; <a href=\"https:\/\/www.facebook.com\/events\/754850751391068\/\" target=\"_blank\" rel=\"noopener noreferrer\">https:\/\/www.facebook.com\/events\/754850751391068\/<\/a><\/p>\n<p><strong>Nova Iorque<\/strong>:&nbsp;LULA LIVRE NA MARCHA DOS TRABALHADORES DE NOVA YORK &#8211;&nbsp;<a href=\"https:\/\/www.facebook.com\/events\/208306733095448\/\" target=\"_blank\" rel=\"noopener noreferrer\">https:\/\/www.facebook.com\/events\/208306733095448\/<\/a><\/p>\n<p><strong>Nova Iorque<\/strong>:&nbsp;Free Lula &#8211; May Day of Struggle and Resistance! &#8211;&nbsp;<a href=\"https:\/\/www.facebook.com\/events\/208997663164942\/\" target=\"_blank\" rel=\"noopener noreferrer\">https:\/\/www.facebook.com\/events\/208997663164942\/<\/a><\/p>\n<p><strong>Toronto<\/strong>: Panflatagem do coletivo Brasil Toronto (GTA) em prol de campanha do Pr\u00eamio Nobel da Paz para Lula&nbsp; e contra o golpe, em frente ao cinema exibindo &#8220;O Processo&#8221; &#8211;&nbsp;<a href=\"https:\/\/boxoffice.hotdocs.ca\/websales\/pages\/info.aspx?evtinfo=73705~6d071c1e-1d5b-4e4e-ab61-2b9caf21a7fd\" target=\"_blank\" rel=\"noopener noreferrer\">https:\/\/boxoffice.hotdocs.ca\/websales\/pages\/info.aspx?evtinfo=73705~6d071c1e-1d5b-4e4e-ab61-2b9caf21a7fd<\/a><\/p>\n<p><strong>Toronto<\/strong>: 1 de Maio com o&nbsp;Sindicatos dos Metarlugicos de Toronto &#8211; Mesa-redonda sobre a pris\u00e3o ilegal de Lula e a indica\u00e7\u00e3o dele para o Premio Nobel da Paz-&nbsp;<a href=\"https:\/\/www.eventbrite.ca\/e\/may-day-gathering-tickets-45142946769\" target=\"_blank\" rel=\"noopener noreferrer\">https:\/\/www.eventbrite.ca\/e\/may-day-gathering-tickets-45142946769<\/a><\/p>\n<p><strong>Lisboa:&nbsp;<\/strong>1\u00ba de Maio contra a Precariedade &#8211;&nbsp;<a href=\"https:\/\/www.facebook.com\/events\/2070607266595686\/\" target=\"_blank\" rel=\"noopener noreferrer\">https:\/\/www.facebook.com\/events\/2070607266595686\/<\/a><\/p>\n<p><strong>Hamburgo:&nbsp;<\/strong>1\u00ba Maio &#8211; Hamburgo: Lula Livre, Marielle Presente- <a href=\"https:\/\/www.facebook.com\/events\/170262210358220\/\">https:\/\/www.facebook.com\/events\/170262210358220\/<\/a><\/p>\n<p><strong>Berlim:&nbsp;<\/strong>&#8220;F\u00fcr Lulas Freiheit auf der 1.-Mai-Demo in Berlin&#8221; &#8211;&nbsp;<a href=\"https:\/\/www.facebook.com\/events\/1029540830517494\/\">https:\/\/www.facebook.com\/events\/1029540830517494\/<\/a><\/p>\n<p><strong>Berlim:&nbsp;<\/strong>Solidariedade, Diversidade e Justi\u00e7a &#8211;&nbsp;<a href=\"https:\/\/www.facebook.com\/events\/1496131947165794\/\">https:\/\/www.facebook.com\/events\/1496131947165794\/<\/a><\/p>\n<p><strong>Bruxelas:&nbsp;<\/strong>Bloco carnavalesco eu quero \u00e9 prova- <a href=\"https:\/\/www.facebook.com\/events\/1498570776921824\" target=\"_blank\" rel=\"noopener noreferrer\">https:\/\/www.facebook.com\/events\/1498570776921824<\/a><\/p>\n<p><strong>Gotemburgo<\/strong>:&nbsp;Lula Livre &#8211; Fria Lula &#8211; Free Lula &#8211;&nbsp;<a href=\"https:\/\/www.facebook.com\/events\/2171858009704026\/\" target=\"_blank\" rel=\"noopener noreferrer\">https:\/\/www.facebook.com\/events\/2171858009704026\/<\/a><\/p>\n<p><strong>Montevideo<\/strong>: A partir das 10 horas, ato na praca 1 de maio, m\u00e1rtires de Chicago &#8211; PIT-CNT<\/p>\n<p><strong>Zurique<\/strong>:&nbsp;1mai Combo Latino Zureich &#8211;&nbsp;<a href=\"https:\/\/www.facebook.com\/events\/199433824005790\/\" target=\"_blank\" rel=\"noopener noreferrer\">https:\/\/www.facebook.com\/events\/199433824005790\/<\/a><\/p>\n<p><strong>Cidade do M\u00e9xico<\/strong>:&nbsp;10h, Coletivo M\u00e9xico-Brasil contra o golpe por Lula Livre,&nbsp;em frente ao Palacio de Bellas Artes<\/p>\n<p><strong>Oslo<\/strong>: Passeata do 1 maio &#8211; Lula Livre! &#8211;&nbsp;<a href=\"https:\/\/www.facebook.com\/photo.php?fbid=10214333373542348\" target=\"_blank\" rel=\"noopener noreferrer\">https:\/\/www.facebook.com\/photo.php?fbid=10214333373542348<\/a><\/p>\n<p>29\/4\/18:<\/p>\n<p><strong>Toronto<\/strong>: Panflatagem do coletivo Brasil Toronto (GTA) em prol de campanha do Pr\u00eamio Nobel da Paz para Lula&nbsp; e contra o golpe, em frente ao cinema exibindo &#8220;O Processo&#8221; &#8211;&nbsp;<a href=\"https:\/\/boxoffice.hotdocs.ca\/websales\/pages\/info.aspx?evtinfo=73705~6d071c1e-1d5b-4e4e-ab61-2b9caf21a7fd\" target=\"_blank\" rel=\"noopener noreferrer\">https:\/\/boxoffice.hotdocs.ca\/websales\/pages\/info.aspx?evtinfo=73705~6d071c1e-1d5b-4e4e-ab61-2b9caf21a7fd<\/a><\/p>\n<p>27\/4\/18:<\/p>\n<p><strong>Genebra<\/strong>:&nbsp;Stand in solidarity with Lula! &#8211;&nbsp;<a href=\"https:\/\/www.facebook.com\/events\/178424979638100\/\" target=\"_blank\" rel=\"noopener noreferrer\">https:\/\/www.facebook.com\/events\/178424979638100\/<\/a><\/p>\n<p>26\/4\/18:<\/p>\n<p><strong>Cidade do M\u00e9xico<\/strong>:&nbsp;Acto de los sindicalistas de M\u00e9xico por la libertad de Lula! &#8211;&nbsp;<a href=\"https:\/\/m.facebook.com\/story.php?story_fbid=448261312295843&amp;id=245595505895759\" target=\"_blank\" rel=\"noopener noreferrer\">https:\/\/m.facebook.com\/story.php?story_fbid=448261312295843&amp;id=245595505895759<\/a><\/p>\n<p>25\/4\/18:<\/p>\n<p><strong>Dhaka, Bangladesh<\/strong>: Manifestac\u00e3o de apoio a Lula Livre! &#8211;&nbsp;<a href=\"https:\/\/www.facebook.com\/photo.php?fbid=10156368245841834\" target=\"_blank\" rel=\"noopener noreferrer\">https:\/\/www.facebook.com\/photo.php?fbid=10156368245841834<\/a><\/p>\n<p>23\/4\/18:<\/p>\n<p><strong>Paris<\/strong>: Lib\u00e9rez Lula! &#8211;&nbsp;<a href=\"https:\/\/www.facebook.com\/events\/2043341715987626\" target=\"_blank\" rel=\"noopener noreferrer\">https:\/\/www.facebook.com\/events\/2043341715987626<\/a><\/p>\n<p><strong>Washington<\/strong>:&nbsp;Demonstration: Free Lula! &#8211;&nbsp;<a href=\"https:\/\/www.facebook.com\/events\/176038773051894\" target=\"_blank\" rel=\"noopener noreferrer\">https:\/\/www.facebook.com\/events\/176038773051894<\/a><\/p>\n<p><strong>Londres<\/strong>:&nbsp;Freedom for Lula &#8211; UK &#8211;&nbsp;<a href=\"https:\/\/www.facebook.com\/events\/373500103151525\/\" target=\"_blank\" rel=\"noopener noreferrer\">https:\/\/www.facebook.com\/events\/373500103151525\/<\/a><\/p>\n<p><strong>Bruxelas<\/strong>: Mobilisation Lula Libre &#8211; 11h, em frente \u00e0 embaixada do Brasil &#8211; Av. Louise 350<\/p>\n<p>21\/4\/18:<\/p>\n<p><strong>Estocolmo<\/strong>: Ato cultural Lula Livre! Resgate a Democracia no Brasil! &#8211; <a href=\"https:\/\/www.facebook.com\/events\/193033377979047\/\" target=\"_blank\" rel=\"noopener noreferrer\">https:\/\/www.facebook.com\/events\/193033377979047\/<\/a><\/p>\n<p><strong>Bolonha<\/strong>: Buongiorno Presidente Lula! Bom dia, Presidente Lula! &#8211;&nbsp;<a href=\"https:\/\/www.facebook.com\/events\/192049924936059\/\" target=\"_blank\" rel=\"noopener noreferrer\">https:\/\/www.facebook.com\/events\/192049924936059\/<\/a><\/p>\n<p>20\/4\/18:<\/p>\n<p><strong>Estocolmo<\/strong>: Exibi\u00e7\u00e3o de document\u00e1rio sobre o Presidente Lula e painel sobre a persegui\u00e7\u00e3o pol\u00edtica (lawfare) contra Lula &#8211; 18h &#8211; <a href=\"http:\/\/www.victorjara.se\/calendario.php\" target=\"_blank\" rel=\"noopener noreferrer\">http:\/\/www.victorjara.se\/calendario.php<\/a><\/p>\n<p>19\/4\/18:<\/p>\n<p><strong>Barcelona<\/strong>:&nbsp;Chega de Golpe! Anula J\u00e1 e Lula Livre! &#8211;&nbsp;<a href=\"https:\/\/www.facebook.com\/events\/1671822999530361\" target=\"_blank\" rel=\"noopener noreferrer\">https:\/\/www.facebook.com\/events\/1671822999530361<\/a><\/p>\n<p>17\/4\/18:<\/p>\n<p><strong>Todos os coletivos da FIBRA<\/strong>:&nbsp;Tod@s contra a REDE Globo! &#8211;&nbsp;<a href=\"https:\/\/www.facebook.com\/events\/1996031937315451\" target=\"_blank\" rel=\"noopener noreferrer\">https:\/\/www.facebook.com\/events\/1996031937315451<\/a><\/p>\n<p>16\/4\/18<\/p>\n<p><strong>Massachusetts<\/strong>:&nbsp;LULA LIVRE \u2013 Ato de rep\u00fadio a S\u00e9rgio Moro &#8211; <a href=\"https:\/\/www.facebook.com\/events\/256751374868704\" target=\"_blank\" rel=\"noopener noreferrer\">https:\/\/www.facebook.com\/events\/256751374868704<\/a><\/p>\n<p>14\/4\/18:<\/p>\n<p><strong>Frankfurt<\/strong>: Der Fall LULA &#8211; 19h30, Alles Schutzenhutteng\u00e4sschen 6<\/p>\n<p><strong>Ottawa<\/strong>:&nbsp;Ato #LulaLivre &#8211;&nbsp;<a href=\"https:\/\/www.facebook.com\/events\/357426121443185\/\" target=\"_blank\" rel=\"noopener noreferrer\">https:\/\/www.facebook.com\/events\/357426121443185\/<\/a><\/p>\n<p><strong>Gothemburg<\/strong>:&nbsp;T\u00e4nd ett ljus f\u00f6r Marielle Franco ch Anderson Gomes i G\u00f6teborg &#8211;&nbsp;<a href=\"https:\/\/www.facebook.com\/events\/163760087656623\/\" target=\"_blank\" rel=\"noopener noreferrer\">https:\/\/www.facebook.com\/events\/163760087656623\/<\/a><\/p>\n<p>13\/4\/18:<\/p>\n<p><strong>Montpellier<\/strong>: Ato contra o Estado de exce\u00e7\u00e3o no Brasil em Montpellier &#8211;&nbsp;<a href=\"https:\/\/www.facebook.com\/events\/193556494591319\/\" target=\"_blank\" rel=\"noopener noreferrer\">https:\/\/www.facebook.com\/events\/193556494591319\/<\/a><\/p>\n<p><strong>Zurique<\/strong>:&nbsp;Anula Impeachment e Lula da Silva Livre &#8211; <a href=\"https:\/\/www.facebook.com\/events\/351188672039469\/\" target=\"_blank\" rel=\"noopener noreferrer\">https:\/\/www.facebook.com\/events\/351188672039469\/<\/a><\/p>\n<p><strong>Lisboa<\/strong>: Conversa com Guilherme Boulos &#8211; Casa do Alentejo, 14h30 &#8211;&nbsp;<a href=\"https:\/\/www.facebook.com\/events\/167122494110125\" target=\"_blank\" rel=\"noopener noreferrer\">https:\/\/www.facebook.com\/events\/167122494110125<\/a><\/p>\n<p>12\/4\/18:<\/p>\n<p><strong>Berlin<\/strong>:&nbsp;Demonstration in support of former Brazilian president Lula &#8211;&nbsp;<a href=\"https:\/\/www.facebook.com\/events\/3428745313809667\/\" target=\"_blank\" rel=\"noopener noreferrer\">https:\/\/www.facebook.com\/events\/3428745313809667\/<\/a><\/p>\n<p><strong>Oslo<\/strong>:&nbsp;Ato na sede da Hydro &#8211; demonstrasjon foran Hydros hovedkontor &#8211;&nbsp;<a href=\"https:\/\/www.facebook.com\/events\/218718045528638\/\" target=\"_blank\" rel=\"noopener noreferrer\">https:\/\/www.facebook.com\/events\/218718045528638\/<\/a><\/p>\n<p>11\/4\/18:<\/p>\n<p><strong>Bruxelas<\/strong>:&nbsp;# Lula Libre &#8211; 18h30, Embaixada do Brasil, Av. Louise 350<\/p>\n<p><strong>Londres<\/strong>:&nbsp;#FreeLula Londres &#8211;&nbsp;<a href=\"https:\/\/www.facebook.com\/events\/1248751218589726\/\" target=\"_blank\" rel=\"noopener noreferrer\">https:\/\/www.facebook.com\/events\/1248751218589726\/<\/a><\/p>\n<p><strong>Montevideo<\/strong>:&nbsp;Solidaridad del pueblo uruguayo con Lula y el hermano pueblo brasileiro! &#8211; 18 hs em frente a la embajada de Brasil en Montevideo<\/p>\n<p><strong>Oslo<\/strong>:&nbsp;Lula Livre: A Resist\u00eancia somos n\u00f3s &#8211;&nbsp;<a href=\"https:\/\/www.facebook.com\/events\/314079165787923\/\" target=\"_blank\" rel=\"noopener noreferrer\">https:\/\/www.facebook.com\/events\/314079165787923\/<\/a><\/p>\n<p><strong>Estocolmo<\/strong>:&nbsp;Lula Livre! Free Lula! Lula fri! &#8211;&nbsp;<a href=\"https:\/\/www.facebook.com\/events\/153015145533425\/\" target=\"_blank\" rel=\"noopener noreferrer\">https:\/\/www.facebook.com\/events\/153015145533425\/<\/a><\/p>\n<p><strong>Barcelona<\/strong>:&nbsp;Confer\u00e8ncia amb Dilma Rousseff: &#8216;Brasil. Estat d&#8217;excepci\u00f3 i democr\u00e0cia amena\u00e7ada&#8217; &#8211;&nbsp;Lloc: Sal\u00f3 d&#8217;actes de l&#8217;ICAB (Palauet Casades Mallorca 283),&nbsp;Horari: De 19.00 a 21.00 hores<\/p>\n<p><strong>Barcelona<\/strong>:&nbsp;Ato-recep\u00e7\u00e3o da presidenta Dilma em Barcelona &#8211;&nbsp;<a href=\"https:\/\/www.facebook.com\/events\/2064901000450357\/\" target=\"_blank\" rel=\"noopener noreferrer\">https:\/\/www.facebook.com\/events\/2064901000450357\/<\/a><\/p>\n<p><strong>Amsterdam<\/strong>: Ato por Lula Livre &#8211; Embaixada do Brasil em Amsterdam<\/p>\n<p><strong>Bruxelas<\/strong>: Manifesta\u00e7\u00e3o no Parlamento Europeu &#8211; Europarlamentares contra o Golpe, 12h20<\/p>\n<p>10\/4\/18:<\/p>\n<p><strong>Nova Iorque<\/strong>:&nbsp;Brazil, Colombia, Haiti: Resistance and Solidarity in Times of Repression &#8211;&nbsp;<a href=\"https:\/\/www.facebook.com\/events\/160738717959758\/\" target=\"_blank\" rel=\"noopener noreferrer\">https:\/\/www.facebook.com\/events\/160738717959758\/<\/a><\/p>\n<p><strong>Madri<\/strong>: La verdad vencer\u00e1 &#8211; Lula Libre &#8211; Lula Vale a Luta &#8211; 19h, Embaixada do Brasil, Calle Fernando El Santo 6<\/p>\n<p><strong>Dublin<\/strong>:&nbsp;Ato em defesa das liberdades constitucionais &#8211; <a href=\"https:\/\/www.facebook.com\/events\/194785677974083\/\" target=\"_blank\" rel=\"noopener noreferrer\">https:\/\/www.facebook.com\/events\/194785677974083\/<\/a><\/p>\n<p><strong>Roma<\/strong>:&nbsp;\u00abLula livre\u00bb, a Roma un flash-mob &#8211; <a href=\"http:\/\/www.rassegna.it\/articoli\/lula-livre-flash-mob-a-roma\" target=\"_blank\" rel=\"noopener noreferrer\">http:\/\/www.rassegna.it\/articoli\/lula-livre-flash-mob-a-roma<\/a><\/p>\n<p>9\/4\/18:<\/p>\n<p><strong>Lisboa<\/strong>:&nbsp;LULA LIVRE &#8211; Em Defesa da Democracia Brasileira &#8211;&nbsp;<a href=\"https:\/\/www.facebook.com\/events\/414006815718055\/\" target=\"_blank\" rel=\"noopener noreferrer\">https:\/\/www.facebook.com\/events\/414006815718055\/<\/a><\/p>\n<p><strong>Roma<\/strong>: Brasile: democrazia sotto attacco &#8211;&nbsp;<a href=\"https:\/\/www.facebook.com\/events\/2052160065057870\" target=\"_blank\" rel=\"noopener noreferrer\">https:\/\/www.facebook.com\/events\/2052160065057870<\/a><\/p>\n<p><strong>Lund<\/strong>:&nbsp;Remembering Marielle Franco da Silva &#8211;&nbsp;<a href=\"https:\/\/www.facebook.com\/events\/110067206507234\/\" target=\"_blank\" rel=\"noopener noreferrer\">https:\/\/www.facebook.com\/events\/110067206507234\/<\/a><\/p>\n<p>8\/4\/18:<\/p>\n<p><strong>Barcelona<\/strong>: Contra el cop d&#8217;estat al Brasil &#8211; #LulaLliure #LulaLibre &#8211;&nbsp;<a href=\"https:\/\/www.facebook.com\/events\/636240066767956\/\" target=\"_blank\" rel=\"noopener noreferrer\">https:\/\/www.facebook.com\/events\/636240066767956\/<\/a><\/p>\n<p><strong>Cidade do M\u00e9xico<\/strong>:&nbsp;Lula libre &#8211; <a href=\"https:\/\/m.facebook.com\/events\/940292412808741\" target=\"_blank\" rel=\"noopener noreferrer\">https:\/\/m.facebook.com\/events\/940292412808741<\/a><\/p>\n<p><strong>Amsterdam<\/strong>:&nbsp;Amsterdam stands with Lula! StandwithLula Lulalivre! &#8211;&nbsp;<a href=\"https:\/\/www.facebook.com\/events\/1614799521908004\/\" target=\"_blank\" rel=\"noopener noreferrer\">https:\/\/www.facebook.com\/events\/1614799521908004\/<\/a><\/p>\n<p><strong>Paris<\/strong>:&nbsp;Manifestation de solidarit\u00e9 \u00e0 Lula &#8211;&nbsp;<a href=\"https:\/\/www.facebook.com\/events\/237152763509547\/\" target=\"_blank\" rel=\"noopener noreferrer\">https:\/\/www.facebook.com\/events\/237152763509547\/<\/a><\/p>\n<p>7\/4\/18:<\/p>\n<p><strong>Londres<\/strong>: #LulaLivre &#8211;&nbsp;<a href=\"https:\/\/www.facebook.com\/events\/1602293533139324\/\" target=\"_blank\" rel=\"noopener noreferrer\">https:\/\/www.facebook.com\/events\/1602293533139324\/<\/a><\/p>\n<p><strong>Oslo<\/strong>:&nbsp;Lula livre! Mot forf\u00f8lgelsen av Lula &#8211;&nbsp;<a href=\"https:\/\/www.facebook.com\/events\/1491818137593204\/\" target=\"_blank\" rel=\"noopener noreferrer\">https:\/\/www.facebook.com\/events\/1491818137593204\/<\/a><\/p>\n<p><strong>Bogot\u00e1<\/strong>:&nbsp;Colombia con Lula! #LulaLivre en Bogot\u00e1 &#8211; <a href=\"https:\/\/www.facebook.com\/events\/2060290950874740\/\" target=\"_blank\" rel=\"noopener noreferrer\">https:\/\/www.facebook.com\/events\/2060290950874740\/<\/a><\/p>\n<p>6\/4\/18:<\/p>\n<p><strong>Washington<\/strong>:&nbsp;Emergency Demonstration in Solidarity with Lula &#8211;&nbsp;<a href=\"https:\/\/www.facebook.com\/events\/779149912284621\/\" target=\"_blank\" rel=\"noopener noreferrer\">https:\/\/www.facebook.com\/events\/779149912284621\/<\/a><\/p>\n<p><strong>Santiago<\/strong>:&nbsp;CHILE CON LULA #LulaValeALuta &#8211; <a href=\"https:\/\/www.facebook.com\/events\/845145629006929\/\" target=\"_blank\" rel=\"noopener noreferrer\">https:\/\/www.facebook.com\/events\/845145629006929\/<\/a><\/p>\n<p><strong>Nova Iorque<\/strong>:&nbsp;Unified Act: Free Lula, Lula Livre New York &#8211;&nbsp;<a href=\"https:\/\/www.facebook.com\/events\/1596017263817849\/\" target=\"_blank\" rel=\"noopener noreferrer\">https:\/\/www.facebook.com\/events\/1596017263817849\/<\/a><\/p>\n<p><strong>Buenos Aires<\/strong>: Marcha a la embajada &#8211;&nbsp;<a href=\"https:\/\/www.pagina12.com.ar\/106344-marcha-a-la-embajada\" target=\"_blank\" rel=\"noopener noreferrer\">https:\/\/www.pagina12.com.ar\/106344-marcha-a-la-embajada<\/a><\/p>\n<p><strong>Barcelona<\/strong>: Ato por Lula Livre, na Praca Catalunha<\/p>\n<p><strong>Nova Iorque<\/strong>:&nbsp;Open community meeting with activists, artists and academics from New York &#8211;&nbsp;<a href=\"https:\/\/www.facebook.com\/events\/218169295597020\/\" target=\"_blank\" rel=\"noopener noreferrer\">https:\/\/www.facebook.com\/events\/218169295597020\/&nbsp;<\/a>(ingl\u00eas) &#8211;&nbsp;<a href=\"https:\/\/www.facebook.com\/events\/577898852586675\" target=\"_blank\" rel=\"noopener noreferrer\">https:\/\/www.facebook.com\/events\/577898852586675<\/a> (portugu\u00eas)<\/p>\n<p><strong>Paris<\/strong>:&nbsp;Comit\u00e9 de solidarit\u00e9 \u00e0 LULA et \u00e0 la d\u00e9mocratie au Br\u00e9sil &#8211;&nbsp;<a href=\"https:\/\/www.facebook.com\/events\/1207961312672249\/\" target=\"_blank\" rel=\"noopener noreferrer\">https:\/\/www.facebook.com\/events\/1207961312672249\/<\/a><\/p>\n<p><strong>Brasileiros no Exterior pr\u00f3 PT<\/strong>&nbsp;&#8211;&nbsp;<a href=\"https:\/\/www.facebook.com\/events\/372918356450661\/\" target=\"_blank\" rel=\"noopener noreferrer\">https:\/\/www.facebook.com\/events\/372918356450661\/<\/a><\/p>\n<p><strong>Berlim<\/strong>:&nbsp;Ato em defesa da Democracia brasileira em Berlim! &#8211;&nbsp;<a href=\"https:\/\/www.facebook.com\/events\/194483944492068\/\" target=\"_blank\" rel=\"noopener noreferrer\">https:\/\/www.facebook.com\/events\/194483944492068\/<\/a><\/p>\n<p><strong>Montevideo<\/strong>: En defensa de la democracia de Brasil &#8211; PIT CNT, Juan D. Jackson 1283, 17h<\/p>\n<p>4\/4\/18:<\/p>\n<p><strong>Londres<\/strong>: #StandwithLula and for Democracy&nbsp; <a href=\"https:\/\/www.facebook.com\/events\/128217201352843\/\" target=\"_blank\" rel=\"noopener noreferrer\">https:\/\/www.facebook.com\/events\/128217201352843\/<\/a><\/p>\n<p><strong>Nova Iorque<\/strong>: Contra o fascismo e pela Democracia &#8211;&nbsp;<a href=\"https:\/\/www.facebook.com\/events\/185575208890724\/\" target=\"_blank\" rel=\"noopener noreferrer\">https:\/\/www.facebook.com\/events\/185575208890724\/<\/a><\/p>\n<p><strong>Nova Iorque<\/strong>: No More Political Crimes and Violence: Stop the Rise of Fascism in Brazil &#8211;&nbsp;<a href=\"https:\/\/www.facebook.com\/events\/2129148687331216\/\" target=\"_blank\" rel=\"noopener noreferrer\">https:\/\/www.facebook.com\/events\/2129148687331216\/<\/a><\/p>\n<p>1\/4\/18:<\/p>\n<p><strong>Estocolmo<\/strong>:&nbsp;N\u00e3o \u00e0 intoler\u00e2ncia no Brasil &#8211; No to intolerance in Brazil &#8211;&nbsp;<a href=\"https:\/\/www.facebook.com\/events\/174708699916745\" target=\"_blank\" rel=\"noopener noreferrer\">https:\/\/www.facebook.com\/events\/174708699916745<\/a><\/p>\n<p>Para incluir o ato de sua cidade, envie um email com os detalhes e link para <a href=\"mailto:naonaogolpenao@gmail.com\" target=\"_blank\" rel=\"noopener noreferrer\">naonaogolpenao@gmail.com<\/a>&nbsp;,&nbsp;ou envie os detalhes pelo grupo: <a href=\"https:\/\/www.facebook.com\/groups\/BrasileirosnoMundoContraoGolpe\/\" target=\"_blank\" rel=\"noopener noreferrer\">https:\/\/www.facebook.com\/groups\/BrasileirosnoMundoContraoGolpe\/<\/a><\/p>\n<p><strong>Marielle Franco, presente!<\/strong><\/p>\n<p><strong>Atos de Rep\u00fadio \u00e0 viol\u00eancia contra a milit\u00e2ncia de esquerda no Brasil<\/strong><\/p>\n<p>24\/03\/18:<\/p>\n<p><strong>Lyon<\/strong>:&nbsp;<a href=\"https:\/\/www.facebook.com\/events\/2068955249990115\/\" target=\"_blank\" rel=\"noopener noreferrer\">https:\/\/www.facebook.com\/events\/2068955249990115\/<\/a><\/p>\n<p><strong>Londres<\/strong>:&nbsp;<a href=\"https:\/\/www.facebook.com\/events\/1040013636136413\/\" target=\"_blank\" rel=\"noopener noreferrer\">https:\/\/www.facebook.com\/events\/1040013636136413\/<\/a><\/p>\n<p><strong>Bolonha<\/strong>:&nbsp;<a href=\"https:\/\/www.facebook.com\/events\/226859857875844\/\" target=\"_blank\" rel=\"noopener noreferrer\">https:\/\/www.facebook.com\/events\/226859857875844\/<\/a><\/p>\n<p>23\/03\/18:<\/p>\n<p><strong>Genebra<\/strong>:&nbsp;<a href=\"https:\/\/www.facebook.com\/events\/182866699104371\/\" target=\"_blank\" rel=\"noopener noreferrer\">https:\/\/www.facebook.com\/events\/182866699104371\/<\/a><\/p>\n<p>22\/03\/18:<\/p>\n<p><strong>Nova Iorque<\/strong>:&nbsp;<a href=\"https:\/\/www.facebook.com\/events\/147576442734503\/\" target=\"_blank\" rel=\"noopener noreferrer\">https:\/\/www.facebook.com\/events\/147576442734503\/<\/a><\/p>\n<p>21\/03\/18:<\/p>\n<p><strong>Col\u00f4nia<\/strong>:&nbsp;<a href=\"https:\/\/www.facebook.com\/events\/600874676919791\" target=\"_blank\" rel=\"noopener noreferrer\">https:\/\/www.facebook.com\/events\/600874676919791<\/a><\/p>\n<p><strong>Amsterdam<\/strong>:&nbsp;<a href=\"https:\/\/www.facebook.com\/events\/2065365207064834\/\" target=\"_blank\" rel=\"noopener noreferrer\">https:\/\/www.facebook.com\/events\/2065365207064834\/<\/a><\/p>\n<p>20\/03\/18:<\/p>\n<p><strong>Madri<\/strong>: <a href=\"https:\/\/www.facebook.com\/events\/378863569248522\/\" target=\"_blank\" rel=\"noopener noreferrer\">https:\/\/www.facebook.com\/events\/378863569248522\/<\/a><\/p>\n<p><strong>Bruxelas<\/strong>:&nbsp;<a href=\"https:\/\/www.facebook.com\/events\/283611105507139\/\" target=\"_blank\" rel=\"noopener noreferrer\">https:\/\/www.facebook.com\/events\/283611105507139\/<\/a><\/p>\n<p>19\/03\/18:<\/p>\n<p><strong>Montevideo: <\/strong><a href=\"https:\/\/liminalpap.wixsite.com\/liminal\" target=\"_blank\" rel=\"noopener noreferrer\">https:\/\/liminalpap.wixsite.com\/liminal<\/a><\/p>\n<p><strong>Porto<\/strong>:&nbsp;<a href=\"https:\/\/www.facebook.com\/events\/1836587499693674\/\" target=\"_blank\" rel=\"noopener noreferrer\">https:\/\/www.facebook.com\/events\/1836587499693674\/<\/a><\/p>\n<p><strong>Lisboa<\/strong>:&nbsp;<a href=\"https:\/\/www.facebook.com\/events\/194281718002595\/\" target=\"_blank\" rel=\"noopener noreferrer\">https:\/\/www.facebook.com\/events\/194281718002595\/<\/a><\/p>\n<p><strong>Braga<\/strong>:&nbsp;<a href=\"https:\/\/www.facebook.com\/events\/210122119573987\/\" target=\"_blank\" rel=\"noopener noreferrer\">https:\/\/www.facebook.com\/events\/210122119573987\/<\/a><\/p>\n<p><strong>Coimbra<\/strong>:&nbsp;<a href=\"https:\/\/www.facebook.com\/events\/1788220571482349\/\" target=\"_blank\" rel=\"noopener noreferrer\">https:\/\/www.facebook.com\/events\/1788220571482349\/<\/a><\/p>\n<p><strong>Covilh\u00e3<\/strong>:&nbsp;<a href=\"https:\/\/www.facebook.com\/events\/1997714280553232\/\" target=\"_blank\" rel=\"noopener noreferrer\">https:\/\/www.facebook.com\/events\/1997714280553232\/<\/a><\/p>\n<p><strong>Vila Real<\/strong>:&nbsp;<a href=\"https:\/\/www.facebook.com\/events\/753654261504725\/\" target=\"_blank\" rel=\"noopener noreferrer\">https:\/\/www.facebook.com\/events\/753654261504725\/<\/a><\/p>\n<p><strong>Aveiro<\/strong>:&nbsp;<a href=\"https:\/\/www.facebook.com\/events\/1576123309109258\/\" target=\"_blank\" rel=\"noopener noreferrer\">https:\/\/www.facebook.com\/events\/1576123309109258\/<\/a><\/p>\n<p><strong>Viana do Castelo<\/strong>:&nbsp;<a href=\"https:\/\/www.facebook.com\/events\/616141465400179\/\" target=\"_blank\" rel=\"noopener noreferrer\">https:\/\/www.facebook.com\/events\/616141465400179\/<\/a><\/p>\n<p><strong>Viseu<\/strong>:&nbsp;<a href=\"https:\/\/www.facebook.com\/events\/1436320536472671\/\" target=\"_blank\" rel=\"noopener noreferrer\">https:\/\/www.facebook.com\/events\/1436320536472671\/<\/a><\/p>\n<p><strong>Boston<\/strong>:&nbsp;<a href=\"https:\/\/www.facebook.com\/events\/153699638633289\/\" target=\"_blank\" rel=\"noopener noreferrer\">https:\/\/www.facebook.com\/events\/153699638633289\/<\/a><\/p>\n<p>18\/03\/18:<\/p>\n<p><strong>Toronto<\/strong>:&nbsp;<a href=\"https:\/\/www.facebook.com\/events\/187635201965287\/\" target=\"_blank\" rel=\"noopener noreferrer\">https:\/\/www.facebook.com\/events\/187635201965287\/<\/a><\/p>\n<p><strong>Paris<\/strong>:&nbsp;<a href=\"https:\/\/www.facebook.com\/events\/410964999373620\/\" target=\"_blank\" rel=\"noopener noreferrer\">https:\/\/www.facebook.com\/events\/410964999373620\/<\/a><\/p>\n<p><strong>Berlin<\/strong>:&nbsp;<a href=\"https:\/\/www.facebook.com\/events\/179664249425618\/\" target=\"_blank\" rel=\"noopener noreferrer\">https:\/\/www.facebook.com\/events\/179664249425618\/<\/a><\/p>\n<p><strong>Estocolmo<\/strong>:&nbsp;<a href=\"https:\/\/www.facebook.com\/events\/1196857610449758\/\" target=\"_blank\" rel=\"noopener noreferrer\">https:\/\/www.facebook.com\/events\/1196857610449758\/<\/a><\/p>\n<p><strong>San Francisco<\/strong>:&nbsp;<a href=\"https:\/\/www.facebook.com\/events\/371661626664121\/\" target=\"_blank\" rel=\"noopener noreferrer\">https:\/\/www.facebook.com\/events\/371661626664121\/<\/a><\/p>\n<p><strong>Hamburgo<\/strong>:&nbsp;<a href=\"https:\/\/www.facebook.com\/events\/183706175480868\" target=\"_blank\" rel=\"noopener noreferrer\">https:\/\/www.facebook.com\/events\/183706175480868<\/a><\/p>\n<p><strong>Lisboa<\/strong>:&nbsp;<a href=\"https:\/\/www.facebook.com\/events\/160567431309817\/\" target=\"_blank\" rel=\"noopener noreferrer\">https:\/\/www.facebook.com\/events\/160567431309817\/<\/a><\/p>\n<p><strong>Munique<\/strong>:&nbsp;<a href=\"https:\/\/www.facebook.com\/events\/1655341371186944\/\" target=\"_blank\" rel=\"noopener noreferrer\">https:\/\/www.facebook.com\/events\/1655341371186944\/<\/a><\/p>\n<p><strong>Melbourne<\/strong>:&nbsp;<a href=\"https:\/\/www.facebook.com\/events\/2115119928718048\/\" target=\"_blank\" rel=\"noopener noreferrer\">https:\/\/www.facebook.com\/events\/2115119928718048\/<\/a><\/p>\n<p><strong>Londres<\/strong>:&nbsp;<a href=\"https:\/\/www.facebook.com\/events\/1982449188687803\/\" target=\"_blank\" rel=\"noopener noreferrer\">https:\/\/www.facebook.com\/events\/1982449188687803\/<\/a><\/p>\n<p>17\/03\/18:<\/p>\n<p><strong>Paris<\/strong>:&nbsp;<a href=\"https:\/\/www.facebook.com\/events\/811496219061420\/\" target=\"_blank\" rel=\"noopener noreferrer\">https:\/\/www.facebook.com\/events\/811496219061420\/<\/a><\/p>\n<p>16\/03\/18:<\/p>\n<p><strong>Barcelona: <\/strong><a href=\"https:\/\/www.facebook.com\/events\/2010039109250995\/\" target=\"_blank\" rel=\"noopener noreferrer\">https:\/\/www.facebook.com\/events\/2010039109250995\/<\/a><\/p>\n<p><strong>Montreal<\/strong>:&nbsp;<a href=\"https:\/\/www.facebook.com\/events\/174348476706616\/\" target=\"_blank\" rel=\"noopener noreferrer\">https:\/\/www.facebook.com\/events\/174348476706616\/<\/a><\/p>\n<p><strong>Bogot\u00e1:&nbsp;<\/strong><a href=\"https:\/\/www.facebook.com\/events\/158932798145343\/\" target=\"_blank\" rel=\"noopener noreferrer\">https:\/\/www.facebook.com\/events\/158932798145343\/<\/a><\/p>\n<p><strong>Nova Iorque:<\/strong>&nbsp;<a href=\"https:\/\/www.facebook.com\/events\/1694388323953482\/\" target=\"_blank\" rel=\"noopener noreferrer\">https:\/\/www.facebook.com\/events\/1694388323953482\/<\/a><\/p>\n<p><strong>Washington<\/strong>:&nbsp;<a href=\"https:\/\/www.facebook.com\/events\/1414680491969501\/\" target=\"_blank\" rel=\"noopener noreferrer\">https:\/\/www.facebook.com\/events\/1414680491969501\/<\/a><\/p>\n<p><strong>Londres<\/strong>:&nbsp;<a href=\"https:\/\/www.facebook.com\/events\/1935594020103878\/\" target=\"_blank\" rel=\"noopener noreferrer\">https:\/\/www.facebook.com\/events\/1935594020103878\/<\/a><\/p>\n<p><strong>Dublin<\/strong>:&nbsp;<a href=\"https:\/\/www.facebook.com\/events\/152639748736679\/\" target=\"_blank\" rel=\"noopener noreferrer\">https:\/\/www.facebook.com\/events\/152639748736679\/<\/a><\/p>\n<p><strong>Frankfurt<\/strong>: Ab\u00e1 \u2013 Grupo de Trabalho pelos Direitos Humanos no Brasil de Frankfurt e Imbradiva &#8211; Iniciativa de Mulheres Brasileiras de Frankfurt<\/p>\n<p>15\/03\/18:<\/p>\n<p><strong>Santiago:&nbsp;<\/strong><a href=\"https:\/\/www.facebook.com\/photo.php?fbid=1690399194385393&amp;set=a.549339285158062.1073741827.100002459868401&amp;type=3&amp;theater\" target=\"_blank\" rel=\"noopener noreferrer\">https:\/\/www.facebook.com\/photo.php?fbid=1690399194385393&amp;set=a.549339285158062.1073741827.100002459868401&amp;type=3&amp;theater<\/a><\/p>\n<p><strong>Nova Iorque:<\/strong>&nbsp;<a href=\"https:\/\/www.facebook.com\/events\/153217655361362\/\" target=\"_blank\" rel=\"noopener noreferrer\">https:\/\/www.facebook.com\/events\/153217655361362\/<\/a><\/p>\n<p><strong>Amsterdam<\/strong>: <a href=\"https:\/\/www.facebook.com\/events\/349966518829548\/\" target=\"_blank\" rel=\"noopener noreferrer\">https:\/\/www.facebook.com\/events\/349966518829548\/<\/a><\/p>\n<p><strong>Buenos Aires:<\/strong> <a href=\"https:\/\/www.facebook.com\/events\/209065296508774\/\" target=\"_blank\" rel=\"noopener noreferrer\">https:\/\/www.facebook.com\/events\/209065296508774\/<\/a><\/p>\n<p><strong>Hamburgo<\/strong>:&nbsp;<a href=\"https:\/\/www.facebook.com\/mauricio.dasilvacarvalho\/videos\/2211944698835405\/?hc_location=ufi\" target=\"_blank\" rel=\"noopener noreferrer\">https:\/\/www.facebook.com\/mauricio.dasilvacarvalho\/videos\/2211944698835405\/?hc_location=ufi<\/a><\/p>\n<p>Para incluir o ato de sua cidade, envie os detalhes pelo grupo: <a href=\"https:\/\/www.facebook.com\/groups\/BrasileirosnoMundoContraoGolpe\/\" target=\"_blank\" rel=\"noopener noreferrer\">https:\/\/www.facebook.com\/groups\/BrasileirosnoMundoContraoGolpe\/<\/a><\/p>\n<p><strong>Atos em defesa de Lula e da democracia no Brasil<\/strong><\/p>\n<p>Este \u00e9 o calend\u00e1rio das manifesta\u00e7\u00f5es pr\u00f3 Lula em Janeiro\/18 dos coletivos participantes da Frente Internacional Brasileiros no Mundo contra o Golpe. Ainda faltam muitos locais, a lista j\u00e1 est\u00e1 aumentando. Procure sua cidade ou local mais pr\u00f3ximos, se n\u00e3o encontrar, fa\u00e7a voc\u00ea mesmo um encontro e chame suas amigas e amigos para defender Lula e a democracia. Fa\u00e7am v\u00eddeos, fotos, cartazes com mensagens de apoio ao Lula. Se decidir fazer nos avise, para acrescentarmos seu evento na agenda. Participe tamb\u00e9m da Vig\u00edlia Virtual em apoio \u00e0 Lula (detalhes abaixo).<br>Nossa justi\u00e7a est\u00e1 na UTI, acabou o estado de direito, a constitui\u00e7\u00e3o foi ferida de morte. Apoiar Lula nesse momento \u00e9 apoiar a volta da normalidade democr\u00e1tica no pa\u00eds, a \u00fanica chance real que temos de revogar as maldades do Temer.<\/p>\n<p><em>Agenda dos atos em defesa de Lula e da democracia:<\/em><\/p>\n<p>13\/01\/18 &#8211; <strong>London<\/strong> International Solidarity to Lula Committee Launch &#8211;&nbsp;<a href=\"https:\/\/www.facebook.com\/events\/1741656805890923\/\" target=\"_blank\" rel=\"noopener noreferrer\">https:\/\/www.facebook.com\/events\/1741656805890923\/<\/a><\/p>\n<p>13\/01\/18 &#8211; <strong>Berlim<\/strong>:&nbsp;stande na confer\u00eancia da Funda\u00e7\u00e3o Rosa Luxemburgo, a partir das 9:00 da manh\u00e3.<\/p>\n<p>19\/01\/18 &#8211; <strong>New York<\/strong>: The Struggle in Brazil (A Luta no Brasil), Palestra de Toya Mileno, membro do Defend Democracy in Brazil e do PSL. Justice Center en El Barrio&nbsp;1637 Park Ave, 19h.<\/p>\n<p>20\/01\/18 &#8211; <strong>Frankfurt<\/strong>: Die Vorverurteilung des Ex. Pr\u00e4sidenten Lula \/Em defesa de Lula &#8211;&nbsp;<a href=\"https:\/\/www.facebook.com\/events\/138304740296386\/\" target=\"_blank\" rel=\"noopener noreferrer\">https:\/\/www.facebook.com\/events\/138304740296386\/<\/a><\/p>\n<p>20\/01\/18 &#8211; <strong>Zurique<\/strong>:&nbsp;EM DEFESA DE LULA, PELA DEMOCRACIA.&nbsp;&#8211; 14:00 \u00e0s 17:00,&nbsp;Hirschenplatz Z\u00fcrich.&nbsp;Manifesto Brasil Social &#8211;&nbsp;<a href=\"https:\/\/www.facebook.com\/events\/1577411582296334\/\" target=\"_blank\" rel=\"noopener noreferrer\">https:\/\/www.facebook.com\/events\/1577411582296334\/<\/a><\/p>\n<p>20\/01\/18 &#8211; <strong>Washington<\/strong>:&nbsp;March for Democracy and the Rule of Law in Brazil. Das 12h \u00e0s 13:30, 200 17th St NW &#8211;&nbsp;<a href=\"https:\/\/www.facebook.com\/events\/1785357335104252\" target=\"_blank\" rel=\"noopener noreferrer\">https:\/\/www.facebook.com\/events\/1785357335104252<\/a><\/p>\n<p>20\/01\/18 <strong>New York<\/strong>: Defendendo a Democracia e os direitos das Mulheres no Brasil &#8211; Marcha das Mulheres de Nova York\/ Women&#8217;s March in NYC, Encontro no Columbus Circle, 11hs, junto \u00e0 bandeira brasileira &#8211;&nbsp;<a href=\"https:\/\/www.facebook.com\/defenddemocracyinbrazil\/\" target=\"_blank\" rel=\"noopener noreferrer\">https:\/\/www.facebook.com\/defenddemocracyinbrazil\/<\/a><\/p>\n<p>21\/01\/18 &#8211; <strong>New York<\/strong>: BRADO: Manifesto em defesa do Estado de Direito. Union Square Park, 3PM &#8211;&nbsp;<a href=\"https:\/\/www.facebook.com\/events\/164568204274526\/\" target=\"_blank\" rel=\"noopener noreferrer\">https:\/\/www.facebook.com\/events\/164568204274526\/<\/a><\/p>\n<p>21\/01\/18 &#8211; <strong>Barcelona<\/strong>: Persecuci\u00f3n a Lula: otro Golpe al Estado de Derecho &#8211;&nbsp;<a href=\"https:\/\/www.facebook.com\/events\/1654243547971159\/\" target=\"_blank\" rel=\"noopener noreferrer\">https:\/\/www.facebook.com\/events\/1654243547971159\/<\/a><\/p>\n<p>21\/01\/18 &#8211; <strong>Estocolmo<\/strong>: Ato P\u00fablico em apoio \u00e0 Lula e em defesa da Democracia. Mynttorget, Gamla Stan, das 14h \u00e0s 16h. &#8211;&nbsp;<a href=\"https:\/\/www.facebook.com\/events\/535665463467253\/\" target=\"_blank\" rel=\"noopener noreferrer\">https:\/\/www.facebook.com\/events\/535665463467253\/<\/a><\/p>\n<p>21\/01\/2018 <strong>Madrid<\/strong>: Acto Cultural en Defensa de la Democracia en Brasil. 19hs. Local: Maloka c\/ Salitre, 36 &#8211; Lavapi\u00e9s.<\/p>\n<p>21\/01\/18 &#8211; <strong>Cidade do M\u00e9xico<\/strong>:&nbsp;Acto en Defensa de la Democracia y Apoyo a Lula &#8211; M\u00e9xico.&nbsp;<a href=\"https:\/\/www.facebook.com\/events\/328478360893064\/\" target=\"_blank\" rel=\"noopener noreferrer\">https:\/\/www.facebook.com\/events\/328478360893064\/<\/a><\/p>\n<p>21\/01\/18 &#8211;&nbsp;<span class=\" UFICommentActorAndBody\"><span class=\"UFICommentBody _1n4g\"><strong>Paris:<\/strong>&nbsp;Flashmob Une \u00e9lection sans Lula serait fraudeleuse! Em apoio \u00e0 defesa mundial ao direito de Lula ser candidato. \u00e0s 16h no Parvis des Droits de l\u2019Homme, Trocad\u00e9ro &#8211;&nbsp;<a href=\"https:\/\/www.facebook.com\/events\/1217069598426877\/\" target=\"_blank\" rel=\"noopener noreferrer\">https:\/\/www.facebook.com\/events\/1217069598426877\/<\/a><\/span><\/span><\/p>\n<p>21\/01\/18 &#8211; <strong>Londres<\/strong>:&nbsp;London Solidarity with Lula International Committee: #LondonStandsWithLula &#8211; 117 Maitland Park Road, \u00e0s 14h &#8211; <a href=\"https:\/\/www.facebook.com\/events\/667377150317694\/\" target=\"_blank\" rel=\"noopener noreferrer\">https:\/\/www.facebook.com\/events\/667377150317694\/<\/a><\/p>\n<p>21\/01\/18 &#8211; <strong>Col\u00f4nia<\/strong>:&nbsp;Col\u00f4nia por Lula e Pela Democracia Brasileira &#8211; 15hs&nbsp;em frente \u00e0 Catedral de Col\u00f4nia &#8211;<a href=\"https:\/\/www.facebook.com\/events\/189282245142831\/\" target=\"_blank\" rel=\"noopener noreferrer\">https:\/\/www.facebook.com\/events\/189282245142831\/<\/a><\/p>\n<p>21\/01\/18 &#8211; <strong>Amsterdam<\/strong>:&nbsp;#StandWithLula: Ato pela defesa da democracia no Brasil. Das 15:30 \u00e0s 17:30, Dam Plein. &#8211;&nbsp;<a href=\"https:\/\/www.facebook.com\/events\/2001611613427666\/\" target=\"_blank\" rel=\"noopener noreferrer\">https:\/\/www.facebook.com\/events\/2001611613427666\/<\/a><\/p>\n<p>21\/01\/18 &#8211; <strong>Roma<\/strong>: Ato em Defesa de Lula e da Democracia.&nbsp;\u00e0s 15.30 hrs no Coliseu<\/p>\n<p>23\/01\/18 &#8211; <strong>New York<\/strong>:&nbsp; Brazil: LULA is innocent &#8211; Public Act #standwithLula &#8211; Defend Democracy in Brazil: Ato P\u00fablico na Union Square South, Manhattan, 19h-21h &#8211;&nbsp;<a href=\"https:\/\/www.facebook.com\/events\/173557269918825\" target=\"_blank\" rel=\"noopener noreferrer\">https:\/\/www.facebook.com\/events\/173557269918825<\/a><\/p>\n<p>23\/01\/18 &#8211; <strong>Bruxelas<\/strong>:&nbsp;Ato em defesa de Lula e da Democracia. Em frente \u00e0 Bolsa de valores \u00e0s 18 horas,&nbsp;Boulevard Anspach<\/p>\n<p>23\/01\/2018 <strong>Lisboa<\/strong>: Coletivo Andorinha: Elei\u00e7\u00e3o Sem Lula \u00e9 Fraude! Abaixo o Estado de Exce\u00e7\u00e3o. 18h, na Pra\u00e7a Lu\u00eds de Cam\u00f5es. &#8211;&nbsp;<a href=\"https:\/\/www.facebook.com\/events\/522520751459368\/\" target=\"_blank\" rel=\"noopener noreferrer\">https:\/\/www.facebook.com\/events\/522520751459368\/<\/a><\/p>\n<p>23\/01\/18 <strong>Boston<\/strong>:&nbsp;Ato Pro Lula em defesa da Democracia. Consulado-Geral do Brasil em Boston, 175 Purchase St., \u00e0s 5PM &#8211; <a href=\"https:\/\/www.facebook.com\/events\/405795769846164\/\" target=\"_blank\" rel=\"noopener noreferrer\">https:\/\/www.facebook.com\/events\/405795769846164\/<\/a><\/p>\n<p>23\/01\/18 &#8211; <strong>Munique<\/strong>:&nbsp;Die Vorverurteilung des Ex. Pr\u00e4sidenten Lula \/Em defesa de Lula &#8211;&nbsp;<a href=\"https:\/\/www.facebook.com\/events\/137090663630134\/\" target=\"_blank\" rel=\"noopener noreferrer\">https:\/\/www.facebook.com\/events\/137090663630134\/<\/a><\/p>\n<p>23\/01\/18 &#8211; <strong>Madrid<\/strong>: Ato de apoio a Lula em frente \u00e0 Embaixada Brasileira e entrega de carta de protesto ao embaixador. Participa\u00e7\u00e3o: UGT, PSI, IU, N\u00facleo PT Madrid, Unida e Podemos.<\/p>\n<p>23\/01\/18 <strong>Tuita\u00e7o<\/strong> \u00e0s 10h (hora do Brasil) #ELEI\u00c7\u00c3OSEMLULA\u00c9FRAUDE<\/p>\n<p>24\/01\/18 &#8211; <strong>Paris<\/strong>: Roda de Debate sobre o resultado do julgamento e qual estrat\u00e9gia para o prosseguimento da luta contra o golpe. \u00e0s 18:30 \u00e0s 21:30 na Bourse de Travail <a href=\"https:\/\/www.facebook.com\/events\/1780528335582066\/\" target=\"_blank\" rel=\"noopener noreferrer\">&#8211;&nbsp;https:\/\/www.facebook.com\/events\/1780528335582066\/<\/a><\/p>\n<p>24\/01\/18 &#8211; <strong>Berlim<\/strong>:&nbsp;Contra a arbitrariedade -Solidariedade\/Against arbitrariness.&nbsp;Brandenburger Tor, Pariser Platz, 17h \u00e0s 19h <a href=\"https:\/\/www.facebook.com\/events\/1529585930494423\/\" target=\"_blank\" rel=\"noopener noreferrer\">https:\/\/www.facebook.com\/events\/1529585930494423\/<\/a><\/p>\n<p>24\/01\/18 &#8211; <strong>Genebra<\/strong>: Elei\u00e7\u00e3o sem Lula \u00e9 fraude! a partir das 11:30 em frente ao pr\u00e9dio da <strong>ONU<\/strong>.<\/p>\n<p>24\/01\/18 , <strong>New York<\/strong>: Brazil: LULA is innocent &#8211; Flash Mob #standwithLula,&nbsp;A message to Brazil.&nbsp;Defend Democracy in Brazil, various locations all over NYC: 14-17hs<br><a href=\"https:\/\/www.facebook.com\/defenddemocracyinbrazil\/\" target=\"_blank\" rel=\"noopener noreferrer\">https:\/\/www.facebook.com\/defenddemocracyinbrazil\/<\/a><\/p>\n<p>24\/01\/18. <strong>Copenhague<\/strong>: Pela democracia, contra o golpe e um julgamento justo para Lula. 15h, Embaixada do Brasil em Copenhague, Jens Kofods Gade 1, st th, 1268 Copenhagen &#8211; <a href=\"https:\/\/www.facebook.com\/events\/390643358027642\/\" target=\"_blank\" rel=\"noopener noreferrer\">https:\/\/www.facebook.com\/events\/390643358027642\/<\/a><\/p>\n<p>24\/01\/18 <strong>Coimbra<\/strong>:&nbsp;Ato em Defesa da Democracia no Brasil. Escadas Monumentais, 11h <a href=\"https:\/\/www.facebook.com\/events\/1120175938134329\" target=\"_blank\" rel=\"noopener noreferrer\">&nbsp;https:\/\/www.facebook.com\/events\/1120175938134329<\/a><\/p>\n<p>21\/01 \u00e0 24\/01 &#8211;&nbsp;<strong>Vig\u00edlia virtual em apoio \u00e0 Lula:<\/strong><br>Vig\u00edlia virtual da FIBRA-Frente Internacional Brasileiros no Mundo Contra o Golpe em apoio \u00e0 Lula. Enviem um v\u00eddeo dos atos de seu coletivo ou um v\u00eddeo pessoal em apoio \u00e0 Lula para o link abaixo. N\u00e3o esque\u00e7am de informar sua cidade e pa\u00eds onde mora. Gravem os v\u00eddeos se poss\u00edvel em locais p\u00fablicos, vamos mostrar que as Brasileiras e Brasileiros no Mundo s\u00e3o contra o golpe e apoiam Lula!<br><a href=\"https:\/\/www.facebook.com\/events\/160184887947362\/\" target=\"_blank\" rel=\"noopener noreferrer\">https:\/\/www.facebook.com\/events\/160184887947362\/<\/a><\/p>\n<p>Para incluir o ato de sua cidade, envie os detalhes pelo grupo: <a href=\"https:\/\/www.facebook.com\/groups\/BrasileirosnoMundoContraoGolpe\/\" target=\"_blank\" rel=\"noopener noreferrer\">https:\/\/www.facebook.com\/groups\/BrasileirosnoMundoContraoGolpe\/<\/a><\/p>\n<p><strong>TODOS OS ATOS J\u00c1 REALIZADOS: (REFER\u00caNCIA)<\/strong><\/p>\n<p><strong>1o Encontro Internacional pela Democracia e Contra o Golpe<\/strong> &#8211; Amsterd\u00e3 &#8211; 27 a 29 de janeiro de 2017<\/p>\n<p>Em 2016 formamos uma rede de brasileiros no exterior pra mostrar nosso rep\u00fadio contra o golpe que se aproximava. Da nossa mobiliza\u00e7\u00e3o surgiram v\u00e1rias ideias, amizades e disposi\u00e7\u00e3o de continuarmos lutando por um Brasil mais justo, democr\u00e1tico e inclusivo. Nos reunimos em 2017 no \u00faltimo fim de semana de janeiro em Amsterd\u00e3 para debater os resultados de nossas a\u00e7\u00f5es, planejar as pr\u00f3ximas, e socializar. A repercuss\u00e3o do nosso encontro no Brasil foi extremamente positiva!<\/p>\n<p>Hist\u00f3rico dos atos j\u00e1 realizados (a partir de junho &nbsp;de 2016):<\/p>\n<p>06\/06 &#8211;&nbsp;Genebra &#8211;&nbsp;<a href=\"https:\/\/www.facebook.com\/events\/627298777423293\/\">https:\/\/www.facebook.com\/events\/627298777423293\/<\/a><\/p>\n<p>08\/06 &#8211;&nbsp;Bologna &#8211;&nbsp;<a href=\"https:\/\/www.facebook.com\/events\/1368811459799601\/\">https:\/\/www.facebook.com\/events\/1368811459799601\/<\/a><\/p>\n<p>08\/06 &#8211; Buenos Aires &#8211;&nbsp;<a href=\"https:\/\/www.facebook.com\/events\/711271312346053\/\">https:\/\/www.facebook.com\/events\/711271312346053\/<\/a><\/p>\n<p>10\/06 &#8211; Frankfurt &#8211;&nbsp;<a href=\"https:\/\/www.facebook.com\/events\/1722826497975553\/\">https:\/\/www.facebook.com\/events\/1722826497975553\/<\/a><\/p>\n<p>10\/06 &#8211;&nbsp;Barcelona &#8211;&nbsp;<a href=\"https:\/\/www.facebook.com\/events\/249050085467267\/\">https:\/\/www.facebook.com\/events\/249050085467267\/<\/a><\/p>\n<p>10\/06 &#8211;&nbsp;Berlim &#8211;&nbsp;<a href=\"https:\/\/www.facebook.com\/events\/366622553461377\/\">https:\/\/www.facebook.com\/events\/366622553461377\/<\/a><\/p>\n<p>10\/06 &#8211;&nbsp;Boston &#8211;&nbsp;<a href=\"https:\/\/www.facebook.com\/events\/1733854830218312\/\">https:\/\/www.facebook.com\/events\/1733854830218312\/<\/a><\/p>\n<p>10\/06 &#8211; Col\u00f4nia &#8211;&nbsp;<a href=\"https:\/\/www.facebook.com\/events\/861820707256430\/\">https:\/\/www.facebook.com\/events\/861820707256430\/<\/a><\/p>\n<p>10\/06 &#8211;&nbsp;Nova York &#8211;&nbsp;<a href=\"https:\/\/www.facebook.com\/events\/228695874181038\/\">https:\/\/www.facebook.com\/events\/228695874181038\/<\/a><\/p>\n<p>10\/06 &#8211;&nbsp;Lisboa &#8211;&nbsp;<a href=\"https:\/\/www.facebook.com\/events\/1705298239725562\/\">https:\/\/www.facebook.com\/events\/1705298239725562\/<\/a><\/p>\n<p>10\/06 &#8211; Paris-&nbsp;<a href=\"https:\/\/www.facebook.com\/events\/277210205963382\/\">https:\/\/www.facebook.com\/events\/277210205963382\/<br><\/a><\/p>\n<p>10\/06 &#8211; Montreal &#8211; <a href=\"https:\/\/www.facebook.com\/events\/504379656417350\/?ti=icl\">https:\/\/www.facebook.com\/events\/504379656417350\/<\/a><\/p>\n<p>10\/06 &#8211;&nbsp;Munique &#8211;&nbsp;<a href=\"https:\/\/www.facebook.com\/events\/1539978376308561\/\">https:\/\/www.facebook.com\/events\/1539978376308561\/<\/a><\/p>\n<p>10\/06 &#8211;&nbsp;Amsterd\u00e3 &#8211;&nbsp;<a href=\"https:\/\/www.facebook.com\/events\/641643589323500\/\">https:\/\/www.facebook.com\/events\/641643589323500\/<\/a><\/p>\n<p>10\/06 &#8211;&nbsp;S\u00e3o Francisco &#8211; Divulga\u00e7\u00e3o de v\u00eddeos contra o golpe<\/p>\n<p>10\/06 &#8211; Montevid\u00e9u &#8211;&nbsp;<a href=\"https:\/\/www.facebook.com\/events\/1555203944783004\/\">https:\/\/www.facebook.com\/events\/1555203944783004\/<\/a><\/p>\n<p>10\/06 &#8211; &nbsp;Coimbra &#8211;&nbsp;<a href=\"https:\/\/www.facebook.com\/events\/996470617116021\/\">https:\/\/www.facebook.com\/events\/996470617116021\/<\/a><\/p>\n<p>11\/06 &#8211;&nbsp;Londres &#8211;&nbsp;<a href=\"https:\/\/www.facebook.com\/events\/1557023924601404\/\">https:\/\/www.facebook.com\/events\/1557023924601404\/<\/a><\/p>\n<p>11\/06 &#8211; Cidade do M\u00e9xico &#8211;&nbsp;<a href=\"https:\/\/www.facebook.com\/events\/1240985442620205\/\">https:\/\/www.facebook.com\/events\/1240985442620205\/<\/a><\/p>\n<p>12\/06 &#8211; Bruxelas &#8211;&nbsp;<a href=\"https:\/\/www.facebook.com\/events\/187832784950367\/\">https:\/\/www.facebook.com\/events\/187832784950367\/<\/a><\/p>\n<p>12\/06 &#8211; Frankfurt &#8211;&nbsp;<a href=\"https:\/\/www.facebook.com\/events\/1812775718957065\/\">https:\/\/www.facebook.com\/events\/1812775718957065\/<\/a><\/p>\n<p>12\/06 &#8211; Madri &#8211;&nbsp;<a href=\"https:\/\/www.facebook.com\/events\/1061040083984688\/\">https:\/\/www.facebook.com\/events\/1061040083984688\/<\/a><\/p>\n<p>12\/06 &#8211; Santiago do Chile &#8211;&nbsp;<a href=\"https:\/\/www.facebook.com\/events\/1188198974537056\/\">https:\/\/www.facebook.com\/events\/1188198974537056\/<\/a><\/p>\n<p>12\/06- Amsterd\u00e3 &#8211;&nbsp;<a href=\"https:\/\/www.facebook.com\/events\/522938627898488\/\">https:\/\/www.facebook.com\/events\/522938627898488\/<\/a><\/p>\n<p>14\/06 &#8211; Montpellier &#8211;&nbsp;<a href=\"http:\/\/www.cdtm34.org\/spip.php?article77&amp;id_evenement=24\">http:\/\/www.cdtm34.org\/spip.php?article77&amp;id_evenement=24<\/a><\/p>\n<p>15\/06 &#8211; Copenhague&nbsp;&#8211;&nbsp;<a href=\"https:\/\/www.facebook.com\/events\/570019399826249\/\">https:\/\/www.facebook.com\/events\/570019399826249\/<\/a><\/p>\n<p>15\/06 &#8211; Genebra &#8211;&nbsp;<a href=\"https:\/\/www.facebook.com\/events\/140012236404985\/\">https:\/\/www.facebook.com\/events\/140012236404985\/<\/a><\/p>\n<p>15\/06 &#8211; Coimbra- Evento sobre resist\u00eancia dos movimentos sociais.&nbsp;<a href=\"http:\/\/www.ces.uc.pt\/eventos\/index.php?id=14106&amp;id_lingua=1\">http:\/\/www.ces.uc.pt\/eventos\/index.php?id=14106&amp;id_lingua=1<\/a><\/p>\n<p>15\/06 &#8211; Londres-&nbsp;<a href=\"https:\/\/www.facebook.com\/events\/623486491142528\/\">https:\/\/www.facebook.com\/events\/623486491142528\/<\/a><\/p>\n<p>15\/06 &#8211; Hamburgo-&nbsp;<a href=\"https:\/\/www.facebook.com\/events\/1703732223226740\/\">https:\/\/www.facebook.com\/events\/1703732223226740\/<\/a><\/p>\n<p>16\/06 &#8211; Estocolmo &#8211;&nbsp;<a href=\"https:\/\/www.facebook.com\/events\/1733587746880793\/\">https:\/\/www.facebook.com\/events\/1733587746880793\/<\/a><\/p>\n<p>16\/06 &#8211; Barcelona &#8211; Debate sobre o Brasil-&nbsp;<a href=\"https:\/\/beersandworld.com\/\">https:\/\/beersandworld.com\/&nbsp;<\/a><\/p>\n<p>16\/06 &#8211; Berlim-&nbsp;<a href=\"https:\/\/www.facebook.com\/events\/1769359796678134\/\">https:\/\/www.facebook.com\/events\/1769359796678134\/<\/a><\/p>\n<p>21\/06 Lyon (Fran\u00e7a): Musique pour la d\u00e9mocratie (titre provisoire) &#8211;&gt; RDV \u00e0 21h, Place Saint Paul, Lyon 5.<\/p>\n<p>24\/06 &#8211; D\u00e9bat \u201c<a class=\"_58cn\" href=\"https:\/\/www.facebook.com\/hashtag\/foratemer?hc_location=ufi\" target=\"_blank\" rel=\"noopener noreferrer\"><span class=\"_58cl\">#<\/span><span class=\"_58cm\">ForaTemer<\/span><\/a>&#8230; et apr\u00e8s? &#8211; Quelles solutions pour la crise br\u00e9silienne?\u201d (titre provisoire)&nbsp;&#8211;&gt; RDV \u00e0 19h, bar \u201cDe l\u2019autre c\u00f4t\u00e9 du pont\u201d, 25 Cours Gambetta, Lyon 3.<\/p>\n<p>25\/06 &#8211; Amsterd\u00e3- Arrai\u00e1 pela Democracia &#8211;&nbsp;<a href=\"https:\/\/www.facebook.com\/events\/306781706348767\/\">https:\/\/www.facebook.com\/events\/306781706348767\/<\/a><\/p>\n<p>25\/06 &#8211; London &#8211;&nbsp;<a href=\"https:\/\/www.facebook.com\/events\/536057579914404\/\">https:\/\/www.facebook.com\/events\/536057579914404\/<\/a><\/p>\n<p>26\/06 &#8211; Roma &#8211;&nbsp;<a href=\"https:\/\/www.facebook.com\/events\/1035099959915673\/\">https:\/\/www.facebook.com\/events\/1035099959915673\/<\/a><\/p>\n<p>26\/06 &#8211; Bologna &#8211;&nbsp;<a href=\"https:\/\/www.facebook.com\/events\/134868510267997\/\">https:\/\/www.facebook.com\/events\/134868510267997\/<\/a><\/p>\n<p>26\/06 &#8211; San Francisco &#8211;&nbsp;<a href=\"https:\/\/www.facebook.com\/events\/261607087537569\">https:\/\/www.facebook.com\/events\/261607087537569<\/a><\/p>\n<p>26\/06 &#8211; NY &#8211;&nbsp;<a href=\"https:\/\/www.facebook.com\/events\/1722860951309344\/\">https:\/\/www.facebook.com\/events\/1722860951309344\/<\/a><\/p>\n<p>27\/06 &#8211; Hamburgo &#8211;&nbsp;<a href=\"https:\/\/www.facebook.com\/events\/1736609183287620\/\">https:\/\/www.facebook.com\/events\/1736609183287620\/<\/a><\/p>\n<p>27\/06 &#8211; Montreal &#8211;&nbsp;<a href=\"https:\/\/www.facebook.com\/events\/253597341685533\/\">https:\/\/www.facebook.com\/events\/253597341685533\/<\/a><\/p>\n<p>01\/07 &#8211; Paris &#8211;&nbsp;<a href=\"https:\/\/www.facebook.com\/events\/1648335832157057\/\">https:\/\/www.facebook.com\/events\/1648335832157057\/<\/a><\/p>\n<p>4\/07 -Paris &#8211; <a href=\"https:\/\/www.facebook.com\/photo.php?fbid=1110092759054820&amp;set=a.194087147322057.50696.100001623183468&amp;type=3\">https:\/\/www.facebook.com\/photo.php?fbid=1110092759054820&amp;set=a.194087147322057.50696.100001623183468&amp;type=3<\/a><\/p>\n<p>At\u00e9 01\/07 &#8211; Campanha de coleta de v\u00eddeos contra o golpe &#8211;&nbsp;<a href=\"https:\/\/www.facebook.com\/events\/1557137191256677\">https:\/\/www.facebook.com\/events\/1557137191256677<\/a><\/p>\n<p>5\/07 &#8211; Lyon &#8211;&nbsp;<a href=\"https:\/\/www.facebook.com\/events\/269627126734455\/\">https:\/\/www.facebook.com\/events\/269627126734455\/<\/a><\/p>\n<p>8\/07 &#8211; Zurique &#8211;&nbsp;<a href=\"https:\/\/www.facebook.com\/events\/1630095763974460\/\">https:\/\/www.facebook.com\/events\/1630095763974460\/<\/a><\/p>\n<p>11\/07 &#8211; Hamburgo &#8211; <a href=\"https:\/\/www.facebook.com\/events\/155903808155319\/\">https:\/\/www.facebook.com\/events\/155903808155319\/<\/a><\/p>\n<p>At\u00e9 01\/07 &#8211; Campanha de coleta de v\u00eddeos contra o golpe &#8211;&nbsp;<a href=\"https:\/\/www.facebook.com\/events\/1557137191256677\">https:\/\/www.facebook.com\/events\/1557137191256677<\/a><\/p>\n<p>5\/07 &#8211; Lyon &#8211;&nbsp;<a href=\"https:\/\/www.facebook.com\/events\/269627126734455\/\">https:\/\/www.facebook.com\/events\/269627126734455\/<\/a><\/p>\n<p>8\/07 &#8211; Zurique &#8211;&nbsp;<a href=\"https:\/\/www.facebook.com\/events\/1630095763974460\/\">https:\/\/www.facebook.com\/events\/1630095763974460\/<\/a><\/p>\n<p>11\/07 &#8211; Hamburgo &#8211; <a href=\"https:\/\/www.facebook.com\/events\/155903808155319\/\">https:\/\/www.facebook.com\/events\/155903808155319\/<\/a><\/p>\n<p>Coleta de doac\u00f5es para a campanha de Dilma contra o golpe &#8211; Jornada pela Democracia &#8211; Todos por Dilma&nbsp;<a href=\"http:\/\/catarse.me\/dilma\">http:\/\/catarse.me\/dilma<\/a><\/p>\n<p>15\/07 &#8211; Buenos Aires &#8211; 65 d\u00edas de golpe: Aqu\u00ed y all\u00e1, la lucha seguir\u00e1! &#8211;&nbsp;https:\/\/www.facebook.com\/events\/1801948146695229\/<\/p>\n<p>17\/07 &#8211; Paris &#8211;&nbsp;<a href=\"https:\/\/www.facebook.com\/events\/1020462181372059\/\">https:\/\/www.facebook.com\/events\/1020462181372059\/<\/a><\/p>\n<p>19 e 20\/07 -Rio &#8211; Tribunal Internacional pela democracia no Brasil &#8211;&nbsp;<a href=\"https:\/\/www.facebook.com\/photo.php?fbid=980509662061867&amp;set=a.138786759567499.27138.100003085272944&amp;type=3\">https:\/\/www.facebook.com\/photo.php?fbid=980509662061867&amp;set=a.138786759567499.27138.100003085272944&amp;type=3<\/a><\/p>\n<p>31\/07 &#8211; Barcelona &#8211;&nbsp;<a href=\"https:\/\/www.facebook.com\/events\/1649804565346733\/\">https:\/\/www.facebook.com\/events\/1649804565346733\/<\/a><\/p>\n<p>31\/07 &#8211; Madri &#8211;&nbsp;<a href=\"https:\/\/www.facebook.com\/events\/629625727202724\/\">https:\/\/www.facebook.com\/events\/629625727202724\/<\/a><\/p>\n<p>31\/07 &#8211; Amsterd\u00e3 &#8211;&nbsp;<a href=\"https:\/\/www.facebook.com\/events\/1509775445708408\/\">https:\/\/www.facebook.com\/events\/1509775445708408\/<\/a><\/p>\n<p>31\/07 &#8211; S\u00e3o Francisco &#8211;&nbsp;<a href=\"https:\/\/www.facebook.com\/events\/941851719258891\/\">https:\/\/www.facebook.com\/events\/941851719258891\/<\/a><\/p>\n<p>31\/07 &#8211; &nbsp;Washington DC &#8211;&nbsp;<a href=\"https:\/\/www.facebook.com\/events\/849596538503580\/\">https:\/\/www.facebook.com\/events\/849596538503580\/<\/a><\/p>\n<p>31\/07 &#8211; &nbsp;Los Angeles &#8211; Publica\u00e7\u00e3o de Manisfesto contra o Golpe<\/p>\n<p>31\/07 &#8211; Toronto &#8211;&nbsp;<a href=\"https:\/\/www.facebook.com\/events\/173844123029824\/\">https:\/\/www.facebook.com\/events\/173844123029824\/<\/a><\/p>\n<p>31\/07 &#8211; New York &#8211;&nbsp;<a href=\"https:\/\/www.facebook.com\/events\/584164205078717\/#\">https:\/\/www.facebook.com\/events\/584164205078717\/#<\/a><\/p>\n<p>31\/07 &#8211; Santiago ( Chile) &#8211;&nbsp;<a href=\"https:\/\/www.facebook.com\/events\/837773823026271\/\">https:\/\/www.facebook.com\/events\/837773823026271\/<\/a><\/p>\n<p>31\/07 &#8211; Braga &#8211;&nbsp;<a href=\"https:\/\/www.facebook.com\/events\/276866826009671\/\">https:\/\/www.facebook.com\/events\/276866826009671\/<\/a><\/p>\n<p>31\/07 &#8211; Lisboa &#8211;&nbsp;<a href=\"https:\/\/www.facebook.com\/events\/1723150184614439\/\">https:\/\/www.facebook.com\/events\/1723150184614439\/<\/a><\/p>\n<p>31\/07 &#8211; Paris &#8211;&nbsp;<a href=\"https:\/\/www.facebook.com\/events\/303113840039447\/?notif_t=event_calendar_create&amp;notif_id=1469784858548528\">https:\/\/www.facebook.com\/events\/303113840039447\/?notif_t=event_calendar_create&amp;notif_id=1469784858548528<\/a><\/p>\n<p>31\/07 &#8211; Bologna &#8211;&nbsp;<a href=\"https:\/\/www.facebook.com\/events\/1118213211577810\/?notif_t=plan_user_invited&amp;notif_id=1469724215830264\">https:\/\/www.facebook.com\/events\/1118213211577810\/?notif_t=plan_user_invited&amp;notif_id=1469724215830264<\/a><\/p>\n<p>31\/07 &#8211; Berlim &#8211;&nbsp;<a href=\"https:\/\/www.facebook.com\/events\/1774527232818637\/\">https:\/\/www.facebook.com\/events\/1774527232818637\/<\/a><\/p>\n<p>31\/07 &#8211; Dublin &#8211;&nbsp;<a href=\"https:\/\/www.facebook.com\/events\/111261962646847\/\">https:\/\/www.facebook.com\/events\/111261962646847\/<\/a><\/p>\n<p>31\/07 &#8211; Leipzig &#8211;&nbsp;<a href=\"https:\/\/www.facebook.com\/events\/1636196436709075\/\">https:\/\/www.facebook.com\/events\/1636196436709075\/<\/a><\/p>\n<p>31\/07 &#8211; Londres &#8211;&nbsp;<a href=\"https:\/\/www.facebook.com\/events\/1765756400348044\/\">https:\/\/www.facebook.com\/events\/1765756400348044\/<\/a><\/p>\n<p>31\/07 &#8211; Frankfurt &#8211;&nbsp;<a href=\"https:\/\/www.facebook.com\/events\/584164205078717\/#\">https:\/\/www.facebook.com\/events\/584164205078717\/#<\/a><\/p>\n<p>31\/07 &#8211; Porto &#8211;&nbsp;<a href=\"https:\/\/www.facebook.com\/events\/527020854148365\/\">https:\/\/www.facebook.com\/events\/527020854148365\/<\/a><\/p>\n<p>31\/07 &#8211; Viena &#8211;&nbsp;Enfrente \u00e0 resid\u00eancia do Embaixador &nbsp;\u00e0s 17 horas<\/p>\n<p>25\/08 &#8211;&nbsp;Twitta\u00e7o #senadovotenao<\/p>\n<p>25\/08 &#8211; Divulga\u00e7\u00e3o da carta aos senadores brasileiros<\/p>\n<p>25\/08 &#8211; &nbsp;Londres-&nbsp;<a href=\"https:\/\/www.facebook.com\/events\/575986492603984\/\">https:\/\/www.facebook.com\/events\/575986492603984\/<\/a><\/p>\n<p>26 a 30 de agosto &#8211; Twitta\u00e7o ampliado&nbsp;&nbsp;#senadovotenao<\/p>\n<p>26\/08 &#8211; Berlim &#8211;&nbsp;<a href=\"https:\/\/www.facebook.com\/events\/1665786760347767\/\">https:\/\/www.facebook.com\/events\/1665786760347767\/<\/a><\/p>\n<p>26\/08 &#8211; Uruguay &#8211;&nbsp;<a href=\"https:\/\/www.facebook.com\/events\/614268942086521\/\">https:\/\/www.facebook.com\/events\/614268942086521\/<\/a><\/p>\n<p>26\/08 &#8211; Amsterd\u00e3&nbsp;&#8211;&nbsp;<a href=\"https:\/\/www.facebook.com\/events\/1760270287586580\/\">https:\/\/www.facebook.com\/events\/1760270287586580\/<\/a><\/p>\n<p>27\/08 &#8211; Austr\u00e1lia-&nbsp;<a href=\"https:\/\/www.facebook.com\/events\/190063998076906\/\">https:\/\/www.facebook.com\/events\/190063998076906\/<\/a><\/p>\n<p>27\/08 &#8211; Montpellier &#8211;&nbsp;<a href=\"https:\/\/www.facebook.com\/events\/1111295502293578\/?notif_t=plan_user_invited&amp;notif_id=1472160104718923\">https:\/\/www.facebook.com\/events\/1111295502293578\/?notif_t=plan_user_invited&amp;notif_id=1472160104718923<\/a><\/p>\n<p>27\/08 &#8211; Toronto&nbsp;&#8211;&nbsp;<a href=\"https:\/\/www.facebook.com\/events\/584164205078717\/#\">https:\/\/www.facebook.com\/events\/584164205078717\/#<\/a><\/p>\n<p>27\/08 &#8211; Santiago do Chile &#8211;&nbsp;<a href=\"https:\/\/www.facebook.com\/events\/275968956119799\/\">https:\/\/www.facebook.com\/events\/275968956119799\/<\/a><\/p>\n<p>28\/08 &#8211; Barcelona &#8211;&nbsp;<a href=\"https:\/\/www.facebook.com\/events\/1190424937666136\/\">https:\/\/www.facebook.com\/events\/1190424937666136\/<\/a><\/p>\n<p>28\/08 &#8211; USA&nbsp;East Coast &#8211;&nbsp;<a href=\"https:\/\/www.facebook.com\/events\/1732072523721699\/\">https:\/\/www.facebook.com\/events\/1732072523721699\/<\/a><\/p>\n<p>28\/08 &#8211; Buenos Aires &#8211;&nbsp;<a href=\"https:\/\/www.facebook.com\/events\/1065124126876739\/\">https:\/\/www.facebook.com\/events\/1065124126876739\/<\/a><\/p>\n<p>28\/08- &nbsp; Cidade do M\u00e9xico &#8211;&nbsp;<a href=\"https:\/\/www.facebook.com\/events\/1279947108706870\/\">https:\/\/www.facebook.com\/events\/1279947108706870\/<\/a><\/p>\n<p>29\/08 &#8211; Leipzig &#8211;&nbsp;<a href=\"https:\/\/www.facebook.com\/events\/1746769542259707\/\">https:\/\/www.facebook.com\/events\/1746769542259707\/<\/a><\/p>\n<p>29\/08 &#8211; Barcelona &#8211;&nbsp;<a href=\"https:\/\/www.facebook.com\/events\/638077806374730\/\">https:\/\/www.facebook.com\/events\/638077806374730\/<\/a><\/p>\n<p>29\/08 &#8211; Londres &#8211;&nbsp;<a href=\"https:\/\/www.facebook.com\/events\/529623833899170\/\">https:\/\/www.facebook.com\/events\/529623833899170\/<\/a><\/p>\n<p>29\/08 &#8211; Dublin &#8211;&nbsp;<a href=\"https:\/\/www.facebook.com\/events\/1776217259287604\/1776229002619763\/?notif_t=like&amp;notif_id=1472461045631824\">https:\/\/www.facebook.com\/events\/1776217259287604\/1776229002619763\/?notif_t=like&amp;notif_id=1472461045631824<\/a><\/p>\n<p>31\/08 &#8211; New York &#8211;&nbsp;<a href=\"https:\/\/www.facebook.com\/events\/335390880132337\/\">https:\/\/www.facebook.com\/events\/335390880132337\/<\/a><\/p>\n<p>31\/08 &#8211; &nbsp;Buenos Aires &#8211;&nbsp;<a href=\"https:\/\/www.facebook.com\/events\/689514987866518\/\">https:\/\/www.facebook.com\/events\/689514987866518\/<\/a><\/p>\n<p>01\/09 &#8211; Paris &#8211;&nbsp;<a href=\"https:\/\/www.facebook.com\/events\/1644932869150566\/\">https:\/\/www.facebook.com\/events\/1644932869150566\/<\/a><\/p>\n<p>02\/09 &#8211; Lisboa &#8211;&nbsp;<a href=\"https:\/\/www.facebook.com\/events\/522105697977317\/\">https:\/\/www.facebook.com\/events\/522105697977317\/<\/a><\/p>\n<p>02\/09 &#8211; Paris &#8211;&nbsp;Ato &nbsp;fora Temer! no show Caetano apresenta&nbsp;Teresa Cristina<\/p>\n<p>04\/09 &#8211; Frankfurt &#8211;&nbsp;<a href=\"https:\/\/www.facebook.com\/events\/1157598277612224\/\">https:\/\/www.facebook.com\/events\/1157598277612224\/<\/a><\/p>\n<p>04\/09 &#8211; Nova York &#8211;&nbsp;<a href=\"https:\/\/www.facebook.com\/events\/176252489468213\/\">https:\/\/www.facebook.com\/events\/176252489468213\/<\/a><\/p>\n<p>07\/09 &#8211; Berlim &#8211;&nbsp;<a href=\"https:\/\/www.facebook.com\/events\/1828284294069170\/\">https:\/\/www.facebook.com\/events\/1828284294069170\/<\/a><\/p>\n<p>07\/09 &#8211; &nbsp;Dublin &#8211;&nbsp;<a href=\"https:\/\/www.facebook.com\/events\/1741608366092310\/\">https:\/\/www.facebook.com\/events\/1741608366092310\/<\/a><\/p>\n<p>07\/09 &#8211; Madri &#8211;&nbsp;<a href=\"https:\/\/www.facebook.com\/events\/294086257617039\/\">https:\/\/www.facebook.com\/events\/294086257617039\/<\/a><\/p>\n<p>07\/09 &#8211; Montreal &#8211;&nbsp;<a href=\"https:\/\/www.facebook.com\/events\/333026377033848\/\">https:\/\/www.facebook.com\/events\/333026377033848\/<\/a><\/p>\n<p>07\/09 &#8211; Frankfurt &#8211;&nbsp;<a href=\"https:\/\/www.facebook.com\/events\/1610691899224225\/\">https:\/\/www.facebook.com\/events\/1610691899224225\/<\/a><\/p>\n<p>07\/09 &#8211; Buenos Aires &#8211;&nbsp;<a href=\"https:\/\/www.facebook.com\/events\/286184891760316\/\">https:\/\/www.facebook.com\/events\/286184891760316\/<\/a><\/p>\n<p>07\/09 &#8211; Col\u00f4nia &#8211;&nbsp;<a href=\"https:\/\/www.facebook.com\/events\/136669920119173\/\">https:\/\/www.facebook.com\/events\/136669920119173\/<\/a><\/p>\n<p>09\/09 &#8211; Oslo &#8211;&nbsp;<a href=\"https:\/\/www.facebook.com\/events\/593666614137598\/permalink\/594191797418413\/\">https:\/\/www.facebook.com\/events\/593666614137598\/permalink\/594191797418413\/<\/a><\/p>\n<p>10\/09 &#8211; Barcelona &#8211;&nbsp;<a href=\"https:\/\/www.facebook.com\/events\/1734143170179814\/\">https:\/\/www.facebook.com\/events\/1734143170179814\/&nbsp;<\/a><\/p>\n<p>10\/09 &#8211; Paris &#8211; Debate&nbsp;com dirigentes do MST durante a&nbsp;F\u00eate de l&#8217;Humanit\u00e9. Hor\u00e1rio:&nbsp;&nbsp;14:00 horas<\/p>\n<div>11\/09&nbsp;&nbsp;Paris &#8211; Os&nbsp;organizadores da F\u00eate de l&#8217;Humanit\u00e9 chamam para <a href=\"http:\/\/fete.humanite.fr\/Le-Village-du-monde\" target=\"_blank\" rel=\"noopener noreferrer\">um debate<\/a>&nbsp;com participa\u00e7\u00e3o de:<\/div>\n<div>\n<ul>\n<li>Laurence Cohen (Senadora, PCF)<\/li>\n<li>Iole Iliada Lopes (vice-presidente da Funda\u00e7\u00e3o Perseu Abramo)<\/li>\n<li>Jos\u00e9 Reinaldo Carvalho (respons\u00e1vel RI do PCdoB)<\/li>\n<li>Ana Ch\u00e3 (respons\u00e1vel representante do MST)<\/li>\n<\/ul>\n<\/div>\n<p>11\/09 &#8211; Boston &#8211;&nbsp;<a href=\"https:\/\/www.facebook.com\/events\/499799330210394\/\">https:\/\/www.facebook.com\/events\/499799330210394\/<\/a><\/p>\n<p>11\/09 &#8211; Amsterd\u00e3 &#8211;&nbsp;<a href=\"https:\/\/www.facebook.com\/events\/1711927895726222\/\">https:\/\/www.facebook.com\/events\/1711927895726222\/<\/a><\/p>\n<p>11\/09 &#8211; Genebra &#8211;&nbsp;<a href=\"https:\/\/www.facebook.com\/events\/651965188298727\/\">https:\/\/www.facebook.com\/events\/651965188298727\/<\/a><\/p>\n<p>11\/09 &#8211; Lyon &#8211;&nbsp;<a href=\"https:\/\/www.facebook.com\/events\/1637478789875500\/\">https:\/\/www.facebook.com\/events\/1637478789875500\/<\/a><\/p>\n<p>15\/09 &#8211; Roma &#8211;&nbsp;<a href=\"https:\/\/www.facebook.com\/events\/1684364281854963\/\">https:\/\/www.facebook.com\/events\/1684364281854963\/<\/a><\/p>\n<p>18\/09 &#8211; San Diego &#8211;&nbsp;<a href=\"https:\/\/www.facebook.com\/events\/837313603071878\/\">https:\/\/www.facebook.com\/events\/837313603071878\/<\/a><\/p>\n<p>24\/09 &#8211; Paris &#8211;&nbsp;<a href=\"https:\/\/www.facebook.com\/events\/1776543969271695\/\">https:\/\/www.facebook.com\/events\/1776543969271695\/<\/a><\/p>\n<p>25\/09 &#8211; Amsterd\u00e3 &#8211;&nbsp;<a href=\"https:\/\/www.facebook.com\/events\/938835259596495\/\">https:\/\/www.facebook.com\/events\/938835259596495\/<\/a><\/p>\n<p>12\/10 &#8211; Paris &#8211;<a href=\"https:\/\/www.facebook.com\/events\/136954043423465\/\">&nbsp;https:\/\/www.facebook.com\/events\/136954043423465\/<\/a><\/p>\n<p>13\/10 &#8211; Nova York &#8211;&nbsp;<a href=\"https:\/\/www.facebook.com\/events\/1777168025896832\/\">https:\/\/www.facebook.com\/events\/1777168025896832\/<\/a><\/p>\n<p>21\/10 &#8211; Berlim &#8211;&nbsp;<a href=\"https:\/\/www.facebook.com\/events\/1126493347437450\/\">https:\/\/www.facebook.com\/events\/1126493347437450\/<\/a><\/p>\n<p>30\/10 &#8211; Lisboa &#8211;&nbsp;<a href=\"https:\/\/www.facebook.com\/events\/1701238776862320\/\">https:\/\/www.facebook.com\/events\/1701238776862320\/<\/a><\/p>\n<p>05\/11 &#8211; Paris &#8211;&nbsp;<a href=\"https:\/\/www.facebook.com\/events\/383602485305122\/\">https:\/\/www.facebook.com\/events\/383602485305122\/<\/a><\/p>\n<p>09\/11 &#8211; Estocolmo &#8211;&nbsp;<a href=\"https:\/\/www.facebook.com\/events\/592489514284767\/\">https:\/\/www.facebook.com\/events\/592489514284767\/<\/a><\/p>\n<p>09\/11 &#8211; Barcelona &#8211;&nbsp;<a href=\"https:\/\/www.facebook.com\/events\/818878278255327\/\">https:\/\/www.facebook.com\/events\/818878278255327\/<\/a><\/p>\n<p>09\/11 &#8211; Paris &#8211;&nbsp;<a href=\"https:\/\/www.facebook.com\/events\/193606594420263\/\">https:\/\/www.facebook.com\/events\/193606594420263\/<\/a><\/p>\n<p>10\/11 &#8211; Munique &#8211;&nbsp;<a href=\"https:\/\/www.facebook.com\/events\/1869248089965959\/\">https:\/\/www.facebook.com\/events\/1869248089965959\/<\/a><\/p>\n<p>10\/11 &#8211; Nova York &#8211;&nbsp;h<a href=\"https:\/\/www.facebook.com\/events\/1866749673557540\/\">ttps:\/\/www.facebook.com\/events\/1866749673557540\/<\/a><\/p>\n<p>11\/11 &#8211; Estocolmo &#8211;&nbsp;<a href=\"https:\/\/www.facebook.com\/events\/550658835127372\/\">https:\/\/www.facebook.com\/events\/550658835127372\/<\/a><\/p>\n<p>11\/11 &#8211; Coimbra &#8211;&nbsp;<a href=\"https:\/\/www.facebook.com\/events\/341333236228882\/\">https:\/\/www.facebook.com\/events\/341333236228882\/<\/a><\/p>\n<p>11\/11 &#8211; Oslo<\/p>\n<p>12\/11 &#8211; Lisboa &#8211;&nbsp;<a href=\"https:\/\/www.facebook.com\/events\/1813687248849209\/\">https:\/\/www.facebook.com\/events\/1813687248849209\/<\/a><\/p>\n<p>14\/11 &#8211; Paris &#8211;<a href=\"https:\/\/www.facebook.com\/events\/1134219110001695\/\">&nbsp;https:\/\/www.facebook.com\/events\/1134219110001695\/<\/a><\/p>\n<p>15\/11 &#8211; Frankfurt &#8211;<a href=\"https:\/\/www.facebook.com\/events\/550657345132083\/\">&nbsp;https:\/\/www.facebook.com\/events\/550657345132083\/<\/a><\/p>\n<p>15\/11 &#8211; Berlim &#8211;<a href=\"https:\/\/www.facebook.com\/events\/340186706343991\/\">&nbsp;https:\/\/www.facebook.com\/events\/340186706343991\/<\/a><\/p>\n<p>16\/11 &#8211; Estocolmo &#8211;&nbsp;<a href=\"https:\/\/www.facebook.com\/events\/358152647856227\/\">https:\/\/www.facebook.com\/events\/358152647856227\/<\/a><\/p>\n<p>https:\/\/fibrabrasil.wordpress.com\/agenda\/?preview_id=26&amp;preview_nonce=10e0312d4d&amp;preview=true20\/11 &#8211; Washington DC &#8211;&nbsp;<a href=\"https:\/\/www.facebook.com\/events\/1821215971488466\/\">https:\/\/www.facebook.com\/events\/1821215971488466\/<\/a><\/p>\n<p>21\/11 &#8211; Hamburgo &#8211;<a href=\"https:\/\/www.facebook.com\/events\/176023846191561\/\">&nbsp;https:\/\/www.facebook.com\/events\/176023846191561\/<\/a><\/p>\n<p>26\/11 &#8211; Frankfurt-<a href=\"https:\/\/www.facebook.com\/events\/1120300931352262\/\">&nbsp;https:\/\/www.facebook.com\/events\/1120300931352262\/<\/a><\/p>\n\n\n<p><\/p>\n","protected":false},"excerpt":{"rendered":"<p>Eventos mostrados no fuso hor\u00e1rio: Hor\u00e1rio da Europa Central &#8211; Amsterd\u00e3 2021 26\/outubro\/2021 &#8211; Lisboa (Portugal) A Faculdade de Medicina da Universidade de Lisboa manteve<\/p>\n","protected":false},"author":1,"featured_media":0,"parent":0,"menu_order":0,"comment_status":"closed","ping_status":"closed","template":"","meta":{"om_disable_all_campaigns":false,"_eb_attr":"","footnotes":""},"class_list":["post-26","page","type-page","status-publish","hentry","three-columns"],"aioseo_notices":[],"rttpg_featured_image_url":null,"rttpg_author":{"display_name":"FibraInternacional","author_link":"https:\/\/fibrainternacional.org\/?author=1"},"rttpg_comment":0,"rttpg_category":null,"rttpg_excerpt":"Eventos mostrados no fuso hor\u00e1rio: Hor\u00e1rio da Europa Central &#8211; Amsterd\u00e3 2021 26\/outubro\/2021 &#8211; Lisboa (Portugal) A Faculdade de Medicina da Universidade de Lisboa manteve","_links":{"self":[{"href":"https:\/\/fibrainternacional.org\/index.php?rest_route=\/wp\/v2\/pages\/26","targetHints":{"allow":["GET"]}}],"collection":[{"href":"https:\/\/fibrainternacional.org\/index.php?rest_route=\/wp\/v2\/pages"}],"about":[{"href":"https:\/\/fibrainternacional.org\/index.php?rest_route=\/wp\/v2\/types\/page"}],"author":[{"embeddable":true,"href":"https:\/\/fibrainternacional.org\/index.php?rest_route=\/wp\/v2\/users\/1"}],"replies":[{"embeddable":true,"href":"https:\/\/fibrainternacional.org\/index.php?rest_route=%2Fwp%2Fv2%2Fcomments&post=26"}],"version-history":[{"count":3,"href":"https:\/\/fibrainternacional.org\/index.php?rest_route=\/wp\/v2\/pages\/26\/revisions"}],"predecessor-version":[{"id":7211,"href":"https:\/\/fibrainternacional.org\/index.php?rest_route=\/wp\/v2\/pages\/26\/revisions\/7211"}],"wp:attachment":[{"href":"https:\/\/fibrainternacional.org\/index.php?rest_route=%2Fwp%2Fv2%2Fmedia&parent=26"}],"curies":[{"name":"wp","href":"https:\/\/api.w.org\/{rel}","templated":true}]}}