{"id":2961,"date":"2021-05-09T07:29:07","date_gmt":"2021-05-09T10:29:07","guid":{"rendered":"https:\/\/fibrabrasil.wordpress.com\/?page_id=2961"},"modified":"2021-05-09T07:29:07","modified_gmt":"2021-05-09T10:29:07","slug":"curso-militancia-internacional-aula-1","status":"publish","type":"page","link":"https:\/\/fibrainternacional.org\/?page_id=2961","title":{"rendered":"Curso Milit\u00e2ncia Internacional: Aula 1"},"content":{"rendered":"\n<div class=\"wp-block-image\"><figure class=\"alignright size-large is-resized\"><img decoding=\"async\" src=\"https:\/\/fibrabrasil.files.wordpress.com\/2021\/05\/screenshot-2021-05-07-at-14.26.14.png?w=1024\" alt=\"\" class=\"wp-image-2964\" width=\"265\" height=\"148\" \/><\/figure><\/div>\n\n\n\n<p><strong>Aula inaugural:<\/strong><\/p>\n\n\n\n<ul class=\"wp-block-list\"><li>Abertura e coment\u00e1rios: Juliana Senna (Coletivo Amsterd\u00e3 pela Democracia);<\/li><li>1a. parte com Jaime Amorim (Dire\u00e7\u00e3o Nacional do MST);<\/li><li>2a. parte com Caetano De&#8217;Carli (UFAPE, MST-PE);<\/li><li>\u00faltimos 20min. respostas e coment\u00e1rios \u00e0s perguntas feitas pelo chat (ao vivo).<\/li><\/ul>\n\n\n\n<figure class=\"wp-block-embed is-type-rich is-provider-youtube wp-block-embed-youtube wp-embed-aspect-16-9 wp-has-aspect-ratio\"><div class=\"wp-block-embed__wrapper\">\n<iframe title=\"Curso Milit\u00e2ncia Internacional Brasileira: forma\u00e7\u00e3o e conjuntura\" width=\"640\" height=\"360\" src=\"https:\/\/www.youtube.com\/embed\/GCXHNo7hWko?feature=oembed\" frameborder=\"0\" allow=\"accelerometer; autoplay; clipboard-write; encrypted-media; gyroscope; picture-in-picture; web-share\" referrerpolicy=\"strict-origin-when-cross-origin\" allowfullscreen><\/iframe>\n<\/div><\/figure>\n\n\n\n<p>Bibliografia Aula 1:<\/p>\n\n\n\n<div class=\"wp-block-file\"><a href=\"https:\/\/fibrabrasil.files.wordpress.com\/2021\/05\/aula-1-cartilha-classe-social-e-campesinato.pdf\">aula-1-cartilha-classe-social-e-campesinato<\/a><a href=\"https:\/\/fibrabrasil.files.wordpress.com\/2021\/05\/aula-1-cartilha-classe-social-e-campesinato.pdf\" class=\"wp-block-file__button\" download>Download<\/a><\/div>\n\n\n\n<p><\/p>\n","protected":false},"excerpt":{"rendered":"<p>Aula inaugural: Abertura e coment\u00e1rios: Juliana Senna (Coletivo Amsterd\u00e3 pela Democracia); 1a. parte com Jaime Amorim (Dire\u00e7\u00e3o Nacional do MST); 2a. parte com Caetano De&#8217;Carli<\/p>\n","protected":false},"author":1,"featured_media":2964,"parent":2153,"menu_order":0,"comment_status":"closed","ping_status":"closed","template":"","meta":{"om_disable_all_campaigns":false,"_eb_attr":"","footnotes":""},"class_list":["post-2961","page","type-page","status-publish","has-post-thumbnail","hentry","three-columns"],"aioseo_notices":[],"rttpg_featured_image_url":null,"rttpg_author":{"display_name":"FibraInternacional","author_link":"https:\/\/fibrainternacional.org\/?author=1"},"rttpg_comment":0,"rttpg_category":null,"rttpg_excerpt":"Aula inaugural: Abertura e coment\u00e1rios: Juliana Senna (Coletivo Amsterd\u00e3 pela Democracia); 1a. parte com Jaime Amorim (Dire\u00e7\u00e3o Nacional do MST); 2a. parte com Caetano De&#8217;Carli","_links":{"self":[{"href":"https:\/\/fibrainternacional.org\/index.php?rest_route=\/wp\/v2\/pages\/2961","targetHints":{"allow":["GET"]}}],"collection":[{"href":"https:\/\/fibrainternacional.org\/index.php?rest_route=\/wp\/v2\/pages"}],"about":[{"href":"https:\/\/fibrainternacional.org\/index.php?rest_route=\/wp\/v2\/types\/page"}],"author":[{"embeddable":true,"href":"https:\/\/fibrainternacional.org\/index.php?rest_route=\/wp\/v2\/users\/1"}],"replies":[{"embeddable":true,"href":"https:\/\/fibrainternacional.org\/index.php?rest_route=%2Fwp%2Fv2%2Fcomments&post=2961"}],"version-history":[{"count":0,"href":"https:\/\/fibrainternacional.org\/index.php?rest_route=\/wp\/v2\/pages\/2961\/revisions"}],"up":[{"embeddable":true,"href":"https:\/\/fibrainternacional.org\/index.php?rest_route=\/wp\/v2\/pages\/2153"}],"wp:featuredmedia":[{"embeddable":true,"href":"https:\/\/fibrainternacional.org\/index.php?rest_route=\/"}],"wp:attachment":[{"href":"https:\/\/fibrainternacional.org\/index.php?rest_route=%2Fwp%2Fv2%2Fmedia&parent=2961"}],"curies":[{"name":"wp","href":"https:\/\/api.w.org\/{rel}","templated":true}]}}