{"id":5350,"date":"2021-08-26T05:49:51","date_gmt":"2021-08-26T08:49:51","guid":{"rendered":"https:\/\/fibrabrasil.wordpress.com\/?page_id=5350"},"modified":"2022-10-28T09:21:50","modified_gmt":"2022-10-28T07:21:50","slug":"vire-a-esquerda","status":"publish","type":"page","link":"https:\/\/fibrainternacional.org\/?page_id=5350","title":{"rendered":"Vire \u00e0 Esquerda!"},"content":{"rendered":"\n<p style=\"font-size:22px;line-height:1.6\"><strong>Programa Vire \u00e0 Esquerda<\/strong>, produzido e transmitido ao vivo em nossas redes sociais: <br>Youtube e Facebook: <strong>@fibrafrenteinternacional<\/strong>  e Twitter: <strong>@fibra2018<\/strong><\/p>\n\n\n\n<p style=\"font-size:22px;line-height:1.6\">Em 2022, <strong>todas as sexta-feiras<\/strong>. Sempre \u00e0s <strong>14h<\/strong> (hora de Bras\u00edlia).<\/p>\n\n\n\n<hr class=\"wp-block-separator has-css-opacity\"\/>\n\n\n\n<p><strong><mark style=\"background-color:rgba(0, 0, 0, 0)\" class=\"has-inline-color has-vivid-purple-color\">Programa 37 &#8211; 21.10.2022<\/mark><\/strong> <\/p>\n\n\n\n<figure class=\"wp-block-embed is-type-video is-provider-youtube wp-block-embed-youtube wp-embed-aspect-16-9 wp-has-aspect-ratio\"><div class=\"wp-block-embed__wrapper\">\n<iframe title=\"Falando Francamente com Ermerson Vieira (Programa Vire a Esquerda Especial)\" width=\"640\" height=\"360\" src=\"https:\/\/www.youtube.com\/embed\/af4sli2Kj-c?feature=oembed\" frameborder=\"0\" allow=\"accelerometer; autoplay; clipboard-write; encrypted-media; gyroscope; picture-in-picture; web-share\" referrerpolicy=\"strict-origin-when-cross-origin\" allowfullscreen><\/iframe>\n<\/div><\/figure>\n\n\n\n<p><strong><mark style=\"background-color:rgba(0, 0, 0, 0)\" class=\"has-inline-color has-vivid-purple-color\">Programa 36 &#8211; 08.10.2022<\/mark><\/strong> <\/p>\n\n\n\n<figure class=\"wp-block-embed is-type-video is-provider-youtube wp-block-embed-youtube wp-embed-aspect-16-9 wp-has-aspect-ratio\"><div class=\"wp-block-embed__wrapper\">\n<iframe title=\"PROGRAMA VIRE A ESQUERDA ESPECIAL - FALANDO FRANCAMENTE COM BRUNO MOREIRA\" width=\"640\" height=\"360\" src=\"https:\/\/www.youtube.com\/embed\/9WW8ahvJJMY?feature=oembed\" frameborder=\"0\" allow=\"accelerometer; autoplay; clipboard-write; encrypted-media; gyroscope; picture-in-picture; web-share\" referrerpolicy=\"strict-origin-when-cross-origin\" allowfullscreen><\/iframe>\n<\/div><\/figure>\n\n\n\n<p><strong><mark style=\"background-color:rgba(0, 0, 0, 0)\" class=\"has-inline-color has-vivid-purple-color\">Programa 35 &#8211; 29.09.2022<\/mark><\/strong> <\/p>\n\n\n\n<figure class=\"wp-block-embed is-type-video is-provider-youtube wp-block-embed-youtube wp-embed-aspect-16-9 wp-has-aspect-ratio\"><div class=\"wp-block-embed__wrapper\">\n<iframe title=\"FALANDO FRANCAMENTE  COM CLA\u00daDIA FERREIRA E CACIQUE   PAYAY\u00c1\" width=\"640\" height=\"360\" src=\"https:\/\/www.youtube.com\/embed\/fcDwDY6nfAE?feature=oembed\" frameborder=\"0\" allow=\"accelerometer; autoplay; clipboard-write; encrypted-media; gyroscope; picture-in-picture; web-share\" referrerpolicy=\"strict-origin-when-cross-origin\" allowfullscreen><\/iframe>\n<\/div><\/figure>\n\n\n\n<p><strong><mark style=\"background-color:rgba(0, 0, 0, 0)\" class=\"has-inline-color has-vivid-purple-color\">Programa 34 &#8211; 25.09.2022<\/mark><\/strong> <\/p>\n\n\n\n<figure class=\"wp-block-embed is-type-video is-provider-youtube wp-block-embed-youtube wp-embed-aspect-16-9 wp-has-aspect-ratio\"><div class=\"wp-block-embed__wrapper\">\n<iframe title=\"Elei\u00e7\u00f5es 2022:   Projeto Coletivo de Esquerda , revolucion\u00e1rio e popular!\" width=\"640\" height=\"360\" src=\"https:\/\/www.youtube.com\/embed\/x9tsO1VMWbw?feature=oembed\" frameborder=\"0\" allow=\"accelerometer; autoplay; clipboard-write; encrypted-media; gyroscope; picture-in-picture; web-share\" referrerpolicy=\"strict-origin-when-cross-origin\" allowfullscreen><\/iframe>\n<\/div><\/figure>\n\n\n\n<p><strong><mark style=\"background-color:rgba(0, 0, 0, 0)\" class=\"has-inline-color has-vivid-purple-color\">Programa 35 &#8211; 23.09.2022<\/mark><\/strong> <\/p>\n\n\n\n<figure class=\"wp-block-embed is-type-video is-provider-youtube wp-block-embed-youtube wp-embed-aspect-16-9 wp-has-aspect-ratio\"><div class=\"wp-block-embed__wrapper\">\n<iframe title=\"FALANDO FRANCAMENTE COM EDMILSON MAGR\u00c3O\" width=\"640\" height=\"360\" src=\"https:\/\/www.youtube.com\/embed\/PXgaAzEkB00?feature=oembed\" frameborder=\"0\" allow=\"accelerometer; autoplay; clipboard-write; encrypted-media; gyroscope; picture-in-picture; web-share\" referrerpolicy=\"strict-origin-when-cross-origin\" allowfullscreen><\/iframe>\n<\/div><\/figure>\n\n\n\n<p><strong><mark style=\"background-color:rgba(0, 0, 0, 0)\" class=\"has-inline-color has-vivid-purple-color\">Programa 34 &#8211; 22.09.2022<\/mark><\/strong> <\/p>\n\n\n\n<figure class=\"wp-block-embed is-type-video is-provider-youtube wp-block-embed-youtube wp-embed-aspect-16-9 wp-has-aspect-ratio\"><div class=\"wp-block-embed__wrapper\">\n<iframe title=\"FALANDO FRANCAMENTE COM JEAN WYLLYS - PROGRAMA VIRE A ESQUERDA: ESPECIAL\" width=\"640\" height=\"360\" src=\"https:\/\/www.youtube.com\/embed\/EHXcDgGLY6o?feature=oembed\" frameborder=\"0\" allow=\"accelerometer; autoplay; clipboard-write; encrypted-media; gyroscope; picture-in-picture; web-share\" referrerpolicy=\"strict-origin-when-cross-origin\" allowfullscreen><\/iframe>\n<\/div><\/figure>\n\n\n\n<p><strong><mark style=\"background-color:rgba(0, 0, 0, 0)\" class=\"has-inline-color has-vivid-purple-color\">Programa 35 &#8211; 22.09.2022<\/mark><\/strong> <\/p>\n\n\n\n<figure class=\"wp-block-embed is-type-video is-provider-youtube wp-block-embed-youtube wp-embed-aspect-16-9 wp-has-aspect-ratio\"><div class=\"wp-block-embed__wrapper\">\n<iframe title=\"FALANDO FRANCAMENTE COM ELAS - PROGRAMA VIRE ESQUERDA ESPECIAL\" width=\"640\" height=\"360\" src=\"https:\/\/www.youtube.com\/embed\/ndeRm_3jtXk?feature=oembed\" frameborder=\"0\" allow=\"accelerometer; autoplay; clipboard-write; encrypted-media; gyroscope; picture-in-picture; web-share\" referrerpolicy=\"strict-origin-when-cross-origin\" allowfullscreen><\/iframe>\n<\/div><\/figure>\n\n\n\n<p><strong><mark style=\"background-color:rgba(0, 0, 0, 0)\" class=\"has-inline-color has-vivid-purple-color\">Programa 34 &#8211; 21.09.2022<\/mark><\/strong> <\/p>\n\n\n\n<figure class=\"wp-block-embed is-type-video is-provider-youtube wp-block-embed-youtube wp-embed-aspect-16-9 wp-has-aspect-ratio\"><div class=\"wp-block-embed__wrapper\">\n<iframe title=\"PROGRAMA VIRE A ESQUERDA ESPECIAL : FALANDO FRANCAMENTE\" width=\"640\" height=\"360\" src=\"https:\/\/www.youtube.com\/embed\/B5CNbfVVjuI?feature=oembed\" frameborder=\"0\" allow=\"accelerometer; autoplay; clipboard-write; encrypted-media; gyroscope; picture-in-picture; web-share\" referrerpolicy=\"strict-origin-when-cross-origin\" allowfullscreen><\/iframe>\n<\/div><\/figure>\n\n\n\n<p><strong><mark style=\"background-color:rgba(0, 0, 0, 0)\" class=\"has-inline-color has-vivid-purple-color\">Programa 33 &#8211; 19.09.2022<\/mark><\/strong> <\/p>\n\n\n\n<figure class=\"wp-block-embed is-type-video is-provider-youtube wp-block-embed-youtube wp-embed-aspect-16-9 wp-has-aspect-ratio\"><div class=\"wp-block-embed__wrapper\">\n<iframe title=\"Elei\u00e7\u00f5es 2022 :  Educa\u00e7\u00e3o p\u00fablica de qualidade\" width=\"640\" height=\"360\" src=\"https:\/\/www.youtube.com\/embed\/_bWURcPlyJE?feature=oembed\" frameborder=\"0\" allow=\"accelerometer; autoplay; clipboard-write; encrypted-media; gyroscope; picture-in-picture; web-share\" referrerpolicy=\"strict-origin-when-cross-origin\" allowfullscreen><\/iframe>\n<\/div><\/figure>\n\n\n\n<p><strong><mark style=\"background-color:rgba(0, 0, 0, 0)\" class=\"has-inline-color has-vivid-purple-color\">Programa 32 &#8211; 16.09.2022<\/mark><\/strong> <\/p>\n\n\n\n<figure class=\"wp-block-embed is-type-video is-provider-youtube wp-block-embed-youtube wp-embed-aspect-16-9 wp-has-aspect-ratio\"><div class=\"wp-block-embed__wrapper\">\n<iframe title=\"Elei\u00e7\u00f5es 2022 -  O que pode e n\u00e3o pode no dia da vota\u00e7\u00e3o !\" width=\"640\" height=\"360\" src=\"https:\/\/www.youtube.com\/embed\/pDjJquxCka8?feature=oembed\" frameborder=\"0\" allow=\"accelerometer; autoplay; clipboard-write; encrypted-media; gyroscope; picture-in-picture; web-share\" referrerpolicy=\"strict-origin-when-cross-origin\" allowfullscreen><\/iframe>\n<\/div><\/figure>\n\n\n\n<p><strong><mark style=\"background-color:rgba(0, 0, 0, 0)\" class=\"has-inline-color has-vivid-purple-color\">Programa 31 &#8211; 15.09.2022<\/mark><\/strong> <\/p>\n\n\n\n<figure class=\"wp-block-embed is-type-video is-provider-youtube wp-block-embed-youtube wp-embed-aspect-16-9 wp-has-aspect-ratio\"><div class=\"wp-block-embed__wrapper\">\n<iframe title=\"PROGRAMA VIRE \u00c0 ESQUERDA -     ELEI\u00c7\u00d5ES 2022  -  CANDIDATURAS COLETIVAS\" width=\"640\" height=\"360\" src=\"https:\/\/www.youtube.com\/embed\/odhxZFKKzFE?feature=oembed\" frameborder=\"0\" allow=\"accelerometer; autoplay; clipboard-write; encrypted-media; gyroscope; picture-in-picture; web-share\" referrerpolicy=\"strict-origin-when-cross-origin\" allowfullscreen><\/iframe>\n<\/div><\/figure>\n\n\n\n<p><strong><mark style=\"background-color:rgba(0, 0, 0, 0)\" class=\"has-inline-color has-vivid-purple-color\">Programa 30 &#8211; 15.09.2022<\/mark><\/strong> <\/p>\n\n\n\n<figure class=\"wp-block-embed is-type-video is-provider-youtube wp-block-embed-youtube wp-embed-aspect-16-9 wp-has-aspect-ratio\"><div class=\"wp-block-embed__wrapper\">\n<iframe title=\"Candidaturas LGBTQIAP+\" width=\"640\" height=\"360\" src=\"https:\/\/www.youtube.com\/embed\/HRa71zXflNc?feature=oembed\" frameborder=\"0\" allow=\"accelerometer; autoplay; clipboard-write; encrypted-media; gyroscope; picture-in-picture; web-share\" referrerpolicy=\"strict-origin-when-cross-origin\" allowfullscreen><\/iframe>\n<\/div><\/figure>\n\n\n\n<p><strong><mark style=\"background-color:rgba(0, 0, 0, 0)\" class=\"has-inline-color has-vivid-purple-color\">Programa 29 &#8211; 14.09.2022<\/mark><\/strong> <\/p>\n\n\n\n<figure class=\"wp-block-embed is-type-video is-provider-youtube wp-block-embed-youtube wp-embed-aspect-16-9 wp-has-aspect-ratio\"><div class=\"wp-block-embed__wrapper\">\n<iframe title=\"Elei\u00e7\u00f5es 2022: debates, pesquisas, den\u00fancias\" width=\"640\" height=\"360\" src=\"https:\/\/www.youtube.com\/embed\/yU1wcIstMHY?feature=oembed\" frameborder=\"0\" allow=\"accelerometer; autoplay; clipboard-write; encrypted-media; gyroscope; picture-in-picture; web-share\" referrerpolicy=\"strict-origin-when-cross-origin\" allowfullscreen><\/iframe>\n<\/div><\/figure>\n\n\n\n<p><strong><mark style=\"background-color:rgba(0, 0, 0, 0)\" class=\"has-inline-color has-vivid-purple-color\">Programa 28 &#8211; 12.09.2022<\/mark><\/strong> <\/p>\n\n\n\n<figure class=\"wp-block-embed is-type-video is-provider-youtube wp-block-embed-youtube wp-embed-aspect-16-9 wp-has-aspect-ratio\"><div class=\"wp-block-embed__wrapper\">\n<iframe title=\"Elei\u00e7\u00f5es 2022:   REPRESENTATIVIDADE NA POLITICA\" width=\"640\" height=\"360\" src=\"https:\/\/www.youtube.com\/embed\/-CzaQSz3UCQ?feature=oembed\" frameborder=\"0\" allow=\"accelerometer; autoplay; clipboard-write; encrypted-media; gyroscope; picture-in-picture; web-share\" referrerpolicy=\"strict-origin-when-cross-origin\" allowfullscreen><\/iframe>\n<\/div><\/figure>\n\n\n\n<p><strong><mark style=\"background-color:rgba(0, 0, 0, 0)\" class=\"has-inline-color has-vivid-purple-color\">Programa 27 &#8211; 10.09.2022<\/mark><\/strong> <\/p>\n\n\n\n<figure class=\"wp-block-embed is-type-video is-provider-youtube wp-block-embed-youtube wp-embed-aspect-16-9 wp-has-aspect-ratio\"><div class=\"wp-block-embed__wrapper\">\n<iframe title=\"MILIT\u00c2NCIA NA ARTE \/ ARTE DA MILIT\u00c2NCIA\" width=\"640\" height=\"360\" src=\"https:\/\/www.youtube.com\/embed\/aWEawZdM0cU?feature=oembed\" frameborder=\"0\" allow=\"accelerometer; autoplay; clipboard-write; encrypted-media; gyroscope; picture-in-picture; web-share\" referrerpolicy=\"strict-origin-when-cross-origin\" allowfullscreen><\/iframe>\n<\/div><\/figure>\n\n\n\n<p><strong><mark style=\"background-color:rgba(0, 0, 0, 0)\" class=\"has-inline-color has-vivid-purple-color\">Programa 26 &#8211; 09.09.2022<\/mark><\/strong> <\/p>\n\n\n\n<figure class=\"wp-block-embed is-type-video is-provider-youtube wp-block-embed-youtube wp-embed-aspect-16-9 wp-has-aspect-ratio\"><div class=\"wp-block-embed__wrapper\">\n<iframe title=\"PROGRAMA VIRE A ESQUERDA - ELEI\u00c7\u00d5ES 2022 - CANDIDATURAS COLETIVAS\" width=\"640\" height=\"360\" src=\"https:\/\/www.youtube.com\/embed\/3-VJ3vfsbv4?feature=oembed\" frameborder=\"0\" allow=\"accelerometer; autoplay; clipboard-write; encrypted-media; gyroscope; picture-in-picture; web-share\" referrerpolicy=\"strict-origin-when-cross-origin\" allowfullscreen><\/iframe>\n<\/div><\/figure>\n\n\n\n<p><strong><mark style=\"background-color:rgba(0, 0, 0, 0)\" class=\"has-inline-color has-vivid-purple-color\">Programa 25 &#8211; 08.09.2022<\/mark><\/strong> <\/p>\n\n\n\n<figure class=\"wp-block-embed is-type-video is-provider-youtube wp-block-embed-youtube wp-embed-aspect-16-9 wp-has-aspect-ratio\"><div class=\"wp-block-embed__wrapper\">\n<iframe title=\"ELEI\u00c7\u00d5ES 2022  CANDIDATURAS COLETIVAS\" width=\"640\" height=\"360\" src=\"https:\/\/www.youtube.com\/embed\/2W5ivPNKvRY?feature=oembed\" frameborder=\"0\" allow=\"accelerometer; autoplay; clipboard-write; encrypted-media; gyroscope; picture-in-picture; web-share\" referrerpolicy=\"strict-origin-when-cross-origin\" allowfullscreen><\/iframe>\n<\/div><\/figure>\n\n\n\n<p><strong><mark style=\"background-color:rgba(0, 0, 0, 0)\" class=\"has-inline-color has-vivid-purple-color\">Programa 24 &#8211; 07.09.2022<\/mark><\/strong> <\/p>\n\n\n\n<figure class=\"wp-block-embed is-type-video is-provider-youtube wp-block-embed-youtube wp-embed-aspect-16-9 wp-has-aspect-ratio\"><div class=\"wp-block-embed__wrapper\">\n<iframe title=\"PROGRAMA VIRE \u00c0 ESQUERDA: Visibilidade, representatividade e a for\u00e7a da mulher na pol\u00edtica\" width=\"640\" height=\"360\" src=\"https:\/\/www.youtube.com\/embed\/Tacxy5_u6Qc?feature=oembed\" frameborder=\"0\" allow=\"accelerometer; autoplay; clipboard-write; encrypted-media; gyroscope; picture-in-picture; web-share\" referrerpolicy=\"strict-origin-when-cross-origin\" allowfullscreen><\/iframe>\n<\/div><\/figure>\n\n\n\n<p><strong><mark style=\"background-color:rgba(0, 0, 0, 0)\" class=\"has-inline-color has-vivid-purple-color\">Programa 23 &#8211; 06.09.2022<\/mark><\/strong> <\/p>\n\n\n\n<figure class=\"wp-block-embed is-type-video is-provider-youtube wp-block-embed-youtube wp-embed-aspect-16-9 wp-has-aspect-ratio\"><div class=\"wp-block-embed__wrapper\">\n<iframe title=\"PROGRAMA VIRE \u00c0 ESQUERDA &#039;&#039;Elei\u00e7\u00f5es 2022 e  os \u00faltimos acontecimentos&#039;&#039;\" width=\"640\" height=\"360\" src=\"https:\/\/www.youtube.com\/embed\/n9IGkCjg-u4?feature=oembed\" frameborder=\"0\" allow=\"accelerometer; autoplay; clipboard-write; encrypted-media; gyroscope; picture-in-picture; web-share\" referrerpolicy=\"strict-origin-when-cross-origin\" allowfullscreen><\/iframe>\n<\/div><\/figure>\n\n\n\n<p><strong><mark style=\"background-color:rgba(0, 0, 0, 0)\" class=\"has-inline-color has-vivid-purple-color\">Programa 22 &#8211; 05.09.2022<\/mark><\/strong> <\/p>\n\n\n\n<figure class=\"wp-block-embed is-type-video is-provider-youtube wp-block-embed-youtube wp-embed-aspect-16-9 wp-has-aspect-ratio\"><div class=\"wp-block-embed__wrapper\">\n<iframe title=\"Elei\u00e7\u00f5es 2022 - Candidaturas LGBTQIAP+\" width=\"640\" height=\"360\" src=\"https:\/\/www.youtube.com\/embed\/_B-tksi7HQQ?feature=oembed\" frameborder=\"0\" allow=\"accelerometer; autoplay; clipboard-write; encrypted-media; gyroscope; picture-in-picture; web-share\" referrerpolicy=\"strict-origin-when-cross-origin\" allowfullscreen><\/iframe>\n<\/div><\/figure>\n\n\n\n<p><strong><mark style=\"background-color:rgba(0, 0, 0, 0)\" class=\"has-inline-color has-vivid-purple-color\">Programa 21 &#8211; 01.09.2022<\/mark><\/strong> <\/p>\n\n\n\n<figure class=\"wp-block-embed is-type-video is-provider-youtube wp-block-embed-youtube wp-embed-aspect-16-9 wp-has-aspect-ratio\"><div class=\"wp-block-embed__wrapper\">\n<iframe title=\"ELEI\u00c7\u00d5ES 2022  - VOZES MARIA POR TODOS OS CANTOS DE MINAS\" width=\"640\" height=\"360\" src=\"https:\/\/www.youtube.com\/embed\/5qtnfIJnhV0?feature=oembed\" frameborder=\"0\" allow=\"accelerometer; autoplay; clipboard-write; encrypted-media; gyroscope; picture-in-picture; web-share\" referrerpolicy=\"strict-origin-when-cross-origin\" allowfullscreen><\/iframe>\n<\/div><\/figure>\n\n\n\n<p><strong><mark style=\"background-color:rgba(0, 0, 0, 0)\" class=\"has-inline-color has-vivid-purple-color\">Programa 20 &#8211; 26.08.2022<\/mark><\/strong> <\/p>\n\n\n\n<figure class=\"wp-block-embed is-type-video is-provider-youtube wp-block-embed-youtube wp-embed-aspect-16-9 wp-has-aspect-ratio\"><div class=\"wp-block-embed__wrapper\">\n<iframe title=\"Prog Vire \u00e0 esquerda: Leonel de Esquerda - o antiv\u00edrus bolsonarista na ALERJ\" width=\"640\" height=\"360\" src=\"https:\/\/www.youtube.com\/embed\/ONZ4Yy2g1Is?feature=oembed\" frameborder=\"0\" allow=\"accelerometer; autoplay; clipboard-write; encrypted-media; gyroscope; picture-in-picture; web-share\" referrerpolicy=\"strict-origin-when-cross-origin\" allowfullscreen><\/iframe>\n<\/div><figcaption>Leonel de Esquerda &#8211; o antiv\u00edrus bolsonarista na ALERJ<\/figcaption><\/figure>\n\n\n\n<p><strong><mark style=\"background-color:rgba(0, 0, 0, 0)\" class=\"has-inline-color has-vivid-purple-color\">Programa 19 &#8211; 19.08.2022<\/mark><\/strong> <\/p>\n\n\n\n<figure class=\"wp-block-embed is-type-video is-provider-youtube wp-block-embed-youtube wp-embed-aspect-16-9 wp-has-aspect-ratio\"><div class=\"wp-block-embed__wrapper\">\n<iframe title=\"Candidaturas Coletivas: Projetos e desafios\" width=\"640\" height=\"360\" src=\"https:\/\/www.youtube.com\/embed\/ixDbosuJ1Ng?feature=oembed\" frameborder=\"0\" allow=\"accelerometer; autoplay; clipboard-write; encrypted-media; gyroscope; picture-in-picture; web-share\" referrerpolicy=\"strict-origin-when-cross-origin\" allowfullscreen><\/iframe>\n<\/div><figcaption>Candidaturas Coletivas: Projetos e desafios<\/figcaption><\/figure>\n\n\n\n<p><strong><mark style=\"background-color:rgba(0, 0, 0, 0)\" class=\"has-inline-color has-vivid-purple-color\">Programa 18 &#8211; 12.08.2022<\/mark><\/strong> <\/p>\n\n\n\n<figure class=\"wp-block-embed is-type-video is-provider-youtube wp-block-embed-youtube wp-embed-aspect-16-9 wp-has-aspect-ratio\"><div class=\"wp-block-embed__wrapper\">\n<iframe title=\"Programa Vire \u00e0 Esquerda: Moradia, alimenta\u00e7\u00e3o e trabalho com Ediane Maria\" width=\"640\" height=\"360\" src=\"https:\/\/www.youtube.com\/embed\/8dcCOeXcUQo?feature=oembed\" frameborder=\"0\" allow=\"accelerometer; autoplay; clipboard-write; encrypted-media; gyroscope; picture-in-picture; web-share\" referrerpolicy=\"strict-origin-when-cross-origin\" allowfullscreen><\/iframe>\n<\/div><figcaption>Moradia, alimenta\u00e7\u00e3o e trabalho com Ediane Maria<\/figcaption><\/figure>\n\n\n\n<p><strong><mark style=\"background-color:rgba(0, 0, 0, 0)\" class=\"has-inline-color has-vivid-purple-color\">Programa 17 &#8211; 05.08.2022<\/mark><\/strong> <\/p>\n\n\n\n<figure class=\"wp-block-embed is-type-video is-provider-youtube wp-block-embed-youtube wp-embed-aspect-16-9 wp-has-aspect-ratio\"><div class=\"wp-block-embed__wrapper\">\n<iframe title=\"Bolsonarismo Mata: N\u00e3o \u00e9 de Hoje!\" width=\"640\" height=\"360\" src=\"https:\/\/www.youtube.com\/embed\/pVVwkMq536o?feature=oembed\" frameborder=\"0\" allow=\"accelerometer; autoplay; clipboard-write; encrypted-media; gyroscope; picture-in-picture; web-share\" referrerpolicy=\"strict-origin-when-cross-origin\" allowfullscreen><\/iframe>\n<\/div><figcaption>Bolsonarismo Mata: N\u00e3o \u00e9 de Hoje!<\/figcaption><\/figure>\n\n\n\n<p><strong><mark style=\"background-color:rgba(0, 0, 0, 0)\" class=\"has-inline-color has-vivid-purple-color\">Programa 16 &#8211; 29.07.2022<\/mark><\/strong> <\/p>\n\n\n\n<figure class=\"wp-block-embed is-type-video is-provider-youtube wp-block-embed-youtube wp-embed-aspect-16-9 wp-has-aspect-ratio\"><div class=\"wp-block-embed__wrapper\">\n<iframe title=\"PROGRAMA VIRE \u00c0 ESQUERDA: A Juventude na Democracia\" width=\"640\" height=\"360\" src=\"https:\/\/www.youtube.com\/embed\/e6-A9nSkR6o?feature=oembed\" frameborder=\"0\" allow=\"accelerometer; autoplay; clipboard-write; encrypted-media; gyroscope; picture-in-picture; web-share\" referrerpolicy=\"strict-origin-when-cross-origin\" allowfullscreen><\/iframe>\n<\/div><\/figure>\n\n\n\n<p><strong><mark style=\"background-color:rgba(0, 0, 0, 0)\" class=\"has-inline-color has-vivid-purple-color\">Programa 14 &#8211; 22.07.2022<\/mark><\/strong> <\/p>\n\n\n\n<figure class=\"wp-block-embed is-type-video is-provider-youtube wp-block-embed-youtube wp-embed-aspect-16-9 wp-has-aspect-ratio\"><div class=\"wp-block-embed__wrapper\">\n<iframe title=\"FAKE NEWS E LAWFARE : COMO INFLUENCIAM A POL\u00cdTICA BRASILEIRA !\" width=\"640\" height=\"360\" src=\"https:\/\/www.youtube.com\/embed\/JvFbKul2MYc?feature=oembed\" frameborder=\"0\" allow=\"accelerometer; autoplay; clipboard-write; encrypted-media; gyroscope; picture-in-picture; web-share\" referrerpolicy=\"strict-origin-when-cross-origin\" allowfullscreen><\/iframe>\n<\/div><figcaption>FAKE NEWS E LAWFARE : COMO INFLUENCIAM A POL\u00cdTICA BRASILEIRA!<\/figcaption><\/figure>\n\n\n\n<p><strong><mark style=\"background-color:rgba(0, 0, 0, 0)\" class=\"has-inline-color has-vivid-purple-color\">Programa 13 &#8211; 15.07.2022<\/mark><\/strong> <\/p>\n\n\n\n<figure class=\"wp-block-embed is-type-video is-provider-youtube wp-block-embed-youtube wp-embed-aspect-16-9 wp-has-aspect-ratio\"><div class=\"wp-block-embed__wrapper\">\n<iframe title=\"ELEI\u00c7\u00d5ES 2022:  VIOL\u00caNCIA POL\u00cdTICA \/POVO NAS RUAS\" width=\"640\" height=\"360\" src=\"https:\/\/www.youtube.com\/embed\/3hCVvnGBLgg?feature=oembed\" frameborder=\"0\" allow=\"accelerometer; autoplay; clipboard-write; encrypted-media; gyroscope; picture-in-picture; web-share\" referrerpolicy=\"strict-origin-when-cross-origin\" allowfullscreen><\/iframe>\n<\/div><figcaption>Elei\u00e7\u00f5es 2022: Viol\u00eancia Pol\u00edtica\/Povo nas Ruas<\/figcaption><\/figure>\n\n\n\n<p><strong><mark style=\"background-color:rgba(0, 0, 0, 0)\" class=\"has-inline-color has-vivid-purple-color\">Programa 12 &#8211; 08.07.2022<\/mark><\/strong> <\/p>\n\n\n\n<figure class=\"wp-block-embed is-type-video is-provider-youtube wp-block-embed-youtube wp-embed-aspect-16-9 wp-has-aspect-ratio\"><div class=\"wp-block-embed__wrapper\">\n<iframe title=\"FIES, ProUni e as Cotas  -Problemas e  expectativas para 2023\" width=\"640\" height=\"360\" src=\"https:\/\/www.youtube.com\/embed\/nUNUfJG-eVE?feature=oembed\" frameborder=\"0\" allow=\"accelerometer; autoplay; clipboard-write; encrypted-media; gyroscope; picture-in-picture; web-share\" referrerpolicy=\"strict-origin-when-cross-origin\" allowfullscreen><\/iframe>\n<\/div><figcaption>FIES, ProUni e as Cotas -Problemas e expectativas para 2023<\/figcaption><\/figure>\n\n\n\n<p><strong><mark style=\"background-color:rgba(0, 0, 0, 0)\" class=\"has-inline-color has-vivid-purple-color\">Programa 11 &#8211; 01.07.2022<\/mark><\/strong> <\/p>\n\n\n\n<figure class=\"wp-block-embed is-type-video is-provider-youtube wp-block-embed-youtube wp-embed-aspect-16-9 wp-has-aspect-ratio\"><div class=\"wp-block-embed__wrapper\">\n<iframe title=\"Programa Vire a Esquerda - Elei\u00e7\u00f5es 2022 - Votos no Exterior\" width=\"640\" height=\"360\" src=\"https:\/\/www.youtube.com\/embed\/Va4qAsMHkjE?feature=oembed\" frameborder=\"0\" allow=\"accelerometer; autoplay; clipboard-write; encrypted-media; gyroscope; picture-in-picture; web-share\" referrerpolicy=\"strict-origin-when-cross-origin\" allowfullscreen><\/iframe>\n<\/div><figcaption>Programa Vire a Esquerda &#8211; Elei\u00e7\u00f5es 2022 &#8211; Votos no Exterior<\/figcaption><\/figure>\n\n\n\n<p><strong><mark style=\"background-color:rgba(0, 0, 0, 0)\" class=\"has-inline-color has-vivid-purple-color\">Programa 10 &#8211; 17.06.2022<\/mark><\/strong> <\/p>\n\n\n\n<figure class=\"wp-block-embed is-type-video is-provider-youtube wp-block-embed-youtube wp-embed-aspect-16-9 wp-has-aspect-ratio\"><div class=\"wp-block-embed__wrapper\">\n<iframe title=\"PROGRAMA VIRE \u00c0 ESQUERDA -  Especial Elei\u00e7\u00f5es 2022: Campanha Internacional Despejo Zero\" width=\"640\" height=\"360\" src=\"https:\/\/www.youtube.com\/embed\/qpi1e_UO774?feature=oembed\" frameborder=\"0\" allow=\"accelerometer; autoplay; clipboard-write; encrypted-media; gyroscope; picture-in-picture; web-share\" referrerpolicy=\"strict-origin-when-cross-origin\" allowfullscreen><\/iframe>\n<\/div><figcaption>Programa Vire \u00e0 Esquerda, apresentado por T\u00e2nia Gerbi Veiga (Coletivo Andorinha | Lisboa) e Marco Almeida (Vancouver)<br>Especial Elei\u00e7\u00f5es 2022: Campanha Internacional Despejo Zero<\/figcaption><\/figure>\n\n\n\n<p><strong><mark style=\"background-color:rgba(0, 0, 0, 0)\" class=\"has-inline-color has-vivid-purple-color\">Programa 08 &#8211; 03.06.2022<\/mark><\/strong> <\/p>\n\n\n\n<figure class=\"wp-block-embed is-type-video is-provider-youtube wp-block-embed-youtube wp-embed-aspect-16-9 wp-has-aspect-ratio\"><div class=\"wp-block-embed__wrapper\">\n<iframe title=\"PROGRAMA VIRE \u00c0 ESQUERDA: Especial Elei\u00e7\u00f5es 2022\" width=\"640\" height=\"360\" src=\"https:\/\/www.youtube.com\/embed\/0raBUsIj6x8?feature=oembed\" frameborder=\"0\" allow=\"accelerometer; autoplay; clipboard-write; encrypted-media; gyroscope; picture-in-picture; web-share\" referrerpolicy=\"strict-origin-when-cross-origin\" allowfullscreen><\/iframe>\n<\/div><figcaption>Programa Vire \u00e0 Esquerda, apresentado por M\u00edriam Casas (Alemanha), com T\u00e2nia Gerbi Veiga (Coletivo Andorinha | Lisboa) e Marco Almeida (Vancouver)<\/figcaption><\/figure>\n\n\n\n<p><strong><mark style=\"background-color:rgba(0, 0, 0, 0)\" class=\"has-inline-color has-vivid-purple-color\">Programa 07 &#8211; 06.05.2022<\/mark><\/strong> <\/p>\n\n\n\n<figure class=\"wp-block-embed is-type-video is-provider-youtube wp-block-embed-youtube wp-embed-aspect-16-9 wp-has-aspect-ratio\"><div class=\"wp-block-embed__wrapper\">\n<iframe title=\"Programa Vire \u00e0 Esquerda Com T\u00e2nia Gerbi Veiga (do Coletivo Andorinha| Lisboa- Portugal)\" width=\"640\" height=\"360\" src=\"https:\/\/www.youtube.com\/embed\/Q6ApToiF7nU?feature=oembed\" frameborder=\"0\" allow=\"accelerometer; autoplay; clipboard-write; encrypted-media; gyroscope; picture-in-picture; web-share\" referrerpolicy=\"strict-origin-when-cross-origin\" allowfullscreen><\/iframe>\n<\/div><figcaption>Programa Vire \u00e0 Esquerda Com T\u00e2nia Gerbi Veiga (do Coletivo Andorinha| Lisboa- Portugal)<\/figcaption><\/figure>\n\n\n\n<p><strong><mark style=\"background-color:rgba(0, 0, 0, 0)\" class=\"has-inline-color has-vivid-purple-color\">Programa 06 &#8211; 15.04.2022<\/mark><\/strong> <\/p>\n\n\n\n<figure class=\"wp-block-embed is-type-video is-provider-youtube wp-block-embed-youtube wp-embed-aspect-16-9 wp-has-aspect-ratio\"><div class=\"wp-block-embed__wrapper\">\n<iframe title=\"Elei\u00e7\u00f5es  2022: desafios , projetos e expectativas da milit\u00e2ncia internacional\" width=\"640\" height=\"360\" src=\"https:\/\/www.youtube.com\/embed\/iCrUwg4E1KM?feature=oembed\" frameborder=\"0\" allow=\"accelerometer; autoplay; clipboard-write; encrypted-media; gyroscope; picture-in-picture; web-share\" referrerpolicy=\"strict-origin-when-cross-origin\" allowfullscreen><\/iframe>\n<\/div><figcaption>Programa apresentado por M\u00edriam Casas. <br>Convidada: Mariana Dutra<\/figcaption><\/figure>\n\n\n\n<p><strong><mark style=\"background-color:rgba(0, 0, 0, 0)\" class=\"has-inline-color has-vivid-purple-color\">Programa 05 &#8211; 08.04.2022<\/mark><\/strong> <\/p>\n\n\n\n<figure class=\"wp-block-embed is-type-video is-provider-youtube wp-block-embed-youtube wp-embed-aspect-16-9 wp-has-aspect-ratio\"><div class=\"wp-block-embed__wrapper\">\n<iframe title=\"Programa Vire \u00e0 Esquerda: Mutir\u00e3o Esperan\u00e7ar e as elei\u00e7\u00f5es 2022\" width=\"640\" height=\"360\" src=\"https:\/\/www.youtube.com\/embed\/ZZNKPKAcWow?feature=oembed\" frameborder=\"0\" allow=\"accelerometer; autoplay; clipboard-write; encrypted-media; gyroscope; picture-in-picture; web-share\" referrerpolicy=\"strict-origin-when-cross-origin\" allowfullscreen><\/iframe>\n<\/div><figcaption>Programa apresentado por M\u00edriam Casas. <br>Convidadas: M\u00e1rcia Nunes e Ana Isa v Dijk<\/figcaption><\/figure>\n\n\n\n<p><strong><mark style=\"background-color:rgba(0, 0, 0, 0)\" class=\"has-inline-color has-vivid-purple-color\">Programa 04 &#8211; 01.04.2022<\/mark><\/strong> <\/p>\n\n\n\n<figure class=\"wp-block-embed is-type-video is-provider-youtube wp-block-embed-youtube wp-embed-aspect-16-9 wp-has-aspect-ratio\"><div class=\"wp-block-embed__wrapper\">\n<iframe title=\"Elei\u00e7\u00f5es  2022: Desafios, projetos e expectativas da Milit\u00e2ncia Internacional\" width=\"640\" height=\"360\" src=\"https:\/\/www.youtube.com\/embed\/P0Nf510zHXs?feature=oembed\" frameborder=\"0\" allow=\"accelerometer; autoplay; clipboard-write; encrypted-media; gyroscope; picture-in-picture; web-share\" referrerpolicy=\"strict-origin-when-cross-origin\" allowfullscreen><\/iframe>\n<\/div><figcaption>Programa apresentado por M\u00edriam Casas. <br>Convidada: Denise Braz<\/figcaption><\/figure>\n\n\n\n<p><strong><mark style=\"background-color:rgba(0, 0, 0, 0)\" class=\"has-inline-color has-vivid-purple-color\">Programa 03 &#8211; 18.02.2022<\/mark><\/strong><\/p>\n\n\n\n<figure class=\"wp-block-embed is-type-video is-provider-youtube wp-block-embed-youtube wp-embed-aspect-16-9 wp-has-aspect-ratio\"><div class=\"wp-block-embed__wrapper\">\n<iframe title=\"Programa Vire \u00e0 Esquerda  - Com Gabriela Sikansi (Dublin - Irlanda)\" width=\"640\" height=\"360\" src=\"https:\/\/www.youtube.com\/embed\/UZrYSsp5n6w?feature=oembed\" frameborder=\"0\" allow=\"accelerometer; autoplay; clipboard-write; encrypted-media; gyroscope; picture-in-picture; web-share\" referrerpolicy=\"strict-origin-when-cross-origin\" allowfullscreen><\/iframe>\n<\/div><figcaption>Programa apresentado por M\u00edriam Casas. <br>Convidada: Gabriela Sikansi<\/figcaption><\/figure>\n\n\n\n<p><strong><mark style=\"background-color:rgba(0, 0, 0, 0)\" class=\"has-inline-color has-vivid-purple-color\">Programa 02 &#8211; 18.02.2022<\/mark><\/strong><\/p>\n\n\n\n<figure class=\"wp-block-embed is-type-video is-provider-youtube wp-block-embed-youtube wp-embed-aspect-16-9 wp-has-aspect-ratio\"><div class=\"wp-block-embed__wrapper\">\n<iframe title=\"\u2018\u2019Elei\u00e7\u00f5es 2022: desafios e expectativas\u2019\u2019  Com  Walter Sorrentino - PCdoB\" width=\"640\" height=\"360\" src=\"https:\/\/www.youtube.com\/embed\/l3ytufP6r5g?feature=oembed\" frameborder=\"0\" allow=\"accelerometer; autoplay; clipboard-write; encrypted-media; gyroscope; picture-in-picture; web-share\" referrerpolicy=\"strict-origin-when-cross-origin\" allowfullscreen><\/iframe>\n<\/div><figcaption>Programa apresentado por M\u00edriam Casas. <br>Convidado: Walter Sorrentino<\/figcaption><\/figure>\n\n\n\n<p><strong><mark style=\"background-color:rgba(0, 0, 0, 0)\" class=\"has-inline-color has-vivid-purple-color\">Programa 01 &#8211; 11.02.2022<\/mark><\/strong><\/p>\n\n\n\n<figure class=\"wp-block-embed is-type-video is-provider-youtube wp-block-embed-youtube wp-embed-aspect-16-9 wp-has-aspect-ratio\"><div class=\"wp-block-embed__wrapper\">\n<iframe title=\"\u2018\u2019Elei\u00e7\u00f5es 2022: desafios e expectativas\u2019\u2019 - Com Deborah Cavalcante - PSOL\" width=\"640\" height=\"360\" src=\"https:\/\/www.youtube.com\/embed\/V0VZkCPkx88?feature=oembed\" frameborder=\"0\" allow=\"accelerometer; autoplay; clipboard-write; encrypted-media; gyroscope; picture-in-picture; web-share\" referrerpolicy=\"strict-origin-when-cross-origin\" allowfullscreen><\/iframe>\n<\/div><figcaption>Programa apresentado por M\u00edriam Casas. <br>Convidada: Deborah Cavalcante<\/figcaption><\/figure>\n\n\n\n<hr class=\"wp-block-separator has-css-opacity\"\/>\n\n\n\n<p><strong><span style=\"color:#f80404;\" class=\"has-inline-color\">Programa 05 &#8211; 10.12.2021<\/span><\/strong><\/p>\n\n\n\n<figure class=\"wp-block-embed is-type-video is-provider-youtube wp-block-embed-youtube wp-embed-aspect-16-9 wp-has-aspect-ratio\"><div class=\"wp-block-embed__wrapper\">\n<iframe title=\"Programa Vire \u00e0 Esquerda - Com Bruna Rodrigues (PC do B) e Professora Terezinha (PT)\" width=\"640\" height=\"360\" src=\"https:\/\/www.youtube.com\/embed\/9sCUULtx3qs?feature=oembed\" frameborder=\"0\" allow=\"accelerometer; autoplay; clipboard-write; encrypted-media; gyroscope; picture-in-picture; web-share\" referrerpolicy=\"strict-origin-when-cross-origin\" allowfullscreen><\/iframe>\n<\/div><\/figure>\n\n\n\n<p><strong><span style=\"color:#f80404;\" class=\"has-inline-color\">Programa 04 &#8211; 03.12.2021<\/span><\/strong><\/p>\n\n\n\n<figure class=\"wp-block-embed is-type-video is-provider-youtube wp-block-embed-youtube wp-embed-aspect-16-9 wp-has-aspect-ratio\"><div class=\"wp-block-embed__wrapper\">\n<iframe title=\"Programa Vire \u00e0 Esquerda - Com o Coletivo N\u00f3s (PT - S\u00e3o Lu\u00eds)\" width=\"640\" height=\"360\" src=\"https:\/\/www.youtube.com\/embed\/gy2DdxgfhiM?feature=oembed\" frameborder=\"0\" allow=\"accelerometer; autoplay; clipboard-write; encrypted-media; gyroscope; picture-in-picture; web-share\" referrerpolicy=\"strict-origin-when-cross-origin\" allowfullscreen><\/iframe>\n<\/div><\/figure>\n\n\n\n<p><strong><span style=\"color:#f80404;\" class=\"has-inline-color\">Programa 03 &#8211; 12.11.2021<\/span><\/strong><\/p>\n\n\n\n<figure class=\"wp-block-embed is-type-video is-provider-youtube wp-block-embed-youtube wp-embed-aspect-16-9 wp-has-aspect-ratio\"><div class=\"wp-block-embed__wrapper\">\n<iframe title=\"Programa Vire \u00e0 Esquerda - Com Ivan Moraes (PSOL - Recife)\" width=\"640\" height=\"360\" src=\"https:\/\/www.youtube.com\/embed\/YlIE75UVTOA?feature=oembed\" frameborder=\"0\" allow=\"accelerometer; autoplay; clipboard-write; encrypted-media; gyroscope; picture-in-picture; web-share\" referrerpolicy=\"strict-origin-when-cross-origin\" allowfullscreen><\/iframe>\n<\/div><\/figure>\n\n\n\n<p><strong><span style=\"color:#f80404;\" class=\"has-inline-color\">Programa 02 &#8211; 10.09.2021<\/span><\/strong><\/p>\n\n\n\n<figure class=\"wp-block-embed is-type-video is-provider-youtube wp-block-embed-youtube wp-embed-aspect-16-9 wp-has-aspect-ratio\"><div class=\"wp-block-embed__wrapper\">\n<iframe title=\"Vire \u00e0 Esquerda  Candidaturas eleitas 2020: desafios, vit\u00f3rias e expectativas\" width=\"640\" height=\"360\" src=\"https:\/\/www.youtube.com\/embed\/Rk20lrGIewQ?feature=oembed\" frameborder=\"0\" allow=\"accelerometer; autoplay; clipboard-write; encrypted-media; gyroscope; picture-in-picture; web-share\" referrerpolicy=\"strict-origin-when-cross-origin\" allowfullscreen><\/iframe>\n<\/div><\/figure>\n\n\n\n<p><strong><span style=\"color:#f80404;\" class=\"has-inline-color\">Programa 01 &#8211; 27.08.2021<\/span><\/strong><\/p>\n\n\n\n<figure class=\"wp-block-embed is-type-video is-provider-youtube wp-block-embed-youtube wp-embed-aspect-16-9 wp-has-aspect-ratio\"><div class=\"wp-block-embed__wrapper\">\n<iframe title=\"Candidaturas eleitas  2020: desafios, vit\u00f3rias e expectativas\" width=\"640\" height=\"360\" src=\"https:\/\/www.youtube.com\/embed\/bBSnTLSsD4s?feature=oembed\" frameborder=\"0\" allow=\"accelerometer; autoplay; clipboard-write; encrypted-media; gyroscope; picture-in-picture; web-share\" referrerpolicy=\"strict-origin-when-cross-origin\" allowfullscreen><\/iframe>\n<\/div><figcaption>Programa de estreia da s\u00e9rie sobre elei\u00e7\u00f5es 2022.<\/figcaption><\/figure>\n","protected":false},"excerpt":{"rendered":"<p>Programa Vire \u00e0 Esquerda, produzido e transmitido ao vivo em nossas redes sociais: Youtube e Facebook: @fibrafrenteinternacional e Twitter: @fibra2018 Em 2022, todas as sexta-feiras.<\/p>\n","protected":false},"author":1,"featured_media":5366,"parent":1046,"menu_order":0,"comment_status":"closed","ping_status":"closed","template":"","meta":{"om_disable_all_campaigns":false,"_eb_attr":"","footnotes":""},"class_list":["post-5350","page","type-page","status-publish","has-post-thumbnail","hentry","three-columns"],"aioseo_notices":[],"rttpg_featured_image_url":null,"rttpg_author":{"display_name":"FibraInternacional","author_link":"https:\/\/fibrainternacional.org\/?author=1"},"rttpg_comment":0,"rttpg_category":null,"rttpg_excerpt":"Programa Vire \u00e0 Esquerda, produzido e transmitido ao vivo em nossas redes sociais: Youtube e Facebook: @fibrafrenteinternacional e Twitter: @fibra2018 Em 2022, todas as sexta-feiras.","_links":{"self":[{"href":"https:\/\/fibrainternacional.org\/index.php?rest_route=\/wp\/v2\/pages\/5350","targetHints":{"allow":["GET"]}}],"collection":[{"href":"https:\/\/fibrainternacional.org\/index.php?rest_route=\/wp\/v2\/pages"}],"about":[{"href":"https:\/\/fibrainternacional.org\/index.php?rest_route=\/wp\/v2\/types\/page"}],"author":[{"embeddable":true,"href":"https:\/\/fibrainternacional.org\/index.php?rest_route=\/wp\/v2\/users\/1"}],"replies":[{"embeddable":true,"href":"https:\/\/fibrainternacional.org\/index.php?rest_route=%2Fwp%2Fv2%2Fcomments&post=5350"}],"version-history":[{"count":20,"href":"https:\/\/fibrainternacional.org\/index.php?rest_route=\/wp\/v2\/pages\/5350\/revisions"}],"predecessor-version":[{"id":9358,"href":"https:\/\/fibrainternacional.org\/index.php?rest_route=\/wp\/v2\/pages\/5350\/revisions\/9358"}],"up":[{"embeddable":true,"href":"https:\/\/fibrainternacional.org\/index.php?rest_route=\/wp\/v2\/pages\/1046"}],"wp:featuredmedia":[{"embeddable":true,"href":"https:\/\/fibrainternacional.org\/index.php?rest_route=\/"}],"wp:attachment":[{"href":"https:\/\/fibrainternacional.org\/index.php?rest_route=%2Fwp%2Fv2%2Fmedia&parent=5350"}],"curies":[{"name":"wp","href":"https:\/\/api.w.org\/{rel}","templated":true}]}}