{"id":7231,"date":"2021-10-31T18:40:04","date_gmt":"2021-10-31T17:40:04","guid":{"rendered":"http:\/\/fibrainternacional.org\/?p=7231"},"modified":"2026-02-17T17:42:14","modified_gmt":"2026-02-17T16:42:14","slug":"inez-olude","status":"publish","type":"page","link":"https:\/\/fibrainternacional.org\/?page_id=7231","title":{"rendered":"In\u00eaz Olud\u00e9"},"content":{"rendered":"<div class=\"wp-block-image\">\n<figure class=\"aligncenter size-large\"><img fetchpriority=\"high\" decoding=\"async\" width=\"1024\" height=\"576\" src=\"http:\/\/fibrainternacional.org\/wp-content\/uploads\/2021\/12\/Fibra-e\u0301-verbo-Post-para-Twitter-1-1024x576.png\" alt=\"\" class=\"wp-image-7646\" srcset=\"https:\/\/fibrainternacional.org\/wp-content\/uploads\/2021\/12\/Fibra-e\u0301-verbo-Post-para-Twitter-1-1024x576.png 1024w, https:\/\/fibrainternacional.org\/wp-content\/uploads\/2021\/12\/Fibra-e\u0301-verbo-Post-para-Twitter-1-600x338.png 600w, https:\/\/fibrainternacional.org\/wp-content\/uploads\/2021\/12\/Fibra-e\u0301-verbo-Post-para-Twitter-1-300x169.png 300w, https:\/\/fibrainternacional.org\/wp-content\/uploads\/2021\/12\/Fibra-e\u0301-verbo-Post-para-Twitter-1-768x432.png 768w, https:\/\/fibrainternacional.org\/wp-content\/uploads\/2021\/12\/Fibra-e\u0301-verbo-Post-para-Twitter-1-1536x864.png 1536w, https:\/\/fibrainternacional.org\/wp-content\/uploads\/2021\/12\/Fibra-e\u0301-verbo-Post-para-Twitter-1-1170x658.png 1170w, https:\/\/fibrainternacional.org\/wp-content\/uploads\/2021\/12\/Fibra-e\u0301-verbo-Post-para-Twitter-1.png 1600w\" sizes=\"(max-width: 1024px) 100vw, 1024px\" \/><figcaption class=\"wp-element-caption\">In\u00eaz Olud\u00e9 (Bruxelas\/BE)<\/figcaption><\/figure>\n<\/div>\n\n\n<p class=\"has-medium-font-size\"><strong>Poesias antifas: a luta \u00e9 verbo<\/strong><\/p>\n\n\n\n<p>Artista artivista, poeta subversiva, forma\u00e7\u00e3o em hist\u00f3ria da arte, arqueologia e pintura monumental. Membra da coaliz\u00e3o internacional de artistas da Unesco e da FIBRA.<\/p>\n\n\n\n<p class=\"has-text-align-left has-large-font-size\"><meta charset=\"utf-8\"><\/p>\n\n\n\n<figure class=\"wp-block-gallery has-nested-images columns-default is-cropped wp-block-gallery-1 is-layout-flex wp-block-gallery-is-layout-flex\">\n<figure class=\"wp-block-image size-medium\"><img decoding=\"async\" width=\"300\" height=\"300\" data-id=\"7115\" src=\"https:\/\/fibrainternacional.org\/wp-content\/uploads\/2021\/10\/Screenshot-2021-10-15-at-09.15.05-300x300.png\" alt=\"\" class=\"wp-image-7115\" srcset=\"https:\/\/fibrainternacional.org\/wp-content\/uploads\/2021\/10\/Screenshot-2021-10-15-at-09.15.05-300x300.png 300w, https:\/\/fibrainternacional.org\/wp-content\/uploads\/2021\/10\/Screenshot-2021-10-15-at-09.15.05-100x100.png 100w, https:\/\/fibrainternacional.org\/wp-content\/uploads\/2021\/10\/Screenshot-2021-10-15-at-09.15.05-600x598.png 600w, https:\/\/fibrainternacional.org\/wp-content\/uploads\/2021\/10\/Screenshot-2021-10-15-at-09.15.05-1024x1021.png 1024w, https:\/\/fibrainternacional.org\/wp-content\/uploads\/2021\/10\/Screenshot-2021-10-15-at-09.15.05-150x150.png 150w, https:\/\/fibrainternacional.org\/wp-content\/uploads\/2021\/10\/Screenshot-2021-10-15-at-09.15.05-768x766.png 768w, https:\/\/fibrainternacional.org\/wp-content\/uploads\/2021\/10\/Screenshot-2021-10-15-at-09.15.05-1536x1532.png 1536w, https:\/\/fibrainternacional.org\/wp-content\/uploads\/2021\/10\/Screenshot-2021-10-15-at-09.15.05-1170x1167.png 1170w, https:\/\/fibrainternacional.org\/wp-content\/uploads\/2021\/10\/Screenshot-2021-10-15-at-09.15.05.png 1596w\" sizes=\"(max-width: 300px) 100vw, 300px\" \/><\/figure>\n\n\n\n<figure class=\"wp-block-image size-medium\"><img decoding=\"async\" width=\"300\" height=\"300\" data-id=\"7116\" src=\"https:\/\/fibrainternacional.org\/wp-content\/uploads\/2021\/10\/Screenshot-2021-10-15-at-09.41.49-300x300.png\" alt=\"\" class=\"wp-image-7116\" srcset=\"https:\/\/fibrainternacional.org\/wp-content\/uploads\/2021\/10\/Screenshot-2021-10-15-at-09.41.49-300x300.png 300w, https:\/\/fibrainternacional.org\/wp-content\/uploads\/2021\/10\/Screenshot-2021-10-15-at-09.41.49-100x100.png 100w, https:\/\/fibrainternacional.org\/wp-content\/uploads\/2021\/10\/Screenshot-2021-10-15-at-09.41.49-600x600.png 600w, https:\/\/fibrainternacional.org\/wp-content\/uploads\/2021\/10\/Screenshot-2021-10-15-at-09.41.49-1024x1024.png 1024w, https:\/\/fibrainternacional.org\/wp-content\/uploads\/2021\/10\/Screenshot-2021-10-15-at-09.41.49-150x150.png 150w, https:\/\/fibrainternacional.org\/wp-content\/uploads\/2021\/10\/Screenshot-2021-10-15-at-09.41.49-768x768.png 768w, https:\/\/fibrainternacional.org\/wp-content\/uploads\/2021\/10\/Screenshot-2021-10-15-at-09.41.49-1536x1536.png 1536w, https:\/\/fibrainternacional.org\/wp-content\/uploads\/2021\/10\/Screenshot-2021-10-15-at-09.41.49-1170x1170.png 1170w, https:\/\/fibrainternacional.org\/wp-content\/uploads\/2021\/10\/Screenshot-2021-10-15-at-09.41.49.png 1596w\" sizes=\"(max-width: 300px) 100vw, 300px\" \/><\/figure>\n<\/figure>\n\n\n\n<p><\/p>\n\n\n\n<p><strong>ARTIGOS:<\/strong><\/p>\n\n\n<style type='text\/css' media='all'>#rt-tpg-container-2554623511 .rt-holder .rt-woo-info .price{color:#0367bf;}body .rt-tpg-container .rt-tpg-isotope-buttons .selected,\n\t\t\t\t\t#rt-tpg-container-2554623511 .layout12 .rt-holder:hover .rt-detail,\n\t\t\t\t\t#rt-tpg-container-2554623511 .isotope8 .rt-holder:hover .rt-detail,\n\t\t\t\t\t#rt-tpg-container-2554623511 .carousel8 .rt-holder:hover .rt-detail,\n\t\t\t\t\t#rt-tpg-container-2554623511 .layout13 .rt-holder .overlay .post-info,\n\t\t\t\t\t#rt-tpg-container-2554623511 .isotope9 .rt-holder .overlay .post-info,\n\t\t\t\t\t#rt-tpg-container-2554623511.rt-tpg-container .layout4 .rt-holder .rt-detail,\n\t\t\t\t\t.rt-modal-2554623511 .md-content,\n\t\t\t\t\t.rt-modal-2554623511 .md-content > .rt-md-content-holder .rt-md-content,\n\t\t\t\t\t.rt-popup-wrap-2554623511.rt-popup-wrap .rt-popup-navigation-wrap,\n\t\t\t\t\t#rt-tpg-container-2554623511 .carousel9 .rt-holder .overlay .post-info{background-color:#0367bf;}#rt-tpg-container-2554623511 .layout5 .rt-holder .overlay, #rt-tpg-container-2554623511 .isotope2 .rt-holder .overlay, #rt-tpg-container-2554623511 .carousel2 .rt-holder .overlay,#rt-tpg-container-2554623511 .layout15 .rt-holder h3, #rt-tpg-container-2554623511 .isotope11 .rt-holder h3, #rt-tpg-container-2554623511 .carousel11 .rt-holder h3, #rt-tpg-container-2554623511 .layout16 .rt-holder h3,\n\t\t\t\t\t#rt-tpg-container-2554623511 .isotope12 .rt-holder h3, #rt-tpg-container-2554623511 .carousel12 .rt-holder h3 {background-color:rgba(3,103,191,0.8);}#rt-tpg-container-2554623511 .read-more a{border-radius:px;}#rt-tpg-container-2554623511 .rt-img-holder img.rt-img-responsive,#rt-tpg-container-2554623511 .rt-img-holder,\n\t\t\t\t\t#rt-tpg-container-2554623511 .rt-post-overlay .post-img,\n\t\t\t\t\t#rt-tpg-container-2554623511 .post-sm .post-img,\n\t\t\t\t\t#rt-tpg-container-2554623511 .rt-post-grid .post-img,\n\t\t\t\t\t#rt-tpg-container-2554623511 .post-img img {border-radius:px;}<\/style><div class='rt-container-fluid rt-tpg-container tpg-shortcode-main-wrapper ' id='rt-tpg-container-2554623511'   data-layout='layout1' data-grid-style='even' data-desktop-col='3'  data-tab-col='2'  data-mobile-col='1' data-sc-id='11282'><div class=\"tpg-widget-heading-wrapper heading-style1 \"><span class=\"tpg-widget-heading-line line-left\"><\/span><h2 class=\"tpg-widget-heading\">In\u00eaz Olud\u00e9<\/h2><span class=\"tpg-widget-heading-line\"><\/span><\/div><div data-title='Loading ...' class='rt-row rt-content-loader   layout1 tpg-even '><div class=\"rt-col-md-4 rt-col-sm-6 rt-col-xs-12 even-grid-item rt-grid-item\" data-id=\"7195\"><div class=\"rt-holder\"><div class=\"rt-img-holder\"><a data-id=\"7195\" class=\"\" href=\"https:\/\/fibrainternacional.org\/?p=7195\"><img loading=\"lazy\" decoding=\"async\" width=\"1596\" height=\"1598\" src=\"https:\/\/fibrainternacional.org\/wp-content\/uploads\/2021\/10\/Screenshot-2021-10-25-at-11.22.23.png\" class=\"rt-img-responsive \" alt=\"\" \/><\/a><\/div><div class='rt-detail'><h3 class=\"entry-title\"><a data-id=\"7195\" class=\"\" href=\"https:\/\/fibrainternacional.org\/?p=7195\">Poesia antifa, a luta \u00e9 verbo.<\/a><\/h3><div class='post-meta-user  '><span class='author'><i class='fa fa-user '><\/i><a href=\"https:\/\/fibrainternacional.org\/?author=2\">clearwaterdijk<\/a><\/span><span class='date'><i class='far fa-calendar-alt '><\/i>25 de outubro de 2021<\/span><span class='categories-links'><i class='fas fa-folder-open '><\/i><a class=\"colunistas\" href=\"https:\/\/fibrainternacional.org\/?cat=197\" rel=\"tag\">Colunistas<\/a><span class=\"rt-separator\">,<\/span><a class=\"inez\" href=\"https:\/\/fibrainternacional.org\/?cat=201\" rel=\"tag\">In\u00eaz Olud\u00ea<\/a><\/span><span class=\"comment-count\"><i class='fas fa-comments '><\/i><a href='https:\/\/fibrainternacional.org\/?p=7195#respond'>(0) <\/a><\/span><\/div><div class='tpg-excerpt'>\u201cSalvo raras exce\u00e7\u00f5es, os poemas inspirados pela Resist\u00eancia, n\u00e3o s\u00e3o grandes poemas\u201d, escreveu o ensa\u00edsta...<\/div><div class='post-meta '><span class='read-more'><a data-id='7195' class='' href='https:\/\/fibrainternacional.org\/?p=7195'>Read More<\/a><\/span><\/div><\/div><\/div><\/div><div class=\"rt-col-md-4 rt-col-sm-6 rt-col-xs-12 even-grid-item rt-grid-item\" data-id=\"7546\"><div class=\"rt-holder\"><div class=\"rt-img-holder\"><a data-id=\"7546\" class=\"\" href=\"https:\/\/fibrainternacional.org\/?p=7546\"><img loading=\"lazy\" decoding=\"async\" width=\"1600\" height=\"900\" src=\"https:\/\/fibrainternacional.org\/wp-content\/uploads\/2021\/11\/Fibra-e\u0301-verbo-Post-para-Twitter-2.png\" class=\"rt-img-responsive \" alt=\"\" \/><\/a><\/div><div class='rt-detail'><h3 class=\"entry-title\"><a data-id=\"7546\" class=\"\" href=\"https:\/\/fibrainternacional.org\/?p=7546\">N\u00e3o existe totalitarismo<\/a><\/h3><div class='post-meta-user  '><span class='author'><i class='fa fa-user '><\/i><a href=\"https:\/\/fibrainternacional.org\/?author=2\">clearwaterdijk<\/a><\/span><span class='date'><i class='far fa-calendar-alt '><\/i>30 de novembro de 2021<\/span><span class='categories-links'><i class='fas fa-folder-open '><\/i><a class=\"artigos\" href=\"https:\/\/fibrainternacional.org\/?cat=6\" rel=\"tag\">Artigos<\/a><span class=\"rt-separator\">,<\/span><a class=\"colunistas\" href=\"https:\/\/fibrainternacional.org\/?cat=197\" rel=\"tag\">Colunistas<\/a><span class=\"rt-separator\">,<\/span><a class=\"inez\" href=\"https:\/\/fibrainternacional.org\/?cat=201\" rel=\"tag\">In\u00eaz Olud\u00ea<\/a><span class=\"rt-separator\">,<\/span><a class=\"opiniao\" href=\"https:\/\/fibrainternacional.org\/?cat=9\" rel=\"tag\">opiniao<\/a><span class=\"rt-separator\">,<\/span><a class=\"reportagens\" href=\"https:\/\/fibrainternacional.org\/?cat=10\" rel=\"tag\">Reportagens<\/a><\/span><span class=\"comment-count\"><i class='fas fa-comments '><\/i><a href='https:\/\/fibrainternacional.org\/?p=7546#respond'>(0) <\/a><\/span><\/div><div class='tpg-excerpt'>&#8220;Museu de Aljube de resist\u00eancia e liberdade, h\u00e1 sempre algu\u00e9m que resiste, h\u00e1 sempre algu\u00e9m...<\/div><div class='post-meta '><span class='read-more'><a data-id='7546' class='' href='https:\/\/fibrainternacional.org\/?p=7546'>Read More<\/a><\/span><\/div><\/div><\/div><\/div><div class=\"rt-col-md-4 rt-col-sm-6 rt-col-xs-12 even-grid-item rt-grid-item\" data-id=\"8121\"><div class=\"rt-holder\"><div class=\"rt-img-holder\"><a data-id=\"8121\" class=\"\" href=\"https:\/\/fibrainternacional.org\/?p=8121\"><img loading=\"lazy\" decoding=\"async\" width=\"2554\" height=\"1436\" src=\"https:\/\/fibrainternacional.org\/wp-content\/uploads\/2022\/01\/Screenshot-2022-01-30-at-09.28.36.png\" class=\"rt-img-responsive \" alt=\"\" \/><\/a><\/div><div class='rt-detail'><h3 class=\"entry-title\"><a data-id=\"8121\" class=\"\" href=\"https:\/\/fibrainternacional.org\/?p=8121\">Lula Livre &#8211; Ativismo na B\u00e9lgica<\/a><\/h3><div class='post-meta-user  '><span class='author'><i class='fa fa-user '><\/i><a href=\"https:\/\/fibrainternacional.org\/?author=2\">clearwaterdijk<\/a><\/span><span class='date'><i class='far fa-calendar-alt '><\/i>30 de janeiro de 2022<\/span><span class='categories-links'><i class='fas fa-folder-open '><\/i><a class=\"artigos\" href=\"https:\/\/fibrainternacional.org\/?cat=6\" rel=\"tag\">Artigos<\/a><span class=\"rt-separator\">,<\/span><a class=\"colunistas\" href=\"https:\/\/fibrainternacional.org\/?cat=197\" rel=\"tag\">Colunistas<\/a><span class=\"rt-separator\">,<\/span><a class=\"inez\" href=\"https:\/\/fibrainternacional.org\/?cat=201\" rel=\"tag\">In\u00eaz Olud\u00ea<\/a><span class=\"rt-separator\">,<\/span><a class=\"reportagens\" href=\"https:\/\/fibrainternacional.org\/?cat=10\" rel=\"tag\">Reportagens<\/a><\/span><span class=\"comment-count\"><i class='fas fa-comments '><\/i><a href='https:\/\/fibrainternacional.org\/?p=8121#respond'>(0) <\/a><\/span><\/div><div class='tpg-excerpt'>De In\u00eaz Olud\u00e9 da Silva, para o site da Fibra 27.01.2022 Os brasileiros residentes no...<\/div><div class='post-meta '><span class='read-more'><a data-id='8121' class='' href='https:\/\/fibrainternacional.org\/?p=8121'>Read More<\/a><\/span><\/div><\/div><\/div><\/div><div class=\"rt-col-md-4 rt-col-sm-6 rt-col-xs-12 even-grid-item rt-grid-item\" data-id=\"8562\"><div class=\"rt-holder\"><div class=\"rt-img-holder\"><a data-id=\"8562\" class=\"\" href=\"https:\/\/fibrainternacional.org\/?p=8562\"><img loading=\"lazy\" decoding=\"async\" width=\"2546\" height=\"1434\" src=\"https:\/\/fibrainternacional.org\/wp-content\/uploads\/2022\/04\/Screenshot-2022-04-02-at-10.33.19.png\" class=\"rt-img-responsive \" alt=\"\" \/><\/a><\/div><div class='rt-detail'><h3 class=\"entry-title\"><a data-id=\"8562\" class=\"\" href=\"https:\/\/fibrainternacional.org\/?p=8562\">Guerras e paz<\/a><\/h3><div class='post-meta-user  '><span class='author'><i class='fa fa-user '><\/i><a href=\"https:\/\/fibrainternacional.org\/?author=2\">clearwaterdijk<\/a><\/span><span class='date'><i class='far fa-calendar-alt '><\/i>2 de abril de 2022<\/span><span class='categories-links'><i class='fas fa-folder-open '><\/i><a class=\"artigos\" href=\"https:\/\/fibrainternacional.org\/?cat=6\" rel=\"tag\">Artigos<\/a><span class=\"rt-separator\">,<\/span><a class=\"inez\" href=\"https:\/\/fibrainternacional.org\/?cat=201\" rel=\"tag\">In\u00eaz Olud\u00ea<\/a><span class=\"rt-separator\">,<\/span><a class=\"reportagens\" href=\"https:\/\/fibrainternacional.org\/?cat=10\" rel=\"tag\">Reportagens<\/a><\/span><span class=\"comment-count\"><i class='fas fa-comments '><\/i><a href='https:\/\/fibrainternacional.org\/?p=8562#respond'>(0) <\/a><\/span><\/div><div class='tpg-excerpt'>Por In\u00eaz Olud\u00e9, para o site da Fibra. Bruxelas, 1 de abril de 2022. O...<\/div><div class='post-meta '><span class='read-more'><a data-id='8562' class='' href='https:\/\/fibrainternacional.org\/?p=8562'>Read More<\/a><\/span><\/div><\/div><\/div><\/div><div class=\"rt-col-md-4 rt-col-sm-6 rt-col-xs-12 even-grid-item rt-grid-item\" data-id=\"8257\"><div class=\"rt-holder\"><div class=\"rt-img-holder\"><a data-id=\"8257\" class=\"\" href=\"https:\/\/fibrainternacional.org\/?p=8257\"><img loading=\"lazy\" decoding=\"async\" width=\"2556\" height=\"1438\" src=\"https:\/\/fibrainternacional.org\/wp-content\/uploads\/2022\/02\/Screenshot-2022-02-24-at-21.56.21.png\" class=\"rt-img-responsive \" alt=\"\" \/><\/a><\/div><div class='rt-detail'><h3 class=\"entry-title\"><a data-id=\"8257\" class=\"\" href=\"https:\/\/fibrainternacional.org\/?p=8257\">Eu s\u00f3 queria um lugar ao sol.<\/a><\/h3><div class='post-meta-user  '><span class='author'><i class='fa fa-user '><\/i><a href=\"https:\/\/fibrainternacional.org\/?author=2\">clearwaterdijk<\/a><\/span><span class='date'><i class='far fa-calendar-alt '><\/i>23 de fevereiro de 2022<\/span><span class='categories-links'><i class='fas fa-folder-open '><\/i><a class=\"colunistas\" href=\"https:\/\/fibrainternacional.org\/?cat=197\" rel=\"tag\">Colunistas<\/a><span class=\"rt-separator\">,<\/span><a class=\"inez\" href=\"https:\/\/fibrainternacional.org\/?cat=201\" rel=\"tag\">In\u00eaz Olud\u00ea<\/a><span class=\"rt-separator\">,<\/span><a class=\"reportagens\" href=\"https:\/\/fibrainternacional.org\/?cat=10\" rel=\"tag\">Reportagens<\/a><\/span><span class=\"comment-count\"><i class='fas fa-comments '><\/i><a href='https:\/\/fibrainternacional.org\/?p=8257#comments'>(3) <\/a><\/span><\/div><div class='tpg-excerpt'>Por In\u00eaz Olud\u00e9, para o site da Fibra. Bruxelas, 23 de fevereiro de 2022. N\u00e3o...<\/div><div class='post-meta '><span class='read-more'><a data-id='8257' class='' href='https:\/\/fibrainternacional.org\/?p=8257'>Read More<\/a><\/span><\/div><\/div><\/div><\/div><div class=\"rt-col-md-4 rt-col-sm-6 rt-col-xs-12 even-grid-item rt-grid-item\" data-id=\"7868\"><div class=\"rt-holder\"><div class=\"rt-img-holder\"><a data-id=\"7868\" class=\"\" href=\"https:\/\/fibrainternacional.org\/?p=7868\"><img loading=\"lazy\" decoding=\"async\" width=\"2554\" height=\"1438\" src=\"https:\/\/fibrainternacional.org\/wp-content\/uploads\/2021\/12\/Screenshot-2021-12-23-at-11.07.41.png\" class=\"rt-img-responsive \" alt=\"\" \/><\/a><\/div><div class='rt-detail'><h3 class=\"entry-title\"><a data-id=\"7868\" class=\"\" href=\"https:\/\/fibrainternacional.org\/?p=7868\">Chile a hist\u00f3ria se repete trazendo alegria e entusiasmo<\/a><\/h3><div class='post-meta-user  '><span class='author'><i class='fa fa-user '><\/i><a href=\"https:\/\/fibrainternacional.org\/?author=2\">clearwaterdijk<\/a><\/span><span class='date'><i class='far fa-calendar-alt '><\/i>23 de dezembro de 2021<\/span><span class='categories-links'><i class='fas fa-folder-open '><\/i><a class=\"artigos\" href=\"https:\/\/fibrainternacional.org\/?cat=6\" rel=\"tag\">Artigos<\/a><span class=\"rt-separator\">,<\/span><a class=\"colunistas\" href=\"https:\/\/fibrainternacional.org\/?cat=197\" rel=\"tag\">Colunistas<\/a><span class=\"rt-separator\">,<\/span><a class=\"inez\" href=\"https:\/\/fibrainternacional.org\/?cat=201\" rel=\"tag\">In\u00eaz Olud\u00ea<\/a><span class=\"rt-separator\">,<\/span><a class=\"reportagens\" href=\"https:\/\/fibrainternacional.org\/?cat=10\" rel=\"tag\">Reportagens<\/a><\/span><span class=\"comment-count\"><i class='fas fa-comments '><\/i><a href='https:\/\/fibrainternacional.org\/?p=7868#respond'>(0) <\/a><\/span><\/div><div class='tpg-excerpt'>Por In\u00eaz Olud\u00e9, para o site da Fibra. 23.12.2021 \u201cO povo unido jamais ser\u00e1 vencido.de...<\/div><div class='post-meta '><span class='read-more'><a data-id='7868' class='' href='https:\/\/fibrainternacional.org\/?p=7868'>Read More<\/a><\/span><\/div><\/div><\/div><\/div><div class=\"rt-col-md-4 rt-col-sm-6 rt-col-xs-12 even-grid-item rt-grid-item\" data-id=\"9377\"><div class=\"rt-holder\"><div class=\"rt-img-holder\"><a data-id=\"9377\" class=\"\" href=\"https:\/\/fibrainternacional.org\/?p=9377\"><img loading=\"lazy\" decoding=\"async\" width=\"1600\" height=\"900\" src=\"https:\/\/fibrainternacional.org\/wp-content\/uploads\/2022\/11\/Sem-nome-Post-para-Twitter-2.png\" class=\"rt-img-responsive \" alt=\"\" \/><\/a><\/div><div class='rt-detail'><h3 class=\"entry-title\"><a data-id=\"9377\" class=\"\" href=\"https:\/\/fibrainternacional.org\/?p=9377\">Brasil ter\u00e1 que se&#8221;desbolsonarizar&#8221; para preservar a democracia<\/a><\/h3><div class='post-meta-user  '><span class='author'><i class='fa fa-user '><\/i><a href=\"https:\/\/fibrainternacional.org\/?author=1\">FibraInternacional<\/a><\/span><span class='date'><i class='far fa-calendar-alt '><\/i>14 de novembro de 2022<\/span><span class='categories-links'><i class='fas fa-folder-open '><\/i><a class=\"artigos\" href=\"https:\/\/fibrainternacional.org\/?cat=6\" rel=\"tag\">Artigos<\/a><span class=\"rt-separator\">,<\/span><a class=\"colunistas\" href=\"https:\/\/fibrainternacional.org\/?cat=197\" rel=\"tag\">Colunistas<\/a><span class=\"rt-separator\">,<\/span><a class=\"inez\" href=\"https:\/\/fibrainternacional.org\/?cat=201\" rel=\"tag\">In\u00eaz Olud\u00ea<\/a><span class=\"rt-separator\">,<\/span><a class=\"opiniao\" href=\"https:\/\/fibrainternacional.org\/?cat=9\" rel=\"tag\">opiniao<\/a><span class=\"rt-separator\">,<\/span><a class=\"reportagens\" href=\"https:\/\/fibrainternacional.org\/?cat=10\" rel=\"tag\">Reportagens<\/a><\/span><span class=\"comment-count\"><i class='fas fa-comments '><\/i><a href='https:\/\/fibrainternacional.org\/?p=9377#respond'>(0) <\/a><\/span><\/div><div class='tpg-excerpt'>Entrevista com Inez OludeROBIN DELOBEL 09 de novembro de 2022 Com 50,9% dos votos contra...<\/div><div class='post-meta '><span class='read-more'><a data-id='9377' class='' href='https:\/\/fibrainternacional.org\/?p=9377'>Read More<\/a><\/span><\/div><\/div><\/div><\/div><\/div><\/div>\n\n\n\n<ul class=\"wp-block-social-links is-layout-flex wp-block-social-links-is-layout-flex\">\n\n\n\n\n\n\n\n<\/ul>\n","protected":false},"excerpt":{"rendered":"<p>Poesias antifas: a luta \u00e9 verbo Artista artivista, poeta subversiva, forma\u00e7\u00e3o em hist\u00f3ria da arte, arqueologia e pintura monumental. Membra da coaliz\u00e3o internacional de artistas<\/p>\n","protected":false},"author":2,"featured_media":0,"parent":0,"menu_order":0,"comment_status":"open","ping_status":"open","template":"","meta":{"om_disable_all_campaigns":false,"_eb_attr":"","footnotes":""},"class_list":["post-7231","page","type-page","status-publish","hentry","three-columns"],"aioseo_notices":[],"rttpg_featured_image_url":null,"rttpg_author":{"display_name":"clearwaterdijk","author_link":"https:\/\/fibrainternacional.org\/?author=2"},"rttpg_comment":0,"rttpg_category":"","rttpg_excerpt":"Poesias antifas: a luta \u00e9 verbo Artista artivista, poeta subversiva, forma\u00e7\u00e3o em hist\u00f3ria da arte, arqueologia e pintura monumental. Membra da coaliz\u00e3o internacional de artistas","_links":{"self":[{"href":"https:\/\/fibrainternacional.org\/index.php?rest_route=\/wp\/v2\/pages\/7231","targetHints":{"allow":["GET"]}}],"collection":[{"href":"https:\/\/fibrainternacional.org\/index.php?rest_route=\/wp\/v2\/pages"}],"about":[{"href":"https:\/\/fibrainternacional.org\/index.php?rest_route=\/wp\/v2\/types\/page"}],"author":[{"embeddable":true,"href":"https:\/\/fibrainternacional.org\/index.php?rest_route=\/wp\/v2\/users\/2"}],"replies":[{"embeddable":true,"href":"https:\/\/fibrainternacional.org\/index.php?rest_route=%2Fwp%2Fv2%2Fcomments&post=7231"}],"version-history":[{"count":11,"href":"https:\/\/fibrainternacional.org\/index.php?rest_route=\/wp\/v2\/pages\/7231\/revisions"}],"predecessor-version":[{"id":11283,"href":"https:\/\/fibrainternacional.org\/index.php?rest_route=\/wp\/v2\/pages\/7231\/revisions\/11283"}],"wp:attachment":[{"href":"https:\/\/fibrainternacional.org\/index.php?rest_route=%2Fwp%2Fv2%2Fmedia&parent=7231"}],"curies":[{"name":"wp","href":"https:\/\/api.w.org\/{rel}","templated":true}]}}