{"id":7235,"date":"2021-10-31T19:00:37","date_gmt":"2021-10-31T18:00:37","guid":{"rendered":"http:\/\/fibrainternacional.org\/?p=7235"},"modified":"2026-02-17T17:38:59","modified_gmt":"2026-02-17T16:38:59","slug":"flavio-carvalho","status":"publish","type":"page","link":"https:\/\/fibrainternacional.org\/?page_id=7235","title":{"rendered":"Fl\u00e1vio Carvalho"},"content":{"rendered":"<p><img decoding=\"async\" class=\"aligncenter\" title=\"Screenshot 2021-10-31 at 18.53.19\" src=\"http:\/\/fibrainternacional.org\/wp-content\/uploads\/elementor\/thumbs\/Screenshot-2021-10-31-at-18.53.19-pfdwkqhjj97qnxq99t514yrtrvry3k3yb8k0y4h3m0.png\" alt=\"Fl\u00e1vio Carvalho (Barcelona\/ES)\"><\/p>\n\n\n<p class=\"has-medium-font-size\"><p><strong>@QUIXOTE MACUNA\u00cdMA: ARRETADO CONTRA FASCISTAS!<\/strong><\/p><\/p>\n\n\n\n<p>Fl\u00e1vio Carvalho \u00e9 pernambucano de Olinda, vivendo h\u00e1 mais de 15 anos em Barcelona. Soci\u00f3logo, nas horas ocupadas dedica-se a ajudar Santos Guerreiros (brasileiros na Europa) contra o Drag\u00e3o da Maldade (a burocracia). Nas livres, calibra o cora\u00e7\u00e3o freireano e a diversidade cultural nordestina com a viv\u00eancia internacional. <\/p>\n\n\n\n<p>\u00c9 escritor-poeta e teatreiro popular (teatro vivencial), meio Quixote, meio Macuna\u00edma. <\/p>\n\n\n\n<p><em>F<\/em>oi condecorado com a <strong><em>Ordem do Rio Branco<\/em><\/strong><em> e eleito Conselheiro Representante dos Brasileiros na Europa (CRBE). Ex-Consultor da UNESCO, da FAO, da OIM e do Minist\u00e9rio da Cultura, do Brasil pr\u00e9-bolsonaro.<\/em><\/p>\n\n\n\n<p><em>Ativista antifascista, ajudou a criar o Coletivo Brasil Catalunya e a Rede de Brasileiras no Exterior.<\/em><em><\/em><\/p>\n\n\n\n<p><em>Membro da Fibra, em Barcelona e no mundo!<\/em><\/p>\n\n\n\n<p>Siga o mo\u00e7o nas redes: <em>no Twitter e Instagram: <\/em><strong><em>@1flaviocarvalho<\/em><\/strong> | <em>no Facebook: <\/em><strong><em>@quixotemacunaima<\/em><\/strong><\/p>\n\n\n\n<p><\/p>\n\n\n\n<p class=\"has-large-font-size\"><strong>ARTIGOS:<\/strong><\/p>\n\n\n<style type='text\/css' media='all'>#rt-tpg-container-3399308780 .rt-holder .rt-woo-info .price{color:#0367bf;}body .rt-tpg-container .rt-tpg-isotope-buttons .selected,\n\t\t\t\t\t#rt-tpg-container-3399308780 .layout12 .rt-holder:hover .rt-detail,\n\t\t\t\t\t#rt-tpg-container-3399308780 .isotope8 .rt-holder:hover .rt-detail,\n\t\t\t\t\t#rt-tpg-container-3399308780 .carousel8 .rt-holder:hover .rt-detail,\n\t\t\t\t\t#rt-tpg-container-3399308780 .layout13 .rt-holder .overlay .post-info,\n\t\t\t\t\t#rt-tpg-container-3399308780 .isotope9 .rt-holder .overlay .post-info,\n\t\t\t\t\t#rt-tpg-container-3399308780.rt-tpg-container .layout4 .rt-holder .rt-detail,\n\t\t\t\t\t.rt-modal-3399308780 .md-content,\n\t\t\t\t\t.rt-modal-3399308780 .md-content > .rt-md-content-holder .rt-md-content,\n\t\t\t\t\t.rt-popup-wrap-3399308780.rt-popup-wrap .rt-popup-navigation-wrap,\n\t\t\t\t\t#rt-tpg-container-3399308780 .carousel9 .rt-holder .overlay .post-info{background-color:#0367bf;}#rt-tpg-container-3399308780 .layout5 .rt-holder .overlay, #rt-tpg-container-3399308780 .isotope2 .rt-holder .overlay, #rt-tpg-container-3399308780 .carousel2 .rt-holder .overlay,#rt-tpg-container-3399308780 .layout15 .rt-holder h3, #rt-tpg-container-3399308780 .isotope11 .rt-holder h3, #rt-tpg-container-3399308780 .carousel11 .rt-holder h3, #rt-tpg-container-3399308780 .layout16 .rt-holder h3,\n\t\t\t\t\t#rt-tpg-container-3399308780 .isotope12 .rt-holder h3, #rt-tpg-container-3399308780 .carousel12 .rt-holder h3 {background-color:rgba(3,103,191,0.8);}#rt-tpg-container-3399308780 .read-more a{border-radius:px;}#rt-tpg-container-3399308780 .rt-img-holder img.rt-img-responsive,#rt-tpg-container-3399308780 .rt-img-holder,\n\t\t\t\t\t#rt-tpg-container-3399308780 .rt-post-overlay .post-img,\n\t\t\t\t\t#rt-tpg-container-3399308780 .post-sm .post-img,\n\t\t\t\t\t#rt-tpg-container-3399308780 .rt-post-grid .post-img,\n\t\t\t\t\t#rt-tpg-container-3399308780 .post-img img {border-radius:px;}<\/style><div class='rt-container-fluid rt-tpg-container tpg-shortcode-main-wrapper ' id='rt-tpg-container-3399308780'   data-layout='layout1' data-grid-style='even' data-desktop-col='3'  data-tab-col='2'  data-mobile-col='1' data-sc-id='11278'><div class=\"tpg-widget-heading-wrapper heading-style1 \"><span class=\"tpg-widget-heading-line line-left\"><\/span><h2 class=\"tpg-widget-heading\">Fl\u00e1vio Carvalho<\/h2><span class=\"tpg-widget-heading-line\"><\/span><\/div><div data-title='Loading ...' class='rt-row rt-content-loader   layout1 tpg-even '><div class=\"rt-col-md-4 rt-col-sm-6 rt-col-xs-12 even-grid-item rt-grid-item\" data-id=\"10292\"><div class=\"rt-holder\"><div class=\"rt-img-holder\"><a data-id=\"10292\" class=\"\" href=\"https:\/\/fibrainternacional.org\/?p=10292\"><img fetchpriority=\"high\" decoding=\"async\" width=\"2548\" height=\"1428\" src=\"https:\/\/fibrainternacional.org\/wp-content\/uploads\/2023\/12\/Screenshot-2023-12-18-at-23.06.33.png\" class=\"rt-img-responsive \" alt=\"\" \/><\/a><\/div><div class='rt-detail'><h3 class=\"entry-title\"><a data-id=\"10292\" class=\"\" href=\"https:\/\/fibrainternacional.org\/?p=10292\">Viva o 18 de dezembro!<\/a><\/h3><div class='post-meta-user  '><span class='author'><i class='fa fa-user '><\/i><a href=\"https:\/\/fibrainternacional.org\/?author=2\">clearwaterdijk<\/a><\/span><span class='date'><i class='far fa-calendar-alt '><\/i>18 de dezembro de 2023<\/span><span class='categories-links'><i class='fas fa-folder-open '><\/i><a class=\"flavio\" href=\"https:\/\/fibrainternacional.org\/?cat=202\" rel=\"tag\">Fl\u00e1vio Carvalho<\/a><span class=\"rt-separator\">,<\/span><a class=\"reportagens\" href=\"https:\/\/fibrainternacional.org\/?cat=10\" rel=\"tag\">Reportagens<\/a><\/span><span class=\"comment-count\"><i class='fas fa-comments '><\/i><a href='https:\/\/fibrainternacional.org\/?p=10292#respond'>(0) <\/a><\/span><\/div><div class='tpg-excerpt'>@1flaviocarvalho, @amaconaima, soci\u00f3logo e escritor, residente em Barcelona. Barcelona, 18 de dezembro de 2023. Importante...<\/div><div class='post-meta '><span class='read-more'><a data-id='10292' class='' href='https:\/\/fibrainternacional.org\/?p=10292'>Read More<\/a><\/span><\/div><\/div><\/div><\/div><div class=\"rt-col-md-4 rt-col-sm-6 rt-col-xs-12 even-grid-item rt-grid-item\" data-id=\"10359\"><div class=\"rt-holder\"><div class=\"rt-img-holder\"><a data-id=\"10359\" class=\"\" href=\"https:\/\/fibrainternacional.org\/?p=10359\"><img decoding=\"async\" width=\"2926\" height=\"1646\" src=\"https:\/\/fibrainternacional.org\/wp-content\/uploads\/2024\/03\/Screenshot-2024-03-07-at-10.19.58.png\" class=\"rt-img-responsive \" alt=\"\" \/><\/a><\/div><div class='rt-detail'><h3 class=\"entry-title\"><a data-id=\"10359\" class=\"\" href=\"https:\/\/fibrainternacional.org\/?p=10359\">Viva Margareth. Acorda, Z\u00e9!<\/a><\/h3><div class='post-meta-user  '><span class='author'><i class='fa fa-user '><\/i><a href=\"https:\/\/fibrainternacional.org\/?author=2\">clearwaterdijk<\/a><\/span><span class='date'><i class='far fa-calendar-alt '><\/i>7 de mar\u00e7o de 2024<\/span><span class='categories-links'><i class='fas fa-folder-open '><\/i><a class=\"artigos\" href=\"https:\/\/fibrainternacional.org\/?cat=6\" rel=\"tag\">Artigos<\/a><span class=\"rt-separator\">,<\/span><a class=\"flavio\" href=\"https:\/\/fibrainternacional.org\/?cat=202\" rel=\"tag\">Fl\u00e1vio Carvalho<\/a><span class=\"rt-separator\">,<\/span><a class=\"reportagens\" href=\"https:\/\/fibrainternacional.org\/?cat=10\" rel=\"tag\">Reportagens<\/a><\/span><span class=\"comment-count\"><i class='fas fa-comments '><\/i><a href='https:\/\/fibrainternacional.org\/?p=10359#respond'>(0) <\/a><\/span><\/div><div class='tpg-excerpt'>sdas Por Fl\u00e1vio Carvalho, para o site da FIBRA.@1flaviocarvalho, @amaconaima, soci\u00f3logo e escritor, residente em...<\/div><div class='post-meta '><span class='read-more'><a data-id='10359' class='' href='https:\/\/fibrainternacional.org\/?p=10359'>Read More<\/a><\/span><\/div><\/div><\/div><\/div><div class=\"rt-col-md-4 rt-col-sm-6 rt-col-xs-12 even-grid-item rt-grid-item\" data-id=\"10419\"><div class=\"rt-holder\"><div class=\"rt-img-holder\"><a data-id=\"10419\" class=\"\" href=\"https:\/\/fibrainternacional.org\/?p=10419\"><img decoding=\"async\" width=\"1920\" height=\"1079\" src=\"https:\/\/fibrainternacional.org\/wp-content\/uploads\/2024\/10\/Screenshot-2024-10-01-at-20.50.10.jpg\" class=\"rt-img-responsive \" alt=\"\" \/><\/a><\/div><div class='rt-detail'><h3 class=\"entry-title\"><a data-id=\"10419\" class=\"\" href=\"https:\/\/fibrainternacional.org\/?p=10419\">Vira-voto. Sugest\u00f5es para campanhas pol\u00edticas ainda n\u00e3o desesperadas.<\/a><\/h3><div class='post-meta-user  '><span class='author'><i class='fa fa-user '><\/i><a href=\"https:\/\/fibrainternacional.org\/?author=2\">clearwaterdijk<\/a><\/span><span class='date'><i class='far fa-calendar-alt '><\/i>1 de outubro de 2024<\/span><span class='categories-links'><i class='fas fa-folder-open '><\/i><a class=\"flavio\" href=\"https:\/\/fibrainternacional.org\/?cat=202\" rel=\"tag\">Fl\u00e1vio Carvalho<\/a><span class=\"rt-separator\">,<\/span><a class=\"reportagens\" href=\"https:\/\/fibrainternacional.org\/?cat=10\" rel=\"tag\">Reportagens<\/a><\/span><span class=\"comment-count\"><i class='fas fa-comments '><\/i><a href='https:\/\/fibrainternacional.org\/?p=10419#respond'>(0) <\/a><\/span><\/div><div class='tpg-excerpt'>Por Flavio Carvalho, para o site da FIBRA.Soci\u00f3logo e escritor, residente em Barcelona. @1flaviocarvalho, @amaconaima...<\/div><div class='post-meta '><span class='read-more'><a data-id='10419' class='' href='https:\/\/fibrainternacional.org\/?p=10419'>Read More<\/a><\/span><\/div><\/div><\/div><\/div><div class=\"rt-col-md-4 rt-col-sm-6 rt-col-xs-12 even-grid-item rt-grid-item\" data-id=\"9388\"><div class=\"rt-holder\"><div class=\"rt-img-holder\"><a data-id=\"9388\" class=\"\" href=\"https:\/\/fibrainternacional.org\/?p=9388\"><img loading=\"lazy\" decoding=\"async\" width=\"2558\" height=\"1432\" src=\"https:\/\/fibrainternacional.org\/wp-content\/uploads\/2022\/11\/Screenshot-2022-11-27-at-15.02.53.png\" class=\"rt-img-responsive \" alt=\"\" \/><\/a><\/div><div class='rt-detail'><h3 class=\"entry-title\"><a data-id=\"9388\" class=\"\" href=\"https:\/\/fibrainternacional.org\/?p=9388\">Viol\u00eancia Machista contra a mulher, a imigrante e a brasileira.<\/a><\/h3><div class='post-meta-user  '><span class='author'><i class='fa fa-user '><\/i><a href=\"https:\/\/fibrainternacional.org\/?author=2\">clearwaterdijk<\/a><\/span><span class='date'><i class='far fa-calendar-alt '><\/i>27 de novembro de 2022<\/span><span class='categories-links'><i class='fas fa-folder-open '><\/i><a class=\"artigos\" href=\"https:\/\/fibrainternacional.org\/?cat=6\" rel=\"tag\">Artigos<\/a><span class=\"rt-separator\">,<\/span><a class=\"colunistas\" href=\"https:\/\/fibrainternacional.org\/?cat=197\" rel=\"tag\">Colunistas<\/a><span class=\"rt-separator\">,<\/span><a class=\"flavio\" href=\"https:\/\/fibrainternacional.org\/?cat=202\" rel=\"tag\">Fl\u00e1vio Carvalho<\/a><span class=\"rt-separator\">,<\/span><a class=\"reportagens\" href=\"https:\/\/fibrainternacional.org\/?cat=10\" rel=\"tag\">Reportagens<\/a><\/span><span class=\"comment-count\"><i class='fas fa-comments '><\/i><a href='https:\/\/fibrainternacional.org\/?p=9388#respond'>(0) <\/a><\/span><\/div><div class='tpg-excerpt'>Ac\u00famulo de opress\u00e3o. De Fl\u00e1vio Carvalho, para o site da FIBRA. Soci\u00f3logo e Escritor. Barcelona...<\/div><div class='post-meta '><span class='read-more'><a data-id='9388' class='' href='https:\/\/fibrainternacional.org\/?p=9388'>Read More<\/a><\/span><\/div><\/div><\/div><\/div><div class=\"rt-col-md-4 rt-col-sm-6 rt-col-xs-12 even-grid-item rt-grid-item\" data-id=\"7378\"><div class=\"rt-holder\"><div class=\"rt-img-holder\"><a data-id=\"7378\" class=\"\" href=\"https:\/\/fibrainternacional.org\/?p=7378\"><img loading=\"lazy\" decoding=\"async\" width=\"1594\" height=\"1592\" src=\"https:\/\/fibrainternacional.org\/wp-content\/uploads\/2021\/11\/Screenshot-2021-11-17-at-23.21.14.png\" class=\"rt-img-responsive \" alt=\"\" \/><\/a><\/div><div class='rt-detail'><h3 class=\"entry-title\"><a data-id=\"7378\" class=\"\" href=\"https:\/\/fibrainternacional.org\/?p=7378\">Vamos falar de Privil\u00e9gios? A Nova Primavera da milit\u00e2ncia no exterior.<\/a><\/h3><div class='post-meta-user  '><span class='author'><i class='fa fa-user '><\/i><a href=\"https:\/\/fibrainternacional.org\/?author=2\">clearwaterdijk<\/a><\/span><span class='date'><i class='far fa-calendar-alt '><\/i>17 de novembro de 2021<\/span><span class='categories-links'><i class='fas fa-folder-open '><\/i><a class=\"artigos\" href=\"https:\/\/fibrainternacional.org\/?cat=6\" rel=\"tag\">Artigos<\/a><span class=\"rt-separator\">,<\/span><a class=\"colunistas\" href=\"https:\/\/fibrainternacional.org\/?cat=197\" rel=\"tag\">Colunistas<\/a><span class=\"rt-separator\">,<\/span><a class=\"flavio\" href=\"https:\/\/fibrainternacional.org\/?cat=202\" rel=\"tag\">Fl\u00e1vio Carvalho<\/a><span class=\"rt-separator\">,<\/span><a class=\"reportagens\" href=\"https:\/\/fibrainternacional.org\/?cat=10\" rel=\"tag\">Reportagens<\/a><\/span><span class=\"comment-count\"><i class='fas fa-comments '><\/i><a href='https:\/\/fibrainternacional.org\/?p=7378#respond'>(0) <\/a><\/span><\/div><div class='tpg-excerpt'>Fl\u00e1vio Carvalho para a Fibra. @1flaviocarvalho, soci\u00f3logo e escritor. Barcelona, novembro de 2021. Para Dai...<\/div><div class='post-meta '><span class='read-more'><a data-id='7378' class='' href='https:\/\/fibrainternacional.org\/?p=7378'>Read More<\/a><\/span><\/div><\/div><\/div><\/div><div class=\"rt-col-md-4 rt-col-sm-6 rt-col-xs-12 even-grid-item rt-grid-item\" data-id=\"11263\"><div class=\"rt-holder\"><div class=\"rt-img-holder\"><a data-id=\"11263\" class=\"\" href=\"https:\/\/fibrainternacional.org\/?p=11263\"><img loading=\"lazy\" decoding=\"async\" width=\"1920\" height=\"1076\" src=\"https:\/\/fibrainternacional.org\/wp-content\/uploads\/2026\/02\/Screenshot-2026-02-17-at-20.40.09.jpg\" class=\"rt-img-responsive \" alt=\"\" \/><\/a><\/div><div class='rt-detail'><h3 class=\"entry-title\"><a data-id=\"11263\" class=\"\" href=\"https:\/\/fibrainternacional.org\/?p=11263\">Um Maestro de FIBRA.<\/a><\/h3><div class='post-meta-user  '><span class='author'><i class='fa fa-user '><\/i><a href=\"https:\/\/fibrainternacional.org\/?author=2\">clearwaterdijk<\/a><\/span><span class='date'><i class='far fa-calendar-alt '><\/i>17 de fevereiro de 2026<\/span><span class='categories-links'><i class='fas fa-folder-open '><\/i><a class=\"colunistas\" href=\"https:\/\/fibrainternacional.org\/?cat=197\" rel=\"tag\">Colunistas<\/a><span class=\"rt-separator\">,<\/span><a class=\"flavio\" href=\"https:\/\/fibrainternacional.org\/?cat=202\" rel=\"tag\">Fl\u00e1vio Carvalho<\/a><span class=\"rt-separator\">,<\/span><a class=\"reportagens\" href=\"https:\/\/fibrainternacional.org\/?cat=10\" rel=\"tag\">Reportagens<\/a><\/span><span class=\"comment-count\"><i class='fas fa-comments '><\/i><a href='https:\/\/fibrainternacional.org\/?p=11263#comments'>(2) <\/a><\/span><\/div><div class='tpg-excerpt'>E a pernambucana, mais que sua filha. Barcelona, 17 de fevereiro de 2026. Por Flavio...<\/div><div class='post-meta '><span class='read-more'><a data-id='11263' class='' href='https:\/\/fibrainternacional.org\/?p=11263'>Read More<\/a><\/span><\/div><\/div><\/div><\/div><div class=\"rt-col-md-4 rt-col-sm-6 rt-col-xs-12 even-grid-item rt-grid-item\" data-id=\"10511\"><div class=\"rt-holder\"><div class=\"rt-img-holder\"><a data-id=\"10511\" class=\"\" href=\"https:\/\/fibrainternacional.org\/?p=10511\"><img loading=\"lazy\" decoding=\"async\" width=\"1920\" height=\"1077\" src=\"https:\/\/fibrainternacional.org\/wp-content\/uploads\/2025\/02\/Screenshot-2025-02-19-at-17.24.22.jpg\" class=\"rt-img-responsive \" alt=\"\" \/><\/a><\/div><div class='rt-detail'><h3 class=\"entry-title\"><a data-id=\"10511\" class=\"\" href=\"https:\/\/fibrainternacional.org\/?p=10511\">Tudo o que n\u00e3o precisamos, no PT, exatamente agora.<\/a><\/h3><div class='post-meta-user  '><span class='author'><i class='fa fa-user '><\/i><a href=\"https:\/\/fibrainternacional.org\/?author=2\">clearwaterdijk<\/a><\/span><span class='date'><i class='far fa-calendar-alt '><\/i>19 de fevereiro de 2025<\/span><span class='categories-links'><i class='fas fa-folder-open '><\/i><a class=\"colunistas\" href=\"https:\/\/fibrainternacional.org\/?cat=197\" rel=\"tag\">Colunistas<\/a><span class=\"rt-separator\">,<\/span><a class=\"flavio\" href=\"https:\/\/fibrainternacional.org\/?cat=202\" rel=\"tag\">Fl\u00e1vio Carvalho<\/a><span class=\"rt-separator\">,<\/span><a class=\"reportagens\" href=\"https:\/\/fibrainternacional.org\/?cat=10\" rel=\"tag\">Reportagens<\/a><\/span><span class=\"comment-count\"><i class='fas fa-comments '><\/i><a href='https:\/\/fibrainternacional.org\/?p=10511#respond'>(0) <\/a><\/span><\/div><div class='tpg-excerpt'>13 PonTinhos inc\u00f4modos. Barcelona, 19 de fevereiro de 2025. Por Flavio Carvalho, soci\u00f3logo e escritor.@1flaviocarvalho...<\/div><div class='post-meta '><span class='read-more'><a data-id='10511' class='' href='https:\/\/fibrainternacional.org\/?p=10511'>Read More<\/a><\/span><\/div><\/div><\/div><\/div><div class=\"rt-col-md-4 rt-col-sm-6 rt-col-xs-12 even-grid-item rt-grid-item\" data-id=\"8664\"><div class=\"rt-holder\"><div class=\"rt-img-holder\"><a data-id=\"8664\" class=\"\" href=\"https:\/\/fibrainternacional.org\/?p=8664\"><img loading=\"lazy\" decoding=\"async\" width=\"2554\" height=\"1434\" src=\"https:\/\/fibrainternacional.org\/wp-content\/uploads\/2022\/05\/Screenshot-2022-05-10-at-08.30.57.png\" class=\"rt-img-responsive \" alt=\"\" \/><\/a><\/div><div class='rt-detail'><h3 class=\"entry-title\"><a data-id=\"8664\" class=\"\" href=\"https:\/\/fibrainternacional.org\/?p=8664\">Trumpismo, Anittismo, TSE e Passaporte. O exitoso aumento do Censo Eleitoral.<\/a><\/h3><div class='post-meta-user  '><span class='author'><i class='fa fa-user '><\/i><a href=\"https:\/\/fibrainternacional.org\/?author=2\">clearwaterdijk<\/a><\/span><span class='date'><i class='far fa-calendar-alt '><\/i>10 de maio de 2022<\/span><span class='categories-links'><i class='fas fa-folder-open '><\/i><a class=\"colunistas\" href=\"https:\/\/fibrainternacional.org\/?cat=197\" rel=\"tag\">Colunistas<\/a><span class=\"rt-separator\">,<\/span><a class=\"flavio\" href=\"https:\/\/fibrainternacional.org\/?cat=202\" rel=\"tag\">Fl\u00e1vio Carvalho<\/a><span class=\"rt-separator\">,<\/span><a class=\"reportagens\" href=\"https:\/\/fibrainternacional.org\/?cat=10\" rel=\"tag\">Reportagens<\/a><\/span><span class=\"comment-count\"><i class='fas fa-comments '><\/i><a href='https:\/\/fibrainternacional.org\/?p=8664#respond'>(0) <\/a><\/span><\/div><div class='tpg-excerpt'>@1flaviocarvalho, soci\u00f3logo e escritor. @quixotemacunaima.Barcelona, 9 de maio de 2022. \u201cComo vai proibir quando o...<\/div><div class='post-meta '><span class='read-more'><a data-id='8664' class='' href='https:\/\/fibrainternacional.org\/?p=8664'>Read More<\/a><\/span><\/div><\/div><\/div><\/div><div class=\"rt-col-md-4 rt-col-sm-6 rt-col-xs-12 even-grid-item rt-grid-item\" data-id=\"4682\"><div class=\"rt-holder\"><div class='rt-detail'><h3 class=\"entry-title\"><a data-id=\"4682\" class=\"\" href=\"https:\/\/fibrainternacional.org\/?p=4682\">Tem gente com fome. Solidariedade tamb\u00e9m \u00e9 N\u00e3o Esperar Pra Amanh\u00e3!<\/a><\/h3><div class='post-meta-user  '><span class='author'><i class='fa fa-user '><\/i><a href=\"https:\/\/fibrainternacional.org\/?author=1\">FibraInternacional<\/a><\/span><span class='date'><i class='far fa-calendar-alt '><\/i>3 de agosto de 2021<\/span><span class='categories-links'><i class='fas fa-folder-open '><\/i><a class=\"artigos\" href=\"https:\/\/fibrainternacional.org\/?cat=6\" rel=\"tag\">Artigos<\/a><span class=\"rt-separator\">,<\/span><a class=\"flavio\" href=\"https:\/\/fibrainternacional.org\/?cat=202\" rel=\"tag\">Fl\u00e1vio Carvalho<\/a><span class=\"rt-separator\">,<\/span><a class=\"opiniao\" href=\"https:\/\/fibrainternacional.org\/?cat=9\" rel=\"tag\">opiniao<\/a><\/span><span class=\"comment-count\"><i class='fas fa-comments '><\/i>(0)<\/span><\/div><div class='tpg-excerpt'>@1flaviocarvalho, Coletivo Brasil Catalunha. Soci\u00f3logo e Escritor. Barcelona, 2 de agosto de 2021. A grande...<\/div><div class='post-meta '><span class='read-more'><a data-id='4682' class='' href='https:\/\/fibrainternacional.org\/?p=4682'>Read More<\/a><\/span><\/div><\/div><\/div><\/div><\/div><div class='rt-pagination-wrap' data-total-pages='9' data-posts-per-page='9' data-type='pagination'  ><div class=\"rt-pagination\" ><ul class=\"pagination-list\"><li class=\"active\"><span>1<\/span><\/li><li><a data-paged='2' href='https:\/\/fibrainternacional.org\/index.php?rest_route=%2Fwp%2Fv2%2Fpages%2F7235&#038;paged=2'>2<\/a><\/li><li><a data-paged='3' href='https:\/\/fibrainternacional.org\/index.php?rest_route=%2Fwp%2Fv2%2Fpages%2F7235&#038;paged=3'>3<\/a><\/li><li><a data-paged='4' href='https:\/\/fibrainternacional.org\/index.php?rest_route=%2Fwp%2Fv2%2Fpages%2F7235&#038;paged=4'>4<\/a><\/li><li><a data-paged='5' href='https:\/\/fibrainternacional.org\/index.php?rest_route=%2Fwp%2Fv2%2Fpages%2F7235&#038;paged=5'>5<\/a><\/li><li><a data-paged='6' href='https:\/\/fibrainternacional.org\/index.php?rest_route=%2Fwp%2Fv2%2Fpages%2F7235&#038;paged=6'>6<\/a><\/li><li><a data-paged='7' href='https:\/\/fibrainternacional.org\/index.php?rest_route=%2Fwp%2Fv2%2Fpages%2F7235&#038;paged=7'>7<\/a><\/li><li><a data-paged='8' href='https:\/\/fibrainternacional.org\/index.php?rest_route=%2Fwp%2Fv2%2Fpages%2F7235&#038;paged=8'>8<\/a><\/li><li><a data-paged='9' href='https:\/\/fibrainternacional.org\/index.php?rest_route=%2Fwp%2Fv2%2Fpages%2F7235&#038;paged=9'>9<\/a><\/li><\/ul><\/div><\/div><\/div>\n","protected":false},"excerpt":{"rendered":"<p>@QUIXOTE MACUNA\u00cdMA: ARRETADO CONTRA FASCISTAS! Fl\u00e1vio Carvalho \u00e9 pernambucano de Olinda, vivendo h\u00e1 mais de 15 anos em Barcelona. Soci\u00f3logo, nas horas ocupadas dedica-se a<\/p>\n","protected":false},"author":2,"featured_media":0,"parent":0,"menu_order":0,"comment_status":"open","ping_status":"open","template":"","meta":{"om_disable_all_campaigns":false,"_eb_attr":"","footnotes":""},"class_list":["post-7235","page","type-page","status-publish","hentry","three-columns"],"aioseo_notices":[],"rttpg_featured_image_url":null,"rttpg_author":{"display_name":"clearwaterdijk","author_link":"https:\/\/fibrainternacional.org\/?author=2"},"rttpg_comment":2,"rttpg_category":"","rttpg_excerpt":"@QUIXOTE MACUNA\u00cdMA: ARRETADO CONTRA FASCISTAS! Fl\u00e1vio Carvalho \u00e9 pernambucano de Olinda, vivendo h\u00e1 mais de 15 anos em Barcelona. Soci\u00f3logo, nas horas ocupadas dedica-se a","_links":{"self":[{"href":"https:\/\/fibrainternacional.org\/index.php?rest_route=\/wp\/v2\/pages\/7235","targetHints":{"allow":["GET"]}}],"collection":[{"href":"https:\/\/fibrainternacional.org\/index.php?rest_route=\/wp\/v2\/pages"}],"about":[{"href":"https:\/\/fibrainternacional.org\/index.php?rest_route=\/wp\/v2\/types\/page"}],"author":[{"embeddable":true,"href":"https:\/\/fibrainternacional.org\/index.php?rest_route=\/wp\/v2\/users\/2"}],"replies":[{"embeddable":true,"href":"https:\/\/fibrainternacional.org\/index.php?rest_route=%2Fwp%2Fv2%2Fcomments&post=7235"}],"version-history":[{"count":9,"href":"https:\/\/fibrainternacional.org\/index.php?rest_route=\/wp\/v2\/pages\/7235\/revisions"}],"predecessor-version":[{"id":11279,"href":"https:\/\/fibrainternacional.org\/index.php?rest_route=\/wp\/v2\/pages\/7235\/revisions\/11279"}],"wp:attachment":[{"href":"https:\/\/fibrainternacional.org\/index.php?rest_route=%2Fwp%2Fv2%2Fmedia&parent=7235"}],"curies":[{"name":"wp","href":"https:\/\/api.w.org\/{rel}","templated":true}]}}