{"id":7366,"date":"2021-11-17T15:25:11","date_gmt":"2021-11-17T14:25:11","guid":{"rendered":"http:\/\/fibrainternacional.org\/?p=7366"},"modified":"2026-02-17T17:44:37","modified_gmt":"2026-02-17T16:44:37","slug":"selma-vital","status":"publish","type":"page","link":"https:\/\/fibrainternacional.org\/?page_id=7366","title":{"rendered":"Selma Vital"},"content":{"rendered":"<p><img fetchpriority=\"high\" decoding=\"async\" class=\"aligncenter\" title=\"Screenshot 2021-11-17 at 15.18.34\" src=\"http:\/\/fibrainternacional.org\/wp-content\/uploads\/elementor\/thumbs\/Screenshot-2021-11-17-at-15.18.34-pg78htcba296allzl671ghx3my5af9edyiexzm3q14.png\" alt=\"Screenshot 2021-11-17 at 15.18.34\" width=\"500\" height=\"500\"><\/p>\n\n\n<p>Selma Vital, jornalista e professora, fez parte do Coletivo Aurora, de Aarhus (Dinamarca) e agora \u00e9 membra independente da Fibra, morando na Carolina do Norte, EUA.<\/p>\n\n\n\n<figure class=\"wp-block-gallery alignleft has-nested-images columns-default is-cropped wp-block-gallery-1 is-layout-flex wp-block-gallery-is-layout-flex\">\n<figure class=\"wp-block-image size-medium\"><img decoding=\"async\" width=\"300\" height=\"300\" data-id=\"7367\" src=\"https:\/\/fibrainternacional.org\/wp-content\/uploads\/2021\/11\/Screenshot-2021-11-17-at-15.18.34-300x300.png\" alt=\"\" class=\"wp-image-7367\" srcset=\"https:\/\/fibrainternacional.org\/wp-content\/uploads\/2021\/11\/Screenshot-2021-11-17-at-15.18.34-300x300.png 300w, https:\/\/fibrainternacional.org\/wp-content\/uploads\/2021\/11\/Screenshot-2021-11-17-at-15.18.34-100x100.png 100w, https:\/\/fibrainternacional.org\/wp-content\/uploads\/2021\/11\/Screenshot-2021-11-17-at-15.18.34-600x601.png 600w, https:\/\/fibrainternacional.org\/wp-content\/uploads\/2021\/11\/Screenshot-2021-11-17-at-15.18.34-1024x1024.png 1024w, https:\/\/fibrainternacional.org\/wp-content\/uploads\/2021\/11\/Screenshot-2021-11-17-at-15.18.34-150x150.png 150w, https:\/\/fibrainternacional.org\/wp-content\/uploads\/2021\/11\/Screenshot-2021-11-17-at-15.18.34-768x769.png 768w, https:\/\/fibrainternacional.org\/wp-content\/uploads\/2021\/11\/Screenshot-2021-11-17-at-15.18.34-1534x1536.png 1534w, https:\/\/fibrainternacional.org\/wp-content\/uploads\/2021\/11\/Screenshot-2021-11-17-at-15.18.34-1170x1171.png 1170w, https:\/\/fibrainternacional.org\/wp-content\/uploads\/2021\/11\/Screenshot-2021-11-17-at-15.18.34.png 1592w\" sizes=\"(max-width: 300px) 100vw, 300px\" \/><\/figure>\n\n\n\n<figure class=\"wp-block-image size-medium\"><img decoding=\"async\" width=\"300\" height=\"300\" data-id=\"7368\" src=\"https:\/\/fibrainternacional.org\/wp-content\/uploads\/2021\/11\/Screenshot-2021-11-17-at-14.28.51-300x300.png\" alt=\"\" class=\"wp-image-7368\" srcset=\"https:\/\/fibrainternacional.org\/wp-content\/uploads\/2021\/11\/Screenshot-2021-11-17-at-14.28.51-300x300.png 300w, https:\/\/fibrainternacional.org\/wp-content\/uploads\/2021\/11\/Screenshot-2021-11-17-at-14.28.51-100x100.png 100w, https:\/\/fibrainternacional.org\/wp-content\/uploads\/2021\/11\/Screenshot-2021-11-17-at-14.28.51-600x600.png 600w, https:\/\/fibrainternacional.org\/wp-content\/uploads\/2021\/11\/Screenshot-2021-11-17-at-14.28.51-1024x1024.png 1024w, https:\/\/fibrainternacional.org\/wp-content\/uploads\/2021\/11\/Screenshot-2021-11-17-at-14.28.51-150x150.png 150w, https:\/\/fibrainternacional.org\/wp-content\/uploads\/2021\/11\/Screenshot-2021-11-17-at-14.28.51-768x768.png 768w, https:\/\/fibrainternacional.org\/wp-content\/uploads\/2021\/11\/Screenshot-2021-11-17-at-14.28.51-1536x1536.png 1536w, https:\/\/fibrainternacional.org\/wp-content\/uploads\/2021\/11\/Screenshot-2021-11-17-at-14.28.51-1170x1170.png 1170w, https:\/\/fibrainternacional.org\/wp-content\/uploads\/2021\/11\/Screenshot-2021-11-17-at-14.28.51.png 1596w\" sizes=\"(max-width: 300px) 100vw, 300px\" \/><\/figure>\n<\/figure>\n\n\n\n<p class=\"has-large-font-size\"><strong>ARTIGOS:<\/strong><\/p>\n\n\n<style type='text\/css' media='all'>#rt-tpg-container-416247075 .rt-holder .rt-woo-info .price{color:#0367bf;}body .rt-tpg-container .rt-tpg-isotope-buttons .selected,\n\t\t\t\t\t#rt-tpg-container-416247075 .layout12 .rt-holder:hover .rt-detail,\n\t\t\t\t\t#rt-tpg-container-416247075 .isotope8 .rt-holder:hover .rt-detail,\n\t\t\t\t\t#rt-tpg-container-416247075 .carousel8 .rt-holder:hover .rt-detail,\n\t\t\t\t\t#rt-tpg-container-416247075 .layout13 .rt-holder .overlay .post-info,\n\t\t\t\t\t#rt-tpg-container-416247075 .isotope9 .rt-holder .overlay .post-info,\n\t\t\t\t\t#rt-tpg-container-416247075.rt-tpg-container .layout4 .rt-holder .rt-detail,\n\t\t\t\t\t.rt-modal-416247075 .md-content,\n\t\t\t\t\t.rt-modal-416247075 .md-content > .rt-md-content-holder .rt-md-content,\n\t\t\t\t\t.rt-popup-wrap-416247075.rt-popup-wrap .rt-popup-navigation-wrap,\n\t\t\t\t\t#rt-tpg-container-416247075 .carousel9 .rt-holder .overlay .post-info{background-color:#0367bf;}#rt-tpg-container-416247075 .layout5 .rt-holder .overlay, #rt-tpg-container-416247075 .isotope2 .rt-holder .overlay, #rt-tpg-container-416247075 .carousel2 .rt-holder .overlay,#rt-tpg-container-416247075 .layout15 .rt-holder h3, #rt-tpg-container-416247075 .isotope11 .rt-holder h3, #rt-tpg-container-416247075 .carousel11 .rt-holder h3, #rt-tpg-container-416247075 .layout16 .rt-holder h3,\n\t\t\t\t\t#rt-tpg-container-416247075 .isotope12 .rt-holder h3, #rt-tpg-container-416247075 .carousel12 .rt-holder h3 {background-color:rgba(3,103,191,0.8);}#rt-tpg-container-416247075 .read-more a{border-radius:px;}#rt-tpg-container-416247075 .rt-img-holder img.rt-img-responsive,#rt-tpg-container-416247075 .rt-img-holder,\n\t\t\t\t\t#rt-tpg-container-416247075 .rt-post-overlay .post-img,\n\t\t\t\t\t#rt-tpg-container-416247075 .post-sm .post-img,\n\t\t\t\t\t#rt-tpg-container-416247075 .rt-post-grid .post-img,\n\t\t\t\t\t#rt-tpg-container-416247075 .post-img img {border-radius:px;}<\/style><div class='rt-container-fluid rt-tpg-container tpg-shortcode-main-wrapper ' id='rt-tpg-container-416247075'   data-layout='layout1' data-grid-style='even' data-desktop-col='3'  data-tab-col='2'  data-mobile-col='1' data-sc-id='11286'><div class=\"tpg-widget-heading-wrapper heading-style1 \"><span class=\"tpg-widget-heading-line line-left\"><\/span><h2 class=\"tpg-widget-heading\">Selma Vital<\/h2><span class=\"tpg-widget-heading-line\"><\/span><\/div><div data-title='Loading ...' class='rt-row rt-content-loader   layout1 tpg-even '><div class=\"rt-col-md-4 rt-col-sm-6 rt-col-xs-12 even-grid-item rt-grid-item\" data-id=\"7375\"><div class=\"rt-holder\"><div class=\"rt-img-holder\"><a data-id=\"7375\" class=\"\" href=\"https:\/\/fibrainternacional.org\/?p=7375\"><img loading=\"lazy\" decoding=\"async\" width=\"1594\" height=\"1592\" src=\"https:\/\/fibrainternacional.org\/wp-content\/uploads\/2021\/11\/Screenshot-2021-11-17-at-15.37.10.png\" class=\"rt-img-responsive \" alt=\"\" \/><\/a><\/div><div class='rt-detail'><h3 class=\"entry-title\"><a data-id=\"7375\" class=\"\" href=\"https:\/\/fibrainternacional.org\/?p=7375\">Vamos ainda de m\u00e3os dadas?<\/a><\/h3><div class='post-meta-user  '><span class='author'><i class='fa fa-user '><\/i><a href=\"https:\/\/fibrainternacional.org\/?author=2\">clearwaterdijk<\/a><\/span><span class='date'><i class='far fa-calendar-alt '><\/i>17 de novembro de 2021<\/span><span class='categories-links'><i class='fas fa-folder-open '><\/i><a class=\"artigos\" href=\"https:\/\/fibrainternacional.org\/?cat=6\" rel=\"tag\">Artigos<\/a><span class=\"rt-separator\">,<\/span><a class=\"colunistas\" href=\"https:\/\/fibrainternacional.org\/?cat=197\" rel=\"tag\">Colunistas<\/a><span class=\"rt-separator\">,<\/span><a class=\"reportagens\" href=\"https:\/\/fibrainternacional.org\/?cat=10\" rel=\"tag\">Reportagens<\/a><span class=\"rt-separator\">,<\/span><a class=\"selma\" href=\"https:\/\/fibrainternacional.org\/?cat=203\" rel=\"tag\">Selma<\/a><\/span><span class=\"comment-count\"><i class='fas fa-comments '><\/i><a href='https:\/\/fibrainternacional.org\/?p=7375#comments'>(2) <\/a><\/span><\/div><div class='tpg-excerpt'>Publicado em 17\/11\/2021 Escrevo no dia em que se comemoram os 99 anos do nascimento...<\/div><div class='post-meta '><span class='read-more'><a data-id='7375' class='' href='https:\/\/fibrainternacional.org\/?p=7375'>Read More<\/a><\/span><\/div><\/div><\/div><\/div><div class=\"rt-col-md-4 rt-col-sm-6 rt-col-xs-12 even-grid-item rt-grid-item\" data-id=\"8341\"><div class=\"rt-holder\"><div class=\"rt-img-holder\"><a data-id=\"8341\" class=\"\" href=\"https:\/\/fibrainternacional.org\/?p=8341\"><img loading=\"lazy\" decoding=\"async\" width=\"2552\" height=\"1434\" src=\"https:\/\/fibrainternacional.org\/wp-content\/uploads\/2022\/02\/Screenshot-2022-02-25-at-20.37.52.png\" class=\"rt-img-responsive \" alt=\"\" \/><\/a><\/div><div class='rt-detail'><h3 class=\"entry-title\"><a data-id=\"8341\" class=\"\" href=\"https:\/\/fibrainternacional.org\/?p=8341\">Uma utopia pra chamar de sua<\/a><\/h3><div class='post-meta-user  '><span class='author'><i class='fa fa-user '><\/i><a href=\"https:\/\/fibrainternacional.org\/?author=2\">clearwaterdijk<\/a><\/span><span class='date'><i class='far fa-calendar-alt '><\/i>25 de fevereiro de 2022<\/span><span class='categories-links'><i class='fas fa-folder-open '><\/i><a class=\"artigos\" href=\"https:\/\/fibrainternacional.org\/?cat=6\" rel=\"tag\">Artigos<\/a><span class=\"rt-separator\">,<\/span><a class=\"colunistas\" href=\"https:\/\/fibrainternacional.org\/?cat=197\" rel=\"tag\">Colunistas<\/a><span class=\"rt-separator\">,<\/span><a class=\"reportagens\" href=\"https:\/\/fibrainternacional.org\/?cat=10\" rel=\"tag\">Reportagens<\/a><span class=\"rt-separator\">,<\/span><a class=\"selma\" href=\"https:\/\/fibrainternacional.org\/?cat=203\" rel=\"tag\">Selma<\/a><\/span><span class=\"comment-count\"><i class='fas fa-comments '><\/i><a href='https:\/\/fibrainternacional.org\/?p=8341#comments'>(2) <\/a><\/span><\/div><div class='tpg-excerpt'>Por Selma Vital para o site da Fibra Carolina do Norte (EUA), 25 de fevereiro...<\/div><div class='post-meta '><span class='read-more'><a data-id='8341' class='' href='https:\/\/fibrainternacional.org\/?p=8341'>Read More<\/a><\/span><\/div><\/div><\/div><\/div><div class=\"rt-col-md-4 rt-col-sm-6 rt-col-xs-12 even-grid-item rt-grid-item\" data-id=\"7861\"><div class=\"rt-holder\"><div class=\"rt-img-holder\"><a data-id=\"7861\" class=\"\" href=\"https:\/\/fibrainternacional.org\/?p=7861\"><img loading=\"lazy\" decoding=\"async\" width=\"2560\" height=\"1432\" src=\"https:\/\/fibrainternacional.org\/wp-content\/uploads\/2021\/12\/Screenshot-2021-12-23-at-09.22.59.png\" class=\"rt-img-responsive \" alt=\"\" \/><\/a><\/div><div class='rt-detail'><h3 class=\"entry-title\"><a data-id=\"7861\" class=\"\" href=\"https:\/\/fibrainternacional.org\/?p=7861\">Sobre o devir: que venha a alegria!<\/a><\/h3><div class='post-meta-user  '><span class='author'><i class='fa fa-user '><\/i><a href=\"https:\/\/fibrainternacional.org\/?author=2\">clearwaterdijk<\/a><\/span><span class='date'><i class='far fa-calendar-alt '><\/i>23 de dezembro de 2021<\/span><span class='categories-links'><i class='fas fa-folder-open '><\/i><a class=\"colunistas\" href=\"https:\/\/fibrainternacional.org\/?cat=197\" rel=\"tag\">Colunistas<\/a><span class=\"rt-separator\">,<\/span><a class=\"reportagens\" href=\"https:\/\/fibrainternacional.org\/?cat=10\" rel=\"tag\">Reportagens<\/a><span class=\"rt-separator\">,<\/span><a class=\"selma\" href=\"https:\/\/fibrainternacional.org\/?cat=203\" rel=\"tag\">Selma<\/a><\/span><span class=\"comment-count\"><i class='fas fa-comments '><\/i><a href='https:\/\/fibrainternacional.org\/?p=7861#respond'>(0) <\/a><\/span><\/div><div class='tpg-excerpt'>Por Selma Vital, para o site da Fibra. 23.12.2021 O poeta desfolha a bandeiraE a...<\/div><div class='post-meta '><span class='read-more'><a data-id='7861' class='' href='https:\/\/fibrainternacional.org\/?p=7861'>Read More<\/a><\/span><\/div><\/div><\/div><\/div><div class=\"rt-col-md-4 rt-col-sm-6 rt-col-xs-12 even-grid-item rt-grid-item\" data-id=\"9127\"><div class=\"rt-holder\"><div class=\"rt-img-holder\"><a data-id=\"9127\" class=\"\" href=\"https:\/\/fibrainternacional.org\/?p=9127\"><img loading=\"lazy\" decoding=\"async\" width=\"2548\" height=\"1430\" src=\"https:\/\/fibrainternacional.org\/wp-content\/uploads\/2022\/08\/Screenshot-2022-08-19-at-15.43.54.png\" class=\"rt-img-responsive \" alt=\"\" \/><\/a><\/div><div class='rt-detail'><h3 class=\"entry-title\"><a data-id=\"9127\" class=\"\" href=\"https:\/\/fibrainternacional.org\/?p=9127\">Qual ser\u00e1 o nosso plano de a\u00e7\u00e3o nesta campanha?<\/a><\/h3><div class='post-meta-user  '><span class='author'><i class='fa fa-user '><\/i><a href=\"https:\/\/fibrainternacional.org\/?author=2\">clearwaterdijk<\/a><\/span><span class='date'><i class='far fa-calendar-alt '><\/i>19 de agosto de 2022<\/span><span class='categories-links'><i class='fas fa-folder-open '><\/i><a class=\"artigos\" href=\"https:\/\/fibrainternacional.org\/?cat=6\" rel=\"tag\">Artigos<\/a><span class=\"rt-separator\">,<\/span><a class=\"colunistas\" href=\"https:\/\/fibrainternacional.org\/?cat=197\" rel=\"tag\">Colunistas<\/a><span class=\"rt-separator\">,<\/span><a class=\"reportagens\" href=\"https:\/\/fibrainternacional.org\/?cat=10\" rel=\"tag\">Reportagens<\/a><span class=\"rt-separator\">,<\/span><a class=\"selma\" href=\"https:\/\/fibrainternacional.org\/?cat=203\" rel=\"tag\">Selma<\/a><\/span><span class=\"comment-count\"><i class='fas fa-comments '><\/i><a href='https:\/\/fibrainternacional.org\/?p=9127#respond'>(0) <\/a><\/span><\/div><div class='tpg-excerpt'>Por Selma Vital, para o site da Fibra. Carolina do Norte, 17.08.2022 &#8220;Onde queres o...<\/div><div class='post-meta '><span class='read-more'><a data-id='9127' class='' href='https:\/\/fibrainternacional.org\/?p=9127'>Read More<\/a><\/span><\/div><\/div><\/div><\/div><div class=\"rt-col-md-4 rt-col-sm-6 rt-col-xs-12 even-grid-item rt-grid-item\" data-id=\"8550\"><div class=\"rt-holder\"><div class=\"rt-img-holder\"><a data-id=\"8550\" class=\"\" href=\"https:\/\/fibrainternacional.org\/?p=8550\"><img loading=\"lazy\" decoding=\"async\" width=\"2552\" height=\"1432\" src=\"https:\/\/fibrainternacional.org\/wp-content\/uploads\/2022\/03\/Screenshot-2022-03-30-at-16.00.01.png\" class=\"rt-img-responsive \" alt=\"\" \/><\/a><\/div><div class='rt-detail'><h3 class=\"entry-title\"><a data-id=\"8550\" class=\"\" href=\"https:\/\/fibrainternacional.org\/?p=8550\">Por um primeiro voto memor\u00e1vel<\/a><\/h3><div class='post-meta-user  '><span class='author'><i class='fa fa-user '><\/i><a href=\"https:\/\/fibrainternacional.org\/?author=2\">clearwaterdijk<\/a><\/span><span class='date'><i class='far fa-calendar-alt '><\/i>30 de mar\u00e7o de 2022<\/span><span class='categories-links'><i class='fas fa-folder-open '><\/i><a class=\"artigos\" href=\"https:\/\/fibrainternacional.org\/?cat=6\" rel=\"tag\">Artigos<\/a><span class=\"rt-separator\">,<\/span><a class=\"selma\" href=\"https:\/\/fibrainternacional.org\/?cat=203\" rel=\"tag\">Selma<\/a><\/span><span class=\"comment-count\"><i class='fas fa-comments '><\/i><a href='https:\/\/fibrainternacional.org\/?p=8550#respond'>(0) <\/a><\/span><\/div><div class='tpg-excerpt'>Por Selma Vital, para o site da Fibra. Carolina do Norte (EUA), 25 de fevereiro...<\/div><div class='post-meta '><span class='read-more'><a data-id='8550' class='' href='https:\/\/fibrainternacional.org\/?p=8550'>Read More<\/a><\/span><\/div><\/div><\/div><\/div><div class=\"rt-col-md-4 rt-col-sm-6 rt-col-xs-12 even-grid-item rt-grid-item\" data-id=\"9250\"><div class=\"rt-holder\"><div class=\"rt-img-holder\"><a data-id=\"9250\" class=\"\" href=\"https:\/\/fibrainternacional.org\/?p=9250\"><img loading=\"lazy\" decoding=\"async\" width=\"2548\" height=\"1430\" src=\"https:\/\/fibrainternacional.org\/wp-content\/uploads\/2022\/09\/Screenshot-2022-09-30-at-00.47.04.png\" class=\"rt-img-responsive \" alt=\"\" \/><\/a><\/div><div class='rt-detail'><h3 class=\"entry-title\"><a data-id=\"9250\" class=\"\" href=\"https:\/\/fibrainternacional.org\/?p=9250\">Mem\u00f3ria e esquecimento<\/a><\/h3><div class='post-meta-user  '><span class='author'><i class='fa fa-user '><\/i><a href=\"https:\/\/fibrainternacional.org\/?author=2\">clearwaterdijk<\/a><\/span><span class='date'><i class='far fa-calendar-alt '><\/i>30 de setembro de 2022<\/span><span class='categories-links'><i class='fas fa-folder-open '><\/i><a class=\"colunistas\" href=\"https:\/\/fibrainternacional.org\/?cat=197\" rel=\"tag\">Colunistas<\/a><span class=\"rt-separator\">,<\/span><a class=\"reportagens\" href=\"https:\/\/fibrainternacional.org\/?cat=10\" rel=\"tag\">Reportagens<\/a><span class=\"rt-separator\">,<\/span><a class=\"selma\" href=\"https:\/\/fibrainternacional.org\/?cat=203\" rel=\"tag\">Selma<\/a><\/span><span class=\"comment-count\"><i class='fas fa-comments '><\/i><a href='https:\/\/fibrainternacional.org\/?p=9250#respond'>(0) <\/a><\/span><\/div><div class='tpg-excerpt'>Por Selma Vital, para o site da Fibra. Iowa, 29 de setembro de 2022. Meu...<\/div><div class='post-meta '><span class='read-more'><a data-id='9250' class='' href='https:\/\/fibrainternacional.org\/?p=9250'>Read More<\/a><\/span><\/div><\/div><\/div><\/div><div class=\"rt-col-md-4 rt-col-sm-6 rt-col-xs-12 even-grid-item rt-grid-item\" data-id=\"8035\"><div class=\"rt-holder\"><div class=\"rt-img-holder\"><a data-id=\"8035\" class=\"\" href=\"https:\/\/fibrainternacional.org\/?p=8035\"><img loading=\"lazy\" decoding=\"async\" width=\"2552\" height=\"1430\" src=\"https:\/\/fibrainternacional.org\/wp-content\/uploads\/2022\/01\/Screenshot-2022-01-23-at-00.20.36.png\" class=\"rt-img-responsive \" alt=\"\" \/><\/a><\/div><div class='rt-detail'><h3 class=\"entry-title\"><a data-id=\"8035\" class=\"\" href=\"https:\/\/fibrainternacional.org\/?p=8035\">Mais que nunca \u00e9 preciso cantar<\/a><\/h3><div class='post-meta-user  '><span class='author'><i class='fa fa-user '><\/i><a href=\"https:\/\/fibrainternacional.org\/?author=2\">clearwaterdijk<\/a><\/span><span class='date'><i class='far fa-calendar-alt '><\/i>23 de janeiro de 2022<\/span><span class='categories-links'><i class='fas fa-folder-open '><\/i><a class=\"artigos\" href=\"https:\/\/fibrainternacional.org\/?cat=6\" rel=\"tag\">Artigos<\/a><span class=\"rt-separator\">,<\/span><a class=\"colunistas\" href=\"https:\/\/fibrainternacional.org\/?cat=197\" rel=\"tag\">Colunistas<\/a><span class=\"rt-separator\">,<\/span><a class=\"reportagens\" href=\"https:\/\/fibrainternacional.org\/?cat=10\" rel=\"tag\">Reportagens<\/a><span class=\"rt-separator\">,<\/span><a class=\"selma\" href=\"https:\/\/fibrainternacional.org\/?cat=203\" rel=\"tag\">Selma<\/a><\/span><span class=\"comment-count\"><i class='fas fa-comments '><\/i><a href='https:\/\/fibrainternacional.org\/?p=8035#respond'>(0) <\/a><\/span><\/div><div class='tpg-excerpt'>Por Selma Vital, para o site da Fibra. 22.01.2022 \u201c&#8230;e no entanto \u00e9 preciso cantar,mais...<\/div><div class='post-meta '><span class='read-more'><a data-id='8035' class='' href='https:\/\/fibrainternacional.org\/?p=8035'>Read More<\/a><\/span><\/div><\/div><\/div><\/div><div class=\"rt-col-md-4 rt-col-sm-6 rt-col-xs-12 even-grid-item rt-grid-item\" data-id=\"9220\"><div class=\"rt-holder\"><div class=\"rt-img-holder\"><a data-id=\"9220\" class=\"\" href=\"https:\/\/fibrainternacional.org\/?p=9220\"><img loading=\"lazy\" decoding=\"async\" width=\"2552\" height=\"1434\" src=\"https:\/\/fibrainternacional.org\/wp-content\/uploads\/2022\/09\/Screenshot-2022-09-28-at-08.32.55.png\" class=\"rt-img-responsive \" alt=\"\" \/><\/a><\/div><div class='rt-detail'><h3 class=\"entry-title\"><a data-id=\"9220\" class=\"\" href=\"https:\/\/fibrainternacional.org\/?p=9220\">Coletivo Aurora em evento acad\u00eamico<\/a><\/h3><div class='post-meta-user  '><span class='author'><i class='fa fa-user '><\/i><a href=\"https:\/\/fibrainternacional.org\/?author=2\">clearwaterdijk<\/a><\/span><span class='date'><i class='far fa-calendar-alt '><\/i>28 de setembro de 2022<\/span><span class='categories-links'><i class='fas fa-folder-open '><\/i><a class=\"reportagens\" href=\"https:\/\/fibrainternacional.org\/?cat=10\" rel=\"tag\">Reportagens<\/a><span class=\"rt-separator\">,<\/span><a class=\"selma\" href=\"https:\/\/fibrainternacional.org\/?cat=203\" rel=\"tag\">Selma<\/a><\/span><span class=\"comment-count\"><i class='fas fa-comments '><\/i><a href='https:\/\/fibrainternacional.org\/?p=9220#respond'>(0) <\/a><\/span><\/div><div class='tpg-excerpt'>Iowa, 28 de setembro de 2022 Por Selma Vital, para o site da FIBRA Em...<\/div><div class='post-meta '><span class='read-more'><a data-id='9220' class='' href='https:\/\/fibrainternacional.org\/?p=9220'>Read More<\/a><\/span><\/div><\/div><\/div><\/div><div class=\"rt-col-md-4 rt-col-sm-6 rt-col-xs-12 even-grid-item rt-grid-item\" data-id=\"8671\"><div class=\"rt-holder\"><div class=\"rt-img-holder\"><a data-id=\"8671\" class=\"\" href=\"https:\/\/fibrainternacional.org\/?p=8671\"><img loading=\"lazy\" decoding=\"async\" width=\"2556\" height=\"1436\" src=\"https:\/\/fibrainternacional.org\/wp-content\/uploads\/2022\/05\/Screenshot-2022-05-16-at-08.31.11.png\" class=\"rt-img-responsive \" alt=\"\" \/><\/a><\/div><div class='rt-detail'><h3 class=\"entry-title\"><a data-id=\"8671\" class=\"\" href=\"https:\/\/fibrainternacional.org\/?p=8671\">A Rita levou meu sorriso&#8230;<\/a><\/h3><div class='post-meta-user  '><span class='author'><i class='fa fa-user '><\/i><a href=\"https:\/\/fibrainternacional.org\/?author=2\">clearwaterdijk<\/a><\/span><span class='date'><i class='far fa-calendar-alt '><\/i>16 de maio de 2022<\/span><span class='categories-links'><i class='fas fa-folder-open '><\/i><a class=\"colunistas\" href=\"https:\/\/fibrainternacional.org\/?cat=197\" rel=\"tag\">Colunistas<\/a><span class=\"rt-separator\">,<\/span><a class=\"reportagens\" href=\"https:\/\/fibrainternacional.org\/?cat=10\" rel=\"tag\">Reportagens<\/a><span class=\"rt-separator\">,<\/span><a class=\"selma\" href=\"https:\/\/fibrainternacional.org\/?cat=203\" rel=\"tag\">Selma<\/a><\/span><span class=\"comment-count\"><i class='fas fa-comments '><\/i><a href='https:\/\/fibrainternacional.org\/?p=8671#comments'>(1) <\/a><\/span><\/div><div class='tpg-excerpt'>Por Selma Vital, para o site da Fibra. Carolina do Norte (EUA), 15 de maio...<\/div><div class='post-meta '><span class='read-more'><a data-id='8671' class='' href='https:\/\/fibrainternacional.org\/?p=8671'>Read More<\/a><\/span><\/div><\/div><\/div><\/div><\/div><\/div>\n\n\n\n<ul class=\"wp-block-social-links is-layout-flex wp-block-social-links-is-layout-flex\"><li class=\"wp-social-link wp-social-link-chain  wp-block-social-link\"><a href=\"https:\/\/linktr.ee\/svital\" class=\"wp-block-social-link-anchor\"><svg width=\"24\" height=\"24\" viewBox=\"0 0 24 24\" version=\"1.1\" xmlns=\"http:\/\/www.w3.org\/2000\/svg\" aria-hidden=\"true\" focusable=\"false\"><path d=\"M15.6,7.2H14v1.5h1.6c2,0,3.7,1.7,3.7,3.7s-1.7,3.7-3.7,3.7H14v1.5h1.6c2.8,0,5.2-2.3,5.2-5.2,0-2.9-2.3-5.2-5.2-5.2zM4.7,12.4c0-2,1.7-3.7,3.7-3.7H10V7.2H8.4c-2.9,0-5.2,2.3-5.2,5.2,0,2.9,2.3,5.2,5.2,5.2H10v-1.5H8.4c-2,0-3.7-1.7-3.7-3.7zm4.6.9h5.3v-1.5H9.3v1.5z\"><\/path><\/svg><span class=\"wp-block-social-link-label screen-reader-text\">Link<\/span><\/a><\/li>\n\n<li class=\"wp-social-link wp-social-link-instagram  wp-block-social-link\"><a href=\"https:\/\/www.instagram.com\/selmadaclaraboia\/\" class=\"wp-block-social-link-anchor\"><svg width=\"24\" height=\"24\" viewBox=\"0 0 24 24\" version=\"1.1\" xmlns=\"http:\/\/www.w3.org\/2000\/svg\" aria-hidden=\"true\" focusable=\"false\"><path d=\"M12,4.622c2.403,0,2.688,0.009,3.637,0.052c0.877,0.04,1.354,0.187,1.671,0.31c0.42,0.163,0.72,0.358,1.035,0.673 c0.315,0.315,0.51,0.615,0.673,1.035c0.123,0.317,0.27,0.794,0.31,1.671c0.043,0.949,0.052,1.234,0.052,3.637 s-0.009,2.688-0.052,3.637c-0.04,0.877-0.187,1.354-0.31,1.671c-0.163,0.42-0.358,0.72-0.673,1.035 c-0.315,0.315-0.615,0.51-1.035,0.673c-0.317,0.123-0.794,0.27-1.671,0.31c-0.949,0.043-1.233,0.052-3.637,0.052 s-2.688-0.009-3.637-0.052c-0.877-0.04-1.354-0.187-1.671-0.31c-0.42-0.163-0.72-0.358-1.035-0.673 c-0.315-0.315-0.51-0.615-0.673-1.035c-0.123-0.317-0.27-0.794-0.31-1.671C4.631,14.688,4.622,14.403,4.622,12 s0.009-2.688,0.052-3.637c0.04-0.877,0.187-1.354,0.31-1.671c0.163-0.42,0.358-0.72,0.673-1.035 c0.315-0.315,0.615-0.51,1.035-0.673c0.317-0.123,0.794-0.27,1.671-0.31C9.312,4.631,9.597,4.622,12,4.622 M12,3 C9.556,3,9.249,3.01,8.289,3.054C7.331,3.098,6.677,3.25,6.105,3.472C5.513,3.702,5.011,4.01,4.511,4.511 c-0.5,0.5-0.808,1.002-1.038,1.594C3.25,6.677,3.098,7.331,3.054,8.289C3.01,9.249,3,9.556,3,12c0,2.444,0.01,2.751,0.054,3.711 c0.044,0.958,0.196,1.612,0.418,2.185c0.23,0.592,0.538,1.094,1.038,1.594c0.5,0.5,1.002,0.808,1.594,1.038 c0.572,0.222,1.227,0.375,2.185,0.418C9.249,20.99,9.556,21,12,21s2.751-0.01,3.711-0.054c0.958-0.044,1.612-0.196,2.185-0.418 c0.592-0.23,1.094-0.538,1.594-1.038c0.5-0.5,0.808-1.002,1.038-1.594c0.222-0.572,0.375-1.227,0.418-2.185 C20.99,14.751,21,14.444,21,12s-0.01-2.751-0.054-3.711c-0.044-0.958-0.196-1.612-0.418-2.185c-0.23-0.592-0.538-1.094-1.038-1.594 c-0.5-0.5-1.002-0.808-1.594-1.038c-0.572-0.222-1.227-0.375-2.185-0.418C14.751,3.01,14.444,3,12,3L12,3z M12,7.378 c-2.552,0-4.622,2.069-4.622,4.622S9.448,16.622,12,16.622s4.622-2.069,4.622-4.622S14.552,7.378,12,7.378z M12,15 c-1.657,0-3-1.343-3-3s1.343-3,3-3s3,1.343,3,3S13.657,15,12,15z M16.804,6.116c-0.596,0-1.08,0.484-1.08,1.08 s0.484,1.08,1.08,1.08c0.596,0,1.08-0.484,1.08-1.08S17.401,6.116,16.804,6.116z\"><\/path><\/svg><span class=\"wp-block-social-link-label screen-reader-text\">Instagram<\/span><\/a><\/li>\n\n<li class=\"wp-social-link wp-social-link-spotify  wp-block-social-link\"><a href=\"https:\/\/open.spotify.com\/show\/0rdAoxRKa8nEXEdGJH0Nyf\" class=\"wp-block-social-link-anchor\"><svg width=\"24\" height=\"24\" viewBox=\"0 0 24 24\" version=\"1.1\" xmlns=\"http:\/\/www.w3.org\/2000\/svg\" aria-hidden=\"true\" focusable=\"false\"><path d=\"M12,2C6.477,2,2,6.477,2,12c0,5.523,4.477,10,10,10c5.523,0,10-4.477,10-10C22,6.477,17.523,2,12,2 M16.586,16.424 c-0.18,0.295-0.563,0.387-0.857,0.207c-2.348-1.435-5.304-1.76-8.785-0.964c-0.335,0.077-0.67-0.133-0.746-0.469 c-0.077-0.335,0.132-0.67,0.469-0.746c3.809-0.871,7.077-0.496,9.713,1.115C16.673,15.746,16.766,16.13,16.586,16.424 M17.81,13.7 c-0.226,0.367-0.706,0.482-1.072,0.257c-2.687-1.652-6.785-2.131-9.965-1.166C6.36,12.917,5.925,12.684,5.8,12.273 C5.675,11.86,5.908,11.425,6.32,11.3c3.632-1.102,8.147-0.568,11.234,1.328C17.92,12.854,18.035,13.335,17.81,13.7 M17.915,10.865 c-3.223-1.914-8.54-2.09-11.618-1.156C5.804,9.859,5.281,9.58,5.131,9.086C4.982,8.591,5.26,8.069,5.755,7.919 c3.532-1.072,9.404-0.865,13.115,1.338c0.445,0.264,0.59,0.838,0.327,1.282C18.933,10.983,18.359,11.129,17.915,10.865\"><\/path><\/svg><span class=\"wp-block-social-link-label screen-reader-text\">Spotify<\/span><\/a><\/li>\n\n\n\n\n\n<\/ul>\n\n\n\n<p>Visite as letras da Selma nestes endere\u00e7os:<\/p>\n","protected":false},"excerpt":{"rendered":"<p>Selma Vital, jornalista e professora, fez parte do Coletivo Aurora, de Aarhus (Dinamarca) e agora \u00e9 membra independente da Fibra, morando na Carolina do Norte,<\/p>\n","protected":false},"author":2,"featured_media":0,"parent":0,"menu_order":0,"comment_status":"open","ping_status":"open","template":"","meta":{"om_disable_all_campaigns":false,"_eb_attr":"","footnotes":""},"class_list":["post-7366","page","type-page","status-publish","hentry","three-columns"],"aioseo_notices":[],"rttpg_featured_image_url":null,"rttpg_author":{"display_name":"clearwaterdijk","author_link":"https:\/\/fibrainternacional.org\/?author=2"},"rttpg_comment":1,"rttpg_category":"","rttpg_excerpt":"Selma Vital, jornalista e professora, fez parte do Coletivo Aurora, de Aarhus (Dinamarca) e agora \u00e9 membra independente da Fibra, morando na Carolina do Norte,","_links":{"self":[{"href":"https:\/\/fibrainternacional.org\/index.php?rest_route=\/wp\/v2\/pages\/7366","targetHints":{"allow":["GET"]}}],"collection":[{"href":"https:\/\/fibrainternacional.org\/index.php?rest_route=\/wp\/v2\/pages"}],"about":[{"href":"https:\/\/fibrainternacional.org\/index.php?rest_route=\/wp\/v2\/types\/page"}],"author":[{"embeddable":true,"href":"https:\/\/fibrainternacional.org\/index.php?rest_route=\/wp\/v2\/users\/2"}],"replies":[{"embeddable":true,"href":"https:\/\/fibrainternacional.org\/index.php?rest_route=%2Fwp%2Fv2%2Fcomments&post=7366"}],"version-history":[{"count":14,"href":"https:\/\/fibrainternacional.org\/index.php?rest_route=\/wp\/v2\/pages\/7366\/revisions"}],"predecessor-version":[{"id":11287,"href":"https:\/\/fibrainternacional.org\/index.php?rest_route=\/wp\/v2\/pages\/7366\/revisions\/11287"}],"wp:attachment":[{"href":"https:\/\/fibrainternacional.org\/index.php?rest_route=%2Fwp%2Fv2%2Fmedia&parent=7366"}],"curies":[{"name":"wp","href":"https:\/\/api.w.org\/{rel}","templated":true}]}}