{"id":767,"date":"2019-06-04T17:16:30","date_gmt":"2019-06-04T20:16:30","guid":{"rendered":"https:\/\/fibrabrasil.wordpress.com\/?page_id=767"},"modified":"2024-02-28T10:00:26","modified_gmt":"2024-02-28T09:00:26","slug":"vozesdefibra","status":"publish","type":"page","link":"https:\/\/fibrainternacional.org\/?page_id=767","title":{"rendered":"Programa Vozes de FIBRA"},"content":{"rendered":"\n<p>O <strong>Programa Vozes de Fibra<\/strong> nasceu em Abril de 2020 para ampliar o di\u00e1logo entre a milit\u00e2ncia internacional organizada, seus interlocutores internacionais e a sociedade brasileira. Vozes carregadas de mensagens corajosas denunciando o Golpe de 2016 e do desdobramento que seguiu \u00e0 crise pol\u00edtica brasileira. Pessoas organizadas em diversos pa\u00edses e articuladas a partir das m\u00eddias sociais cujas vozes v\u00eam lutando incansavelmente para divulgar outras narrativas que melhor definam as raz\u00f5es que d\u00e3o lastro \u00e0 grave crise pol\u00edtica institucional, econ\u00f4mica e social do pa\u00eds neste momento. <\/p>\n\n\n\n<p>O programa, de aproximadamente uma hora de dura\u00e7\u00e3o, \u00e9 produzido por uma pequena equipe de integrantes de diversos coletivos da frente internacional. Vai ao ar semanalmente aos domingos pelo Canal da FIBRA no You Tube, pelo Facebook e Twitter da FIBRA e\/ou pelo Facebook dos coletivos que organizam os programas, ou de m\u00eddias parceiras.<\/p>\n\n\n\n<hr class=\"wp-block-separator has-css-opacity is-style-default\"\/>\n\n\n\n<p class=\"has-vivid-red-color has-text-color has-link-color wp-elements-caad3368b29ea1b79b961bd8fbaf4c5e\"><strong>Vozes de Fibra #02 &#8211; 03.MAR.2024<\/strong><\/p>\n\n\n\n<figure class=\"wp-block-embed is-type-video is-provider-youtube wp-block-embed-youtube wp-embed-aspect-16-9 wp-has-aspect-ratio\"><div class=\"wp-block-embed__wrapper\">\n<iframe title=\"II COMIGRAR! O que \u00e9 isso? (Vozes de Fibra)\" width=\"640\" height=\"360\" src=\"https:\/\/www.youtube.com\/embed\/V0EIrBE1Pog?feature=oembed\" frameborder=\"0\" allow=\"accelerometer; autoplay; clipboard-write; encrypted-media; gyroscope; picture-in-picture; web-share\" referrerpolicy=\"strict-origin-when-cross-origin\" allowfullscreen><\/iframe>\n<\/div><figcaption class=\"wp-element-caption\">II COMIGRAR! O que \u00e9 isso? (Vozes de Fibra).<\/figcaption><\/figure>\n\n\n\n<p class=\"has-vivid-red-color has-text-color has-link-color wp-elements-edfbb3cbec677cbb17a84dfd2e825a92\"><strong>Vozes de Fibra #01 &#8211; 08.JAN.2024<\/strong><\/p>\n\n\n\n<figure class=\"wp-block-embed is-type-video is-provider-youtube wp-block-embed-youtube wp-embed-aspect-16-9 wp-has-aspect-ratio\"><div class=\"wp-block-embed__wrapper\">\n<iframe title=\"\u201cAnistia N\u00e3o! A democracia resiste.\u201d\" width=\"640\" height=\"360\" src=\"https:\/\/www.youtube.com\/embed\/HySRPr2CXPI?feature=oembed\" frameborder=\"0\" allow=\"accelerometer; autoplay; clipboard-write; encrypted-media; gyroscope; picture-in-picture; web-share\" referrerpolicy=\"strict-origin-when-cross-origin\" allowfullscreen><\/iframe>\n<\/div><figcaption class=\"wp-element-caption\">\u201cAnistia N\u00e3o! A democracia resiste.\u201d<\/figcaption><\/figure>\n\n\n\n<hr class=\"wp-block-separator has-alpha-channel-opacity\"\/>\n\n\n\n<p><strong><mark style=\"background-color:rgba(0, 0, 0, 0);color:#026813\" class=\"has-inline-color\"><strong>Programa <\/strong>23 Vozes de FIBRA &#8211; 17.SET.2023<\/mark><\/strong><\/p>\n\n\n\n<figure class=\"wp-block-embed is-type-video is-provider-youtube wp-block-embed-youtube wp-embed-aspect-16-9 wp-has-aspect-ratio\"><div class=\"wp-block-embed__wrapper\">\n<iframe title=\"Superlive - Vozes Negras Contra a Viol\u00eancia: &#039;&#039;O sil\u00eancio n\u00e3o salva ningu\u00e9m&#039;&#039;\" width=\"640\" height=\"360\" src=\"https:\/\/www.youtube.com\/embed\/mJfsJ7x6I74?feature=oembed\" frameborder=\"0\" allow=\"accelerometer; autoplay; clipboard-write; encrypted-media; gyroscope; picture-in-picture; web-share\" referrerpolicy=\"strict-origin-when-cross-origin\" allowfullscreen><\/iframe>\n<\/div><figcaption class=\"wp-element-caption\">Superlive &#8211; Vozes Negras Contra a Viol\u00eancia: &#8221;O sil\u00eancio n\u00e3o salva ningu\u00e9m&#8221;<\/figcaption><\/figure>\n\n\n\n<p><strong><mark style=\"background-color:rgba(0, 0, 0, 0);color:#026813\" class=\"has-inline-color\"><strong>Programa <\/strong>21 Vozes de FIBRA &#8211; 30.JUL.2023<\/mark><\/strong><\/p>\n\n\n\n<figure class=\"wp-block-embed is-type-video is-provider-youtube wp-block-embed-youtube wp-embed-aspect-16-9 wp-has-aspect-ratio\"><div class=\"wp-block-embed__wrapper\">\n<iframe title=\"\u201cPrograma Novo? D\u00ea o seu pitaco\u201d\" width=\"640\" height=\"360\" src=\"https:\/\/www.youtube.com\/embed\/uRPr5LrJwk0?feature=oembed\" frameborder=\"0\" allow=\"accelerometer; autoplay; clipboard-write; encrypted-media; gyroscope; picture-in-picture; web-share\" referrerpolicy=\"strict-origin-when-cross-origin\" allowfullscreen><\/iframe>\n<\/div><figcaption class=\"wp-element-caption\">Programa apresentado por Flavio Carvalho e Ana Isa v Dijk. <br>Tema: &#8220;Programa Novo? D\u00ea o seu pitaco\u201d<\/figcaption><\/figure>\n\n\n\n<p><strong><mark style=\"background-color:rgba(0, 0, 0, 0);color:#026813\" class=\"has-inline-color\"><strong>Programa <\/strong>20 Vozes de FIBRA &#8211; 23.JUL.2023<\/mark><\/strong><\/p>\n\n\n\n<figure class=\"wp-block-embed is-type-video is-provider-youtube wp-block-embed-youtube wp-embed-aspect-16-9 wp-has-aspect-ratio\"><div class=\"wp-block-embed__wrapper\">\n<iframe title=\"O futuro da Amaz\u00f4nia em debate | Retransmiss\u00e3o: Janela Internacional #16\" width=\"640\" height=\"360\" src=\"https:\/\/www.youtube.com\/embed\/ulAhMTpo18M?feature=oembed\" frameborder=\"0\" allow=\"accelerometer; autoplay; clipboard-write; encrypted-media; gyroscope; picture-in-picture; web-share\" referrerpolicy=\"strict-origin-when-cross-origin\" allowfullscreen><\/iframe>\n<\/div><figcaption class=\"wp-element-caption\">O futuro da Amaz\u00f4nia em debate | Retransmiss\u00e3o: Janela Internacional #16<\/figcaption><\/figure>\n\n\n\n<p><strong><mark style=\"background-color:rgba(0, 0, 0, 0);color:#026813\" class=\"has-inline-color\"><strong>Programa <\/strong>19 Vozes de FIBRA &#8211; 16.JUL.2023<\/mark><\/strong><\/p>\n\n\n\n<figure class=\"wp-block-embed is-type-video is-provider-youtube wp-block-embed-youtube wp-embed-aspect-16-9 wp-has-aspect-ratio\"><div class=\"wp-block-embed__wrapper\">\n<iframe title=\"Marcha das Margaridas 2023: Mulheres mobilizadas na reconstru\u00e7\u00e3o do Brasil\" width=\"640\" height=\"360\" src=\"https:\/\/www.youtube.com\/embed\/haLFrfj1JKU?feature=oembed\" frameborder=\"0\" allow=\"accelerometer; autoplay; clipboard-write; encrypted-media; gyroscope; picture-in-picture; web-share\" referrerpolicy=\"strict-origin-when-cross-origin\" allowfullscreen><\/iframe>\n<\/div><figcaption class=\"wp-element-caption\">Programa apresentado por Rebeca R. Lang (Collectif Alerte France Br\u00e9sil\/MD18). <br>Tema: &#8220;Marcha das Margaridas 2023: Mulheres mobilizadas na reconstru\u00e7\u00e3o do Brasil&#8221;<\/figcaption><\/figure>\n\n\n\n<p><strong><mark style=\"background-color:rgba(0, 0, 0, 0);color:#026813\" class=\"has-inline-color\"><strong>Programa <\/strong>18 Vozes de FIBRA &#8211; 02.JUL.2023<\/mark><\/strong><\/p>\n\n\n\n<figure class=\"wp-block-embed is-type-video is-provider-youtube wp-block-embed-youtube wp-embed-aspect-16-9 wp-has-aspect-ratio\"><div class=\"wp-block-embed__wrapper\">\n<iframe title=\"Universidade M\u00fatua - Rodas de Conversa para Troca de Saberes\" width=\"640\" height=\"360\" src=\"https:\/\/www.youtube.com\/embed\/co8jZBKAabs?feature=oembed\" frameborder=\"0\" allow=\"accelerometer; autoplay; clipboard-write; encrypted-media; gyroscope; picture-in-picture; web-share\" referrerpolicy=\"strict-origin-when-cross-origin\" allowfullscreen><\/iframe>\n<\/div><figcaption class=\"wp-element-caption\">Programa apresentado por Rebeca R. Lang (Collectif Alerte France Br\u00e9sil\/MD18). <br>Tema: &#8220;Universidade M\u00fatua &#8211; Rodas de Conversa para Troca de Saberes&#8221;<\/figcaption><\/figure>\n\n\n\n<p><strong><mark style=\"background-color:rgba(0, 0, 0, 0);color:#026813\" class=\"has-inline-color\"><strong>Programa <\/strong>17 Vozes de FIBRA &#8211; 25.JUN.2023<\/mark><\/strong><\/p>\n\n\n\n<figure class=\"wp-block-embed is-type-video is-provider-youtube wp-block-embed-youtube wp-embed-aspect-16-9 wp-has-aspect-ratio\"><div class=\"wp-block-embed__wrapper\">\n<iframe title=\"Marco Temporal N\u00e3o! Dep. Juliana Cardoso explica.\" width=\"640\" height=\"360\" src=\"https:\/\/www.youtube.com\/embed\/c6hcWTJKoJo?feature=oembed\" frameborder=\"0\" allow=\"accelerometer; autoplay; clipboard-write; encrypted-media; gyroscope; picture-in-picture; web-share\" referrerpolicy=\"strict-origin-when-cross-origin\" allowfullscreen><\/iframe>\n<\/div><figcaption class=\"wp-element-caption\">Programa apresentado por T\u00e2nia Veiga (Coletivo Andorinha). <br>Tema: &#8220;Marco Temporal N\u00e3o! Dep. Juliana Cardoso explica.&#8221;<\/figcaption><\/figure>\n\n\n\n<p><strong><mark style=\"background-color:rgba(0, 0, 0, 0);color:#026813\" class=\"has-inline-color\"><strong>Programa <\/strong>16 Vozes de FIBRA &#8211; 03.JUN.2023<\/mark><\/strong><\/p>\n\n\n\n<figure class=\"wp-block-embed is-type-video is-provider-youtube wp-block-embed-youtube wp-embed-aspect-16-9 wp-has-aspect-ratio\"><div class=\"wp-block-embed__wrapper\">\n<iframe title=\"CPI do MST \u2013 a quem interessa?\" width=\"640\" height=\"360\" src=\"https:\/\/www.youtube.com\/embed\/INk2l0x1wxs?feature=oembed\" frameborder=\"0\" allow=\"accelerometer; autoplay; clipboard-write; encrypted-media; gyroscope; picture-in-picture; web-share\" referrerpolicy=\"strict-origin-when-cross-origin\" allowfullscreen><\/iframe>\n<\/div><figcaption class=\"wp-element-caption\">Programa apresentado por T\u00e2nia Veiga (Coletivo Andorinha). <br>Tema: &#8220;CPI do MST \u2013 a quem interessa?&#8221;<\/figcaption><\/figure>\n\n\n\n<p><strong><mark style=\"background-color:rgba(0, 0, 0, 0);color:#026813\" class=\"has-inline-color\"><strong>Programa <\/strong>15 Vozes de FIBRA &#8211; 03.JUN.2023<\/mark><\/strong><\/p>\n\n\n\n<figure class=\"wp-block-embed is-type-video is-provider-youtube wp-block-embed-youtube wp-embed-aspect-16-9 wp-has-aspect-ratio\"><div class=\"wp-block-embed__wrapper\">\n<iframe title=\"Soberania em jogo: se a Exxon Mobil pode, por que a Petrobras n\u00e3o pode?\" width=\"640\" height=\"360\" src=\"https:\/\/www.youtube.com\/embed\/izSxViIgq90?feature=oembed\" frameborder=\"0\" allow=\"accelerometer; autoplay; clipboard-write; encrypted-media; gyroscope; picture-in-picture; web-share\" referrerpolicy=\"strict-origin-when-cross-origin\" allowfullscreen><\/iframe>\n<\/div><figcaption class=\"wp-element-caption\">Programa apresentado por Rebeca R. Lang (Collectif Alerte France Br\u00e9sil\/MD18). <br>Tema: &#8220;Soberania em jogo! Se a Exxon Mobil pode, porque a Petrobr\u00e1s n\u00e3o pode?&#8221;<\/figcaption><\/figure>\n\n\n\n<p><strong><mark style=\"background-color:rgba(0, 0, 0, 0);color:#026813\" class=\"has-inline-color\"><strong>Programa <\/strong>14 Vozes de FIBRA &#8211; 28.MAI.2023<\/mark><\/strong><\/p>\n\n\n\n<figure class=\"wp-block-embed is-type-video is-provider-youtube wp-block-embed-youtube wp-embed-aspect-16-9 wp-has-aspect-ratio\"><div class=\"wp-block-embed__wrapper\">\n<iframe title=\"Trabalhadores Imigrantes na mira da extrema-direita: o caso da Fl\u00f3rida (EUA)\" width=\"640\" height=\"360\" src=\"https:\/\/www.youtube.com\/embed\/tkMpluGo28Q?feature=oembed\" frameborder=\"0\" allow=\"accelerometer; autoplay; clipboard-write; encrypted-media; gyroscope; picture-in-picture; web-share\" referrerpolicy=\"strict-origin-when-cross-origin\" allowfullscreen><\/iframe>\n<\/div><figcaption class=\"wp-element-caption\">Programa apresentado por Miriam Casas (N\u00facleo do PT\/Alemanha e Fibra). <br>Tema: &#8220;Trabalhadores Imigrantes na mira da extrema-direita: o caso da Fl\u00f3rida (EUA)&#8221;<\/figcaption><\/figure>\n\n\n\n<p><strong><mark style=\"background-color:rgba(0, 0, 0, 0);color:#026813\" class=\"has-inline-color\"><strong>Programa <\/strong>13 Vozes de FIBRA &#8211; 07.MAI.2023<\/mark><\/strong><\/p>\n\n\n\n<figure class=\"wp-block-embed is-type-video is-provider-youtube wp-block-embed-youtube wp-embed-aspect-16-9 wp-has-aspect-ratio\"><div class=\"wp-block-embed__wrapper\">\n<iframe title=\"A Nova Pol\u00edtica Migrat\u00f3ria do Governo Lula\" width=\"640\" height=\"360\" src=\"https:\/\/www.youtube.com\/embed\/Hn1u8HR0Wms?feature=oembed\" frameborder=\"0\" allow=\"accelerometer; autoplay; clipboard-write; encrypted-media; gyroscope; picture-in-picture; web-share\" referrerpolicy=\"strict-origin-when-cross-origin\" allowfullscreen><\/iframe>\n<\/div><figcaption class=\"wp-element-caption\">Programa apresentado por Ana Isa van Dijk (Coletivo Amsterdam). <br>Tema: &#8220;A Nova Pol\u00edtica Migrat\u00f3ria do Governo Lula&#8221;<\/figcaption><\/figure>\n\n\n\n<p><strong><mark style=\"background-color:rgba(0, 0, 0, 0);color:#026813\" class=\"has-inline-color\"><strong>Programa <\/strong>12  Vozes de FIBRA &#8211; 07.MAI.2023<\/mark><\/strong><\/p>\n\n\n\n<figure class=\"wp-block-embed is-type-video is-provider-youtube wp-block-embed-youtube wp-embed-aspect-16-9 wp-has-aspect-ratio\"><div class=\"wp-block-embed__wrapper\">\n<iframe title=\"Como acompanhar o governo Lula na luta contra as privatiza\u00e7\u00f5es?\" width=\"640\" height=\"360\" src=\"https:\/\/www.youtube.com\/embed\/kWVb9CwTQ0c?feature=oembed\" frameborder=\"0\" allow=\"accelerometer; autoplay; clipboard-write; encrypted-media; gyroscope; picture-in-picture; web-share\" referrerpolicy=\"strict-origin-when-cross-origin\" allowfullscreen><\/iframe>\n<\/div><figcaption class=\"wp-element-caption\">Programa apresentado por Rebeca R. Lang (Collectif Alerte France Br\u00e9sil\/MD18). <br>Tema: &#8220;Como acompanhar o governo Lula na luta contra as privatiza\u00e7\u00f5es?&#8221;<\/figcaption><\/figure>\n\n\n\n<p><strong><mark style=\"background-color:rgba(0, 0, 0, 0);color:#026813\" class=\"has-inline-color\"><strong>Programa <\/strong>11  Vozes de FIBRA &#8211; 16.ABR.2023<\/mark><\/strong><\/p>\n\n\n\n<figure class=\"wp-block-embed is-type-video is-provider-youtube wp-block-embed-youtube wp-embed-aspect-16-9 wp-has-aspect-ratio\"><div class=\"wp-block-embed__wrapper\">\n<iframe title=\"III Encontro Internacional da Fibra - Lisboa 2023\" width=\"640\" height=\"360\" src=\"https:\/\/www.youtube.com\/embed\/eXbX3HH0KN8?feature=oembed\" frameborder=\"0\" allow=\"accelerometer; autoplay; clipboard-write; encrypted-media; gyroscope; picture-in-picture; web-share\" referrerpolicy=\"strict-origin-when-cross-origin\" allowfullscreen><\/iframe>\n<\/div><figcaption class=\"wp-element-caption\">III Encontro Internacional da Fibra &#8211; Lisboa 2023<\/figcaption><\/figure>\n\n\n\n<p><strong><mark style=\"background-color:rgba(0, 0, 0, 0);color:#026813\" class=\"has-inline-color\"><strong>Programa <\/strong>10  Vozes de FIBRA &#8211; 09.ABR.2023<\/mark><\/strong><\/p>\n\n\n\n<figure class=\"wp-block-embed is-type-video is-provider-youtube wp-block-embed-youtube wp-embed-aspect-16-9 wp-has-aspect-ratio\"><div class=\"wp-block-embed__wrapper\">\n<iframe title=\"RETRANSMISS\u00c3O: As religi\u00f5es de matrizes africanas no contexto s\u00f3cio pol\u00edtico cultural\" width=\"640\" height=\"360\" src=\"https:\/\/www.youtube.com\/embed\/4gm5svghY-4?feature=oembed\" frameborder=\"0\" allow=\"accelerometer; autoplay; clipboard-write; encrypted-media; gyroscope; picture-in-picture; web-share\" referrerpolicy=\"strict-origin-when-cross-origin\" allowfullscreen><\/iframe>\n<\/div><figcaption class=\"wp-element-caption\">Programa apresentado por  Dai Sombra<br>Tema: &#8220;As religi\u00f5es de matrizes africanas no contexto s\u00f3cio pol\u00edtico cultural&#8221;<\/figcaption><\/figure>\n\n\n\n<p><strong><mark style=\"background-color:rgba(0, 0, 0, 0);color:#026813\" class=\"has-inline-color\"><strong>Programa <\/strong>09  Vozes de FIBRA &#8211; 02.ABR.2023<\/mark><\/strong><\/p>\n\n\n\n<figure class=\"wp-block-embed is-type-video is-provider-youtube wp-block-embed-youtube wp-embed-aspect-16-9 wp-has-aspect-ratio\"><div class=\"wp-block-embed__wrapper\">\n<iframe title=\"Que podemos fazer para ampliar a luta em defesa das estatais brasileiras ?\" width=\"640\" height=\"360\" src=\"https:\/\/www.youtube.com\/embed\/eHJBtvb7Yuk?feature=oembed\" frameborder=\"0\" allow=\"accelerometer; autoplay; clipboard-write; encrypted-media; gyroscope; picture-in-picture; web-share\" referrerpolicy=\"strict-origin-when-cross-origin\" allowfullscreen><\/iframe>\n<\/div><figcaption class=\"wp-element-caption\">Programa apresentado por Flavia Costa<br>Tema: &#8220;Que podemos fazer para ampliar a luta em defesa das estatais brasileiras ?&#8221;<\/figcaption><\/figure>\n\n\n\n<p><strong><mark style=\"background-color:rgba(0, 0, 0, 0);color:#026813\" class=\"has-inline-color\"><strong>Programa <\/strong>08  Vozes de FIBRA &#8211; 02.ABR.2023<\/mark><\/strong><\/p>\n\n\n\n<figure class=\"wp-block-embed is-type-video is-provider-youtube wp-block-embed-youtube wp-embed-aspect-16-9 wp-has-aspect-ratio\"><div class=\"wp-block-embed__wrapper\">\n<iframe title=\"Programa Vozes de Fibra: Conversa Franca, com Symmy Larrat\" width=\"640\" height=\"360\" src=\"https:\/\/www.youtube.com\/embed\/gMiq1JVjp7E?feature=oembed\" frameborder=\"0\" allow=\"accelerometer; autoplay; clipboard-write; encrypted-media; gyroscope; picture-in-picture; web-share\" referrerpolicy=\"strict-origin-when-cross-origin\" allowfullscreen><\/iframe>\n<\/div><figcaption class=\"wp-element-caption\">Programa apresentado por T\u00e2nia Veiga (Coletivo Andorinha). <br>Tema: &#8220;Conversa Franca, com Symmy Larrat&#8221;<\/figcaption><\/figure>\n\n\n\n<p><strong><mark style=\"background-color:rgba(0, 0, 0, 0);color:#026813\" class=\"has-inline-color\"><strong>Programa <\/strong>07  Vozes de FIBRA &#8211; 26.MAR.2023<\/mark><\/strong><\/p>\n\n\n\n<figure class=\"wp-block-embed is-type-video is-provider-youtube wp-block-embed-youtube wp-embed-aspect-16-9 wp-has-aspect-ratio\"><div class=\"wp-block-embed__wrapper\">\n<iframe title=\"Programa Vozes de Fibra. Reforma da Educa\u00e7\u00e3o: Revis\u00e3o ou revoga\u00e7\u00e3o? Quais os pr\u00f3ximos desafios?\" width=\"640\" height=\"360\" src=\"https:\/\/www.youtube.com\/embed\/EIO171OBN40?feature=oembed\" frameborder=\"0\" allow=\"accelerometer; autoplay; clipboard-write; encrypted-media; gyroscope; picture-in-picture; web-share\" referrerpolicy=\"strict-origin-when-cross-origin\" allowfullscreen><\/iframe>\n<\/div><figcaption class=\"wp-element-caption\">Programa apresentado por T\u00e2nia Veiga (Coletivo Andorinha). <br>Tema: &#8220;Reforma da Educa\u00e7\u00e3o: Revis\u00e3o ou revoga\u00e7\u00e3o? Quais os pr\u00f3ximos desafios?&#8221;<\/figcaption><\/figure>\n\n\n\n<p><strong><mark style=\"background-color:rgba(0, 0, 0, 0);color:#026813\" class=\"has-inline-color\"><strong>Programa <\/strong>06  Vozes de FIBRA &#8211; 19.MAR.2023<\/mark><\/strong><\/p>\n\n\n\n<figure class=\"wp-block-embed is-type-video is-provider-youtube wp-block-embed-youtube wp-embed-aspect-16-9 wp-has-aspect-ratio\"><div class=\"wp-block-embed__wrapper\">\n<iframe title=\"Luta e Luto. O Substantivo, o Verbo e a FIBRA\" width=\"640\" height=\"360\" src=\"https:\/\/www.youtube.com\/embed\/TZhgcjgi1NM?start=8&#038;feature=oembed\" frameborder=\"0\" allow=\"accelerometer; autoplay; clipboard-write; encrypted-media; gyroscope; picture-in-picture; web-share\" referrerpolicy=\"strict-origin-when-cross-origin\" allowfullscreen><\/iframe>\n<\/div><figcaption class=\"wp-element-caption\">Programa apresentado por Ana Isa v Dijk e M\u00e1rcia Nunes do Coletivo Amsterdam pela Democracia.<br>Tema: &#8220;Luta e Luto. O Substantivo, o Verbo e a FIBRA&#8221;<\/figcaption><\/figure>\n\n\n\n<p><strong><mark style=\"background-color:rgba(0, 0, 0, 0);color:#026813\" class=\"has-inline-color\"><strong>Programas <\/strong>04 e 05  Vozes de FIBRA &#8211; 12.MAR.2023<\/mark><\/strong><\/p>\n\n\n\n<figure class=\"wp-block-embed is-type-video is-provider-youtube wp-block-embed-youtube wp-embed-aspect-16-9 wp-has-aspect-ratio\"><div class=\"wp-block-embed__wrapper\">\n<iframe title=\"Fibra Petroleira Coletes&amp;Ab\u00f3bora: Mem\u00f3ria e Resist\u00eancia dos povos ind\u00edgenas \u00e0s classes trabalhadoras\" width=\"640\" height=\"360\" src=\"https:\/\/www.youtube.com\/embed\/fbfaUGonrlo?feature=oembed\" frameborder=\"0\" allow=\"accelerometer; autoplay; clipboard-write; encrypted-media; gyroscope; picture-in-picture; web-share\" referrerpolicy=\"strict-origin-when-cross-origin\" allowfullscreen><\/iframe>\n<\/div><figcaption class=\"wp-element-caption\">Programa apresentado por Rebeca R. Lang. <br>Tema: &#8220;Fibra Petroleira Coletes&amp;Ab\u00f3bora: Mem\u00f3ria e Resist\u00eancia dos povos ind\u00edgenas \u00e0s classes trabalhadoras&#8221;<\/figcaption><\/figure>\n\n\n\n<figure class=\"wp-block-embed is-type-video is-provider-youtube wp-block-embed-youtube wp-embed-aspect-16-9 wp-has-aspect-ratio\"><div class=\"wp-block-embed__wrapper\">\n<iframe title=\"Programa Vozes de Fibra: Mar\u00e7o, M\u00eas das Mulheres em luta.\" width=\"640\" height=\"360\" src=\"https:\/\/www.youtube.com\/embed\/voWBAzbaC0U?feature=oembed\" frameborder=\"0\" allow=\"accelerometer; autoplay; clipboard-write; encrypted-media; gyroscope; picture-in-picture; web-share\" referrerpolicy=\"strict-origin-when-cross-origin\" allowfullscreen><\/iframe>\n<\/div><figcaption class=\"wp-element-caption\">Programa apresentado por Fl\u00e1via Costa. <br>Tema: &#8220;Mar\u00e7o, M\u00eas das Mulheres em luta.&#8221;<\/figcaption><\/figure>\n\n\n\n<p><strong><mark style=\"background-color:rgba(0, 0, 0, 0);color:#026813\" class=\"has-inline-color\"><strong>Programa <\/strong>03  Vozes de FIBRA &#8211; 05.MAR.2023<\/mark><\/strong><\/p>\n\n\n\n<figure class=\"wp-block-embed is-type-video is-provider-youtube wp-block-embed-youtube wp-embed-aspect-16-9 wp-has-aspect-ratio\"><div class=\"wp-block-embed__wrapper\">\n<iframe title=\"Vozes de FIBRA: A Luta das Mulheres \u00e9 pela VIDA! Defesa das Leis de prote\u00e7\u00e3o \u00e0s Mulheres Trans.\" width=\"640\" height=\"360\" src=\"https:\/\/www.youtube.com\/embed\/UiwltRbnZL4?feature=oembed\" frameborder=\"0\" allow=\"accelerometer; autoplay; clipboard-write; encrypted-media; gyroscope; picture-in-picture; web-share\" referrerpolicy=\"strict-origin-when-cross-origin\" allowfullscreen><\/iframe>\n<\/div><figcaption class=\"wp-element-caption\">Programa apresentado por Heloise Leroy. <br>Tema: &#8220;A Luta das Mulheres \u00e9 pela vida. Defesa das Leis de prote\u00e7\u00e3o \u00e0s Mulheres Trans.&#8221;<\/figcaption><\/figure>\n\n\n\n<p><strong><mark style=\"background-color:rgba(0, 0, 0, 0);color:#026813\" class=\"has-inline-color\"><strong>Programa <\/strong>02  Vozes de FIBRA &#8211; 26.FEV.2023<\/mark><\/strong><\/p>\n\n\n\n<figure class=\"wp-block-embed is-type-video is-provider-youtube wp-block-embed-youtube wp-embed-aspect-16-9 wp-has-aspect-ratio\"><div class=\"wp-block-embed__wrapper\">\n<iframe title=\"Vozes de Fibra - Dia Internacional da L\u00edngua Materna\" width=\"640\" height=\"360\" src=\"https:\/\/www.youtube.com\/embed\/qMYuqbqg8cc?feature=oembed\" frameborder=\"0\" allow=\"accelerometer; autoplay; clipboard-write; encrypted-media; gyroscope; picture-in-picture; web-share\" referrerpolicy=\"strict-origin-when-cross-origin\" allowfullscreen><\/iframe>\n<\/div><figcaption class=\"wp-element-caption\">Programa apresentado por Flavia Costa. <br>Tema: &#8220;Dia Internacional da L\u00edngua Materna&#8221;<\/figcaption><\/figure>\n\n\n\n<p><strong><mark style=\"background-color:rgba(0, 0, 0, 0);color:#026813\" class=\"has-inline-color\"><strong>Programa <\/strong>01  Vozes de FIBRA &#8211; 29.JAN.2023<\/mark><\/strong><\/p>\n\n\n\n<figure class=\"wp-block-embed is-type-video is-provider-youtube wp-block-embed-youtube wp-embed-aspect-16-9 wp-has-aspect-ratio\"><div class=\"wp-block-embed__wrapper\">\n<iframe title=\"Emerg\u00eancia Yanomami - O que n\u00f3s temos a ver com isso?\" width=\"640\" height=\"360\" src=\"https:\/\/www.youtube.com\/embed\/CjYg7eewo_o?feature=oembed\" frameborder=\"0\" allow=\"accelerometer; autoplay; clipboard-write; encrypted-media; gyroscope; picture-in-picture; web-share\" referrerpolicy=\"strict-origin-when-cross-origin\" allowfullscreen><\/iframe>\n<\/div><figcaption class=\"wp-element-caption\">Programa apresentado por M\u00edriam Casas e T\u00e2nia Veiga. <br>Tema: &#8220;Emerg\u00eancia Yanomami &#8211; O que n\u00f3s temos a ver com isso?&#8221;<\/figcaption><\/figure>\n\n\n\n<hr class=\"wp-block-separator has-alpha-channel-opacity\"\/>\n\n\n\n<p><strong><mark style=\"background-color:rgba(0, 0, 0, 0)\" class=\"has-inline-color has-vivid-purple-color\"><strong><mark style=\"background-color:rgba(0, 0, 0, 0)\" class=\"has-inline-color has-vivid-purple-color\">Programa 44<\/mark><\/strong>  Vozes de FIBRA &#8211; 11.DEZ.2022<\/mark><\/strong><\/p>\n\n\n\n<figure class=\"wp-block-embed is-type-video is-provider-youtube wp-block-embed-youtube wp-embed-aspect-16-9 wp-has-aspect-ratio\"><div class=\"wp-block-embed__wrapper\">\n<iframe title=\"Assange Livre!\" width=\"640\" height=\"360\" src=\"https:\/\/www.youtube.com\/embed\/9-5WXM5i0J4?feature=oembed\" frameborder=\"0\" allow=\"accelerometer; autoplay; clipboard-write; encrypted-media; gyroscope; picture-in-picture; web-share\" referrerpolicy=\"strict-origin-when-cross-origin\" allowfullscreen><\/iframe>\n<\/div><figcaption class=\"wp-element-caption\">Programa apresentado por T\u00e2nia Veiga. <br>Tema: &#8220;Assange Livre!&#8221;<\/figcaption><\/figure>\n\n\n\n<p><strong><mark style=\"background-color:rgba(0, 0, 0, 0)\" class=\"has-inline-color has-vivid-purple-color\">Programa 43 Vozes de FIBRA &#8211; 04.DEC.2022<\/mark><\/strong><\/p>\n\n\n\n<figure class=\"wp-block-embed is-type-video is-provider-youtube wp-block-embed-youtube wp-embed-aspect-16-9 wp-has-aspect-ratio\"><div class=\"wp-block-embed__wrapper\">\n<iframe title=\"Reestatiza\u00e7\u00e3o J\u00e1! Reformas em curso e a d\u00edvida p\u00fablica brasileira.\" width=\"640\" height=\"360\" src=\"https:\/\/www.youtube.com\/embed\/VfbJdcoI8Ro?feature=oembed\" frameborder=\"0\" allow=\"accelerometer; autoplay; clipboard-write; encrypted-media; gyroscope; picture-in-picture; web-share\" referrerpolicy=\"strict-origin-when-cross-origin\" allowfullscreen><\/iframe>\n<\/div><figcaption class=\"wp-element-caption\">Programa apresentado por Rebeca Lang. <br>Tema: &#8220;Fibra Petroleira e Coletes Ab\u00f3bora #11&#8221;<\/figcaption><\/figure>\n\n\n\n<p><strong><mark style=\"background-color:rgba(0, 0, 0, 0)\" class=\"has-inline-color has-vivid-purple-color\">Programa 42 Vozes de FIBRA &#8211; 27.NOV.2022<\/mark><\/strong><\/p>\n\n\n\n<figure class=\"wp-block-embed is-type-video is-provider-youtube wp-block-embed-youtube wp-embed-aspect-16-9 wp-has-aspect-ratio\"><div class=\"wp-block-embed__wrapper\">\n<iframe title=\"FIBRA VERDE #14 &quot;Esperan\u00e7ando e agindo para  restaurar o meio ambiente&quot;\" width=\"640\" height=\"360\" src=\"https:\/\/www.youtube.com\/embed\/FsLFY4PxN1Y?feature=oembed\" frameborder=\"0\" allow=\"accelerometer; autoplay; clipboard-write; encrypted-media; gyroscope; picture-in-picture; web-share\" referrerpolicy=\"strict-origin-when-cross-origin\" allowfullscreen><\/iframe>\n<\/div><figcaption class=\"wp-element-caption\">Programa apresentado por Rebeca Lang. <br>Tema: &#8220;FIBRA VERDE #14 &#8220;Esperan\u00e7ando e agindo para restaurar o meio ambiente&#8221;<\/figcaption><\/figure>\n\n\n\n<p><strong><mark style=\"background-color:rgba(0, 0, 0, 0)\" class=\"has-inline-color has-vivid-purple-color\">Programa 41 Vozes de FIBRA &#8211; 06.NOV.2022<\/mark><\/strong><\/p>\n\n\n\n<figure class=\"wp-block-embed is-type-video is-provider-youtube wp-block-embed-youtube wp-embed-aspect-16-9 wp-has-aspect-ratio\"><div class=\"wp-block-embed__wrapper\">\n<iframe title=\"Programa Vozes de FIBRA - Fibra Petroleira e Coletes Ab\u00f3bora #10\" width=\"640\" height=\"360\" src=\"https:\/\/www.youtube.com\/embed\/c6InoyfHBUU?feature=oembed\" frameborder=\"0\" allow=\"accelerometer; autoplay; clipboard-write; encrypted-media; gyroscope; picture-in-picture; web-share\" referrerpolicy=\"strict-origin-when-cross-origin\" allowfullscreen><\/iframe>\n<\/div><figcaption class=\"wp-element-caption\">Programa apresentado por Rebeca Lang. <br>Tema: &#8220;Fibra Petroleira e Coletes Ab\u00f3bora #10&#8221;<\/figcaption><\/figure>\n\n\n\n<p><strong><mark style=\"background-color:rgba(0, 0, 0, 0)\" class=\"has-inline-color has-vivid-purple-color\">Programa 40 Vozes de FIBRA &#8211; 23.OUT.2022<\/mark><\/strong><\/p>\n\n\n\n<figure class=\"wp-block-embed is-type-video is-provider-youtube wp-block-embed-youtube wp-embed-aspect-16-9 wp-has-aspect-ratio\"><div class=\"wp-block-embed__wrapper\">\nhttps:\/\/youtu.be\/J9oAkhZYrl8\n<\/div><figcaption class=\"wp-element-caption\">LIVE INTERCONTINENTAL. JUNTOS PELO BRASIL. VOTAMOS LULA 13. parte 3\/3<\/figcaption><\/figure>\n\n\n\n<figure class=\"wp-block-embed is-type-video is-provider-youtube wp-block-embed-youtube wp-embed-aspect-16-9 wp-has-aspect-ratio\"><div class=\"wp-block-embed__wrapper\">\nhttps:\/\/youtu.be\/TG1GwBytroc\n<\/div><figcaption class=\"wp-element-caption\">LIVE INTERCONTINENTAL. JUNTOS PELO BRASIL. VOTAMOS LULA 13. parte 2\/3<\/figcaption><\/figure>\n\n\n\n<figure class=\"wp-block-embed is-type-video is-provider-youtube wp-block-embed-youtube wp-embed-aspect-16-9 wp-has-aspect-ratio\"><div class=\"wp-block-embed__wrapper\">\nhttps:\/\/youtu.be\/6z14UO-nb9o\n<\/div><figcaption class=\"wp-element-caption\">LIVE INTERCONTINENTAL. JUNTOS PELO BRASIL. VOTAMOS LULA 13. parte 1\/3<\/figcaption><\/figure>\n\n\n\n<p><strong><mark style=\"background-color:rgba(0, 0, 0, 0)\" class=\"has-inline-color has-vivid-purple-color\">Programa 39 Vozes de FIBRA &#8211; 16.OUT.2022<\/mark><\/strong><\/p>\n\n\n\n<figure class=\"wp-block-embed is-type-video is-provider-youtube wp-block-embed-youtube wp-embed-aspect-16-9 wp-has-aspect-ratio\"><div class=\"wp-block-embed__wrapper\">\n<iframe title=\"Elei\u00e7\u00e3o brasileira no exterior: engajamento e desafios para o segundo turno.\" width=\"640\" height=\"360\" src=\"https:\/\/www.youtube.com\/embed\/JSC79DJkwyI?feature=oembed\" frameborder=\"0\" allow=\"accelerometer; autoplay; clipboard-write; encrypted-media; gyroscope; picture-in-picture; web-share\" referrerpolicy=\"strict-origin-when-cross-origin\" allowfullscreen><\/iframe>\n<\/div><\/figure>\n\n\n\n<p><strong><mark style=\"background-color:rgba(0, 0, 0, 0)\" class=\"has-inline-color has-vivid-purple-color\">Programa 38 Vozes de FIBRA &#8211; 09.OUT.2022<\/mark><\/strong><\/p>\n\n\n\n<figure class=\"wp-block-embed is-type-video is-provider-youtube wp-block-embed-youtube wp-embed-aspect-16-9 wp-has-aspect-ratio\"><div class=\"wp-block-embed__wrapper\">\n<iframe title=\"Funda\u00e7\u00e3o  do 1\u00ba Comit\u00ea Popular de Luta da Austr\u00e1lia\" width=\"640\" height=\"360\" src=\"https:\/\/www.youtube.com\/embed\/kvhbyOhFJQY?feature=oembed\" frameborder=\"0\" allow=\"accelerometer; autoplay; clipboard-write; encrypted-media; gyroscope; picture-in-picture; web-share\" referrerpolicy=\"strict-origin-when-cross-origin\" allowfullscreen><\/iframe>\n<\/div><\/figure>\n\n\n\n<p><strong><mark style=\"background-color:rgba(0, 0, 0, 0)\" class=\"has-inline-color has-vivid-purple-color\">Programa 37 Vozes de FIBRA &#8211; 25.SET.2022<\/mark><\/strong><\/p>\n\n\n\n<figure class=\"wp-block-embed is-type-video is-provider-youtube wp-block-embed-youtube wp-embed-aspect-16-9 wp-has-aspect-ratio\"><div class=\"wp-block-embed__wrapper\">\n<iframe title=\"A luta pol\u00ectica dos povos ind\u00ecgenas e dos ambientalistas FIBRA VERDE #13\" width=\"640\" height=\"360\" src=\"https:\/\/www.youtube.com\/embed\/EJLYGGj51cQ?feature=oembed\" frameborder=\"0\" allow=\"accelerometer; autoplay; clipboard-write; encrypted-media; gyroscope; picture-in-picture; web-share\" referrerpolicy=\"strict-origin-when-cross-origin\" allowfullscreen><\/iframe>\n<\/div><figcaption class=\"wp-element-caption\">Programa apresentado por Rebeca R. Lang. tema: &#8220;A luta pol\u00ectica dos povos ind\u00ecgenas e dos ambientalistas FIBRA VERDE #13&#8221;<\/figcaption><\/figure>\n\n\n\n<p><strong><mark style=\"background-color:rgba(0, 0, 0, 0)\" class=\"has-inline-color has-vivid-purple-color\">Programa 36 Vozes de FIBRA &#8211; 10.SET.2022<\/mark><\/strong><\/p>\n\n\n\n<figure class=\"wp-block-embed is-type-video is-provider-youtube wp-block-embed-youtube wp-embed-aspect-16-9 wp-has-aspect-ratio\"><div class=\"wp-block-embed__wrapper\">\n<iframe title=\"CAATINGA \u00c9 DINHEIRO: a moeda social do MTC\" width=\"640\" height=\"360\" src=\"https:\/\/www.youtube.com\/embed\/VRX7WR9-FMY?feature=oembed\" frameborder=\"0\" allow=\"accelerometer; autoplay; clipboard-write; encrypted-media; gyroscope; picture-in-picture; web-share\" referrerpolicy=\"strict-origin-when-cross-origin\" allowfullscreen><\/iframe>\n<\/div><figcaption class=\"wp-element-caption\">Programa apresentado por Aline Marcelino. Tema: &#8220;CAATINGA \u00c9 DINHEIRO: a moeda social do MTC&#8221;<\/figcaption><\/figure>\n\n\n\n<p><strong><mark style=\"background-color:rgba(0, 0, 0, 0)\" class=\"has-inline-color has-vivid-purple-color\">Programa 35 Vozes de FIBRA &#8211; 04.SET.2022<\/mark><\/strong><\/p>\n\n\n\n<figure class=\"wp-block-embed is-type-video is-provider-youtube wp-block-embed-youtube wp-embed-aspect-16-9 wp-has-aspect-ratio\"><div class=\"wp-block-embed__wrapper\">\n<iframe title=\"Programa Vozes de Fibra: Fibra Petroleira &amp; Coletes Ab\u00f3bora #9\" width=\"640\" height=\"360\" src=\"https:\/\/www.youtube.com\/embed\/A9frqqleEQY?feature=oembed\" frameborder=\"0\" allow=\"accelerometer; autoplay; clipboard-write; encrypted-media; gyroscope; picture-in-picture; web-share\" referrerpolicy=\"strict-origin-when-cross-origin\" allowfullscreen><\/iframe>\n<\/div><figcaption class=\"wp-element-caption\">Programa apresentado por Rebeca R. Lang. <br>Tema: &#8220;Vozes de Fibra: Fibra Petroleira &amp; Coletes Ab\u00f3bora #9&#8221;<\/figcaption><\/figure>\n\n\n\n<p><strong><mark style=\"background-color:rgba(0, 0, 0, 0)\" class=\"has-inline-color has-vivid-purple-color\">Programa 34 Vozes de FIBRA &#8211; 28.AGO.2022<\/mark><\/strong><\/p>\n\n\n\n<figure class=\"wp-block-embed is-type-video is-provider-youtube wp-block-embed-youtube wp-embed-aspect-16-9 wp-has-aspect-ratio\"><div class=\"wp-block-embed__wrapper\">\n<iframe title=\"Supress\u00e3o de votos brasileiros no exterior: os desafios para 2026\" width=\"640\" height=\"360\" src=\"https:\/\/www.youtube.com\/embed\/4SAo1bHUBmc?feature=oembed\" frameborder=\"0\" allow=\"accelerometer; autoplay; clipboard-write; encrypted-media; gyroscope; picture-in-picture; web-share\" referrerpolicy=\"strict-origin-when-cross-origin\" allowfullscreen><\/iframe>\n<\/div><figcaption class=\"wp-element-caption\">Programa apresentado por Rene de Melo.<br>Tema: &#8220;Supress\u00e3o de votos brasileiros no exterior: os desafios para 2026&#8221;<\/figcaption><\/figure>\n\n\n\n<p><strong><mark style=\"background-color:rgba(0, 0, 0, 0)\" class=\"has-inline-color has-vivid-purple-color\">Programa 33 Vozes de FIBRA &#8211; 21.AGO.2022<\/mark><\/strong><\/p>\n\n\n\n<figure class=\"wp-block-embed is-type-video is-provider-youtube wp-block-embed-youtube wp-embed-aspect-16-9 wp-has-aspect-ratio\"><div class=\"wp-block-embed__wrapper\">\n<iframe title=\"FIBRA VERDE #12: Povos Chiquitano, conquistas e desafios\" width=\"640\" height=\"360\" src=\"https:\/\/www.youtube.com\/embed\/1zsdjLXtmU4?feature=oembed\" frameborder=\"0\" allow=\"accelerometer; autoplay; clipboard-write; encrypted-media; gyroscope; picture-in-picture; web-share\" referrerpolicy=\"strict-origin-when-cross-origin\" allowfullscreen><\/iframe>\n<\/div><figcaption class=\"wp-element-caption\">Programa apresentado por Rebeca R\u00f4 Lang, Collectief Alerte France Br\u00e9sil\/MD18.<br>Tema: &#8220;FIBRA VERDE #12: Povos Chiquitano, conquistas e desafios.&#8221;<\/figcaption><\/figure>\n\n\n\n<p><strong><mark style=\"background-color:rgba(0, 0, 0, 0)\" class=\"has-inline-color has-vivid-purple-color\">Programa 32 Vozes de FIBRA &#8211; 14.AGO.2022<\/mark><\/strong><\/p>\n\n\n\n<figure class=\"wp-block-embed is-type-video is-provider-youtube wp-block-embed-youtube wp-embed-aspect-16-9 wp-has-aspect-ratio\"><div class=\"wp-block-embed__wrapper\">\n<iframe title=\"Projeto Anne Frank Presente: a\u00e7\u00f5es educativas contra o autoritarismo\" width=\"640\" height=\"360\" src=\"https:\/\/www.youtube.com\/embed\/hqMrkFFeDTg?feature=oembed\" frameborder=\"0\" allow=\"accelerometer; autoplay; clipboard-write; encrypted-media; gyroscope; picture-in-picture; web-share\" referrerpolicy=\"strict-origin-when-cross-origin\" allowfullscreen><\/iframe>\n<\/div><figcaption class=\"wp-element-caption\">Programa apresentado por T6ania Veiga do Coletivo Andorinha.<br>Tema: &#8220;Projeto Anne Frank Presente: a\u00e7\u00f5es educativas contra o autoritarismo.&#8221;<\/figcaption><\/figure>\n\n\n\n<p><strong><mark style=\"background-color:rgba(0, 0, 0, 0)\" class=\"has-inline-color has-vivid-purple-color\">Programa 31 Vozes de FIBRA &#8211; 31.JUL.2022<\/mark><\/strong><\/p>\n\n\n\n<figure class=\"wp-block-embed is-type-video is-provider-youtube wp-block-embed-youtube wp-embed-aspect-16-9 wp-has-aspect-ratio\"><div class=\"wp-block-embed__wrapper\">\n<iframe title=\"Economia solid\u00e1ria: solu\u00e7\u00e3o para os desafios socioambientais latinoamericanos?\" width=\"640\" height=\"360\" src=\"https:\/\/www.youtube.com\/embed\/6JKFe96yXNo?feature=oembed\" frameborder=\"0\" allow=\"accelerometer; autoplay; clipboard-write; encrypted-media; gyroscope; picture-in-picture; web-share\" referrerpolicy=\"strict-origin-when-cross-origin\" allowfullscreen><\/iframe>\n<\/div><figcaption class=\"wp-element-caption\">Programa apresentado por T\u00e2nia Veiga. <br>Tema: &#8220;Economia solid\u00e1ria: solu\u00e7\u00e3o para os desafios socioambientais latinoamericanos?&#8221;<\/figcaption><\/figure>\n\n\n\n<p><strong><mark style=\"background-color:rgba(0, 0, 0, 0)\" class=\"has-inline-color has-vivid-purple-color\">Programa 30 Vozes de FIBRA &#8211; 24.JUL.2022<\/mark><\/strong><\/p>\n\n\n\n<figure class=\"wp-block-embed is-type-video is-provider-youtube wp-block-embed-youtube wp-embed-aspect-16-9 wp-has-aspect-ratio\"><div class=\"wp-block-embed__wrapper\">\n<iframe title=\"Cabo Anselmo: a maldade recorrente em regimes autorit\u00e1rios\" width=\"640\" height=\"360\" src=\"https:\/\/www.youtube.com\/embed\/eiGfUv2Tsqc?feature=oembed\" frameborder=\"0\" allow=\"accelerometer; autoplay; clipboard-write; encrypted-media; gyroscope; picture-in-picture; web-share\" referrerpolicy=\"strict-origin-when-cross-origin\" allowfullscreen><\/iframe>\n<\/div><figcaption class=\"wp-element-caption\">Programa apresentado por T\u00e2nia Veiga. <br>Tema: &#8220;Cabo Anselmo: a maldade recorrente em regimes autorit\u00e1rios.&#8221;<\/figcaption><\/figure>\n\n\n\n<p><strong><mark style=\"background-color:rgba(0, 0, 0, 0)\" class=\"has-inline-color has-vivid-purple-color\">Programa 29 Vozes de FIBRA &#8211; 17.JUL.2022<\/mark><\/strong><\/p>\n\n\n\n<figure class=\"wp-block-embed is-type-video is-provider-youtube wp-block-embed-youtube wp-embed-aspect-16-9 wp-has-aspect-ratio\"><div class=\"wp-block-embed__wrapper\">\n<iframe title=\"Fibra Verde #11: Reconstruir um Brasil Soberano, agroecol\u00f3gico e para todos \u00e9 poss\u00edvel\" width=\"640\" height=\"360\" src=\"https:\/\/www.youtube.com\/embed\/46Uji_teDNY?feature=oembed\" frameborder=\"0\" allow=\"accelerometer; autoplay; clipboard-write; encrypted-media; gyroscope; picture-in-picture; web-share\" referrerpolicy=\"strict-origin-when-cross-origin\" allowfullscreen><\/iframe>\n<\/div><figcaption class=\"wp-element-caption\">Programa apresentado por Rebeca R. Lang e Divaneide de Souza. <br>Tema: &#8220;Fibra Verde #11: Reconstruir um Brasil Soberano, agroecol\u00f3gico e para todos \u00e9 poss\u00edvel.&#8221;<\/figcaption><\/figure>\n\n\n\n<p><strong><mark style=\"background-color:rgba(0, 0, 0, 0)\" class=\"has-inline-color has-vivid-purple-color\">Programa 28 Vozes de FIBRA &#8211; 10.JUL.2022<\/mark><\/strong><\/p>\n\n\n\n<figure class=\"wp-block-embed is-type-video is-provider-youtube wp-block-embed-youtube wp-embed-aspect-16-9 wp-has-aspect-ratio\"><div class=\"wp-block-embed__wrapper\">\n<iframe title=\"Cultura brasileira: Leis Paulo Gustavo, Aldir Blanc, perspectivas e elei\u00e7\u00f5es.\" width=\"640\" height=\"360\" src=\"https:\/\/www.youtube.com\/embed\/s1UuqS5GIYo?feature=oembed\" frameborder=\"0\" allow=\"accelerometer; autoplay; clipboard-write; encrypted-media; gyroscope; picture-in-picture; web-share\" referrerpolicy=\"strict-origin-when-cross-origin\" allowfullscreen><\/iframe>\n<\/div><\/figure>\n\n\n\n<p><strong><mark style=\"background-color:rgba(0, 0, 0, 0)\" class=\"has-inline-color has-vivid-purple-color\">Programa 27 Vozes de FIBRA &#8211; 03.JUL.2022<\/mark><\/strong><\/p>\n\n\n\n<figure class=\"wp-block-embed is-type-video is-provider-youtube wp-block-embed-youtube wp-embed-aspect-16-9 wp-has-aspect-ratio\"><div class=\"wp-block-embed__wrapper\">\n<iframe title=\"Fibra Petroleira &amp; Coletes Ab\u00f3bora #8\" width=\"640\" height=\"360\" src=\"https:\/\/www.youtube.com\/embed\/dwaW3wPH4ys?feature=oembed\" frameborder=\"0\" allow=\"accelerometer; autoplay; clipboard-write; encrypted-media; gyroscope; picture-in-picture; web-share\" referrerpolicy=\"strict-origin-when-cross-origin\" allowfullscreen><\/iframe>\n<\/div><\/figure>\n\n\n\n<p><strong><mark style=\"background-color:rgba(0, 0, 0, 0)\" class=\"has-inline-color has-vivid-purple-color\">Programa 26 Vozes de FIBRA &#8211; 26.JUN.2022<\/mark><\/strong><\/p>\n\n\n\n<figure class=\"wp-block-embed is-type-video is-provider-youtube wp-block-embed-youtube wp-embed-aspect-16-9 wp-has-aspect-ratio\"><div class=\"wp-block-embed__wrapper\">\n<iframe title=\"Orgulho TRANS*Forma #2\" width=\"640\" height=\"360\" src=\"https:\/\/www.youtube.com\/embed\/dpSUe5Z3ToA?feature=oembed\" frameborder=\"0\" allow=\"accelerometer; autoplay; clipboard-write; encrypted-media; gyroscope; picture-in-picture; web-share\" referrerpolicy=\"strict-origin-when-cross-origin\" allowfullscreen><\/iframe>\n<\/div><figcaption class=\"wp-element-caption\">Tema: &#8220;Orgulho TRANS*Forma #2&#8221;<\/figcaption><\/figure>\n\n\n\n<p><strong><mark style=\"background-color:rgba(0, 0, 0, 0)\" class=\"has-inline-color has-vivid-purple-color\">Programa 25 Vozes de FIBRA &#8211; 19.JUN.2022<\/mark><\/strong><\/p>\n\n\n\n<figure class=\"wp-block-embed is-type-video is-provider-youtube wp-block-embed-youtube wp-embed-aspect-16-9 wp-has-aspect-ratio\"><div class=\"wp-block-embed__wrapper\">\n<iframe title=\"Vozes de Fibra apresenta FIBRA VERDE: BH em luta pela Serra do Curral\" width=\"640\" height=\"360\" src=\"https:\/\/www.youtube.com\/embed\/jHZS2z4kDVA?feature=oembed\" frameborder=\"0\" allow=\"accelerometer; autoplay; clipboard-write; encrypted-media; gyroscope; picture-in-picture; web-share\" referrerpolicy=\"strict-origin-when-cross-origin\" allowfullscreen><\/iframe>\n<\/div><figcaption class=\"wp-element-caption\">Programa apresentado por Rebeca R. Lang e Divaneide de Souza. <br>Tema: &#8220;FIBRA VERDE: BH em luta pela Serra do Curral.&#8221; <\/figcaption><\/figure>\n\n\n\n<p><strong><mark style=\"background-color:rgba(0, 0, 0, 0)\" class=\"has-inline-color has-vivid-purple-color\">Programa 24 Vozes de FIBRA &#8211; 12.JUN.2022<\/mark><\/strong><\/p>\n\n\n\n<figure class=\"wp-block-embed is-type-video is-provider-youtube wp-block-embed-youtube wp-embed-aspect-16-9 wp-has-aspect-ratio\"><div class=\"wp-block-embed__wrapper\">\n<iframe title=\"PROGRAMA Vozes de Fibra  -  Vozes ind\u00edgenas: a luta continua\" width=\"640\" height=\"360\" src=\"https:\/\/www.youtube.com\/embed\/tnfHvOYB44I?feature=oembed\" frameborder=\"0\" allow=\"accelerometer; autoplay; clipboard-write; encrypted-media; gyroscope; picture-in-picture; web-share\" referrerpolicy=\"strict-origin-when-cross-origin\" allowfullscreen><\/iframe>\n<\/div><figcaption class=\"wp-element-caption\">Programa apresentado por Rejane Stuntebeck e M\u00edriam Casas. <br>Tema: &#8220;Vozes Ind\u00edgenas: a luta continua.&#8221;<\/figcaption><\/figure>\n\n\n\n<p><strong><mark style=\"background-color:rgba(0, 0, 0, 0)\" class=\"has-inline-color has-vivid-purple-color\">Programa 23 Vozes de FIBRA &#8211; 05.JUN.2022<\/mark><\/strong><\/p>\n\n\n\n<figure class=\"wp-block-embed is-type-video is-provider-youtube wp-block-embed-youtube wp-embed-aspect-16-9 wp-has-aspect-ratio\"><div class=\"wp-block-embed__wrapper\">\n<iframe title=\"Fibra Petroleira &amp; Coletes Ab\u00f3bora #07\" width=\"640\" height=\"360\" src=\"https:\/\/www.youtube.com\/embed\/gbpcUMO1tnw?feature=oembed\" frameborder=\"0\" allow=\"accelerometer; autoplay; clipboard-write; encrypted-media; gyroscope; picture-in-picture; web-share\" referrerpolicy=\"strict-origin-when-cross-origin\" allowfullscreen><\/iframe>\n<\/div><figcaption class=\"wp-element-caption\">Programa apresentado por Rebeca R. Lang. <br>Tema: &#8220;Fibra Petroleira e Coletes Ab\u00f3bora #7&#8221; <\/figcaption><\/figure>\n\n\n\n<p><strong><mark style=\"background-color:rgba(0, 0, 0, 0)\" class=\"has-inline-color has-vivid-purple-color\">Programa 22 Vozes de FIBRA &#8211; 29.MAI.2022<\/mark><\/strong><\/p>\n\n\n\n<figure class=\"wp-block-embed is-type-video is-provider-youtube wp-block-embed-youtube wp-embed-aspect-16-9 wp-has-aspect-ratio\"><div class=\"wp-block-embed__wrapper\">\n<iframe title=\"Campanha FREE ASSANGE e a garantia da liberdade de imprensa\" width=\"640\" height=\"360\" src=\"https:\/\/www.youtube.com\/embed\/i1wqiECWiHQ?feature=oembed\" frameborder=\"0\" allow=\"accelerometer; autoplay; clipboard-write; encrypted-media; gyroscope; picture-in-picture; web-share\" referrerpolicy=\"strict-origin-when-cross-origin\" allowfullscreen><\/iframe>\n<\/div><figcaption class=\"wp-element-caption\">Programa apresentado por Rebeca R. Lang. <br>Tema: &#8220;Campanha FREE ASSANGE e a garantia da liberdade de imprensa.&#8221;<\/figcaption><\/figure>\n\n\n\n<p><strong><mark style=\"background-color:rgba(0, 0, 0, 0)\" class=\"has-inline-color has-vivid-purple-color\">Programa 21 Vozes de FIBRA &#8211; 22.MAI.2022<\/mark><\/strong><\/p>\n\n\n\n<figure class=\"wp-block-embed is-type-video is-provider-youtube wp-block-embed-youtube wp-embed-aspect-16-9 wp-has-aspect-ratio\"><div class=\"wp-block-embed__wrapper\">\n<iframe title=\"Vozes de FIBRA: \u00abTribunal Permanente dos Povos : o governo genocida no banco dos r\u00e9us\u00a0\u00bb\" width=\"640\" height=\"360\" src=\"https:\/\/www.youtube.com\/embed\/bsKeHEkm9kc?feature=oembed\" frameborder=\"0\" allow=\"accelerometer; autoplay; clipboard-write; encrypted-media; gyroscope; picture-in-picture; web-share\" referrerpolicy=\"strict-origin-when-cross-origin\" allowfullscreen><\/iframe>\n<\/div><figcaption class=\"wp-element-caption\">Programa apresentado por M\u00e1rcia Camargos e Rebeca R. Lang. <br>Tema: &#8220;Tribunal Permanente dos Povos : o governo genocida no banco dos r\u00e9us&#8221;<\/figcaption><\/figure>\n\n\n\n<p><strong><mark style=\"background-color:rgba(0, 0, 0, 0)\" class=\"has-inline-color has-vivid-purple-color\">Programa 20 Vozes de FIBRA &#8211; 15.MAI.2022<\/mark><\/strong><\/p>\n\n\n\n<figure class=\"wp-block-embed is-type-video is-provider-youtube wp-block-embed-youtube wp-embed-aspect-16-9 wp-has-aspect-ratio\"><div class=\"wp-block-embed__wrapper\">\n<iframe title=\"\u00ab FIBRA VERDE:  Pr\u00eamio Mulheres Rurais \u2013 Espanha Reconhece\u00bb\" width=\"640\" height=\"360\" src=\"https:\/\/www.youtube.com\/embed\/7TEnoUtTZN0?feature=oembed\" frameborder=\"0\" allow=\"accelerometer; autoplay; clipboard-write; encrypted-media; gyroscope; picture-in-picture; web-share\" referrerpolicy=\"strict-origin-when-cross-origin\" allowfullscreen><\/iframe>\n<\/div><figcaption class=\"wp-element-caption\">Programa apresentado por Rebeca R. Lang e Divaneide de Souza. <br>Tema: &#8220;FIBRA VERDE: Pr\u00eamio Mulheres Rurais \u2013 Espanha Reconhece&#8221;<\/figcaption><\/figure>\n\n\n\n<p><strong><mark style=\"background-color:rgba(0, 0, 0, 0)\" class=\"has-inline-color has-vivid-purple-color\">Programa 19 Vozes de FIBRA &#8211; 08.MAI.2022<\/mark><\/strong><\/p>\n\n\n\n<figure class=\"wp-block-embed is-type-video is-provider-youtube wp-block-embed-youtube wp-embed-aspect-16-9 wp-has-aspect-ratio\"><div class=\"wp-block-embed__wrapper\">\n<iframe title=\"Vozes de FIBRA: Movimentos dos Trabalhadores e Trabalhadoras do Campo (MTC):  resist\u00eancia e vit\u00f3rias\" width=\"640\" height=\"360\" src=\"https:\/\/www.youtube.com\/embed\/MrrPGzI4PYc?feature=oembed\" frameborder=\"0\" allow=\"accelerometer; autoplay; clipboard-write; encrypted-media; gyroscope; picture-in-picture; web-share\" referrerpolicy=\"strict-origin-when-cross-origin\" allowfullscreen><\/iframe>\n<\/div><figcaption class=\"wp-element-caption\">Programa apresentado por Patricia Cassemiro. <br>Tema: &#8220;Movimentos dos Trabalhadores e Trabalhadoras do Campo (MTC): resist\u00eancia e vit\u00f3rias&#8221;<\/figcaption><\/figure>\n\n\n\n<p><strong><mark style=\"background-color:rgba(0, 0, 0, 0)\" class=\"has-inline-color has-vivid-purple-color\">Programa 18 Vozes de FIBRA &#8211; 01.MAI.2022<\/mark><\/strong><\/p>\n\n\n\n<figure class=\"wp-block-embed is-type-video is-provider-youtube wp-block-embed-youtube wp-embed-aspect-16-9 wp-has-aspect-ratio\"><div class=\"wp-block-embed__wrapper\">\n<iframe title=\"Programa  Vozes de Fibra: Fibra Petroleira &amp; Coletes Ab\u00f3bora #6\" width=\"640\" height=\"360\" src=\"https:\/\/www.youtube.com\/embed\/JQzTq7uFLt4?feature=oembed\" frameborder=\"0\" allow=\"accelerometer; autoplay; clipboard-write; encrypted-media; gyroscope; picture-in-picture; web-share\" referrerpolicy=\"strict-origin-when-cross-origin\" allowfullscreen><\/iframe>\n<\/div><figcaption class=\"wp-element-caption\">Programa apresentado por Rebeca R. Lang. <br>Tema: &#8220;Fibra Petroleira &amp; Coletes Ab\u00f3bora #6&#8221;<\/figcaption><\/figure>\n\n\n\n<p><strong><mark style=\"background-color:rgba(0, 0, 0, 0)\" class=\"has-inline-color has-vivid-purple-color\">Programa 17 Vozes de FIBRA &#8211; 24.ABR.2022<\/mark><\/strong><\/p>\n\n\n\n<figure class=\"wp-block-embed is-type-video is-provider-youtube wp-block-embed-youtube wp-embed-aspect-16-9 wp-has-aspect-ratio\"><div class=\"wp-block-embed__wrapper\">\n<iframe title=\"Elei\u00e7\u00f5es 2022- Eleitor no Exterior: Transfer\u00eancia do T\u00edtulo de Eleitor\" width=\"640\" height=\"360\" src=\"https:\/\/www.youtube.com\/embed\/mX11O-pH1ZI?feature=oembed\" frameborder=\"0\" allow=\"accelerometer; autoplay; clipboard-write; encrypted-media; gyroscope; picture-in-picture; web-share\" referrerpolicy=\"strict-origin-when-cross-origin\" allowfullscreen><\/iframe>\n<\/div><figcaption class=\"wp-element-caption\">Programa apresentado por Elizabeth Firmino e Mariana Dutra. <br>Tema: &#8220;Elei\u00e7\u00f5es 2022- Eleitor no Exterior: Transfer\u00eancia do T\u00edtulo de Eleitor&#8221;<\/figcaption><\/figure>\n\n\n\n<p><strong><mark style=\"background-color:rgba(0, 0, 0, 0)\" class=\"has-inline-color has-vivid-purple-color\">Programa 16 Vozes de FIBRA &#8211; 17.ABR.2022<\/mark><\/strong><\/p>\n\n\n\n<figure class=\"wp-block-embed is-type-video is-provider-youtube wp-block-embed-youtube wp-embed-aspect-16-9 wp-has-aspect-ratio\"><div class=\"wp-block-embed__wrapper\">\n<iframe title=\"Fibra Verde: Abertura da Semana dos Povos Ind\u00edgenas\" width=\"640\" height=\"360\" src=\"https:\/\/www.youtube.com\/embed\/BzZmnFeaKnk?feature=oembed\" frameborder=\"0\" allow=\"accelerometer; autoplay; clipboard-write; encrypted-media; gyroscope; picture-in-picture; web-share\" referrerpolicy=\"strict-origin-when-cross-origin\" allowfullscreen><\/iframe>\n<\/div><figcaption class=\"wp-element-caption\">Programa apresentado por Ren\u00e9 de Melo e Quenes Vilanova. <br>Tema: &#8220;Fibra Verde: Abertura da Semana dos Povos Ind\u00edgenas&#8221;<\/figcaption><\/figure>\n\n\n\n<p><strong><mark style=\"background-color:rgba(0, 0, 0, 0)\" class=\"has-inline-color has-vivid-purple-color\">Programa 15 Vozes de FIBRA &#8211; 10.ABR.2022<\/mark><\/strong><\/p>\n\n\n\n<figure class=\"wp-block-embed is-type-video is-provider-youtube wp-block-embed-youtube wp-embed-aspect-16-9 wp-has-aspect-ratio\"><div class=\"wp-block-embed__wrapper\">\n<iframe title=\"MULHERES EM MOVIMENTO\" width=\"640\" height=\"360\" src=\"https:\/\/www.youtube.com\/embed\/UgKL0KYrPaA?feature=oembed\" frameborder=\"0\" allow=\"accelerometer; autoplay; clipboard-write; encrypted-media; gyroscope; picture-in-picture; web-share\" referrerpolicy=\"strict-origin-when-cross-origin\" allowfullscreen><\/iframe>\n<\/div><figcaption class=\"wp-element-caption\">Programa apresentado por M\u00edriam Casas. <br>Tema: &#8220;MULHERES EM MOVIMENTO&#8221;<\/figcaption><\/figure>\n\n\n\n<p><strong><mark style=\"background-color:rgba(0, 0, 0, 0)\" class=\"has-inline-color has-vivid-purple-color\">Programa 14 Vozes de FIBRA &#8211; 10.ABR.2022<\/mark><\/strong><\/p>\n\n\n\n<figure class=\"wp-block-embed is-type-video is-provider-youtube wp-block-embed-youtube wp-embed-aspect-16-9 wp-has-aspect-ratio\"><div class=\"wp-block-embed__wrapper\">\n<iframe title=\"Fibra Petroleira &amp; Coletes Ab\u00f3bora #5\" width=\"640\" height=\"360\" src=\"https:\/\/www.youtube.com\/embed\/-Z4W09S1PmU?feature=oembed\" frameborder=\"0\" allow=\"accelerometer; autoplay; clipboard-write; encrypted-media; gyroscope; picture-in-picture; web-share\" referrerpolicy=\"strict-origin-when-cross-origin\" allowfullscreen><\/iframe>\n<\/div><figcaption class=\"wp-element-caption\">Programa apresentado por Rebeca R. Lang. <br>Tema: &#8220;Fibra Petroleira &amp; Coletes Ab\u00f3bora #5&#8221;<\/figcaption><\/figure>\n\n\n\n<p><strong><mark style=\"background-color:rgba(0, 0, 0, 0)\" class=\"has-inline-color has-vivid-purple-color\">Programa 13 Vozes de FIBRA &#8211; 27.MAR.2022<\/mark><\/strong><\/p>\n\n\n\n<figure class=\"wp-block-embed is-type-video is-provider-youtube wp-block-embed-youtube wp-embed-aspect-16-9 wp-has-aspect-ratio\"><div class=\"wp-block-embed__wrapper\">\n<iframe title=\"Mutir\u00e3o Internacional Esperan\u00e7ar\" width=\"640\" height=\"360\" src=\"https:\/\/www.youtube.com\/embed\/NrS5Oj7MZ38?feature=oembed\" frameborder=\"0\" allow=\"accelerometer; autoplay; clipboard-write; encrypted-media; gyroscope; picture-in-picture; web-share\" referrerpolicy=\"strict-origin-when-cross-origin\" allowfullscreen><\/iframe>\n<\/div><figcaption class=\"wp-element-caption\">Live apresentada por Val\u00e9ria Fekete e Ana Isa v Dijk. <br>Tema: &#8220;Mutir\u00e3o Internacional Esperan\u00e7ar.&#8221;<\/figcaption><\/figure>\n\n\n\n<p><strong><mark style=\"background-color:rgba(0, 0, 0, 0)\" class=\"has-inline-color has-vivid-purple-color\">Programa 12 Vozes de FIBRA &#8211; 20.MAR.2022<\/mark><\/strong><\/p>\n\n\n\n<figure class=\"wp-block-embed is-type-video is-provider-youtube wp-block-embed-youtube wp-embed-aspect-16-9 wp-has-aspect-ratio\"><div class=\"wp-block-embed__wrapper\">\n<iframe title=\"FIBRA VERDE\u00a0: Mulheres Derrubam o PL do Veneno\" width=\"640\" height=\"360\" src=\"https:\/\/www.youtube.com\/embed\/yFUpfOmeiNg?feature=oembed\" frameborder=\"0\" allow=\"accelerometer; autoplay; clipboard-write; encrypted-media; gyroscope; picture-in-picture; web-share\" referrerpolicy=\"strict-origin-when-cross-origin\" allowfullscreen><\/iframe>\n<\/div><figcaption class=\"wp-element-caption\">Programa apresentado por Rebeca R. Lang. <br>Tema: &#8220;FIBRA VERDE&nbsp;: Mulheres Derrubam o PL do Veneno.&#8221;<\/figcaption><\/figure>\n\n\n\n<p><strong><mark style=\"background-color:rgba(0, 0, 0, 0)\" class=\"has-inline-color has-vivid-purple-color\">Programa 11 Vozes de FIBRA &#8211; 13.MAR.2022<\/mark><\/strong><\/p>\n\n\n\n<figure class=\"wp-block-embed is-type-video is-provider-youtube wp-block-embed-youtube wp-embed-aspect-16-9 wp-has-aspect-ratio\"><div class=\"wp-block-embed__wrapper\">\n<iframe title=\"Vozes de Fibra: Roda com Dandara Rudsan\" width=\"640\" height=\"360\" src=\"https:\/\/www.youtube.com\/embed\/thUl_gQkzmE?feature=oembed\" frameborder=\"0\" allow=\"accelerometer; autoplay; clipboard-write; encrypted-media; gyroscope; picture-in-picture; web-share\" referrerpolicy=\"strict-origin-when-cross-origin\" allowfullscreen><\/iframe>\n<\/div><figcaption class=\"wp-element-caption\">Programa apresentado pela Frente de Vancouver. <br>Tema: &#8220;Vozes de Fibra: Roda com Dandara Rudsan.&#8221;<\/figcaption><\/figure>\n\n\n\n<p><strong><mark style=\"background-color:rgba(0, 0, 0, 0)\" class=\"has-inline-color has-vivid-purple-color\"><strong><mark style=\"background-color:rgba(0, 0, 0, 0)\" class=\"has-inline-color has-vivid-purple-color\">Recortes do Vozes de FIBRA &#8211; 12.MAR.2022<\/mark><\/strong><\/mark><\/strong><\/p>\n\n\n\n<figure class=\"wp-block-embed is-type-video is-provider-youtube wp-block-embed-youtube wp-embed-aspect-16-9 wp-has-aspect-ratio\"><div class=\"wp-block-embed__wrapper\">\n<iframe title=\"Fibra Petroleira &amp; Coletes Ab\u00f3bora #4\" width=\"640\" height=\"360\" src=\"https:\/\/www.youtube.com\/embed\/b6cUIdxRTXI?feature=oembed\" frameborder=\"0\" allow=\"accelerometer; autoplay; clipboard-write; encrypted-media; gyroscope; picture-in-picture; web-share\" referrerpolicy=\"strict-origin-when-cross-origin\" allowfullscreen><\/iframe>\n<\/div><figcaption class=\"wp-element-caption\">Detalhes da Live Fibra Petroleira &amp; Coletes Ab\u00f3bora #4. Parte 2<\/figcaption><\/figure>\n\n\n\n<figure class=\"wp-block-embed is-type-video is-provider-youtube wp-block-embed-youtube wp-embed-aspect-16-9 wp-has-aspect-ratio\"><div class=\"wp-block-embed__wrapper\">\n<iframe title=\"Fibra Petroleira &amp; Coletes Ab\u00f3bora #4\" width=\"640\" height=\"360\" src=\"https:\/\/www.youtube.com\/embed\/fhFW8FodFRY?feature=oembed\" frameborder=\"0\" allow=\"accelerometer; autoplay; clipboard-write; encrypted-media; gyroscope; picture-in-picture; web-share\" referrerpolicy=\"strict-origin-when-cross-origin\" allowfullscreen><\/iframe>\n<\/div><figcaption class=\"wp-element-caption\">Detalhes da Live Fibra Petroleira &amp; Coletes Ab\u00f3bora #4. Parte 1<\/figcaption><\/figure>\n\n\n\n<figure class=\"wp-block-embed is-type-video is-provider-youtube wp-block-embed-youtube wp-embed-aspect-16-9 wp-has-aspect-ratio\"><div class=\"wp-block-embed__wrapper\">\n<iframe title=\"Ato Carnavalesco virtual \ud83c\udfad B\u00f3ra votar! \ud83d\udc0a\" width=\"640\" height=\"360\" src=\"https:\/\/www.youtube.com\/embed\/Q5TF0NfrOfw?feature=oembed\" frameborder=\"0\" allow=\"accelerometer; autoplay; clipboard-write; encrypted-media; gyroscope; picture-in-picture; web-share\" referrerpolicy=\"strict-origin-when-cross-origin\" allowfullscreen><\/iframe>\n<\/div><figcaption class=\"wp-element-caption\">Ato Carnavalesco virtual \ud83c\udfad B\u00f3ra votar! \ud83d\udc0a. Parte4<\/figcaption><\/figure>\n\n\n\n<figure class=\"wp-block-embed is-type-video is-provider-youtube wp-block-embed-youtube wp-embed-aspect-16-9 wp-has-aspect-ratio\"><div class=\"wp-block-embed__wrapper\">\n<iframe title=\"Ato Carnavalesco virtual \ud83c\udfad B\u00f3ra votar! \ud83d\udc0a\" width=\"640\" height=\"360\" src=\"https:\/\/www.youtube.com\/embed\/MiiR07KY67w?feature=oembed\" frameborder=\"0\" allow=\"accelerometer; autoplay; clipboard-write; encrypted-media; gyroscope; picture-in-picture; web-share\" referrerpolicy=\"strict-origin-when-cross-origin\" allowfullscreen><\/iframe>\n<\/div><figcaption class=\"wp-element-caption\">Ato Carnavalesco virtual \ud83c\udfad B\u00f3ra votar! \ud83d\udc0a. Parte3<\/figcaption><\/figure>\n\n\n\n<figure class=\"wp-block-embed is-type-video is-provider-youtube wp-block-embed-youtube wp-embed-aspect-16-9 wp-has-aspect-ratio\"><div class=\"wp-block-embed__wrapper\">\n<iframe title=\"Ato Carnavalesco virtual \ud83c\udfad B\u00f3ra votar! \ud83d\udc0a\" width=\"640\" height=\"360\" src=\"https:\/\/www.youtube.com\/embed\/SS1L68zFRuM?feature=oembed\" frameborder=\"0\" allow=\"accelerometer; autoplay; clipboard-write; encrypted-media; gyroscope; picture-in-picture; web-share\" referrerpolicy=\"strict-origin-when-cross-origin\" allowfullscreen><\/iframe>\n<\/div><figcaption class=\"wp-element-caption\">Ato Carnavalesco virtual \ud83c\udfad B\u00f3ra votar! \ud83d\udc0a. Parte2<\/figcaption><\/figure>\n\n\n\n<figure class=\"wp-block-embed is-type-video is-provider-youtube wp-block-embed-youtube wp-embed-aspect-16-9 wp-has-aspect-ratio\"><div class=\"wp-block-embed__wrapper\">\n<iframe title=\"Ato Carnavalesco virtual \ud83c\udfad B\u00f3ra votar! \ud83d\udc0a\" width=\"640\" height=\"360\" src=\"https:\/\/www.youtube.com\/embed\/OJrCLlE8AIU?feature=oembed\" frameborder=\"0\" allow=\"accelerometer; autoplay; clipboard-write; encrypted-media; gyroscope; picture-in-picture; web-share\" referrerpolicy=\"strict-origin-when-cross-origin\" allowfullscreen><\/iframe>\n<\/div><figcaption class=\"wp-element-caption\">Ato Carnavalesco virtual \ud83c\udfad B\u00f3ra votar! \ud83d\udc0a. Parte1<\/figcaption><\/figure>\n\n\n\n<figure class=\"wp-block-embed is-type-video is-provider-youtube wp-block-embed-youtube wp-embed-aspect-16-9 wp-has-aspect-ratio\"><div class=\"wp-block-embed__wrapper\">\n<iframe title=\"Vozes de Fibra apresenta FIBRA VERDE : Agroecologia x Agroneg\u00f3cio : informar, lutar e resistir\" width=\"640\" height=\"360\" src=\"https:\/\/www.youtube.com\/embed\/dyCHQ8ugrOQ?feature=oembed\" frameborder=\"0\" allow=\"accelerometer; autoplay; clipboard-write; encrypted-media; gyroscope; picture-in-picture; web-share\" referrerpolicy=\"strict-origin-when-cross-origin\" allowfullscreen><\/iframe>\n<\/div><figcaption class=\"wp-element-caption\">Detalhes da Live Fibra Verde:AgroecologiaxAgroneg\u00f3cio. Parte 2<\/figcaption><\/figure>\n\n\n\n<figure class=\"wp-block-embed is-type-video is-provider-youtube wp-block-embed-youtube wp-embed-aspect-16-9 wp-has-aspect-ratio\"><div class=\"wp-block-embed__wrapper\">\n<iframe title=\"Vozes de Fibra apresenta FIBRA VERDE : Agroecologia x Agroneg\u00f3cio : informar, lutar e resistir\" width=\"640\" height=\"360\" src=\"https:\/\/www.youtube.com\/embed\/6SHg5F9Uoi0?feature=oembed\" frameborder=\"0\" allow=\"accelerometer; autoplay; clipboard-write; encrypted-media; gyroscope; picture-in-picture; web-share\" referrerpolicy=\"strict-origin-when-cross-origin\" allowfullscreen><\/iframe>\n<\/div><figcaption class=\"wp-element-caption\">Detalhes da Live Fibra Verde:AgroecologiaxAgroneg\u00f3cio. Parte 1<\/figcaption><\/figure>\n\n\n\n<figure class=\"wp-block-embed is-type-video is-provider-youtube wp-block-embed-youtube wp-embed-aspect-16-9 wp-has-aspect-ratio\"><div class=\"wp-block-embed__wrapper\">\n<iframe title=\"Entrevista com M\u00e1rcio Pochmann, economista, Presidente do Instituto Lula.\" width=\"640\" height=\"360\" src=\"https:\/\/www.youtube.com\/embed\/Co2ZuzSjxCo?feature=oembed\" frameborder=\"0\" allow=\"accelerometer; autoplay; clipboard-write; encrypted-media; gyroscope; picture-in-picture; web-share\" referrerpolicy=\"strict-origin-when-cross-origin\" allowfullscreen><\/iframe>\n<\/div><figcaption class=\"wp-element-caption\">Detalhes da Live com Marcio Pochmann. Parte 3<\/figcaption><\/figure>\n\n\n\n<figure class=\"wp-block-embed is-type-video is-provider-youtube wp-block-embed-youtube wp-embed-aspect-16-9 wp-has-aspect-ratio\"><div class=\"wp-block-embed__wrapper\">\n<iframe title=\"Entrevista com M\u00e1rcio Pochmann, economista, Presidente do Instituto Lula.\" width=\"640\" height=\"360\" src=\"https:\/\/www.youtube.com\/embed\/rXN8g3o6h4I?feature=oembed\" frameborder=\"0\" allow=\"accelerometer; autoplay; clipboard-write; encrypted-media; gyroscope; picture-in-picture; web-share\" referrerpolicy=\"strict-origin-when-cross-origin\" allowfullscreen><\/iframe>\n<\/div><figcaption class=\"wp-element-caption\">Detalhes da Live com Marcio Pochmann. Parte 2<\/figcaption><\/figure>\n\n\n\n<figure class=\"wp-block-embed is-type-video is-provider-youtube wp-block-embed-youtube wp-embed-aspect-16-9 wp-has-aspect-ratio\"><div class=\"wp-block-embed__wrapper\">\n<iframe title=\"Entrevista com M\u00e1rcio Pochmann, economista, Presidente do Instituto Lula.\" width=\"640\" height=\"360\" src=\"https:\/\/www.youtube.com\/embed\/AOmhqUWdES4?feature=oembed\" frameborder=\"0\" allow=\"accelerometer; autoplay; clipboard-write; encrypted-media; gyroscope; picture-in-picture; web-share\" referrerpolicy=\"strict-origin-when-cross-origin\" allowfullscreen><\/iframe>\n<\/div><figcaption class=\"wp-element-caption\">Detalhes da Live com Marcio Pochmann. Parte 1<\/figcaption><\/figure>\n\n\n\n<p><strong><mark style=\"background-color:rgba(0, 0, 0, 0)\" class=\"has-inline-color has-vivid-purple-color\">Programa 10 Vozes de FIBRA &#8211; 06.MAR.2022<\/mark><\/strong><\/p>\n\n\n\n<figure class=\"wp-block-embed is-type-video is-provider-youtube wp-block-embed-youtube wp-embed-aspect-16-9 wp-has-aspect-ratio\"><div class=\"wp-block-embed__wrapper\">\n<iframe title=\"Fibra Petroleira &amp; Coletes Ab\u00f3bora #4\" width=\"640\" height=\"360\" src=\"https:\/\/www.youtube.com\/embed\/p3AconNRj4Y?feature=oembed\" frameborder=\"0\" allow=\"accelerometer; autoplay; clipboard-write; encrypted-media; gyroscope; picture-in-picture; web-share\" referrerpolicy=\"strict-origin-when-cross-origin\" allowfullscreen><\/iframe>\n<\/div><figcaption class=\"wp-element-caption\">Programa apresentado por Rebeca R. Lang do Collectif Alerte France Br\u00e9sil\/MD18. <br>Tema: &#8220;Fibra Petroleira e coletes ab\u00f3bora #4&#8221;.<\/figcaption><\/figure>\n\n\n\n<p><strong><mark style=\"background-color:rgba(0, 0, 0, 0)\" class=\"has-inline-color has-vivid-purple-color\">Programa 09 Vozes de FIBRA &#8211; 27.FEV.2022<\/mark><\/strong><\/p>\n\n\n\n<figure class=\"wp-block-embed is-type-video is-provider-youtube wp-block-embed-youtube wp-embed-aspect-16-9 wp-has-aspect-ratio\"><div class=\"wp-block-embed__wrapper\">\n<iframe title=\"Ato Carnavalesco virtual \ud83c\udfad B\u00f3ra votar! \ud83d\udc0a\" width=\"640\" height=\"360\" src=\"https:\/\/www.youtube.com\/embed\/A8QALzkuZBA?feature=oembed\" frameborder=\"0\" allow=\"accelerometer; autoplay; clipboard-write; encrypted-media; gyroscope; picture-in-picture; web-share\" referrerpolicy=\"strict-origin-when-cross-origin\" allowfullscreen><\/iframe>\n<\/div><figcaption class=\"wp-element-caption\">Ato Carnavalesco B\u00f3ra Votar!<\/figcaption><\/figure>\n\n\n\n<p><strong><mark style=\"background-color:rgba(0, 0, 0, 0)\" class=\"has-inline-color has-vivid-purple-color\">Programa 08 Vozes de FIBRA &#8211; 20.FEV.2022<\/mark><\/strong><\/p>\n\n\n\n<figure class=\"wp-block-embed is-type-video is-provider-youtube wp-block-embed-youtube wp-embed-aspect-16-9 wp-has-aspect-ratio\"><div class=\"wp-block-embed__wrapper\">\n<iframe title=\"Vozes de Fibra apresenta FIBRA VERDE : Agroecologia x Agroneg\u00f3cio : informar, lutar e resistir\" width=\"640\" height=\"360\" src=\"https:\/\/www.youtube.com\/embed\/lNTJpysNy4A?feature=oembed\" frameborder=\"0\" allow=\"accelerometer; autoplay; clipboard-write; encrypted-media; gyroscope; picture-in-picture; web-share\" referrerpolicy=\"strict-origin-when-cross-origin\" allowfullscreen><\/iframe>\n<\/div><\/figure>\n\n\n\n<p><strong><mark style=\"background-color:rgba(0, 0, 0, 0)\" class=\"has-inline-color has-vivid-purple-color\">Programa 07 Vozes de FIBRA &#8211; 13.FEV.2022<\/mark><\/strong><\/p>\n\n\n\n<figure class=\"wp-block-embed is-type-video is-provider-youtube wp-block-embed-youtube wp-embed-aspect-16-9 wp-has-aspect-ratio\"><div class=\"wp-block-embed__wrapper\">\n<iframe title=\"Programa Vozes de Fibra: Especial com M\u00e1rcio Pochmann\" width=\"640\" height=\"360\" src=\"https:\/\/www.youtube.com\/embed\/O3QkQCyCrkQ?feature=oembed\" frameborder=\"0\" allow=\"accelerometer; autoplay; clipboard-write; encrypted-media; gyroscope; picture-in-picture; web-share\" referrerpolicy=\"strict-origin-when-cross-origin\" allowfullscreen><\/iframe>\n<\/div><\/figure>\n\n\n\n<p><strong><mark style=\"background-color:rgba(0, 0, 0, 0)\" class=\"has-inline-color has-vivid-purple-color\">Programa 06 Vozes de FIBRA &#8211; 06.FEV.2022<\/mark><\/strong><\/p>\n\n\n\n<figure class=\"wp-block-embed is-type-video is-provider-youtube wp-block-embed-youtube wp-embed-aspect-16-9 wp-has-aspect-ratio\"><div class=\"wp-block-embed__wrapper\">\n<iframe title=\"FIBRA PETROLEIRA &amp; COLETES AB\u00d2BORA\" width=\"640\" height=\"360\" src=\"https:\/\/www.youtube.com\/embed\/cyXwylWGrpA?feature=oembed\" frameborder=\"0\" allow=\"accelerometer; autoplay; clipboard-write; encrypted-media; gyroscope; picture-in-picture; web-share\" referrerpolicy=\"strict-origin-when-cross-origin\" allowfullscreen><\/iframe>\n<\/div><figcaption class=\"wp-element-caption\">Programa da s\u00e9rie sobre a Petrobr\u00e1s. Tema: &#8220;FIBRA PETROLEIRA &amp; COLETES AB\u00d3BORA.&#8221;<\/figcaption><\/figure>\n\n\n\n<p><strong><mark style=\"background-color:rgba(0, 0, 0, 0)\" class=\"has-inline-color has-vivid-purple-color\">Programa Recortes do Vozes de FIBRA &#8211; 04.FEV.2022<\/mark><\/strong><\/p>\n\n\n\n<figure class=\"wp-block-embed is-type-video is-provider-youtube wp-block-embed-youtube wp-embed-aspect-16-9 wp-has-aspect-ratio\"><div class=\"wp-block-embed__wrapper\">\n<iframe title=\"Live solid\u00e1ria em apoio aos povos Xavantes (MT) e Patax\u00f3s (Sul da Bahia)- 30 de janeiro de 2022\" width=\"640\" height=\"360\" src=\"https:\/\/www.youtube.com\/embed\/HYd_2jB_5nE?feature=oembed\" frameborder=\"0\" allow=\"accelerometer; autoplay; clipboard-write; encrypted-media; gyroscope; picture-in-picture; web-share\" referrerpolicy=\"strict-origin-when-cross-origin\" allowfullscreen><\/iframe>\n<\/div><\/figure>\n\n\n\n<p><strong><mark style=\"background-color:rgba(0, 0, 0, 0)\" class=\"has-inline-color has-vivid-purple-color\">Programa Recortes do Vozes de FIBRA &#8211; 04.FEV.2022<\/mark><\/strong><\/p>\n\n\n\n<figure class=\"wp-block-embed is-type-video is-provider-youtube wp-block-embed-youtube wp-embed-aspect-16-9 wp-has-aspect-ratio\"><div class=\"wp-block-embed__wrapper\">\n<iframe title=\"Live solid\u00e1ria em apoio aos povos Xavantes (MT) e Patax\u00f3s (Sul da Bahia)- 30 de janeiro de 2022\" width=\"640\" height=\"360\" src=\"https:\/\/www.youtube.com\/embed\/IxSm3f4cOh4?feature=oembed\" frameborder=\"0\" allow=\"accelerometer; autoplay; clipboard-write; encrypted-media; gyroscope; picture-in-picture; web-share\" referrerpolicy=\"strict-origin-when-cross-origin\" allowfullscreen><\/iframe>\n<\/div><\/figure>\n\n\n\n<p><strong><mark style=\"background-color:rgba(0, 0, 0, 0)\" class=\"has-inline-color has-vivid-purple-color\">Programa 05 Vozes de FIBRA &#8211; 30.JAN.2022<\/mark><\/strong><\/p>\n\n\n\n<figure class=\"wp-block-embed is-type-video is-provider-youtube wp-block-embed-youtube wp-embed-aspect-16-9 wp-has-aspect-ratio\"><div class=\"wp-block-embed__wrapper\">\n<iframe title=\"Live solid\u00e1ria em apoio aos povos Xavantes (MT) e Patax\u00f3s (Sul da Bahia)\" width=\"640\" height=\"360\" src=\"https:\/\/www.youtube.com\/embed\/gm8Yg2JVNBA?feature=oembed\" frameborder=\"0\" allow=\"accelerometer; autoplay; clipboard-write; encrypted-media; gyroscope; picture-in-picture; web-share\" referrerpolicy=\"strict-origin-when-cross-origin\" allowfullscreen><\/iframe>\n<\/div><figcaption class=\"wp-element-caption\">Programa apresentado por M\u00edriam Casas e Rejane Stuntebeck. Tema: &#8220;Live solid\u00e1ria em apoio aos povos Xavantes (MT) e Patax\u00f3s (Sul da Bahia)&#8221;.<\/figcaption><\/figure>\n\n\n\n<p><strong><mark style=\"background-color:rgba(0, 0, 0, 0)\" class=\"has-inline-color has-vivid-purple-color\">Programa 04 Vozes de FIBRA &#8211; 29.JAN.2022<\/mark><\/strong><\/p>\n\n\n\n<figure class=\"wp-block-embed is-type-video is-provider-youtube wp-block-embed-youtube wp-embed-aspect-16-9 wp-has-aspect-ratio\"><div class=\"wp-block-embed__wrapper\">\n<iframe title=\"Especial Vozes de FIBRA: Dia da Visibilidade Trans.\" width=\"640\" height=\"360\" src=\"https:\/\/www.youtube.com\/embed\/pfgTHawZaic?feature=oembed\" frameborder=\"0\" allow=\"accelerometer; autoplay; clipboard-write; encrypted-media; gyroscope; picture-in-picture; web-share\" referrerpolicy=\"strict-origin-when-cross-origin\" allowfullscreen><\/iframe>\n<\/div><figcaption class=\"wp-element-caption\">Programa especial pelo Dia da Visibilidade Trans.<\/figcaption><\/figure>\n\n\n\n<p><strong><span class=\"has-inline-color has-vivid-purple-color\">Programa 03 Vozes de FIBRA &#8211; 23.JAN.2022<\/span><\/strong><\/p>\n\n\n\n<figure class=\"wp-block-embed is-type-video is-provider-youtube wp-block-embed-youtube wp-embed-aspect-16-9 wp-has-aspect-ratio\"><div class=\"wp-block-embed__wrapper\">\n<iframe title=\"Direitos Trabalhistas: o mundo de olho na Espanha\" width=\"640\" height=\"360\" src=\"https:\/\/www.youtube.com\/embed\/bis1KW82Sxg?feature=oembed\" frameborder=\"0\" allow=\"accelerometer; autoplay; clipboard-write; encrypted-media; gyroscope; picture-in-picture; web-share\" referrerpolicy=\"strict-origin-when-cross-origin\" allowfullscreen><\/iframe>\n<\/div><figcaption class=\"wp-element-caption\">Programa apresentado por Fl\u00e1vio Carvalho. <br>Tema: &#8220;Direitos Trabalhistas: o mundo de olho na Espanha.&#8221;<\/figcaption><\/figure>\n\n\n\n<p><strong><span class=\"has-inline-color has-vivid-purple-color\">Programa 02 Vozes de FIBRA &#8211; 16.JAN.2022<\/span><\/strong><\/p>\n\n\n\n<figure class=\"wp-block-embed is-type-video is-provider-youtube wp-block-embed-youtube wp-embed-aspect-16-9 wp-has-aspect-ratio\"><div class=\"wp-block-embed__wrapper\">\n<iframe title=\"Fibra Verde: a cultura e a resist\u00eancia Xavante\" width=\"640\" height=\"360\" src=\"https:\/\/www.youtube.com\/embed\/KVjCyh4iU0Q?feature=oembed\" frameborder=\"0\" allow=\"accelerometer; autoplay; clipboard-write; encrypted-media; gyroscope; picture-in-picture; web-share\" referrerpolicy=\"strict-origin-when-cross-origin\" allowfullscreen><\/iframe>\n<\/div><figcaption class=\"wp-element-caption\">Programa apresentado por M\u00edriam Casas. <br>Tema: &#8220;A cultura e a resist\u00eancia Xavante.&#8221;<\/figcaption><\/figure>\n\n\n\n<p><strong><span class=\"has-inline-color has-vivid-purple-color\">Programa 01 Vozes de FIBRA &#8211; 09.JAN.2022<\/span><\/strong><\/p>\n\n\n\n<figure class=\"wp-block-embed is-type-video is-provider-youtube wp-block-embed-youtube wp-embed-aspect-16-9 wp-has-aspect-ratio\"><div class=\"wp-block-embed__wrapper\">\n<iframe title=\"Que fazer para votar no exterior em 2022?\" width=\"640\" height=\"360\" src=\"https:\/\/www.youtube.com\/embed\/pZmrvoVQg_M?feature=oembed\" frameborder=\"0\" allow=\"accelerometer; autoplay; clipboard-write; encrypted-media; gyroscope; picture-in-picture; web-share\" referrerpolicy=\"strict-origin-when-cross-origin\" allowfullscreen><\/iframe>\n<\/div><figcaption class=\"wp-element-caption\">1a live do ano com apresenta\u00e7\u00e3o de M\u00edriam Casas. <br>Tema: &#8220;Que fazer para votar no exterior em 2022?&#8221;<\/figcaption><\/figure>\n\n\n\n<hr class=\"wp-block-separator has-css-opacity is-style-wide\"\/>\n\n\n\n<p>Para alistar-se para votar, transferir o t\u00edtulo ou justificar seu voto, acesse o seguinte link:   <a href=\"http:\/\/fibrainternacional.org\/?p=7967\" target=\"_blank\" rel=\"noreferrer noopener\">http:\/\/fibrainternacional.org\/?p=7967 <\/a><\/p>\n\n\n\n<p><strong><span style=\"color:#fc0309;\" class=\"has-inline-color\">Programa 52 Vozes de FIBRA &#8211; 26\/dezembro\/2021<\/span><\/strong><\/p>\n\n\n\n<figure class=\"wp-block-embed is-type-video is-provider-youtube wp-block-embed-youtube wp-embed-aspect-16-9 wp-has-aspect-ratio\"><div class=\"wp-block-embed__wrapper\">\n<iframe title=\"Vozes de Fibra\" width=\"640\" height=\"360\" src=\"https:\/\/www.youtube.com\/embed\/_6lyamJxreQ?feature=oembed\" frameborder=\"0\" allow=\"accelerometer; autoplay; clipboard-write; encrypted-media; gyroscope; picture-in-picture; web-share\" referrerpolicy=\"strict-origin-when-cross-origin\" allowfullscreen><\/iframe>\n<\/div><\/figure>\n\n\n\n<p><strong><span style=\"color:#fc0309;\" class=\"has-inline-color\">Programa 51 Vozes de FIBRA &#8211; 19\/dezembro\/2021<\/span><\/strong><\/p>\n\n\n\n<figure class=\"wp-block-embed is-type-video is-provider-youtube wp-block-embed-youtube wp-embed-aspect-16-9 wp-has-aspect-ratio\"><div class=\"wp-block-embed__wrapper\">\n<iframe title=\"Vozes de FIBRA: \u00ab Alian\u00e7a Reflorestar da Amaz\u00f4nia, um convite para agir e esperan\u00e7ar\u00a0!\u00a0\u00bb\" width=\"640\" height=\"360\" src=\"https:\/\/www.youtube.com\/embed\/c0hAFybMTSc?feature=oembed\" frameborder=\"0\" allow=\"accelerometer; autoplay; clipboard-write; encrypted-media; gyroscope; picture-in-picture; web-share\" referrerpolicy=\"strict-origin-when-cross-origin\" allowfullscreen><\/iframe>\n<\/div><\/figure>\n\n\n\n<p><strong><span style=\"color:#fc0309;\" class=\"has-inline-color\">Programa 50 Vozes de FIBRA &#8211; 12\/dezembro\/2021<\/span><\/strong><\/p>\n\n\n\n<figure class=\"wp-block-embed is-type-video is-provider-youtube wp-block-embed-youtube wp-embed-aspect-16-9 wp-has-aspect-ratio\"><div class=\"wp-block-embed__wrapper\">\n<iframe title=\"Vozes de FIBRA \u2013 Direitos Humanos, pol\u00edticas p\u00fablicas no Brasil e expectativas para o futuro.\" width=\"640\" height=\"360\" src=\"https:\/\/www.youtube.com\/embed\/-2MArdYn2TU?feature=oembed\" frameborder=\"0\" allow=\"accelerometer; autoplay; clipboard-write; encrypted-media; gyroscope; picture-in-picture; web-share\" referrerpolicy=\"strict-origin-when-cross-origin\" allowfullscreen><\/iframe>\n<\/div><\/figure>\n\n\n\n<p><strong><span style=\"color:#fc0309;\" class=\"has-inline-color\">Programa 49 Vozes de FIBRA &#8211; 05\/dezembro\/2021<\/span><\/strong><\/p>\n\n\n\n<figure class=\"wp-block-embed is-type-video is-provider-youtube wp-block-embed-youtube wp-embed-aspect-16-9 wp-has-aspect-ratio\"><div class=\"wp-block-embed__wrapper\">\n<iframe title=\"Vozes de Fibra: FIBRA PETROLEIRA #2 (05\/12\/21)\" width=\"640\" height=\"360\" src=\"https:\/\/www.youtube.com\/embed\/Z2aqRsPa_JE?feature=oembed\" frameborder=\"0\" allow=\"accelerometer; autoplay; clipboard-write; encrypted-media; gyroscope; picture-in-picture; web-share\" referrerpolicy=\"strict-origin-when-cross-origin\" allowfullscreen><\/iframe>\n<\/div><\/figure>\n\n\n\n<p><strong><span style=\"color:#fc0309;\" class=\"has-inline-color\">Programa 48 Vozes de FIBRA &#8211; 28\/novembro\/2021<\/span><\/strong><\/p>\n\n\n\n<figure class=\"wp-block-embed is-type-video is-provider-youtube wp-block-embed-youtube wp-embed-aspect-16-9 wp-has-aspect-ratio\"><div class=\"wp-block-embed__wrapper\">\n<iframe title=\"Vozes de FIBRA \u2013 Artivismo: a arte como resist\u00eancia\" width=\"640\" height=\"360\" src=\"https:\/\/www.youtube.com\/embed\/XrzHaYGOGMs?feature=oembed\" frameborder=\"0\" allow=\"accelerometer; autoplay; clipboard-write; encrypted-media; gyroscope; picture-in-picture; web-share\" referrerpolicy=\"strict-origin-when-cross-origin\" allowfullscreen><\/iframe>\n<\/div><\/figure>\n\n\n\n<p><strong><span style=\"color:#fc0309;\" class=\"has-inline-color\">Programa 47 Vozes de FIBRA &#8211; 21\/novembro\/2021<\/span><\/strong><\/p>\n\n\n\n<figure class=\"wp-block-embed is-type-video is-provider-youtube wp-block-embed-youtube wp-embed-aspect-16-9 wp-has-aspect-ratio\"><div class=\"wp-block-embed__wrapper\">\n<iframe title=\"FIBRA VERDE: o Velho Chico Vive e r\u00e9siste ! (Regi\u00e3o do Baixo S\u00e3o Francisco)\" width=\"640\" height=\"360\" src=\"https:\/\/www.youtube.com\/embed\/xTWPjY55ZQI?feature=oembed\" frameborder=\"0\" allow=\"accelerometer; autoplay; clipboard-write; encrypted-media; gyroscope; picture-in-picture; web-share\" referrerpolicy=\"strict-origin-when-cross-origin\" allowfullscreen><\/iframe>\n<\/div><figcaption class=\"wp-element-caption\">4o e \u00faltimo epis\u00f3dio  da s\u00e9rie Fibra  Verde. Tema: &#8220;FIBRA VERDE: o Velho Chico Vive e resiste ! (Regi\u00e3o do Baixo S\u00e3o Francisco)&#8221;.<\/figcaption><\/figure>\n\n\n\n<p><strong><span style=\"color:#fc0309;\" class=\"has-inline-color\">Programa 46 Vozes de FIBRA &#8211; 14\/novembro\/2021<\/span><\/strong><\/p>\n\n\n\n<figure class=\"wp-block-embed is-type-video is-provider-youtube wp-block-embed-youtube wp-embed-aspect-16-9 wp-has-aspect-ratio\"><div class=\"wp-block-embed__wrapper\">\n<iframe title=\"Vozes de Fibra transmite evento \u201cPor Cuba Soberana\u201d\u201d\" width=\"640\" height=\"360\" src=\"https:\/\/www.youtube.com\/embed\/IJwD9HVayh0?feature=oembed\" frameborder=\"0\" allow=\"accelerometer; autoplay; clipboard-write; encrypted-media; gyroscope; picture-in-picture; web-share\" referrerpolicy=\"strict-origin-when-cross-origin\" allowfullscreen><\/iframe>\n<\/div><\/figure>\n\n\n\n<p><strong><span style=\"color:#fc0309;\" class=\"has-inline-color\">Programa 45 Vozes de FIBRA &#8211; 07\/novembro\/2021<\/span><\/strong><\/p>\n\n\n\n<figure class=\"wp-block-embed is-type-video is-provider-youtube wp-block-embed-youtube wp-embed-aspect-16-9 wp-has-aspect-ratio\"><div class=\"wp-block-embed__wrapper\">\n<iframe title=\"Vozes de FIBRA: Fibra Petroleira &amp; Coletes Ab\u00f3bora (programa I)\" width=\"640\" height=\"360\" src=\"https:\/\/www.youtube.com\/embed\/xDC6qDVfWZQ?feature=oembed\" frameborder=\"0\" allow=\"accelerometer; autoplay; clipboard-write; encrypted-media; gyroscope; picture-in-picture; web-share\" referrerpolicy=\"strict-origin-when-cross-origin\" allowfullscreen><\/iframe>\n<\/div><figcaption class=\"wp-element-caption\">Programa apresentado por Rebeca R. Lang iniciando a s\u00e9rie &#8220;Fibra Petroleira &amp; Coletes Ab\u00f3bora&#8221;.<\/figcaption><\/figure>\n\n\n\n<p><strong><span style=\"color:#fc0309;\" class=\"has-inline-color\">Programa 44 Vozes de FIBRA &#8211; 31\/outubro\/2021<\/span><\/strong><\/p>\n\n\n\n<figure class=\"wp-block-embed is-type-video is-provider-youtube wp-block-embed-youtube wp-embed-aspect-16-9 wp-has-aspect-ratio\"><div class=\"wp-block-embed__wrapper\">\n<iframe title=\"Vozes de FIBRA - Impacto internacional do relat\u00f3rio da CPI (retransmiss\u00e3o)\" width=\"640\" height=\"360\" src=\"https:\/\/www.youtube.com\/embed\/DMsNnQBN__o?feature=oembed\" frameborder=\"0\" allow=\"accelerometer; autoplay; clipboard-write; encrypted-media; gyroscope; picture-in-picture; web-share\" referrerpolicy=\"strict-origin-when-cross-origin\" allowfullscreen><\/iframe>\n<\/div><figcaption class=\"wp-element-caption\">Programa apresentado por Val\u00e9ria Fekete. tema: &#8220;Impacto internacional do relat\u00f3rio da CPI.&#8221;<\/figcaption><\/figure>\n\n\n\n<p><strong><span style=\"color:#fc0309;\" class=\"has-inline-color\">Programa 43 Vozes de FIBRA &#8211; 24\/outubro\/2021<\/span><\/strong><\/p>\n\n\n\n<figure class=\"wp-block-embed is-type-video is-provider-youtube wp-block-embed-youtube wp-embed-aspect-16-9 wp-has-aspect-ratio\"><div class=\"wp-block-embed__wrapper\">\n<iframe title=\"O Relat\u00f3rio da CPI e o desmonte do Estado brasileiro\" width=\"640\" height=\"360\" src=\"https:\/\/www.youtube.com\/embed\/_da5FpnRr3U?start=51&#038;feature=oembed\" frameborder=\"0\" allow=\"accelerometer; autoplay; clipboard-write; encrypted-media; gyroscope; picture-in-picture; web-share\" referrerpolicy=\"strict-origin-when-cross-origin\" allowfullscreen><\/iframe>\n<\/div><figcaption class=\"wp-element-caption\">Programa apresentado por M\u00edriam Casas e rebeca R. Lang. Tema: &#8220;O Relat\u00f3rio da CPI e o desmonte do Estado brasileiro.&#8221;<\/figcaption><\/figure>\n\n\n\n<p><strong><span style=\"color:#fc0309;\" class=\"has-inline-color\">Programa 42 Vozes de FIBRA &#8211; 17\/outubro\/2021<\/span><\/strong><\/p>\n\n\n\n<figure class=\"wp-block-embed is-type-video is-provider-youtube wp-block-embed-youtube wp-embed-aspect-16-9 wp-has-aspect-ratio\"><div class=\"wp-block-embed__wrapper\">\n<iframe title=\"Fibra Verde: O Velho Chico vive e resiste III (Regi\u00e3o do Sub-M\u00e9dio S\u00e3o Francisco)\" width=\"640\" height=\"360\" src=\"https:\/\/www.youtube.com\/embed\/4iggexJqFOw?feature=oembed\" frameborder=\"0\" allow=\"accelerometer; autoplay; clipboard-write; encrypted-media; gyroscope; picture-in-picture; web-share\" referrerpolicy=\"strict-origin-when-cross-origin\" allowfullscreen><\/iframe>\n<\/div><figcaption class=\"wp-element-caption\">Programa Vozes de Fibra com o Collectif Alerte France Br\u00e9sil\/MD18 e Levante das Mulheres Brasileiras. <br>Tema: &#8220;Fibra Verde: O Velho Chico vive e resiste: regi\u00e0o sub-m\u00e9dio S\u00e3o Francisco.&#8221;<\/figcaption><\/figure>\n\n\n\n<p><strong><span style=\"color:#fc0309;\" class=\"has-inline-color\">Programa 41 Vozes de FIBRA &#8211; 10\/outubro\/2021<\/span><\/strong><\/p>\n\n\n\n<figure class=\"wp-block-embed is-type-video is-provider-youtube wp-block-embed-youtube wp-embed-aspect-16-9 wp-has-aspect-ratio\"><div class=\"wp-block-embed__wrapper\">\n<iframe title=\"Vozes de Fibra: Empresas Internacionais e amea\u00e7a aos Tapaj\u00f3s\" width=\"640\" height=\"360\" src=\"https:\/\/www.youtube.com\/embed\/S7AMLVrJKOQ?feature=oembed\" frameborder=\"0\" allow=\"accelerometer; autoplay; clipboard-write; encrypted-media; gyroscope; picture-in-picture; web-share\" referrerpolicy=\"strict-origin-when-cross-origin\" allowfullscreen><\/iframe>\n<\/div><figcaption class=\"wp-element-caption\">Programa Vozes de Fibra com o Coletivo Por um Brasil Democr\u00e1tico\/Los Angeles. <br>Tema: &#8220;Document\u00e1rio e debatecom pesquisadores do filme Tapaj\u00f3s Amea\u00e7ado.&#8221;<\/figcaption><\/figure>\n\n\n\n<p><strong><span style=\"color:#fc0309;\" class=\"has-inline-color\">Programa 40 Vozes de FIBRA &#8211; 03\/outubro\/2021<\/span><\/strong><\/p>\n\n\n\n<figure class=\"wp-block-embed is-type-video is-provider-youtube wp-block-embed-youtube wp-embed-aspect-16-9 wp-has-aspect-ratio\"><div class=\"wp-block-embed__wrapper\">\n<iframe title=\"Vozes de Fibra: 68 anos da Petrobras: protesto e den\u00fancia\" width=\"640\" height=\"360\" src=\"https:\/\/www.youtube.com\/embed\/MFzalqKjNvw?feature=oembed\" frameborder=\"0\" allow=\"accelerometer; autoplay; clipboard-write; encrypted-media; gyroscope; picture-in-picture; web-share\" referrerpolicy=\"strict-origin-when-cross-origin\" allowfullscreen><\/iframe>\n<\/div><figcaption class=\"wp-element-caption\">Programa Vozes de Fibra com o Collectif Alerte France Br\u00e9sil\/MD18. <br>Tema: &#8220;Vozes de Fibra: 68 anos da Petrobras: protesto e den\u00fancia.&#8221;<\/figcaption><\/figure>\n\n\n\n<p><strong><span style=\"color:#fc0309;\" class=\"has-inline-color\">Programa 39 Vozes de FIBRA &#8211; 26\/setembro\/2021<\/span><\/strong><\/p>\n\n\n\n<figure class=\"wp-block-embed is-type-video is-provider-youtube wp-block-embed-youtube wp-embed-aspect-16-9 wp-has-aspect-ratio\"><div class=\"wp-block-embed__wrapper\">\n<iframe title=\"Vozes de Fibra: Esquenta #Dia2ForaBolsonaro Internacional\" width=\"640\" height=\"360\" src=\"https:\/\/www.youtube.com\/embed\/GL3-ypV1Bl4?feature=oembed\" frameborder=\"0\" allow=\"accelerometer; autoplay; clipboard-write; encrypted-media; gyroscope; picture-in-picture; web-share\" referrerpolicy=\"strict-origin-when-cross-origin\" allowfullscreen><\/iframe>\n<\/div><figcaption class=\"wp-element-caption\">Programa apresentado por Namir Martins e Jo\u00e3o Jr.. <br>Tema: &#8220;Esquenta <a href=\"https:\/\/www.youtube.com\/hashtag\/dia2forabolsonaro\">#Dia2ForaBolsonaro<\/a> Internacional&#8221;<\/figcaption><\/figure>\n\n\n\n<p><strong><span style=\"color:#fc0309;\" class=\"has-inline-color\">Programa 38 Vozes de FIBRA &#8211; 19\/setembro\/2021<\/span><\/strong><\/p>\n\n\n\n<figure class=\"wp-block-embed is-type-video is-provider-youtube wp-block-embed-youtube wp-embed-aspect-16-9 wp-has-aspect-ratio\"><div class=\"wp-block-embed__wrapper\">\n<iframe title=\"FIBRA VERDE: O Velho Chico vive e resiste - parte II (Regi\u00e3o do M\u00e9dio S\u00e3o Francisco)\" width=\"640\" height=\"360\" src=\"https:\/\/www.youtube.com\/embed\/p-pa7wfcEa0?feature=oembed\" frameborder=\"0\" allow=\"accelerometer; autoplay; clipboard-write; encrypted-media; gyroscope; picture-in-picture; web-share\" referrerpolicy=\"strict-origin-when-cross-origin\" allowfullscreen><\/iframe>\n<\/div><\/figure>\n\n\n\n<p><strong><span style=\"color:#fc0309;\" class=\"has-inline-color\">Programa 37 Vozes de FIBRA &#8211; 19\/setembro\/2021<\/span><\/strong><\/p>\n\n\n\n<figure class=\"wp-block-embed is-type-video is-provider-youtube wp-block-embed-youtube wp-embed-aspect-16-9 wp-has-aspect-ratio\"><div class=\"wp-block-embed__wrapper\">\n<iframe title=\"Re-pensar Paulo Freire en su centenario\" width=\"640\" height=\"360\" src=\"https:\/\/www.youtube.com\/embed\/kB_Uqu7mZJY?feature=oembed\" frameborder=\"0\" allow=\"accelerometer; autoplay; clipboard-write; encrypted-media; gyroscope; picture-in-picture; web-share\" referrerpolicy=\"strict-origin-when-cross-origin\" allowfullscreen><\/iframe>\n<\/div><\/figure>\n\n\n\n<p><strong><span style=\"color:#fc0309;\" class=\"has-inline-color\">Programa 36 Vozes de FIBRA &#8211; 12\/setembro\/2021<\/span><\/strong><\/p>\n\n\n\n<figure class=\"wp-block-embed is-type-video is-provider-youtube wp-block-embed-youtube wp-embed-aspect-16-9 wp-has-aspect-ratio\"><div class=\"wp-block-embed__wrapper\">\n<iframe title=\"A luta contra o Acordo UE-Mercosul\" width=\"640\" height=\"360\" src=\"https:\/\/www.youtube.com\/embed\/ixztYdhVMTg?feature=oembed\" frameborder=\"0\" allow=\"accelerometer; autoplay; clipboard-write; encrypted-media; gyroscope; picture-in-picture; web-share\" referrerpolicy=\"strict-origin-when-cross-origin\" allowfullscreen><\/iframe>\n<\/div><\/figure>\n\n\n\n<p><strong><span style=\"color:#fc0309;\" class=\"has-inline-color\">Programa 35 Vozes de FIBRA &#8211; 05\/setembro\/2021<\/span><\/strong><\/p>\n\n\n\n<figure class=\"wp-block-embed is-type-video is-provider-youtube wp-block-embed-youtube wp-embed-aspect-16-9 wp-has-aspect-ratio\"><div class=\"wp-block-embed__wrapper\">\n<iframe title=\"Vozes de FIBRA: Resist\u00eancia das Mulheres Origin\u00e1rias\" width=\"640\" height=\"360\" src=\"https:\/\/www.youtube.com\/embed\/EqtAHtNOtvs?feature=oembed\" frameborder=\"0\" allow=\"accelerometer; autoplay; clipboard-write; encrypted-media; gyroscope; picture-in-picture; web-share\" referrerpolicy=\"strict-origin-when-cross-origin\" allowfullscreen><\/iframe>\n<\/div><figcaption class=\"wp-element-caption\">Live moderada por Rose Maloka. <br>Tema: &#8220;Resist\u00eancia das Mulheres Origin\u00e1rias.&#8221;<\/figcaption><\/figure>\n\n\n\n<p><strong><span style=\"color:#fc0309;\" class=\"has-inline-color\">Programa 34 Vozes de FIBRA &#8211; 29\/agosto\/2021<\/span><\/strong><\/p>\n\n\n\n<figure class=\"wp-block-embed is-type-video is-provider-youtube wp-block-embed-youtube wp-embed-aspect-16-9 wp-has-aspect-ratio\"><div class=\"wp-block-embed__wrapper\">\n<iframe title=\"Vozes de Fibra retransmite CORAL MIL VOZES POR LULA DO BRASIL no ENCONTRO DE GIGANTES\" width=\"640\" height=\"360\" src=\"https:\/\/www.youtube.com\/embed\/byZF0K3qgUY?feature=oembed\" frameborder=\"0\" allow=\"accelerometer; autoplay; clipboard-write; encrypted-media; gyroscope; picture-in-picture; web-share\" referrerpolicy=\"strict-origin-when-cross-origin\" allowfullscreen><\/iframe>\n<\/div><figcaption class=\"wp-element-caption\">Retransmiss\u00e3o de ato ao vivo em Copacabana.<\/figcaption><\/figure>\n\n\n\n<p><strong><span style=\"color:#fc0309;\" class=\"has-inline-color\">Programa 33 Vozes de FIBRA &#8211; 22\/agosto\/2021<\/span><\/strong><\/p>\n\n\n\n<figure class=\"wp-block-embed is-type-video is-provider-youtube wp-block-embed-youtube wp-embed-aspect-16-9 wp-has-aspect-ratio\"><div class=\"wp-block-embed__wrapper\">\n<iframe title=\"Faixa Peregrina: o #forabolsonaro na Alemanha\" width=\"640\" height=\"360\" src=\"https:\/\/www.youtube.com\/embed\/Ua1cL_3OoBw?feature=oembed\" frameborder=\"0\" allow=\"accelerometer; autoplay; clipboard-write; encrypted-media; gyroscope; picture-in-picture; web-share\" referrerpolicy=\"strict-origin-when-cross-origin\" allowfullscreen><\/iframe>\n<\/div><\/figure>\n\n\n\n<p><strong><span style=\"color:#fc0309;\" class=\"has-inline-color\">Programa 32 Vozes de FIBRA &#8211; 15\/agosto\/2021<\/span><\/strong><\/p>\n\n\n\n<figure class=\"wp-block-embed is-type-video is-provider-youtube wp-block-embed-youtube wp-embed-aspect-16-9 wp-has-aspect-ratio\"><div class=\"wp-block-embed__wrapper\">\n<iframe title=\"FIBRA VERDE: O Velho Chico Vive e Resiste !\" width=\"640\" height=\"360\" src=\"https:\/\/www.youtube.com\/embed\/KcBzx3f32yA?feature=oembed\" frameborder=\"0\" allow=\"accelerometer; autoplay; clipboard-write; encrypted-media; gyroscope; picture-in-picture; web-share\" referrerpolicy=\"strict-origin-when-cross-origin\" allowfullscreen><\/iframe>\n<\/div><figcaption class=\"wp-element-caption\">1o. Programa da s\u00e9rie Fibra Verde, apresentado pelo Collectif Alerte France Br\u00e9sil\/MD18. <br>Tema: &#8220;O velho Chico vive e resiste!&#8221;<\/figcaption><\/figure>\n\n\n\n<p><strong><span style=\"color:#fc0309;\" class=\"has-inline-color\">Programa 31 Vozes de FIBRA &#8211; 01\/agosto\/2021<\/span><\/strong><\/p>\n\n\n\n<figure class=\"wp-block-embed is-type-video is-provider-youtube wp-block-embed-youtube wp-embed-aspect-16-9 wp-has-aspect-ratio\"><div class=\"wp-block-embed__wrapper\">\n<iframe title=\"CPI da COVID: N\u00f3s Apoiamos\" width=\"640\" height=\"360\" src=\"https:\/\/www.youtube.com\/embed\/041rMFehTzQ?feature=oembed\" frameborder=\"0\" allow=\"accelerometer; autoplay; clipboard-write; encrypted-media; gyroscope; picture-in-picture; web-share\" referrerpolicy=\"strict-origin-when-cross-origin\" allowfullscreen><\/iframe>\n<\/div><figcaption class=\"wp-element-caption\">Live do Coletivo Amsterdam apresentada por Val\u00e9ria Fekete. <br>Tema: &#8220;CPI da COVID: N\u00f3s Apoiamos.&#8221;<\/figcaption><\/figure>\n\n\n\n<p><strong><span style=\"color:#fc0309;\" class=\"has-inline-color\">Programa 30 Vozes de FIBRA &#8211; 25\/julho\/2021<\/span><\/strong><\/p>\n\n\n\n<figure class=\"wp-block-embed is-type-video is-provider-youtube wp-block-embed-youtube wp-embed-aspect-16-9 wp-has-aspect-ratio\"><div class=\"wp-block-embed__wrapper\">\n<iframe title=\"O mundo ecoa #forabolsonaro\" width=\"640\" height=\"360\" src=\"https:\/\/www.youtube.com\/embed\/JwOzDTlFE-Y?feature=oembed\" frameborder=\"0\" allow=\"accelerometer; autoplay; clipboard-write; encrypted-media; gyroscope; picture-in-picture; web-share\" referrerpolicy=\"strict-origin-when-cross-origin\" allowfullscreen><\/iframe>\n<\/div><figcaption class=\"wp-element-caption\">Live com o balan\u00e7o dos Atos de 24J.<\/figcaption><\/figure>\n\n\n\n<p><strong><span style=\"color:#fc0309;\" class=\"has-inline-color\">Programa 29 Vozes de FIBRA &#8211; 18\/julho\/2021<\/span><\/strong><\/p>\n\n\n\n<figure class=\"wp-block-embed is-type-video is-provider-youtube wp-block-embed-youtube wp-embed-aspect-16-9 wp-has-aspect-ratio\"><div class=\"wp-block-embed__wrapper\">\n<iframe title=\"Poesias e utopias. Mem\u00f3rias da ditadura.\" width=\"640\" height=\"360\" src=\"https:\/\/www.youtube.com\/embed\/YfmfeijOyrc?feature=oembed\" frameborder=\"0\" allow=\"accelerometer; autoplay; clipboard-write; encrypted-media; gyroscope; picture-in-picture; web-share\" referrerpolicy=\"strict-origin-when-cross-origin\" allowfullscreen><\/iframe>\n<\/div><figcaption class=\"wp-element-caption\">Live com In\u00eaz Olud\u00e9. Tema: &#8220;Poesias e utopias. Mem\u00f3rias da ditadura.&#8221;<\/figcaption><\/figure>\n\n\n\n<p><strong><span style=\"color:#fc0309;\" class=\"has-inline-color\">Programa 28 Vozes de FIBRA Especial &#8211; 18\/julho\/2021<\/span><\/strong><\/p>\n\n\n\n<figure class=\"wp-block-embed is-type-video is-provider-youtube wp-block-embed-youtube wp-embed-aspect-16-9 wp-has-aspect-ratio\"><div class=\"wp-block-embed__wrapper\">\n<iframe title=\"Solidariedade e Articula\u00e7\u00e3o Internacional\" width=\"640\" height=\"360\" src=\"https:\/\/www.youtube.com\/embed\/qiEE--g6VrE?feature=oembed\" frameborder=\"0\" allow=\"accelerometer; autoplay; clipboard-write; encrypted-media; gyroscope; picture-in-picture; web-share\" referrerpolicy=\"strict-origin-when-cross-origin\" allowfullscreen><\/iframe>\n<\/div><figcaption class=\"wp-element-caption\">Live moderada por Aline Marcelino do Coletivo Amsterdam pela Democracia.<br>Tema: &#8220;Solidariedade e Articula\u00e7\u00e3o Internacional.&#8221;<\/figcaption><\/figure>\n\n\n\n<p><strong><span style=\"color:#fc0309;\" class=\"has-inline-color\">Programa 27 Vozes de FIBRA &#8211; 11\/julho\/2021<\/span><\/strong><\/p>\n\n\n\n<figure class=\"wp-block-embed is-type-video is-provider-youtube wp-block-embed-youtube wp-embed-aspect-16-9 wp-has-aspect-ratio\"><div class=\"wp-block-embed__wrapper\">\n<iframe title=\"Vozes de FIBRA: Cultura e Resist\u00eancia em Tempos de Pandemia (Retransmiss\u00e3o)\" width=\"640\" height=\"360\" src=\"https:\/\/www.youtube.com\/embed\/rzErDW5bSeI?feature=oembed\" frameborder=\"0\" allow=\"accelerometer; autoplay; clipboard-write; encrypted-media; gyroscope; picture-in-picture; web-share\" referrerpolicy=\"strict-origin-when-cross-origin\" allowfullscreen><\/iframe>\n<\/div><figcaption class=\"wp-element-caption\">Vozes de FIBRA: Cultura e Resist\u00eancia em Tempos de Pandemia (Retransmiss\u00e3o).<\/figcaption><\/figure>\n\n\n\n<p><strong><span style=\"color:#fc0309;\" class=\"has-inline-color\">Programa 26 Vozes de FIBRA &#8211; 04\/julho\/2021<\/span><\/strong><\/p>\n\n\n\n<figure class=\"wp-block-embed is-type-video is-provider-youtube wp-block-embed-youtube wp-embed-aspect-16-9 wp-has-aspect-ratio\"><div class=\"wp-block-embed__wrapper\">\n<iframe title=\"Atos No exterior: #3JForaBolsonaro e pr\u00f3ximos passos\" width=\"640\" height=\"360\" src=\"https:\/\/www.youtube.com\/embed\/RNJAKJ8uOXQ?feature=oembed\" frameborder=\"0\" allow=\"accelerometer; autoplay; clipboard-write; encrypted-media; gyroscope; picture-in-picture; web-share\" referrerpolicy=\"strict-origin-when-cross-origin\" allowfullscreen><\/iframe>\n<\/div><figcaption class=\"wp-element-caption\">Live apresentada por Fl\u00e1vio Carvalho sobre os atos de #3JForaBolsonaro, no exterior.<\/figcaption><\/figure>\n\n\n\n<p><strong><span style=\"color:#fc0309;\" class=\"has-inline-color\">Programa 24 Vozes de FIBRA &#8211; 20\/junho\/2021<\/span><\/strong><\/p>\n\n\n\n<figure class=\"wp-block-embed is-type-video is-provider-youtube wp-block-embed-youtube wp-embed-aspect-16-9 wp-has-aspect-ratio\"><div class=\"wp-block-embed__wrapper\">\n<iframe title=\"Vozes de FIBRA - CPI da Covid na pauta Internacional\" width=\"640\" height=\"360\" src=\"https:\/\/www.youtube.com\/embed\/FMtmPtpWkh4?feature=oembed\" frameborder=\"0\" allow=\"accelerometer; autoplay; clipboard-write; encrypted-media; gyroscope; picture-in-picture; web-share\" referrerpolicy=\"strict-origin-when-cross-origin\" allowfullscreen><\/iframe>\n<\/div><figcaption class=\"wp-element-caption\">Live apresentada por Fl\u00e1via Costa e Fl\u00e1vio Carvalho. <br>Tema: &#8220;CPI da Covid na pauta Internacional.&#8221;<\/figcaption><\/figure>\n\n\n\n<p><strong><span style=\"color:#fc0309;\" class=\"has-inline-color\">Programa 23 Vozes de FIBRA &#8211; 13\/junho\/2021<\/span><\/strong><\/p>\n\n\n\n<figure class=\"wp-block-embed is-type-video is-provider-youtube wp-block-embed-youtube wp-embed-aspect-16-9 wp-has-aspect-ratio\"><div class=\"wp-block-embed__wrapper\">\n<iframe title=\"Genoc\u00eddio da popula\u00e7\u00e3o negra: luta por justi\u00e7a, direitos e repara\u00e7\u00e3o\" width=\"640\" height=\"360\" src=\"https:\/\/www.youtube.com\/embed\/wxdOciXkdeg?feature=oembed\" frameborder=\"0\" allow=\"accelerometer; autoplay; clipboard-write; encrypted-media; gyroscope; picture-in-picture; web-share\" referrerpolicy=\"strict-origin-when-cross-origin\" allowfullscreen><\/iframe>\n<\/div><figcaption class=\"wp-element-caption\">Live apresentada por Analia Silva do Coletivo Fala Baixada e Stop Bolsonaro. <br>Tema: &#8220;Genoc\u00eddio do povo negro: Luta pelo combate ao racismo e pela vida digna. Justi\u00e7a, direitos, paridade e repara\u00e7\u00e3o.&#8221;<\/figcaption><\/figure>\n\n\n\n<p><strong><span style=\"color:#fc0309;\" class=\"has-inline-color\">Programa 22 Vozes de FIBRA &#8211; 06\/junho\/2021<\/span><\/strong><\/p>\n\n\n\n<figure class=\"wp-block-embed is-type-video is-provider-youtube wp-block-embed-youtube wp-embed-aspect-16-9 wp-has-aspect-ratio\"><div class=\"wp-block-embed__wrapper\">\n<iframe title=\"A Petrobras (e o pr\u00e9-sal) ainda pertencem ao povo brasileiro ?\" width=\"640\" height=\"360\" src=\"https:\/\/www.youtube.com\/embed\/vrUjEgQxM8E?feature=oembed\" frameborder=\"0\" allow=\"accelerometer; autoplay; clipboard-write; encrypted-media; gyroscope; picture-in-picture; web-share\" referrerpolicy=\"strict-origin-when-cross-origin\" allowfullscreen><\/iframe>\n<\/div><figcaption class=\"wp-element-caption\">Live apresentada por Rebeca R. Lang direto de Paris. <br>Tema: &#8220;A Petrobras (e o pr\u00e9-sal) ainda pertencem ao povo brasileiro ?&#8221;<\/figcaption><\/figure>\n\n\n\n<p><strong><span style=\"color:#fc0309;\" class=\"has-inline-color\">Programa 21 Vozes de FIBRA &#8211; 30\/maio\/2021<\/span><\/strong><\/p>\n\n\n\n<figure class=\"wp-block-embed is-type-video is-provider-youtube wp-block-embed-youtube wp-embed-aspect-16-9 wp-has-aspect-ratio\"><div class=\"wp-block-embed__wrapper\">\n<iframe title=\"Vozes de Fibra - Fora Bolsonaro\" width=\"640\" height=\"360\" src=\"https:\/\/www.youtube.com\/embed\/M7eesnXIQlI?feature=oembed\" frameborder=\"0\" allow=\"accelerometer; autoplay; clipboard-write; encrypted-media; gyroscope; picture-in-picture; web-share\" referrerpolicy=\"strict-origin-when-cross-origin\" allowfullscreen><\/iframe>\n<\/div><figcaption class=\"wp-element-caption\">Live com Fl\u00e1via Costa. Tema: &#8220;Mobiliza\u00e7\u00f5es no Brasil e no mundo e as raz\u00f5es que levaram mais de 500 mil pessoas \u00e0s ruas nesse 29M.&#8221;<\/figcaption><\/figure>\n\n\n\n<p><strong><span style=\"color:#fc0309;\" class=\"has-inline-color\">Programa 20 Vozes de FIBRA &#8211; 23\/maio\/2021<\/span><\/strong><\/p>\n\n\n\n<figure class=\"wp-block-embed is-type-video is-provider-youtube wp-block-embed-youtube wp-embed-aspect-16-9 wp-has-aspect-ratio\"><div class=\"wp-block-embed__wrapper\">\n<iframe title=\"Programa Vozes de Fibra - Stop Acordo Uni\u00e3o Europeia Mercosul\" width=\"640\" height=\"360\" src=\"https:\/\/www.youtube.com\/embed\/-Yzad8T_JWU?feature=oembed\" frameborder=\"0\" allow=\"accelerometer; autoplay; clipboard-write; encrypted-media; gyroscope; picture-in-picture; web-share\" referrerpolicy=\"strict-origin-when-cross-origin\" allowfullscreen><\/iframe>\n<\/div><\/figure>\n\n\n\n<p><strong><span style=\"color:#fc0309;\" class=\"has-inline-color\">Programa 19 Vozes de FIBRA &#8211; 16\/maio\/2021<\/span><\/strong><\/p>\n\n\n\n<figure class=\"wp-block-embed is-type-video is-provider-youtube wp-block-embed-youtube wp-embed-aspect-16-9 wp-has-aspect-ratio\"><div class=\"wp-block-embed__wrapper\">\n<iframe title=\"VOZES DE FIBRA - Apoio internacional contra o Acordo UE-Mercosur\" width=\"640\" height=\"360\" src=\"https:\/\/www.youtube.com\/embed\/XHor9p9E5Aw?feature=oembed\" frameborder=\"0\" allow=\"accelerometer; autoplay; clipboard-write; encrypted-media; gyroscope; picture-in-picture; web-share\" referrerpolicy=\"strict-origin-when-cross-origin\" allowfullscreen><\/iframe>\n<\/div><figcaption class=\"wp-element-caption\">Live moderada por Fl\u00e1via Costa da s\u00e9rie de programas sobre o acordo entre EU-Mercosul. <br>Tema: &#8220;Apoio internacional contra o Acordo UE-Mercosur&#8221;<\/figcaption><\/figure>\n\n\n\n<p><strong><span style=\"color:#fc0309;\" class=\"has-inline-color\">Programa 18 Vozes de FIBRA &#8211; 09\/maio\/2021<\/span><\/strong><\/p>\n\n\n\n<figure class=\"wp-block-embed is-type-video is-provider-youtube wp-block-embed-youtube wp-embed-aspect-16-9 wp-has-aspect-ratio\"><div class=\"wp-block-embed__wrapper\">\n<iframe title=\"VOZES DE FIBRA - Press\u00e3o internacional contra o Acordo UE-Mercosur\" width=\"640\" height=\"360\" src=\"https:\/\/www.youtube.com\/embed\/xz33hv9e-1s?feature=oembed\" frameborder=\"0\" allow=\"accelerometer; autoplay; clipboard-write; encrypted-media; gyroscope; picture-in-picture; web-share\" referrerpolicy=\"strict-origin-when-cross-origin\" allowfullscreen><\/iframe>\n<\/div><figcaption class=\"wp-element-caption\">Live que d\u00e1 in\u00edcio a uma s\u00e9rie de programas a cerca do acordo EU-Mercosul. <br>Tema: &#8220;Press\u00e3o internacional contra o Acordo UE-Mercosur&#8221;<\/figcaption><\/figure>\n\n\n\n<p><strong><span style=\"color:#fc0309;\" class=\"has-inline-color\">Programa 17 Vozes de FIBRA &#8211; 02\/maio\/2021<\/span><\/strong><\/p>\n\n\n\n<figure class=\"wp-block-embed is-type-video is-provider-youtube wp-block-embed-youtube wp-embed-aspect-16-9 wp-has-aspect-ratio\"><div class=\"wp-block-embed__wrapper\">\n<iframe title=\"Fundo Solid\u00e1rio Internacional do MTC\" width=\"640\" height=\"360\" src=\"https:\/\/www.youtube.com\/embed\/nq210b3Q9T0?feature=oembed\" frameborder=\"0\" allow=\"accelerometer; autoplay; clipboard-write; encrypted-media; gyroscope; picture-in-picture; web-share\" referrerpolicy=\"strict-origin-when-cross-origin\" allowfullscreen><\/iframe>\n<\/div><figcaption class=\"wp-element-caption\">Live moderada por Aline Marcelino do Coletivo Amsterdam pela Democracia. <br>Tema: &#8220;Fundo Solid\u00e1rio Internacional do MTC.&#8221;<\/figcaption><\/figure>\n\n\n\n<p><strong><span style=\"color:#fc0309;\" class=\"has-inline-color\">Programa 16 Vozes de FIBRA &#8211; 25\/abril\/2021<\/span><\/strong><\/p>\n\n\n\n<figure class=\"wp-block-embed is-type-video is-provider-youtube wp-block-embed-youtube wp-embed-aspect-16-9 wp-has-aspect-ratio\"><div class=\"wp-block-embed__wrapper\">\n<iframe title=\"Vozes de FIBRA: Mobiliza\u00e7\u00e3o Internacional Bolsonaro Genocida\" width=\"640\" height=\"360\" src=\"https:\/\/www.youtube.com\/embed\/SGGzYjMAUQk?feature=oembed\" frameborder=\"0\" allow=\"accelerometer; autoplay; clipboard-write; encrypted-media; gyroscope; picture-in-picture; web-share\" referrerpolicy=\"strict-origin-when-cross-origin\" allowfullscreen><\/iframe>\n<\/div><figcaption class=\"wp-element-caption\">Live de atos dos Coletivos internacionais.<br>Tema: &#8220;Vozes de FIBRA: Mobiliza\u00e7\u00e3o Internacional Bolsonaro Genocida&#8221;<\/figcaption><\/figure>\n\n\n\n<p><strong><span style=\"color:#fc0309;\" class=\"has-inline-color\">Programa 15 Vozes de FIBRA &#8211; 18\/abril\/2021<\/span><\/strong><\/p>\n\n\n\n<figure class=\"wp-block-embed is-type-video is-provider-youtube wp-block-embed-youtube wp-embed-aspect-16-9 wp-has-aspect-ratio\"><div class=\"wp-block-embed__wrapper\">\n<iframe title=\"Vozes de Fibra - Edi\u00e7\u00e3o de anivers\u00e1rio.\" width=\"640\" height=\"360\" src=\"https:\/\/www.youtube.com\/embed\/zxhJbc_SAWc?feature=oembed\" frameborder=\"0\" allow=\"accelerometer; autoplay; clipboard-write; encrypted-media; gyroscope; picture-in-picture; web-share\" referrerpolicy=\"strict-origin-when-cross-origin\" allowfullscreen><\/iframe>\n<\/div><figcaption class=\"wp-element-caption\">Fl\u00e1vio Carvalho entrevista ativistas sobre a est\u00f3ria de surgimento da Frente Internacional<br>Tema: &#8220;Vozes de Fibra &#8211; Edi\u00e7\u00e3o de anivers\u00e1rio.&#8221;<\/figcaption><\/figure>\n\n\n\n<p><strong><span style=\"color:#fc0309;\" class=\"has-inline-color\">Programa 14 Vozes de FIBRA &#8211; 11\/abril\/2021<\/span><\/strong><\/p>\n\n\n\n<figure class=\"wp-block-embed is-type-video is-provider-youtube wp-block-embed-youtube wp-embed-aspect-16-9 wp-has-aspect-ratio\"><div class=\"wp-block-embed__wrapper\">\n<iframe title=\"Di\u00e1logo sobre Esfor\u00e7os Anticorrup\u00e7\u00e3o no Brasil: Justi\u00e7a, M\u00eddia e Lava Jato\" width=\"640\" height=\"360\" src=\"https:\/\/www.youtube.com\/embed\/MNo1eY1Tk0U?feature=oembed\" frameborder=\"0\" allow=\"accelerometer; autoplay; clipboard-write; encrypted-media; gyroscope; picture-in-picture; web-share\" referrerpolicy=\"strict-origin-when-cross-origin\" allowfullscreen><\/iframe>\n<\/div><figcaption class=\"wp-element-caption\">Live com o Coletivo CPBD-LA. <br>Tema: &#8220;Di\u00e1logo sobre Esfor\u00e7os Anticorrup\u00e7\u00e3o no Brasil: Justi\u00e7a, M\u00eddia e Lava Jato&#8221;. <\/figcaption><\/figure>\n\n\n\n<p><strong><span style=\"color:#fc0309;\" class=\"has-inline-color\">Programa 13 Vozes de FIBRA &#8211; 28\/mar\u00e7o\/2021<\/span><\/strong><\/p>\n\n\n\n<figure class=\"wp-block-embed is-type-video is-provider-youtube wp-block-embed-youtube wp-embed-aspect-16-9 wp-has-aspect-ratio\"><div class=\"wp-block-embed__wrapper\">\n<iframe title=\"Chile: desafios e obsta\u0301culos para uma nova Constituinte\" width=\"640\" height=\"360\" src=\"https:\/\/www.youtube.com\/embed\/JhFaBLHxpI0?feature=oembed\" frameborder=\"0\" allow=\"accelerometer; autoplay; clipboard-write; encrypted-media; gyroscope; picture-in-picture; web-share\" referrerpolicy=\"strict-origin-when-cross-origin\" allowfullscreen><\/iframe>\n<\/div><figcaption class=\"wp-element-caption\">Live do Collectief Alerte France Br\u00e9sil. <br>Tema: &#8220;Chile: desafios e obst\u00e1culos para uma nova Constituinte&#8221;.<\/figcaption><\/figure>\n\n\n\n<p><strong><span style=\"color:#fc0309;\" class=\"has-inline-color\">Programa 12 Vozes de FIBRA &#8211; 21\/mar\u00e7o\/2021<\/span><\/strong><\/p>\n\n\n\n<figure class=\"wp-block-embed is-type-video is-provider-youtube wp-block-embed-youtube wp-embed-aspect-16-9 wp-has-aspect-ratio\"><div class=\"wp-block-embed__wrapper\">\n<iframe title=\"Racismo e pandemia: o combate \u00e9 urgente!\" width=\"640\" height=\"360\" src=\"https:\/\/www.youtube.com\/embed\/wQDvFw5OwFQ?feature=oembed\" frameborder=\"0\" allow=\"accelerometer; autoplay; clipboard-write; encrypted-media; gyroscope; picture-in-picture; web-share\" referrerpolicy=\"strict-origin-when-cross-origin\" allowfullscreen><\/iframe>\n<\/div><figcaption class=\"wp-element-caption\">Live com o Coletivo Por um Brasil Democr\u00e1tico sobre o dia internacional da luta contra a discrimina\u00e7\u00e3o racial. <br>Tema: &#8220;Racismo e pandemia: o combate \u00e9 urgente!&#8221;<\/figcaption><\/figure>\n\n\n\n<p><strong><span style=\"color:#fc0309;\" class=\"has-inline-color\">Programa 11 Vozes de FIBRA &#8211; 14\/mar\u00e7o\/2021<\/span><\/strong><\/p>\n\n\n\n<figure class=\"wp-block-embed is-type-video is-provider-youtube wp-block-embed-youtube wp-embed-aspect-16-9 wp-has-aspect-ratio\"><div class=\"wp-block-embed__wrapper\">\n<iframe title=\"Microfone aberto: Marielles pelo mundo\" width=\"640\" height=\"360\" src=\"https:\/\/www.youtube.com\/embed\/qnLyQKGM2_g?feature=oembed\" frameborder=\"0\" allow=\"accelerometer; autoplay; clipboard-write; encrypted-media; gyroscope; picture-in-picture; web-share\" referrerpolicy=\"strict-origin-when-cross-origin\" allowfullscreen><\/iframe>\n<\/div><figcaption class=\"wp-element-caption\">Live coletiva e interativa aberta \u00e0 participa\u00e7\u00e3o da milit\u00e2ncia nacional e internacional que queira prestar homenagens a Marielle Franco. <br>Tema: &#8220;Microfone aberto: Marielles pelo mundo&#8221;<\/figcaption><\/figure>\n\n\n\n<p><strong><span style=\"color:#f80303;\" class=\"has-inline-color\">Programa 10 Vozes de FIBRA &#8211; 07\/mar\u00e7o\/2021<\/span><\/strong><\/p>\n\n\n\n<figure class=\"wp-block-embed is-type-video is-provider-youtube wp-block-embed-youtube wp-embed-aspect-16-9 wp-has-aspect-ratio\"><div class=\"wp-block-embed__wrapper\">\n<iframe title=\"LA REVOLUCI\u00d3N ES FEMINISTA - Las difencias y semejanzas de las luchas feministas.\" width=\"640\" height=\"360\" src=\"https:\/\/www.youtube.com\/embed\/-RZMohVZJ-I?feature=oembed\" frameborder=\"0\" allow=\"accelerometer; autoplay; clipboard-write; encrypted-media; gyroscope; picture-in-picture; web-share\" referrerpolicy=\"strict-origin-when-cross-origin\" allowfullscreen><\/iframe>\n<\/div><figcaption class=\"wp-element-caption\">Live do coletivo FIRMES.<br>Tema: &#8220;LA REVOLUCI\u00d3N ES FEMINISTA &#8211; Las difencias y semejanzas de las luchas feministas.&#8221;<\/figcaption><\/figure>\n\n\n\n<p><strong><span style=\"color:#f80303;\" class=\"has-inline-color\">Programa 09 Vozes de FIBRA &#8211; 28\/fevereiro\/2021<\/span><\/strong><\/p>\n\n\n\n<figure class=\"wp-block-embed is-type-video is-provider-youtube wp-block-embed-youtube wp-embed-aspect-16-9 wp-has-aspect-ratio\"><div class=\"wp-block-embed__wrapper\">\n<iframe title=\"MINERA\u00c7\u00c3O DE UR\u00c2NIO E FOSFATO NO CEAR\u00c1: impactos e injusti\u00e7as socioambientais nos territ\u00f3rios\" width=\"640\" height=\"360\" src=\"https:\/\/www.youtube.com\/embed\/qV_vbSKDgvY?feature=oembed\" frameborder=\"0\" allow=\"accelerometer; autoplay; clipboard-write; encrypted-media; gyroscope; picture-in-picture; web-share\" referrerpolicy=\"strict-origin-when-cross-origin\" allowfullscreen><\/iframe>\n<\/div><figcaption class=\"wp-element-caption\">Live apresentada por Fl\u00e1via Costa. <br>Tema: &#8220;MINERA\u00c7\u00c3O DE UR\u00c2NIO E FOSFATO NO CEAR\u00c1: impactos e injusti\u00e7as socioambientais nos territ\u00f3rios.&#8221;<\/figcaption><\/figure>\n\n\n\n<p><strong><span style=\"color:#f70202;\" class=\"has-inline-color\">Programa 08 Vozes de FIBRA &#8211; 21\/fevereiro\/2021<\/span><\/strong><\/p>\n\n\n\n<figure class=\"wp-block-embed is-type-video is-provider-youtube wp-block-embed-youtube wp-embed-aspect-16-9 wp-has-aspect-ratio\"><div class=\"wp-block-embed__wrapper\">\n<iframe title=\"Milit\u00e2ncia internacional exige: #NenhumAcordoMaisComBolsonaro\" width=\"640\" height=\"360\" src=\"https:\/\/www.youtube.com\/embed\/4qj-Uy2R_Wc?feature=oembed\" frameborder=\"0\" allow=\"accelerometer; autoplay; clipboard-write; encrypted-media; gyroscope; picture-in-picture; web-share\" referrerpolicy=\"strict-origin-when-cross-origin\" allowfullscreen><\/iframe>\n<\/div><figcaption class=\"wp-element-caption\">Live do Coletivo Alerte France Br\u00e9sil\/MD18.<br>Tema: &#8220;Milit\u00e2ncia internacional exige:&nbsp;<a href=\"https:\/\/www.youtube.com\/hashtag\/nenhumacordomaiscombolsonaro\">#NenhumAcordoMaisComBolsonaro<\/a>&#8220;<\/figcaption><\/figure>\n\n\n\n<p><strong><span style=\"color:#f60303;\" class=\"has-inline-color\">Programa 07 Vozes de FIBRA &#8211; 14\/fevereiro\/2021<\/span><\/strong><\/p>\n\n\n\n<figure class=\"wp-block-embed is-type-video is-provider-youtube wp-block-embed-youtube wp-embed-aspect-16-9 wp-has-aspect-ratio\"><div class=\"wp-block-embed__wrapper\">\n<iframe title=\"BRASIL, MOSTRA TUAS RAIZES!\" width=\"640\" height=\"360\" src=\"https:\/\/www.youtube.com\/embed\/RoHSdWmOEMg?feature=oembed\" frameborder=\"0\" allow=\"accelerometer; autoplay; clipboard-write; encrypted-media; gyroscope; picture-in-picture; web-share\" referrerpolicy=\"strict-origin-when-cross-origin\" allowfullscreen><\/iframe>\n<\/div><figcaption class=\"wp-element-caption\">Live com a participa\u00e7\u00e3o de 8 grupos\/artistas brasileiros do Brasil e Alemanha! <br>Tema: &#8220;Brasil, Mostra tuas ra\u00edzes!&#8221;<\/figcaption><\/figure>\n\n\n\n<p><strong><span style=\"color:#f70202;\" class=\"has-inline-color\">Programa 06 Vozes de FIBRA &#8211; 07\/fevereiro\/2021<\/span><\/strong><\/p>\n\n\n\n<figure class=\"wp-block-embed is-type-video is-provider-youtube wp-block-embed-youtube wp-embed-aspect-16-9 wp-has-aspect-ratio\"><div class=\"wp-block-embed__wrapper\">\n<iframe title=\"\ud83c\udfad Ato Carnavalesco Carnaval do &quot;Vira Cuca&quot; \ud83d\udc0a Cultura \u00e9 resist\u00eancia: vacina\u00e7\u00e3o j\u00e1!\" width=\"640\" height=\"360\" src=\"https:\/\/www.youtube.com\/embed\/OsLa90IQ0Oc?feature=oembed\" frameborder=\"0\" allow=\"accelerometer; autoplay; clipboard-write; encrypted-media; gyroscope; picture-in-picture; web-share\" referrerpolicy=\"strict-origin-when-cross-origin\" allowfullscreen><\/iframe>\n<\/div><figcaption class=\"wp-element-caption\">Live dos coletivos da Fibra, apresentada por Bartira (Brassar). <br>Tema: &#8220;Ato Carnavalesco Carnaval do &#8220;Vira Cuca&#8221; \ud83d\udc0a Cultura \u00e9 resist\u00eancia: vacina\u00e7\u00e3o j\u00e1!&#8221;<\/figcaption><\/figure>\n\n\n\n<p><mark style=\"background-color:rgba(0, 0, 0, 0);color:#ff0007\" class=\"has-inline-color\"><strong>Programa 05 (extra) Vozes de FIBRA &#8211; 24\/janeiro\/202<\/strong>1<\/mark><\/p>\n\n\n\n<figure class=\"wp-block-embed is-type-video is-provider-youtube wp-block-embed-youtube wp-embed-aspect-16-9 wp-has-aspect-ratio\"><div class=\"wp-block-embed__wrapper\">\n<iframe title=\"Programa Vozes de Fibra - FSM 2021 \/ Ciranda de Pr\u00e1ticas: movimentos sociais brasileiros na di\u00e1spora\" width=\"640\" height=\"360\" src=\"https:\/\/www.youtube.com\/embed\/whzzc4MJ1hI?feature=oembed\" frameborder=\"0\" allow=\"accelerometer; autoplay; clipboard-write; encrypted-media; gyroscope; picture-in-picture; web-share\" referrerpolicy=\"strict-origin-when-cross-origin\" allowfullscreen><\/iframe>\n<\/div><figcaption class=\"wp-element-caption\">Live  Coletivo Brasil Montr\u00e9al e Coletivo por um Brasil Democr\u00e1tico. <br>Tema: &#8220;FSM 2021 \/ Ciranda de Pr\u00e1ticas: movimentos sociais brasileiros na di\u00e1spora.&#8221;<\/figcaption><\/figure>\n\n\n\n<p><mark style=\"background-color:rgba(0, 0, 0, 0);color:#ff0007\" class=\"has-inline-color\"><strong>Programa 04 (extra) Vozes de FIBRA &#8211; 24\/janeiro\/202<\/strong>1<\/mark><\/p>\n\n\n\n<figure class=\"wp-block-embed is-type-video is-provider-youtube wp-block-embed-youtube wp-embed-aspect-16-9 wp-has-aspect-ratio\"><div class=\"wp-block-embed__wrapper\">\n<iframe title=\"D\u00eda mundial de la cultura africana y los afrodescendientes\" width=\"640\" height=\"360\" src=\"https:\/\/www.youtube.com\/embed\/RUrwBZ7lZH4?feature=oembed\" frameborder=\"0\" allow=\"accelerometer; autoplay; clipboard-write; encrypted-media; gyroscope; picture-in-picture; web-share\" referrerpolicy=\"strict-origin-when-cross-origin\" allowfullscreen><\/iframe>\n<\/div><figcaption class=\"wp-element-caption\">Live em espanhol do Coletivo FIRMES. <br>Tema: &#8220;D\u00eda mundial de la cultura africana y los afrodescendientes.&#8221;<\/figcaption><\/figure>\n\n\n\n<p><mark style=\"background-color:rgba(0, 0, 0, 0);color:#ff0007\" class=\"has-inline-color\"><strong>Programa 03 Vozes de FIBRA &#8211; 24\/janeiro\/202<\/strong>1<\/mark><\/p>\n\n\n\n<figure class=\"wp-block-embed is-type-video is-provider-youtube wp-block-embed-youtube wp-embed-aspect-16-9 wp-has-aspect-ratio\"><div class=\"wp-block-embed__wrapper\">\n<iframe title=\"Dia Mundial da Cultura Africana e dos Afrodescendentes\" width=\"640\" height=\"360\" src=\"https:\/\/www.youtube.com\/embed\/eI-XXgVdOOM?feature=oembed\" frameborder=\"0\" allow=\"accelerometer; autoplay; clipboard-write; encrypted-media; gyroscope; picture-in-picture; web-share\" referrerpolicy=\"strict-origin-when-cross-origin\" allowfullscreen><\/iframe>\n<\/div><figcaption class=\"wp-element-caption\">Live em portugu\u00eas com Coletivo FIRMES. <br>Tema: &#8220;Dia Mundial da Cultura Africana e dos Afrodescendentes.&#8221;<\/figcaption><\/figure>\n\n\n\n<p><mark style=\"background-color:rgba(0, 0, 0, 0);color:#ff0007\" class=\"has-inline-color\"><strong>Programa 02 Vozes de FIBRA especial &#8211; 24\/janeiro\/202<\/strong>1<\/mark><\/p>\n\n\n\n<figure class=\"wp-block-embed is-type-video is-provider-youtube wp-block-embed-youtube wp-embed-aspect-16-9 wp-has-aspect-ratio\"><div class=\"wp-block-embed__wrapper\">\n<iframe title=\"D\u00eda Mundial de la Cultura Africana y Afrodescendiente\" width=\"640\" height=\"360\" src=\"https:\/\/www.youtube.com\/embed\/mKReJ7kNCLg?feature=oembed\" frameborder=\"0\" allow=\"accelerometer; autoplay; clipboard-write; encrypted-media; gyroscope; picture-in-picture; web-share\" referrerpolicy=\"strict-origin-when-cross-origin\" allowfullscreen><\/iframe>\n<\/div><figcaption class=\"wp-element-caption\">Live em espanhol apresentada por Jo\u00e3o Jr. e Dai Sombra.<br>Tema: &#8220;D\u00eda Mundial de la Cultura Africana y Afrodescendiente&#8221;<\/figcaption><\/figure>\n\n\n\n<p><mark style=\"background-color:rgba(0, 0, 0, 0);color:#ff0007\" class=\"has-inline-color\"><strong>Programa 01 Vozes de FIBRA &#8211; 17\/janeiro\/202<\/strong>1<\/mark><\/p>\n\n\n\n<figure class=\"wp-block-embed is-type-video is-provider-youtube wp-block-embed-youtube wp-embed-aspect-16-9 wp-has-aspect-ratio\"><div class=\"wp-block-embed__wrapper\">\n<iframe title=\"Programa Vozes de Fibra: Com o Brasil e pelo mundo em 2021!\" width=\"640\" height=\"360\" src=\"https:\/\/www.youtube.com\/embed\/mADC7TXE3Kc?feature=oembed\" frameborder=\"0\" allow=\"accelerometer; autoplay; clipboard-write; encrypted-media; gyroscope; picture-in-picture; web-share\" referrerpolicy=\"strict-origin-when-cross-origin\" allowfullscreen><\/iframe>\n<\/div><figcaption class=\"wp-element-caption\">Live apresentada por Fl\u00e1via Costa (Coletivo ALMA-Maiorca).<br>Tema: &#8220;Programa Vozes de Fibra: Com o Brasil e pelo mundo em 2021!&#8221;<\/figcaption><\/figure>\n\n\n\n<p>___________________________________________________________<\/p>\n\n\n\n<p><strong><span style=\"color:#f80408;\" class=\"has-inline-color\">Programa 41<\/span> Vozes de FIBRA &#8211; 27_dezembro_2020<\/strong><\/p>\n\n\n\n<figure class=\"wp-block-embed is-type-video is-provider-youtube wp-block-embed-youtube wp-embed-aspect-16-9 wp-has-aspect-ratio\"><div class=\"wp-block-embed__wrapper\">\n<iframe title=\"Urg\u00eancia Pantanal &amp; solidariedade com os povos ind\u00edgenas Chiquitanos\" width=\"640\" height=\"360\" src=\"https:\/\/www.youtube.com\/embed\/s91WtZSxKms?feature=oembed\" frameborder=\"0\" allow=\"accelerometer; autoplay; clipboard-write; encrypted-media; gyroscope; picture-in-picture; web-share\" referrerpolicy=\"strict-origin-when-cross-origin\" allowfullscreen><\/iframe>\n<\/div><figcaption class=\"wp-element-caption\"><em>Live apresentada pelo Coletivo<\/em>Coletivo Alerte France Br\u00e9sil\/MD18, com as professoras Marli Auxiliadora De Almeida, doutora em Hist\u00f3ria Social e Verone Cristina Da Silva, doutora em Antropologia Social da UNEMAT.<br>Tema: &#8220;Urg\u00eancia Pantanal &amp; solidariedade com os povos ind\u00edgenas Chiquitanos.&#8221;<\/figcaption><\/figure>\n\n\n\n<p><strong><span style=\"color:#f60404;\" class=\"has-inline-color\">Programa 40<\/span> Vozes de FIBRA &#8211; 13_dezembro_2020<\/strong><\/p>\n\n\n\n<div class=\"wp-block-jetpack-tiled-gallery aligncenter is-style-rectangular\"><div class=\"tiled-gallery__gallery\"><div class=\"tiled-gallery__row\"><div class=\"tiled-gallery__col\" style=\"flex-basis:100%;\"><figure class=\"tiled-gallery__item\"><img decoding=\"async\" alt=\"\" data-height=\"1180\" data-id=\"1528\" data-link=\"https:\/\/fibrabrasil.wordpress.com\/screenshot-2020-12-20-at-10-09-33\/\" data-url=\"https:\/\/fibrabrasil.files.wordpress.com\/2020\/12\/screenshot-2020-12-20-at-10.09.33.png\" data-width=\"2088\" src=\"https:\/\/fibrabrasil.files.wordpress.com\/2020\/12\/screenshot-2020-12-20-at-10.09.33.png\" data-amp-layout=\"responsive\"><\/figure><\/div><\/div><\/div><\/div>\n\n\n\n<figure class=\"wp-block-embed is-type-video is-provider-youtube wp-block-embed-youtube wp-embed-aspect-16-9 wp-has-aspect-ratio\"><div class=\"wp-block-embed__wrapper\">\n<iframe title=\"Vozes de Fibra - Solidariedade ao Brasil\" width=\"640\" height=\"360\" src=\"https:\/\/www.youtube.com\/embed\/j6x1vgrEwKc?feature=oembed\" frameborder=\"0\" allow=\"accelerometer; autoplay; clipboard-write; encrypted-media; gyroscope; picture-in-picture; web-share\" referrerpolicy=\"strict-origin-when-cross-origin\" allowfullscreen><\/iframe>\n<\/div><figcaption class=\"wp-element-caption\">Live apresentada por Graziela Tanaka do Coletivo Brasil-Montr\u00e9al.<br>Tema: &#8220;Solidariedade com o Brasil: apoie os movimentos na linha de frente da luta contra a COVID-19&#8221;<\/figcaption><\/figure>\n\n\n\n<p><strong><span style=\"color:#fd0404;\" class=\"has-inline-color\">Programa <strong>39<\/strong><\/span> Vozes de FIBRA &#8211; 06_dezembro_2020<\/strong><\/p>\n\n\n\n<figure class=\"wp-block-embed is-type-video is-provider-youtube wp-block-embed-youtube wp-embed-aspect-16-9 wp-has-aspect-ratio\"><div class=\"wp-block-embed__wrapper\">\n<iframe title=\"Solidariedade e milit\u00e2ncia: A atua\u00e7\u00e3o dos movimentos sociais na pandemia\" width=\"640\" height=\"360\" src=\"https:\/\/www.youtube.com\/embed\/yRJZrHT013s?feature=oembed\" frameborder=\"0\" allow=\"accelerometer; autoplay; clipboard-write; encrypted-media; gyroscope; picture-in-picture; web-share\" referrerpolicy=\"strict-origin-when-cross-origin\" allowfullscreen><\/iframe>\n<\/div><figcaption class=\"wp-element-caption\">Live apresentada por Renata do Val e Namir Martins do coletivo &#8220;Desmascarando Bolsonaro j\u00e1!&#8221; .<br>Tema: &#8220;Solidariedade e milit\u00e2ncia: A atua\u00e7\u00e3o dos movimentos sociais na pandemia&#8221;. <\/figcaption><\/figure>\n\n\n\n<p><strong><span style=\"color:#fb0202;\" class=\"has-inline-color\">Programa 38<\/span> Vozes de FIBRA &#8211; 29_novembro_2020<\/strong><\/p>\n\n\n\n<figure class=\"wp-block-embed is-type-video is-provider-youtube wp-block-embed-youtube wp-embed-aspect-16-9 wp-has-aspect-ratio\"><div class=\"wp-block-embed__wrapper\">\n<iframe title=\"Segundo turno elei\u00e7\u014des 2020\" width=\"640\" height=\"360\" src=\"https:\/\/www.youtube.com\/embed\/lGYMwcQLiRI?feature=oembed\" frameborder=\"0\" allow=\"accelerometer; autoplay; clipboard-write; encrypted-media; gyroscope; picture-in-picture; web-share\" referrerpolicy=\"strict-origin-when-cross-origin\" allowfullscreen><\/iframe>\n<\/div><figcaption class=\"wp-element-caption\">Live apresentada po Fernanda Otero e Fl\u00e1vio Carvalho (membros da Fibra).<br>Tema: &#8220;Elei\u00e7\u00f5es 2020.&#8221;<\/figcaption><\/figure>\n\n\n\n<p><strong><span style=\"color:#f81f03;\" class=\"has-inline-color\">Programa 37<\/span> Vozes de FIBRA &#8211; 22_novembro_2020<\/strong><\/p>\n\n\n\n<figure class=\"wp-block-embed is-type-video is-provider-youtube wp-block-embed-youtube wp-embed-aspect-16-9 wp-has-aspect-ratio\"><div class=\"wp-block-embed__wrapper\">\n<iframe title=\"FIBRA NO 2\u00b0 TURNO - Vozes de FIBRA\" width=\"640\" height=\"360\" src=\"https:\/\/www.youtube.com\/embed\/ucP7aSk7xLU?feature=oembed\" frameborder=\"0\" allow=\"accelerometer; autoplay; clipboard-write; encrypted-media; gyroscope; picture-in-picture; web-share\" referrerpolicy=\"strict-origin-when-cross-origin\" allowfullscreen><\/iframe>\n<\/div><figcaption class=\"wp-element-caption\">Live apresentada por Fernanda Otero (membro independente da FIBRA). <br>Tema: &#8220;FIBRA NO 2\u00b0 TURNO&#8221;.<\/figcaption><\/figure>\n\n\n\n<p><strong><span style=\"color:#fe0303;\" class=\"has-inline-color\">Programa 36<\/span> Vozes de FIBRA &#8211; 15_novembro_2020<\/strong> (Bloco II)<\/p>\n\n\n\n<figure class=\"wp-block-embed is-type-video is-provider-youtube wp-block-embed-youtube wp-embed-aspect-16-9 wp-has-aspect-ratio\"><div class=\"wp-block-embed__wrapper\">\n<iframe title=\"Foco nas Elei\u00e7\u014des - Seu voto tem poder! Bloco 2\" width=\"640\" height=\"360\" src=\"https:\/\/www.youtube.com\/embed\/CMbxlpH6FTE?feature=oembed\" frameborder=\"0\" allow=\"accelerometer; autoplay; clipboard-write; encrypted-media; gyroscope; picture-in-picture; web-share\" referrerpolicy=\"strict-origin-when-cross-origin\" allowfullscreen><\/iframe>\n<\/div><figcaption class=\"wp-element-caption\">Live apresentada por Fernanda Otero e  v\u00e1rios coletivos da Fibra.<br>Tema: <em>&#8220;Foco nas Elei\u00e7\u014des: Seu voto tem poder!&#8221; (Bloco II)<\/em><\/figcaption><\/figure>\n\n\n\n<p><strong><span style=\"color:#f90404;\" class=\"has-inline-color\">Programa 35  <\/span>Vozes de FIBRA &#8211; 15_novembro_2020<\/strong> (Bloco I)<\/p>\n\n\n\n<figure class=\"wp-block-embed is-type-video is-provider-youtube wp-block-embed-youtube wp-embed-aspect-16-9 wp-has-aspect-ratio\"><div class=\"wp-block-embed__wrapper\">\n<iframe title=\"Foco nas Elei\u00e7\u014des: Seu voto tem poder!\" width=\"640\" height=\"360\" src=\"https:\/\/www.youtube.com\/embed\/S3QJGmIZ8Yk?feature=oembed\" frameborder=\"0\" allow=\"accelerometer; autoplay; clipboard-write; encrypted-media; gyroscope; picture-in-picture; web-share\" referrerpolicy=\"strict-origin-when-cross-origin\" allowfullscreen><\/iframe>\n<\/div><figcaption class=\"wp-element-caption\">Live apresentada por Fernanda Otero (membro independente da Fibra)<br>Tema: &#8220;Foco nas Elei\u00e7\u014des: Seu voto tem poder!&#8221; (Bloco I)<\/figcaption><\/figure>\n\n\n\n<p><strong><span style=\"color:#f80404;\" class=\"has-inline-color\">Programa 34 <\/span> Vozes de FIBRA &#8211; 08_novembro_2020<\/strong><\/p>\n\n\n\n<figure class=\"wp-block-embed is-type-video is-provider-youtube wp-block-embed-youtube wp-embed-aspect-16-9 wp-has-aspect-ratio\"><div class=\"wp-block-embed__wrapper\">\n<iframe title=\"A quem serve o acordo Mercosul - UE? (e porque ser contra sua ratifica\u00e7\u00e3o)\" width=\"640\" height=\"360\" src=\"https:\/\/www.youtube.com\/embed\/uW2dxkhYEes?feature=oembed\" frameborder=\"0\" allow=\"accelerometer; autoplay; clipboard-write; encrypted-media; gyroscope; picture-in-picture; web-share\" referrerpolicy=\"strict-origin-when-cross-origin\" allowfullscreen><\/iframe>\n<\/div><figcaption class=\"wp-element-caption\">Live apresentada pelo Coletivo Amsterdam. <br>Tema: &#8220;A quem serve o acordo Mercosul &#8211; UE? (e porque ser contra sua ratifica\u00e7\u00e3o)&#8221;.<\/figcaption><\/figure>\n\n\n\n<p><strong><span style=\"color:#fe0202;\" class=\"has-inline-color\">Programa 33<\/span> Vozes de FIBRA &#8211; 01_novembro_2020<\/strong><\/p>\n\n\n\n<figure class=\"wp-block-embed is-type-video is-provider-youtube wp-block-embed-youtube wp-embed-aspect-16-9 wp-has-aspect-ratio\"><div class=\"wp-block-embed__wrapper\">\n<iframe title=\"Vozes de FIBRA - Vozes femininas\" width=\"640\" height=\"360\" src=\"https:\/\/www.youtube.com\/embed\/2100LYm2wQM?feature=oembed\" frameborder=\"0\" allow=\"accelerometer; autoplay; clipboard-write; encrypted-media; gyroscope; picture-in-picture; web-share\" referrerpolicy=\"strict-origin-when-cross-origin\" allowfullscreen><\/iframe>\n<\/div><figcaption class=\"wp-element-caption\">Live apresentada por Fernanda Otero (membro independente da FIBRA). <br>Tema: &#8220;Vozes Femininas&#8221;.<\/figcaption><\/figure>\n\n\n\n<p><strong><span style=\"color:#fb0d04;\" class=\"has-inline-color\">Programa 32 <\/span> Vozes de FIBRA &#8211; 25_outubro_2020<\/strong><\/p>\n\n\n\n<figure class=\"wp-block-embed is-type-video is-provider-youtube wp-block-embed-youtube wp-embed-aspect-16-9 wp-has-aspect-ratio\"><div class=\"wp-block-embed__wrapper\">\n<iframe title=\"Vozes de FIBRA - Vacina e COVID: debatendo as liberdades individuais responsabilidades coletivas\" width=\"640\" height=\"360\" src=\"https:\/\/www.youtube.com\/embed\/PqOqYxUKndQ?feature=oembed\" frameborder=\"0\" allow=\"accelerometer; autoplay; clipboard-write; encrypted-media; gyroscope; picture-in-picture; web-share\" referrerpolicy=\"strict-origin-when-cross-origin\" allowfullscreen><\/iframe>\n<\/div><figcaption class=\"wp-element-caption\">Live apresentada por Fernanda Otero (membro independente da FIBRA). <br>Tema: &#8220;Vacina e COVID: debatendo as liberdades individuais responsabilidades coletivas&#8221;.<\/figcaption><\/figure>\n\n\n\n<p><strong><span style=\"color:#fa0404;\" class=\"has-inline-color\">Programa 31<\/span> Vozes de FIBRA &#8211; 18_outubro_2020<\/strong><\/p>\n\n\n\n<figure class=\"wp-block-embed is-type-video is-provider-youtube wp-block-embed-youtube wp-embed-aspect-16-9 wp-has-aspect-ratio\"><div class=\"wp-block-embed__wrapper\">\n<iframe title=\"REPRISE FOCO NAS ELEI\u00c7\u014cES\" width=\"640\" height=\"360\" src=\"https:\/\/www.youtube.com\/embed\/Kka-8wuy9tM?feature=oembed\" frameborder=\"0\" allow=\"accelerometer; autoplay; clipboard-write; encrypted-media; gyroscope; picture-in-picture; web-share\" referrerpolicy=\"strict-origin-when-cross-origin\" allowfullscreen><\/iframe>\n<\/div><figcaption class=\"wp-element-caption\">Live apresentada por Fernanda Otero (membro independente da FIBRA). <br>Tema: &#8220;REPRISE FOCO NAS ELEI\u00c7\u014cES&#8221;.<\/figcaption><\/figure>\n\n\n\n<p><strong><span style=\"color:#ff0404;\" class=\"has-inline-color\">Programa 30<\/span> Vozes de FIBRA &#8211; 04_outubro_2020<\/strong><\/p>\n\n\n\n<figure class=\"wp-block-embed is-type-video is-provider-youtube wp-block-embed-youtube wp-embed-aspect-16-9 wp-has-aspect-ratio\"><div class=\"wp-block-embed__wrapper\">\n<iframe title=\"VOZES DE FIBRA - Elei\u00e7\u00f5es 2020: Seu voto nunca foi t\u00e3o importante!\" width=\"640\" height=\"360\" src=\"https:\/\/www.youtube.com\/embed\/QVk-9GKb-vQ?feature=oembed\" frameborder=\"0\" allow=\"accelerometer; autoplay; clipboard-write; encrypted-media; gyroscope; picture-in-picture; web-share\" referrerpolicy=\"strict-origin-when-cross-origin\" allowfullscreen><\/iframe>\n<\/div><figcaption class=\"wp-element-caption\">Live apresentada por Fernanda Otero (membro independente da FIBRA). <br>Tema: &#8220;Elei\u00e7\u00f5es 2020: Seu voto nunca foi t\u00e3o importante!&#8221;.<\/figcaption><\/figure>\n\n\n\n<p><strong><span style=\"color:#fb0404;\" class=\"has-inline-color\">Programa 29<\/span> Vozes de FIBRA &#8211; 27_setembro_2020<\/strong><\/p>\n\n\n\n<figure class=\"wp-block-embed is-type-video is-provider-youtube wp-block-embed-youtube wp-embed-aspect-16-9 wp-has-aspect-ratio\"><div class=\"wp-block-embed__wrapper\">\n<iframe title=\"&quot;ACORDO MERCOSUL-UE - Vantagens e desvantagens para o Brasil&quot;\" width=\"640\" height=\"360\" src=\"https:\/\/www.youtube.com\/embed\/7PjbLMASVp8?feature=oembed\" frameborder=\"0\" allow=\"accelerometer; autoplay; clipboard-write; encrypted-media; gyroscope; picture-in-picture; web-share\" referrerpolicy=\"strict-origin-when-cross-origin\" allowfullscreen><\/iframe>\n<\/div><figcaption class=\"wp-element-caption\">Live apresentada pelo Coletivo Desmascarando o Bolsonaro J\u00e1. <br>Tema: &#8220;ACORDO MERCOSUL-UE &#8211; Vantagens e desvantagens para o Brasil&#8221;.<\/figcaption><\/figure>\n\n\n\n<p><strong><span style=\"color:#f40408;\" class=\"has-inline-color\">Programa 28 <\/span><span style=\"color:#404040;\" class=\"has-inline-color\">(extra)<\/span> Vozes de FIBRA &#8211; 21_setembro_2020<\/strong><\/p>\n\n\n\n<figure class=\"wp-block-embed is-type-video is-provider-youtube wp-block-embed-youtube wp-embed-aspect-16-9 wp-has-aspect-ratio\"><div class=\"wp-block-embed__wrapper\">\n<iframe title=\"MULHERES NEGRAS E ELEI\u00c7\u00d5ES\u00a0MUNICIPAIS NO BRASIL\" width=\"640\" height=\"360\" src=\"https:\/\/www.youtube.com\/embed\/hSuxpuV6sME?feature=oembed\" frameborder=\"0\" allow=\"accelerometer; autoplay; clipboard-write; encrypted-media; gyroscope; picture-in-picture; web-share\" referrerpolicy=\"strict-origin-when-cross-origin\" allowfullscreen><\/iframe>\n<\/div><figcaption class=\"wp-element-caption\"><em>Live apresentada por L\u00edvia de Souza Lima do Coletivo Miradas Feministas (Hamburgo).<\/em><br><em>Tema: &#8220;MULHERES NEGRAS E ELEI\u00c7\u00d5ES&nbsp;MUNICIPAIS NO BRASIL&#8221;.<\/em><\/figcaption><\/figure>\n\n\n\n<p><strong><span style=\"color:#fb0404;\" class=\"has-inline-color\">Programa 27<\/span> Vozes de FIBRA &#8211; 20_setembro_2020<\/strong><\/p>\n\n\n\n<figure class=\"wp-block-embed is-type-video is-provider-youtube wp-block-embed-youtube wp-embed-aspect-16-9 wp-has-aspect-ratio\"><div class=\"wp-block-embed__wrapper\">\n<iframe title=\"VOZES DE FIBRA - EMPRESAS ALEM\u00c3S NO BRASIL BOLSONARISTA\" width=\"640\" height=\"360\" src=\"https:\/\/www.youtube.com\/embed\/ImT5lspmOOE?feature=oembed\" frameborder=\"0\" allow=\"accelerometer; autoplay; clipboard-write; encrypted-media; gyroscope; picture-in-picture; web-share\" referrerpolicy=\"strict-origin-when-cross-origin\" allowfullscreen><\/iframe>\n<\/div><figcaption class=\"wp-element-caption\">Live apresentada pelo Coletivo GDTB e Fernanda Otero (membro independente da FIBRA). <br>Tema: &#8220;GDTB e Christian Russeau: Empresas Alem\u00e3s no Brasil Bolsonarista&#8221;.<\/figcaption><\/figure>\n\n\n\n<p><strong><span style=\"color:#f80303;\" class=\"has-inline-color\">Programa 26 <\/span>Vozes de FIBRA &#8211; 13_setembro_2020<\/strong><\/p>\n\n\n\n<figure class=\"wp-block-embed is-type-video is-provider-youtube wp-block-embed-youtube wp-embed-aspect-16-9 wp-has-aspect-ratio\"><div class=\"wp-block-embed__wrapper\">\n<iframe title=\"Vozes de FIBRA - Bem Viver : Pr\u00e1tica de Viv\u00eancia e Resist\u00eancia\" width=\"640\" height=\"360\" src=\"https:\/\/www.youtube.com\/embed\/Jfy32vOtNho?feature=oembed\" frameborder=\"0\" allow=\"accelerometer; autoplay; clipboard-write; encrypted-media; gyroscope; picture-in-picture; web-share\" referrerpolicy=\"strict-origin-when-cross-origin\" allowfullscreen><\/iframe>\n<\/div><figcaption class=\"wp-element-caption\">Live apresentada pelo Coletivo Grito. <br>Tema: &#8220;Bem Viver: Pr\u00e1tica de Viv\u00eancia e Resist\u00eancia&#8221;.<\/figcaption><\/figure>\n\n\n\n<p><strong><span style=\"color:#f80307;\" class=\"has-inline-color\">Programa 25 <\/span><span style=\"color:#404040;\" class=\"has-inline-color\">(extra)<\/span> Vozes de FIBRA &#8211; 07_setembro_2020<\/strong><\/p>\n\n\n\n<figure class=\"wp-block-embed is-type-video is-provider-youtube wp-block-embed-youtube wp-embed-aspect-16-9 wp-has-aspect-ratio\"><div class=\"wp-block-embed__wrapper\">\n<iframe title=\"Grito dos Exclu\u00eddos Internacional\" width=\"640\" height=\"360\" src=\"https:\/\/www.youtube.com\/embed\/hDz99ngDgS8?feature=oembed\" frameborder=\"0\" allow=\"accelerometer; autoplay; clipboard-write; encrypted-media; gyroscope; picture-in-picture; web-share\" referrerpolicy=\"strict-origin-when-cross-origin\" allowfullscreen><\/iframe>\n<\/div><figcaption class=\"wp-element-caption\">Live apresentada por Fl\u00e1vio Carvalho do Coletivo Brasil Catalunha.<br>Tema: &#8220;Grito dos Exclu\u00eddos Internacional&#8221;<\/figcaption><\/figure>\n\n\n\n<p><strong><span style=\"color:#fb0b03;\" class=\"has-inline-color\">Programa 24<\/span> Vozes de FIBRA &#8211; 06_setembro_2020<\/strong><\/p>\n\n\n\n<figure class=\"wp-block-embed is-type-video is-provider-youtube wp-block-embed-youtube wp-embed-aspect-16-9 wp-has-aspect-ratio\"><div class=\"wp-block-embed__wrapper\">\n<iframe title=\"Vozes de FIBRA - Caminhos-Travessias: Brasileiros na Di\u00e1spora Movimentos Sociais e Ativismo Digital\" width=\"640\" height=\"360\" src=\"https:\/\/www.youtube.com\/embed\/woo0Vz6fOdY?feature=oembed\" frameborder=\"0\" allow=\"accelerometer; autoplay; clipboard-write; encrypted-media; gyroscope; picture-in-picture; web-share\" referrerpolicy=\"strict-origin-when-cross-origin\" allowfullscreen><\/iframe>\n<\/div><figcaption class=\"wp-element-caption\">Live apresentada pelo Coletivo por um Brasil Democr\u00e1tico (LA). <br>Tema: &#8220;Caminhos-Travessias: Brasileiros na Di\u00e1spora Movimentos Sociais e Ativismo Digital&#8221;.<\/figcaption><\/figure>\n\n\n\n<p><strong><span style=\"color:#f90c04;\" class=\"has-inline-color\">Programa 23<\/span> Vozes de FIBRA &#8211; 06_setembro_2020<\/strong><\/p>\n\n\n\n<figure class=\"wp-block-embed is-type-video is-provider-youtube wp-block-embed-youtube wp-embed-aspect-16-9 wp-has-aspect-ratio\"><div class=\"wp-block-embed__wrapper\">\n<iframe title=\"Vozes de FIBRA -  &quot;Sarau dos Exclu\u00eddos&quot;\" width=\"640\" height=\"360\" src=\"https:\/\/www.youtube.com\/embed\/YQbgHrkKnJ0?feature=oembed\" frameborder=\"0\" allow=\"accelerometer; autoplay; clipboard-write; encrypted-media; gyroscope; picture-in-picture; web-share\" referrerpolicy=\"strict-origin-when-cross-origin\" allowfullscreen><\/iframe>\n<\/div><figcaption class=\"wp-element-caption\">Live apresentada pelo Coletivo Au\u00ea de Barcelona. <br>Tema: &#8220;Sarau dos Exclu\u00eddos&#8221;.<\/figcaption><\/figure>\n\n\n\n<p><strong><span style=\"color:#f8030f;\" class=\"has-inline-color\">Programa 22 <\/span><span style=\"color:#404040;\" class=\"has-inline-color\">(extra)<\/span> Vozes de FIBRA &#8211; 05_setembro_2020<\/strong><\/p>\n\n\n\n<figure class=\"wp-block-embed is-type-video is-provider-youtube wp-block-embed-youtube wp-embed-aspect-16-9 wp-has-aspect-ratio\"><div class=\"wp-block-embed__wrapper\">\n<iframe title=\"RETRANSMISS\u00c3O - ATO VIRTUAL DEFENDER A AMAZONIA \u00c9 DEFENDER A VIDA\" width=\"640\" height=\"360\" src=\"https:\/\/www.youtube.com\/embed\/hL7vpr4RgnM?feature=oembed\" frameborder=\"0\" allow=\"accelerometer; autoplay; clipboard-write; encrypted-media; gyroscope; picture-in-picture; web-share\" referrerpolicy=\"strict-origin-when-cross-origin\" allowfullscreen><\/iframe>\n<\/div><figcaption class=\"wp-element-caption\">RETRANSMISS\u00c3O &#8211; &#8220;ATO VIRTUAL DEFENDER A AMAZONIA \u00c9 DEFENDER A VIDA&#8221;<\/figcaption><\/figure>\n\n\n\n<p><strong><span style=\"color:#f70303;\" class=\"has-inline-color\">Programa 21<\/span> Vozes de FIBRA &#8211; 30_agosto_2020<\/strong><\/p>\n\n\n\n<figure class=\"wp-block-embed is-type-video is-provider-youtube wp-block-embed-youtube wp-embed-aspect-16-9 wp-has-aspect-ratio\"><div class=\"wp-block-embed__wrapper\">\n<iframe title=\"Pr\u00e9-lan\u00e7amento: Solidariedade ao Brasil - Apoie os Movimentos na Linha de Frente contra a Covid-19\" width=\"640\" height=\"360\" src=\"https:\/\/www.youtube.com\/embed\/1QKgqFeaKNU?feature=oembed\" frameborder=\"0\" allow=\"accelerometer; autoplay; clipboard-write; encrypted-media; gyroscope; picture-in-picture; web-share\" referrerpolicy=\"strict-origin-when-cross-origin\" allowfullscreen><\/iframe>\n<\/div><figcaption class=\"wp-element-caption\">Live apresentada pelos coletivos Brasil-Montreal, Brasil-Qu\u00e9bec, GRITO e FIBRA. <br>Tema: &#8220;Pr\u00e9-lan\u00e7amento da campanha Solidariedade ao Brasil: Apoie os movimentos na linha de frente contra a COVID-19&#8221;.<\/figcaption><\/figure>\n\n\n\n<p><strong><span style=\"color:#f90303;\" class=\"has-inline-color\">Programa 20<\/span> Vozes de FIBRA &#8211; 16_agosto_2020<\/strong><\/p>\n\n\n\n<figure class=\"wp-block-embed is-type-video is-provider-youtube wp-block-embed-youtube wp-embed-aspect-16-9 wp-has-aspect-ratio\"><div class=\"wp-block-embed__wrapper\">\n<iframe title=\"VOZES DE FIBRA - Vis\u00f5es de Cidade: As Elei\u00e7\u00f5es Municipais\" width=\"640\" height=\"360\" src=\"https:\/\/www.youtube.com\/embed\/m-1nBtEH4e8?feature=oembed\" frameborder=\"0\" allow=\"accelerometer; autoplay; clipboard-write; encrypted-media; gyroscope; picture-in-picture; web-share\" referrerpolicy=\"strict-origin-when-cross-origin\" allowfullscreen><\/iframe>\n<\/div><figcaption class=\"wp-element-caption\">Live apresentada pelo Coletivo GDTB. <br>Tema: &#8220;Vis\u00f5es de Cidade: As Elei\u00e7\u00f5es Municipais&#8221;.<\/figcaption><\/figure>\n\n\n\n<p><strong><span style=\"color:#f60307;\" class=\"has-inline-color\">Programa 19 <\/span><span style=\"color:#404040;\" class=\"has-inline-color\">(extra)<\/span> Vozes de FIBRA &#8211; 15_agosto_2020<\/strong><\/p>\n\n\n\n<figure class=\"wp-block-embed is-type-video is-provider-youtube wp-block-embed-youtube wp-embed-aspect-16-9 wp-has-aspect-ratio\"><div class=\"wp-block-embed__wrapper\">\n<iframe title=\"VOZES DE FIBRA - \u201cFeminismos: Perspectivas desde M\u00e9xico y Brasil\u201d\" width=\"640\" height=\"360\" src=\"https:\/\/www.youtube.com\/embed\/5IPn9iIlMws?feature=oembed\" frameborder=\"0\" allow=\"accelerometer; autoplay; clipboard-write; encrypted-media; gyroscope; picture-in-picture; web-share\" referrerpolicy=\"strict-origin-when-cross-origin\" allowfullscreen><\/iframe>\n<\/div><figcaption class=\"wp-element-caption\">Live apresentada por M\u00e1rcia Sarquis (Coletivo Regina de Sena &#8211; M\u00e9xico).<br>Tema:&#8221;VOZES DE FIBRA &#8211; \u201cFeminismos: Perspectivas desde M\u00e9xico y Brasil\u201d<\/figcaption><\/figure>\n\n\n\n<p><strong><span style=\"color:#f90303;\" class=\"has-inline-color\">Programa 18<\/span> Vozes de FIBRA &#8211; 09_agosto_2020<\/strong><\/p>\n\n\n\n<figure class=\"wp-block-embed is-type-video is-provider-youtube wp-block-embed-youtube wp-embed-aspect-16-9 wp-has-aspect-ratio\"><div class=\"wp-block-embed__wrapper\">\n<iframe title=\"Campanha Solidariedade ao Brasil: apoie os movimentos na linha de frente contra a COVID-19\" width=\"640\" height=\"360\" src=\"https:\/\/www.youtube.com\/embed\/4tl1oFa4XFQ?feature=oembed\" frameborder=\"0\" allow=\"accelerometer; autoplay; clipboard-write; encrypted-media; gyroscope; picture-in-picture; web-share\" referrerpolicy=\"strict-origin-when-cross-origin\" allowfullscreen><\/iframe>\n<\/div><figcaption class=\"wp-element-caption\">Live apresentada pelo Coletivo Brasil-Qu\u00e9bec. <br>Tema: &#8220;Campanha Solidariedade ao Brasil: apoie os movimentos na linha de frente contra a COVID-19&#8221;.<\/figcaption><\/figure>\n\n\n\n<p><strong><span style=\"color:#f80202;\" class=\"has-inline-color\">Programa 17<\/span> Vozes de FIBRA &#8211; 02_agosto_2020<\/strong><\/p>\n\n\n\n<figure class=\"wp-block-embed is-type-video is-provider-youtube wp-block-embed-youtube wp-embed-aspect-16-9 wp-has-aspect-ratio\"><div class=\"wp-block-embed__wrapper\">\n<iframe title=\"Pensar o Brasil p\u00f3s-golpe: A Milit\u00e2ncia Brasileira na Universidade Portuguesa\" width=\"640\" height=\"360\" src=\"https:\/\/www.youtube.com\/embed\/Q6TGtOWxIAI?feature=oembed\" frameborder=\"0\" allow=\"accelerometer; autoplay; clipboard-write; encrypted-media; gyroscope; picture-in-picture; web-share\" referrerpolicy=\"strict-origin-when-cross-origin\" allowfullscreen><\/iframe>\n<\/div><figcaption class=\"wp-element-caption\">Live apresentada pelo Coletivo Andorinha. <br>Tema: &#8220;Pensar o Brasil P\u00f3s-Golpe: A Milit\u00e2ncia Brasileira na Universidade Portuguesa&#8221;.<\/figcaption><\/figure>\n\n\n\n<p><strong><span style=\"color:#fb0404;\" class=\"has-inline-color\">Programa 16<\/span> Vozes de FIBRA &#8211; 26_julho_2020<\/strong><\/p>\n\n\n\n<figure class=\"wp-block-embed is-type-video is-provider-youtube wp-block-embed-youtube wp-embed-aspect-16-9 wp-has-aspect-ratio\"><div class=\"wp-block-embed__wrapper\">\n<iframe title=\"Solidariedade ao Brasil: Apoie os movimentos na linha de frente da COVID-19\" width=\"640\" height=\"360\" src=\"https:\/\/www.youtube.com\/embed\/giGPisnJbiM?feature=oembed\" frameborder=\"0\" allow=\"accelerometer; autoplay; clipboard-write; encrypted-media; gyroscope; picture-in-picture; web-share\" referrerpolicy=\"strict-origin-when-cross-origin\" allowfullscreen><\/iframe>\n<\/div><figcaption class=\"wp-element-caption\">Live apresentada pelo Coletivo Brasil-Queb\u00e9c e Amsterdam pela Democracia. <br>Tema: &#8220;Solidariedade ao Brasil &#8211; apoie os movimentos na linha de frente da COVID19&#8221;<\/figcaption><\/figure>\n\n\n\n<p><strong><span style=\"color:#f80206;\" class=\"has-inline-color\">Programa 15 <\/span><span style=\"color:#404040;\" class=\"has-inline-color\">(extra)<\/span> Vozes de FIBRA &#8211; 25_julho_2020<\/strong><\/p>\n\n\n\n<figure class=\"wp-block-embed is-type-video is-provider-youtube wp-block-embed-youtube wp-embed-aspect-16-9 wp-has-aspect-ratio\"><div class=\"wp-block-embed__wrapper\">\n<iframe title=\"VOZES DE FIBRA - Brasileiros\/as na luta contra o fascismo: discuss\u00f5es da Am\u00e9rica Latina e Europa\" width=\"640\" height=\"360\" src=\"https:\/\/www.youtube.com\/embed\/DWqtkMJxSjQ?feature=oembed\" frameborder=\"0\" allow=\"accelerometer; autoplay; clipboard-write; encrypted-media; gyroscope; picture-in-picture; web-share\" referrerpolicy=\"strict-origin-when-cross-origin\" allowfullscreen><\/iframe>\n<\/div><figcaption class=\"wp-element-caption\">Live apresentada por M\u00e1rcia Sarquis do Coletivo Regina de Sena (M\u00e9xico).<br>Tema: &#8220;VOZES DE FIBRA &#8211; Brasileiros\/as na luta contra o fascismo: discuss\u00f5es da Am\u00e9rica Latina e Europa&#8221;<\/figcaption><\/figure>\n\n\n\n<p><strong><span style=\"color:#fe0101;\" class=\"has-inline-color\">Programa 14<\/span> Vozes de FIBRA &#8211; 19_julho_2020<\/strong><\/p>\n\n\n\n<figure class=\"wp-block-embed is-type-video is-provider-youtube wp-block-embed-youtube wp-embed-aspect-16-9 wp-has-aspect-ratio\"><div class=\"wp-block-embed__wrapper\">\n<iframe title=\"Vozes de FIBRA - M\u00eddia alternativa: Informa\u00e7\u00e3o como estrat\u00e9gia de poder\" width=\"640\" height=\"360\" src=\"https:\/\/www.youtube.com\/embed\/SZwPAjOu3tY?feature=oembed\" frameborder=\"0\" allow=\"accelerometer; autoplay; clipboard-write; encrypted-media; gyroscope; picture-in-picture; web-share\" referrerpolicy=\"strict-origin-when-cross-origin\" allowfullscreen><\/iframe>\n<\/div><figcaption class=\"wp-element-caption\">Live apresentada por membros da FIBRA. <br>Tema: &#8220;Informar para transformar: o papel da m\u00eddia alternativa na constru\u00e7\u00e3o\/propaga\u00e7\u00e3o de novas narrativas&#8221;.<\/figcaption><\/figure>\n\n\n\n<p><strong><span style=\"color:#fd0202;\" class=\"has-inline-color\">Programa 13<\/span> Vozes de FIBRA &#8211; 12_julho_2020<\/strong><\/p>\n\n\n\n<div class=\"wp-block-jetpack-tiled-gallery aligncenter is-style-rectangular\"><div class=\"tiled-gallery__gallery\"><div class=\"tiled-gallery__row\"><div class=\"tiled-gallery__col\" style=\"flex-basis:100%;\"><figure class=\"tiled-gallery__item\"><img decoding=\"async\" alt=\"\" data-height=\"1316\" data-id=\"1281\" data-link=\"https:\/\/fibrabrasil.wordpress.com\/screenshot-2020-11-27-at-16-25-58-1\/\" data-url=\"https:\/\/fibrabrasil.files.wordpress.com\/2020\/11\/screenshot-2020-11-27-at-16.25.58-1.png\" data-width=\"2172\" src=\"https:\/\/fibrabrasil.files.wordpress.com\/2020\/11\/screenshot-2020-11-27-at-16.25.58-1.png\" data-amp-layout=\"responsive\"><\/figure><\/div><\/div><\/div><\/div>\n\n\n\n<figure class=\"wp-block-embed is-type-video is-provider-youtube wp-block-embed-youtube wp-embed-aspect-16-9 wp-has-aspect-ratio\"><div class=\"wp-block-embed__wrapper\">\n<iframe title=\"Vozes de FIBRA - DI\u00c1LOGO INTER-RELIGIOSO CONTRA A INTOLER\u00c2NCIA\" width=\"640\" height=\"360\" src=\"https:\/\/www.youtube.com\/embed\/Ye2GZiU0qHA?feature=oembed\" frameborder=\"0\" allow=\"accelerometer; autoplay; clipboard-write; encrypted-media; gyroscope; picture-in-picture; web-share\" referrerpolicy=\"strict-origin-when-cross-origin\" allowfullscreen><\/iframe>\n<\/div><figcaption class=\"wp-element-caption\">Live apresentada pelo Coletivo Madrid. <br>Tema: &#8220;Di\u00e1logos inter-religiosos contra a intoler\u00e2ncia&#8221;.<\/figcaption><\/figure>\n\n\n\n<p><strong><span style=\"color:#f90202;\" class=\"has-inline-color\">Programa 12<\/span> Vozes de FIBRA &#8211; 05_julho_2020<\/strong><\/p>\n\n\n\n<div class=\"wp-block-jetpack-tiled-gallery aligncenter is-style-rectangular\"><div class=\"tiled-gallery__gallery\"><div class=\"tiled-gallery__row\"><div class=\"tiled-gallery__col\" style=\"flex-basis:100%;\"><figure class=\"tiled-gallery__item\"><img decoding=\"async\" alt=\"\" data-height=\"1324\" data-id=\"1270\" data-link=\"https:\/\/fibrabrasil.wordpress.com\/screenshot-2020-11-27-at-16-16-05-1\/\" data-url=\"https:\/\/fibrabrasil.files.wordpress.com\/2020\/11\/screenshot-2020-11-27-at-16.16.05-1.png\" data-width=\"1908\" src=\"https:\/\/fibrabrasil.files.wordpress.com\/2020\/11\/screenshot-2020-11-27-at-16.16.05-1.png\" data-amp-layout=\"responsive\"><\/figure><\/div><\/div><\/div><\/div>\n\n\n\n<figure class=\"wp-block-embed is-type-video is-provider-youtube wp-block-embed-youtube wp-embed-aspect-4-3 wp-has-aspect-ratio\"><div class=\"wp-block-embed__wrapper\">\n<iframe title=\"LIVE VOZES DE FIBRA \/ POESIA COMO ARMA DE RESIST\u00caNCIA E LUTA.\" width=\"640\" height=\"480\" src=\"https:\/\/www.youtube.com\/embed\/BWZBAlBtlnM?feature=oembed\" frameborder=\"0\" allow=\"accelerometer; autoplay; clipboard-write; encrypted-media; gyroscope; picture-in-picture; web-share\" referrerpolicy=\"strict-origin-when-cross-origin\" allowfullscreen><\/iframe>\n<\/div><figcaption class=\"wp-element-caption\">Live apresentada por In\u00eaz Olud\u00ea (membro independente da FIBRA). <br>Tema: &#8220;Poesia Como Arma de Resist\u00eancia e Luta&#8221;.<\/figcaption><\/figure>\n\n\n\n<p><strong><span style=\"color:#fb0303;\" class=\"has-inline-color\">Programa 11<\/span> Vozes de FIBRA &#8211; 28_junho_2020<\/strong><\/p>\n\n\n\n<figure class=\"wp-block-embed is-type-video is-provider-youtube wp-block-embed-youtube wp-embed-aspect-16-9 wp-has-aspect-ratio\"><div class=\"wp-block-embed__wrapper\">\n<iframe title=\"VOZES DE FIBRA - CULTURA &amp; RESIST\u00caNCIA EM TEMPOS DE PANDEMIA E BOLSONARISMO\" width=\"640\" height=\"360\" src=\"https:\/\/www.youtube.com\/embed\/THkgnMTc_e8?feature=oembed\" frameborder=\"0\" allow=\"accelerometer; autoplay; clipboard-write; encrypted-media; gyroscope; picture-in-picture; web-share\" referrerpolicy=\"strict-origin-when-cross-origin\" allowfullscreen><\/iframe>\n<\/div><figcaption class=\"wp-element-caption\">Live&nbsp; apresentada pelo Coletivo Amsterdam. <br>Tema: &#8220;Cultura e Resist\u00eancia em Tempos de Pandemia&#8221;.<\/figcaption><\/figure>\n\n\n\n<p><strong><span style=\"color:#fc0307;\" class=\"has-inline-color\">Programa 10 <\/span><span style=\"color:#404040;\" class=\"has-inline-color\">(extra)<\/span> Vozes de FIBRA &#8211; 27_junho_2020<\/strong><\/p>\n\n\n\n<figure class=\"wp-block-embed is-type-video is-provider-youtube wp-block-embed-youtube wp-embed-aspect-16-9 wp-has-aspect-ratio\"><div class=\"wp-block-embed__wrapper\">\n<iframe title=\"VOZES DE FIBRA - Z\u00e9 de Abreu\" width=\"640\" height=\"360\" src=\"https:\/\/www.youtube.com\/embed\/9egx7J9X3VU?feature=oembed\" frameborder=\"0\" allow=\"accelerometer; autoplay; clipboard-write; encrypted-media; gyroscope; picture-in-picture; web-share\" referrerpolicy=\"strict-origin-when-cross-origin\" allowfullscreen><\/iframe>\n<\/div><figcaption class=\"wp-element-caption\">Live apresentada por Fernanda Otero (Irlanda).<br>Tema: &#8220;VOZES DE FIBRA &#8211; Z\u00e9 de Abreu&#8221;<\/figcaption><\/figure>\n\n\n\n<p><strong><span style=\"color:#fc0303;\" class=\"has-inline-color\">Programa 9<\/span> Vozes de FIBRA &#8211;  21_junho_2020<\/strong><\/p>\n\n\n\n<figure class=\"wp-block-embed is-type-video is-provider-youtube wp-block-embed-youtube wp-embed-aspect-16-9 wp-has-aspect-ratio\"><div class=\"wp-block-embed__wrapper\">\n<iframe title=\"Vozes de FIBRA  com Heloisa de Carvalho\" width=\"640\" height=\"360\" src=\"https:\/\/www.youtube.com\/embed\/2h6oEikqXW0?feature=oembed\" frameborder=\"0\" allow=\"accelerometer; autoplay; clipboard-write; encrypted-media; gyroscope; picture-in-picture; web-share\" referrerpolicy=\"strict-origin-when-cross-origin\" allowfullscreen><\/iframe>\n<\/div><figcaption class=\"wp-element-caption\">Live&nbsp; apresentada por Fernanda Otero (membro independente da FIBRA). <br>Tema: &#8220;Conversa com Heloisa de Carvalho, autora do livro <em>Meu pai, o guru do presidente: a face ainda oculta<\/em>.&#8221;<\/figcaption><\/figure>\n\n\n\n<p><strong><span style=\"color:#fc0404;\" class=\"has-inline-color\">Programa 8<\/span> Vozes de FIBRA &#8211;  14_junho_2020<\/strong><\/p>\n\n\n\n<figure class=\"wp-block-embed is-type-video is-provider-youtube wp-block-embed-youtube wp-embed-aspect-16-9 wp-has-aspect-ratio\"><div class=\"wp-block-embed__wrapper\">\n<iframe title=\"Vozes de FIBRA - VIDAS IND\u00cdGENAS IMPORTAM\" width=\"640\" height=\"360\" src=\"https:\/\/www.youtube.com\/embed\/Ci_Qg5JbC6A?feature=oembed\" frameborder=\"0\" allow=\"accelerometer; autoplay; clipboard-write; encrypted-media; gyroscope; picture-in-picture; web-share\" referrerpolicy=\"strict-origin-when-cross-origin\" allowfullscreen><\/iframe>\n<\/div><figcaption class=\"wp-element-caption\">Live&nbsp; apresentada pelo Comit\u00ea Lula Livre Oxford. <br>Tema: &#8220;Vidas Ind\u00edgenas Importam&#8221;.<\/figcaption><\/figure>\n\n\n\n<p><strong><span style=\"color:#fa0404;\" class=\"has-inline-color\">Programa 7<\/span> Vozes de FIBRA &#8211;  07_junho_2020<\/strong><\/p>\n\n\n\n<div class=\"wp-block-jetpack-tiled-gallery aligncenter is-style-rectangular\"><div class=\"tiled-gallery__gallery\"><div class=\"tiled-gallery__row\"><div class=\"tiled-gallery__col\" style=\"flex-basis:100%;\"><figure class=\"tiled-gallery__item\"><img decoding=\"async\" alt=\"\" data-height=\"1256\" data-id=\"1259\" data-link=\"https:\/\/fibrabrasil.wordpress.com\/screenshot-2020-11-27-at-15-43-49\/\" data-url=\"https:\/\/fibrabrasil.files.wordpress.com\/2020\/11\/screenshot-2020-11-27-at-15.43.49.png\" data-width=\"2400\" src=\"https:\/\/fibrabrasil.files.wordpress.com\/2020\/11\/screenshot-2020-11-27-at-15.43.49.png\" data-amp-layout=\"responsive\"><\/figure><\/div><\/div><\/div><\/div>\n\n\n\n<figure class=\"wp-block-embed is-type-video is-provider-youtube wp-block-embed-youtube wp-embed-aspect-16-9 wp-has-aspect-ratio\"><div class=\"wp-block-embed__wrapper\">\n<iframe title=\"Vozes de FIBRA - A\u00e7\u00f5es de (re)exist\u00eancias e mulheres ind\u00edgenas, quilombolas e de povos tradicionais\" width=\"640\" height=\"360\" src=\"https:\/\/www.youtube.com\/embed\/eryWljx4kVI?feature=oembed\" frameborder=\"0\" allow=\"accelerometer; autoplay; clipboard-write; encrypted-media; gyroscope; picture-in-picture; web-share\" referrerpolicy=\"strict-origin-when-cross-origin\" allowfullscreen><\/iframe>\n<\/div><figcaption class=\"wp-element-caption\">Live&nbsp; apresentada pelo Coletivo Brasil-Montreal. <br>Tema: &#8220;A\u00e7\u00f5es de (re)exist\u00eancias e mulheres ind\u00edgenas, quilombolas e de povos tradicionais&#8221;.<\/figcaption><\/figure>\n\n\n\n<p><strong><span style=\"color:#fb0303;\" class=\"has-inline-color\">Programa 6<\/span> Vozes de FIBRA &#8211;  31_maio_2020<\/strong><\/p>\n\n\n\n<figure class=\"wp-block-embed is-type-video is-provider-youtube wp-block-embed-youtube wp-embed-aspect-16-9 wp-has-aspect-ratio\"><div class=\"wp-block-embed__wrapper\">\n<iframe title=\"Vozes de FIBRA - A REGULARIZA\u00c7\u00c3O DE PESSOAS MIGRANTES\" width=\"640\" height=\"360\" src=\"https:\/\/www.youtube.com\/embed\/uro-HkVSJKc?feature=oembed\" frameborder=\"0\" allow=\"accelerometer; autoplay; clipboard-write; encrypted-media; gyroscope; picture-in-picture; web-share\" referrerpolicy=\"strict-origin-when-cross-origin\" allowfullscreen><\/iframe>\n<\/div><figcaption class=\"wp-element-caption\">Live&nbsp; apresentada pelo Coletivo da Catalunha. <br>Tema: &#8220;A Regulariza\u00e7\u00e3o de Pessoas Migrantes&#8221;.<\/figcaption><\/figure>\n\n\n\n<p><strong><span style=\"color:#f90404;\" class=\"has-inline-color\">Programa 5<\/span> Vozes de FIBRA &#8211; 24_maio_2020<\/strong><\/p>\n\n\n\n<div class=\"wp-block-jetpack-tiled-gallery aligncenter is-style-rectangular\"><div class=\"tiled-gallery__gallery\"><div class=\"tiled-gallery__row\"><div class=\"tiled-gallery__col\" style=\"flex-basis:100%;\"><figure class=\"tiled-gallery__item\"><img decoding=\"async\" alt=\"\" data-height=\"1272\" data-id=\"1255\" data-link=\"https:\/\/fibrabrasil.wordpress.com\/screenshot-2020-11-27-at-14-50-36-1\/\" data-url=\"https:\/\/fibrabrasil.files.wordpress.com\/2020\/11\/screenshot-2020-11-27-at-14.50.36-1.png\" data-width=\"2410\" src=\"https:\/\/fibrabrasil.files.wordpress.com\/2020\/11\/screenshot-2020-11-27-at-14.50.36-1.png\" data-amp-layout=\"responsive\"><\/figure><\/div><\/div><\/div><\/div>\n\n\n\n<figure class=\"wp-block-embed is-type-video is-provider-youtube wp-block-embed-youtube wp-embed-aspect-16-9 wp-has-aspect-ratio\"><div class=\"wp-block-embed__wrapper\">\n<iframe title=\"Vozes de FIBRA - Solidariedade na luta contra a pandemia - Coletivo Brasil-Montreal\" width=\"640\" height=\"360\" src=\"https:\/\/www.youtube.com\/embed\/co-RJVWfRII?feature=oembed\" frameborder=\"0\" allow=\"accelerometer; autoplay; clipboard-write; encrypted-media; gyroscope; picture-in-picture; web-share\" referrerpolicy=\"strict-origin-when-cross-origin\" allowfullscreen><\/iframe>\n<\/div><figcaption class=\"wp-element-caption\">Live&nbsp; apresentada pelo Coletivo Montreal . <br>Tema: &#8220;Como contribuir com as lutas sociais no contexto da COVID-19? Reflex\u00f5es de mulheres ind\u00edgenas, quilombolas e de povos e comunidades tradicionais frente \u00e0 luta contra a pandemia&#8221;.<\/figcaption><\/figure>\n\n\n\n<p><strong><span style=\"color:#fb0101;\" class=\"has-inline-color\">Programa 4<\/span> Vozes de FIBRA &#8211; 17_maio_2020<\/strong><\/p>\n\n\n\n<figure class=\"wp-block-embed is-type-video is-provider-youtube wp-block-embed-youtube wp-embed-aspect-16-9 wp-has-aspect-ratio\"><div class=\"wp-block-embed__wrapper\">\n<iframe title=\"Vozes de FIBRA - Ci\u00eancia e Educa\u00e7\u00e3o:O Nordeste contra o v\u00edrus e o desgoverno - GDTB Hamburgo\" width=\"640\" height=\"360\" src=\"https:\/\/www.youtube.com\/embed\/iqAuvNVKoSA?feature=oembed\" frameborder=\"0\" allow=\"accelerometer; autoplay; clipboard-write; encrypted-media; gyroscope; picture-in-picture; web-share\" referrerpolicy=\"strict-origin-when-cross-origin\" allowfullscreen><\/iframe>\n<\/div><figcaption class=\"wp-element-caption\">Live&nbsp; apresentada pelo Grupo de Discuss\u00e3o de Temas Brasileiros (GDTB) de Hamburgo. <br>Tema: &#8220;Ci\u00eancia e Educa\u00e7\u00e3o: O Nordeste contra o v\u00edrus e o desgoverno&#8221;.&nbsp;<\/figcaption><\/figure>\n\n\n\n<p><strong><span style=\"color:#fb0202;\" class=\"has-inline-color\">Programa 3<\/span> Vozes de FIBRA &#8211; 10_maio_2020<\/strong><\/p>\n\n\n\n<figure class=\"wp-block-embed is-type-video is-provider-youtube wp-block-embed-youtube wp-embed-aspect-16-9 wp-has-aspect-ratio\"><div class=\"wp-block-embed__wrapper\">\n<iframe title=\"Vozes de FIBRA - Quarentena e Viol\u00eancia Dom\u00e9stica - Coletivo Amsterdam pela Democracia no Brasil\" width=\"640\" height=\"360\" src=\"https:\/\/www.youtube.com\/embed\/bOym_dhUVAs?feature=oembed\" frameborder=\"0\" allow=\"accelerometer; autoplay; clipboard-write; encrypted-media; gyroscope; picture-in-picture; web-share\" referrerpolicy=\"strict-origin-when-cross-origin\" allowfullscreen><\/iframe>\n<\/div><figcaption class=\"wp-element-caption\">Live apresentada pelo Coletivo Amsterdam pela Democracia no Brasil. <br>Tema: \u201cQuarentena e Viol\u00eancia Dom\u00e9stica\u201d.<\/figcaption><\/figure>\n\n\n\n<p><strong><span style=\"color:#fb0303;\" class=\"has-inline-color\">Programa 2 <\/span>Vozes de FIBRA &#8211; 03_maio_2020<\/strong><\/p>\n\n\n\n<figure class=\"wp-block-embed is-type-video is-provider-youtube wp-block-embed-youtube wp-embed-aspect-16-9 wp-has-aspect-ratio\"><div class=\"wp-block-embed__wrapper\">\n<iframe title=\"Vozes de FIBRA - Sistemas de Sa\u00fade: Paralelos entre Brasil e Alemanha, com o GDTB Hamburgo\" width=\"640\" height=\"360\" src=\"https:\/\/www.youtube.com\/embed\/uxdSOaSpdgY?feature=oembed\" frameborder=\"0\" allow=\"accelerometer; autoplay; clipboard-write; encrypted-media; gyroscope; picture-in-picture; web-share\" referrerpolicy=\"strict-origin-when-cross-origin\" allowfullscreen><\/iframe>\n<\/div><figcaption class=\"wp-element-caption\">Live com o Grupo de Discuss\u00e3o de Temas Brasileiros GDTB. <br>Tema: &#8220;Sistemas de Sa\u00fade: paralelos entre Brasil e Alemanha&#8221;.<\/figcaption><\/figure>\n\n\n\n<p><strong><span style=\"color:#f90303;\" class=\"has-inline-color\">Programa 1<\/span> Vozes de FIBRA &#8211; 26_abril_2020<\/strong><\/p>\n\n\n<div class=\"wp-block-image\">\n<figure class=\"aligncenter\"><img decoding=\"async\" src=\"https:\/\/fibrabrasil.files.wordpress.com\/2020\/11\/screenshot-2020-11-27-at-14.22.38.png\" alt=\"screenshot-2020-11-27-at-14.22.38\" class=\"wp-image-1233\"\/><\/figure>\n<\/div>\n\n\n<figure class=\"wp-block-embed is-type-video is-provider-youtube wp-block-embed-youtube wp-embed-aspect-16-9 wp-has-aspect-ratio\"><div class=\"wp-block-embed__wrapper\">\n<iframe title=\"Vozes de FIBRA - Programa de estr\u00e9ia com o Coletivo Andorinhas, de Lisboa\" width=\"640\" height=\"360\" src=\"https:\/\/www.youtube.com\/embed\/YBob9hOojrE?feature=oembed\" frameborder=\"0\" allow=\"accelerometer; autoplay; clipboard-write; encrypted-media; gyroscope; picture-in-picture; web-share\" referrerpolicy=\"strict-origin-when-cross-origin\" allowfullscreen><\/iframe>\n<\/div><figcaption class=\"wp-element-caption\">No programa de estr\u00e9ia, Samara Azevedo fala de Lisboa e convida Jorge Antonio do Coletivo Andorinha (tamb\u00e9m de Lisboa), Luiza Beloti, do Vozes do Mundo de Coimbra e M\u00e1rcia Nunes para apresentar a FIBRA e sua experi\u00eancia na Holanda no Coletivo Amsterdam pela Democracia.<\/figcaption><\/figure>\n","protected":false},"excerpt":{"rendered":"<p>O Programa Vozes de Fibra nasceu em Abril de 2020 para ampliar o di\u00e1logo entre a milit\u00e2ncia internacional organizada, seus interlocutores internacionais e a sociedade<\/p>\n","protected":false},"author":1,"featured_media":0,"parent":0,"menu_order":0,"comment_status":"closed","ping_status":"closed","template":"","meta":{"om_disable_all_campaigns":false,"_eb_attr":"","footnotes":""},"class_list":["post-767","page","type-page","status-publish","hentry","three-columns"],"aioseo_notices":[],"rttpg_featured_image_url":null,"rttpg_author":{"display_name":"FibraInternacional","author_link":"https:\/\/fibrainternacional.org\/?author=1"},"rttpg_comment":0,"rttpg_category":null,"rttpg_excerpt":"O Programa Vozes de Fibra nasceu em Abril de 2020 para ampliar o di\u00e1logo entre a milit\u00e2ncia internacional organizada, seus interlocutores internacionais e a sociedade","_links":{"self":[{"href":"https:\/\/fibrainternacional.org\/index.php?rest_route=\/wp\/v2\/pages\/767","targetHints":{"allow":["GET"]}}],"collection":[{"href":"https:\/\/fibrainternacional.org\/index.php?rest_route=\/wp\/v2\/pages"}],"about":[{"href":"https:\/\/fibrainternacional.org\/index.php?rest_route=\/wp\/v2\/types\/page"}],"author":[{"embeddable":true,"href":"https:\/\/fibrainternacional.org\/index.php?rest_route=\/wp\/v2\/users\/1"}],"replies":[{"embeddable":true,"href":"https:\/\/fibrainternacional.org\/index.php?rest_route=%2Fwp%2Fv2%2Fcomments&post=767"}],"version-history":[{"count":61,"href":"https:\/\/fibrainternacional.org\/index.php?rest_route=\/wp\/v2\/pages\/767\/revisions"}],"predecessor-version":[{"id":10350,"href":"https:\/\/fibrainternacional.org\/index.php?rest_route=\/wp\/v2\/pages\/767\/revisions\/10350"}],"wp:attachment":[{"href":"https:\/\/fibrainternacional.org\/index.php?rest_route=%2Fwp%2Fv2%2Fmedia&parent=767"}],"curies":[{"name":"wp","href":"https:\/\/api.w.org\/{rel}","templated":true}]}}