{"id":9612,"date":"2023-03-09T11:46:03","date_gmt":"2023-03-09T10:46:03","guid":{"rendered":"http:\/\/fibrainternacional.org\/?page_id=9612"},"modified":"2026-02-17T17:37:07","modified_gmt":"2026-02-17T16:37:07","slug":"ana-isa-van-dijk","status":"publish","type":"page","link":"https:\/\/fibrainternacional.org\/?page_id=9612","title":{"rendered":"Ana Dijk"},"content":{"rendered":"<style type='text\/css' media='all'>#rt-tpg-container-3814009476 .rt-holder .rt-woo-info .price{color:#0367bf;}body .rt-tpg-container .rt-tpg-isotope-buttons .selected,\n\t\t\t\t\t#rt-tpg-container-3814009476 .layout12 .rt-holder:hover .rt-detail,\n\t\t\t\t\t#rt-tpg-container-3814009476 .isotope8 .rt-holder:hover .rt-detail,\n\t\t\t\t\t#rt-tpg-container-3814009476 .carousel8 .rt-holder:hover .rt-detail,\n\t\t\t\t\t#rt-tpg-container-3814009476 .layout13 .rt-holder .overlay .post-info,\n\t\t\t\t\t#rt-tpg-container-3814009476 .isotope9 .rt-holder .overlay .post-info,\n\t\t\t\t\t#rt-tpg-container-3814009476.rt-tpg-container .layout4 .rt-holder .rt-detail,\n\t\t\t\t\t.rt-modal-3814009476 .md-content,\n\t\t\t\t\t.rt-modal-3814009476 .md-content > .rt-md-content-holder .rt-md-content,\n\t\t\t\t\t.rt-popup-wrap-3814009476.rt-popup-wrap .rt-popup-navigation-wrap,\n\t\t\t\t\t#rt-tpg-container-3814009476 .carousel9 .rt-holder .overlay .post-info{background-color:#0367bf;}#rt-tpg-container-3814009476 .layout5 .rt-holder .overlay, #rt-tpg-container-3814009476 .isotope2 .rt-holder .overlay, #rt-tpg-container-3814009476 .carousel2 .rt-holder .overlay,#rt-tpg-container-3814009476 .layout15 .rt-holder h3, #rt-tpg-container-3814009476 .isotope11 .rt-holder h3, #rt-tpg-container-3814009476 .carousel11 .rt-holder h3, #rt-tpg-container-3814009476 .layout16 .rt-holder h3,\n\t\t\t\t\t#rt-tpg-container-3814009476 .isotope12 .rt-holder h3, #rt-tpg-container-3814009476 .carousel12 .rt-holder h3 {background-color:rgba(3,103,191,0.8);}#rt-tpg-container-3814009476 .read-more a{border-radius:px;}#rt-tpg-container-3814009476 .rt-img-holder img.rt-img-responsive,#rt-tpg-container-3814009476 .rt-img-holder,\n\t\t\t\t\t#rt-tpg-container-3814009476 .rt-post-overlay .post-img,\n\t\t\t\t\t#rt-tpg-container-3814009476 .post-sm .post-img,\n\t\t\t\t\t#rt-tpg-container-3814009476 .rt-post-grid .post-img,\n\t\t\t\t\t#rt-tpg-container-3814009476 .post-img img {border-radius:px;}<\/style><div class='rt-container-fluid rt-tpg-container tpg-shortcode-main-wrapper ' id='rt-tpg-container-3814009476'   data-layout='layout1' data-grid-style='even' data-desktop-col='3'  data-tab-col='2'  data-mobile-col='1' data-sc-id='11276'><div class=\"tpg-widget-heading-wrapper heading-style1 \"><span class=\"tpg-widget-heading-line line-left\"><\/span><h2 class=\"tpg-widget-heading\">Ana Isa<\/h2><span class=\"tpg-widget-heading-line\"><\/span><\/div><div data-title='Loading ...' class='rt-row rt-content-loader   layout1 tpg-even '><div class=\"rt-col-md-4 rt-col-sm-6 rt-col-xs-12 even-grid-item rt-grid-item\" data-id=\"8403\"><div class=\"rt-holder\"><div class=\"rt-img-holder\"><a data-id=\"8403\" class=\"\" href=\"https:\/\/fibrainternacional.org\/?p=8403\"><img fetchpriority=\"high\" decoding=\"async\" width=\"2548\" height=\"1438\" src=\"https:\/\/fibrainternacional.org\/wp-content\/uploads\/2022\/03\/Screenshot-2022-03-05-at-13.39.06.png\" class=\"rt-img-responsive \" alt=\"\" \/><\/a><\/div><div class='rt-detail'><h3 class=\"entry-title\"><a data-id=\"8403\" class=\"\" href=\"https:\/\/fibrainternacional.org\/?p=8403\">Um 8M como poucos. Ou muitos?&#8230;<\/a><\/h3><div class='post-meta-user  '><span class='author'><i class='fa fa-user '><\/i><a href=\"https:\/\/fibrainternacional.org\/?author=2\">clearwaterdijk<\/a><\/span><span class='date'><i class='far fa-calendar-alt '><\/i>5 de mar\u00e7o de 2022<\/span><span class='categories-links'><i class='fas fa-folder-open '><\/i><a class=\"colunistas\" href=\"https:\/\/fibrainternacional.org\/?cat=197\" rel=\"tag\">Colunistas<\/a><span class=\"rt-separator\">,<\/span><a class=\"dijkana\" href=\"https:\/\/fibrainternacional.org\/?cat=340\" rel=\"tag\">DijkAna<\/a><span class=\"rt-separator\">,<\/span><a class=\"reportagens\" href=\"https:\/\/fibrainternacional.org\/?cat=10\" rel=\"tag\">Reportagens<\/a><\/span><span class=\"comment-count\"><i class='fas fa-comments '><\/i><a href='https:\/\/fibrainternacional.org\/?p=8403#respond'>(0) <\/a><\/span><\/div><div class='tpg-excerpt'>Por Ana Isa v Dijk, para o site da Fibra. Holanda, 05 de mar\u00e7o de...<\/div><div class='post-meta '><span class='read-more'><a data-id='8403' class='' href='https:\/\/fibrainternacional.org\/?p=8403'>Read More<\/a><\/span><\/div><\/div><\/div><\/div><div class=\"rt-col-md-4 rt-col-sm-6 rt-col-xs-12 even-grid-item rt-grid-item\" data-id=\"10559\"><div class=\"rt-holder\"><div class=\"rt-img-holder\"><a data-id=\"10559\" class=\"\" href=\"https:\/\/fibrainternacional.org\/?p=10559\"><img decoding=\"async\" width=\"1920\" height=\"1075\" src=\"https:\/\/fibrainternacional.org\/wp-content\/uploads\/2025\/07\/Screenshot-2025-07-15-at-11.21.14.jpg\" class=\"rt-img-responsive \" alt=\"\" \/><\/a><\/div><div class='rt-detail'><h3 class=\"entry-title\"><a data-id=\"10559\" class=\"\" href=\"https:\/\/fibrainternacional.org\/?p=10559\">Tic tac &#8230;.<\/a><\/h3><div class='post-meta-user  '><span class='author'><i class='fa fa-user '><\/i><a href=\"https:\/\/fibrainternacional.org\/?author=2\">clearwaterdijk<\/a><\/span><span class='date'><i class='far fa-calendar-alt '><\/i>15 de julho de 2025<\/span><span class='categories-links'><i class='fas fa-folder-open '><\/i><a class=\"artigos\" href=\"https:\/\/fibrainternacional.org\/?cat=6\" rel=\"tag\">Artigos<\/a><span class=\"rt-separator\">,<\/span><a class=\"colunistas\" href=\"https:\/\/fibrainternacional.org\/?cat=197\" rel=\"tag\">Colunistas<\/a><span class=\"rt-separator\">,<\/span><a class=\"dijkana\" href=\"https:\/\/fibrainternacional.org\/?cat=340\" rel=\"tag\">DijkAna<\/a><span class=\"rt-separator\">,<\/span><a class=\"reportagens\" href=\"https:\/\/fibrainternacional.org\/?cat=10\" rel=\"tag\">Reportagens<\/a><\/span><span class=\"comment-count\"><i class='fas fa-comments '><\/i><a href='https:\/\/fibrainternacional.org\/?p=10559#respond'>(0) <\/a><\/span><\/div><div class='tpg-excerpt'>Nunca estivemos t\u00e3o perto da famosa &#8220;Tarda mas n\u00e3o falha!&#8221; 14 de Julho de 2025...<\/div><div class='post-meta '><span class='read-more'><a data-id='10559' class='' href='https:\/\/fibrainternacional.org\/?p=10559'>Read More<\/a><\/span><\/div><\/div><\/div><\/div><div class=\"rt-col-md-4 rt-col-sm-6 rt-col-xs-12 even-grid-item rt-grid-item\" data-id=\"10141\"><div class=\"rt-holder\"><div class=\"rt-img-holder\"><a data-id=\"10141\" class=\"\" href=\"https:\/\/fibrainternacional.org\/?p=10141\"><img decoding=\"async\" width=\"1600\" height=\"900\" src=\"https:\/\/fibrainternacional.org\/wp-content\/uploads\/2023\/08\/2.png\" class=\"rt-img-responsive \" alt=\"\" \/><\/a><\/div><div class='rt-detail'><h3 class=\"entry-title\"><a data-id=\"10141\" class=\"\" href=\"https:\/\/fibrainternacional.org\/?p=10141\">O dia que Cristiano Zanin conheceu a FIBRA.<\/a><\/h3><div class='post-meta-user  '><span class='author'><i class='fa fa-user '><\/i><a href=\"https:\/\/fibrainternacional.org\/?author=2\">clearwaterdijk<\/a><\/span><span class='date'><i class='far fa-calendar-alt '><\/i>11 de agosto de 2023<\/span><span class='categories-links'><i class='fas fa-folder-open '><\/i><a class=\"artigos\" href=\"https:\/\/fibrainternacional.org\/?cat=6\" rel=\"tag\">Artigos<\/a><span class=\"rt-separator\">,<\/span><a class=\"colunistas\" href=\"https:\/\/fibrainternacional.org\/?cat=197\" rel=\"tag\">Colunistas<\/a><span class=\"rt-separator\">,<\/span><a class=\"dijkana\" href=\"https:\/\/fibrainternacional.org\/?cat=340\" rel=\"tag\">DijkAna<\/a><span class=\"rt-separator\">,<\/span><a class=\"reportagens\" href=\"https:\/\/fibrainternacional.org\/?cat=10\" rel=\"tag\">Reportagens<\/a><\/span><span class=\"comment-count\"><i class='fas fa-comments '><\/i><a href='https:\/\/fibrainternacional.org\/?p=10141#comments'>(2) <\/a><\/span><\/div><div class='tpg-excerpt'>Por Ana Isa v Dijk, para o site da Fibra. Holanda, 11 de agosto de...<\/div><div class='post-meta '><span class='read-more'><a data-id='10141' class='' href='https:\/\/fibrainternacional.org\/?p=10141'>Read More<\/a><\/span><\/div><\/div><\/div><\/div><div class=\"rt-col-md-4 rt-col-sm-6 rt-col-xs-12 even-grid-item rt-grid-item\" data-id=\"8655\"><div class=\"rt-holder\"><div class=\"rt-img-holder\"><a data-id=\"8655\" class=\"\" href=\"https:\/\/fibrainternacional.org\/?p=8655\"><img loading=\"lazy\" decoding=\"async\" width=\"2552\" height=\"1430\" src=\"https:\/\/fibrainternacional.org\/wp-content\/uploads\/2022\/05\/Screenshot-2022-05-08-at-20.31.41.png\" class=\"rt-img-responsive \" alt=\"\" \/><\/a><\/div><div class='rt-detail'><h3 class=\"entry-title\"><a data-id=\"8655\" class=\"\" href=\"https:\/\/fibrainternacional.org\/?p=8655\">Mutir\u00e3o Esperan\u00e7ar: o gol de placa da milit\u00e2ncia internacional!<\/a><\/h3><div class='post-meta-user  '><span class='author'><i class='fa fa-user '><\/i><a href=\"https:\/\/fibrainternacional.org\/?author=2\">clearwaterdijk<\/a><\/span><span class='date'><i class='far fa-calendar-alt '><\/i>8 de maio de 2022<\/span><span class='categories-links'><i class='fas fa-folder-open '><\/i><a class=\"colunistas\" href=\"https:\/\/fibrainternacional.org\/?cat=197\" rel=\"tag\">Colunistas<\/a><span class=\"rt-separator\">,<\/span><a class=\"dijkana\" href=\"https:\/\/fibrainternacional.org\/?cat=340\" rel=\"tag\">DijkAna<\/a><span class=\"rt-separator\">,<\/span><a class=\"reportagens\" href=\"https:\/\/fibrainternacional.org\/?cat=10\" rel=\"tag\">Reportagens<\/a><\/span><span class=\"comment-count\"><i class='fas fa-comments '><\/i><a href='https:\/\/fibrainternacional.org\/?p=8655#comments'>(3) <\/a><\/span><\/div><div class='tpg-excerpt'>Por Ana Isa v Dijk, para o site da Fibra Brugges, 7 de maio de...<\/div><div class='post-meta '><span class='read-more'><a data-id='8655' class='' href='https:\/\/fibrainternacional.org\/?p=8655'>Read More<\/a><\/span><\/div><\/div><\/div><\/div><div class=\"rt-col-md-4 rt-col-sm-6 rt-col-xs-12 even-grid-item rt-grid-item\" data-id=\"8047\"><div class=\"rt-holder\"><div class=\"rt-img-holder\"><a data-id=\"8047\" class=\"\" href=\"https:\/\/fibrainternacional.org\/?p=8047\"><img loading=\"lazy\" decoding=\"async\" width=\"2554\" height=\"1432\" src=\"https:\/\/fibrainternacional.org\/wp-content\/uploads\/2022\/01\/Screenshot-2022-01-25-at-14.30.26.png\" class=\"rt-img-responsive \" alt=\"\" \/><\/a><\/div><div class='rt-detail'><h3 class=\"entry-title\"><a data-id=\"8047\" class=\"\" href=\"https:\/\/fibrainternacional.org\/?p=8047\">Balonismo em Cavu*<\/a><\/h3><div class='post-meta-user  '><span class='author'><i class='fa fa-user '><\/i><a href=\"https:\/\/fibrainternacional.org\/?author=2\">clearwaterdijk<\/a><\/span><span class='date'><i class='far fa-calendar-alt '><\/i>25 de janeiro de 2022<\/span><span class='categories-links'><i class='fas fa-folder-open '><\/i><a class=\"colunistas\" href=\"https:\/\/fibrainternacional.org\/?cat=197\" rel=\"tag\">Colunistas<\/a><span class=\"rt-separator\">,<\/span><a class=\"dijkana\" href=\"https:\/\/fibrainternacional.org\/?cat=340\" rel=\"tag\">DijkAna<\/a><span class=\"rt-separator\">,<\/span><a class=\"reportagens\" href=\"https:\/\/fibrainternacional.org\/?cat=10\" rel=\"tag\">Reportagens<\/a><\/span><span class=\"comment-count\"><i class='fas fa-comments '><\/i><a href='https:\/\/fibrainternacional.org\/?p=8047#comments'>(4) <\/a><\/span><\/div><div class='tpg-excerpt'>Ana Isa van Dijk, para o site da FIBRA 25.01.2022 (*)\u201cCeiling and visibility unlimited, an...<\/div><div class='post-meta '><span class='read-more'><a data-id='8047' class='' href='https:\/\/fibrainternacional.org\/?p=8047'>Read More<\/a><\/span><\/div><\/div><\/div><\/div><div class=\"rt-col-md-4 rt-col-sm-6 rt-col-xs-12 even-grid-item rt-grid-item\" data-id=\"8940\"><div class=\"rt-holder\"><div class=\"rt-img-holder\"><a data-id=\"8940\" class=\"\" href=\"https:\/\/fibrainternacional.org\/?p=8940\"><img loading=\"lazy\" decoding=\"async\" width=\"2558\" height=\"1428\" src=\"https:\/\/fibrainternacional.org\/wp-content\/uploads\/2022\/08\/Screenshot-2022-08-02-at-00.02.37.png\" class=\"rt-img-responsive \" alt=\"\" \/><\/a><\/div><div class='rt-detail'><h3 class=\"entry-title\"><a data-id=\"8940\" class=\"\" href=\"https:\/\/fibrainternacional.org\/?p=8940\">As sinas e sortes dos refugiados na Holanda: vergonha define!<\/a><\/h3><div class='post-meta-user  '><span class='author'><i class='fa fa-user '><\/i><a href=\"https:\/\/fibrainternacional.org\/?author=2\">clearwaterdijk<\/a><\/span><span class='date'><i class='far fa-calendar-alt '><\/i>2 de agosto de 2022<\/span><span class='categories-links'><i class='fas fa-folder-open '><\/i><a class=\"colunistas\" href=\"https:\/\/fibrainternacional.org\/?cat=197\" rel=\"tag\">Colunistas<\/a><span class=\"rt-separator\">,<\/span><a class=\"dijkana\" href=\"https:\/\/fibrainternacional.org\/?cat=340\" rel=\"tag\">DijkAna<\/a><span class=\"rt-separator\">,<\/span><a class=\"reportagens\" href=\"https:\/\/fibrainternacional.org\/?cat=10\" rel=\"tag\">Reportagens<\/a><\/span><span class=\"comment-count\"><i class='fas fa-comments '><\/i><a href='https:\/\/fibrainternacional.org\/?p=8940#comments'>(7) <\/a><\/span><\/div><div class='tpg-excerpt'>Por Ana Isa v Dijk, para o site da Fibra. Houten, 1 de agosto de...<\/div><div class='post-meta '><span class='read-more'><a data-id='8940' class='' href='https:\/\/fibrainternacional.org\/?p=8940'>Read More<\/a><\/span><\/div><\/div><\/div><\/div><div class=\"rt-col-md-4 rt-col-sm-6 rt-col-xs-12 even-grid-item rt-grid-item\" data-id=\"10393\"><div class=\"rt-holder\"><div class=\"rt-img-holder\"><a data-id=\"10393\" class=\"\" href=\"https:\/\/fibrainternacional.org\/?p=10393\"><img loading=\"lazy\" decoding=\"async\" width=\"2800\" height=\"1642\" src=\"https:\/\/fibrainternacional.org\/wp-content\/uploads\/2024\/08\/Screenshot-2024-08-01-at-16.56.04.png\" class=\"rt-img-responsive \" alt=\"\" \/><\/a><\/div><div class='rt-detail'><h3 class=\"entry-title\"><a data-id=\"10393\" class=\"\" href=\"https:\/\/fibrainternacional.org\/?p=10393\">A FIBRA e O Candeeiro<\/a><\/h3><div class='post-meta-user  '><span class='author'><i class='fa fa-user '><\/i><a href=\"https:\/\/fibrainternacional.org\/?author=2\">clearwaterdijk<\/a><\/span><span class='date'><i class='far fa-calendar-alt '><\/i>1 de agosto de 2024<\/span><span class='categories-links'><i class='fas fa-folder-open '><\/i><a class=\"dijkana\" href=\"https:\/\/fibrainternacional.org\/?cat=340\" rel=\"tag\">DijkAna<\/a><span class=\"rt-separator\">,<\/span><a class=\"reportagens\" href=\"https:\/\/fibrainternacional.org\/?cat=10\" rel=\"tag\">Reportagens<\/a><\/span><span class=\"comment-count\"><i class='fas fa-comments '><\/i><a href='https:\/\/fibrainternacional.org\/?p=10393#respond'>(0) <\/a><\/span><\/div><div class='tpg-excerpt'>Universidade M\u00fatua e Vire \u00e0 Esquerda: parceria na educa\u00e7\u00e3o pol\u00edtica O Coletivo Alerte France-Br\u00e8sil trouxe...<\/div><div class='post-meta '><span class='read-more'><a data-id='10393' class='' href='https:\/\/fibrainternacional.org\/?p=10393'>Read More<\/a><\/span><\/div><\/div><\/div><\/div><div class=\"rt-col-md-4 rt-col-sm-6 rt-col-xs-12 even-grid-item rt-grid-item\" data-id=\"8057\"><div class=\"rt-holder\"><div class=\"rt-img-holder\"><a data-id=\"8057\" class=\"\" href=\"https:\/\/fibrainternacional.org\/?p=8057\"><img loading=\"lazy\" decoding=\"async\" width=\"2554\" height=\"1440\" src=\"https:\/\/fibrainternacional.org\/wp-content\/uploads\/2022\/01\/Screenshot-2022-01-28-at-20.49.16.png\" class=\"rt-img-responsive \" alt=\"\" \/><\/a><\/div><div class='rt-detail'><h3 class=\"entry-title\"><a data-id=\"8057\" class=\"\" href=\"https:\/\/fibrainternacional.org\/?p=8057\">5 anos do I Encontro Internacional da FIBRA<\/a><\/h3><div class='post-meta-user  '><span class='author'><i class='fa fa-user '><\/i><a href=\"https:\/\/fibrainternacional.org\/?author=2\">clearwaterdijk<\/a><\/span><span class='date'><i class='far fa-calendar-alt '><\/i>28 de janeiro de 2022<\/span><span class='categories-links'><i class='fas fa-folder-open '><\/i><a class=\"colunistas\" href=\"https:\/\/fibrainternacional.org\/?cat=197\" rel=\"tag\">Colunistas<\/a><span class=\"rt-separator\">,<\/span><a class=\"dijkana\" href=\"https:\/\/fibrainternacional.org\/?cat=340\" rel=\"tag\">DijkAna<\/a><span class=\"rt-separator\">,<\/span><a class=\"reportagens\" href=\"https:\/\/fibrainternacional.org\/?cat=10\" rel=\"tag\">Reportagens<\/a><\/span><span class=\"comment-count\"><i class='fas fa-comments '><\/i><a href='https:\/\/fibrainternacional.org\/?p=8057#respond'>(0) <\/a><\/span><\/div><div class='tpg-excerpt'>Mem\u00f3rias do Coletivo Amsterdam pela Democracia Texto do Coletivo Amsterdam pela Democracia, para a FIBRA27.01.2022...<\/div><div class='post-meta '><span class='read-more'><a data-id='8057' class='' href='https:\/\/fibrainternacional.org\/?p=8057'>Read More<\/a><\/span><\/div><\/div><\/div><\/div><div class=\"rt-col-md-4 rt-col-sm-6 rt-col-xs-12 even-grid-item rt-grid-item\" data-id=\"9596\"><div class=\"rt-holder\"><div class=\"rt-img-holder\"><a data-id=\"9596\" class=\"\" href=\"https:\/\/fibrainternacional.org\/?p=9596\"><img loading=\"lazy\" decoding=\"async\" width=\"2552\" height=\"1432\" src=\"https:\/\/fibrainternacional.org\/wp-content\/uploads\/2023\/03\/Screenshot-2023-03-03-at-09.14.28.png\" class=\"rt-img-responsive \" alt=\"\" \/><\/a><\/div><div class='rt-detail'><h3 class=\"entry-title\"><a data-id=\"9596\" class=\"\" href=\"https:\/\/fibrainternacional.org\/?p=9596\"><strong>O feminic\u00eddio avan\u00e7a. A indigna\u00e7\u00e3o ainda espera.<\/strong><\/a><\/h3><div class='post-meta-user  '><span class='author'><i class='fa fa-user '><\/i><a href=\"https:\/\/fibrainternacional.org\/?author=2\">clearwaterdijk<\/a><\/span><span class='date'><i class='far fa-calendar-alt '><\/i>3 de mar\u00e7o de 2023<\/span><span class='categories-links'><i class='fas fa-folder-open '><\/i><a class=\"colunistas\" href=\"https:\/\/fibrainternacional.org\/?cat=197\" rel=\"tag\">Colunistas<\/a><span class=\"rt-separator\">,<\/span><a class=\"dijkana\" href=\"https:\/\/fibrainternacional.org\/?cat=340\" rel=\"tag\">DijkAna<\/a><span class=\"rt-separator\">,<\/span><a class=\"reportagens\" href=\"https:\/\/fibrainternacional.org\/?cat=10\" rel=\"tag\">Reportagens<\/a><\/span><span class=\"comment-count\"><i class='fas fa-comments '><\/i><a href='https:\/\/fibrainternacional.org\/?p=9596#respond'>(0) <\/a><\/span><\/div><div class='tpg-excerpt'>Por Ana Isa v Dijk, para o site da Fibra. Holanda, 02 de mar\u00e7o de...<\/div><div class='post-meta '><span class='read-more'><a data-id='9596' class='' href='https:\/\/fibrainternacional.org\/?p=9596'>Read More<\/a><\/span><\/div><\/div><\/div><\/div><\/div><div class='rt-pagination-wrap' data-total-pages='2' data-posts-per-page='9' data-type='pagination'  ><div class=\"rt-pagination\" ><ul class=\"pagination-list\"><li class=\"active\"><span>1<\/span><\/li><li><a data-paged='2' href='https:\/\/fibrainternacional.org\/index.php?rest_route=%2Fwp%2Fv2%2Fpages%2F9612&#038;paged=2'>2<\/a><\/li><\/ul><\/div><\/div><\/div>\n","protected":false},"excerpt":{"rendered":"","protected":false},"author":2,"featured_media":9613,"parent":7228,"menu_order":0,"comment_status":"closed","ping_status":"closed","template":"","meta":{"om_disable_all_campaigns":false,"_eb_attr":"","footnotes":""},"class_list":["post-9612","page","type-page","status-publish","has-post-thumbnail","hentry","three-columns"],"aioseo_notices":[],"rttpg_featured_image_url":{"full":["https:\/\/fibrainternacional.org\/wp-content\/uploads\/2023\/03\/Screenshot-2023-03-09-at-11.43.11-e1678365308126.png",700,394,false],"landscape":["https:\/\/fibrainternacional.org\/wp-content\/uploads\/2023\/03\/Screenshot-2023-03-09-at-11.43.11-e1678365308126.png",700,394,false],"portraits":["https:\/\/fibrainternacional.org\/wp-content\/uploads\/2023\/03\/Screenshot-2023-03-09-at-11.43.11-e1678365308126.png",700,394,false],"thumbnail":["https:\/\/fibrainternacional.org\/wp-content\/uploads\/2023\/03\/Screenshot-2023-03-09-at-11.43.11-e1678365308126-150x150.png",150,150,true],"medium":["https:\/\/fibrainternacional.org\/wp-content\/uploads\/2023\/03\/Screenshot-2023-03-09-at-11.43.11-e1678365308126-300x169.png",300,169,true],"large":["https:\/\/fibrainternacional.org\/wp-content\/uploads\/2023\/03\/Screenshot-2023-03-09-at-11.43.11-1024x577.png",640,361,true],"1536x1536":["https:\/\/fibrainternacional.org\/wp-content\/uploads\/2023\/03\/Screenshot-2023-03-09-at-11.43.11-1536x865.png",1536,865,true],"2048x2048":["https:\/\/fibrainternacional.org\/wp-content\/uploads\/2023\/03\/Screenshot-2023-03-09-at-11.43.11-2048x1154.png",2048,1154,true],"refined-magazine-carousel-img":["https:\/\/fibrainternacional.org\/wp-content\/uploads\/2023\/03\/Screenshot-2023-03-09-at-11.43.11-e1678365171361-783x450.png",783,450,true],"refined-magazine-carousel-img-landscape":["https:\/\/fibrainternacional.org\/wp-content\/uploads\/2023\/03\/Screenshot-2023-03-09-at-11.43.11-e1678365308126-700x225.png",700,225,true],"refined-magazine-carousel-large-img":["https:\/\/fibrainternacional.org\/wp-content\/uploads\/2023\/03\/Screenshot-2023-03-09-at-11.43.11-1000x574.png",1000,574,true],"refined-magazine-carousel-large-img-landscape":["https:\/\/fibrainternacional.org\/wp-content\/uploads\/2023\/03\/Screenshot-2023-03-09-at-11.43.11-e1678365308126-700x287.png",700,287,true],"refined-magazine-large-thumb":["https:\/\/fibrainternacional.org\/wp-content\/uploads\/2023\/03\/Screenshot-2023-03-09-at-11.43.11-1170x659.png",1170,659,true],"refined-magazine-small-thumb":["https:\/\/fibrainternacional.org\/wp-content\/uploads\/2023\/03\/Screenshot-2023-03-09-at-11.43.11-e1678365308126-350x220.png",350,220,true]},"rttpg_author":{"display_name":"clearwaterdijk","author_link":"https:\/\/fibrainternacional.org\/?author=2"},"rttpg_comment":0,"rttpg_category":"","rttpg_excerpt":null,"_links":{"self":[{"href":"https:\/\/fibrainternacional.org\/index.php?rest_route=\/wp\/v2\/pages\/9612","targetHints":{"allow":["GET"]}}],"collection":[{"href":"https:\/\/fibrainternacional.org\/index.php?rest_route=\/wp\/v2\/pages"}],"about":[{"href":"https:\/\/fibrainternacional.org\/index.php?rest_route=\/wp\/v2\/types\/page"}],"author":[{"embeddable":true,"href":"https:\/\/fibrainternacional.org\/index.php?rest_route=\/wp\/v2\/users\/2"}],"replies":[{"embeddable":true,"href":"https:\/\/fibrainternacional.org\/index.php?rest_route=%2Fwp%2Fv2%2Fcomments&post=9612"}],"version-history":[{"count":10,"href":"https:\/\/fibrainternacional.org\/index.php?rest_route=\/wp\/v2\/pages\/9612\/revisions"}],"predecessor-version":[{"id":11277,"href":"https:\/\/fibrainternacional.org\/index.php?rest_route=\/wp\/v2\/pages\/9612\/revisions\/11277"}],"up":[{"embeddable":true,"href":"https:\/\/fibrainternacional.org\/index.php?rest_route=\/wp\/v2\/pages\/7228"}],"wp:featuredmedia":[{"embeddable":true,"href":"https:\/\/fibrainternacional.org\/index.php?rest_route=\/wp\/v2\/media\/9613"}],"wp:attachment":[{"href":"https:\/\/fibrainternacional.org\/index.php?rest_route=%2Fwp%2Fv2%2Fmedia&parent=9612"}],"curies":[{"name":"wp","href":"https:\/\/api.w.org\/{rel}","templated":true}]}}